{"version":"1.0","provider_name":"IFG","provider_url":"https:\/\/www.ifg.gr\/fr\/","author_name":"Danai Tezapsidou","author_url":"https:\/\/www.ifg.gr\/fr\/author\/danai\/","title":"L\u2019IFG soutient l'\u00e9v\u00e9nement comm\u00e9moratif \u00ab Stefanos Trachan\u00e1s : L'\u00e9l\u00e8ve et le ma\u00eetre \u00bb","type":"rich","width":600,"height":338,"html":"<blockquote class=\"wp-embedded-content\" data-secret=\"hXc2rUxfwu\"><a href=\"https:\/\/www.ifg.gr\/fr\/events\/evenement-commemoratif-stefanos-trachanas-eleve-et-maitre\/\">L\u2019IFG soutient l&rsquo;\u00e9v\u00e9nement comm\u00e9moratif \u00ab Stefanos Trachan\u00e1s : L&rsquo;\u00e9l\u00e8ve et le ma\u00eetre \u00bb<\/a><\/blockquote><iframe sandbox=\"allow-scripts\" security=\"restricted\" src=\"https:\/\/www.ifg.gr\/fr\/events\/evenement-commemoratif-stefanos-trachanas-eleve-et-maitre\/embed\/#?secret=hXc2rUxfwu\" width=\"600\" height=\"338\" title=\"\u00ab\u00a0L\u2019IFG soutient l&rsquo;\u00e9v\u00e9nement comm\u00e9moratif \u00ab Stefanos Trachan\u00e1s : L&rsquo;\u00e9l\u00e8ve et le ma\u00eetre \u00bb\u00a0\u00bb &#8212; IFG\" data-secret=\"hXc2rUxfwu\" frameborder=\"0\" marginwidth=\"0\" marginheight=\"0\" scrolling=\"no\" class=\"wp-embedded-content\"><\/iframe><script type=\"text\/javascript\">\n\/* <![CDATA[ *\/\n\/*! This file is auto-generated *\/\n!function(d,l){\"use strict\";l.querySelector&&d.addEventListener&&\"undefined\"!=typeof URL&&(d.wp=d.wp||{},d.wp.receiveEmbedMessage||(d.wp.receiveEmbedMessage=function(e){var t=e.data;if((t||t.secret||t.message||t.value)&&!\/[^a-zA-Z0-9]\/.test(t.secret)){for(var s,r,n,a=l.querySelectorAll('iframe[data-secret=\"'+t.secret+'\"]'),o=l.querySelectorAll('blockquote[data-secret=\"'+t.secret+'\"]'),c=new RegExp(\"^https?:$\",\"i\"),i=0;i<o.length;i++)o[i].style.display=\"none\";for(i=0;i<a.length;i++)s=a[i],e.source===s.contentWindow&&(s.removeAttribute(\"style\"),\"height\"===t.message?(1e3<(r=parseInt(t.value,10))?r=1e3:~~r<200&&(r=200),s.height=r):\"link\"===t.message&&(r=new URL(s.getAttribute(\"src\")),n=new URL(t.value),c.test(n.protocol))&&n.host===r.host&&l.activeElement===s&&(d.top.location.href=t.value))}},d.addEventListener(\"message\",d.wp.receiveEmbedMessage,!1),l.addEventListener(\"DOMContentLoaded\",function(){for(var e,t,s=l.querySelectorAll(\"iframe.wp-embedded-content\"),r=0;r<s.length;r++)(t=(e=s[r]).getAttribute(\"data-secret\"))||(t=Math.random().toString(36).substring(2,12),e.src+=\"#?secret=\"+t,e.setAttribute(\"data-secret\",t)),e.contentWindow.postMessage({message:\"ready\",secret:t},\"*\")},!1)))}(window,document);\n\/\/# sourceURL=https:\/\/www.ifg.gr\/wp-includes\/js\/wp-embed.min.js\n\/* ]]> *\/\n<\/script>\n","thumbnail_url":"https:\/\/www.ifg.gr\/wp-content\/uploads\/2025\/10\/banner_TIMHTIKH_1200x800.jpg","thumbnail_width":1200,"thumbnail_height":800,"description":"Un \u00e9v\u00e9nement que rend hommage \u00e0 la contribution de M. Trachan\u00e1s \u00e0 la diffusion et \u00e0 l\u2019enseignement de la physique quantique en Gr\u00e8ce, ainsi qu\u2019\u00e0 la relation p\u00e9dagogique profonde et singuli\u00e8re qu\u2019il a su cultiver avec ses \u00e9tudiants."}