{"id":20823,"date":"2020-09-30T12:42:00","date_gmt":"2020-09-30T12:42:00","guid":{"rendered":"http:\/\/www.ifg.gr\/?post_type=event&#038;p=20823"},"modified":"2020-10-19T14:06:01","modified_gmt":"2020-10-19T14:06:01","slug":"voulez-vous-des-artistes-francophones-dathenes","status":"publish","type":"event","link":"https:\/\/www.ifg.gr\/fr\/events\/voulez-vous-des-artistes-francophones-dathenes\/","title":{"rendered":"VOULEZ-VOUS! Des Artistes Francophones d&rsquo;Ath\u00e8nes"},"content":{"rendered":"<p>Concert de jazz contemporain : Profondes questions int\u00e9rieures.<br \/>\nEmmanuel Cremer et Georges Kokkinaris, Nikos Lyberis<\/p>\n<p>Pr\u00e9c\u00e9d\u00e9 par un R\u00e9cital de po\u00e9sie fran\u00e7aise et grecque, avec Jean Rio, Christian le Thuaut, D\u00e9mosth\u00e8nes Agrafiotis, Brigitte Gyr, Titwann<\/p>\n<p>Durant l\u2019isolement d\u00fb au Covid 19, nous avons pu r\u00e9fl\u00e9chir \u00e0 ce qui comptait r\u00e9ellement pour nous, oubliant un peu le temps qui passe. Cet arr\u00eat du temps l\u2019a, par la suite, remis aux centre de nos pr\u00e9occupations. Nous naviguions en ne regardant que notre montre ; nous avons d\u00fb reprendre notre boussole.<\/p>\n<p>Jean Rio et Kristian Lethuaut nous montrent que l\u2019homme existe dans et par les mots.<\/p>\n<p>Emmanuel Cremer et George Kokkininaris le font par la musique, avec le concert : Profondes questions int\u00e9rieures.<\/p>\n<p>Ath\u00e8nes \u00e9tait d\u00e9j\u00e0 un point focal de leur vie d\u2019artiste ; laissons-les nous faire comprendre ce que nous devons r\u00e9ellement r\u00e9pondre \u00e0 : Voulez-Vous !<\/p>\n<p>En partenariat avec l&rsquo;Association Th\u00e9\u00e2tre Dionysos et Apollon<\/p>\n","protected":false},"excerpt":{"rendered":"<p>Concert de jazz contemporain : Profondes questions int\u00e9rieures. Emmanuel Cremer et Georges Kokkinaris, Nikos Lyberis Pr\u00e9c\u00e9d\u00e9 par un R\u00e9cital de po\u00e9sie fran\u00e7aise et grecque, avec Jean Rio, Christian le Thuaut, D\u00e9mosth\u00e8nes Agrafiotis, Brigitte Gyr, Titwann Durant l\u2019isolement d\u00fb au Covid 19, nous avons pu r\u00e9fl\u00e9chir \u00e0 ce qui comptait r\u00e9ellement pour nous, oubliant un peu [&hellip;]<\/p>\n","protected":false},"author":1,"featured_media":20817,"template":"","tags":[],"event_category":[872],"event_group":[],"class_list":["post-20823","event","type-event","status-publish","has-post-thumbnail","hentry","event_category-spectacle-vivant"],"acf":{"date_range":{"start":"20\/10\/2020","end":"","cancelled":false,"note":"","start_time":"20:00","end_time":""},"details":{"location":"<p>Auditorium Th\u00e9o Angelopoulos -IFG<\/p>\n","hyperlink1a":{"text":"","link":""},"price":"Entr\u00e9e libre sur r\u00e9servation","hyperlink2a":{"text":"","link":""},"online_event":false,"live_streaming":true,"live_streaming_code":"<iframe allowfullscreen width=\"640\" height=\"390\" class=\"flowplayer fp-slim fp-edgy\" frameborder=\"0\" scrolling=\"no\" src=\"https:\/\/diavlos.grnet.gr\/en\/room\/3184?eventid=8186&embed=true&width=640\"><\/iframe>","facebook_url":"https:\/\/www.facebook.com\/events\/1006117873185805\/","hyperlink":{"text":"R\u00e9servation en ligne","link":"https:\/\/www.eventbrite.fr\/e\/voulez-vous-des-artistes-francophones-dathenes-tickets-125622473199"},"hyperlink2":{"text":"","link":""},"hyperlink3":{"text":"","link":""},"press_release":false},"sponsors_default":false,"featured_image_credits":"","home_slider_image":{"ID":20820,"id":20820,"title":"voulezvous fest 1350X768","filename":"voulezvous-fest-1350X768.jpg","filesize":366844,"url":"https:\/\/www.ifg.gr\/wp-content\/uploads\/2020\/09\/voulezvous-fest-1350X768.jpg","link":"https:\/\/www.ifg.gr\/fr\/events\/__trashed-7\/voulezvous-fest-1350x768-2\/","alt":"","author":"1","description":"","caption":"","name":"voulezvous-fest-1350x768-2","status":"inherit","uploaded_to":20822,"date":"2020-09-30 12:40:35","modified":"2020-09-30 12:40:35","menu_order":0,"mime_type":"image\/jpeg","type":"image","subtype":"jpeg","icon":"https:\/\/www.ifg.gr\/wp-includes\/images\/media\/default.png","width":1350,"height":768,"sizes":{"thumbnail":"https:\/\/www.ifg.gr\/wp-content\/uploads\/2020\/09\/voulezvous-fest-1350X768.jpg","thumbnail-width":150,"thumbnail-height":85,"medium":"https:\/\/www.ifg.gr\/wp-content\/uploads\/2020\/09\/voulezvous-fest-1350X768.jpg","medium-width":300,"medium-height":171,"medium_large":"https:\/\/www.ifg.gr\/wp-content\/uploads\/2020\/09\/voulezvous-fest-1350X768-768x437.jpg","medium_large-width":640,"medium_large-height":364,"large":"https:\/\/www.ifg.gr\/wp-content\/uploads\/2020\/09\/voulezvous-fest-1350X768.jpg","large-width":640,"large-height":364,"1536x1536":"https:\/\/www.ifg.gr\/wp-content\/uploads\/2020\/09\/voulezvous-fest-1350X768.jpg","1536x1536-width":1350,"1536x1536-height":768,"2048x2048":"https:\/\/www.ifg.gr\/wp-content\/uploads\/2020\/09\/voulezvous-fest-1350X768.jpg","2048x2048-width":1350,"2048x2048-height":768,"full-width":"https:\/\/www.ifg.gr\/wp-content\/uploads\/2020\/09\/voulezvous-fest-1350X768.jpg","full-width-width":1350,"full-width-height":768,"sidebar":"https:\/\/www.ifg.gr\/wp-content\/uploads\/2020\/09\/voulezvous-fest-1350X768.jpg","sidebar-width":1350,"sidebar-height":768,"thumb-sm":"https:\/\/www.ifg.gr\/wp-content\/uploads\/2020\/09\/voulezvous-fest-1350X768-229x130.jpg","thumb-sm-width":229,"thumb-sm-height":130,"thumb-square":"https:\/\/www.ifg.gr\/wp-content\/uploads\/2020\/09\/voulezvous-fest-1350X768-300x300.jpg","thumb-square-width":300,"thumb-square-height":300,"thumb-big":"https:\/\/www.ifg.gr\/wp-content\/uploads\/2020\/09\/voulezvous-fest-1350X768-600x400.jpg","thumb-big-width":600,"thumb-big-height":400,"slider-big":"https:\/\/www.ifg.gr\/wp-content\/uploads\/2020\/09\/voulezvous-fest-1350X768-1315x768.jpg","slider-big-width":1315,"slider-big-height":768}},"sponsors_group":false,"info_title":"","info_text":"","layout":false},"yoast_head":"<!-- This site is optimized with the Yoast SEO plugin v26.8 - https:\/\/yoast.com\/product\/yoast-seo-wordpress\/ -->\n<title>VOULEZ-VOUS! Des Artistes Francophones d&#039;Ath\u00e8nes<\/title>\n<meta name=\"description\" content=\"VOULEZ-VOUS! Des Artistes Francophones d&#039;Ath\u00e8nes\" \/>\n<meta name=\"robots\" content=\"index, follow, max-snippet:-1, max-image-preview:large, max-video-preview:-1\" \/>\n<link rel=\"canonical\" href=\"https:\/\/www.ifg.gr\/fr\/events\/voulez-vous-des-artistes-francophones-dathenes\/\" \/>\n<meta property=\"og:locale\" content=\"fr_FR\" \/>\n<meta property=\"og:type\" content=\"article\" \/>\n<meta property=\"og:title\" content=\"VOULEZ-VOUS! Des Artistes Francophones d&#039;Ath\u00e8nes\" \/>\n<meta property=\"og:description\" content=\"VOULEZ-VOUS! Des Artistes Francophones d&#039;Ath\u00e8nes\" \/>\n<meta property=\"og:url\" content=\"https:\/\/www.ifg.gr\/fr\/events\/voulez-vous-des-artistes-francophones-dathenes\/\" \/>\n<meta property=\"og:site_name\" content=\"IFG\" \/>\n<meta property=\"article:modified_time\" content=\"2020-10-19T14:06:01+00:00\" \/>\n<meta property=\"og:image\" content=\"https:\/\/www.ifg.gr\/wp-content\/uploads\/2020\/09\/voulezvous-fest-1200X800.jpg\" \/>\n\t<meta property=\"og:image:width\" content=\"1200\" \/>\n\t<meta property=\"og:image:height\" content=\"800\" \/>\n\t<meta property=\"og:image:type\" content=\"image\/jpeg\" \/>\n<meta name=\"twitter:card\" content=\"summary_large_image\" \/>\n<meta name=\"twitter:label1\" content=\"Dur\u00e9e de lecture estim\u00e9e\" \/>\n\t<meta name=\"twitter:data1\" content=\"1 minute\" \/>\n<script type=\"application\/ld+json\" class=\"yoast-schema-graph\">{\"@context\":\"https:\/\/schema.org\",\"@graph\":[{\"@type\":\"WebPage\",\"@id\":\"https:\/\/www.ifg.gr\/fr\/events\/voulez-vous-des-artistes-francophones-dathenes\/\",\"url\":\"https:\/\/www.ifg.gr\/fr\/events\/voulez-vous-des-artistes-francophones-dathenes\/\",\"name\":\"VOULEZ-VOUS! Des Artistes Francophones d'Ath\u00e8nes\",\"isPartOf\":{\"@id\":\"https:\/\/www.ifg.gr\/#website\"},\"primaryImageOfPage\":{\"@id\":\"https:\/\/www.ifg.gr\/fr\/events\/voulez-vous-des-artistes-francophones-dathenes\/#primaryimage\"},\"image\":{\"@id\":\"https:\/\/www.ifg.gr\/fr\/events\/voulez-vous-des-artistes-francophones-dathenes\/#primaryimage\"},\"thumbnailUrl\":\"https:\/\/www.ifg.gr\/wp-content\/uploads\/2020\/09\/voulezvous-fest-1200X800.jpg\",\"datePublished\":\"2020-09-30T12:42:00+00:00\",\"dateModified\":\"2020-10-19T14:06:01+00:00\",\"description\":\"VOULEZ-VOUS! Des Artistes Francophones d'Ath\u00e8nes\",\"breadcrumb\":{\"@id\":\"https:\/\/www.ifg.gr\/fr\/events\/voulez-vous-des-artistes-francophones-dathenes\/#breadcrumb\"},\"inLanguage\":\"fr-FR\",\"potentialAction\":[{\"@type\":\"ReadAction\",\"target\":[\"https:\/\/www.ifg.gr\/fr\/events\/voulez-vous-des-artistes-francophones-dathenes\/\"]}]},{\"@type\":\"ImageObject\",\"inLanguage\":\"fr-FR\",\"@id\":\"https:\/\/www.ifg.gr\/fr\/events\/voulez-vous-des-artistes-francophones-dathenes\/#primaryimage\",\"url\":\"https:\/\/www.ifg.gr\/wp-content\/uploads\/2020\/09\/voulezvous-fest-1200X800.jpg\",\"contentUrl\":\"https:\/\/www.ifg.gr\/wp-content\/uploads\/2020\/09\/voulezvous-fest-1200X800.jpg\",\"width\":1200,\"height\":800},{\"@type\":\"BreadcrumbList\",\"@id\":\"https:\/\/www.ifg.gr\/fr\/events\/voulez-vous-des-artistes-francophones-dathenes\/#breadcrumb\",\"itemListElement\":[{\"@type\":\"ListItem\",\"position\":1,\"name\":\"Home\",\"item\":\"https:\/\/www.ifg.gr\/fr\/\"},{\"@type\":\"ListItem\",\"position\":2,\"name\":\"Events\",\"item\":\"https:\/\/www.ifg.gr\/events\/\"},{\"@type\":\"ListItem\",\"position\":3,\"name\":\"VOULEZ-VOUS! Des Artistes Francophones d&rsquo;Ath\u00e8nes\"}]},{\"@type\":\"WebSite\",\"@id\":\"https:\/\/www.ifg.gr\/#website\",\"url\":\"https:\/\/www.ifg.gr\/\",\"name\":\"IFG\",\"description\":\"\",\"potentialAction\":[{\"@type\":\"SearchAction\",\"target\":{\"@type\":\"EntryPoint\",\"urlTemplate\":\"https:\/\/www.ifg.gr\/?s={search_term_string}\"},\"query-input\":{\"@type\":\"PropertyValueSpecification\",\"valueRequired\":true,\"valueName\":\"search_term_string\"}}],\"inLanguage\":\"fr-FR\"}]}<\/script>\n<!-- \/ Yoast SEO plugin. -->","yoast_head_json":{"title":"VOULEZ-VOUS! Des Artistes Francophones d'Ath\u00e8nes","description":"VOULEZ-VOUS! Des Artistes Francophones d'Ath\u00e8nes","robots":{"index":"index","follow":"follow","max-snippet":"max-snippet:-1","max-image-preview":"max-image-preview:large","max-video-preview":"max-video-preview:-1"},"canonical":"https:\/\/www.ifg.gr\/fr\/events\/voulez-vous-des-artistes-francophones-dathenes\/","og_locale":"fr_FR","og_type":"article","og_title":"VOULEZ-VOUS! Des Artistes Francophones d'Ath\u00e8nes","og_description":"VOULEZ-VOUS! Des Artistes Francophones d'Ath\u00e8nes","og_url":"https:\/\/www.ifg.gr\/fr\/events\/voulez-vous-des-artistes-francophones-dathenes\/","og_site_name":"IFG","article_modified_time":"2020-10-19T14:06:01+00:00","og_image":[{"width":1200,"height":800,"url":"https:\/\/www.ifg.gr\/wp-content\/uploads\/2020\/09\/voulezvous-fest-1200X800.jpg","type":"image\/jpeg"}],"twitter_card":"summary_large_image","twitter_misc":{"Dur\u00e9e de lecture estim\u00e9e":"1 minute"},"schema":{"@context":"https:\/\/schema.org","@graph":[{"@type":"WebPage","@id":"https:\/\/www.ifg.gr\/fr\/events\/voulez-vous-des-artistes-francophones-dathenes\/","url":"https:\/\/www.ifg.gr\/fr\/events\/voulez-vous-des-artistes-francophones-dathenes\/","name":"VOULEZ-VOUS! Des Artistes Francophones d'Ath\u00e8nes","isPartOf":{"@id":"https:\/\/www.ifg.gr\/#website"},"primaryImageOfPage":{"@id":"https:\/\/www.ifg.gr\/fr\/events\/voulez-vous-des-artistes-francophones-dathenes\/#primaryimage"},"image":{"@id":"https:\/\/www.ifg.gr\/fr\/events\/voulez-vous-des-artistes-francophones-dathenes\/#primaryimage"},"thumbnailUrl":"https:\/\/www.ifg.gr\/wp-content\/uploads\/2020\/09\/voulezvous-fest-1200X800.jpg","datePublished":"2020-09-30T12:42:00+00:00","dateModified":"2020-10-19T14:06:01+00:00","description":"VOULEZ-VOUS! Des Artistes Francophones d'Ath\u00e8nes","breadcrumb":{"@id":"https:\/\/www.ifg.gr\/fr\/events\/voulez-vous-des-artistes-francophones-dathenes\/#breadcrumb"},"inLanguage":"fr-FR","potentialAction":[{"@type":"ReadAction","target":["https:\/\/www.ifg.gr\/fr\/events\/voulez-vous-des-artistes-francophones-dathenes\/"]}]},{"@type":"ImageObject","inLanguage":"fr-FR","@id":"https:\/\/www.ifg.gr\/fr\/events\/voulez-vous-des-artistes-francophones-dathenes\/#primaryimage","url":"https:\/\/www.ifg.gr\/wp-content\/uploads\/2020\/09\/voulezvous-fest-1200X800.jpg","contentUrl":"https:\/\/www.ifg.gr\/wp-content\/uploads\/2020\/09\/voulezvous-fest-1200X800.jpg","width":1200,"height":800},{"@type":"BreadcrumbList","@id":"https:\/\/www.ifg.gr\/fr\/events\/voulez-vous-des-artistes-francophones-dathenes\/#breadcrumb","itemListElement":[{"@type":"ListItem","position":1,"name":"Home","item":"https:\/\/www.ifg.gr\/fr\/"},{"@type":"ListItem","position":2,"name":"Events","item":"https:\/\/www.ifg.gr\/events\/"},{"@type":"ListItem","position":3,"name":"VOULEZ-VOUS! Des Artistes Francophones d&rsquo;Ath\u00e8nes"}]},{"@type":"WebSite","@id":"https:\/\/www.ifg.gr\/#website","url":"https:\/\/www.ifg.gr\/","name":"IFG","description":"","potentialAction":[{"@type":"SearchAction","target":{"@type":"EntryPoint","urlTemplate":"https:\/\/www.ifg.gr\/?s={search_term_string}"},"query-input":{"@type":"PropertyValueSpecification","valueRequired":true,"valueName":"search_term_string"}}],"inLanguage":"fr-FR"}]}},"_links":{"self":[{"href":"https:\/\/www.ifg.gr\/fr\/wp-json\/wp\/v2\/event\/20823","targetHints":{"allow":["GET"]}}],"collection":[{"href":"https:\/\/www.ifg.gr\/fr\/wp-json\/wp\/v2\/event"}],"about":[{"href":"https:\/\/www.ifg.gr\/fr\/wp-json\/wp\/v2\/types\/event"}],"author":[{"embeddable":true,"href":"https:\/\/www.ifg.gr\/fr\/wp-json\/wp\/v2\/users\/1"}],"version-history":[{"count":0,"href":"https:\/\/www.ifg.gr\/fr\/wp-json\/wp\/v2\/event\/20823\/revisions"}],"wp:featuredmedia":[{"embeddable":true,"href":"https:\/\/www.ifg.gr\/fr\/wp-json\/wp\/v2\/media\/20817"}],"wp:attachment":[{"href":"https:\/\/www.ifg.gr\/fr\/wp-json\/wp\/v2\/media?parent=20823"}],"wp:term":[{"taxonomy":"post_tag","embeddable":true,"href":"https:\/\/www.ifg.gr\/fr\/wp-json\/wp\/v2\/tags?post=20823"},{"taxonomy":"event_category","embeddable":true,"href":"https:\/\/www.ifg.gr\/fr\/wp-json\/wp\/v2\/event_category?post=20823"},{"taxonomy":"event_group","embeddable":true,"href":"https:\/\/www.ifg.gr\/fr\/wp-json\/wp\/v2\/event_group?post=20823"}],"curies":[{"name":"wp","href":"https:\/\/api.w.org\/{rel}","templated":true}]}}