{"id":28535,"date":"2020-10-21T07:28:14","date_gmt":"2020-10-21T07:28:14","guid":{"rendered":"https:\/\/www.ifg.gr\/events\/strongyli-trapeza-schediazontas-tin-praktiki-kai-synaisthimatiki-zoi-sto-diastima\/"},"modified":"2020-11-02T13:55:57","modified_gmt":"2020-11-02T13:55:57","slug":"table-ronde-design-pratique-emotionnel-de-la-vie-dans-lespace","status":"publish","type":"event","link":"https:\/\/www.ifg.gr\/fr\/events\/table-ronde-design-pratique-emotionnel-de-la-vie-dans-lespace\/","title":{"rendered":"Table ronde : \u00ab Design pratique &#038; \u00e9motionnel de la vie dans l\u2019espace \u00bb"},"content":{"rendered":"<p>L\u2019espace, un nouveau monde \u00e0 d\u00e9couvrir pour l\u2019Homme. Mais pour ce faire il faut d\u2019abord imaginer comment \u00e9voluer dans ce milieu non-hospitalier. Quels sont les d\u00e9fis de la vie de l\u2019espace ? Les d\u00e9fis pratiques mais aussi \u00e9motionnels. Des questions que doivent se poser tous les designers de l\u2019aventure spatiale.<\/p>\n<p>L<strong>\u2019IFG<\/strong>, en partenariat avec le <strong>Milano Design Film Festival Greece<\/strong> vous propose d\u2019explorer ces questions lors de deux soir\u00e9es, dans le cadre de <a href=\"https:\/\/www.ifg.gr\/fr\/event-groups\/novembre-numerique\/\" target=\"_blank\" rel=\"noopener noreferrer\">Novembre Num\u00e9rique.\u00a0<\/a><\/p>\n<h2>Concevoir la vie dans l\u2019espace &#8211; Soir\u00e9e #2<\/h2>\n<p>Table ronde autour du th\u00e8me<strong> \u00ab Design pratique &amp; \u00e9motionnel de la vie dans l\u2019espace \u00bb<\/strong><\/p>\n<p><strong>Invit\u00e9s :<\/strong><\/p>\n<p><strong>Dr. Adrianos Golemis<\/strong>, m\u00e9decin de vol, \u00e9quipe de m\u00e9decine de l\u2019espace (HRE-OM), ISS &#8211; Operations and Astronaut Group (HRE-O), Directorate of Human and Robotic Exploration Programmes (D\/ HRE)<br \/>\n<strong>Xavier De Kestelier<\/strong>, Architect, Technologist, Head of Design Technology &amp; Innovation at Hassell Studio, Director of Smart geometry<br \/>\n<strong>Tatiana Koupa,<\/strong> architecte, co-fondatrice Delta Architects<br \/>\n<strong>George Lordos<\/strong>, doctorant Department of Aeronautics and Astronautics, Massachusetts Institute of Technology<br \/>\n<strong>Alexandros Lordos,<\/strong> Directeur de Doctorat, Centre for the Study of Life Skills and Resilience, Lecturer in Clinical Psychology and Licensed Clinical Psychologist, University of Cyprus<\/p>\n<p><strong>Mod\u00e9ration :<\/strong><\/p>\n<p><strong>Dr. Ioannis Daglis<\/strong>, Professeur d&rsquo;Astrophysique (Universit\u00e9 Capodistrienne d&rsquo;Ath\u00e8nes), Pr\u00e9sident du Centre Hell\u00e9nique de l&rsquo;Espace, Directeur de l&rsquo;Observatoire de l&rsquo;Universit\u00e9 d&rsquo;Ath\u00e8nes<br \/>\n<strong>Annie Markitanis,<\/strong> Directrice du Milano Design Film Festival Greece &amp; Cyprus<\/p>\n<p><strong>Discussion retransmise en direct<\/strong> depuis l\u2019Auditorium Theo Angelopoulos en <strong>fran\u00e7ais<\/strong> et en <strong>grec<\/strong> sur ifg.gr et en <strong>anglais<\/strong> sur la <a href=\"https:\/\/www.facebook.com\/MilanoDesignFilmFestivalGreece\" target=\"_blank\" rel=\"noopener noreferrer\">page Facebook de MDFF<\/a><\/p>\n","protected":false},"excerpt":{"rendered":"<p>Table ronde autour du th\u00e8me \u00ab Design pratique &#038; \u00e9motionnel de la vie dans l\u2019espace \u00bb, dans le cadre de Novembre Num\u00e9rique.\u00a0 <\/p>\n","protected":false},"author":1,"featured_media":28446,"template":"","tags":[],"event_category":[875],"event_group":[880],"class_list":["post-28535","event","type-event","status-publish","has-post-thumbnail","hentry","event_category-debat-didees-et-sciences","event_group-novembre-numerique"],"acf":{"sponsors_default":false,"featured_image_credits":"","info_title":"","info_text":"","date_range":{"start":"05\/11\/2020","end":"","cancelled":false,"note":"","start_time":"20:00","end_time":""},"details":{"location":"","hyperlink1a":{"text":"","link":""},"price":"","hyperlink2a":{"text":"","link":""},"online_event":true,"live_streaming":true,"live_streaming_code":"<iframe allowfullscreen width=\"640\" height=\"390\" class=\"flowplayer fp-slim fp-edgy\" frameborder=\"0\" scrolling=\"no\" src=\"https:\/\/diavlos.grnet.gr\/en\/room\/3184?eventid=8308&stream_lang=fr&embed=true&width=640\"><\/iframe>","facebook_url":"https:\/\/www.facebook.com\/events\/265337238254778\/","hyperlink":{"text":"","link":""},"hyperlink2":{"text":"","link":""},"hyperlink3":{"text":"","link":""},"press_release":false},"home_slider_image":false,"sponsors_group":[{"group_title":"CO-ORGANIS\u00c9 AVEC","banners":[{"image":{"ID":28545,"id":28545,"title":"MDFF logo","filename":"MDFF-logo.png","filesize":9807,"url":"https:\/\/www.ifg.gr\/wp-content\/uploads\/2020\/10\/MDFF-logo.png","link":"https:\/\/www.ifg.gr\/fr\/events\/table-ronde-design-pratique-emotionnel-de-la-vie-dans-lespace\/mdff-logo-2\/","alt":"","author":"1","description":"MILANO DESIGN FILM FESTIVAL","caption":"MILANO DESIGN FILM FESTIVAL","name":"mdff-logo-2","status":"inherit","uploaded_to":28535,"date":"2020-10-21 10:29:53","modified":"2020-10-21 10:30:10","menu_order":0,"mime_type":"image\/png","type":"image","subtype":"png","icon":"https:\/\/www.ifg.gr\/wp-includes\/images\/media\/default.png","width":300,"height":256,"sizes":{"thumbnail":"https:\/\/www.ifg.gr\/wp-content\/uploads\/2020\/10\/MDFF-logo.png","thumbnail-width":150,"thumbnail-height":128,"medium":"https:\/\/www.ifg.gr\/wp-content\/uploads\/2020\/10\/MDFF-logo.png","medium-width":300,"medium-height":256,"medium_large":"https:\/\/www.ifg.gr\/wp-content\/uploads\/2020\/10\/MDFF-logo.png","medium_large-width":300,"medium_large-height":256,"large":"https:\/\/www.ifg.gr\/wp-content\/uploads\/2020\/10\/MDFF-logo.png","large-width":300,"large-height":256,"1536x1536":"https:\/\/www.ifg.gr\/wp-content\/uploads\/2020\/10\/MDFF-logo.png","1536x1536-width":300,"1536x1536-height":256,"2048x2048":"https:\/\/www.ifg.gr\/wp-content\/uploads\/2020\/10\/MDFF-logo.png","2048x2048-width":300,"2048x2048-height":256,"full-width":"https:\/\/www.ifg.gr\/wp-content\/uploads\/2020\/10\/MDFF-logo.png","full-width-width":300,"full-width-height":256,"sidebar":"https:\/\/www.ifg.gr\/wp-content\/uploads\/2020\/10\/MDFF-logo.png","sidebar-width":300,"sidebar-height":256,"thumb-sm":"https:\/\/www.ifg.gr\/wp-content\/uploads\/2020\/10\/MDFF-logo-152x130.png","thumb-sm-width":152,"thumb-sm-height":130,"thumb-square":"https:\/\/www.ifg.gr\/wp-content\/uploads\/2020\/10\/MDFF-logo.png","thumb-square-width":300,"thumb-square-height":256,"thumb-big":"https:\/\/www.ifg.gr\/wp-content\/uploads\/2020\/10\/MDFF-logo.png","thumb-big-width":300,"thumb-big-height":256,"slider-big":"https:\/\/www.ifg.gr\/wp-content\/uploads\/2020\/10\/MDFF-logo.png","slider-big-width":300,"slider-big-height":256}},"link":"https:\/\/mdffgreece.com\/"}]}],"layout":false},"yoast_head":"<!-- This site is optimized with the Yoast SEO plugin v26.8 - https:\/\/yoast.com\/product\/yoast-seo-wordpress\/ -->\n<title>Table ronde : \u00ab Design pratique &amp; \u00e9motionnel de la vie dans l\u2019espace \u00bb<\/title>\n<meta name=\"description\" content=\"Table ronde autour du th\u00e8me \u00ab Design pratique &amp; \u00e9motionnel de la vie dans l\u2019espace \u00bb, dans le cadre de Novembre Num\u00e9rique.\u00a0\" \/>\n<meta name=\"robots\" content=\"index, follow, max-snippet:-1, max-image-preview:large, max-video-preview:-1\" \/>\n<link rel=\"canonical\" href=\"https:\/\/www.ifg.gr\/fr\/events\/table-ronde-design-pratique-emotionnel-de-la-vie-dans-lespace\/\" \/>\n<meta property=\"og:locale\" content=\"fr_FR\" \/>\n<meta property=\"og:type\" content=\"article\" \/>\n<meta property=\"og:title\" content=\"Table ronde : \u00ab Design pratique &amp; \u00e9motionnel de la vie dans l\u2019espace \u00bb\" \/>\n<meta property=\"og:description\" content=\"Table ronde autour du th\u00e8me \u00ab Design pratique &amp; \u00e9motionnel de la vie dans l\u2019espace \u00bb, dans le cadre de Novembre Num\u00e9rique.\u00a0\" \/>\n<meta property=\"og:url\" content=\"https:\/\/www.ifg.gr\/fr\/events\/table-ronde-design-pratique-emotionnel-de-la-vie-dans-lespace\/\" \/>\n<meta property=\"og:site_name\" content=\"IFG\" \/>\n<meta property=\"article:modified_time\" content=\"2020-11-02T13:55:57+00:00\" \/>\n<meta property=\"og:image\" content=\"https:\/\/www.ifg.gr\/wp-content\/uploads\/2020\/10\/NN-Table-ronde-ThomasPesquetEVA-creditNASA.jpg\" \/>\n\t<meta property=\"og:image:width\" content=\"1041\" \/>\n\t<meta property=\"og:image:height\" content=\"693\" \/>\n\t<meta property=\"og:image:type\" content=\"image\/jpeg\" \/>\n<meta name=\"twitter:card\" content=\"summary_large_image\" \/>\n<meta name=\"twitter:label1\" content=\"Dur\u00e9e de lecture estim\u00e9e\" \/>\n\t<meta name=\"twitter:data1\" content=\"1 minute\" \/>\n<script type=\"application\/ld+json\" class=\"yoast-schema-graph\">{\"@context\":\"https:\/\/schema.org\",\"@graph\":[{\"@type\":\"WebPage\",\"@id\":\"https:\/\/www.ifg.gr\/fr\/events\/table-ronde-design-pratique-emotionnel-de-la-vie-dans-lespace\/\",\"url\":\"https:\/\/www.ifg.gr\/fr\/events\/table-ronde-design-pratique-emotionnel-de-la-vie-dans-lespace\/\",\"name\":\"Table ronde : \u00ab Design pratique & \u00e9motionnel de la vie dans l\u2019espace \u00bb\",\"isPartOf\":{\"@id\":\"https:\/\/www.ifg.gr\/#website\"},\"primaryImageOfPage\":{\"@id\":\"https:\/\/www.ifg.gr\/fr\/events\/table-ronde-design-pratique-emotionnel-de-la-vie-dans-lespace\/#primaryimage\"},\"image\":{\"@id\":\"https:\/\/www.ifg.gr\/fr\/events\/table-ronde-design-pratique-emotionnel-de-la-vie-dans-lespace\/#primaryimage\"},\"thumbnailUrl\":\"https:\/\/www.ifg.gr\/wp-content\/uploads\/2020\/10\/NN-Table-ronde-ThomasPesquetEVA-creditNASA.jpg\",\"datePublished\":\"2020-10-21T07:28:14+00:00\",\"dateModified\":\"2020-11-02T13:55:57+00:00\",\"description\":\"Table ronde autour du th\u00e8me \u00ab Design pratique & \u00e9motionnel de la vie dans l\u2019espace \u00bb, dans le cadre de Novembre Num\u00e9rique.\u00a0\",\"breadcrumb\":{\"@id\":\"https:\/\/www.ifg.gr\/fr\/events\/table-ronde-design-pratique-emotionnel-de-la-vie-dans-lespace\/#breadcrumb\"},\"inLanguage\":\"fr-FR\",\"potentialAction\":[{\"@type\":\"ReadAction\",\"target\":[\"https:\/\/www.ifg.gr\/fr\/events\/table-ronde-design-pratique-emotionnel-de-la-vie-dans-lespace\/\"]}]},{\"@type\":\"ImageObject\",\"inLanguage\":\"fr-FR\",\"@id\":\"https:\/\/www.ifg.gr\/fr\/events\/table-ronde-design-pratique-emotionnel-de-la-vie-dans-lespace\/#primaryimage\",\"url\":\"https:\/\/www.ifg.gr\/wp-content\/uploads\/2020\/10\/NN-Table-ronde-ThomasPesquetEVA-creditNASA.jpg\",\"contentUrl\":\"https:\/\/www.ifg.gr\/wp-content\/uploads\/2020\/10\/NN-Table-ronde-ThomasPesquetEVA-creditNASA.jpg\",\"width\":1041,\"height\":693,\"caption\":\"\u0397 \u03b6\u03c9\u03ae \u03c3\u03c4\u03bf \u03b4\u03b9\u03ac\u03c3\u03c4\u03b7\u03bc\u03b1 - \u03a8\u03b7\u03c6\u03b9\u03b1\u03ba\u03cc\u03c2 \u039d\u03bf\u03ad\u03bc\u03b2\u03c1\u03b9\u03bf\u03c2 - IFG\"},{\"@type\":\"BreadcrumbList\",\"@id\":\"https:\/\/www.ifg.gr\/fr\/events\/table-ronde-design-pratique-emotionnel-de-la-vie-dans-lespace\/#breadcrumb\",\"itemListElement\":[{\"@type\":\"ListItem\",\"position\":1,\"name\":\"Home\",\"item\":\"https:\/\/www.ifg.gr\/fr\/\"},{\"@type\":\"ListItem\",\"position\":2,\"name\":\"Events\",\"item\":\"https:\/\/www.ifg.gr\/events\/\"},{\"@type\":\"ListItem\",\"position\":3,\"name\":\"Table ronde : \u00ab Design pratique &#038; \u00e9motionnel de la vie dans l\u2019espace \u00bb\"}]},{\"@type\":\"WebSite\",\"@id\":\"https:\/\/www.ifg.gr\/#website\",\"url\":\"https:\/\/www.ifg.gr\/\",\"name\":\"IFG\",\"description\":\"\",\"potentialAction\":[{\"@type\":\"SearchAction\",\"target\":{\"@type\":\"EntryPoint\",\"urlTemplate\":\"https:\/\/www.ifg.gr\/?s={search_term_string}\"},\"query-input\":{\"@type\":\"PropertyValueSpecification\",\"valueRequired\":true,\"valueName\":\"search_term_string\"}}],\"inLanguage\":\"fr-FR\"}]}<\/script>\n<!-- \/ Yoast SEO plugin. -->","yoast_head_json":{"title":"Table ronde : \u00ab Design pratique & \u00e9motionnel de la vie dans l\u2019espace \u00bb","description":"Table ronde autour du th\u00e8me \u00ab Design pratique & \u00e9motionnel de la vie dans l\u2019espace \u00bb, dans le cadre de Novembre Num\u00e9rique.\u00a0","robots":{"index":"index","follow":"follow","max-snippet":"max-snippet:-1","max-image-preview":"max-image-preview:large","max-video-preview":"max-video-preview:-1"},"canonical":"https:\/\/www.ifg.gr\/fr\/events\/table-ronde-design-pratique-emotionnel-de-la-vie-dans-lespace\/","og_locale":"fr_FR","og_type":"article","og_title":"Table ronde : \u00ab Design pratique & \u00e9motionnel de la vie dans l\u2019espace \u00bb","og_description":"Table ronde autour du th\u00e8me \u00ab Design pratique & \u00e9motionnel de la vie dans l\u2019espace \u00bb, dans le cadre de Novembre Num\u00e9rique.\u00a0","og_url":"https:\/\/www.ifg.gr\/fr\/events\/table-ronde-design-pratique-emotionnel-de-la-vie-dans-lespace\/","og_site_name":"IFG","article_modified_time":"2020-11-02T13:55:57+00:00","og_image":[{"width":1041,"height":693,"url":"https:\/\/www.ifg.gr\/wp-content\/uploads\/2020\/10\/NN-Table-ronde-ThomasPesquetEVA-creditNASA.jpg","type":"image\/jpeg"}],"twitter_card":"summary_large_image","twitter_misc":{"Dur\u00e9e de lecture estim\u00e9e":"1 minute"},"schema":{"@context":"https:\/\/schema.org","@graph":[{"@type":"WebPage","@id":"https:\/\/www.ifg.gr\/fr\/events\/table-ronde-design-pratique-emotionnel-de-la-vie-dans-lespace\/","url":"https:\/\/www.ifg.gr\/fr\/events\/table-ronde-design-pratique-emotionnel-de-la-vie-dans-lespace\/","name":"Table ronde : \u00ab Design pratique & \u00e9motionnel de la vie dans l\u2019espace \u00bb","isPartOf":{"@id":"https:\/\/www.ifg.gr\/#website"},"primaryImageOfPage":{"@id":"https:\/\/www.ifg.gr\/fr\/events\/table-ronde-design-pratique-emotionnel-de-la-vie-dans-lespace\/#primaryimage"},"image":{"@id":"https:\/\/www.ifg.gr\/fr\/events\/table-ronde-design-pratique-emotionnel-de-la-vie-dans-lespace\/#primaryimage"},"thumbnailUrl":"https:\/\/www.ifg.gr\/wp-content\/uploads\/2020\/10\/NN-Table-ronde-ThomasPesquetEVA-creditNASA.jpg","datePublished":"2020-10-21T07:28:14+00:00","dateModified":"2020-11-02T13:55:57+00:00","description":"Table ronde autour du th\u00e8me \u00ab Design pratique & \u00e9motionnel de la vie dans l\u2019espace \u00bb, dans le cadre de Novembre Num\u00e9rique.\u00a0","breadcrumb":{"@id":"https:\/\/www.ifg.gr\/fr\/events\/table-ronde-design-pratique-emotionnel-de-la-vie-dans-lespace\/#breadcrumb"},"inLanguage":"fr-FR","potentialAction":[{"@type":"ReadAction","target":["https:\/\/www.ifg.gr\/fr\/events\/table-ronde-design-pratique-emotionnel-de-la-vie-dans-lespace\/"]}]},{"@type":"ImageObject","inLanguage":"fr-FR","@id":"https:\/\/www.ifg.gr\/fr\/events\/table-ronde-design-pratique-emotionnel-de-la-vie-dans-lespace\/#primaryimage","url":"https:\/\/www.ifg.gr\/wp-content\/uploads\/2020\/10\/NN-Table-ronde-ThomasPesquetEVA-creditNASA.jpg","contentUrl":"https:\/\/www.ifg.gr\/wp-content\/uploads\/2020\/10\/NN-Table-ronde-ThomasPesquetEVA-creditNASA.jpg","width":1041,"height":693,"caption":"\u0397 \u03b6\u03c9\u03ae \u03c3\u03c4\u03bf \u03b4\u03b9\u03ac\u03c3\u03c4\u03b7\u03bc\u03b1 - \u03a8\u03b7\u03c6\u03b9\u03b1\u03ba\u03cc\u03c2 \u039d\u03bf\u03ad\u03bc\u03b2\u03c1\u03b9\u03bf\u03c2 - IFG"},{"@type":"BreadcrumbList","@id":"https:\/\/www.ifg.gr\/fr\/events\/table-ronde-design-pratique-emotionnel-de-la-vie-dans-lespace\/#breadcrumb","itemListElement":[{"@type":"ListItem","position":1,"name":"Home","item":"https:\/\/www.ifg.gr\/fr\/"},{"@type":"ListItem","position":2,"name":"Events","item":"https:\/\/www.ifg.gr\/events\/"},{"@type":"ListItem","position":3,"name":"Table ronde : \u00ab Design pratique &#038; \u00e9motionnel de la vie dans l\u2019espace \u00bb"}]},{"@type":"WebSite","@id":"https:\/\/www.ifg.gr\/#website","url":"https:\/\/www.ifg.gr\/","name":"IFG","description":"","potentialAction":[{"@type":"SearchAction","target":{"@type":"EntryPoint","urlTemplate":"https:\/\/www.ifg.gr\/?s={search_term_string}"},"query-input":{"@type":"PropertyValueSpecification","valueRequired":true,"valueName":"search_term_string"}}],"inLanguage":"fr-FR"}]}},"_links":{"self":[{"href":"https:\/\/www.ifg.gr\/fr\/wp-json\/wp\/v2\/event\/28535","targetHints":{"allow":["GET"]}}],"collection":[{"href":"https:\/\/www.ifg.gr\/fr\/wp-json\/wp\/v2\/event"}],"about":[{"href":"https:\/\/www.ifg.gr\/fr\/wp-json\/wp\/v2\/types\/event"}],"author":[{"embeddable":true,"href":"https:\/\/www.ifg.gr\/fr\/wp-json\/wp\/v2\/users\/1"}],"version-history":[{"count":0,"href":"https:\/\/www.ifg.gr\/fr\/wp-json\/wp\/v2\/event\/28535\/revisions"}],"wp:featuredmedia":[{"embeddable":true,"href":"https:\/\/www.ifg.gr\/fr\/wp-json\/wp\/v2\/media\/28446"}],"wp:attachment":[{"href":"https:\/\/www.ifg.gr\/fr\/wp-json\/wp\/v2\/media?parent=28535"}],"wp:term":[{"taxonomy":"post_tag","embeddable":true,"href":"https:\/\/www.ifg.gr\/fr\/wp-json\/wp\/v2\/tags?post=28535"},{"taxonomy":"event_category","embeddable":true,"href":"https:\/\/www.ifg.gr\/fr\/wp-json\/wp\/v2\/event_category?post=28535"},{"taxonomy":"event_group","embeddable":true,"href":"https:\/\/www.ifg.gr\/fr\/wp-json\/wp\/v2\/event_group?post=28535"}],"curies":[{"name":"wp","href":"https:\/\/api.w.org\/{rel}","templated":true}]}}