{"id":28991,"date":"2020-10-27T12:43:57","date_gmt":"2020-10-27T12:43:57","guid":{"rendered":"https:\/\/www.ifg.gr\/events\/i-psifiaki-taksi-tou-gallikou-institoutou-ellados-2\/"},"modified":"2020-10-27T13:12:25","modified_gmt":"2020-10-27T13:12:25","slug":"demonstrations-classe-virtuelle","status":"publish","type":"event","link":"https:\/\/www.ifg.gr\/fr\/events\/demonstrations-classe-virtuelle\/","title":{"rendered":"D\u00e9monstrations de classe virtuelle"},"content":{"rendered":"<p>Pendant <a href=\"https:\/\/www.ifg.gr\/fr\/events\/2e-edition-de-novembre-numerique-focus-sur-le-jeu-video\/\" target=\"_blank\" rel=\"noopener noreferrer\">le mois du Num\u00e9rique<\/a>, <strong>testez gratuitement<\/strong> un mini-cours en classe virtuelle, la nouvelle offre de l\u2019Institut Fran\u00e7ais pour apprendre le fran\u00e7ais \u00e0 distance.<\/p>\n<p>La classe virtuelle a de nombreux <strong>avantages<\/strong> : on apprend de chez soi ou de son bureau, on ne perd plus de temps dans les d\u00e9placements tout en conservant qualit\u00e9, efficacit\u00e9 et convivialit\u00e9 d\u2019un enseignement en classe avec un vrai professeur !<\/p>\n<p>Elle fonctionne aussi bien pour des cours <strong>individuels<\/strong> que pour des <strong>petits groupes<\/strong>.<\/p>\n<p>Des <strong>d\u00e9monstrations de 20-30 mn<\/strong> anim\u00e9es par de nos professeurs se tiendront <strong>les vendredis 6, 13, 20 et 27 novembre 2020<\/strong> <strong>de 16h00 \u00e0 18h00.<\/strong><\/p>\n<p><strong>Comment participer ?<\/strong><br \/>\nContactez directement au Service des cours \u00e0 <a href=\"mailto:cours@ifg.gr\" target=\"_blank\" rel=\"noopener noreferrer\">cours@ifg.gr<\/a> pour indiquer l\u2019heure \u00e0 laquelle vous souhaitez suivre cette d\u00e9monstration. Un lien Zoom vous sera ensuite envoy\u00e9, qui vous permettra de rejoindre le cours au jour et \u00e0 l\u2019heure choisie.<\/p>\n<p><iframe loading=\"lazy\" title=\"\u039c\u03b1\u03b8\u03ae\u03bc\u03b1\u03c4\u03b1 \u03b3\u03b1\u03bb\u03bb\u03b9\u03ba\u03ce\u03bd \u03ba\u03b1\u03b9 \u03bc\u03ad\u03c3\u03c9 \u03b4\u03b9\u03b1\u03b4\u03b9\u03ba\u03c4\u03cd\u03bf\u03c5 \u03b1\u03c0\u03cc \u03c4\u03bf \u0393\u03b1\u03bb\u03bb\u03b9\u03ba\u03cc \u0399\u03bd\u03c3\u03c4\u03b9\u03c4\u03bf\u03cd\u03c4\u03bf!\" width=\"640\" height=\"360\" src=\"https:\/\/www.youtube.com\/embed\/0yQBvW32zNo?feature=oembed\" frameborder=\"0\" allow=\"accelerometer; autoplay; clipboard-write; encrypted-media; gyroscope; picture-in-picture; web-share\" referrerpolicy=\"strict-origin-when-cross-origin\" allowfullscreen><\/iframe><\/p>\n","protected":false},"excerpt":{"rendered":"<p>Pendant le mois du Num\u00e9rique, testez gratuitement un mini-cours en classe virtuelle, la nouvelle offre de l\u2019Institut Fran\u00e7ais pour apprendre le fran\u00e7ais \u00e0 distance.<\/p>\n","protected":false},"author":1,"featured_media":28976,"template":"","tags":[],"event_category":[1125],"event_group":[880],"class_list":["post-28991","event","type-event","status-publish","has-post-thumbnail","hentry","event_category-cours","event_group-novembre-numerique"],"acf":{"sponsors_default":false,"featured_image_credits":"","info_title":"","info_text":"","date_range":{"start":"20\/11\/2020","end":"","cancelled":false,"note":"","start_time":"16:00","end_time":""},"details":{"location":"","hyperlink1a":{"text":"","link":""},"price":"Gratuit","hyperlink2a":{"text":"","link":""},"online_event":true,"live_streaming":false,"live_streaming_code":"","facebook_url":"","hyperlink":{"text":"","link":""},"hyperlink2":{"text":"","link":""},"hyperlink3":{"text":"","link":""},"press_release":false},"home_slider_image":false,"sponsors_group":false,"layout":false},"yoast_head":"<!-- This site is optimized with the Yoast SEO plugin v26.8 - https:\/\/yoast.com\/product\/yoast-seo-wordpress\/ -->\n<title>D\u00e9monstrations de classe virtuelle - Institut Fran\u00e7ais de Gr\u00e8ce<\/title>\n<meta name=\"description\" content=\"Pendant le mois du Num\u00e9rique, testez gratuitement un mini-cours en classe virtuelle, la nouvelle offre de l\u2019Institut Fran\u00e7ais pour apprendre le fran\u00e7ais \u00e0 distance.\" \/>\n<meta name=\"robots\" content=\"index, follow, max-snippet:-1, max-image-preview:large, max-video-preview:-1\" \/>\n<link rel=\"canonical\" href=\"https:\/\/www.ifg.gr\/events\/i-psifiaki-taksi-tou-gallikou-institoutou-ellados-2\/\" \/>\n<meta property=\"og:locale\" content=\"fr_FR\" \/>\n<meta property=\"og:type\" content=\"article\" \/>\n<meta property=\"og:title\" content=\"D\u00e9monstrations de classe virtuelle - Institut Fran\u00e7ais de Gr\u00e8ce\" \/>\n<meta property=\"og:description\" content=\"Pendant le mois du Num\u00e9rique, testez gratuitement un mini-cours en classe virtuelle, la nouvelle offre de l\u2019Institut Fran\u00e7ais pour apprendre le fran\u00e7ais \u00e0 distance.\" \/>\n<meta property=\"og:url\" content=\"https:\/\/www.ifg.gr\/events\/i-psifiaki-taksi-tou-gallikou-institoutou-ellados-2\/\" \/>\n<meta property=\"og:site_name\" content=\"IFG\" \/>\n<meta property=\"article:modified_time\" content=\"2020-10-27T13:12:25+00:00\" \/>\n<meta property=\"og:image\" content=\"https:\/\/www.ifg.gr\/wp-content\/uploads\/2020\/10\/promo-photo-ifg-COURS-1200.jpg\" \/>\n\t<meta property=\"og:image:width\" content=\"1200\" \/>\n\t<meta property=\"og:image:height\" content=\"800\" \/>\n\t<meta property=\"og:image:type\" content=\"image\/jpeg\" \/>\n<meta name=\"twitter:card\" content=\"summary_large_image\" \/>\n<meta name=\"twitter:label1\" content=\"Dur\u00e9e de lecture estim\u00e9e\" \/>\n\t<meta name=\"twitter:data1\" content=\"1 minute\" \/>\n<script type=\"application\/ld+json\" class=\"yoast-schema-graph\">{\"@context\":\"https:\/\/schema.org\",\"@graph\":[{\"@type\":\"WebPage\",\"@id\":\"https:\/\/www.ifg.gr\/events\/i-psifiaki-taksi-tou-gallikou-institoutou-ellados-2\/\",\"url\":\"https:\/\/www.ifg.gr\/events\/i-psifiaki-taksi-tou-gallikou-institoutou-ellados-2\/\",\"name\":\"D\u00e9monstrations de classe virtuelle - Institut Fran\u00e7ais de Gr\u00e8ce\",\"isPartOf\":{\"@id\":\"https:\/\/www.ifg.gr\/#website\"},\"primaryImageOfPage\":{\"@id\":\"https:\/\/www.ifg.gr\/events\/i-psifiaki-taksi-tou-gallikou-institoutou-ellados-2\/#primaryimage\"},\"image\":{\"@id\":\"https:\/\/www.ifg.gr\/events\/i-psifiaki-taksi-tou-gallikou-institoutou-ellados-2\/#primaryimage\"},\"thumbnailUrl\":\"https:\/\/www.ifg.gr\/wp-content\/uploads\/2020\/10\/promo-photo-ifg-COURS-1200.jpg\",\"datePublished\":\"2020-10-27T12:43:57+00:00\",\"dateModified\":\"2020-10-27T13:12:25+00:00\",\"description\":\"Pendant le mois du Num\u00e9rique, testez gratuitement un mini-cours en classe virtuelle, la nouvelle offre de l\u2019Institut Fran\u00e7ais pour apprendre le fran\u00e7ais \u00e0 distance.\",\"breadcrumb\":{\"@id\":\"https:\/\/www.ifg.gr\/events\/i-psifiaki-taksi-tou-gallikou-institoutou-ellados-2\/#breadcrumb\"},\"inLanguage\":\"fr-FR\",\"potentialAction\":[{\"@type\":\"ReadAction\",\"target\":[\"https:\/\/www.ifg.gr\/events\/i-psifiaki-taksi-tou-gallikou-institoutou-ellados-2\/\"]}]},{\"@type\":\"ImageObject\",\"inLanguage\":\"fr-FR\",\"@id\":\"https:\/\/www.ifg.gr\/events\/i-psifiaki-taksi-tou-gallikou-institoutou-ellados-2\/#primaryimage\",\"url\":\"https:\/\/www.ifg.gr\/wp-content\/uploads\/2020\/10\/promo-photo-ifg-COURS-1200.jpg\",\"contentUrl\":\"https:\/\/www.ifg.gr\/wp-content\/uploads\/2020\/10\/promo-photo-ifg-COURS-1200.jpg\",\"width\":1200,\"height\":800},{\"@type\":\"BreadcrumbList\",\"@id\":\"https:\/\/www.ifg.gr\/events\/i-psifiaki-taksi-tou-gallikou-institoutou-ellados-2\/#breadcrumb\",\"itemListElement\":[{\"@type\":\"ListItem\",\"position\":1,\"name\":\"Home\",\"item\":\"https:\/\/www.ifg.gr\/fr\/\"},{\"@type\":\"ListItem\",\"position\":2,\"name\":\"Events\",\"item\":\"https:\/\/www.ifg.gr\/events\/\"},{\"@type\":\"ListItem\",\"position\":3,\"name\":\"D\u00e9monstrations de classe virtuelle\"}]},{\"@type\":\"WebSite\",\"@id\":\"https:\/\/www.ifg.gr\/#website\",\"url\":\"https:\/\/www.ifg.gr\/\",\"name\":\"IFG\",\"description\":\"\",\"potentialAction\":[{\"@type\":\"SearchAction\",\"target\":{\"@type\":\"EntryPoint\",\"urlTemplate\":\"https:\/\/www.ifg.gr\/?s={search_term_string}\"},\"query-input\":{\"@type\":\"PropertyValueSpecification\",\"valueRequired\":true,\"valueName\":\"search_term_string\"}}],\"inLanguage\":\"fr-FR\"}]}<\/script>\n<!-- \/ Yoast SEO plugin. -->","yoast_head_json":{"title":"D\u00e9monstrations de classe virtuelle - Institut Fran\u00e7ais de Gr\u00e8ce","description":"Pendant le mois du Num\u00e9rique, testez gratuitement un mini-cours en classe virtuelle, la nouvelle offre de l\u2019Institut Fran\u00e7ais pour apprendre le fran\u00e7ais \u00e0 distance.","robots":{"index":"index","follow":"follow","max-snippet":"max-snippet:-1","max-image-preview":"max-image-preview:large","max-video-preview":"max-video-preview:-1"},"canonical":"https:\/\/www.ifg.gr\/events\/i-psifiaki-taksi-tou-gallikou-institoutou-ellados-2\/","og_locale":"fr_FR","og_type":"article","og_title":"D\u00e9monstrations de classe virtuelle - Institut Fran\u00e7ais de Gr\u00e8ce","og_description":"Pendant le mois du Num\u00e9rique, testez gratuitement un mini-cours en classe virtuelle, la nouvelle offre de l\u2019Institut Fran\u00e7ais pour apprendre le fran\u00e7ais \u00e0 distance.","og_url":"https:\/\/www.ifg.gr\/events\/i-psifiaki-taksi-tou-gallikou-institoutou-ellados-2\/","og_site_name":"IFG","article_modified_time":"2020-10-27T13:12:25+00:00","og_image":[{"width":1200,"height":800,"url":"https:\/\/www.ifg.gr\/wp-content\/uploads\/2020\/10\/promo-photo-ifg-COURS-1200.jpg","type":"image\/jpeg"}],"twitter_card":"summary_large_image","twitter_misc":{"Dur\u00e9e de lecture estim\u00e9e":"1 minute"},"schema":{"@context":"https:\/\/schema.org","@graph":[{"@type":"WebPage","@id":"https:\/\/www.ifg.gr\/events\/i-psifiaki-taksi-tou-gallikou-institoutou-ellados-2\/","url":"https:\/\/www.ifg.gr\/events\/i-psifiaki-taksi-tou-gallikou-institoutou-ellados-2\/","name":"D\u00e9monstrations de classe virtuelle - Institut Fran\u00e7ais de Gr\u00e8ce","isPartOf":{"@id":"https:\/\/www.ifg.gr\/#website"},"primaryImageOfPage":{"@id":"https:\/\/www.ifg.gr\/events\/i-psifiaki-taksi-tou-gallikou-institoutou-ellados-2\/#primaryimage"},"image":{"@id":"https:\/\/www.ifg.gr\/events\/i-psifiaki-taksi-tou-gallikou-institoutou-ellados-2\/#primaryimage"},"thumbnailUrl":"https:\/\/www.ifg.gr\/wp-content\/uploads\/2020\/10\/promo-photo-ifg-COURS-1200.jpg","datePublished":"2020-10-27T12:43:57+00:00","dateModified":"2020-10-27T13:12:25+00:00","description":"Pendant le mois du Num\u00e9rique, testez gratuitement un mini-cours en classe virtuelle, la nouvelle offre de l\u2019Institut Fran\u00e7ais pour apprendre le fran\u00e7ais \u00e0 distance.","breadcrumb":{"@id":"https:\/\/www.ifg.gr\/events\/i-psifiaki-taksi-tou-gallikou-institoutou-ellados-2\/#breadcrumb"},"inLanguage":"fr-FR","potentialAction":[{"@type":"ReadAction","target":["https:\/\/www.ifg.gr\/events\/i-psifiaki-taksi-tou-gallikou-institoutou-ellados-2\/"]}]},{"@type":"ImageObject","inLanguage":"fr-FR","@id":"https:\/\/www.ifg.gr\/events\/i-psifiaki-taksi-tou-gallikou-institoutou-ellados-2\/#primaryimage","url":"https:\/\/www.ifg.gr\/wp-content\/uploads\/2020\/10\/promo-photo-ifg-COURS-1200.jpg","contentUrl":"https:\/\/www.ifg.gr\/wp-content\/uploads\/2020\/10\/promo-photo-ifg-COURS-1200.jpg","width":1200,"height":800},{"@type":"BreadcrumbList","@id":"https:\/\/www.ifg.gr\/events\/i-psifiaki-taksi-tou-gallikou-institoutou-ellados-2\/#breadcrumb","itemListElement":[{"@type":"ListItem","position":1,"name":"Home","item":"https:\/\/www.ifg.gr\/fr\/"},{"@type":"ListItem","position":2,"name":"Events","item":"https:\/\/www.ifg.gr\/events\/"},{"@type":"ListItem","position":3,"name":"D\u00e9monstrations de classe virtuelle"}]},{"@type":"WebSite","@id":"https:\/\/www.ifg.gr\/#website","url":"https:\/\/www.ifg.gr\/","name":"IFG","description":"","potentialAction":[{"@type":"SearchAction","target":{"@type":"EntryPoint","urlTemplate":"https:\/\/www.ifg.gr\/?s={search_term_string}"},"query-input":{"@type":"PropertyValueSpecification","valueRequired":true,"valueName":"search_term_string"}}],"inLanguage":"fr-FR"}]}},"_links":{"self":[{"href":"https:\/\/www.ifg.gr\/fr\/wp-json\/wp\/v2\/event\/28991","targetHints":{"allow":["GET"]}}],"collection":[{"href":"https:\/\/www.ifg.gr\/fr\/wp-json\/wp\/v2\/event"}],"about":[{"href":"https:\/\/www.ifg.gr\/fr\/wp-json\/wp\/v2\/types\/event"}],"author":[{"embeddable":true,"href":"https:\/\/www.ifg.gr\/fr\/wp-json\/wp\/v2\/users\/1"}],"version-history":[{"count":0,"href":"https:\/\/www.ifg.gr\/fr\/wp-json\/wp\/v2\/event\/28991\/revisions"}],"wp:featuredmedia":[{"embeddable":true,"href":"https:\/\/www.ifg.gr\/fr\/wp-json\/wp\/v2\/media\/28976"}],"wp:attachment":[{"href":"https:\/\/www.ifg.gr\/fr\/wp-json\/wp\/v2\/media?parent=28991"}],"wp:term":[{"taxonomy":"post_tag","embeddable":true,"href":"https:\/\/www.ifg.gr\/fr\/wp-json\/wp\/v2\/tags?post=28991"},{"taxonomy":"event_category","embeddable":true,"href":"https:\/\/www.ifg.gr\/fr\/wp-json\/wp\/v2\/event_category?post=28991"},{"taxonomy":"event_group","embeddable":true,"href":"https:\/\/www.ifg.gr\/fr\/wp-json\/wp\/v2\/event_group?post=28991"}],"curies":[{"name":"wp","href":"https:\/\/api.w.org\/{rel}","templated":true}]}}