{"id":29726,"date":"2020-12-01T16:23:59","date_gmt":"2020-12-01T16:23:59","guid":{"rendered":"https:\/\/www.ifg.gr\/events\/afieroma-stin-anna-karina\/"},"modified":"2020-12-10T10:38:46","modified_gmt":"2020-12-10T10:38:46","slug":"hommage-anna-karina","status":"publish","type":"event","link":"https:\/\/www.ifg.gr\/fr\/events\/hommage-anna-karina\/","title":{"rendered":"Hommage \u00e0 Anna Karina"},"content":{"rendered":"<p><strong>Un an apr\u00e8s la disparition d&rsquo;Anna Karina<\/strong>, l&rsquo;Institut fran\u00e7ais de Gr\u00e8ce et la Cin\u00e9math\u00e8que de Gr\u00e8ce organisent de concert <strong>un hommage en ligne \u00e0 la muse de la Nouvelle Vague<\/strong>, du 8 au 14 d\u00e9cembre 2020, avec six des chefs-d&rsquo;\u0153uvre de l&rsquo;actrice qu&rsquo;a ador\u00e9e Jean-Luc Godard.<\/p>\n<p><strong>Godard<\/strong> signe trois des films de l&rsquo;hommage, qui mettent en vedette sa compagne de l&rsquo;\u00e9poque. Dans <strong>Une femme est une femme<\/strong>, troisi\u00e8me long m\u00e9trage de la longue carri\u00e8re de l&rsquo;actrice, Anna Karina incarne Angela, une jeune strip-teaseuse qui veut devenir maman.<\/p>\n<p>En 1965, \u00e0 la sortie de <strong>Pierrot le Fou<\/strong>, le film est interdit aux mineurs, au motif qu&rsquo;il promeut \u00ab l&rsquo;anarchie morale et intellectuelle \u00bb ; dans ce road-movie explosif, Karina est l&rsquo;\u00e9nigmatique Marianne en fuite.<\/p>\n<p>Enfin, dans <strong>Alphaville<\/strong>, admirable film de science-fiction, le spectateur est transport\u00e9s dans la ville spatiale du m\u00eame nom, o\u00f9 les \u00e9motions sont interdites. Anna Karina y joue la fille du tyrannique professeur Von Brown, lorsque l&rsquo;agent secret Lemmy Caution appara\u00eet dans sa vie.<\/p>\n<p>Outre les trois films du grand r\u00e9alisateur franco-suisse, l&rsquo;Hommage \u00e0 Anna Karina pr\u00e9sente \u00e9galement <strong>La Religieuse <\/strong>de <strong>Jacques Rivette<\/strong>, rest\u00e9 dans l&rsquo;histoire du cin\u00e9ma fran\u00e7ais comme le plus grand scandale de censure d&rsquo;\u00c9tat. Quand le film sort enfin en 1967, apr\u00e8s les protestations publiques qu&rsquo;a soulev\u00e9es son interdiction, il trouve imm\u00e9diatement et \u00e0 juste titre la voie du succ\u00e8s.<\/p>\n<p>Le premier long m\u00e9trage de <strong>Beno\u00eet Jacquot<\/strong>, <strong>L&rsquo;Assassin Musicien<\/strong>, adaptation cin\u00e9matographique d&rsquo;un roman de Dosto\u00efevski, raconte la descente d&rsquo;un jeune clarinettiste dans la folie et le crime.<\/p>\n<p>Et enfin, le film <strong>Vivre Ensemble<\/strong> constitue le d\u00e9but d&rsquo;Anna Karina en tant que <strong>r\u00e9alisatrice<\/strong>. Cette com\u00e9die dramatique se d\u00e9roule \u00e0 Paris et \u00e0 New York au d\u00e9but des ann\u00e9es 70 et raconte l&rsquo;histoire de la relation tumultueuse d&rsquo;un couple.<\/p>\n<figure id=\"attachment_29704\" aria-describedby=\"caption-attachment-29704\" style=\"width: 800px\" class=\"wp-caption alignnone\"><img loading=\"lazy\" decoding=\"async\" class=\"size-full wp-image-29704\" src=\"https:\/\/www.ifg.gr\/wp-content\/uploads\/2020\/12\/pierrot-le-fou-24-site.jpg\" alt=\"\" width=\"800\" height=\"338\" srcset=\"https:\/\/www.ifg.gr\/wp-content\/uploads\/2020\/12\/pierrot-le-fou-24-site.jpg 800w, https:\/\/www.ifg.gr\/wp-content\/uploads\/2020\/12\/pierrot-le-fou-24-site-768x324.jpg 768w, https:\/\/www.ifg.gr\/wp-content\/uploads\/2020\/12\/pierrot-le-fou-24-site-308x130.jpg 308w\" sizes=\"auto, (max-width: 800px) 100vw, 800px\" \/><figcaption id=\"caption-attachment-29704\" class=\"wp-caption-text\">Pierrot le fou<\/figcaption><\/figure>\n<h2>Quelques mots sur Anna Karina<\/h2>\n<p>Hanne Karin Bayer est n\u00e9e au Danemark le 22 septembre 1940, o\u00f9 elle fait ses premiers pas en tant que mannequin. En 1958, elle d\u00e9barque \u00e0 Paris sans parler un mot de fran\u00e7ais, mais sa beaut\u00e9 \u00e9blouissante ne passe pas inaper\u00e7ue. Un jour o\u00f9 elle est assise au c\u00e9l\u00e8bre caf\u00e9 Les Deux Magots du Quartier Latin, une agent l&rsquo;approche et lui propose de devenir mannequin. Elle est vite tr\u00e8s recherch\u00e9e. Les s\u00e9ances photo pour les magazines s\u2019encha\u00eenent, elle fr\u00e9quente les grands noms du Tout-Paris, et c&rsquo;est Coco Chanel elle-m\u00eame qui la baptise Anna Karina.<\/p>\n<p>\u00c0 19 ans, elle rencontre Jean-Luc Godard et devient sa compagne et sa muse ; elle devient aussi un symbole de la Nouvelle Vague fran\u00e7aise. Ils tournent ensemble sept films et avec Une femme est une femme (1961), Karina remporte l&rsquo;Ours d&rsquo;argent au Festival de Berlin.<\/p>\n<p>\u00c0 propos des ann\u00e9es de sa collaboration avec Godard, elle a d\u00e9clar\u00e9 : \u00ab Nous n&rsquo;avons jamais pens\u00e9 que ces films deviendraient si c\u00e9l\u00e8bres, ni pour aussi longtemps. Nous \u00e9tions simplement tr\u00e8s heureux d&rsquo;avoir fait des choses. Nous \u00e9tions boh\u00e8mes. Nous savions que nous faisions quelque chose que nous aimions et qui \u00e9tait diff\u00e9rent. \u00bb<\/p>\n<p>Outre le cin\u00e9ma, elle a \u00e9galement men\u00e9 une carri\u00e8re de chanteuse, principalement avec Serge Gainsbourg, elle s&rsquo;est aussi illustr\u00e9e dans l&rsquo;\u00e9criture de romans. En 1972, Karina fonde sa propre soci\u00e9t\u00e9 de production et fait ses d\u00e9buts en tant que r\u00e9alisatrice avec Vivre ensemble (1973), projet\u00e9 lors du 26\u00e8me Festival de Cannes. En 2008, elle r\u00e9alise le film franco-canadien Victoria.<\/p>\n<p>Elle meurt le 14 d\u00e9cembre 2019, \u00e0 l&rsquo;\u00e2ge de 79 ans.<\/p>\n<h2>Synopsis des films<\/h2>\n<p><strong>Une femme est une femme<\/strong>, de Jean-Luc Godard<br \/>\nAvec : Jean-Claude Brialy, Anna Karina, Jean-Paul Belmondo<br \/>\nFrance, Italie \/ 1961 \/ 85 min.<\/p>\n<p>Angela, strip-teaseuse du Faubourg St Denis, veut un enfant, et vite ! Emile, l&rsquo;homme de sa vie et passionn\u00e9 de cyclisme, ne l&rsquo;entend pas de cette oreille. Tr\u00e8s bien ! Un autre homme fera l&rsquo;affaire. Et pourquoi pas Alfred, voisin et ami, soupirant infatigable de la belle Angela ? D&rsquo;ailleurs, il est volontaire. Le jeu c&rsquo;est la vie, et Angela joue avec l&rsquo;amour d&rsquo;Alfred, avec la jalousie d&rsquo;Emile, avec ses propres d\u00e9sirs. Pi\u00e9g\u00e9, enfin consentant, Emile s&rsquo;\u00e9crie : \u00ab Tu es inf\u00e2me \u00bb. Et Angela de lui r\u00e9pondre : \u00ab Non, je suis une femme ! \u00bb<\/p>\n<figure id=\"attachment_29693\" aria-describedby=\"caption-attachment-29693\" style=\"width: 800px\" class=\"wp-caption alignnone\"><img loading=\"lazy\" decoding=\"async\" class=\"size-full wp-image-29693\" src=\"https:\/\/www.ifg.gr\/wp-content\/uploads\/2020\/12\/Femme-est-une-femme-site.jpg\" alt=\"\" width=\"800\" height=\"340\" srcset=\"https:\/\/www.ifg.gr\/wp-content\/uploads\/2020\/12\/Femme-est-une-femme-site.jpg 800w, https:\/\/www.ifg.gr\/wp-content\/uploads\/2020\/12\/Femme-est-une-femme-site-768x326.jpg 768w, https:\/\/www.ifg.gr\/wp-content\/uploads\/2020\/12\/Femme-est-une-femme-site-306x130.jpg 306w\" sizes=\"auto, (max-width: 800px) 100vw, 800px\" \/><figcaption id=\"caption-attachment-29693\" class=\"wp-caption-text\">Une Femme est une femme<\/figcaption><\/figure>\n<p><strong>Pierrot le Fou<\/strong>, de Jean-Luc Godard<br \/>\nAvec : Jean-Paul Belmondo, Anna Karina, Graziella Galvani<br \/>\nFrance, Italie \/ 1965 \/ 110 min. \/ Version restaur\u00e9e<\/p>\n<p>Ferdinand, p\u00e8re de famille d\u00e9sabus\u00e9, croise \u00e0 nouveau le chemin de Marianne, un ancien flirt. Il quitte femme et enfants pour partir dans le Sud de la France avec la jeune et \u00e9nigmatique baby-sitter. S&rsquo;ensuit l&rsquo;histoire tragique d&rsquo;un couple romantique fuyant Paris pour la M\u00e9diterrann\u00e9e, un road-movie exaltant o\u00f9 se m\u00ealent trafic d&rsquo;armes, complots politiques, rencontres incongrues, pauses bucoliques et d\u00e9chirements amoureux.<strong><br \/>\n<\/strong><\/p>\n<figure id=\"attachment_29695\" aria-describedby=\"caption-attachment-29695\" style=\"width: 800px\" class=\"wp-caption alignnone\"><img loading=\"lazy\" decoding=\"async\" class=\"size-full wp-image-29695\" src=\"https:\/\/www.ifg.gr\/wp-content\/uploads\/2020\/12\/pierrot-le-fou-site.jpg\" alt=\"\" width=\"800\" height=\"340\" srcset=\"https:\/\/www.ifg.gr\/wp-content\/uploads\/2020\/12\/pierrot-le-fou-site.jpg 800w, https:\/\/www.ifg.gr\/wp-content\/uploads\/2020\/12\/pierrot-le-fou-site-768x326.jpg 768w, https:\/\/www.ifg.gr\/wp-content\/uploads\/2020\/12\/pierrot-le-fou-site-306x130.jpg 306w\" sizes=\"auto, (max-width: 800px) 100vw, 800px\" \/><figcaption id=\"caption-attachment-29695\" class=\"wp-caption-text\">Pierrot le fou<\/figcaption><\/figure>\n<p><strong>Alphaville. Une \u00e9trange aventure de Lemmy Caution<\/strong>, de Jean-Luc Godard<br \/>\nAvec : Eddie Constantine, Anna Karina, Akim Tamiroff<br \/>\nFrance \/ 1965 \/ 99 min.<\/p>\n<p>Dans un monde futur, Lemmy Caution est envoy\u00e9 en mission \u00e0 Alphaville avec cet ordre : \u00ab\u00a0Prendre contact avec le Professeur Von Braun afin de le lib\u00e9rer, ou, s&rsquo;il refuse, de le tuer&#8230;\u00a0\u00bb Arriv\u00e9 sur place, Lemmy Caution n&rsquo;a pas le temps de commencer son enqu\u00eate, que Natacha, fille du professeur, vient se mettre \u00e0 sa disposition&#8230;<\/p>\n<figure id=\"attachment_29697\" aria-describedby=\"caption-attachment-29697\" style=\"width: 800px\" class=\"wp-caption alignnone\"><img loading=\"lazy\" decoding=\"async\" class=\"size-full wp-image-29697\" src=\"https:\/\/www.ifg.gr\/wp-content\/uploads\/2020\/12\/Alphaville-site.jpg\" alt=\"\" width=\"800\" height=\"570\" srcset=\"https:\/\/www.ifg.gr\/wp-content\/uploads\/2020\/12\/Alphaville-site.jpg 800w, https:\/\/www.ifg.gr\/wp-content\/uploads\/2020\/12\/Alphaville-site-768x547.jpg 768w, https:\/\/www.ifg.gr\/wp-content\/uploads\/2020\/12\/Alphaville-site-182x130.jpg 182w\" sizes=\"auto, (max-width: 800px) 100vw, 800px\" \/><figcaption id=\"caption-attachment-29697\" class=\"wp-caption-text\">Alphaville. Une \u00e9trange aventure de Lemmy Caution<\/figcaption><\/figure>\n<p><strong>La Religieuse<\/strong>, de Jacques Rivette<br \/>\nAvec : Anna Karina, Liselotte Pulver, Micheline Presle, Francine Berg\u00e9, Francisco Rabal, Christiane L\u00e9nier<br \/>\nFrance \/ 1966 \/ 140 min. \/ Version restaur\u00e9e<\/p>\n<p>Forc\u00e9e d&rsquo;entrer au couvent, Suzanne refuse de prononcer ses v\u0153ux. Rebelle \u00e0 toute autorit\u00e9 et d\u00e9sirant retrouver la vie s\u00e9culaire, elle subit la cruaut\u00e9 d&rsquo;une Sup\u00e9rieure sadique convaincue qu&rsquo;elle est poss\u00e9d\u00e9e par le diable. Innocent\u00e9e, Suzanne trouve refuge au couvent d&rsquo;Arpajon. Mais dans ce clo\u00eetre accueillant o\u00f9 r\u00e8gne une totale libert\u00e9, de nouveaux pi\u00e8ges r\u00f4dent dans l&rsquo;ombre.<\/p>\n<figure id=\"attachment_29699\" aria-describedby=\"caption-attachment-29699\" style=\"width: 800px\" class=\"wp-caption alignnone\"><img loading=\"lazy\" decoding=\"async\" class=\"size-full wp-image-29699\" src=\"https:\/\/www.ifg.gr\/wp-content\/uploads\/2020\/12\/Religieuse-site.jpg\" alt=\"\" width=\"800\" height=\"560\" srcset=\"https:\/\/www.ifg.gr\/wp-content\/uploads\/2020\/12\/Religieuse-site.jpg 800w, https:\/\/www.ifg.gr\/wp-content\/uploads\/2020\/12\/Religieuse-site-768x538.jpg 768w, https:\/\/www.ifg.gr\/wp-content\/uploads\/2020\/12\/Religieuse-site-186x130.jpg 186w\" sizes=\"auto, (max-width: 800px) 100vw, 800px\" \/><figcaption id=\"caption-attachment-29699\" class=\"wp-caption-text\">La Religieuse<\/figcaption><\/figure>\n<p><strong>Vivre Ensemble<\/strong>, d&rsquo; Anna Karina<br \/>\nAvec : Anna Karina, Michel Lancelot, Monique Morelli, Viviane Blassel, Bob Askl\u00f6f, Jean Aurel<br \/>\nFrance \/ 1973 \/ 92 min. \/ Version restaur\u00e9e<\/p>\n<p>Alain, la trentaine, est professeur d\u2019histoire et m\u00e8ne avec Sylvie une vie bien rang\u00e9e. \u00c0 Saint-Germain-des-Pr\u00e9s, il rencontre Julie, une fille fantasque et tr\u00e8s libre. Alain quitte Sylvie, et s\u2019installe chez Julie. L\u2019insouciance le gagne, il finit par ne plus aller travailler. Pour les vacances, Julie d\u00e9cide d\u2019aller avec Alain \u00e0 New York o\u00f9 ils s\u2019immergent dans la boh\u00e8me de Greenwich Village et rencontrent les activistes de Central Park&#8230;<\/p>\n<figure id=\"attachment_29701\" aria-describedby=\"caption-attachment-29701\" style=\"width: 800px\" class=\"wp-caption alignnone\"><img loading=\"lazy\" decoding=\"async\" class=\"size-full wp-image-29701\" src=\"https:\/\/www.ifg.gr\/wp-content\/uploads\/2020\/12\/Vivre-ensemble-1973-site.jpg\" alt=\"\" width=\"800\" height=\"551\" srcset=\"https:\/\/www.ifg.gr\/wp-content\/uploads\/2020\/12\/Vivre-ensemble-1973-site.jpg 800w, https:\/\/www.ifg.gr\/wp-content\/uploads\/2020\/12\/Vivre-ensemble-1973-site-768x529.jpg 768w, https:\/\/www.ifg.gr\/wp-content\/uploads\/2020\/12\/Vivre-ensemble-1973-site-189x130.jpg 189w\" sizes=\"auto, (max-width: 800px) 100vw, 800px\" \/><figcaption id=\"caption-attachment-29701\" class=\"wp-caption-text\">Vivre Ensemble<\/figcaption><\/figure>\n<p><strong>L&rsquo;Assassin Musicien<\/strong>, de Beno\u00eet Jacquot<br \/>\nAvec : Anna Karina, Jo\u00ebl Bion, Philippe March, H\u00e9l\u00e8ne Coulomb, Gunars Larsens<br \/>\nFrance \/ 1976 \/ 124 min.<\/p>\n<p>Gilles est un jeune musicien persuad\u00e9 d&rsquo;avoir un don unique. En possession d&rsquo;un magnifique violon, il quitte son orchestre, o\u00f9 il joue comme clarinettiste, et sa province, pour gagner Paris. Commence un rude parcours o\u00f9 il tente de d\u00e9montrer son talent naissant de violoniste et durant lequel il rencontrera Louise, une jeune femme de m\u00e9nage souffrante qui vit avec sa petite fille. Les d\u00e9convenues se succ\u00e8dent et Gilles sombre peu \u00e0 peu dans la folie.<\/p>\n","protected":false},"excerpt":{"rendered":"<p>L&rsquo;IFG et la Cin\u00e9math\u00e8que de Gr\u00e8ce organisent de concert un hommage en ligne \u00e0 la muse de la Nouvelle Vague.<\/p>\n","protected":false},"author":1,"featured_media":29681,"template":"","tags":[921,922,923],"event_category":[874],"event_group":[],"class_list":["post-29726","event","type-event","status-publish","has-post-thumbnail","hentry","tag-nouvelle-vague-fr","tag-anna-karina-fr","tag-tainiothiki-tis-ellados-fr","event_category-cinema"],"acf":{"sponsors_default":false,"featured_image_credits":"","info_title":"INFOS PRATIQUES","info_text":"<p><strong>Les ventes ouvrent lundi 07\/12\/2020<\/strong> \u00e0 midi sur la plateforme.<\/p>\n<p>Les films sont projet\u00e9s en fran\u00e7ais sous-titr\u00e9s en grec.<\/p>\n<p><strong>Cr\u00e9ez votre compte<\/strong> sur la plateforme <a href=\"https:\/\/online.tainiothiki.gr\/\" target=\"_blank\" rel=\"noopener\">online.tainiothiki.gr<\/a> et achetez des billets pour les films qui vous int\u00e9ressent. Une fois que vous commencez le visionnage d\u2019un film, vous avez 30 heures pour terminer la lecture du film.<\/p>\n<p>Chaque film est disponible <strong>dans la limite des 600 visionnages<\/strong><\/p>\n<p>Pour une <strong>qualit\u00e9 de visionnage optimale<\/strong>, connectez-vous \u00e0 la plateforme depuis Edge sur Windows ou depuis Safari sur MacOS.<\/p>\n","date_range":{"start":"08\/12\/2020","end":"14\/12\/2020","cancelled":false,"note":"","start_time":"","end_time":""},"details":{"location":"","hyperlink1a":{"text":"","link":""},"price":"3\u20ac","hyperlink2a":{"text":"","link":""},"online_event":true,"live_streaming":false,"live_streaming_code":"","facebook_url":"","hyperlink":{"text":"Cr\u00e9ez votre compte sur la plateforme","link":"https:\/\/online.tainiothiki.gr\/"},"hyperlink2":{"text":"","link":""},"hyperlink3":{"text":"","link":""},"press_release":false},"home_slider_image":false,"sponsors_group":[{"group_title":"UN HOMMAGE PRESENTE PAR","banners":[{"image":{"ID":29712,"id":29712,"title":"300x300-Total","filename":"300x300-Total.png","filesize":6101,"url":"https:\/\/www.ifg.gr\/wp-content\/uploads\/2020\/12\/300x300-Total.png","link":"https:\/\/www.ifg.gr\/fr\/events\/hommage-anna-karina\/300x300-total-2\/","alt":"","author":"1","description":"","caption":"","name":"300x300-total-2","status":"inherit","uploaded_to":29726,"date":"2020-12-02 07:29:49","modified":"2020-12-02 07:29:49","menu_order":0,"mime_type":"image\/png","type":"image","subtype":"png","icon":"https:\/\/www.ifg.gr\/wp-includes\/images\/media\/default.png","width":300,"height":300,"sizes":{"thumbnail":"https:\/\/www.ifg.gr\/wp-content\/uploads\/2020\/12\/300x300-Total.png","thumbnail-width":150,"thumbnail-height":150,"medium":"https:\/\/www.ifg.gr\/wp-content\/uploads\/2020\/12\/300x300-Total.png","medium-width":300,"medium-height":300,"medium_large":"https:\/\/www.ifg.gr\/wp-content\/uploads\/2020\/12\/300x300-Total.png","medium_large-width":300,"medium_large-height":300,"large":"https:\/\/www.ifg.gr\/wp-content\/uploads\/2020\/12\/300x300-Total.png","large-width":300,"large-height":300,"1536x1536":"https:\/\/www.ifg.gr\/wp-content\/uploads\/2020\/12\/300x300-Total.png","1536x1536-width":300,"1536x1536-height":300,"2048x2048":"https:\/\/www.ifg.gr\/wp-content\/uploads\/2020\/12\/300x300-Total.png","2048x2048-width":300,"2048x2048-height":300,"full-width":"https:\/\/www.ifg.gr\/wp-content\/uploads\/2020\/12\/300x300-Total.png","full-width-width":300,"full-width-height":300,"sidebar":"https:\/\/www.ifg.gr\/wp-content\/uploads\/2020\/12\/300x300-Total.png","sidebar-width":300,"sidebar-height":300,"thumb-sm":"https:\/\/www.ifg.gr\/wp-content\/uploads\/2020\/12\/300x300-Total-130x130.png","thumb-sm-width":130,"thumb-sm-height":130,"thumb-square":"https:\/\/www.ifg.gr\/wp-content\/uploads\/2020\/12\/300x300-Total.png","thumb-square-width":300,"thumb-square-height":300,"thumb-big":"https:\/\/www.ifg.gr\/wp-content\/uploads\/2020\/12\/300x300-Total.png","thumb-big-width":300,"thumb-big-height":300,"slider-big":"https:\/\/www.ifg.gr\/wp-content\/uploads\/2020\/12\/300x300-Total.png","slider-big-width":300,"slider-big-height":300}},"link":"https:\/\/www.total.gr\/"}]},{"group_title":"ORGANISE PAR","banners":[{"image":{"ID":29714,"id":29714,"title":"300x300-IFG","filename":"300x300-IFG.png","filesize":10590,"url":"https:\/\/www.ifg.gr\/wp-content\/uploads\/2020\/12\/300x300-IFG.png","link":"https:\/\/www.ifg.gr\/fr\/events\/hommage-anna-karina\/300x300-ifg-2\/","alt":"","author":"1","description":"","caption":"","name":"300x300-ifg-2","status":"inherit","uploaded_to":29726,"date":"2020-12-02 07:30:06","modified":"2020-12-02 07:30:06","menu_order":0,"mime_type":"image\/png","type":"image","subtype":"png","icon":"https:\/\/www.ifg.gr\/wp-includes\/images\/media\/default.png","width":300,"height":300,"sizes":{"thumbnail":"https:\/\/www.ifg.gr\/wp-content\/uploads\/2020\/12\/300x300-IFG.png","thumbnail-width":150,"thumbnail-height":150,"medium":"https:\/\/www.ifg.gr\/wp-content\/uploads\/2020\/12\/300x300-IFG.png","medium-width":300,"medium-height":300,"medium_large":"https:\/\/www.ifg.gr\/wp-content\/uploads\/2020\/12\/300x300-IFG.png","medium_large-width":300,"medium_large-height":300,"large":"https:\/\/www.ifg.gr\/wp-content\/uploads\/2020\/12\/300x300-IFG.png","large-width":300,"large-height":300,"1536x1536":"https:\/\/www.ifg.gr\/wp-content\/uploads\/2020\/12\/300x300-IFG.png","1536x1536-width":300,"1536x1536-height":300,"2048x2048":"https:\/\/www.ifg.gr\/wp-content\/uploads\/2020\/12\/300x300-IFG.png","2048x2048-width":300,"2048x2048-height":300,"full-width":"https:\/\/www.ifg.gr\/wp-content\/uploads\/2020\/12\/300x300-IFG.png","full-width-width":300,"full-width-height":300,"sidebar":"https:\/\/www.ifg.gr\/wp-content\/uploads\/2020\/12\/300x300-IFG.png","sidebar-width":300,"sidebar-height":300,"thumb-sm":"https:\/\/www.ifg.gr\/wp-content\/uploads\/2020\/12\/300x300-IFG-130x130.png","thumb-sm-width":130,"thumb-sm-height":130,"thumb-square":"https:\/\/www.ifg.gr\/wp-content\/uploads\/2020\/12\/300x300-IFG.png","thumb-square-width":300,"thumb-square-height":300,"thumb-big":"https:\/\/www.ifg.gr\/wp-content\/uploads\/2020\/12\/300x300-IFG.png","thumb-big-width":300,"thumb-big-height":300,"slider-big":"https:\/\/www.ifg.gr\/wp-content\/uploads\/2020\/12\/300x300-IFG.png","slider-big-width":300,"slider-big-height":300}},"link":""},{"image":{"ID":29716,"id":29716,"title":"300x300-Cinematheque","filename":"300x300-Cinematheque.png","filesize":7131,"url":"https:\/\/www.ifg.gr\/wp-content\/uploads\/2020\/12\/300x300-Cinematheque.png","link":"https:\/\/www.ifg.gr\/fr\/events\/hommage-anna-karina\/300x300-cinematheque-2\/","alt":"","author":"1","description":"","caption":"","name":"300x300-cinematheque-2","status":"inherit","uploaded_to":29726,"date":"2020-12-02 07:30:19","modified":"2020-12-02 07:30:19","menu_order":0,"mime_type":"image\/png","type":"image","subtype":"png","icon":"https:\/\/www.ifg.gr\/wp-includes\/images\/media\/default.png","width":300,"height":300,"sizes":{"thumbnail":"https:\/\/www.ifg.gr\/wp-content\/uploads\/2020\/12\/300x300-Cinematheque.png","thumbnail-width":150,"thumbnail-height":150,"medium":"https:\/\/www.ifg.gr\/wp-content\/uploads\/2020\/12\/300x300-Cinematheque.png","medium-width":300,"medium-height":300,"medium_large":"https:\/\/www.ifg.gr\/wp-content\/uploads\/2020\/12\/300x300-Cinematheque.png","medium_large-width":300,"medium_large-height":300,"large":"https:\/\/www.ifg.gr\/wp-content\/uploads\/2020\/12\/300x300-Cinematheque.png","large-width":300,"large-height":300,"1536x1536":"https:\/\/www.ifg.gr\/wp-content\/uploads\/2020\/12\/300x300-Cinematheque.png","1536x1536-width":300,"1536x1536-height":300,"2048x2048":"https:\/\/www.ifg.gr\/wp-content\/uploads\/2020\/12\/300x300-Cinematheque.png","2048x2048-width":300,"2048x2048-height":300,"full-width":"https:\/\/www.ifg.gr\/wp-content\/uploads\/2020\/12\/300x300-Cinematheque.png","full-width-width":300,"full-width-height":300,"sidebar":"https:\/\/www.ifg.gr\/wp-content\/uploads\/2020\/12\/300x300-Cinematheque.png","sidebar-width":300,"sidebar-height":300,"thumb-sm":"https:\/\/www.ifg.gr\/wp-content\/uploads\/2020\/12\/300x300-Cinematheque-130x130.png","thumb-sm-width":130,"thumb-sm-height":130,"thumb-square":"https:\/\/www.ifg.gr\/wp-content\/uploads\/2020\/12\/300x300-Cinematheque.png","thumb-square-width":300,"thumb-square-height":300,"thumb-big":"https:\/\/www.ifg.gr\/wp-content\/uploads\/2020\/12\/300x300-Cinematheque.png","thumb-big-width":300,"thumb-big-height":300,"slider-big":"https:\/\/www.ifg.gr\/wp-content\/uploads\/2020\/12\/300x300-Cinematheque.png","slider-big-width":300,"slider-big-height":300}},"link":"http:\/\/www.tainiothiki.gr\/en\/"}]},{"group_title":"LA CIN\u00c9MATH\u00c8QUE DE GR\u00c9CE EST FINANC\u00c9E PAR","banners":[{"image":{"ID":29765,"id":29765,"title":"300x500-ESPA","filename":"300x500-ESPA.png","filesize":57298,"url":"https:\/\/www.ifg.gr\/wp-content\/uploads\/2020\/12\/300x500-ESPA.png","link":"https:\/\/www.ifg.gr\/fr\/events\/hommage-anna-karina\/300x500-espa-2\/","alt":"","author":"1","description":"","caption":"","name":"300x500-espa-2","status":"inherit","uploaded_to":29726,"date":"2020-12-04 11:13:48","modified":"2020-12-04 11:13:48","menu_order":0,"mime_type":"image\/png","type":"image","subtype":"png","icon":"https:\/\/www.ifg.gr\/wp-includes\/images\/media\/default.png","width":500,"height":300,"sizes":{"thumbnail":"https:\/\/www.ifg.gr\/wp-content\/uploads\/2020\/12\/300x500-ESPA.png","thumbnail-width":150,"thumbnail-height":90,"medium":"https:\/\/www.ifg.gr\/wp-content\/uploads\/2020\/12\/300x500-ESPA.png","medium-width":300,"medium-height":180,"medium_large":"https:\/\/www.ifg.gr\/wp-content\/uploads\/2020\/12\/300x500-ESPA.png","medium_large-width":500,"medium_large-height":300,"large":"https:\/\/www.ifg.gr\/wp-content\/uploads\/2020\/12\/300x500-ESPA.png","large-width":500,"large-height":300,"1536x1536":"https:\/\/www.ifg.gr\/wp-content\/uploads\/2020\/12\/300x500-ESPA.png","1536x1536-width":500,"1536x1536-height":300,"2048x2048":"https:\/\/www.ifg.gr\/wp-content\/uploads\/2020\/12\/300x500-ESPA.png","2048x2048-width":500,"2048x2048-height":300,"full-width":"https:\/\/www.ifg.gr\/wp-content\/uploads\/2020\/12\/300x500-ESPA.png","full-width-width":500,"full-width-height":300,"sidebar":"https:\/\/www.ifg.gr\/wp-content\/uploads\/2020\/12\/300x500-ESPA.png","sidebar-width":500,"sidebar-height":300,"thumb-sm":"https:\/\/www.ifg.gr\/wp-content\/uploads\/2020\/12\/300x500-ESPA-217x130.png","thumb-sm-width":217,"thumb-sm-height":130,"thumb-square":"https:\/\/www.ifg.gr\/wp-content\/uploads\/2020\/12\/300x500-ESPA-300x300.png","thumb-square-width":300,"thumb-square-height":300,"thumb-big":"https:\/\/www.ifg.gr\/wp-content\/uploads\/2020\/12\/300x500-ESPA.png","thumb-big-width":500,"thumb-big-height":300,"slider-big":"https:\/\/www.ifg.gr\/wp-content\/uploads\/2020\/12\/300x500-ESPA.png","slider-big-width":500,"slider-big-height":300}},"link":""}]}],"layout":false},"yoast_head":"<!-- This site is optimized with the Yoast SEO plugin v26.8 - https:\/\/yoast.com\/product\/yoast-seo-wordpress\/ -->\n<title>Hommage Anna Karina - IFG \u2013 Cin\u00e9math\u00e8que de Gr\u00e8ce<\/title>\n<meta name=\"description\" content=\"L&#039;Institut fran\u00e7ais de Gr\u00e8ce et la Cin\u00e9math\u00e8que grecque organisent de concert un hommage en ligne \u00e0 la muse de la Nouvelle Vague, Anna Karina.\" \/>\n<meta name=\"robots\" content=\"index, follow, max-snippet:-1, max-image-preview:large, max-video-preview:-1\" \/>\n<link rel=\"canonical\" href=\"https:\/\/www.ifg.gr\/events\/afieroma-stin-anna-karina\/\" \/>\n<meta property=\"og:locale\" content=\"fr_FR\" \/>\n<meta property=\"og:type\" content=\"article\" \/>\n<meta property=\"og:title\" content=\"Hommage Anna Karina - IFG \u2013 Cin\u00e9math\u00e8que de Gr\u00e8ce\" \/>\n<meta property=\"og:description\" content=\"L&#039;Institut fran\u00e7ais de Gr\u00e8ce et la Cin\u00e9math\u00e8que grecque organisent de concert un hommage en ligne \u00e0 la muse de la Nouvelle Vague, Anna Karina.\" \/>\n<meta property=\"og:url\" content=\"https:\/\/www.ifg.gr\/events\/afieroma-stin-anna-karina\/\" \/>\n<meta property=\"og:site_name\" content=\"IFG\" \/>\n<meta property=\"article:modified_time\" content=\"2020-12-10T10:38:46+00:00\" \/>\n<meta property=\"og:image\" content=\"https:\/\/www.ifg.gr\/wp-content\/uploads\/2020\/12\/Karina_1200X800.jpg\" \/>\n\t<meta property=\"og:image:width\" content=\"1200\" \/>\n\t<meta property=\"og:image:height\" content=\"800\" \/>\n\t<meta property=\"og:image:type\" content=\"image\/jpeg\" \/>\n<meta name=\"twitter:card\" content=\"summary_large_image\" \/>\n<meta name=\"twitter:label1\" content=\"Dur\u00e9e de lecture estim\u00e9e\" \/>\n\t<meta name=\"twitter:data1\" content=\"6 minutes\" \/>\n<script type=\"application\/ld+json\" class=\"yoast-schema-graph\">{\"@context\":\"https:\/\/schema.org\",\"@graph\":[{\"@type\":\"WebPage\",\"@id\":\"https:\/\/www.ifg.gr\/events\/afieroma-stin-anna-karina\/\",\"url\":\"https:\/\/www.ifg.gr\/events\/afieroma-stin-anna-karina\/\",\"name\":\"Hommage Anna Karina - IFG \u2013 Cin\u00e9math\u00e8que de Gr\u00e8ce\",\"isPartOf\":{\"@id\":\"https:\/\/www.ifg.gr\/#website\"},\"primaryImageOfPage\":{\"@id\":\"https:\/\/www.ifg.gr\/events\/afieroma-stin-anna-karina\/#primaryimage\"},\"image\":{\"@id\":\"https:\/\/www.ifg.gr\/events\/afieroma-stin-anna-karina\/#primaryimage\"},\"thumbnailUrl\":\"https:\/\/www.ifg.gr\/wp-content\/uploads\/2020\/12\/Karina_1200X800.jpg\",\"datePublished\":\"2020-12-01T16:23:59+00:00\",\"dateModified\":\"2020-12-10T10:38:46+00:00\",\"description\":\"L'Institut fran\u00e7ais de Gr\u00e8ce et la Cin\u00e9math\u00e8que grecque organisent de concert un hommage en ligne \u00e0 la muse de la Nouvelle Vague, Anna Karina.\",\"breadcrumb\":{\"@id\":\"https:\/\/www.ifg.gr\/events\/afieroma-stin-anna-karina\/#breadcrumb\"},\"inLanguage\":\"fr-FR\",\"potentialAction\":[{\"@type\":\"ReadAction\",\"target\":[\"https:\/\/www.ifg.gr\/events\/afieroma-stin-anna-karina\/\"]}]},{\"@type\":\"ImageObject\",\"inLanguage\":\"fr-FR\",\"@id\":\"https:\/\/www.ifg.gr\/events\/afieroma-stin-anna-karina\/#primaryimage\",\"url\":\"https:\/\/www.ifg.gr\/wp-content\/uploads\/2020\/12\/Karina_1200X800.jpg\",\"contentUrl\":\"https:\/\/www.ifg.gr\/wp-content\/uploads\/2020\/12\/Karina_1200X800.jpg\",\"width\":1200,\"height\":800,\"caption\":\"Anna Karina IFG\"},{\"@type\":\"BreadcrumbList\",\"@id\":\"https:\/\/www.ifg.gr\/events\/afieroma-stin-anna-karina\/#breadcrumb\",\"itemListElement\":[{\"@type\":\"ListItem\",\"position\":1,\"name\":\"Home\",\"item\":\"https:\/\/www.ifg.gr\/fr\/\"},{\"@type\":\"ListItem\",\"position\":2,\"name\":\"Events\",\"item\":\"https:\/\/www.ifg.gr\/events\/\"},{\"@type\":\"ListItem\",\"position\":3,\"name\":\"Hommage \u00e0 Anna Karina\"}]},{\"@type\":\"WebSite\",\"@id\":\"https:\/\/www.ifg.gr\/#website\",\"url\":\"https:\/\/www.ifg.gr\/\",\"name\":\"IFG\",\"description\":\"\",\"potentialAction\":[{\"@type\":\"SearchAction\",\"target\":{\"@type\":\"EntryPoint\",\"urlTemplate\":\"https:\/\/www.ifg.gr\/?s={search_term_string}\"},\"query-input\":{\"@type\":\"PropertyValueSpecification\",\"valueRequired\":true,\"valueName\":\"search_term_string\"}}],\"inLanguage\":\"fr-FR\"}]}<\/script>\n<!-- \/ Yoast SEO plugin. -->","yoast_head_json":{"title":"Hommage Anna Karina - IFG \u2013 Cin\u00e9math\u00e8que de Gr\u00e8ce","description":"L'Institut fran\u00e7ais de Gr\u00e8ce et la Cin\u00e9math\u00e8que grecque organisent de concert un hommage en ligne \u00e0 la muse de la Nouvelle Vague, Anna Karina.","robots":{"index":"index","follow":"follow","max-snippet":"max-snippet:-1","max-image-preview":"max-image-preview:large","max-video-preview":"max-video-preview:-1"},"canonical":"https:\/\/www.ifg.gr\/events\/afieroma-stin-anna-karina\/","og_locale":"fr_FR","og_type":"article","og_title":"Hommage Anna Karina - IFG \u2013 Cin\u00e9math\u00e8que de Gr\u00e8ce","og_description":"L'Institut fran\u00e7ais de Gr\u00e8ce et la Cin\u00e9math\u00e8que grecque organisent de concert un hommage en ligne \u00e0 la muse de la Nouvelle Vague, Anna Karina.","og_url":"https:\/\/www.ifg.gr\/events\/afieroma-stin-anna-karina\/","og_site_name":"IFG","article_modified_time":"2020-12-10T10:38:46+00:00","og_image":[{"width":1200,"height":800,"url":"https:\/\/www.ifg.gr\/wp-content\/uploads\/2020\/12\/Karina_1200X800.jpg","type":"image\/jpeg"}],"twitter_card":"summary_large_image","twitter_misc":{"Dur\u00e9e de lecture estim\u00e9e":"6 minutes"},"schema":{"@context":"https:\/\/schema.org","@graph":[{"@type":"WebPage","@id":"https:\/\/www.ifg.gr\/events\/afieroma-stin-anna-karina\/","url":"https:\/\/www.ifg.gr\/events\/afieroma-stin-anna-karina\/","name":"Hommage Anna Karina - IFG \u2013 Cin\u00e9math\u00e8que de Gr\u00e8ce","isPartOf":{"@id":"https:\/\/www.ifg.gr\/#website"},"primaryImageOfPage":{"@id":"https:\/\/www.ifg.gr\/events\/afieroma-stin-anna-karina\/#primaryimage"},"image":{"@id":"https:\/\/www.ifg.gr\/events\/afieroma-stin-anna-karina\/#primaryimage"},"thumbnailUrl":"https:\/\/www.ifg.gr\/wp-content\/uploads\/2020\/12\/Karina_1200X800.jpg","datePublished":"2020-12-01T16:23:59+00:00","dateModified":"2020-12-10T10:38:46+00:00","description":"L'Institut fran\u00e7ais de Gr\u00e8ce et la Cin\u00e9math\u00e8que grecque organisent de concert un hommage en ligne \u00e0 la muse de la Nouvelle Vague, Anna Karina.","breadcrumb":{"@id":"https:\/\/www.ifg.gr\/events\/afieroma-stin-anna-karina\/#breadcrumb"},"inLanguage":"fr-FR","potentialAction":[{"@type":"ReadAction","target":["https:\/\/www.ifg.gr\/events\/afieroma-stin-anna-karina\/"]}]},{"@type":"ImageObject","inLanguage":"fr-FR","@id":"https:\/\/www.ifg.gr\/events\/afieroma-stin-anna-karina\/#primaryimage","url":"https:\/\/www.ifg.gr\/wp-content\/uploads\/2020\/12\/Karina_1200X800.jpg","contentUrl":"https:\/\/www.ifg.gr\/wp-content\/uploads\/2020\/12\/Karina_1200X800.jpg","width":1200,"height":800,"caption":"Anna Karina IFG"},{"@type":"BreadcrumbList","@id":"https:\/\/www.ifg.gr\/events\/afieroma-stin-anna-karina\/#breadcrumb","itemListElement":[{"@type":"ListItem","position":1,"name":"Home","item":"https:\/\/www.ifg.gr\/fr\/"},{"@type":"ListItem","position":2,"name":"Events","item":"https:\/\/www.ifg.gr\/events\/"},{"@type":"ListItem","position":3,"name":"Hommage \u00e0 Anna Karina"}]},{"@type":"WebSite","@id":"https:\/\/www.ifg.gr\/#website","url":"https:\/\/www.ifg.gr\/","name":"IFG","description":"","potentialAction":[{"@type":"SearchAction","target":{"@type":"EntryPoint","urlTemplate":"https:\/\/www.ifg.gr\/?s={search_term_string}"},"query-input":{"@type":"PropertyValueSpecification","valueRequired":true,"valueName":"search_term_string"}}],"inLanguage":"fr-FR"}]}},"_links":{"self":[{"href":"https:\/\/www.ifg.gr\/fr\/wp-json\/wp\/v2\/event\/29726","targetHints":{"allow":["GET"]}}],"collection":[{"href":"https:\/\/www.ifg.gr\/fr\/wp-json\/wp\/v2\/event"}],"about":[{"href":"https:\/\/www.ifg.gr\/fr\/wp-json\/wp\/v2\/types\/event"}],"author":[{"embeddable":true,"href":"https:\/\/www.ifg.gr\/fr\/wp-json\/wp\/v2\/users\/1"}],"version-history":[{"count":0,"href":"https:\/\/www.ifg.gr\/fr\/wp-json\/wp\/v2\/event\/29726\/revisions"}],"wp:featuredmedia":[{"embeddable":true,"href":"https:\/\/www.ifg.gr\/fr\/wp-json\/wp\/v2\/media\/29681"}],"wp:attachment":[{"href":"https:\/\/www.ifg.gr\/fr\/wp-json\/wp\/v2\/media?parent=29726"}],"wp:term":[{"taxonomy":"post_tag","embeddable":true,"href":"https:\/\/www.ifg.gr\/fr\/wp-json\/wp\/v2\/tags?post=29726"},{"taxonomy":"event_category","embeddable":true,"href":"https:\/\/www.ifg.gr\/fr\/wp-json\/wp\/v2\/event_category?post=29726"},{"taxonomy":"event_group","embeddable":true,"href":"https:\/\/www.ifg.gr\/fr\/wp-json\/wp\/v2\/event_group?post=29726"}],"curies":[{"name":"wp","href":"https:\/\/api.w.org\/{rel}","templated":true}]}}