{"id":29880,"date":"2020-12-08T16:21:53","date_gmt":"2020-12-08T16:21:53","guid":{"rendered":"https:\/\/www.ifg.gr\/events\/webinaire-oi-proptychiakes-spoudes-sti-gallia\/"},"modified":"2021-02-10T08:48:33","modified_gmt":"2021-02-10T08:48:33","slug":"webinaire-les-etudes-de-licence","status":"publish","type":"event","link":"https:\/\/www.ifg.gr\/fr\/events\/webinaire-les-etudes-de-licence\/","title":{"rendered":"Webinaire : Les \u00e9tudes de Licence"},"content":{"rendered":"<p>Consultez la vid\u00e9o concernant la proc\u00e9dure de la demande d\u2019admission via la plateforme parcoursup :<\/p>\n<p><iframe loading=\"lazy\" title=\"Webinar: \u039f\u03b9 \u03c0\u03c1\u03bf\u03c0\u03c4\u03c5\u03c7\u03b9\u03b1\u03ba\u03ad\u03c2 \u03c3\u03c0\u03bf\u03c5\u03b4\u03ad\u03c2 \u03c3\u03c4\u03b7 \u0393\u03b1\u03bb\u03bb\u03af\u03b1 - \u0397 \u03b1\u03af\u03c4\u03b7\u03c3\u03b7 \u03bc\u03ad\u03c3\u03c9 Parcoursup\" width=\"640\" height=\"360\" src=\"https:\/\/www.youtube.com\/embed\/KalGDb6W5ac?start=15&#038;feature=oembed\" frameborder=\"0\" allow=\"accelerometer; autoplay; clipboard-write; encrypted-media; gyroscope; picture-in-picture; web-share\" referrerpolicy=\"strict-origin-when-cross-origin\" allowfullscreen><\/iframe><\/p>\n<p>Le premier Rendez-vous Campus France virtuel de 2021 aura pour th\u00e8me les \u00e9tudes de Licence et se tiendra le mercredi 3 f\u00e9vrier \u00e0 17 heures.<\/p>\n<p>De plus en plus de jeunes Grecs choisissent la France comme destination pour leurs \u00e9tudes de 1er cycle. Ils souhaitent profiter d\u00e8s le d\u00e9but de leurs \u00e9tudes de l\u2019excellence de l\u2019enseignement sup\u00e9rieur fran\u00e7ais, de son ouverture vers l\u2019international et surtout de son ad\u00e9quation avec les nouvelles exigences du march\u00e9 du travail mondial.<\/p>\n<p><strong>Les points principaux<\/strong> de cette conf\u00e9rence seront : La pr\u00e9sentation de l\u2019enseignement sup\u00e9rieur fran\u00e7ais, les modalit\u00e9s d\u2019admission en 1\u00e8re ann\u00e9e d\u2019\u00e9tudes, la vie \u00e9tudiante en France.<\/p>\n<p>Etant donn\u00e9 que la p\u00e9riode des demandes d\u2019admission en 1\u00e8re ann\u00e9e d\u2019\u00e9tudes en France commence le 20 janvier et se termine le 11 mars, la conf\u00e9rence comprendra une d\u00e9monstration de la demande d\u2019admission \u00e0 partir de la plateforme <a href=\"https:\/\/www.parcoursup.fr\/\" target=\"_blank\" rel=\"noopener noreferrer\">parcoursup.fr<\/a><\/p>\n<p>A l\u2019issue de la conf\u00e9rence, <strong>le public aura la possibilit\u00e9 de poser des questions<\/strong> sur la proc\u00e9dure de demande d\u2019admission ou sur tout autre point concernant les \u00e9tudes en France.<\/p>\n<p><strong>Pour toute pr\u00e9cision,<\/strong> contactez l\u2019<strong>espace Campus France<\/strong> : <a href=\"mailto:athenes@campusfrance.org\" target=\"_blank\" rel=\"noopener noreferrer\">athenes@campusfrance.org<\/a><\/p>\n","protected":false},"excerpt":{"rendered":"<p>A l\u2019issue de la conf\u00e9rence, le public aura la possibilit\u00e9 de poser des questions concernant les \u00e9tudes en France.<\/p>\n","protected":false},"author":1,"featured_media":30031,"template":"","tags":[939,940],"event_category":[853],"event_group":[],"class_list":["post-29880","event","type-event","status-publish","has-post-thumbnail","hentry","tag-rendez-vous-campus-france-fr","tag-spoudes-sti-gallia-fr","event_category-education"],"acf":{"sponsors_default":false,"featured_image_credits":"","info_title":"","info_text":"","date_range":{"start":"03\/02\/2021","end":"","cancelled":false,"note":"","start_time":"17:00","end_time":""},"details":{"location":"","hyperlink1a":{"text":"","link":""},"price":"","hyperlink2a":{"text":"","link":""},"online_event":true,"live_streaming":false,"live_streaming_code":"","facebook_url":"https:\/\/www.facebook.com\/events\/675006643190868\/","hyperlink":{"text":"Inscription au webinaire","link":"https:\/\/zoom.us\/webinar\/register\/WN_YoT2fDDbR7yBuVoa19PtIA"},"hyperlink2":{"text":"","link":""},"hyperlink3":{"text":"","link":""},"press_release":false},"home_slider_image":{"ID":30033,"id":30033,"title":"03022021 CFlicence_1350X768 site","filename":"03022021-CFlicence_1350X768-site-1.jpg","filesize":327363,"url":"https:\/\/www.ifg.gr\/wp-content\/uploads\/2020\/12\/03022021-CFlicence_1350X768-site-1.jpg","link":"https:\/\/www.ifg.gr\/fr\/events\/webinaire-les-etudes-de-licence\/03022021-cflicence_1350x768-site-2-2\/","alt":"","author":"1","description":"","caption":"","name":"03022021-cflicence_1350x768-site-2-2","status":"inherit","uploaded_to":29880,"date":"2020-12-17 10:38:22","modified":"2020-12-17 10:38:22","menu_order":0,"mime_type":"image\/jpeg","type":"image","subtype":"jpeg","icon":"https:\/\/www.ifg.gr\/wp-includes\/images\/media\/default.png","width":1350,"height":768,"sizes":{"thumbnail":"https:\/\/www.ifg.gr\/wp-content\/uploads\/2020\/12\/03022021-CFlicence_1350X768-site-1.jpg","thumbnail-width":150,"thumbnail-height":85,"medium":"https:\/\/www.ifg.gr\/wp-content\/uploads\/2020\/12\/03022021-CFlicence_1350X768-site-1.jpg","medium-width":300,"medium-height":171,"medium_large":"https:\/\/www.ifg.gr\/wp-content\/uploads\/2020\/12\/03022021-CFlicence_1350X768-site-1-768x437.jpg","medium_large-width":640,"medium_large-height":364,"large":"https:\/\/www.ifg.gr\/wp-content\/uploads\/2020\/12\/03022021-CFlicence_1350X768-site-1.jpg","large-width":640,"large-height":364,"1536x1536":"https:\/\/www.ifg.gr\/wp-content\/uploads\/2020\/12\/03022021-CFlicence_1350X768-site-1.jpg","1536x1536-width":1350,"1536x1536-height":768,"2048x2048":"https:\/\/www.ifg.gr\/wp-content\/uploads\/2020\/12\/03022021-CFlicence_1350X768-site-1.jpg","2048x2048-width":1350,"2048x2048-height":768,"full-width":"https:\/\/www.ifg.gr\/wp-content\/uploads\/2020\/12\/03022021-CFlicence_1350X768-site-1.jpg","full-width-width":1350,"full-width-height":768,"sidebar":"https:\/\/www.ifg.gr\/wp-content\/uploads\/2020\/12\/03022021-CFlicence_1350X768-site-1.jpg","sidebar-width":1350,"sidebar-height":768,"thumb-sm":"https:\/\/www.ifg.gr\/wp-content\/uploads\/2020\/12\/03022021-CFlicence_1350X768-site-1-229x130.jpg","thumb-sm-width":229,"thumb-sm-height":130,"thumb-square":"https:\/\/www.ifg.gr\/wp-content\/uploads\/2020\/12\/03022021-CFlicence_1350X768-site-1-300x300.jpg","thumb-square-width":300,"thumb-square-height":300,"thumb-big":"https:\/\/www.ifg.gr\/wp-content\/uploads\/2020\/12\/03022021-CFlicence_1350X768-site-1-600x400.jpg","thumb-big-width":600,"thumb-big-height":400,"slider-big":"https:\/\/www.ifg.gr\/wp-content\/uploads\/2020\/12\/03022021-CFlicence_1350X768-site-1-1315x768.jpg","slider-big-width":1315,"slider-big-height":768}},"sponsors_group":false,"layout":false},"yoast_head":"<!-- This site is optimized with the Yoast SEO plugin v26.8 - https:\/\/yoast.com\/product\/yoast-seo-wordpress\/ -->\n<title>Webinaire : Les \u00e9tudes de Licence en France - IFG<\/title>\n<meta name=\"description\" content=\"Le premier Rendez-vous Campus France virtuel de 2021 aura pour th\u00e8me les \u00e9tudes de Licence et se tiendra le mercredi 3 f\u00e9vrier \u00e0 17 heures.\" \/>\n<meta name=\"robots\" content=\"index, follow, max-snippet:-1, max-image-preview:large, max-video-preview:-1\" \/>\n<link rel=\"canonical\" href=\"https:\/\/www.ifg.gr\/fr\/events\/webinaire-les-etudes-de-licence\/\" \/>\n<meta property=\"og:locale\" content=\"fr_FR\" \/>\n<meta property=\"og:type\" content=\"article\" \/>\n<meta property=\"og:title\" content=\"Webinaire : Les \u00e9tudes de Licence en France - IFG\" \/>\n<meta property=\"og:description\" content=\"Le premier Rendez-vous Campus France virtuel de 2021 aura pour th\u00e8me les \u00e9tudes de Licence et se tiendra le mercredi 3 f\u00e9vrier \u00e0 17 heures.\" \/>\n<meta property=\"og:url\" content=\"https:\/\/www.ifg.gr\/fr\/events\/webinaire-les-etudes-de-licence\/\" \/>\n<meta property=\"og:site_name\" content=\"IFG\" \/>\n<meta property=\"article:modified_time\" content=\"2021-02-10T08:48:33+00:00\" \/>\n<meta property=\"og:image\" content=\"https:\/\/www.ifg.gr\/wp-content\/uploads\/2020\/12\/03022021-CFlicence_1200\u03a7800-site-1.jpg\" \/>\n\t<meta property=\"og:image:width\" content=\"1200\" \/>\n\t<meta property=\"og:image:height\" content=\"800\" \/>\n\t<meta property=\"og:image:type\" content=\"image\/jpeg\" \/>\n<meta name=\"twitter:card\" content=\"summary_large_image\" \/>\n<meta name=\"twitter:label1\" content=\"Dur\u00e9e de lecture estim\u00e9e\" \/>\n\t<meta name=\"twitter:data1\" content=\"1 minute\" \/>\n<script type=\"application\/ld+json\" class=\"yoast-schema-graph\">{\"@context\":\"https:\/\/schema.org\",\"@graph\":[{\"@type\":\"WebPage\",\"@id\":\"https:\/\/www.ifg.gr\/fr\/events\/webinaire-les-etudes-de-licence\/\",\"url\":\"https:\/\/www.ifg.gr\/fr\/events\/webinaire-les-etudes-de-licence\/\",\"name\":\"Webinaire : Les \u00e9tudes de Licence en France - IFG\",\"isPartOf\":{\"@id\":\"https:\/\/www.ifg.gr\/#website\"},\"primaryImageOfPage\":{\"@id\":\"https:\/\/www.ifg.gr\/fr\/events\/webinaire-les-etudes-de-licence\/#primaryimage\"},\"image\":{\"@id\":\"https:\/\/www.ifg.gr\/fr\/events\/webinaire-les-etudes-de-licence\/#primaryimage\"},\"thumbnailUrl\":\"https:\/\/www.ifg.gr\/wp-content\/uploads\/2020\/12\/03022021-CFlicence_1200\u03a7800-site-1.jpg\",\"datePublished\":\"2020-12-08T16:21:53+00:00\",\"dateModified\":\"2021-02-10T08:48:33+00:00\",\"description\":\"Le premier Rendez-vous Campus France virtuel de 2021 aura pour th\u00e8me les \u00e9tudes de Licence et se tiendra le mercredi 3 f\u00e9vrier \u00e0 17 heures.\",\"breadcrumb\":{\"@id\":\"https:\/\/www.ifg.gr\/fr\/events\/webinaire-les-etudes-de-licence\/#breadcrumb\"},\"inLanguage\":\"fr-FR\",\"potentialAction\":[{\"@type\":\"ReadAction\",\"target\":[\"https:\/\/www.ifg.gr\/fr\/events\/webinaire-les-etudes-de-licence\/\"]}]},{\"@type\":\"ImageObject\",\"inLanguage\":\"fr-FR\",\"@id\":\"https:\/\/www.ifg.gr\/fr\/events\/webinaire-les-etudes-de-licence\/#primaryimage\",\"url\":\"https:\/\/www.ifg.gr\/wp-content\/uploads\/2020\/12\/03022021-CFlicence_1200\u03a7800-site-1.jpg\",\"contentUrl\":\"https:\/\/www.ifg.gr\/wp-content\/uploads\/2020\/12\/03022021-CFlicence_1200\u03a7800-site-1.jpg\",\"width\":1200,\"height\":800},{\"@type\":\"BreadcrumbList\",\"@id\":\"https:\/\/www.ifg.gr\/fr\/events\/webinaire-les-etudes-de-licence\/#breadcrumb\",\"itemListElement\":[{\"@type\":\"ListItem\",\"position\":1,\"name\":\"Home\",\"item\":\"https:\/\/www.ifg.gr\/fr\/\"},{\"@type\":\"ListItem\",\"position\":2,\"name\":\"Events\",\"item\":\"https:\/\/www.ifg.gr\/events\/\"},{\"@type\":\"ListItem\",\"position\":3,\"name\":\"Webinaire : Les \u00e9tudes de Licence\"}]},{\"@type\":\"WebSite\",\"@id\":\"https:\/\/www.ifg.gr\/#website\",\"url\":\"https:\/\/www.ifg.gr\/\",\"name\":\"IFG\",\"description\":\"\",\"potentialAction\":[{\"@type\":\"SearchAction\",\"target\":{\"@type\":\"EntryPoint\",\"urlTemplate\":\"https:\/\/www.ifg.gr\/?s={search_term_string}\"},\"query-input\":{\"@type\":\"PropertyValueSpecification\",\"valueRequired\":true,\"valueName\":\"search_term_string\"}}],\"inLanguage\":\"fr-FR\"}]}<\/script>\n<!-- \/ Yoast SEO plugin. -->","yoast_head_json":{"title":"Webinaire : Les \u00e9tudes de Licence en France - IFG","description":"Le premier Rendez-vous Campus France virtuel de 2021 aura pour th\u00e8me les \u00e9tudes de Licence et se tiendra le mercredi 3 f\u00e9vrier \u00e0 17 heures.","robots":{"index":"index","follow":"follow","max-snippet":"max-snippet:-1","max-image-preview":"max-image-preview:large","max-video-preview":"max-video-preview:-1"},"canonical":"https:\/\/www.ifg.gr\/fr\/events\/webinaire-les-etudes-de-licence\/","og_locale":"fr_FR","og_type":"article","og_title":"Webinaire : Les \u00e9tudes de Licence en France - IFG","og_description":"Le premier Rendez-vous Campus France virtuel de 2021 aura pour th\u00e8me les \u00e9tudes de Licence et se tiendra le mercredi 3 f\u00e9vrier \u00e0 17 heures.","og_url":"https:\/\/www.ifg.gr\/fr\/events\/webinaire-les-etudes-de-licence\/","og_site_name":"IFG","article_modified_time":"2021-02-10T08:48:33+00:00","og_image":[{"width":1200,"height":800,"url":"https:\/\/www.ifg.gr\/wp-content\/uploads\/2020\/12\/03022021-CFlicence_1200\u03a7800-site-1.jpg","type":"image\/jpeg"}],"twitter_card":"summary_large_image","twitter_misc":{"Dur\u00e9e de lecture estim\u00e9e":"1 minute"},"schema":{"@context":"https:\/\/schema.org","@graph":[{"@type":"WebPage","@id":"https:\/\/www.ifg.gr\/fr\/events\/webinaire-les-etudes-de-licence\/","url":"https:\/\/www.ifg.gr\/fr\/events\/webinaire-les-etudes-de-licence\/","name":"Webinaire : Les \u00e9tudes de Licence en France - IFG","isPartOf":{"@id":"https:\/\/www.ifg.gr\/#website"},"primaryImageOfPage":{"@id":"https:\/\/www.ifg.gr\/fr\/events\/webinaire-les-etudes-de-licence\/#primaryimage"},"image":{"@id":"https:\/\/www.ifg.gr\/fr\/events\/webinaire-les-etudes-de-licence\/#primaryimage"},"thumbnailUrl":"https:\/\/www.ifg.gr\/wp-content\/uploads\/2020\/12\/03022021-CFlicence_1200\u03a7800-site-1.jpg","datePublished":"2020-12-08T16:21:53+00:00","dateModified":"2021-02-10T08:48:33+00:00","description":"Le premier Rendez-vous Campus France virtuel de 2021 aura pour th\u00e8me les \u00e9tudes de Licence et se tiendra le mercredi 3 f\u00e9vrier \u00e0 17 heures.","breadcrumb":{"@id":"https:\/\/www.ifg.gr\/fr\/events\/webinaire-les-etudes-de-licence\/#breadcrumb"},"inLanguage":"fr-FR","potentialAction":[{"@type":"ReadAction","target":["https:\/\/www.ifg.gr\/fr\/events\/webinaire-les-etudes-de-licence\/"]}]},{"@type":"ImageObject","inLanguage":"fr-FR","@id":"https:\/\/www.ifg.gr\/fr\/events\/webinaire-les-etudes-de-licence\/#primaryimage","url":"https:\/\/www.ifg.gr\/wp-content\/uploads\/2020\/12\/03022021-CFlicence_1200\u03a7800-site-1.jpg","contentUrl":"https:\/\/www.ifg.gr\/wp-content\/uploads\/2020\/12\/03022021-CFlicence_1200\u03a7800-site-1.jpg","width":1200,"height":800},{"@type":"BreadcrumbList","@id":"https:\/\/www.ifg.gr\/fr\/events\/webinaire-les-etudes-de-licence\/#breadcrumb","itemListElement":[{"@type":"ListItem","position":1,"name":"Home","item":"https:\/\/www.ifg.gr\/fr\/"},{"@type":"ListItem","position":2,"name":"Events","item":"https:\/\/www.ifg.gr\/events\/"},{"@type":"ListItem","position":3,"name":"Webinaire : Les \u00e9tudes de Licence"}]},{"@type":"WebSite","@id":"https:\/\/www.ifg.gr\/#website","url":"https:\/\/www.ifg.gr\/","name":"IFG","description":"","potentialAction":[{"@type":"SearchAction","target":{"@type":"EntryPoint","urlTemplate":"https:\/\/www.ifg.gr\/?s={search_term_string}"},"query-input":{"@type":"PropertyValueSpecification","valueRequired":true,"valueName":"search_term_string"}}],"inLanguage":"fr-FR"}]}},"_links":{"self":[{"href":"https:\/\/www.ifg.gr\/fr\/wp-json\/wp\/v2\/event\/29880","targetHints":{"allow":["GET"]}}],"collection":[{"href":"https:\/\/www.ifg.gr\/fr\/wp-json\/wp\/v2\/event"}],"about":[{"href":"https:\/\/www.ifg.gr\/fr\/wp-json\/wp\/v2\/types\/event"}],"author":[{"embeddable":true,"href":"https:\/\/www.ifg.gr\/fr\/wp-json\/wp\/v2\/users\/1"}],"version-history":[{"count":0,"href":"https:\/\/www.ifg.gr\/fr\/wp-json\/wp\/v2\/event\/29880\/revisions"}],"wp:featuredmedia":[{"embeddable":true,"href":"https:\/\/www.ifg.gr\/fr\/wp-json\/wp\/v2\/media\/30031"}],"wp:attachment":[{"href":"https:\/\/www.ifg.gr\/fr\/wp-json\/wp\/v2\/media?parent=29880"}],"wp:term":[{"taxonomy":"post_tag","embeddable":true,"href":"https:\/\/www.ifg.gr\/fr\/wp-json\/wp\/v2\/tags?post=29880"},{"taxonomy":"event_category","embeddable":true,"href":"https:\/\/www.ifg.gr\/fr\/wp-json\/wp\/v2\/event_category?post=29880"},{"taxonomy":"event_group","embeddable":true,"href":"https:\/\/www.ifg.gr\/fr\/wp-json\/wp\/v2\/event_group?post=29880"}],"curies":[{"name":"wp","href":"https:\/\/api.w.org\/{rel}","templated":true}]}}