{"id":29883,"date":"2020-12-08T16:50:19","date_gmt":"2020-12-08T16:50:19","guid":{"rendered":"https:\/\/www.ifg.gr\/?post_type=event&#038;p=29883"},"modified":"2022-02-09T09:59:06","modified_gmt":"2022-02-09T09:59:06","slug":"salon-virtuel-des-etudes-en-france-2021","status":"publish","type":"event","link":"https:\/\/www.ifg.gr\/fr\/events\/salon-virtuel-des-etudes-en-france-2021\/","title":{"rendered":"Salon virtuel des \u00e9tudes en France 2021"},"content":{"rendered":"<p><a href=\"https:\/\/www.ifg.gr\/fr\/events\/salon-des-etudes-en-france-2022\/\" target=\"_blank\" rel=\"noopener\"><strong>POUR LE SALON 2022 CLIQUEZ ICI<\/strong><\/a><\/p>\n<p>__<\/p>\n<p>La France est le 5\u00e8me pays d\u2019accueil des \u00e9tudiants en mobilit\u00e9 au niveau mondial et le 1er pays d\u2019accueil francophone. 12% de la population \u00e9tudiante en France est constitu\u00e9e d\u2019\u00e9tudiants \u00e9trangers.<\/p>\n<p>La quasi gratuit\u00e9 des \u00e9tudes \u00e0 l\u2019universit\u00e9 (La France finance une part tr\u00e8s importante du co\u00fbt r\u00e9el des \u00e9tudes de chaque \u00e9tudiant &#8211; 14 000\u20ac en moyenne par \u00e9tudiant par an), un enseignement sup\u00e9rieur d\u2019excellence adapt\u00e9 \u00e0 tous les besoins, un large choix de programmes en anglais (plus de 1600), la qualit\u00e9 de l\u2019accueil des \u00e9tudiants internationaux certifi\u00e9e par le label \u2018\u2019Bienvenue en France\u2019\u2019, font de la France une destination privil\u00e9gi\u00e9e pour les \u00e9tudiants \u00e9trangers.<\/p>\n<p>Les jeunes Grecs sont eux aussi de plus en plus nombreux \u00e0 choisir la France comme destination d\u2019\u00e9tudes.<\/p>\n<p>L\u2019Institut fran\u00e7ais de Gr\u00e8ce souhaite donc r\u00e9pondre \u00e0 cette demande et renouvelle les rencontres entre les repr\u00e9sentants d\u2019\u00e9tablissements fran\u00e7ais et le public grec mais l\u2019\u00e9dition 2021 du traditionnel Salon des \u00e9tudes en France sera virtuelle.<\/p>\n<p>Comme lors des salons pr\u00e9c\u00e9dents, les \u00e9tudiants grecs auront l\u2019occasion d\u2019avoir des rendez-vous personnalis\u00e9s avec les repr\u00e9sentants d\u2019\u00e9tablissements fran\u00e7ais et de suivre des webinaires cibl\u00e9s sur les \u00e9tudes en France.<\/p>\n<p><strong>Parall\u00e8lement aux rendez-vous B2B<\/strong> entre les \u00e9tudiants grecs et les repr\u00e9sentants d\u2019\u00e9tablissements fran\u00e7ais, des <strong>webinaires<\/strong> <strong>sur les \u00e9tudes en France<\/strong> se d\u00e9rouleront tout au long de la journ\u00e9e du samedi 13 f\u00e9vrier <strong>2021<\/strong>.<\/p>\n<p><strong>11.00-11.45<\/strong> : Les \u00e9tudes d\u2019ing\u00e9nieur<br \/>\n<strong>12.30-13.15 :<\/strong> Les \u00e9tudes de Licence<br \/>\n<strong>14.00-14.45 :<\/strong> Les \u00e9tudes en arts culinaires-gastronomie<br \/>\n<strong>15.30-16.15 :<\/strong> Les \u00e9tudes de Master<br \/>\n<strong>17.00-17.45 :<\/strong> Les \u00e9tudes d\u2019art<\/p>\n<p>Informations : <a href=\"mailto:athenes@campusfrance.org\" target=\"_blank\" rel=\"noopener noreferrer\">athenes@campusfrance.org<\/a><\/p>\n<h3>Liste des \u00e9tablissements inscrits au salon virtuel 2021<\/h3>\n<p><strong>Universit\u00e9s<br \/>\n<\/strong>&#8211;<a href=\"https:\/\/www.univ-montp3.fr\/\" target=\"_blank\" rel=\"noopener noreferrer\">Universit\u00e9 Paul Valery Montpellier 3<\/a><br \/>\n&#8211;<a href=\"https:\/\/www.univ-fcomte.fr\/\" target=\"_blank\" rel=\"noopener noreferrer\">Universit\u00e9 de Franche-Comt\u00e9<\/a><br \/>\n&#8211;<a href=\"https:\/\/www.univ-lyon1.fr\/\" target=\"_blank\" rel=\"noopener noreferrer\">Universit\u00e9 Lyon 1<\/a><br \/>\n&#8211;<a href=\"https:\/\/www.ut-capitole.fr\/\" target=\"_blank\" rel=\"noopener noreferrer\">Universit\u00e9 Toulouse 1 Capitole<\/a><br \/>\n&#8211;<a href=\"https:\/\/gradschool.eiphi.ubfc.fr\/\" target=\"_blank\" rel=\"noopener noreferrer\">UBFC EIPHI Graduate School<\/a><br \/>\n&#8211;<a href=\"https:\/\/www.univ-lyon2.fr\/\" target=\"_blank\" rel=\"noopener noreferrer\">Universit\u00e9 Lumi\u00e8re Lyon 2<\/a><br \/>\n&#8211;<a href=\"https:\/\/www.u-bordeaux.fr\/\" target=\"_blank\" rel=\"noopener noreferrer\">Universit\u00e9 de Bordeaux<\/a><br \/>\n&#8211;<a href=\"https:\/\/www.univ-rouen.fr\/\" target=\"_blank\" rel=\"noopener noreferrer\">Universit\u00e9 de Rouen Normandie<\/a><br \/>\n&#8211;<a href=\"https:\/\/www.univ-amu.fr\/\" target=\"_blank\" rel=\"noopener noreferrer\">Aix-Marseille Universit\u00e9<\/a><br \/>\n&#8211;<a href=\"https:\/\/www.ubfc.fr\/\" target=\"_blank\" rel=\"noopener noreferrer\">Universit\u00e9 Bourgogne Franche Comt\u00e9<\/a><br \/>\n&#8211;<a href=\"https:\/\/www.unistra.fr\/index.php?id=accueil&amp;utm_source=unistra_fr&amp;utm_medium=unistra_fr_homepage\" target=\"_blank\" rel=\"noopener noreferrer\">Universit\u00e9 de Strasbourg<\/a><br \/>\n&#8211;<a href=\"https:\/\/www.idef.gr\/\" target=\"_blank\" rel=\"noopener noreferrer\">Coll\u00e8ge IDEF-Universit\u00e9 Paris 13<\/a><br \/>\n&#8211;<a href=\"https:\/\/www.univ-angers.fr\/fr\/index.html\" target=\"_blank\" rel=\"noopener noreferrer\">Universit\u00e9 d\u2019Angers<\/a><\/p>\n<p><strong>Grandes Ecoles, Ecoles et Instituts<\/strong><\/p>\n<p><strong>Grandes Ecoles<\/strong><br \/>\n&#8211;<a href=\"https:\/\/www.ens.psl.eu\/\" target=\"_blank\" rel=\"noopener noreferrer\">Ecole Normale Sup\u00e9rieure<\/a><br \/>\n&#8211;<a href=\"https:\/\/www.sciencespo.fr\/\" target=\"_blank\" rel=\"noopener noreferrer\">Institut d\u2019Etudes Politiques de Paris<\/a> (Sciences Po)<\/p>\n<p><strong>Ecoles d\u2019Ing\u00e9nieurs<\/strong><br \/>\n&#8211;<a href=\"https:\/\/programmes.polytechnique.edu\/en?utm_source=institut-francais-grece&amp;utm_medium=site-evenement&amp;utm_campaign=salon-virtuel-etudes-en-france-grece-2021\" target=\"_blank\" rel=\"noopener noreferrer\">Ecole Polytechnique<\/a><br \/>\n&#8211;<a href=\"https:\/\/www.epf.fr\/\" target=\"_blank\" rel=\"noopener noreferrer\">EPF Ecole d\u2019Ing\u00e9nieur-e-s<\/a><br \/>\n&#8211;<a href=\"https:\/\/www.epita.fr\/\" target=\"_blank\" rel=\"noopener noreferrer\">EPITA<\/a><br \/>\n&#8211;<a href=\"https:\/\/www.supbiotech.fr\/\" target=\"_blank\" rel=\"noopener noreferrer\">Sup\u2019Biotech<\/a><br \/>\n&#8211;<a href=\"http:\/\/imt-lille-douai.fr\/\" target=\"_blank\" rel=\"noopener noreferrer\">IMT Lille Douai<\/a><br \/>\n&#8211;<a href=\"https:\/\/www.centrale-marseille.fr\/\" target=\"_blank\" rel=\"noopener noreferrer\">Ecole Centrale de Marseille<\/a><br \/>\n&#8211;<a href=\"https:\/\/www.geipi-polytech.org\/\" target=\"_blank\" rel=\"noopener noreferrer\">Concours Geipi Polytech<\/a><br \/>\n&#8211;<a href=\"https:\/\/ecole-ingenieurs.cesi.fr\/\" target=\"_blank\" rel=\"noopener noreferrer\">CESI Ecole d\u2019Ing\u00e9nieurs<\/a><br \/>\n&#8211;<a href=\"https:\/\/www.isep.fr\/\" target=\"_blank\" rel=\"noopener noreferrer\">ISEP<\/a><br \/>\n&#8211;<a href=\"https:\/\/www.ecoledesponts.fr\/\" target=\"_blank\" rel=\"noopener noreferrer\">Ecole des Ponts PARISTECH<\/a><br \/>\n&#8211;<a href=\"https:\/\/www.unilasalle.fr\/\" target=\"_blank\" rel=\"noopener noreferrer\">UniLaSalle, Terre et Sciences<\/a><br \/>\n&#8211;<a href=\"https:\/\/www.ensc-rennes.fr\/\" target=\"_blank\" rel=\"noopener noreferrer\">Ecole Nationale Sup\u00e9rieure de Chimie de Rennes<\/a><br \/>\n&#8211;<a href=\"https:\/\/www.insa-centrevaldeloire.fr\/fr\/\" target=\"_blank\" rel=\"noopener noreferrer\">INSA Centre Val de Loire<\/a><br \/>\n&#8211;<a href=\"https:\/\/www.estp.fr\/\" target=\"_blank\" rel=\"noopener noreferrer\">ESTP Paris<\/a><br \/>\n&#8211;<a href=\"https:\/\/www.minesparis.psl.eu\/\" target=\"_blank\" rel=\"noopener noreferrer\">Ecole Nationale Sup\u00e9rieure de MINES de Paris<\/a><br \/>\n&#8211;<a href=\"https:\/\/www.insa-rouen.fr\/\" target=\"_blank\" rel=\"noopener noreferrer\">INSA Rouen Normandie<\/a><br \/>\n&#8211;<a href=\"https:\/\/www.enib.fr\/fr\/\" target=\"_blank\" rel=\"noopener noreferrer\">\u00c9cole Nationale d\u2019Ing\u00e9nieurs de Brest<\/a><\/p>\n<p><strong>Business Schools<\/strong><br \/>\n&#8211;<a href=\"https:\/\/neoma-bs.fr\/\" target=\"_blank\" rel=\"noopener noreferrer\">NEOMA Business School<\/a><br \/>\n&#8211;<a href=\"https:\/\/www.essec.edu\/fr\/\" target=\"_blank\" rel=\"noopener noreferrer\">ESSEC Business School<\/a><br \/>\n&#8211;<a href=\"https:\/\/www.grece.campusfrance.org\/agenda\/SKEMA%20Business%20School\" target=\"_blank\" rel=\"noopener noreferrer\">SKEMA Business School<\/a><br \/>\n&#8211;<a href=\"https:\/\/www.icn-artem.com\/\" target=\"_blank\" rel=\"noopener noreferrer\">ICN Business School<\/a><br \/>\n&#8211;<a href=\"https:\/\/www.yschools.fr\/\" target=\"_blank\" rel=\"noopener noreferrer\">Y SCHOOLS<\/a><br \/>\n&#8211;<a href=\"https:\/\/www.montpellier-bs.com\/\" target=\"_blank\" rel=\"noopener noreferrer\">Montpellier Business School<\/a><br \/>\n&#8211;<a href=\"https:\/\/www.ieseg.fr\/\" target=\"_blank\" rel=\"noopener noreferrer\">IESEG School of Management<\/a><br \/>\n&#8211;<a href=\"https:\/\/www.edhec.edu\/fr\" target=\"_blank\" rel=\"noopener noreferrer\">EDHEC Business School<\/a><br \/>\n&#8211;<a href=\"https:\/\/escp.eu\/\" target=\"_blank\" rel=\"noopener noreferrer\">ESCP Business School<\/a><br \/>\n&#8211;<a href=\"https:\/\/www.essca.fr\/\" target=\"_blank\" rel=\"noopener noreferrer\">ESSCA-School of Management<\/a><br \/>\n&#8211;<a href=\"https:\/\/www.em-lyon.com\/fr\" target=\"_blank\" rel=\"noopener noreferrer\">emlyon business school<\/a><br \/>\n&#8211;<a href=\"https:\/\/em-normandie.com\/fr\" target=\"_blank\" rel=\"noopener noreferrer\">EM Normandie<\/a><br \/>\n&#8211;<a href=\"https:\/\/www.icd-ecoles.com\/\" target=\"_blank\" rel=\"noopener noreferrer\">ICD Business School<\/a><br \/>\n&#8211;<a href=\"https:\/\/www.grenoble-em.com\/\" target=\"_blank\" rel=\"noopener noreferrer\">Grenoble Ecole de Management<\/a><\/p>\n<p><strong>H\u00f4tellerie-Tourisme-Restauration<\/strong><br \/>\n&#8211;<a href=\"https:\/\/www.vatel.fr\/fr\/ecole-hoteliere-bordeaux\/presentation-vatel-bordeaux\" target=\"_blank\" rel=\"noopener noreferrer\">VATEL Bordeaux<\/a><br \/>\n&#8211;<a href=\"https:\/\/www.ecoleducasse.com\/\" target=\"_blank\" rel=\"noopener noreferrer\">Ecole DUCASSE<\/a><br \/>\n&#8211;<a href=\"https:\/\/www.institutpaulbocuse.com\/\" target=\"_blank\" rel=\"noopener noreferrer\">INSTITUT PAUL BOCUSE Management school in Hospitality and Culinary Arts<\/a><br \/>\n&#8211;<a href=\"https:\/\/lecolefauchon.wixsite.com\/ecole\" target=\"_blank\" rel=\"noopener noreferrer\">L\u2019Ecole FAUCHON<\/a><\/p>\n<p><strong>Ecoles de langues <\/strong><br \/>\n&#8211;<a href=\"https:\/\/www.institut-europeen.fr\/\" target=\"_blank\" rel=\"noopener noreferrer\">Institut Europ\u00e9en de fran\u00e7ais<\/a><br \/>\n&#8211;<a href=\"https:\/\/www.inflexyon.fr\/ecole\/\" target=\"_blank\" rel=\"noopener noreferrer\">INFLEXYON \u2013 Centre interculturel de Lyon<\/a><br \/>\n&#8211;<a href=\"https:\/\/lsf-france.com\/fr\/\" target=\"_blank\" rel=\"noopener noreferrer\">LSF Montpellier<\/a><\/p>\n<p><strong>Ecoles des arts\u00a0\u00a0<\/strong><br \/>\n&#8211;<a href=\"https:\/\/www.the-sds.com\/fr\/ecole\/\" target=\"_blank\" rel=\"noopener noreferrer\">The Sustainable Design School<\/a><br \/>\n&#8211;<a href=\"https:\/\/www.eicar.fr\/en\/home\/?gclid=CjwKCAiArIH_BRB2EiwALfbH1D7yEuGO6LZMBBigK38epaWVNjCvo1zOJAXLPojDYb_O7GMJY3_lQxoCMWIQAvD_BwE\" target=\"_blank\" rel=\"noopener noreferrer\">EICAR, The International Film &amp; Television School, Paris<\/a><br \/>\n&#8211;<a href=\"https:\/\/speos-photo.com\/fr\/\" target=\"_blank\" rel=\"noopener noreferrer\">Sp\u00e9os Photo-Video-CGI School-Paris, Biarritz, London<\/a><br \/>\n&#8211;<a href=\"https:\/\/www.3is.fr\/\" target=\"_blank\" rel=\"noopener noreferrer\">3is Institut International de l\u2019Image et du Son<\/a><\/p>\n<p><strong>Autres<\/strong><br \/>\n&#8211;<a href=\"https:\/\/www.isipca.fr\/\" target=\"_blank\" rel=\"noopener noreferrer\">ISIPCA Grande \u00e9cole des m\u00e9tiers du parfum, de la cosm\u00e9tique et des ar\u00f4mes<\/a><br \/>\n&#8211;<a href=\"https:\/\/esfam.auf.org\/\" target=\"_blank\" rel=\"noopener noreferrer\">ESFAM Etablissement Sp\u00e9cialis\u00e9 de la Francophonie pour l\u2019Administration et le Management<\/a><\/p>\n","protected":false},"excerpt":{"rendered":"<p>L\u2019IFG renouvelle les rencontres entre les repr\u00e9sentants d\u2019\u00e9tablissements fran\u00e7ais et le public grec.<\/p>\n","protected":false},"author":1,"featured_media":29865,"template":"","tags":[939,940],"event_category":[1129],"event_group":[],"class_list":["post-29883","event","type-event","status-publish","has-post-thumbnail","hentry","tag-rendez-vous-campus-france-fr","tag-spoudes-sti-gallia-fr","event_category-etudes-en-france"],"acf":{"sponsors_default":false,"featured_image_credits":"","info_title":"","info_text":"","date_range":{"start":"13\/02\/2021","end":"","cancelled":false,"note":"","start_time":"10:00","end_time":"18:00"},"details":{"location":"","hyperlink1a":{"text":"","link":""},"price":"","hyperlink2a":{"text":"","link":""},"online_event":true,"live_streaming":false,"live_streaming_code":"","facebook_url":"","hyperlink":{"text":"","link":""},"hyperlink2":{"text":"","link":""},"hyperlink3":{"text":"","link":""},"press_release":false},"home_slider_image":false,"sponsors_group":false,"layout":false},"yoast_head":"<!-- This site is optimized with the Yoast SEO plugin v26.8 - https:\/\/yoast.com\/product\/yoast-seo-wordpress\/ -->\n<title>Salon virtuel des \u00e9tudes en France 2021 - Institut fran\u00e7ais de Gr\u00e8ce<\/title>\n<meta name=\"description\" content=\"Les \u00e9tudiants auront l\u2019occasion d\u2019avoir des rendez-vous personnalis\u00e9s avec les repr\u00e9sentants d\u2019\u00e9tablissements fran\u00e7ais et de suivre des webinaires.\" \/>\n<meta name=\"robots\" content=\"index, follow, max-snippet:-1, max-image-preview:large, max-video-preview:-1\" \/>\n<link rel=\"canonical\" href=\"https:\/\/www.ifg.gr\/fr\/events\/salon-virtuel-des-etudes-en-france-2021\/\" \/>\n<meta property=\"og:locale\" content=\"fr_FR\" \/>\n<meta property=\"og:type\" content=\"article\" \/>\n<meta property=\"og:title\" content=\"Salon virtuel des \u00e9tudes en France 2021 - Institut fran\u00e7ais de Gr\u00e8ce\" \/>\n<meta property=\"og:description\" content=\"Les \u00e9tudiants auront l\u2019occasion d\u2019avoir des rendez-vous personnalis\u00e9s avec les repr\u00e9sentants d\u2019\u00e9tablissements fran\u00e7ais et de suivre des webinaires.\" \/>\n<meta property=\"og:url\" content=\"https:\/\/www.ifg.gr\/fr\/events\/salon-virtuel-des-etudes-en-france-2021\/\" \/>\n<meta property=\"og:site_name\" content=\"IFG\" \/>\n<meta property=\"article:modified_time\" content=\"2022-02-09T09:59:06+00:00\" \/>\n<meta property=\"og:image\" content=\"https:\/\/www.ifg.gr\/wp-content\/uploads\/2020\/12\/salon-etudes-1200X800.jpg\" \/>\n\t<meta property=\"og:image:width\" content=\"1200\" \/>\n\t<meta property=\"og:image:height\" content=\"800\" \/>\n\t<meta property=\"og:image:type\" content=\"image\/jpeg\" \/>\n<meta name=\"twitter:card\" content=\"summary_large_image\" \/>\n<meta name=\"twitter:label1\" content=\"Dur\u00e9e de lecture estim\u00e9e\" \/>\n\t<meta name=\"twitter:data1\" content=\"3 minutes\" \/>\n<script type=\"application\/ld+json\" class=\"yoast-schema-graph\">{\"@context\":\"https:\/\/schema.org\",\"@graph\":[{\"@type\":\"WebPage\",\"@id\":\"https:\/\/www.ifg.gr\/fr\/events\/salon-virtuel-des-etudes-en-france-2021\/\",\"url\":\"https:\/\/www.ifg.gr\/fr\/events\/salon-virtuel-des-etudes-en-france-2021\/\",\"name\":\"Salon virtuel des \u00e9tudes en France 2021 - Institut fran\u00e7ais de Gr\u00e8ce\",\"isPartOf\":{\"@id\":\"https:\/\/www.ifg.gr\/#website\"},\"primaryImageOfPage\":{\"@id\":\"https:\/\/www.ifg.gr\/fr\/events\/salon-virtuel-des-etudes-en-france-2021\/#primaryimage\"},\"image\":{\"@id\":\"https:\/\/www.ifg.gr\/fr\/events\/salon-virtuel-des-etudes-en-france-2021\/#primaryimage\"},\"thumbnailUrl\":\"https:\/\/www.ifg.gr\/wp-content\/uploads\/2020\/12\/salon-etudes-1200X800.jpg\",\"datePublished\":\"2020-12-08T16:50:19+00:00\",\"dateModified\":\"2022-02-09T09:59:06+00:00\",\"description\":\"Les \u00e9tudiants auront l\u2019occasion d\u2019avoir des rendez-vous personnalis\u00e9s avec les repr\u00e9sentants d\u2019\u00e9tablissements fran\u00e7ais et de suivre des webinaires.\",\"breadcrumb\":{\"@id\":\"https:\/\/www.ifg.gr\/fr\/events\/salon-virtuel-des-etudes-en-france-2021\/#breadcrumb\"},\"inLanguage\":\"fr-FR\",\"potentialAction\":[{\"@type\":\"ReadAction\",\"target\":[\"https:\/\/www.ifg.gr\/fr\/events\/salon-virtuel-des-etudes-en-france-2021\/\"]}]},{\"@type\":\"ImageObject\",\"inLanguage\":\"fr-FR\",\"@id\":\"https:\/\/www.ifg.gr\/fr\/events\/salon-virtuel-des-etudes-en-france-2021\/#primaryimage\",\"url\":\"https:\/\/www.ifg.gr\/wp-content\/uploads\/2020\/12\/salon-etudes-1200X800.jpg\",\"contentUrl\":\"https:\/\/www.ifg.gr\/wp-content\/uploads\/2020\/12\/salon-etudes-1200X800.jpg\",\"width\":1200,\"height\":800},{\"@type\":\"BreadcrumbList\",\"@id\":\"https:\/\/www.ifg.gr\/fr\/events\/salon-virtuel-des-etudes-en-france-2021\/#breadcrumb\",\"itemListElement\":[{\"@type\":\"ListItem\",\"position\":1,\"name\":\"Home\",\"item\":\"https:\/\/www.ifg.gr\/fr\/\"},{\"@type\":\"ListItem\",\"position\":2,\"name\":\"Events\",\"item\":\"https:\/\/www.ifg.gr\/events\/\"},{\"@type\":\"ListItem\",\"position\":3,\"name\":\"Salon virtuel des \u00e9tudes en France 2021\"}]},{\"@type\":\"WebSite\",\"@id\":\"https:\/\/www.ifg.gr\/#website\",\"url\":\"https:\/\/www.ifg.gr\/\",\"name\":\"IFG\",\"description\":\"\",\"potentialAction\":[{\"@type\":\"SearchAction\",\"target\":{\"@type\":\"EntryPoint\",\"urlTemplate\":\"https:\/\/www.ifg.gr\/?s={search_term_string}\"},\"query-input\":{\"@type\":\"PropertyValueSpecification\",\"valueRequired\":true,\"valueName\":\"search_term_string\"}}],\"inLanguage\":\"fr-FR\"}]}<\/script>\n<!-- \/ Yoast SEO plugin. -->","yoast_head_json":{"title":"Salon virtuel des \u00e9tudes en France 2021 - Institut fran\u00e7ais de Gr\u00e8ce","description":"Les \u00e9tudiants auront l\u2019occasion d\u2019avoir des rendez-vous personnalis\u00e9s avec les repr\u00e9sentants d\u2019\u00e9tablissements fran\u00e7ais et de suivre des webinaires.","robots":{"index":"index","follow":"follow","max-snippet":"max-snippet:-1","max-image-preview":"max-image-preview:large","max-video-preview":"max-video-preview:-1"},"canonical":"https:\/\/www.ifg.gr\/fr\/events\/salon-virtuel-des-etudes-en-france-2021\/","og_locale":"fr_FR","og_type":"article","og_title":"Salon virtuel des \u00e9tudes en France 2021 - Institut fran\u00e7ais de Gr\u00e8ce","og_description":"Les \u00e9tudiants auront l\u2019occasion d\u2019avoir des rendez-vous personnalis\u00e9s avec les repr\u00e9sentants d\u2019\u00e9tablissements fran\u00e7ais et de suivre des webinaires.","og_url":"https:\/\/www.ifg.gr\/fr\/events\/salon-virtuel-des-etudes-en-france-2021\/","og_site_name":"IFG","article_modified_time":"2022-02-09T09:59:06+00:00","og_image":[{"width":1200,"height":800,"url":"https:\/\/www.ifg.gr\/wp-content\/uploads\/2020\/12\/salon-etudes-1200X800.jpg","type":"image\/jpeg"}],"twitter_card":"summary_large_image","twitter_misc":{"Dur\u00e9e de lecture estim\u00e9e":"3 minutes"},"schema":{"@context":"https:\/\/schema.org","@graph":[{"@type":"WebPage","@id":"https:\/\/www.ifg.gr\/fr\/events\/salon-virtuel-des-etudes-en-france-2021\/","url":"https:\/\/www.ifg.gr\/fr\/events\/salon-virtuel-des-etudes-en-france-2021\/","name":"Salon virtuel des \u00e9tudes en France 2021 - Institut fran\u00e7ais de Gr\u00e8ce","isPartOf":{"@id":"https:\/\/www.ifg.gr\/#website"},"primaryImageOfPage":{"@id":"https:\/\/www.ifg.gr\/fr\/events\/salon-virtuel-des-etudes-en-france-2021\/#primaryimage"},"image":{"@id":"https:\/\/www.ifg.gr\/fr\/events\/salon-virtuel-des-etudes-en-france-2021\/#primaryimage"},"thumbnailUrl":"https:\/\/www.ifg.gr\/wp-content\/uploads\/2020\/12\/salon-etudes-1200X800.jpg","datePublished":"2020-12-08T16:50:19+00:00","dateModified":"2022-02-09T09:59:06+00:00","description":"Les \u00e9tudiants auront l\u2019occasion d\u2019avoir des rendez-vous personnalis\u00e9s avec les repr\u00e9sentants d\u2019\u00e9tablissements fran\u00e7ais et de suivre des webinaires.","breadcrumb":{"@id":"https:\/\/www.ifg.gr\/fr\/events\/salon-virtuel-des-etudes-en-france-2021\/#breadcrumb"},"inLanguage":"fr-FR","potentialAction":[{"@type":"ReadAction","target":["https:\/\/www.ifg.gr\/fr\/events\/salon-virtuel-des-etudes-en-france-2021\/"]}]},{"@type":"ImageObject","inLanguage":"fr-FR","@id":"https:\/\/www.ifg.gr\/fr\/events\/salon-virtuel-des-etudes-en-france-2021\/#primaryimage","url":"https:\/\/www.ifg.gr\/wp-content\/uploads\/2020\/12\/salon-etudes-1200X800.jpg","contentUrl":"https:\/\/www.ifg.gr\/wp-content\/uploads\/2020\/12\/salon-etudes-1200X800.jpg","width":1200,"height":800},{"@type":"BreadcrumbList","@id":"https:\/\/www.ifg.gr\/fr\/events\/salon-virtuel-des-etudes-en-france-2021\/#breadcrumb","itemListElement":[{"@type":"ListItem","position":1,"name":"Home","item":"https:\/\/www.ifg.gr\/fr\/"},{"@type":"ListItem","position":2,"name":"Events","item":"https:\/\/www.ifg.gr\/events\/"},{"@type":"ListItem","position":3,"name":"Salon virtuel des \u00e9tudes en France 2021"}]},{"@type":"WebSite","@id":"https:\/\/www.ifg.gr\/#website","url":"https:\/\/www.ifg.gr\/","name":"IFG","description":"","potentialAction":[{"@type":"SearchAction","target":{"@type":"EntryPoint","urlTemplate":"https:\/\/www.ifg.gr\/?s={search_term_string}"},"query-input":{"@type":"PropertyValueSpecification","valueRequired":true,"valueName":"search_term_string"}}],"inLanguage":"fr-FR"}]}},"_links":{"self":[{"href":"https:\/\/www.ifg.gr\/fr\/wp-json\/wp\/v2\/event\/29883","targetHints":{"allow":["GET"]}}],"collection":[{"href":"https:\/\/www.ifg.gr\/fr\/wp-json\/wp\/v2\/event"}],"about":[{"href":"https:\/\/www.ifg.gr\/fr\/wp-json\/wp\/v2\/types\/event"}],"author":[{"embeddable":true,"href":"https:\/\/www.ifg.gr\/fr\/wp-json\/wp\/v2\/users\/1"}],"version-history":[{"count":0,"href":"https:\/\/www.ifg.gr\/fr\/wp-json\/wp\/v2\/event\/29883\/revisions"}],"wp:featuredmedia":[{"embeddable":true,"href":"https:\/\/www.ifg.gr\/fr\/wp-json\/wp\/v2\/media\/29865"}],"wp:attachment":[{"href":"https:\/\/www.ifg.gr\/fr\/wp-json\/wp\/v2\/media?parent=29883"}],"wp:term":[{"taxonomy":"post_tag","embeddable":true,"href":"https:\/\/www.ifg.gr\/fr\/wp-json\/wp\/v2\/tags?post=29883"},{"taxonomy":"event_category","embeddable":true,"href":"https:\/\/www.ifg.gr\/fr\/wp-json\/wp\/v2\/event_category?post=29883"},{"taxonomy":"event_group","embeddable":true,"href":"https:\/\/www.ifg.gr\/fr\/wp-json\/wp\/v2\/event_group?post=29883"}],"curies":[{"name":"wp","href":"https:\/\/api.w.org\/{rel}","templated":true}]}}