{"id":30102,"date":"2020-12-21T09:39:35","date_gmt":"2020-12-21T09:39:35","guid":{"rendered":"https:\/\/www.ifg.gr\/?post_type=event&#038;p=30102"},"modified":"2021-02-02T14:56:34","modified_gmt":"2021-02-02T14:56:34","slug":"la-nuit-des-idees-2021-proches","status":"publish","type":"event","link":"https:\/\/www.ifg.gr\/fr\/events\/la-nuit-des-idees-2021-proches\/","title":{"rendered":"La Nuit des id\u00e9es 2021 : \u00ab Proches \u00bb"},"content":{"rendered":"<p><strong>Proches : de soi, des n\u00f4tres, des autres<\/strong><\/p>\n<p>Au cours d\u2019une soir\u00e9e exceptionnelle, l\u2019Institut Fran\u00e7ais de Gr\u00e8ce vous convie \u00e0 la 8\u00e8me \u00e9dition de la Nuit des Id\u00e9es qui se d\u00e9ploiera autour du th\u00e8me \u00ab <strong>Proches<\/strong> \u00bb.<\/p>\n<p><strong>Le proche est-il toujours\u2026 plus lointain ?<\/strong> Si la globalisation \u00e9conomique a aboli bien des fronti\u00e8res, si la r\u00e9volution num\u00e9rique cr\u00e9e \u00e0 l\u2019infini des espaces de rencontres et d\u2019\u00e9changes, il est difficile de r\u00e9sister au sentiment d\u2019un dessaisissement ou, du moins, d\u2019une vaste recomposition, qui va de l\u2019espace le plus intime &#8211; l\u2019amour, le couple, la famille &#8211; au champ le plus large des relations amicales, professionnelles, sociales, des relations entre les Etats.<\/p>\n<p>Pour la premi\u00e8re fois, la Nuit des Id\u00e9es permet d\u2019entendre des <strong>t\u00e9moignages issus de pays voisins.<\/strong> Cette d\u00e9marche part de l\u2019hypoth\u00e8se qu\u2019au-del\u00e0 des particularit\u00e9s, des diff\u00e9rences, voire des conflits qui, dans chacune des sph\u00e8res consid\u00e9r\u00e9es, fondent bien souvent cet \u00ab \u00e9tranger proche \u00bb, cette figure de l\u2019alt\u00e9rit\u00e9 qui semble constituer l\u2019horizon ind\u00e9passable de nos actions, des pr\u00e9occupations communes s\u2019expriment, et qu\u2019il y a place pour un dialogue fructueux et la recherche de convergences au sein de chacune des collectivit\u00e9s humaines et entre elles.<\/p>\n<p><iframe loading=\"lazy\" title=\"\u039d\u03cd\u03c7\u03c4\u03b1 \u0399\u03b4\u03b5\u03ce\u03bd 2021: \u03a0\u03bb\u03b7\u03c3\u03af\u03bf\u03bd | La Nuit Des Id\u00e9es : Proches\" width=\"640\" height=\"360\" src=\"https:\/\/www.youtube.com\/embed\/YinY92e25Qw?feature=oembed\" frameborder=\"0\" allow=\"accelerometer; autoplay; clipboard-write; encrypted-media; gyroscope; picture-in-picture; web-share\" referrerpolicy=\"strict-origin-when-cross-origin\" allowfullscreen><\/iframe><\/p>\n<p>L\u2019\u00e9dition 2021 de la Nuit des Id\u00e9es est sans pr\u00e9c\u00e9dent. Alors que l\u2019immense majorit\u00e9 des Etats et des \u00eatres humains ont \u00e9t\u00e9, sont ou seront confront\u00e9s aux contraintes du confinement ou du couvre-feu, elle nous invite \u00e0 nous interroger sur la nature-m\u00eame de nos relations \u00e0 l\u2019autre. Et si la pand\u00e9mie, malgr\u00e9 l\u2019angoisse qu\u2019elle suscite, malgr\u00e9 l\u2019isolement auquel elle nous contraint, malgr\u00e9 la peur de l\u2019autre qu\u2019elle engendre, \u00e9tait aussi une incroyable opportunit\u00e9 pour tenter de r\u00e9parer le lien sensible, fraternel, amical, politique, qu\u2019au-del\u00e0 de notre individualisme, de nos particularismes, de nos irr\u00e9dentismes, nous savons indispensable pour solidairement regarder en face l\u2019avenir de notre esp\u00e8ce et de notre plan\u00e8te.<\/p>\n<p><strong>Commissaire<\/strong> de la Nuit des Id\u00e9es en Gr\u00e8ce : <strong>Nadia Sartawi<\/strong>, attach\u00e9e culturelle de l\u2019Ambassade de France.<\/p>\n<p><strong>Rejoignez-nous sur le site de l\u2019IFG \u00e0 partir de 18h00<\/strong> pour \u00e9couter celles et ceux qui font avancer les id\u00e9es, et au fil de la nuit partager avec nous t\u00e9moignages et performances d\u2019artistes.<\/p>\n<h3>PROGRAMME DE LA SOIR\u00c9E<\/h3>\n<p><strong>18h00 : \u00ab Dialogue across the Sea\u00bb<\/strong><br \/>\n<strong>Gr\u00e8ce-Turquie : avoir 18 ans \u00e0 Ath\u00e8nes et \u00e0 Istanbul<\/strong>.<\/p>\n<p><strong>Diffusion simultan\u00e9e dans le monde entier<\/strong> sur la <a href=\"https:\/\/www.institutfrancais.com\/fr\" target=\"_blank\" rel=\"noopener noreferrer\">plateforme de l\u2019 Institut fran\u00e7ais<\/a> (Paris)<\/p>\n<p>G\u00e9n\u00e9ration Covid ? Une jeunesse contrainte dans ses d\u00e9sirs, ses repr\u00e9sentations et ses perspectives. D\u00e9fis et esp\u00e9rances d\u2019une g\u00e9n\u00e9ration. Confinement et couvre-feu bouleversent les relations dans le champ affectif et social. Eclipse des relations personnelles et des perspectives d\u2019emploi ; cellules familiales \u00e0 l\u2019\u00e9preuve de l\u2019isolement dans des espaces exigus.<\/p>\n<p>Dans le contexte g\u00e9opolitique actuel de la M\u00e9diterran\u00e9e orientale, les Instituts fran\u00e7ais de Gr\u00e8ce et de Turquie entendent faire dialoguer, par visioconf\u00e9rence et en direct (retransmission sur l\u2019ensemble du r\u00e9seau fran\u00e7ais), huit jeunes Grec(que)s et Turc(que)s qui, pendant trois-quarts d\u2019heure, t\u00e9moigneront de leurs exp\u00e9riences du confinement, de leurs attentes, de leurs engagements, de leurs espoirs, et leurs visions du monde de demain.<\/p>\n<ul>\n<li>Avec la participation des \u00e9l\u00e8ves du <strong>Lyc\u00e9e franco-hell\u00e9nique Eug\u00e8ne Delacroix.<\/strong><\/li>\n<li><strong>Mod\u00e9ratrice : Caroline Gillet<\/strong>, productrice de l&rsquo;\u00e9mission &lsquo;Foule Continentale&rsquo; sur France Inter, autrice de podcasts, d&rsquo;un livre chez &lsquo;Actes Sud&rsquo; et r\u00e9alisatrice du film &lsquo;Les m\u00e8res int\u00e9rieures&rsquo;.<\/li>\n<li>Avec la participation de l&rsquo;\u00e9crivaine philosophe <strong>Brigitte Labb\u00e9.<\/strong><\/li>\n<\/ul>\n<p>&nbsp;<\/p>\n<p><strong>19h00 : \u00ab 50 nuances de Grecs \u00bb<\/strong> de <strong>Jul<\/strong> : <strong>\u00c9pisode \u00ab Sortie de bo\u00eete \u00bb<\/strong><\/p>\n<p><strong>19h05 : Grand entretien avec Bruno PATINO<\/strong>, pr\u00e9sident du directoire d\u2019Arte France, men\u00e9 par <strong>Yorgos Archimandritis<\/strong>, sur le monde num\u00e9rique et son impact sur les rapports de l\u2019individu avec son environnement.<\/p>\n<p><strong>19h45 : \u00ab 50 nuances de Grecs \u00bb <\/strong>de <strong>Jul : <\/strong>\u00c9pisode <strong>\u00ab Grec-Pride \u00bb <\/strong><\/p>\n<p><strong>19h50 : \u00ab Pierre et Gilles : l\u2019Homme en question \u00bb : <\/strong>podcast avec le duo c\u00e9l\u00e8bre d\u2019artistes plasticiens Pierre et Gilles,\u00a0con\u00e7u et r\u00e9alis\u00e9 par <strong>Yorgos Archimandritis<\/strong>.<\/p>\n<p><strong>20h00 : Entretien avec Ir\u00e8ne JACOB,<\/strong> interpr\u00e8te de \u00ab <strong>La double vie de V\u00e9ronique \u00bb<\/strong>, men\u00e9 par <strong>Yorgos Archimandritis<\/strong>. L\u2019actrice lira des extraits de son livre \u00ab Bing Bang \u00bb .<br \/>\nAvec le soutien de l\u2019 Ambassade de Gr\u00e8ce en France.<\/p>\n<p><strong>20h10 : Table Ronde : Hommes, femmes : si proches, si lointains !<\/strong><br \/>\nHommes et femmes, vou\u00e9s \u00e0 l\u2019amour, \u00e0 l\u2019amiti\u00e9, \u00e0 la cohabitation dans l\u2019espace familial, social, professionnel. Si proches par l\u2019esp\u00e8ce mais rendus si \u00e9loign\u00e9s par une construction culturelle venue du fond des \u00e2ges, qui pose la sup\u00e9riorit\u00e9 du m\u00e2le comme fondement de l\u2019ordre civil et politique, \u00e9conomique et social, moral et religieux. Pi\u00e8ge d\u2019un mod\u00e8le unique qui organise l\u2019inf\u00e9riorit\u00e9 de la femme et enferme l\u2019homme dans le postulat d\u2019une virilit\u00e9 fond\u00e9e sur la force, la comp\u00e9tition et l\u2019h\u00e9t\u00e9rosexualit\u00e9.<br \/>\nRetour sur la fabrique, d\u00e8s le plus jeune \u00e2ge, des st\u00e9r\u00e9otypes de genre et des assignations traditionnelles. Les injonctions de puissance et de performance consacrent un ordre viril. A l\u2019heure du #MeToo, qui a relanc\u00e9 la question de la s\u00e9duction, du consentement et des violences sexuelles, l\u2019homme est confront\u00e9 \u00e0 ses privil\u00e8ges et expos\u00e9 \u00e0 ses contradictions, en ayant men\u00e9 les combats pour la libert\u00e9 et pour les droits, mais omis ceux qui mettent \u00e0 mal sa supr\u00e9matie.<\/p>\n<p>Comment le mouvement d\u2019\u00e9mancipation des femmes contribue-t-il \u00e0 modifier les repr\u00e9sentations, tant dans le champ amoureux que dans celui des transformations sociales de la famille (traditionnelle, nucl\u00e9aire, monoparentale, recompos\u00e9e, homoparentale) ? Comment le combat pour l\u2019\u00e9galit\u00e9 des droits et des repr\u00e9sentations fait-il \u00e9voluer les mod\u00e8les parentaux ? D\u2019autres mod\u00e8les d\u2019homme sont-ils possibles et compatibles avec les droits des femmes ? Masculin et f\u00e9minin peuvent-ils \u00eatre rendus plus proches ?<\/p>\n<p><strong>Avec :<\/strong><br \/>\n<strong>Olivia GAZALE,<\/strong> professeure de philosophie, co-fondatrice des Mardis de la philo. Auteure de Le Mythe de la virilit\u00e9 : un pi\u00e8ge pour les deux sexes (Robert Laffont, 2017).<\/p>\n<p><strong>Alexandre LACROIX<\/strong>, \u00e9crivain, philosophe, journaliste et directeur de \u00ab\u00a0Philosophie magazine\u00a0\u00bb, auteur du roman autobiographique \u00ab\u00a0La naissance d&rsquo;un p\u00e8re\u00a0\u00bb.<br \/>\n<strong>Theofano PAPAZISSI<\/strong>, Professeur \u00e9m\u00e9rite de Droit \u00e0 l\u2019Universit\u00e9 Aristote de Thessalonique, pilier du texte de loi sur la cr\u00e9ation du PACS en Gr\u00e8ce.<br \/>\n<strong>Nikos PANAYOTOPOULOS<\/strong>, Professeur de sociologie \u00e0 l\u2019Universit\u00e9 d\u2019Ath\u00e8nes.<\/p>\n<p><strong>Mod\u00e9ratrice : Muriel Maalouf<\/strong>, journaliste culture et critique de th\u00e9\u00e2tre \u00e0 RFI<\/p>\n<p><strong>21h25 : \u00ab 50 nuances de Grecs \u00bb<\/strong> de <strong>Jul<\/strong> : \u00ab<strong> #myth-too<\/strong> \u00bb<\/p>\n<p><strong>21h30 : Entretien avec Barbara CASSIN<\/strong>, philosophe, hell\u00e9niste, membre de l\u2019Acad\u00e9mie Fran\u00e7aise, men\u00e9 par <strong>Yorgos Archimandritis<\/strong>.<br \/>\nAvec le soutien de l\u2019 <strong>Ambassade de Gr\u00e8ce en France.<\/strong><\/p>\n<p><strong>21h40 : Table ronde : #Restons chez nous !?<\/strong><br \/>\nLa crise sanitaire a d\u00e9j\u00e0 modifi\u00e9 en profondeur, et de fa\u00e7on \u00e9ventuellement durable, les rapports sociaux. Partout, des gestes de solidarit\u00e9 et d\u2019entraide, la conscience d\u2019une menace \u00e0 l\u2019endroit des plus fragiles. Ici, des d\u00e9cisions courageuses pour venir en aide \u00e0 celles et ceux que la crise a affaiblis. L\u00e0, le repli sur soi, sur l\u2019\u00e9go\u00efsme d\u2019un individu, d\u2019un groupe, d\u2019une nation. Cette crise interroge nos syst\u00e8mes de production, de r\u00e9partition, la valeur de nos syst\u00e8mes de repr\u00e9sentation, les formes du vivre-ensemble et jusqu\u2019\u00e0 la conscience de soi.<\/p>\n<p>\u00ab Restez chez vous \u00bb ou \u00ab restons chez nous \u00bb, cette injonction, comme une assignation \u00e0 r\u00e9sidence, rythme d\u00e9sormais nos existences au gr\u00e9 de l\u2019\u00e9volution de la pand\u00e9mie. Par nature, la distanciation \u00ab sociale \u00bb \u00e9l\u00e8ve des barri\u00e8res sociales voire psychologiques.<\/p>\n<p>Et si, sous couvert d\u2019un \u00e9tat d\u2019urgence sanitaire, le principe de pr\u00e9caution se muait en principe de suspicion ? Comment cette crise aggrave-t-elle la disqualification de la parole publique ? Fake news et simplifications, d\u00e9l\u00e9gitimation de l\u2019expertise, r\u00e9tr\u00e9cissement des conditions du d\u00e9bat dans l\u2019espace public&#8230; Quand les questions sanitaires ou s\u00e9curitaires rebattent les cartes et les attitudes en mati\u00e8re de libert\u00e9.<\/p>\n<p>Comment rester vigilant, r\u00e9sister aux professionnels du complot qui prosp\u00e8rent sur les r\u00e9seaux sociaux, conserver son libre-arbitre et se donner les moyens de former son jugement ? Comment garder raison ?<\/p>\n<p><strong>Avec :<\/strong><br \/>\n<strong>Nathalie HEINICH<\/strong>, Sociologue, directrice de recherche au CNRS. Auteure de Des valeurs. Une approche sociologique (Gallimard, 2017).<br \/>\n<strong>Fotini TSALIKOGLOU,<\/strong> Professeure de Psychologie \u00e0 l\u2019Universit\u00e9 Panteion, \u00e9crivain, essayiste.<br \/>\n<strong>Vassilis KARAPOSTOLIS<\/strong>, Professeur de Philosophie de la Communication et de la Culture \u00e0 l\u2019Universit\u00e9 d\u2019Ath\u00e8nes.<\/p>\n<p><strong>Mod\u00e9ratrice : Agn\u00e8s Levallois<\/strong>, journaliste et consultante<\/p>\n<p><strong>22h40 : \u00ab 50 nuances de Grecs \u00bb<\/strong> de <strong>Jul<\/strong> : <strong>Make Mythology Grecque again<\/strong><\/p>\n<p><strong>22h45 : <\/strong>Jul, dessinateur de presse et auteur de bande dessin\u00e9e, pr\u00e9sente en direct depuis l\u2019Auditorium Theo Angelopoulos ses dessins inspir\u00e9s par les th\u00e9matiques de la Nuit des id\u00e9es en Gr\u00e8ce et \u00e9change avec Patrick Comoy, directeur de l&rsquo;IFG.<\/p>\n<p><strong>22h50 :<\/strong> L\u2019actrice <strong>Ir\u00e8ne Jacob<\/strong> lit des extraits de son livre \u00ab <strong>Big Bang<\/strong> \u00bb.<br \/>\nAvec le soutien de l\u2019 <strong>Ambassade de Gr\u00e8ce en France<\/strong>.<\/p>\n<p>&nbsp;<\/p>\n<h3>\u00c0 propos de la Nuit des id\u00e9es<\/h3>\n<h3>#lanuitdesidees<\/h3>\n<p>Cr\u00e9\u00e9e pour c\u00e9l\u00e9brer la circulation des id\u00e9es et des savoirs, <strong>\u00e0 l\u2019initiative du r\u00e9seau des Instituts fran\u00e7ais \u00e0 travers le monde<\/strong>, la Nuit des id\u00e9es est une invitation au partage et \u00e0 la d\u00e9couverte des savoirs.<\/p>\n<p>L\u2019\u00e9v\u00e9nement veut \u00e9changer dans tous les domaines dans une forme accessible et festive, o\u00f9 les enjeux de notre temps peuvent \u00eatre plac\u00e9s sous les feux crois\u00e9s de la r\u00e9flexion philosophique, des savoirs scientifiques, des pratiques artistiques et des exp\u00e9riences litt\u00e9raires.<\/p>\n<p><strong>Plus de 200 Nuits des id\u00e9es<\/strong> sont attendues en 2021, de la Finlande \u00e0 l\u2019Afrique du Sud et des \u00eeles Fidji au P\u00e9rou, avec des r\u00e9sonances accrues entre les pays et les zones g\u00e9ographiques qui viendront explorer le th\u00e8me \u00ab Proches \u00bb.<\/p>\n<p>\u00c9v\u00e8nement organis\u00e9 en partenariat avec l<a href=\"https:\/\/www.institutfrancais.com\/fr\" target=\"_blank\" rel=\"noopener noreferrer\">\u2019Institut fran\u00e7ais de Paris<\/a><\/p>\n","protected":false},"excerpt":{"rendered":"<p>L\u2019IFG vous convie \u00e0 la 8\u00e8me \u00e9dition de la Nuit des Id\u00e9es qui se d\u00e9ploiera en ligne.<\/p>\n","protected":false},"author":1,"featured_media":30113,"template":"","tags":[],"event_category":[],"event_group":[854],"class_list":["post-30102","event","type-event","status-publish","has-post-thumbnail","hentry","event_group-nuit-des-idees"],"acf":{"sponsors_default":false,"featured_image_credits":"","info_title":"","info_text":"","date_range":{"start":"28\/01\/2021","end":"","cancelled":false,"note":"","start_time":"18:00","end_time":""},"details":{"location":"","hyperlink1a":{"text":"","link":""},"price":"","hyperlink2a":{"text":"","link":""},"online_event":true,"live_streaming":true,"live_streaming_code":"<iframe allowfullscreen width=\"640\" height=\"390\" class=\"flowplayer fp-slim fp-edgy\" frameborder=\"0\" scrolling=\"no\" src=\"https:\/\/diavlos.grnet.gr\/en\/room\/3184?eventid=8635&stream_lang=fr&embed=true&width=640\"><\/iframe>","facebook_url":"https:\/\/www.facebook.com\/events\/5851601404865668","hyperlink":{"text":"","link":""},"hyperlink2":{"text":"","link":""},"hyperlink3":{"text":"","link":""},"press_release":{"ID":30463,"id":30463,"title":"CP_NUIT_FR_FINALdocx","filename":"CP_NUIT_FR_FINALdocx.docx","filesize":600426,"url":"https:\/\/www.ifg.gr\/wp-content\/uploads\/2020\/12\/CP_NUIT_FR_FINALdocx.docx","link":"https:\/\/www.ifg.gr\/fr\/events\/la-nuit-des-idees-2021-proches\/cp_nuit_fr_finaldocx\/","alt":"","author":"1","description":"","caption":"","name":"cp_nuit_fr_finaldocx","status":"inherit","uploaded_to":30102,"date":"2021-01-27 09:55:01","modified":"2021-01-27 09:55:01","menu_order":0,"mime_type":"application\/vnd.openxmlformats-officedocument.wordprocessingml.document","type":"application","subtype":"vnd.openxmlformats-officedocument.wordprocessingml.document","icon":"https:\/\/www.ifg.gr\/wp-includes\/images\/media\/document.png"}},"home_slider_image":{"ID":30115,"id":30115,"title":"\u039d\u03cd\u03c7\u03c4\u03b1 \u0399\u03b4\u03b5\u03ce\u03bd 2021: \u03a0\u03bb\u03b7\u03c3\u03af\u03bf\u03bd - Proches","filename":"NIdees_1350X768.jpg","filesize":730951,"url":"https:\/\/www.ifg.gr\/wp-content\/uploads\/2020\/12\/NIdees_1350X768.jpg","link":"https:\/\/www.ifg.gr\/fr\/events\/la-nuit-des-idees-2021-proches\/nidees_1350x768-2\/","alt":"\u039d\u03cd\u03c7\u03c4\u03b1 \u0399\u03b4\u03b5\u03ce\u03bd 2021: \u03a0\u03bb\u03b7\u03c3\u03af\u03bf\u03bd - Proches","author":"1","description":"\u039d\u03cd\u03c7\u03c4\u03b1 \u0399\u03b4\u03b5\u03ce\u03bd 2021: \u03a0\u03bb\u03b7\u03c3\u03af\u03bf\u03bd - Proches","caption":"\u039d\u03cd\u03c7\u03c4\u03b1 \u0399\u03b4\u03b5\u03ce\u03bd 2021: \u03a0\u03bb\u03b7\u03c3\u03af\u03bf\u03bd - Proches","name":"nidees_1350x768-2","status":"inherit","uploaded_to":30102,"date":"2020-12-21 09:35:22","modified":"2020-12-21 09:39:03","menu_order":0,"mime_type":"image\/jpeg","type":"image","subtype":"jpeg","icon":"https:\/\/www.ifg.gr\/wp-includes\/images\/media\/default.png","width":1350,"height":768,"sizes":{"thumbnail":"https:\/\/www.ifg.gr\/wp-content\/uploads\/2020\/12\/NIdees_1350X768.jpg","thumbnail-width":150,"thumbnail-height":85,"medium":"https:\/\/www.ifg.gr\/wp-content\/uploads\/2020\/12\/NIdees_1350X768.jpg","medium-width":300,"medium-height":171,"medium_large":"https:\/\/www.ifg.gr\/wp-content\/uploads\/2020\/12\/NIdees_1350X768-768x437.jpg","medium_large-width":640,"medium_large-height":364,"large":"https:\/\/www.ifg.gr\/wp-content\/uploads\/2020\/12\/NIdees_1350X768.jpg","large-width":640,"large-height":364,"1536x1536":"https:\/\/www.ifg.gr\/wp-content\/uploads\/2020\/12\/NIdees_1350X768.jpg","1536x1536-width":1350,"1536x1536-height":768,"2048x2048":"https:\/\/www.ifg.gr\/wp-content\/uploads\/2020\/12\/NIdees_1350X768.jpg","2048x2048-width":1350,"2048x2048-height":768,"full-width":"https:\/\/www.ifg.gr\/wp-content\/uploads\/2020\/12\/NIdees_1350X768.jpg","full-width-width":1350,"full-width-height":768,"sidebar":"https:\/\/www.ifg.gr\/wp-content\/uploads\/2020\/12\/NIdees_1350X768.jpg","sidebar-width":1350,"sidebar-height":768,"thumb-sm":"https:\/\/www.ifg.gr\/wp-content\/uploads\/2020\/12\/NIdees_1350X768-229x130.jpg","thumb-sm-width":229,"thumb-sm-height":130,"thumb-square":"https:\/\/www.ifg.gr\/wp-content\/uploads\/2020\/12\/NIdees_1350X768-300x300.jpg","thumb-square-width":300,"thumb-square-height":300,"thumb-big":"https:\/\/www.ifg.gr\/wp-content\/uploads\/2020\/12\/NIdees_1350X768-600x400.jpg","thumb-big-width":600,"thumb-big-height":400,"slider-big":"https:\/\/www.ifg.gr\/wp-content\/uploads\/2020\/12\/NIdees_1350X768-1315x768.jpg","slider-big-width":1315,"slider-big-height":768}},"sponsors_group":[{"group_title":"SPONSOR H\u00c9BERGEMENT","banners":[{"image":{"ID":30483,"id":30483,"title":"sgl logo 400","filename":"sgl-logo-400.jpg","filesize":38534,"url":"https:\/\/www.ifg.gr\/wp-content\/uploads\/2020\/12\/sgl-logo-400.jpg","link":"https:\/\/www.ifg.gr\/fr\/events\/la-nuit-des-idees-2021-proches\/sgl-logo-400-2\/","alt":"","author":"1","description":"","caption":"","name":"sgl-logo-400-2","status":"inherit","uploaded_to":30102,"date":"2021-01-27 12:16:57","modified":"2021-01-27 12:16:57","menu_order":0,"mime_type":"image\/jpeg","type":"image","subtype":"jpeg","icon":"https:\/\/www.ifg.gr\/wp-includes\/images\/media\/default.png","width":400,"height":247,"sizes":{"thumbnail":"https:\/\/www.ifg.gr\/wp-content\/uploads\/2020\/12\/sgl-logo-400.jpg","thumbnail-width":150,"thumbnail-height":93,"medium":"https:\/\/www.ifg.gr\/wp-content\/uploads\/2020\/12\/sgl-logo-400.jpg","medium-width":300,"medium-height":185,"medium_large":"https:\/\/www.ifg.gr\/wp-content\/uploads\/2020\/12\/sgl-logo-400.jpg","medium_large-width":400,"medium_large-height":247,"large":"https:\/\/www.ifg.gr\/wp-content\/uploads\/2020\/12\/sgl-logo-400.jpg","large-width":400,"large-height":247,"1536x1536":"https:\/\/www.ifg.gr\/wp-content\/uploads\/2020\/12\/sgl-logo-400.jpg","1536x1536-width":400,"1536x1536-height":247,"2048x2048":"https:\/\/www.ifg.gr\/wp-content\/uploads\/2020\/12\/sgl-logo-400.jpg","2048x2048-width":400,"2048x2048-height":247,"full-width":"https:\/\/www.ifg.gr\/wp-content\/uploads\/2020\/12\/sgl-logo-400.jpg","full-width-width":400,"full-width-height":247,"sidebar":"https:\/\/www.ifg.gr\/wp-content\/uploads\/2020\/12\/sgl-logo-400.jpg","sidebar-width":400,"sidebar-height":247,"thumb-sm":"https:\/\/www.ifg.gr\/wp-content\/uploads\/2020\/12\/sgl-logo-400-211x130.jpg","thumb-sm-width":211,"thumb-sm-height":130,"thumb-square":"https:\/\/www.ifg.gr\/wp-content\/uploads\/2020\/12\/sgl-logo-400-300x247.jpg","thumb-square-width":300,"thumb-square-height":247,"thumb-big":"https:\/\/www.ifg.gr\/wp-content\/uploads\/2020\/12\/sgl-logo-400.jpg","thumb-big-width":400,"thumb-big-height":247,"slider-big":"https:\/\/www.ifg.gr\/wp-content\/uploads\/2020\/12\/sgl-logo-400.jpg","slider-big-width":400,"slider-big-height":247}},"link":"https:\/\/www.sglycabettus.gr\/"}]},{"group_title":"SPONSOR COMMUNICATION","banners":[{"image":{"ID":30471,"id":30471,"title":"ERT site","filename":"ERT-site.jpg","filesize":17196,"url":"https:\/\/www.ifg.gr\/wp-content\/uploads\/2020\/12\/ERT-site.jpg","link":"https:\/\/www.ifg.gr\/fr\/events\/la-nuit-des-idees-2021-proches\/ert-site-2\/","alt":"","author":"1","description":"","caption":"","name":"ert-site-2","status":"inherit","uploaded_to":30102,"date":"2021-01-27 11:12:29","modified":"2021-01-27 11:12:29","menu_order":0,"mime_type":"image\/jpeg","type":"image","subtype":"jpeg","icon":"https:\/\/www.ifg.gr\/wp-includes\/images\/media\/default.png","width":400,"height":225,"sizes":{"thumbnail":"https:\/\/www.ifg.gr\/wp-content\/uploads\/2020\/12\/ERT-site.jpg","thumbnail-width":150,"thumbnail-height":84,"medium":"https:\/\/www.ifg.gr\/wp-content\/uploads\/2020\/12\/ERT-site.jpg","medium-width":300,"medium-height":169,"medium_large":"https:\/\/www.ifg.gr\/wp-content\/uploads\/2020\/12\/ERT-site.jpg","medium_large-width":400,"medium_large-height":225,"large":"https:\/\/www.ifg.gr\/wp-content\/uploads\/2020\/12\/ERT-site.jpg","large-width":400,"large-height":225,"1536x1536":"https:\/\/www.ifg.gr\/wp-content\/uploads\/2020\/12\/ERT-site.jpg","1536x1536-width":400,"1536x1536-height":225,"2048x2048":"https:\/\/www.ifg.gr\/wp-content\/uploads\/2020\/12\/ERT-site.jpg","2048x2048-width":400,"2048x2048-height":225,"full-width":"https:\/\/www.ifg.gr\/wp-content\/uploads\/2020\/12\/ERT-site.jpg","full-width-width":400,"full-width-height":225,"sidebar":"https:\/\/www.ifg.gr\/wp-content\/uploads\/2020\/12\/ERT-site.jpg","sidebar-width":400,"sidebar-height":225,"thumb-sm":"https:\/\/www.ifg.gr\/wp-content\/uploads\/2020\/12\/ERT-site-231x130.jpg","thumb-sm-width":231,"thumb-sm-height":130,"thumb-square":"https:\/\/www.ifg.gr\/wp-content\/uploads\/2020\/12\/ERT-site-300x225.jpg","thumb-square-width":300,"thumb-square-height":225,"thumb-big":"https:\/\/www.ifg.gr\/wp-content\/uploads\/2020\/12\/ERT-site.jpg","thumb-big-width":400,"thumb-big-height":225,"slider-big":"https:\/\/www.ifg.gr\/wp-content\/uploads\/2020\/12\/ERT-site.jpg","slider-big-width":400,"slider-big-height":225}},"link":"https:\/\/www.ert.gr\/"},{"image":{"ID":30474,"id":30474,"title":"prwto site","filename":"prwto-site.jpg","filesize":24304,"url":"https:\/\/www.ifg.gr\/wp-content\/uploads\/2020\/12\/prwto-site.jpg","link":"https:\/\/www.ifg.gr\/fr\/events\/la-nuit-des-idees-2021-proches\/prwto-site-2\/","alt":"","author":"1","description":"","caption":"","name":"prwto-site-2","status":"inherit","uploaded_to":30102,"date":"2021-01-27 11:22:07","modified":"2021-01-27 11:22:07","menu_order":0,"mime_type":"image\/jpeg","type":"image","subtype":"jpeg","icon":"https:\/\/www.ifg.gr\/wp-includes\/images\/media\/default.png","width":400,"height":129,"sizes":{"thumbnail":"https:\/\/www.ifg.gr\/wp-content\/uploads\/2020\/12\/prwto-site.jpg","thumbnail-width":150,"thumbnail-height":48,"medium":"https:\/\/www.ifg.gr\/wp-content\/uploads\/2020\/12\/prwto-site.jpg","medium-width":300,"medium-height":97,"medium_large":"https:\/\/www.ifg.gr\/wp-content\/uploads\/2020\/12\/prwto-site.jpg","medium_large-width":400,"medium_large-height":129,"large":"https:\/\/www.ifg.gr\/wp-content\/uploads\/2020\/12\/prwto-site.jpg","large-width":400,"large-height":129,"1536x1536":"https:\/\/www.ifg.gr\/wp-content\/uploads\/2020\/12\/prwto-site.jpg","1536x1536-width":400,"1536x1536-height":129,"2048x2048":"https:\/\/www.ifg.gr\/wp-content\/uploads\/2020\/12\/prwto-site.jpg","2048x2048-width":400,"2048x2048-height":129,"full-width":"https:\/\/www.ifg.gr\/wp-content\/uploads\/2020\/12\/prwto-site.jpg","full-width-width":400,"full-width-height":129,"sidebar":"https:\/\/www.ifg.gr\/wp-content\/uploads\/2020\/12\/prwto-site.jpg","sidebar-width":400,"sidebar-height":129,"thumb-sm":"https:\/\/www.ifg.gr\/wp-content\/uploads\/2020\/12\/prwto-site.jpg","thumb-sm-width":400,"thumb-sm-height":129,"thumb-square":"https:\/\/www.ifg.gr\/wp-content\/uploads\/2020\/12\/prwto-site-300x129.jpg","thumb-square-width":300,"thumb-square-height":129,"thumb-big":"https:\/\/www.ifg.gr\/wp-content\/uploads\/2020\/12\/prwto-site.jpg","thumb-big-width":400,"thumb-big-height":129,"slider-big":"https:\/\/www.ifg.gr\/wp-content\/uploads\/2020\/12\/prwto-site.jpg","slider-big-width":400,"slider-big-height":129}},"link":"https:\/\/webradio.ert.gr\/proto\/"}]}],"layout":false},"yoast_head":"<!-- This site is optimized with the Yoast SEO plugin v26.8 - https:\/\/yoast.com\/product\/yoast-seo-wordpress\/ -->\n<title>La Nuit des id\u00e9es 2021 : \u00ab Proches \u00bb - Institut Fran\u00e7ais de Gr\u00e8ce<\/title>\n<meta name=\"description\" content=\"L\u2019Institut Fran\u00e7ais de Gr\u00e8ce vous convie \u00e0 la 8\u00e8me \u00e9dition de la Nuit des Id\u00e9es qui se d\u00e9ploiera autour du th\u00e8me \u00ab Proches \u00bb.\" \/>\n<meta name=\"robots\" content=\"index, follow, max-snippet:-1, max-image-preview:large, max-video-preview:-1\" \/>\n<link rel=\"canonical\" href=\"https:\/\/www.ifg.gr\/fr\/events\/la-nuit-des-idees-2021-proches\/\" \/>\n<meta property=\"og:locale\" content=\"fr_FR\" \/>\n<meta property=\"og:type\" content=\"article\" \/>\n<meta property=\"og:title\" content=\"La Nuit des id\u00e9es 2021 : \u00ab Proches \u00bb - Institut Fran\u00e7ais de Gr\u00e8ce\" \/>\n<meta property=\"og:description\" content=\"L\u2019Institut Fran\u00e7ais de Gr\u00e8ce vous convie \u00e0 la 8\u00e8me \u00e9dition de la Nuit des Id\u00e9es qui se d\u00e9ploiera autour du th\u00e8me \u00ab Proches \u00bb.\" \/>\n<meta property=\"og:url\" content=\"https:\/\/www.ifg.gr\/fr\/events\/la-nuit-des-idees-2021-proches\/\" \/>\n<meta property=\"og:site_name\" content=\"IFG\" \/>\n<meta property=\"article:modified_time\" content=\"2021-02-02T14:56:34+00:00\" \/>\n<meta property=\"og:image\" content=\"https:\/\/www.ifg.gr\/wp-content\/uploads\/2020\/12\/NIdees_1200X800.jpg\" \/>\n\t<meta property=\"og:image:width\" content=\"1200\" \/>\n\t<meta property=\"og:image:height\" content=\"800\" \/>\n\t<meta property=\"og:image:type\" content=\"image\/jpeg\" \/>\n<meta name=\"twitter:card\" content=\"summary_large_image\" \/>\n<meta name=\"twitter:label1\" content=\"Dur\u00e9e de lecture estim\u00e9e\" \/>\n\t<meta name=\"twitter:data1\" content=\"9 minutes\" \/>\n<script type=\"application\/ld+json\" class=\"yoast-schema-graph\">{\"@context\":\"https:\/\/schema.org\",\"@graph\":[{\"@type\":\"WebPage\",\"@id\":\"https:\/\/www.ifg.gr\/fr\/events\/la-nuit-des-idees-2021-proches\/\",\"url\":\"https:\/\/www.ifg.gr\/fr\/events\/la-nuit-des-idees-2021-proches\/\",\"name\":\"La Nuit des id\u00e9es 2021 : \u00ab Proches \u00bb - Institut Fran\u00e7ais de Gr\u00e8ce\",\"isPartOf\":{\"@id\":\"https:\/\/www.ifg.gr\/#website\"},\"primaryImageOfPage\":{\"@id\":\"https:\/\/www.ifg.gr\/fr\/events\/la-nuit-des-idees-2021-proches\/#primaryimage\"},\"image\":{\"@id\":\"https:\/\/www.ifg.gr\/fr\/events\/la-nuit-des-idees-2021-proches\/#primaryimage\"},\"thumbnailUrl\":\"https:\/\/www.ifg.gr\/wp-content\/uploads\/2020\/12\/NIdees_1200X800.jpg\",\"datePublished\":\"2020-12-21T09:39:35+00:00\",\"dateModified\":\"2021-02-02T14:56:34+00:00\",\"description\":\"L\u2019Institut Fran\u00e7ais de Gr\u00e8ce vous convie \u00e0 la 8\u00e8me \u00e9dition de la Nuit des Id\u00e9es qui se d\u00e9ploiera autour du th\u00e8me \u00ab Proches \u00bb.\",\"breadcrumb\":{\"@id\":\"https:\/\/www.ifg.gr\/fr\/events\/la-nuit-des-idees-2021-proches\/#breadcrumb\"},\"inLanguage\":\"fr-FR\",\"potentialAction\":[{\"@type\":\"ReadAction\",\"target\":[\"https:\/\/www.ifg.gr\/fr\/events\/la-nuit-des-idees-2021-proches\/\"]}]},{\"@type\":\"ImageObject\",\"inLanguage\":\"fr-FR\",\"@id\":\"https:\/\/www.ifg.gr\/fr\/events\/la-nuit-des-idees-2021-proches\/#primaryimage\",\"url\":\"https:\/\/www.ifg.gr\/wp-content\/uploads\/2020\/12\/NIdees_1200X800.jpg\",\"contentUrl\":\"https:\/\/www.ifg.gr\/wp-content\/uploads\/2020\/12\/NIdees_1200X800.jpg\",\"width\":1200,\"height\":800,\"caption\":\"\u039d\u03cd\u03c7\u03c4\u03b1 \u0399\u03b4\u03b5\u03ce\u03bd 2021: \u03a0\u03bb\u03b7\u03c3\u03af\u03bf\u03bd - Proches\"},{\"@type\":\"BreadcrumbList\",\"@id\":\"https:\/\/www.ifg.gr\/fr\/events\/la-nuit-des-idees-2021-proches\/#breadcrumb\",\"itemListElement\":[{\"@type\":\"ListItem\",\"position\":1,\"name\":\"Home\",\"item\":\"https:\/\/www.ifg.gr\/fr\/\"},{\"@type\":\"ListItem\",\"position\":2,\"name\":\"Events\",\"item\":\"https:\/\/www.ifg.gr\/events\/\"},{\"@type\":\"ListItem\",\"position\":3,\"name\":\"La Nuit des id\u00e9es 2021 : \u00ab Proches \u00bb\"}]},{\"@type\":\"WebSite\",\"@id\":\"https:\/\/www.ifg.gr\/#website\",\"url\":\"https:\/\/www.ifg.gr\/\",\"name\":\"IFG\",\"description\":\"\",\"potentialAction\":[{\"@type\":\"SearchAction\",\"target\":{\"@type\":\"EntryPoint\",\"urlTemplate\":\"https:\/\/www.ifg.gr\/?s={search_term_string}\"},\"query-input\":{\"@type\":\"PropertyValueSpecification\",\"valueRequired\":true,\"valueName\":\"search_term_string\"}}],\"inLanguage\":\"fr-FR\"}]}<\/script>\n<!-- \/ Yoast SEO plugin. -->","yoast_head_json":{"title":"La Nuit des id\u00e9es 2021 : \u00ab Proches \u00bb - Institut Fran\u00e7ais de Gr\u00e8ce","description":"L\u2019Institut Fran\u00e7ais de Gr\u00e8ce vous convie \u00e0 la 8\u00e8me \u00e9dition de la Nuit des Id\u00e9es qui se d\u00e9ploiera autour du th\u00e8me \u00ab Proches \u00bb.","robots":{"index":"index","follow":"follow","max-snippet":"max-snippet:-1","max-image-preview":"max-image-preview:large","max-video-preview":"max-video-preview:-1"},"canonical":"https:\/\/www.ifg.gr\/fr\/events\/la-nuit-des-idees-2021-proches\/","og_locale":"fr_FR","og_type":"article","og_title":"La Nuit des id\u00e9es 2021 : \u00ab Proches \u00bb - Institut Fran\u00e7ais de Gr\u00e8ce","og_description":"L\u2019Institut Fran\u00e7ais de Gr\u00e8ce vous convie \u00e0 la 8\u00e8me \u00e9dition de la Nuit des Id\u00e9es qui se d\u00e9ploiera autour du th\u00e8me \u00ab Proches \u00bb.","og_url":"https:\/\/www.ifg.gr\/fr\/events\/la-nuit-des-idees-2021-proches\/","og_site_name":"IFG","article_modified_time":"2021-02-02T14:56:34+00:00","og_image":[{"width":1200,"height":800,"url":"https:\/\/www.ifg.gr\/wp-content\/uploads\/2020\/12\/NIdees_1200X800.jpg","type":"image\/jpeg"}],"twitter_card":"summary_large_image","twitter_misc":{"Dur\u00e9e de lecture estim\u00e9e":"9 minutes"},"schema":{"@context":"https:\/\/schema.org","@graph":[{"@type":"WebPage","@id":"https:\/\/www.ifg.gr\/fr\/events\/la-nuit-des-idees-2021-proches\/","url":"https:\/\/www.ifg.gr\/fr\/events\/la-nuit-des-idees-2021-proches\/","name":"La Nuit des id\u00e9es 2021 : \u00ab Proches \u00bb - Institut Fran\u00e7ais de Gr\u00e8ce","isPartOf":{"@id":"https:\/\/www.ifg.gr\/#website"},"primaryImageOfPage":{"@id":"https:\/\/www.ifg.gr\/fr\/events\/la-nuit-des-idees-2021-proches\/#primaryimage"},"image":{"@id":"https:\/\/www.ifg.gr\/fr\/events\/la-nuit-des-idees-2021-proches\/#primaryimage"},"thumbnailUrl":"https:\/\/www.ifg.gr\/wp-content\/uploads\/2020\/12\/NIdees_1200X800.jpg","datePublished":"2020-12-21T09:39:35+00:00","dateModified":"2021-02-02T14:56:34+00:00","description":"L\u2019Institut Fran\u00e7ais de Gr\u00e8ce vous convie \u00e0 la 8\u00e8me \u00e9dition de la Nuit des Id\u00e9es qui se d\u00e9ploiera autour du th\u00e8me \u00ab Proches \u00bb.","breadcrumb":{"@id":"https:\/\/www.ifg.gr\/fr\/events\/la-nuit-des-idees-2021-proches\/#breadcrumb"},"inLanguage":"fr-FR","potentialAction":[{"@type":"ReadAction","target":["https:\/\/www.ifg.gr\/fr\/events\/la-nuit-des-idees-2021-proches\/"]}]},{"@type":"ImageObject","inLanguage":"fr-FR","@id":"https:\/\/www.ifg.gr\/fr\/events\/la-nuit-des-idees-2021-proches\/#primaryimage","url":"https:\/\/www.ifg.gr\/wp-content\/uploads\/2020\/12\/NIdees_1200X800.jpg","contentUrl":"https:\/\/www.ifg.gr\/wp-content\/uploads\/2020\/12\/NIdees_1200X800.jpg","width":1200,"height":800,"caption":"\u039d\u03cd\u03c7\u03c4\u03b1 \u0399\u03b4\u03b5\u03ce\u03bd 2021: \u03a0\u03bb\u03b7\u03c3\u03af\u03bf\u03bd - Proches"},{"@type":"BreadcrumbList","@id":"https:\/\/www.ifg.gr\/fr\/events\/la-nuit-des-idees-2021-proches\/#breadcrumb","itemListElement":[{"@type":"ListItem","position":1,"name":"Home","item":"https:\/\/www.ifg.gr\/fr\/"},{"@type":"ListItem","position":2,"name":"Events","item":"https:\/\/www.ifg.gr\/events\/"},{"@type":"ListItem","position":3,"name":"La Nuit des id\u00e9es 2021 : \u00ab Proches \u00bb"}]},{"@type":"WebSite","@id":"https:\/\/www.ifg.gr\/#website","url":"https:\/\/www.ifg.gr\/","name":"IFG","description":"","potentialAction":[{"@type":"SearchAction","target":{"@type":"EntryPoint","urlTemplate":"https:\/\/www.ifg.gr\/?s={search_term_string}"},"query-input":{"@type":"PropertyValueSpecification","valueRequired":true,"valueName":"search_term_string"}}],"inLanguage":"fr-FR"}]}},"_links":{"self":[{"href":"https:\/\/www.ifg.gr\/fr\/wp-json\/wp\/v2\/event\/30102","targetHints":{"allow":["GET"]}}],"collection":[{"href":"https:\/\/www.ifg.gr\/fr\/wp-json\/wp\/v2\/event"}],"about":[{"href":"https:\/\/www.ifg.gr\/fr\/wp-json\/wp\/v2\/types\/event"}],"author":[{"embeddable":true,"href":"https:\/\/www.ifg.gr\/fr\/wp-json\/wp\/v2\/users\/1"}],"version-history":[{"count":0,"href":"https:\/\/www.ifg.gr\/fr\/wp-json\/wp\/v2\/event\/30102\/revisions"}],"wp:featuredmedia":[{"embeddable":true,"href":"https:\/\/www.ifg.gr\/fr\/wp-json\/wp\/v2\/media\/30113"}],"wp:attachment":[{"href":"https:\/\/www.ifg.gr\/fr\/wp-json\/wp\/v2\/media?parent=30102"}],"wp:term":[{"taxonomy":"post_tag","embeddable":true,"href":"https:\/\/www.ifg.gr\/fr\/wp-json\/wp\/v2\/tags?post=30102"},{"taxonomy":"event_category","embeddable":true,"href":"https:\/\/www.ifg.gr\/fr\/wp-json\/wp\/v2\/event_category?post=30102"},{"taxonomy":"event_group","embeddable":true,"href":"https:\/\/www.ifg.gr\/fr\/wp-json\/wp\/v2\/event_group?post=30102"}],"curies":[{"name":"wp","href":"https:\/\/api.w.org\/{rel}","templated":true}]}}