{"id":30164,"date":"2020-12-22T10:27:12","date_gmt":"2020-12-22T10:27:12","guid":{"rendered":"https:\/\/www.ifg.gr\/events\/21o-festival-gallofonou-kinimatografou-tis-elladas\/"},"modified":"2021-04-09T13:13:47","modified_gmt":"2021-04-09T13:13:47","slug":"21eme-festival-du-film-francophone-de-grece","status":"publish","type":"event","link":"https:\/\/www.ifg.gr\/fr\/events\/21eme-festival-du-film-francophone-de-grece\/","title":{"rendered":"21\u00e8me Festival du Film Francophone de Gr\u00e8ce"},"content":{"rendered":"<p>Depuis 2000, le <a href=\"https:\/\/festivalfilmfrancophone.gr\/\" target=\"_blank\" rel=\"noopener noreferrer\">Festival du Film Francophone de Gr\u00e8ce<\/a> est devenu <strong>un rendez-vous incontournable du calendrier festivalier,<\/strong> une grande f\u00eate du meilleur du cin\u00e9ma francophone. Plus de cinquante films sont pr\u00e9sent\u00e9s chaque ann\u00e9e, venus du monde entier.<\/p>\n<p>La <strong>comp\u00e9tition officielle<\/strong> offre la possibilit\u00e9 de d\u00e9couvrir des films en pr\u00e9sence des \u00e9quipes de films, le <strong>Panorama<\/strong> pr\u00e9sente toute la diversit\u00e9 du cin\u00e9ma francophone, une occasion unique de voire certains films sur grand \u00e9cran. La programmation du Festival propose aussi la section <strong>Jeune Public<\/strong>, la <strong>Carte Blanche<\/strong> \u00e0 un festival de l\u2019hexagone, les <strong>Projections Sp\u00e9ciales<\/strong> ainsi qu\u2019un <strong>hommage<\/strong> th\u00e9matique ou \u00e0 une personnalit\u00e9 du cin\u00e9ma.<\/p>\n<p><strong>En 2021<\/strong>, le <a href=\"https:\/\/festivalfilmfrancophone.gr\/\" target=\"_blank\" rel=\"noopener noreferrer\">Festival du Film Francophone de Gr\u00e8ce<\/a> vous donne rendez-vous du <strong>6 au 14 avril,<\/strong> sur vos \u00e9crans.<\/p>\n<p><iframe loading=\"lazy\" title=\"#FFF21 \u03a6\u03b5\u03c3\u03c4\u03b9\u03b2\u03ac\u03bb \u0393\u03b1\u03bb\u03bb\u03cc\u03c6\u03c9\u03bd\u03bf\u03c5 \u039a\u03b9\u03bd\u03b7\u03bc\u03b1\u03c4\u03bf\u03b3\u03c1\u03ac\u03c6\u03bf\u03c5 \u0395\u03bb\u03bb\u03ac\u03b4\u03bf\u03c2 - Festival du Film Francophone de Gr\u00e8ce\" width=\"640\" height=\"480\" src=\"https:\/\/www.youtube.com\/embed\/c80H24MWX4A?feature=oembed\" frameborder=\"0\" allow=\"accelerometer; autoplay; clipboard-write; encrypted-media; gyroscope; picture-in-picture; web-share\" referrerpolicy=\"strict-origin-when-cross-origin\" allowfullscreen><\/iframe><\/p>\n<p><strong>Programme complet<\/strong> : <a href=\"https:\/\/festivalfilmfrancophone.gr\/\" target=\"_blank\" rel=\"noopener noreferrer\">festivalfilmfrancophone.gr\/<\/a><\/p>\n<p><strong>Consultez<\/strong> le <a href=\"https:\/\/festivalfilmfrancophone.gr\/index.php\/fr\/pratique\/informations\" target=\"_blank\" rel=\"noopener noreferrer\">guide pratique<\/a><\/p>\n<p>&nbsp;<\/p>\n<p><strong>Inscrivez-vous pour recevoir les annonces relatives \u00e0 la programmation du Festival du Film Francophone, ainsi que le guide quotidien des projections et manifestations :<\/strong><\/p>\n<p><!-- Begin Mailchimp Signup Form --><\/p>\n<div id=\"mc_embed_signup\">\n<form id=\"mc-embedded-subscribe-form\" class=\"validate\" action=\"https:\/\/ifg.us4.list-manage.com\/subscribe\/post?u=3c0b9ca38b6191f2cf316fe04&amp;id=71973a0d6e\" method=\"post\" name=\"mc-embedded-subscribe-form\" novalidate=\"\" target=\"_blank\">\n<div id=\"mc_embed_signup_scroll\">\n<div class=\"indicates-required\"><span class=\"asterisk\">*<\/span> indicates required<\/div>\n<div class=\"mc-field-group\"><label for=\"mce-EMAIL\">\u0394\u03b9\u03b5\u03cd\u03b8\u03c5\u03bd\u03c3\u03b7 email \/ Adresse e-mail <span class=\"asterisk\">*<\/span><br \/>\n<\/label><br \/>\n<input id=\"mce-EMAIL\" class=\"required email\" name=\"EMAIL\" type=\"email\" value=\"\" \/><\/div>\n<div class=\"mc-field-group\"><label for=\"mce-FNAME\">\u038c\u03bd\u03bf\u03bc\u03b1 \/ Pr\u00e9nom <span class=\"asterisk\">*<\/span><br \/>\n<\/label><br \/>\n<input id=\"mce-FNAME\" class=\"required\" name=\"FNAME\" type=\"text\" value=\"\" \/><\/div>\n<div class=\"mc-field-group\"><label for=\"mce-LNAME\">\u0395\u03c0\u03af\u03b8\u03b5\u03c4\u03bf \/ Nom de famille <span class=\"asterisk\">*<\/span><br \/>\n<\/label><br \/>\n<input id=\"mce-LNAME\" class=\"required\" name=\"LNAME\" type=\"text\" value=\"\" \/><\/div>\n<div class=\"mc-field-group input-group\" style=\"display: none;\">\n<p><strong>Publics <\/strong><\/p>\n<ul>\n<li><input id=\"mce-group[71488]-71488-0\" checked=\"checked\" name=\"group[71488][1]\" type=\"checkbox\" value=\"1\" \/><label for=\"mce-group[71488]-71488-0\">FFF<\/label><\/li>\n<li><input id=\"mce-group[71488]-71488-1\" name=\"group[71488][2]\" type=\"checkbox\" value=\"2\" \/><label for=\"mce-group[71488]-71488-1\">CineClub<\/label><\/li>\n<\/ul>\n<\/div>\n<div class=\"mc-field-group\"><label for=\"mce-group[71492]\">\u0393\u03bb\u03ce\u03c3\u03c3\u03b1 \/ Langue<\/label><br \/>\n<select id=\"mce-group[71492]\" class=\"REQ_CSS\" name=\"group[71492]\"><option value=\"\"><\/option><option value=\"4\">\u0395\u03bb\u03bb\u03b7\u03bd\u03b9\u03ba\u03ac<\/option><option value=\"8\">Fran\u00e7ais<\/option><\/select><\/div>\n<div id=\"mce-responses\" class=\"clear\">\n<div id=\"mce-error-response\" class=\"response\" style=\"display: none;\"><\/div>\n<div id=\"mce-success-response\" class=\"response\" style=\"display: none;\"><\/div>\n<\/div>\n<p><!-- real people should not fill this in and expect good things - do not remove this or risk form bot signups--><\/p>\n<div style=\"position: absolute; left: -5000px;\" aria-hidden=\"true\"><input tabindex=\"-1\" name=\"b_3c0b9ca38b6191f2cf316fe04_71973a0d6e\" type=\"text\" value=\"\" \/><\/div>\n<div class=\"clear\"><input id=\"mc-embedded-subscribe\" class=\"button\" name=\"subscribe\" type=\"submit\" value=\"\u0395\u03b3\u03b3\u03c1\u03b1\u03c6\u03ae \/ Inscription\" \/><\/div>\n<\/div>\n<\/form>\n<\/div>\n","protected":false},"excerpt":{"rendered":"<p>Le #FFF21 se poursuit jusqu&rsquo;au 14 avril, avec une riche programmation ! <\/p>\n","protected":false},"author":1,"featured_media":31523,"template":"","tags":[],"event_category":[874],"event_group":[881],"class_list":["post-30164","event","type-event","status-publish","has-post-thumbnail","hentry","event_category-cinema","event_group-festival-du-film-francophone-de-grece"],"acf":{"sponsors_default":false,"featured_image_credits":"","info_title":"","info_text":"","date_range":{"start":"06\/04\/2021","end":"14\/04\/2021","cancelled":false,"note":"","start_time":"","end_time":""},"details":{"location":"","hyperlink1a":{"text":"","link":""},"price":"Projections en comp\u00e9tition : 4\u20ac\r\n<br>\r\nToutes les projections, \u00e0 l'exception des films en comp\u00e9tition : 3\u20ac","hyperlink2a":{"text":"","link":""},"online_event":true,"live_streaming":false,"live_streaming_code":"","facebook_url":"https:\/\/www.facebook.com\/events\/3920921908001673","hyperlink":{"text":"Consultez le programme complet ","link":"https:\/\/festivalfilmfrancophone.gr\/index.php\/fr\/"},"hyperlink2":{"text":"Consultez le guide pratique","link":"https:\/\/festivalfilmfrancophone.gr\/index.php\/fr\/pratique\/informations"},"hyperlink3":{"text":"Acheter des billets sur la plateforme de visionnage","link":"https:\/\/cinema.ifg.gr\/fr\/"},"press_release":{"ID":31177,"id":31177,"title":"CP_Affiche_Trailer_final_FR","filename":"CP_Affiche_Trailer_final_FR.docx","filesize":336258,"url":"https:\/\/www.ifg.gr\/wp-content\/uploads\/2020\/12\/CP_Affiche_Trailer_final_FR.docx","link":"https:\/\/www.ifg.gr\/fr\/events\/21eme-festival-du-film-francophone-de-grece\/cp_affiche_trailer_final_fr\/","alt":"","author":"1","description":"","caption":"","name":"cp_affiche_trailer_final_fr","status":"inherit","uploaded_to":30164,"date":"2021-03-17 16:46:33","modified":"2021-03-17 16:46:33","menu_order":0,"mime_type":"application\/vnd.openxmlformats-officedocument.wordprocessingml.document","type":"application","subtype":"vnd.openxmlformats-officedocument.wordprocessingml.document","icon":"https:\/\/www.ifg.gr\/wp-includes\/images\/media\/document.png"}},"home_slider_image":false,"sponsors_group":false,"layout":false},"yoast_head":"<!-- This site is optimized with the Yoast SEO plugin v26.8 - https:\/\/yoast.com\/product\/yoast-seo-wordpress\/ -->\n<title>21\u00e8me Festival du Film Francophone de Gr\u00e8ce - IFG<\/title>\n<meta name=\"description\" content=\"Le Festival du Film Francophone de Gr\u00e8ce, la grande f\u00eate du meilleur du cin\u00e9ma francophone, vous donne rendez-vous du 6 au 14 avril 2021.\" \/>\n<meta name=\"robots\" content=\"index, follow, max-snippet:-1, max-image-preview:large, max-video-preview:-1\" \/>\n<link rel=\"canonical\" href=\"https:\/\/www.ifg.gr\/events\/21o-festival-gallofonou-kinimatografou-tis-elladas\/\" \/>\n<meta property=\"og:locale\" content=\"fr_FR\" \/>\n<meta property=\"og:type\" content=\"article\" \/>\n<meta property=\"og:title\" content=\"21\u00e8me Festival du Film Francophone de Gr\u00e8ce - IFG\" \/>\n<meta property=\"og:description\" content=\"Le Festival du Film Francophone de Gr\u00e8ce, la grande f\u00eate du meilleur du cin\u00e9ma francophone, vous donne rendez-vous du 6 au 14 avril 2021.\" \/>\n<meta property=\"og:url\" content=\"https:\/\/www.ifg.gr\/events\/21o-festival-gallofonou-kinimatografou-tis-elladas\/\" \/>\n<meta property=\"og:site_name\" content=\"IFG\" \/>\n<meta property=\"article:modified_time\" content=\"2021-04-09T13:13:47+00:00\" \/>\n<meta property=\"og:image\" content=\"https:\/\/www.ifg.gr\/wp-content\/uploads\/2020\/12\/image_test1.png\" \/>\n\t<meta property=\"og:image:width\" content=\"640\" \/>\n\t<meta property=\"og:image:height\" content=\"427\" \/>\n\t<meta property=\"og:image:type\" content=\"image\/png\" \/>\n<meta name=\"twitter:card\" content=\"summary_large_image\" \/>\n<meta name=\"twitter:label1\" content=\"Dur\u00e9e de lecture estim\u00e9e\" \/>\n\t<meta name=\"twitter:data1\" content=\"1 minute\" \/>\n<script type=\"application\/ld+json\" class=\"yoast-schema-graph\">{\"@context\":\"https:\/\/schema.org\",\"@graph\":[{\"@type\":\"WebPage\",\"@id\":\"https:\/\/www.ifg.gr\/events\/21o-festival-gallofonou-kinimatografou-tis-elladas\/\",\"url\":\"https:\/\/www.ifg.gr\/events\/21o-festival-gallofonou-kinimatografou-tis-elladas\/\",\"name\":\"21\u00e8me Festival du Film Francophone de Gr\u00e8ce - IFG\",\"isPartOf\":{\"@id\":\"https:\/\/www.ifg.gr\/#website\"},\"primaryImageOfPage\":{\"@id\":\"https:\/\/www.ifg.gr\/events\/21o-festival-gallofonou-kinimatografou-tis-elladas\/#primaryimage\"},\"image\":{\"@id\":\"https:\/\/www.ifg.gr\/events\/21o-festival-gallofonou-kinimatografou-tis-elladas\/#primaryimage\"},\"thumbnailUrl\":\"https:\/\/www.ifg.gr\/wp-content\/uploads\/2020\/12\/image_test1.png\",\"datePublished\":\"2020-12-22T10:27:12+00:00\",\"dateModified\":\"2021-04-09T13:13:47+00:00\",\"description\":\"Le Festival du Film Francophone de Gr\u00e8ce, la grande f\u00eate du meilleur du cin\u00e9ma francophone, vous donne rendez-vous du 6 au 14 avril 2021.\",\"breadcrumb\":{\"@id\":\"https:\/\/www.ifg.gr\/events\/21o-festival-gallofonou-kinimatografou-tis-elladas\/#breadcrumb\"},\"inLanguage\":\"fr-FR\",\"potentialAction\":[{\"@type\":\"ReadAction\",\"target\":[\"https:\/\/www.ifg.gr\/events\/21o-festival-gallofonou-kinimatografou-tis-elladas\/\"]}]},{\"@type\":\"ImageObject\",\"inLanguage\":\"fr-FR\",\"@id\":\"https:\/\/www.ifg.gr\/events\/21o-festival-gallofonou-kinimatografou-tis-elladas\/#primaryimage\",\"url\":\"https:\/\/www.ifg.gr\/wp-content\/uploads\/2020\/12\/image_test1.png\",\"contentUrl\":\"https:\/\/www.ifg.gr\/wp-content\/uploads\/2020\/12\/image_test1.png\",\"width\":1200,\"height\":800},{\"@type\":\"BreadcrumbList\",\"@id\":\"https:\/\/www.ifg.gr\/events\/21o-festival-gallofonou-kinimatografou-tis-elladas\/#breadcrumb\",\"itemListElement\":[{\"@type\":\"ListItem\",\"position\":1,\"name\":\"Home\",\"item\":\"https:\/\/www.ifg.gr\/fr\/\"},{\"@type\":\"ListItem\",\"position\":2,\"name\":\"Events\",\"item\":\"https:\/\/www.ifg.gr\/events\/\"},{\"@type\":\"ListItem\",\"position\":3,\"name\":\"21\u00e8me Festival du Film Francophone de Gr\u00e8ce\"}]},{\"@type\":\"WebSite\",\"@id\":\"https:\/\/www.ifg.gr\/#website\",\"url\":\"https:\/\/www.ifg.gr\/\",\"name\":\"IFG\",\"description\":\"\",\"potentialAction\":[{\"@type\":\"SearchAction\",\"target\":{\"@type\":\"EntryPoint\",\"urlTemplate\":\"https:\/\/www.ifg.gr\/?s={search_term_string}\"},\"query-input\":{\"@type\":\"PropertyValueSpecification\",\"valueRequired\":true,\"valueName\":\"search_term_string\"}}],\"inLanguage\":\"fr-FR\"}]}<\/script>\n<!-- \/ Yoast SEO plugin. -->","yoast_head_json":{"title":"21\u00e8me Festival du Film Francophone de Gr\u00e8ce - IFG","description":"Le Festival du Film Francophone de Gr\u00e8ce, la grande f\u00eate du meilleur du cin\u00e9ma francophone, vous donne rendez-vous du 6 au 14 avril 2021.","robots":{"index":"index","follow":"follow","max-snippet":"max-snippet:-1","max-image-preview":"max-image-preview:large","max-video-preview":"max-video-preview:-1"},"canonical":"https:\/\/www.ifg.gr\/events\/21o-festival-gallofonou-kinimatografou-tis-elladas\/","og_locale":"fr_FR","og_type":"article","og_title":"21\u00e8me Festival du Film Francophone de Gr\u00e8ce - IFG","og_description":"Le Festival du Film Francophone de Gr\u00e8ce, la grande f\u00eate du meilleur du cin\u00e9ma francophone, vous donne rendez-vous du 6 au 14 avril 2021.","og_url":"https:\/\/www.ifg.gr\/events\/21o-festival-gallofonou-kinimatografou-tis-elladas\/","og_site_name":"IFG","article_modified_time":"2021-04-09T13:13:47+00:00","og_image":[{"url":"https:\/\/www.ifg.gr\/wp-content\/uploads\/2020\/12\/image_test1.png","width":640,"height":427,"type":"image\/png"}],"twitter_card":"summary_large_image","twitter_misc":{"Dur\u00e9e de lecture estim\u00e9e":"1 minute"},"schema":{"@context":"https:\/\/schema.org","@graph":[{"@type":"WebPage","@id":"https:\/\/www.ifg.gr\/events\/21o-festival-gallofonou-kinimatografou-tis-elladas\/","url":"https:\/\/www.ifg.gr\/events\/21o-festival-gallofonou-kinimatografou-tis-elladas\/","name":"21\u00e8me Festival du Film Francophone de Gr\u00e8ce - IFG","isPartOf":{"@id":"https:\/\/www.ifg.gr\/#website"},"primaryImageOfPage":{"@id":"https:\/\/www.ifg.gr\/events\/21o-festival-gallofonou-kinimatografou-tis-elladas\/#primaryimage"},"image":{"@id":"https:\/\/www.ifg.gr\/events\/21o-festival-gallofonou-kinimatografou-tis-elladas\/#primaryimage"},"thumbnailUrl":"https:\/\/www.ifg.gr\/wp-content\/uploads\/2020\/12\/image_test1.png","datePublished":"2020-12-22T10:27:12+00:00","dateModified":"2021-04-09T13:13:47+00:00","description":"Le Festival du Film Francophone de Gr\u00e8ce, la grande f\u00eate du meilleur du cin\u00e9ma francophone, vous donne rendez-vous du 6 au 14 avril 2021.","breadcrumb":{"@id":"https:\/\/www.ifg.gr\/events\/21o-festival-gallofonou-kinimatografou-tis-elladas\/#breadcrumb"},"inLanguage":"fr-FR","potentialAction":[{"@type":"ReadAction","target":["https:\/\/www.ifg.gr\/events\/21o-festival-gallofonou-kinimatografou-tis-elladas\/"]}]},{"@type":"ImageObject","inLanguage":"fr-FR","@id":"https:\/\/www.ifg.gr\/events\/21o-festival-gallofonou-kinimatografou-tis-elladas\/#primaryimage","url":"https:\/\/www.ifg.gr\/wp-content\/uploads\/2020\/12\/image_test1.png","contentUrl":"https:\/\/www.ifg.gr\/wp-content\/uploads\/2020\/12\/image_test1.png","width":1200,"height":800},{"@type":"BreadcrumbList","@id":"https:\/\/www.ifg.gr\/events\/21o-festival-gallofonou-kinimatografou-tis-elladas\/#breadcrumb","itemListElement":[{"@type":"ListItem","position":1,"name":"Home","item":"https:\/\/www.ifg.gr\/fr\/"},{"@type":"ListItem","position":2,"name":"Events","item":"https:\/\/www.ifg.gr\/events\/"},{"@type":"ListItem","position":3,"name":"21\u00e8me Festival du Film Francophone de Gr\u00e8ce"}]},{"@type":"WebSite","@id":"https:\/\/www.ifg.gr\/#website","url":"https:\/\/www.ifg.gr\/","name":"IFG","description":"","potentialAction":[{"@type":"SearchAction","target":{"@type":"EntryPoint","urlTemplate":"https:\/\/www.ifg.gr\/?s={search_term_string}"},"query-input":{"@type":"PropertyValueSpecification","valueRequired":true,"valueName":"search_term_string"}}],"inLanguage":"fr-FR"}]}},"_links":{"self":[{"href":"https:\/\/www.ifg.gr\/fr\/wp-json\/wp\/v2\/event\/30164","targetHints":{"allow":["GET"]}}],"collection":[{"href":"https:\/\/www.ifg.gr\/fr\/wp-json\/wp\/v2\/event"}],"about":[{"href":"https:\/\/www.ifg.gr\/fr\/wp-json\/wp\/v2\/types\/event"}],"author":[{"embeddable":true,"href":"https:\/\/www.ifg.gr\/fr\/wp-json\/wp\/v2\/users\/1"}],"version-history":[{"count":0,"href":"https:\/\/www.ifg.gr\/fr\/wp-json\/wp\/v2\/event\/30164\/revisions"}],"wp:featuredmedia":[{"embeddable":true,"href":"https:\/\/www.ifg.gr\/fr\/wp-json\/wp\/v2\/media\/31523"}],"wp:attachment":[{"href":"https:\/\/www.ifg.gr\/fr\/wp-json\/wp\/v2\/media?parent=30164"}],"wp:term":[{"taxonomy":"post_tag","embeddable":true,"href":"https:\/\/www.ifg.gr\/fr\/wp-json\/wp\/v2\/tags?post=30164"},{"taxonomy":"event_category","embeddable":true,"href":"https:\/\/www.ifg.gr\/fr\/wp-json\/wp\/v2\/event_category?post=30164"},{"taxonomy":"event_group","embeddable":true,"href":"https:\/\/www.ifg.gr\/fr\/wp-json\/wp\/v2\/event_group?post=30164"}],"curies":[{"name":"wp","href":"https:\/\/api.w.org\/{rel}","templated":true}]}}