{"id":30931,"date":"2021-03-03T07:31:02","date_gmt":"2021-03-03T07:31:02","guid":{"rendered":"https:\/\/www.ifg.gr\/events\/diagonismos-dimiourgias-gallofonou-komik-me-thema-tin-epanastasi-tou-1821\/"},"modified":"2021-11-09T12:59:36","modified_gmt":"2021-11-09T12:59:36","slug":"concours-bd-1821","status":"publish","type":"event","link":"https:\/\/www.ifg.gr\/fr\/events\/concours-bd-1821\/","title":{"rendered":"Concours de cr\u00e9ation de BD francophone : \u00ab la R\u00e9volution grecque de 1821 \u00bb"},"content":{"rendered":"<p>\u00c0 l\u2019occasion du <strong>bicentenaire de la R\u00e9volution grecque de 1821<\/strong>, l\u2019Institut fran\u00e7ais de Gr\u00e8ce organise en collaboration avec le Mus\u00e9e National Historique et la Biblioth\u00e8que nationale de France (BnF) un concours de cr\u00e9ation de BD en fran\u00e7ais, <strong>\u00e0 l&rsquo;aide d\u2019un outil gratuit<\/strong> accessible depuis ordinateur, smartphone ou tablette : <strong>BDNF \u2013 La fabrique \u00e0 BD.<\/strong><\/p>\n<p>En quelques clics, les participants pourront cr\u00e9er <strong>une page de BD en fran\u00e7ais ou un<\/strong> <strong>m\u00e8me<\/strong> (c\u2019est-\u00e0-dire une case unique) \u00e0 partir de leurs documents ou \u00e0 partir d\u2019images provenant des archives du Mus\u00e9e National Historique de Gr\u00e8ce et de la Biblioth\u00e8que Nationale de France, t\u00e9l\u00e9chargeables depuis le site d\u00e9di\u00e9 de la BnF.<\/p>\n<p>Les plus belles cr\u00e9ations seront mises en ligne sur les r\u00e9seaux sociaux de l\u2019IFG et seront r\u00e9compens\u00e9es par le <strong>prix des \u00e9coles<\/strong> et le <strong>prix du grand public<\/strong>, d\u00e9cern\u00e9s par un jury qui r\u00e9unira le Mus\u00e9e Nationale Historique, l\u2019IFG et un comit\u00e9 d\u2019experts grecs.<\/p>\n<p>Les \u0153uvres gagnantes seront expos\u00e9es dans les murs de l\u2019Institut fran\u00e7ais de Gr\u00e8ce.<\/p>\n<p>Pour d\u00e9couvrir l\u2019application : <a href=\"https:\/\/vimeo.com\/387383287\" target=\"_blank\" rel=\"noopener noreferrer\">https:\/\/vimeo.com\/387383287<\/a><\/p>\n<p><strong>Dur\u00e9e :\u00a0<\/strong><\/p>\n<p>Grand public : 17 mai \u2013 26 novembre 2021<br \/>\nPublic scolaire : 27 septembre \u2013 26 novembre 2021<\/p>\n<p><strong>Comment participer :<\/strong><\/p>\n<p>Rendez-vous \u00e0 l\u2019adresse <a href=\"https:\/\/bdnf.bnf.fr\/\" target=\"_blank\" rel=\"noopener\">https:\/\/bdnf.bnf.fr\/<\/a> pour t\u00e9l\u00e9charger l\u2019application.<\/p>\n<p>Pour vous lancer vous pouvez utiliser un des mod\u00e8les inclus dans l\u2019application, enrichir vos cr\u00e9ations avec des figures et objets issus des collections de la BnF et du Mus\u00e9e Historique National grec (collections disponibles ici <a href=\"https:\/\/bdnf.bnf.fr\/corpus.html\" target=\"_blank\" rel=\"noopener\">https:\/\/bdnf.bnf.fr\/corpus.html<\/a>) ou laisser libre cours \u00e0 votre cr\u00e9ativit\u00e9 et cr\u00e9er votre propre \u0153uvre, en utilisant vos propres fichiers.<\/p>\n<p><a href=\"https:\/\/www.ifg.gr\/wp-content\/uploads\/2021\/05\/concours-BD-1821-reglement.pdf\" target=\"_blank\" rel=\"noopener\">R\u00e8glement \u00e0 t\u00e9l\u00e9charger<\/a><\/p>\n<p>Envoyez vos cr\u00e9ations par e-mail, \u00e0 l\u2019aide de <strong>WeTransfer<\/strong>, \u00e0 l\u2019adresse : <a href=\"mailto:audiovisuel@ifg.gr\" target=\"_blank\" rel=\"noopener\">audiovisuel@ifg.gr<\/a><\/p>\n<p>N\u2019h\u00e9sitez pas \u00e0 publier via les r\u00e9seaux sociaux avec les hashtags : <strong>#FranceGrece200ans <\/strong>et<strong> #BD1821<\/strong><\/p>\n<p>\u2022 sur <strong>Twitter<\/strong>, taguez le compte <a href=\"https:\/\/twitter.com\/IFAgr\" target=\"_blank\" rel=\"noopener\">@IFAgr<\/a><br \/>\n\u2022 sur <strong>Facebook<\/strong>, d\u00e9posez un commentaire <a href=\"https:\/\/www.facebook.com\/institutfrancaisdegrece\" target=\"_blank\" rel=\"noopener\">@institutfrancaisdegrece<\/a><br \/>\n\u2022 sur <strong>Instagram<\/strong>, taguez le compte <a href=\"https:\/\/www.instagram.com\/institutfrancaisgrece\/\" target=\"_blank\" rel=\"noopener\">@institutfrancaisgrece<\/a><\/p>\n","protected":false},"excerpt":{"rendered":"<p>L\u2019IFG, en collaboration avec le Mus\u00e9e National Historique et la BnF, vous invite \u00e0 cr\u00e9er vos propres bandes dessin\u00e9es.<\/p>\n","protected":false},"author":1,"featured_media":32394,"template":"","tags":[],"event_category":[],"event_group":[987],"class_list":["post-30931","event","type-event","status-publish","has-post-thumbnail","hentry","event_group-france-grece-200-ans-amitie"],"acf":{"sponsors_default":false,"featured_image_credits":"","info_title":"","info_text":"","date_range":{"start":"17\/05\/2021","end":"26\/11\/2021","cancelled":false,"note":"","start_time":"","end_time":""},"details":{"location":"","hyperlink1a":{"text":"","link":""},"price":"","hyperlink2a":{"text":"","link":""},"online_event":true,"live_streaming":false,"live_streaming_code":"","facebook_url":"","hyperlink":{"text":"D\u00e9couvrez l\u2019application","link":"https:\/\/vimeo.com\/387383287"},"hyperlink2":{"text":"Conditions de participation ","link":"https:\/\/www.ifg.gr\/wp-content\/uploads\/2021\/05\/concours-BD-1821-reglement.pdf"},"hyperlink3":{"text":"","link":""},"press_release":false},"home_slider_image":{"ID":32390,"id":32390,"title":"Concours_BD_1821_1300x768","filename":"Concours_BD_1821_1300x768-scaled.jpg","filesize":395087,"url":"https:\/\/www.ifg.gr\/wp-content\/uploads\/2021\/03\/Concours_BD_1821_1300x768-scaled.jpg","link":"https:\/\/www.ifg.gr\/fr\/events\/concours-bd-1821\/concours_bd_1821_1300x768-2\/","alt":"","author":"1","description":"Concours_BD","caption":"","name":"concours_bd_1821_1300x768-2","status":"inherit","uploaded_to":30931,"date":"2021-05-11 08:50:58","modified":"2021-05-11 08:54:29","menu_order":0,"mime_type":"image\/jpeg","type":"image","subtype":"jpeg","icon":"https:\/\/www.ifg.gr\/wp-includes\/images\/media\/default.png","width":2560,"height":1513,"sizes":{"thumbnail":"https:\/\/www.ifg.gr\/wp-content\/uploads\/2021\/03\/Concours_BD_1821_1300x768-scaled.jpg","thumbnail-width":150,"thumbnail-height":89,"medium":"https:\/\/www.ifg.gr\/wp-content\/uploads\/2021\/03\/Concours_BD_1821_1300x768-scaled.jpg","medium-width":300,"medium-height":177,"medium_large":"https:\/\/www.ifg.gr\/wp-content\/uploads\/2021\/03\/Concours_BD_1821_1300x768-768x454.jpg","medium_large-width":640,"medium_large-height":378,"large":"https:\/\/www.ifg.gr\/wp-content\/uploads\/2021\/03\/Concours_BD_1821_1300x768-scaled.jpg","large-width":640,"large-height":378,"1536x1536":"https:\/\/www.ifg.gr\/wp-content\/uploads\/2021\/03\/Concours_BD_1821_1300x768-1536x908.jpg","1536x1536-width":1536,"1536x1536-height":908,"2048x2048":"https:\/\/www.ifg.gr\/wp-content\/uploads\/2021\/03\/Concours_BD_1821_1300x768-2048x1210.jpg","2048x2048-width":2048,"2048x2048-height":1210,"full-width":"https:\/\/www.ifg.gr\/wp-content\/uploads\/2021\/03\/Concours_BD_1821_1300x768-1920x1134.jpg","full-width-width":1920,"full-width-height":1134,"sidebar":"https:\/\/www.ifg.gr\/wp-content\/uploads\/2021\/03\/Concours_BD_1821_1300x768-1693x1000.jpg","sidebar-width":1693,"sidebar-height":1000,"thumb-sm":"https:\/\/www.ifg.gr\/wp-content\/uploads\/2021\/03\/Concours_BD_1821_1300x768-220x130.jpg","thumb-sm-width":220,"thumb-sm-height":130,"thumb-square":"https:\/\/www.ifg.gr\/wp-content\/uploads\/2021\/03\/Concours_BD_1821_1300x768-300x300.jpg","thumb-square-width":300,"thumb-square-height":300,"thumb-big":"https:\/\/www.ifg.gr\/wp-content\/uploads\/2021\/03\/Concours_BD_1821_1300x768-600x400.jpg","thumb-big-width":600,"thumb-big-height":400,"slider-big":"https:\/\/www.ifg.gr\/wp-content\/uploads\/2021\/03\/Concours_BD_1821_1300x768-1315x768.jpg","slider-big-width":1315,"slider-big-height":768}},"sponsors_group":false,"layout":false},"yoast_head":"<!-- This site is optimized with the Yoast SEO plugin v26.8 - https:\/\/yoast.com\/product\/yoast-seo-wordpress\/ -->\n<title>Concours de cr\u00e9ation de BD francophone : la R\u00e9volution grecque de 1821<\/title>\n<meta name=\"description\" content=\"L\u2019Institut fran\u00e7ais de Gr\u00e8ce invite le public \u00e0 cr\u00e9er ses propres bandes dessin\u00e9es consacr\u00e9es \u00e0 1821, gr\u00e2ce \u00e0 une application innovante.\" \/>\n<meta name=\"robots\" content=\"index, follow, max-snippet:-1, max-image-preview:large, max-video-preview:-1\" \/>\n<link rel=\"canonical\" href=\"https:\/\/www.ifg.gr\/fr\/events\/concours-bd-1821\/\" \/>\n<meta property=\"og:locale\" content=\"fr_FR\" \/>\n<meta property=\"og:type\" content=\"article\" \/>\n<meta property=\"og:title\" content=\"Concours de cr\u00e9ation de BD francophone : la R\u00e9volution grecque de 1821\" \/>\n<meta property=\"og:description\" content=\"L\u2019Institut fran\u00e7ais de Gr\u00e8ce invite le public \u00e0 cr\u00e9er ses propres bandes dessin\u00e9es consacr\u00e9es \u00e0 1821, gr\u00e2ce \u00e0 une application innovante.\" \/>\n<meta property=\"og:url\" content=\"https:\/\/www.ifg.gr\/fr\/events\/concours-bd-1821\/\" \/>\n<meta property=\"og:site_name\" content=\"IFG\" \/>\n<meta property=\"article:modified_time\" content=\"2021-11-09T12:59:36+00:00\" \/>\n<meta property=\"og:image\" content=\"https:\/\/www.ifg.gr\/wp-content\/uploads\/2021\/03\/Concours_BD_1821_1200X800.jpg\" \/>\n\t<meta property=\"og:image:width\" content=\"2500\" \/>\n\t<meta property=\"og:image:height\" content=\"1667\" \/>\n\t<meta property=\"og:image:type\" content=\"image\/jpeg\" \/>\n<meta name=\"twitter:card\" content=\"summary_large_image\" \/>\n<meta name=\"twitter:label1\" content=\"Dur\u00e9e de lecture estim\u00e9e\" \/>\n\t<meta name=\"twitter:data1\" content=\"2 minutes\" \/>\n<script type=\"application\/ld+json\" class=\"yoast-schema-graph\">{\"@context\":\"https:\/\/schema.org\",\"@graph\":[{\"@type\":\"WebPage\",\"@id\":\"https:\/\/www.ifg.gr\/fr\/events\/concours-bd-1821\/\",\"url\":\"https:\/\/www.ifg.gr\/fr\/events\/concours-bd-1821\/\",\"name\":\"Concours de cr\u00e9ation de BD francophone : la R\u00e9volution grecque de 1821\",\"isPartOf\":{\"@id\":\"https:\/\/www.ifg.gr\/#website\"},\"primaryImageOfPage\":{\"@id\":\"https:\/\/www.ifg.gr\/fr\/events\/concours-bd-1821\/#primaryimage\"},\"image\":{\"@id\":\"https:\/\/www.ifg.gr\/fr\/events\/concours-bd-1821\/#primaryimage\"},\"thumbnailUrl\":\"https:\/\/www.ifg.gr\/wp-content\/uploads\/2021\/03\/Concours_BD_1821_1200X800.jpg\",\"datePublished\":\"2021-03-03T07:31:02+00:00\",\"dateModified\":\"2021-11-09T12:59:36+00:00\",\"description\":\"L\u2019Institut fran\u00e7ais de Gr\u00e8ce invite le public \u00e0 cr\u00e9er ses propres bandes dessin\u00e9es consacr\u00e9es \u00e0 1821, gr\u00e2ce \u00e0 une application innovante.\",\"breadcrumb\":{\"@id\":\"https:\/\/www.ifg.gr\/fr\/events\/concours-bd-1821\/#breadcrumb\"},\"inLanguage\":\"fr-FR\",\"potentialAction\":[{\"@type\":\"ReadAction\",\"target\":[\"https:\/\/www.ifg.gr\/fr\/events\/concours-bd-1821\/\"]}]},{\"@type\":\"ImageObject\",\"inLanguage\":\"fr-FR\",\"@id\":\"https:\/\/www.ifg.gr\/fr\/events\/concours-bd-1821\/#primaryimage\",\"url\":\"https:\/\/www.ifg.gr\/wp-content\/uploads\/2021\/03\/Concours_BD_1821_1200X800.jpg\",\"contentUrl\":\"https:\/\/www.ifg.gr\/wp-content\/uploads\/2021\/03\/Concours_BD_1821_1200X800.jpg\",\"width\":2500,\"height\":1667},{\"@type\":\"BreadcrumbList\",\"@id\":\"https:\/\/www.ifg.gr\/fr\/events\/concours-bd-1821\/#breadcrumb\",\"itemListElement\":[{\"@type\":\"ListItem\",\"position\":1,\"name\":\"Home\",\"item\":\"https:\/\/www.ifg.gr\/fr\/\"},{\"@type\":\"ListItem\",\"position\":2,\"name\":\"Events\",\"item\":\"https:\/\/www.ifg.gr\/events\/\"},{\"@type\":\"ListItem\",\"position\":3,\"name\":\"Concours de cr\u00e9ation de BD francophone : \u00ab la R\u00e9volution grecque de 1821 \u00bb\"}]},{\"@type\":\"WebSite\",\"@id\":\"https:\/\/www.ifg.gr\/#website\",\"url\":\"https:\/\/www.ifg.gr\/\",\"name\":\"IFG\",\"description\":\"\",\"potentialAction\":[{\"@type\":\"SearchAction\",\"target\":{\"@type\":\"EntryPoint\",\"urlTemplate\":\"https:\/\/www.ifg.gr\/?s={search_term_string}\"},\"query-input\":{\"@type\":\"PropertyValueSpecification\",\"valueRequired\":true,\"valueName\":\"search_term_string\"}}],\"inLanguage\":\"fr-FR\"}]}<\/script>\n<!-- \/ Yoast SEO plugin. -->","yoast_head_json":{"title":"Concours de cr\u00e9ation de BD francophone : la R\u00e9volution grecque de 1821","description":"L\u2019Institut fran\u00e7ais de Gr\u00e8ce invite le public \u00e0 cr\u00e9er ses propres bandes dessin\u00e9es consacr\u00e9es \u00e0 1821, gr\u00e2ce \u00e0 une application innovante.","robots":{"index":"index","follow":"follow","max-snippet":"max-snippet:-1","max-image-preview":"max-image-preview:large","max-video-preview":"max-video-preview:-1"},"canonical":"https:\/\/www.ifg.gr\/fr\/events\/concours-bd-1821\/","og_locale":"fr_FR","og_type":"article","og_title":"Concours de cr\u00e9ation de BD francophone : la R\u00e9volution grecque de 1821","og_description":"L\u2019Institut fran\u00e7ais de Gr\u00e8ce invite le public \u00e0 cr\u00e9er ses propres bandes dessin\u00e9es consacr\u00e9es \u00e0 1821, gr\u00e2ce \u00e0 une application innovante.","og_url":"https:\/\/www.ifg.gr\/fr\/events\/concours-bd-1821\/","og_site_name":"IFG","article_modified_time":"2021-11-09T12:59:36+00:00","og_image":[{"width":2500,"height":1667,"url":"https:\/\/www.ifg.gr\/wp-content\/uploads\/2021\/03\/Concours_BD_1821_1200X800.jpg","type":"image\/jpeg"}],"twitter_card":"summary_large_image","twitter_misc":{"Dur\u00e9e de lecture estim\u00e9e":"2 minutes"},"schema":{"@context":"https:\/\/schema.org","@graph":[{"@type":"WebPage","@id":"https:\/\/www.ifg.gr\/fr\/events\/concours-bd-1821\/","url":"https:\/\/www.ifg.gr\/fr\/events\/concours-bd-1821\/","name":"Concours de cr\u00e9ation de BD francophone : la R\u00e9volution grecque de 1821","isPartOf":{"@id":"https:\/\/www.ifg.gr\/#website"},"primaryImageOfPage":{"@id":"https:\/\/www.ifg.gr\/fr\/events\/concours-bd-1821\/#primaryimage"},"image":{"@id":"https:\/\/www.ifg.gr\/fr\/events\/concours-bd-1821\/#primaryimage"},"thumbnailUrl":"https:\/\/www.ifg.gr\/wp-content\/uploads\/2021\/03\/Concours_BD_1821_1200X800.jpg","datePublished":"2021-03-03T07:31:02+00:00","dateModified":"2021-11-09T12:59:36+00:00","description":"L\u2019Institut fran\u00e7ais de Gr\u00e8ce invite le public \u00e0 cr\u00e9er ses propres bandes dessin\u00e9es consacr\u00e9es \u00e0 1821, gr\u00e2ce \u00e0 une application innovante.","breadcrumb":{"@id":"https:\/\/www.ifg.gr\/fr\/events\/concours-bd-1821\/#breadcrumb"},"inLanguage":"fr-FR","potentialAction":[{"@type":"ReadAction","target":["https:\/\/www.ifg.gr\/fr\/events\/concours-bd-1821\/"]}]},{"@type":"ImageObject","inLanguage":"fr-FR","@id":"https:\/\/www.ifg.gr\/fr\/events\/concours-bd-1821\/#primaryimage","url":"https:\/\/www.ifg.gr\/wp-content\/uploads\/2021\/03\/Concours_BD_1821_1200X800.jpg","contentUrl":"https:\/\/www.ifg.gr\/wp-content\/uploads\/2021\/03\/Concours_BD_1821_1200X800.jpg","width":2500,"height":1667},{"@type":"BreadcrumbList","@id":"https:\/\/www.ifg.gr\/fr\/events\/concours-bd-1821\/#breadcrumb","itemListElement":[{"@type":"ListItem","position":1,"name":"Home","item":"https:\/\/www.ifg.gr\/fr\/"},{"@type":"ListItem","position":2,"name":"Events","item":"https:\/\/www.ifg.gr\/events\/"},{"@type":"ListItem","position":3,"name":"Concours de cr\u00e9ation de BD francophone : \u00ab la R\u00e9volution grecque de 1821 \u00bb"}]},{"@type":"WebSite","@id":"https:\/\/www.ifg.gr\/#website","url":"https:\/\/www.ifg.gr\/","name":"IFG","description":"","potentialAction":[{"@type":"SearchAction","target":{"@type":"EntryPoint","urlTemplate":"https:\/\/www.ifg.gr\/?s={search_term_string}"},"query-input":{"@type":"PropertyValueSpecification","valueRequired":true,"valueName":"search_term_string"}}],"inLanguage":"fr-FR"}]}},"_links":{"self":[{"href":"https:\/\/www.ifg.gr\/fr\/wp-json\/wp\/v2\/event\/30931","targetHints":{"allow":["GET"]}}],"collection":[{"href":"https:\/\/www.ifg.gr\/fr\/wp-json\/wp\/v2\/event"}],"about":[{"href":"https:\/\/www.ifg.gr\/fr\/wp-json\/wp\/v2\/types\/event"}],"author":[{"embeddable":true,"href":"https:\/\/www.ifg.gr\/fr\/wp-json\/wp\/v2\/users\/1"}],"version-history":[{"count":0,"href":"https:\/\/www.ifg.gr\/fr\/wp-json\/wp\/v2\/event\/30931\/revisions"}],"wp:featuredmedia":[{"embeddable":true,"href":"https:\/\/www.ifg.gr\/fr\/wp-json\/wp\/v2\/media\/32394"}],"wp:attachment":[{"href":"https:\/\/www.ifg.gr\/fr\/wp-json\/wp\/v2\/media?parent=30931"}],"wp:term":[{"taxonomy":"post_tag","embeddable":true,"href":"https:\/\/www.ifg.gr\/fr\/wp-json\/wp\/v2\/tags?post=30931"},{"taxonomy":"event_category","embeddable":true,"href":"https:\/\/www.ifg.gr\/fr\/wp-json\/wp\/v2\/event_category?post=30931"},{"taxonomy":"event_group","embeddable":true,"href":"https:\/\/www.ifg.gr\/fr\/wp-json\/wp\/v2\/event_group?post=30931"}],"curies":[{"name":"wp","href":"https:\/\/api.w.org\/{rel}","templated":true}]}}