{"id":31216,"date":"2021-03-23T13:55:35","date_gmt":"2021-03-23T13:55:35","guid":{"rendered":"https:\/\/www.ifg.gr\/?post_type=event&#038;p=31216"},"modified":"2021-03-30T08:59:33","modified_gmt":"2021-03-30T08:59:33","slug":"table-ronde-la-democratie-grecque-en-heritage","status":"publish","type":"event","link":"https:\/\/www.ifg.gr\/fr\/events\/table-ronde-la-democratie-grecque-en-heritage\/","title":{"rendered":"Table ronde : La d\u00e9mocratie grecque en h\u00e9ritage"},"content":{"rendered":"<p>Suivez la Table ronde <strong><a href=\"https:\/\/zoom.us\/j\/98365803354\" target=\"_blank\" rel=\"noopener noreferrer\">via la plateforme Zoom<\/a>.<\/strong> Vous pouvez poser des questions via l\u2019onglet Q&amp;R.<\/p>\n<p><strong>La Gr\u00e8ce a l\u00e9gu\u00e9 \u00e0 l\u2019Europe la d\u00e9mocratie<\/strong> : cet h\u00e9ritage est l\u2019une des raisons d\u2019\u00eatre des liens qui nous attachent \u00e0 ce pays et le fondement de nos valeurs europ\u00e9ennes.<\/p>\n<p>Pourtant, dans la droite ligne du questionnement actuel sur le fonctionnement des d\u00e9mocraties, cet h\u00e9ritage de l\u2019Antiquit\u00e9 grecque n\u2019a pas manqu\u00e9 d\u2019\u00eatre interpel\u00e9, et parfois mis en cause : cette d\u00e9mocratie antique n\u2019en aurait que le nom car elle excluait certaines cat\u00e9gories de population, elle aurait \u00e9t\u00e9 impuissante \u00e0 \u00e9viter les guerres civiles, elle ne saurait compter parmi les syst\u00e8mes institutionnels de r\u00e9f\u00e9rence.<\/p>\n<p>La d\u00e9mocratie grecque de l\u2019Antiquit\u00e9 peut-elle vraiment servir de principe et de mod\u00e8le \u00e0 nos d\u00e9mocraties europ\u00e9ennes ? Qu\u2019\u00e9tait exactement ce mod\u00e8le ? Est-il plus fantasm\u00e9 que r\u00e9el ? Comment son image \u00e9volue-t-elle \u00e0 travers le temps ?<\/p>\n<p>A l\u2019occasion du <a href=\"https:\/\/www.ifg.gr\/fr\/news\/france-grece-200-ans-amitie-partenariats\/\" target=\"_blank\" rel=\"noopener noreferrer\">bicentenaire de la r\u00e9volution grecque<\/a>, l\u2019<strong>Institut fran\u00e7ais de Gr\u00e8ce<\/strong> et l\u2019<a href=\"https:\/\/www.efa.gr\/fr\/\" target=\"_blank\" rel=\"noopener noreferrer\">Ecole fran\u00e7aise d\u2019Ath\u00e8nes<\/a> vous proposent, le 1er avril 2021 \u00e0 19h00 sur le site internet de l\u2019IFG, une table ronde sur ces questions, avec :<\/p>\n<p>&#8211; <strong>Vana NICOLAIDOU-KYRIANIDOU<\/strong>, professeure de philosophie politique, pr\u00e9sidente du d\u00e9partement de philosophie de l\u2019Universit\u00e9 nationale et capodistrienne d\u2019Ath\u00e8nes.<\/p>\n<p>&#8211; <strong>Patrick BOUCHERON,<\/strong> professeur au Coll\u00e8ge de France, titulaire de la Chaire \u00ab Histoire des pouvoirs en Europe occidentale, XIIIe-XVIe si\u00e8cle \u00bb.<\/p>\n<p>&#8211; <strong>Georges FARAKLAS<\/strong>, professeur de philosophie politique, Universit\u00e9 Panteion.<\/p>\n<p>&#8211; <strong>Paulin ISMARD<\/strong>, professeur d&rsquo;histoire de la Gr\u00e8ce ancienne \u00e0 Aix-Marseille Universit\u00e9, membre de l&rsquo;Institut universitaire de France.<\/p>\n<p>La table ronde sera <strong>anim\u00e9e<\/strong> par la directrice de l\u2019EFA, <strong>V\u00e9ronique CHANKOWSKI,<\/strong> professeure d\u2019histoire grecque de l\u2019Universit\u00e9 Lyon 2.<\/p>\n","protected":false},"excerpt":{"rendered":"<p>A l\u2019occasion du bicentenaire de la r\u00e9volution grecque, l\u2019IFG et l\u2019Ecole fran\u00e7aise d\u2019Ath\u00e8nes proposent une table ronde sur la d\u00e9mocratie.<\/p>\n","protected":false},"author":1,"featured_media":31214,"template":"","tags":[],"event_category":[875],"event_group":[987],"class_list":["post-31216","event","type-event","status-publish","has-post-thumbnail","hentry","event_category-debat-didees-et-sciences","event_group-france-grece-200-ans-amitie"],"acf":{"featured_image_credits":"","sponsors_default":false,"info_title":"","info_text":"","date_range":{"start":"01\/04\/2021","end":"","cancelled":false,"note":"","start_time":"19:00","end_time":""},"details":{"location":"","hyperlink1a":{"text":"","link":""},"price":"","hyperlink2a":{"text":"","link":""},"online_event":true,"live_streaming":false,"live_streaming_code":"<iframe allowfullscreen width=\"640\" height=\"390\" class=\"flowplayer fp-slim fp-edgy\" frameborder=\"0\" scrolling=\"no\" src=\"https:\/\/diavlos.grnet.gr\/en\/room\/3184?eventid=8886&stream_lang=fr&embed=true&width=640\"><\/iframe>","facebook_url":"https:\/\/www.facebook.com\/events\/1102858276898564\/","hyperlink":{"text":"Suivez la Table ronde via Zoom","link":"https:\/\/zoom.us\/j\/98365803354"},"hyperlink2":{"text":"","link":""},"hyperlink3":{"text":"","link":""},"press_release":false},"home_slider_image":false,"sponsors_group":[{"group_title":"","banners":[{"image":{"ID":31230,"id":31230,"title":"200 ANS LOGO COLOR BEIGE BACKROUND 200","filename":"200-ANS-LOGO-COLOR-BEIGE-BACKROUND-200.png","filesize":37254,"url":"https:\/\/www.ifg.gr\/wp-content\/uploads\/2021\/03\/200-ANS-LOGO-COLOR-BEIGE-BACKROUND-200.png","link":"https:\/\/www.ifg.gr\/fr\/events\/table-ronde-la-democratie-grecque-en-heritage\/200-ans-logo-color-beige-backround-200-2\/","alt":"","author":"1","description":"","caption":"","name":"200-ans-logo-color-beige-backround-200-2","status":"inherit","uploaded_to":31216,"date":"2021-03-23 15:24:15","modified":"2021-03-23 15:24:15","menu_order":0,"mime_type":"image\/png","type":"image","subtype":"png","icon":"https:\/\/www.ifg.gr\/wp-includes\/images\/media\/default.png","width":200,"height":252,"sizes":{"thumbnail":"https:\/\/www.ifg.gr\/wp-content\/uploads\/2021\/03\/200-ANS-LOGO-COLOR-BEIGE-BACKROUND-200.png","thumbnail-width":119,"thumbnail-height":150,"medium":"https:\/\/www.ifg.gr\/wp-content\/uploads\/2021\/03\/200-ANS-LOGO-COLOR-BEIGE-BACKROUND-200.png","medium-width":200,"medium-height":252,"medium_large":"https:\/\/www.ifg.gr\/wp-content\/uploads\/2021\/03\/200-ANS-LOGO-COLOR-BEIGE-BACKROUND-200.png","medium_large-width":200,"medium_large-height":252,"large":"https:\/\/www.ifg.gr\/wp-content\/uploads\/2021\/03\/200-ANS-LOGO-COLOR-BEIGE-BACKROUND-200.png","large-width":200,"large-height":252,"1536x1536":"https:\/\/www.ifg.gr\/wp-content\/uploads\/2021\/03\/200-ANS-LOGO-COLOR-BEIGE-BACKROUND-200.png","1536x1536-width":200,"1536x1536-height":252,"2048x2048":"https:\/\/www.ifg.gr\/wp-content\/uploads\/2021\/03\/200-ANS-LOGO-COLOR-BEIGE-BACKROUND-200.png","2048x2048-width":200,"2048x2048-height":252,"full-width":"https:\/\/www.ifg.gr\/wp-content\/uploads\/2021\/03\/200-ANS-LOGO-COLOR-BEIGE-BACKROUND-200.png","full-width-width":200,"full-width-height":252,"sidebar":"https:\/\/www.ifg.gr\/wp-content\/uploads\/2021\/03\/200-ANS-LOGO-COLOR-BEIGE-BACKROUND-200.png","sidebar-width":200,"sidebar-height":252,"thumb-sm":"https:\/\/www.ifg.gr\/wp-content\/uploads\/2021\/03\/200-ANS-LOGO-COLOR-BEIGE-BACKROUND-200-103x130.png","thumb-sm-width":103,"thumb-sm-height":130,"thumb-square":"https:\/\/www.ifg.gr\/wp-content\/uploads\/2021\/03\/200-ANS-LOGO-COLOR-BEIGE-BACKROUND-200.png","thumb-square-width":200,"thumb-square-height":252,"thumb-big":"https:\/\/www.ifg.gr\/wp-content\/uploads\/2021\/03\/200-ANS-LOGO-COLOR-BEIGE-BACKROUND-200.png","thumb-big-width":200,"thumb-big-height":252,"slider-big":"https:\/\/www.ifg.gr\/wp-content\/uploads\/2021\/03\/200-ANS-LOGO-COLOR-BEIGE-BACKROUND-200.png","slider-big-width":200,"slider-big-height":252}},"link":"https:\/\/www.ifg.gr\/fr\/news\/france-grece-200-ans-amitie-partenariats\/"},{"image":{"ID":31224,"id":31224,"title":"LOGO EFA CT 200","filename":"LOGO-EFA-CT-200.png","filesize":11866,"url":"https:\/\/www.ifg.gr\/wp-content\/uploads\/2021\/03\/LOGO-EFA-CT-200.png","link":"https:\/\/www.ifg.gr\/fr\/events\/table-ronde-la-democratie-grecque-en-heritage\/logo-efa-ct-200-2\/","alt":"","author":"1","description":"EFA","caption":"efa","name":"logo-efa-ct-200-2","status":"inherit","uploaded_to":31216,"date":"2021-03-23 15:13:54","modified":"2021-03-23 15:14:01","menu_order":0,"mime_type":"image\/png","type":"image","subtype":"png","icon":"https:\/\/www.ifg.gr\/wp-includes\/images\/media\/default.png","width":200,"height":187,"sizes":{"thumbnail":"https:\/\/www.ifg.gr\/wp-content\/uploads\/2021\/03\/LOGO-EFA-CT-200.png","thumbnail-width":150,"thumbnail-height":140,"medium":"https:\/\/www.ifg.gr\/wp-content\/uploads\/2021\/03\/LOGO-EFA-CT-200.png","medium-width":200,"medium-height":187,"medium_large":"https:\/\/www.ifg.gr\/wp-content\/uploads\/2021\/03\/LOGO-EFA-CT-200.png","medium_large-width":200,"medium_large-height":187,"large":"https:\/\/www.ifg.gr\/wp-content\/uploads\/2021\/03\/LOGO-EFA-CT-200.png","large-width":200,"large-height":187,"1536x1536":"https:\/\/www.ifg.gr\/wp-content\/uploads\/2021\/03\/LOGO-EFA-CT-200.png","1536x1536-width":200,"1536x1536-height":187,"2048x2048":"https:\/\/www.ifg.gr\/wp-content\/uploads\/2021\/03\/LOGO-EFA-CT-200.png","2048x2048-width":200,"2048x2048-height":187,"full-width":"https:\/\/www.ifg.gr\/wp-content\/uploads\/2021\/03\/LOGO-EFA-CT-200.png","full-width-width":200,"full-width-height":187,"sidebar":"https:\/\/www.ifg.gr\/wp-content\/uploads\/2021\/03\/LOGO-EFA-CT-200.png","sidebar-width":200,"sidebar-height":187,"thumb-sm":"https:\/\/www.ifg.gr\/wp-content\/uploads\/2021\/03\/LOGO-EFA-CT-200-139x130.png","thumb-sm-width":139,"thumb-sm-height":130,"thumb-square":"https:\/\/www.ifg.gr\/wp-content\/uploads\/2021\/03\/LOGO-EFA-CT-200.png","thumb-square-width":200,"thumb-square-height":187,"thumb-big":"https:\/\/www.ifg.gr\/wp-content\/uploads\/2021\/03\/LOGO-EFA-CT-200.png","thumb-big-width":200,"thumb-big-height":187,"slider-big":"https:\/\/www.ifg.gr\/wp-content\/uploads\/2021\/03\/LOGO-EFA-CT-200.png","slider-big-width":200,"slider-big-height":187}},"link":"https:\/\/www.efa.gr\/fr\/"}]}],"layout":false},"yoast_head":"<!-- This site is optimized with the Yoast SEO plugin v26.8 - https:\/\/yoast.com\/product\/yoast-seo-wordpress\/ -->\n<title>Table ronde : La d\u00e9mocratie grecque en h\u00e9ritage - IFG - EFA<\/title>\n<meta name=\"description\" content=\"A l\u2019occasion du bicentenaire de la r\u00e9volution hell\u00e9nique, l\u2019IFG et l\u2019Ecole fran\u00e7aise d\u2019Ath\u00e8nes proposent une table ronde sur la d\u00e9mocratie.\" \/>\n<meta name=\"robots\" content=\"index, follow, max-snippet:-1, max-image-preview:large, max-video-preview:-1\" \/>\n<link rel=\"canonical\" href=\"https:\/\/www.ifg.gr\/fr\/events\/table-ronde-la-democratie-grecque-en-heritage\/\" \/>\n<meta property=\"og:locale\" content=\"fr_FR\" \/>\n<meta property=\"og:type\" content=\"article\" \/>\n<meta property=\"og:title\" content=\"Table ronde : La d\u00e9mocratie grecque en h\u00e9ritage - IFG - EFA\" \/>\n<meta property=\"og:description\" content=\"A l\u2019occasion du bicentenaire de la r\u00e9volution hell\u00e9nique, l\u2019IFG et l\u2019Ecole fran\u00e7aise d\u2019Ath\u00e8nes proposent une table ronde sur la d\u00e9mocratie.\" \/>\n<meta property=\"og:url\" content=\"https:\/\/www.ifg.gr\/fr\/events\/table-ronde-la-democratie-grecque-en-heritage\/\" \/>\n<meta property=\"og:site_name\" content=\"IFG\" \/>\n<meta property=\"article:modified_time\" content=\"2021-03-30T08:59:33+00:00\" \/>\n<meta property=\"og:image\" content=\"https:\/\/www.ifg.gr\/wp-content\/uploads\/2021\/03\/Democratie_WEBSITE_1200x800-scaled.jpg\" \/>\n\t<meta property=\"og:image:width\" content=\"2560\" \/>\n\t<meta property=\"og:image:height\" content=\"1706\" \/>\n\t<meta property=\"og:image:type\" content=\"image\/jpeg\" \/>\n<meta name=\"twitter:card\" content=\"summary_large_image\" \/>\n<meta name=\"twitter:label1\" content=\"Dur\u00e9e de lecture estim\u00e9e\" \/>\n\t<meta name=\"twitter:data1\" content=\"2 minutes\" \/>\n<script type=\"application\/ld+json\" class=\"yoast-schema-graph\">{\"@context\":\"https:\/\/schema.org\",\"@graph\":[{\"@type\":\"WebPage\",\"@id\":\"https:\/\/www.ifg.gr\/fr\/events\/table-ronde-la-democratie-grecque-en-heritage\/\",\"url\":\"https:\/\/www.ifg.gr\/fr\/events\/table-ronde-la-democratie-grecque-en-heritage\/\",\"name\":\"Table ronde : La d\u00e9mocratie grecque en h\u00e9ritage - IFG - EFA\",\"isPartOf\":{\"@id\":\"https:\/\/www.ifg.gr\/#website\"},\"primaryImageOfPage\":{\"@id\":\"https:\/\/www.ifg.gr\/fr\/events\/table-ronde-la-democratie-grecque-en-heritage\/#primaryimage\"},\"image\":{\"@id\":\"https:\/\/www.ifg.gr\/fr\/events\/table-ronde-la-democratie-grecque-en-heritage\/#primaryimage\"},\"thumbnailUrl\":\"https:\/\/www.ifg.gr\/wp-content\/uploads\/2021\/03\/Democratie_WEBSITE_1200x800-scaled.jpg\",\"datePublished\":\"2021-03-23T13:55:35+00:00\",\"dateModified\":\"2021-03-30T08:59:33+00:00\",\"description\":\"A l\u2019occasion du bicentenaire de la r\u00e9volution hell\u00e9nique, l\u2019IFG et l\u2019Ecole fran\u00e7aise d\u2019Ath\u00e8nes proposent une table ronde sur la d\u00e9mocratie.\",\"breadcrumb\":{\"@id\":\"https:\/\/www.ifg.gr\/fr\/events\/table-ronde-la-democratie-grecque-en-heritage\/#breadcrumb\"},\"inLanguage\":\"fr-FR\",\"potentialAction\":[{\"@type\":\"ReadAction\",\"target\":[\"https:\/\/www.ifg.gr\/fr\/events\/table-ronde-la-democratie-grecque-en-heritage\/\"]}]},{\"@type\":\"ImageObject\",\"inLanguage\":\"fr-FR\",\"@id\":\"https:\/\/www.ifg.gr\/fr\/events\/table-ronde-la-democratie-grecque-en-heritage\/#primaryimage\",\"url\":\"https:\/\/www.ifg.gr\/wp-content\/uploads\/2021\/03\/Democratie_WEBSITE_1200x800-scaled.jpg\",\"contentUrl\":\"https:\/\/www.ifg.gr\/wp-content\/uploads\/2021\/03\/Democratie_WEBSITE_1200x800-scaled.jpg\",\"width\":2560,\"height\":1706,\"caption\":\"\u0394\u03b7\u03bc\u03bf\u03ba\u03c1\u03b1\u03c4\u03af\u03b1\"},{\"@type\":\"BreadcrumbList\",\"@id\":\"https:\/\/www.ifg.gr\/fr\/events\/table-ronde-la-democratie-grecque-en-heritage\/#breadcrumb\",\"itemListElement\":[{\"@type\":\"ListItem\",\"position\":1,\"name\":\"Home\",\"item\":\"https:\/\/www.ifg.gr\/fr\/\"},{\"@type\":\"ListItem\",\"position\":2,\"name\":\"Events\",\"item\":\"https:\/\/www.ifg.gr\/events\/\"},{\"@type\":\"ListItem\",\"position\":3,\"name\":\"Table ronde : La d\u00e9mocratie grecque en h\u00e9ritage\"}]},{\"@type\":\"WebSite\",\"@id\":\"https:\/\/www.ifg.gr\/#website\",\"url\":\"https:\/\/www.ifg.gr\/\",\"name\":\"IFG\",\"description\":\"\",\"potentialAction\":[{\"@type\":\"SearchAction\",\"target\":{\"@type\":\"EntryPoint\",\"urlTemplate\":\"https:\/\/www.ifg.gr\/?s={search_term_string}\"},\"query-input\":{\"@type\":\"PropertyValueSpecification\",\"valueRequired\":true,\"valueName\":\"search_term_string\"}}],\"inLanguage\":\"fr-FR\"}]}<\/script>\n<!-- \/ Yoast SEO plugin. -->","yoast_head_json":{"title":"Table ronde : La d\u00e9mocratie grecque en h\u00e9ritage - IFG - EFA","description":"A l\u2019occasion du bicentenaire de la r\u00e9volution hell\u00e9nique, l\u2019IFG et l\u2019Ecole fran\u00e7aise d\u2019Ath\u00e8nes proposent une table ronde sur la d\u00e9mocratie.","robots":{"index":"index","follow":"follow","max-snippet":"max-snippet:-1","max-image-preview":"max-image-preview:large","max-video-preview":"max-video-preview:-1"},"canonical":"https:\/\/www.ifg.gr\/fr\/events\/table-ronde-la-democratie-grecque-en-heritage\/","og_locale":"fr_FR","og_type":"article","og_title":"Table ronde : La d\u00e9mocratie grecque en h\u00e9ritage - IFG - EFA","og_description":"A l\u2019occasion du bicentenaire de la r\u00e9volution hell\u00e9nique, l\u2019IFG et l\u2019Ecole fran\u00e7aise d\u2019Ath\u00e8nes proposent une table ronde sur la d\u00e9mocratie.","og_url":"https:\/\/www.ifg.gr\/fr\/events\/table-ronde-la-democratie-grecque-en-heritage\/","og_site_name":"IFG","article_modified_time":"2021-03-30T08:59:33+00:00","og_image":[{"width":2560,"height":1706,"url":"https:\/\/www.ifg.gr\/wp-content\/uploads\/2021\/03\/Democratie_WEBSITE_1200x800-scaled.jpg","type":"image\/jpeg"}],"twitter_card":"summary_large_image","twitter_misc":{"Dur\u00e9e de lecture estim\u00e9e":"2 minutes"},"schema":{"@context":"https:\/\/schema.org","@graph":[{"@type":"WebPage","@id":"https:\/\/www.ifg.gr\/fr\/events\/table-ronde-la-democratie-grecque-en-heritage\/","url":"https:\/\/www.ifg.gr\/fr\/events\/table-ronde-la-democratie-grecque-en-heritage\/","name":"Table ronde : La d\u00e9mocratie grecque en h\u00e9ritage - IFG - EFA","isPartOf":{"@id":"https:\/\/www.ifg.gr\/#website"},"primaryImageOfPage":{"@id":"https:\/\/www.ifg.gr\/fr\/events\/table-ronde-la-democratie-grecque-en-heritage\/#primaryimage"},"image":{"@id":"https:\/\/www.ifg.gr\/fr\/events\/table-ronde-la-democratie-grecque-en-heritage\/#primaryimage"},"thumbnailUrl":"https:\/\/www.ifg.gr\/wp-content\/uploads\/2021\/03\/Democratie_WEBSITE_1200x800-scaled.jpg","datePublished":"2021-03-23T13:55:35+00:00","dateModified":"2021-03-30T08:59:33+00:00","description":"A l\u2019occasion du bicentenaire de la r\u00e9volution hell\u00e9nique, l\u2019IFG et l\u2019Ecole fran\u00e7aise d\u2019Ath\u00e8nes proposent une table ronde sur la d\u00e9mocratie.","breadcrumb":{"@id":"https:\/\/www.ifg.gr\/fr\/events\/table-ronde-la-democratie-grecque-en-heritage\/#breadcrumb"},"inLanguage":"fr-FR","potentialAction":[{"@type":"ReadAction","target":["https:\/\/www.ifg.gr\/fr\/events\/table-ronde-la-democratie-grecque-en-heritage\/"]}]},{"@type":"ImageObject","inLanguage":"fr-FR","@id":"https:\/\/www.ifg.gr\/fr\/events\/table-ronde-la-democratie-grecque-en-heritage\/#primaryimage","url":"https:\/\/www.ifg.gr\/wp-content\/uploads\/2021\/03\/Democratie_WEBSITE_1200x800-scaled.jpg","contentUrl":"https:\/\/www.ifg.gr\/wp-content\/uploads\/2021\/03\/Democratie_WEBSITE_1200x800-scaled.jpg","width":2560,"height":1706,"caption":"\u0394\u03b7\u03bc\u03bf\u03ba\u03c1\u03b1\u03c4\u03af\u03b1"},{"@type":"BreadcrumbList","@id":"https:\/\/www.ifg.gr\/fr\/events\/table-ronde-la-democratie-grecque-en-heritage\/#breadcrumb","itemListElement":[{"@type":"ListItem","position":1,"name":"Home","item":"https:\/\/www.ifg.gr\/fr\/"},{"@type":"ListItem","position":2,"name":"Events","item":"https:\/\/www.ifg.gr\/events\/"},{"@type":"ListItem","position":3,"name":"Table ronde : La d\u00e9mocratie grecque en h\u00e9ritage"}]},{"@type":"WebSite","@id":"https:\/\/www.ifg.gr\/#website","url":"https:\/\/www.ifg.gr\/","name":"IFG","description":"","potentialAction":[{"@type":"SearchAction","target":{"@type":"EntryPoint","urlTemplate":"https:\/\/www.ifg.gr\/?s={search_term_string}"},"query-input":{"@type":"PropertyValueSpecification","valueRequired":true,"valueName":"search_term_string"}}],"inLanguage":"fr-FR"}]}},"_links":{"self":[{"href":"https:\/\/www.ifg.gr\/fr\/wp-json\/wp\/v2\/event\/31216","targetHints":{"allow":["GET"]}}],"collection":[{"href":"https:\/\/www.ifg.gr\/fr\/wp-json\/wp\/v2\/event"}],"about":[{"href":"https:\/\/www.ifg.gr\/fr\/wp-json\/wp\/v2\/types\/event"}],"author":[{"embeddable":true,"href":"https:\/\/www.ifg.gr\/fr\/wp-json\/wp\/v2\/users\/1"}],"version-history":[{"count":0,"href":"https:\/\/www.ifg.gr\/fr\/wp-json\/wp\/v2\/event\/31216\/revisions"}],"wp:featuredmedia":[{"embeddable":true,"href":"https:\/\/www.ifg.gr\/fr\/wp-json\/wp\/v2\/media\/31214"}],"wp:attachment":[{"href":"https:\/\/www.ifg.gr\/fr\/wp-json\/wp\/v2\/media?parent=31216"}],"wp:term":[{"taxonomy":"post_tag","embeddable":true,"href":"https:\/\/www.ifg.gr\/fr\/wp-json\/wp\/v2\/tags?post=31216"},{"taxonomy":"event_category","embeddable":true,"href":"https:\/\/www.ifg.gr\/fr\/wp-json\/wp\/v2\/event_category?post=31216"},{"taxonomy":"event_group","embeddable":true,"href":"https:\/\/www.ifg.gr\/fr\/wp-json\/wp\/v2\/event_group?post=31216"}],"curies":[{"name":"wp","href":"https:\/\/api.w.org\/{rel}","templated":true}]}}