{"id":31725,"date":"2021-04-13T12:55:06","date_gmt":"2021-04-13T12:55:06","guid":{"rendered":"https:\/\/www.ifg.gr\/events\/esther-duflo-dialexi-kala-oikonomika\/"},"modified":"2021-04-23T13:32:26","modified_gmt":"2021-04-23T13:32:26","slug":"esther-duflo-conference-economie-utile","status":"publish","type":"event","link":"https:\/\/www.ifg.gr\/fr\/events\/esther-duflo-conference-economie-utile\/","title":{"rendered":"Conf\u00e9rence d&rsquo;Esther Duflo : Economie utile pour des temps \u2013 encore plus &#8211; difficiles"},"content":{"rendered":"<p><strong>Esther Duflo<\/strong>, titulaire de la chaire d\u2019\u00e9conomie \u00ab Pauvret\u00e9 et politique publique \u00bb au Coll\u00e8ge de France, <strong>prix Nobel d\u2019\u00e9conomie 2019<\/strong>, donnera une conf\u00e9rence en ligne \u00e0 l\u2019occasion de la sortie en grec de son livre \u00ab \u00c9conomie utile pour des temps difficiles \u00bb aux \u00e9ditions Epikentro.<\/p>\n<p><strong>Mod\u00e9rateur<\/strong> :<strong> Elias Papaioannou<\/strong>, Professeur d\u2019\u00e9conomie, London Business School.<\/p>\n<p><iframe loading=\"lazy\" title=\"Conf\u00e9rence d\u2019Esther Duflo : Economie utile pour des temps \u2013 encore plus \u2013 difficiles\" width=\"640\" height=\"360\" src=\"https:\/\/www.youtube.com\/embed\/hal9fWTVWrY?feature=oembed\" frameborder=\"0\" allow=\"accelerometer; autoplay; clipboard-write; encrypted-media; gyroscope; picture-in-picture; web-share\" referrerpolicy=\"strict-origin-when-cross-origin\" allowfullscreen><\/iframe><\/p>\n<p>Alors que nos soci\u00e9t\u00e9s font face \u00e0 de multiples crises, \u00e9conomique, climatique, migratoire et aujourd\u2019hui sanitaire, de quelle \u00ab utilit\u00e9 \u00bb nous est l\u2019\u00e9conomie ? Parfois contest\u00e9e, jug\u00e9e inutile voire caricatur\u00e9e, en quoi la recherche en \u00e9conomie du d\u00e9veloppement nous permet de lutter aujourd\u2019hui contre les in\u00e9galit\u00e9s, et d\u2019aider \u00ab les populations laiss\u00e9es sur le bord de la route par la loi des march\u00e9s \u00bb ?<\/p>\n<p>A l\u2019occasion de la sortie en Gr\u00e8ce de son livre <strong>\u00ab Economie utile pour des temps difficiles \u00bb<\/strong>, Esther Duflo, prix Nobel d\u2019\u00e9conomie 2019, proposera, \u00e0 l\u2019initiative de l\u2019Institut Fran\u00e7ais de Gr\u00e8ce conjointement avec son \u00e9diteur <strong>Epikentro<\/strong>, au public grec une r\u00e9flexion sur <strong>les enjeux de la recherche en \u00e9conomie du d\u00e9veloppement<\/strong> et sur sa contribution aux politiques publiques. Surtout, en offrant un <strong>panel d\u2019alternatives aux politiques actuelles<\/strong>, Esther Duflo exposera en quoi<strong> une bonne science \u00e9conomique<\/strong>, appuy\u00e9e sur les derni\u00e8res avanc\u00e9es de la recherche, sur des exp\u00e9riences et des donn\u00e9es fiables, constitue un levier pour b\u00e2tir un monde plus juste et plus humain.<\/p>\n<h3>Esther Duflo<\/h3>\n<p>Dipl\u00f4m\u00e9e en histoire et en \u00e9conomie \u00e0 l&rsquo;\u00c9cole Normale Sup\u00e9rieure (ENS) de Paris, elle est titulaire d\u2019un Doctorat en Economie au Massachusetts Institute of Technology (MIT) en 1999. Elle y exerce actuellement en qualit\u00e9 de professeur d\u2019\u00e9conomie. Elle est par ailleurs titulaire de la chaire d\u2019\u00e9conomie \u00ab Pauvret\u00e9 et politique publique \u00bb au Coll\u00e8ge de France \u00e0 Paris.<\/p>\n<p>Co-fondatrice et co-directrice de J-PAL, laboratoire d&rsquo;action contre la pauvret\u00e9, les recherches d\u2019Esther Duflo concernent la compr\u00e9hension de la vie \u00e9conomique des pauvres, dans une perspective de conception et d\u2019\u00e9valuation des politiques et programmes sociaux, dans les domaines de la sant\u00e9, l&rsquo;\u00e9ducation, l&rsquo;inclusion financi\u00e8re, l&rsquo;environnement et la gouvernance.<\/p>\n<p>Membre de la National Academy of Sciences des Etats-Unis et membre correspondante de la British Academy, ses travaux lui valent de nombreux prix et distinctions, notamment le Prix de la Princesse des Asturies pour les Sciences Sociales (2015) ou la m\u00e9daille John Bates Clark (2010).<\/p>\n<p>C\u2019est en 2019, qu\u2019elle re\u00e7oit conjointement avec Abhijit Banerjee et Michael Kremer, le prix de la Banque de Su\u00e8de en Sciences \u00e9conomiques en l&rsquo;honneur d&rsquo;Alfred Nobel pour leurs travaux sur la lutte contre la pauvret\u00e9.<\/p>\n<h3>Elias Papaioannou<\/h3>\n<p>Professeur d&rsquo;\u00e9conomie \u00e0 la London Business School et chercheur au Centre de recherche en politiques \u00e9conomiques (CEPR). Ses recherches portent sur l&rsquo;\u00e9conomie internationale, l&rsquo;\u00e9conomie du d\u00e9veloppement, l&rsquo;\u00e9conomie politique ainsi que la justice et l&rsquo;histoire \u00e9conomique et financi\u00e8re.<\/p>\n<p>Ses recherches ont \u00e9t\u00e9 r\u00e9compens\u00e9es par le prix du meilleur jeune \u00e9conomiste prodigu\u00e9 par la Banque Europ\u00e9enne d&rsquo;Investissement (European Investment Bank Institute Young Economist Award) et par la Soci\u00e9t\u00e9 europ\u00e9enne d&rsquo;\u00e9conomie en 2005. En 2018, Elias Papaioannou a re\u00e7u une distinction du Conseil europ\u00e9en de la recherche pour son travail de recherche sur le r\u00f4le de la colonisation dans le d\u00e9veloppement de l&rsquo;Afrique.<\/p>\n","protected":false},"excerpt":{"rendered":"<p>Esther Duflo, prix Nobel d\u2019\u00e9conomie, donnera une conf\u00e9rence \u00e0 l\u2019initiative de l\u2019IFG conjointement avec son \u00e9diteur Epikentro.<\/p>\n","protected":false},"author":1,"featured_media":31718,"template":"","tags":[],"event_category":[875],"event_group":[],"class_list":["post-31725","event","type-event","status-publish","has-post-thumbnail","hentry","event_category-debat-didees-et-sciences"],"acf":{"featured_image_credits":"","sponsors_default":false,"info_title":"INFOS PRATIQUES","info_text":"<p>Traduction simultan\u00e9e<\/p>\n<p><strong>Vous pouvez poser vos questions<\/strong>\u00a0sur Twitter, en utilisant le hashtag\u00a0<strong>#IFGdirect<\/strong> ou en postant un commentaire \/ message sur\u00a0<a href=\"https:\/\/www.facebook.com\/institutfrancaisdegrece\" target=\"_blank\" rel=\"noopener\">notre page Facebook<\/a>.<\/p>\n","date_range":{"start":"22\/04\/2021","end":"","cancelled":false,"note":"","start_time":"19:00","end_time":""},"details":{"location":"","hyperlink1a":{"text":"","link":""},"price":"","hyperlink2a":{"text":"","link":""},"online_event":true,"live_streaming":false,"live_streaming_code":"<iframe allowfullscreen width=\"640\" height=\"390\" class=\"flowplayer fp-slim fp-edgy\" frameborder=\"0\" scrolling=\"no\" src=\"https:\/\/diavlos.grnet.gr\/en\/room\/3184?eventid=9053&stream_lang=fr&embed=true&width=640\"><\/iframe>","facebook_url":"https:\/\/www.facebook.com\/events\/995865974283522\/","hyperlink":{"text":"Suivez la conf\u00e9rence via ZOOM","link":"https:\/\/zoom.us\/j\/99643584093"},"hyperlink2":{"text":"","link":""},"hyperlink3":{"text":"","link":""},"press_release":false},"home_slider_image":{"ID":31721,"id":31721,"title":"Conference_Esther_Duflo_1300x768","filename":"Conference_Esther_Duflo_1300x768-scaled.jpg","filesize":208660,"url":"https:\/\/www.ifg.gr\/wp-content\/uploads\/2021\/04\/Conference_Esther_Duflo_1300x768-scaled.jpg","link":"https:\/\/www.ifg.gr\/fr\/events\/esther-duflo-conference-economie-utile\/conference_esther_duflo_1300x768-2\/","alt":"Esther Duflo","author":"1","description":"Esther Duflo","caption":"Esther Duflo","name":"conference_esther_duflo_1300x768-2","status":"inherit","uploaded_to":31725,"date":"2021-04-13 12:54:02","modified":"2021-04-13 12:54:18","menu_order":0,"mime_type":"image\/jpeg","type":"image","subtype":"jpeg","icon":"https:\/\/www.ifg.gr\/wp-includes\/images\/media\/default.png","width":2560,"height":1513,"sizes":{"thumbnail":"https:\/\/www.ifg.gr\/wp-content\/uploads\/2021\/04\/Conference_Esther_Duflo_1300x768-scaled.jpg","thumbnail-width":150,"thumbnail-height":89,"medium":"https:\/\/www.ifg.gr\/wp-content\/uploads\/2021\/04\/Conference_Esther_Duflo_1300x768-scaled.jpg","medium-width":300,"medium-height":177,"medium_large":"https:\/\/www.ifg.gr\/wp-content\/uploads\/2021\/04\/Conference_Esther_Duflo_1300x768-768x454.jpg","medium_large-width":640,"medium_large-height":378,"large":"https:\/\/www.ifg.gr\/wp-content\/uploads\/2021\/04\/Conference_Esther_Duflo_1300x768-scaled.jpg","large-width":640,"large-height":378,"1536x1536":"https:\/\/www.ifg.gr\/wp-content\/uploads\/2021\/04\/Conference_Esther_Duflo_1300x768-1536x908.jpg","1536x1536-width":1536,"1536x1536-height":908,"2048x2048":"https:\/\/www.ifg.gr\/wp-content\/uploads\/2021\/04\/Conference_Esther_Duflo_1300x768-2048x1210.jpg","2048x2048-width":2048,"2048x2048-height":1210,"full-width":"https:\/\/www.ifg.gr\/wp-content\/uploads\/2021\/04\/Conference_Esther_Duflo_1300x768-1920x1134.jpg","full-width-width":1920,"full-width-height":1134,"sidebar":"https:\/\/www.ifg.gr\/wp-content\/uploads\/2021\/04\/Conference_Esther_Duflo_1300x768-1693x1000.jpg","sidebar-width":1693,"sidebar-height":1000,"thumb-sm":"https:\/\/www.ifg.gr\/wp-content\/uploads\/2021\/04\/Conference_Esther_Duflo_1300x768-220x130.jpg","thumb-sm-width":220,"thumb-sm-height":130,"thumb-square":"https:\/\/www.ifg.gr\/wp-content\/uploads\/2021\/04\/Conference_Esther_Duflo_1300x768-300x300.jpg","thumb-square-width":300,"thumb-square-height":300,"thumb-big":"https:\/\/www.ifg.gr\/wp-content\/uploads\/2021\/04\/Conference_Esther_Duflo_1300x768-600x400.jpg","thumb-big-width":600,"thumb-big-height":400,"slider-big":"https:\/\/www.ifg.gr\/wp-content\/uploads\/2021\/04\/Conference_Esther_Duflo_1300x768-1315x768.jpg","slider-big-width":1315,"slider-big-height":768}},"sponsors_group":false,"layout":false},"yoast_head":"<!-- This site is optimized with the Yoast SEO plugin v26.8 - https:\/\/yoast.com\/product\/yoast-seo-wordpress\/ -->\n<title>Esther Duflo : Economie utile pour des temps \u2013 encore plus - difficiles<\/title>\n<meta name=\"description\" content=\"Esther Duflo, prix Nobel d\u2019\u00e9conomie, donnera une conf\u00e9rence \u00e0 l\u2019occasion de la sortie en grec de son livre \u00ab \u00c9conomie utile pour des temps difficiles \u00bb.\" \/>\n<meta name=\"robots\" content=\"index, follow, max-snippet:-1, max-image-preview:large, max-video-preview:-1\" \/>\n<link rel=\"canonical\" href=\"https:\/\/www.ifg.gr\/fr\/events\/esther-duflo-conference-economie-utile\/\" \/>\n<meta property=\"og:locale\" content=\"fr_FR\" \/>\n<meta property=\"og:type\" content=\"article\" \/>\n<meta property=\"og:title\" content=\"Esther Duflo : Economie utile pour des temps \u2013 encore plus - difficiles\" \/>\n<meta property=\"og:description\" content=\"Esther Duflo, prix Nobel d\u2019\u00e9conomie, donnera une conf\u00e9rence \u00e0 l\u2019occasion de la sortie en grec de son livre \u00ab \u00c9conomie utile pour des temps difficiles \u00bb.\" \/>\n<meta property=\"og:url\" content=\"https:\/\/www.ifg.gr\/fr\/events\/esther-duflo-conference-economie-utile\/\" \/>\n<meta property=\"og:site_name\" content=\"IFG\" \/>\n<meta property=\"article:modified_time\" content=\"2021-04-23T13:32:26+00:00\" \/>\n<meta property=\"og:image\" content=\"https:\/\/www.ifg.gr\/wp-content\/uploads\/2021\/04\/Conference_Esther_Duflo_1200x800.jpg\" \/>\n\t<meta property=\"og:image:width\" content=\"2500\" \/>\n\t<meta property=\"og:image:height\" content=\"1667\" \/>\n\t<meta property=\"og:image:type\" content=\"image\/jpeg\" \/>\n<meta name=\"twitter:card\" content=\"summary_large_image\" \/>\n<meta name=\"twitter:label1\" content=\"Dur\u00e9e de lecture estim\u00e9e\" \/>\n\t<meta name=\"twitter:data1\" content=\"3 minutes\" \/>\n<script type=\"application\/ld+json\" class=\"yoast-schema-graph\">{\"@context\":\"https:\/\/schema.org\",\"@graph\":[{\"@type\":\"WebPage\",\"@id\":\"https:\/\/www.ifg.gr\/fr\/events\/esther-duflo-conference-economie-utile\/\",\"url\":\"https:\/\/www.ifg.gr\/fr\/events\/esther-duflo-conference-economie-utile\/\",\"name\":\"Esther Duflo : Economie utile pour des temps \u2013 encore plus - difficiles\",\"isPartOf\":{\"@id\":\"https:\/\/www.ifg.gr\/#website\"},\"primaryImageOfPage\":{\"@id\":\"https:\/\/www.ifg.gr\/fr\/events\/esther-duflo-conference-economie-utile\/#primaryimage\"},\"image\":{\"@id\":\"https:\/\/www.ifg.gr\/fr\/events\/esther-duflo-conference-economie-utile\/#primaryimage\"},\"thumbnailUrl\":\"https:\/\/www.ifg.gr\/wp-content\/uploads\/2021\/04\/Conference_Esther_Duflo_1200x800.jpg\",\"datePublished\":\"2021-04-13T12:55:06+00:00\",\"dateModified\":\"2021-04-23T13:32:26+00:00\",\"description\":\"Esther Duflo, prix Nobel d\u2019\u00e9conomie, donnera une conf\u00e9rence \u00e0 l\u2019occasion de la sortie en grec de son livre \u00ab \u00c9conomie utile pour des temps difficiles \u00bb.\",\"breadcrumb\":{\"@id\":\"https:\/\/www.ifg.gr\/fr\/events\/esther-duflo-conference-economie-utile\/#breadcrumb\"},\"inLanguage\":\"fr-FR\",\"potentialAction\":[{\"@type\":\"ReadAction\",\"target\":[\"https:\/\/www.ifg.gr\/fr\/events\/esther-duflo-conference-economie-utile\/\"]}]},{\"@type\":\"ImageObject\",\"inLanguage\":\"fr-FR\",\"@id\":\"https:\/\/www.ifg.gr\/fr\/events\/esther-duflo-conference-economie-utile\/#primaryimage\",\"url\":\"https:\/\/www.ifg.gr\/wp-content\/uploads\/2021\/04\/Conference_Esther_Duflo_1200x800.jpg\",\"contentUrl\":\"https:\/\/www.ifg.gr\/wp-content\/uploads\/2021\/04\/Conference_Esther_Duflo_1200x800.jpg\",\"width\":2500,\"height\":1667,\"caption\":\"Esther Duflo\"},{\"@type\":\"BreadcrumbList\",\"@id\":\"https:\/\/www.ifg.gr\/fr\/events\/esther-duflo-conference-economie-utile\/#breadcrumb\",\"itemListElement\":[{\"@type\":\"ListItem\",\"position\":1,\"name\":\"Home\",\"item\":\"https:\/\/www.ifg.gr\/fr\/\"},{\"@type\":\"ListItem\",\"position\":2,\"name\":\"Events\",\"item\":\"https:\/\/www.ifg.gr\/events\/\"},{\"@type\":\"ListItem\",\"position\":3,\"name\":\"Conf\u00e9rence d&rsquo;Esther Duflo : Economie utile pour des temps \u2013 encore plus &#8211; difficiles\"}]},{\"@type\":\"WebSite\",\"@id\":\"https:\/\/www.ifg.gr\/#website\",\"url\":\"https:\/\/www.ifg.gr\/\",\"name\":\"IFG\",\"description\":\"\",\"potentialAction\":[{\"@type\":\"SearchAction\",\"target\":{\"@type\":\"EntryPoint\",\"urlTemplate\":\"https:\/\/www.ifg.gr\/?s={search_term_string}\"},\"query-input\":{\"@type\":\"PropertyValueSpecification\",\"valueRequired\":true,\"valueName\":\"search_term_string\"}}],\"inLanguage\":\"fr-FR\"}]}<\/script>\n<!-- \/ Yoast SEO plugin. -->","yoast_head_json":{"title":"Esther Duflo : Economie utile pour des temps \u2013 encore plus - difficiles","description":"Esther Duflo, prix Nobel d\u2019\u00e9conomie, donnera une conf\u00e9rence \u00e0 l\u2019occasion de la sortie en grec de son livre \u00ab \u00c9conomie utile pour des temps difficiles \u00bb.","robots":{"index":"index","follow":"follow","max-snippet":"max-snippet:-1","max-image-preview":"max-image-preview:large","max-video-preview":"max-video-preview:-1"},"canonical":"https:\/\/www.ifg.gr\/fr\/events\/esther-duflo-conference-economie-utile\/","og_locale":"fr_FR","og_type":"article","og_title":"Esther Duflo : Economie utile pour des temps \u2013 encore plus - difficiles","og_description":"Esther Duflo, prix Nobel d\u2019\u00e9conomie, donnera une conf\u00e9rence \u00e0 l\u2019occasion de la sortie en grec de son livre \u00ab \u00c9conomie utile pour des temps difficiles \u00bb.","og_url":"https:\/\/www.ifg.gr\/fr\/events\/esther-duflo-conference-economie-utile\/","og_site_name":"IFG","article_modified_time":"2021-04-23T13:32:26+00:00","og_image":[{"width":2500,"height":1667,"url":"https:\/\/www.ifg.gr\/wp-content\/uploads\/2021\/04\/Conference_Esther_Duflo_1200x800.jpg","type":"image\/jpeg"}],"twitter_card":"summary_large_image","twitter_misc":{"Dur\u00e9e de lecture estim\u00e9e":"3 minutes"},"schema":{"@context":"https:\/\/schema.org","@graph":[{"@type":"WebPage","@id":"https:\/\/www.ifg.gr\/fr\/events\/esther-duflo-conference-economie-utile\/","url":"https:\/\/www.ifg.gr\/fr\/events\/esther-duflo-conference-economie-utile\/","name":"Esther Duflo : Economie utile pour des temps \u2013 encore plus - difficiles","isPartOf":{"@id":"https:\/\/www.ifg.gr\/#website"},"primaryImageOfPage":{"@id":"https:\/\/www.ifg.gr\/fr\/events\/esther-duflo-conference-economie-utile\/#primaryimage"},"image":{"@id":"https:\/\/www.ifg.gr\/fr\/events\/esther-duflo-conference-economie-utile\/#primaryimage"},"thumbnailUrl":"https:\/\/www.ifg.gr\/wp-content\/uploads\/2021\/04\/Conference_Esther_Duflo_1200x800.jpg","datePublished":"2021-04-13T12:55:06+00:00","dateModified":"2021-04-23T13:32:26+00:00","description":"Esther Duflo, prix Nobel d\u2019\u00e9conomie, donnera une conf\u00e9rence \u00e0 l\u2019occasion de la sortie en grec de son livre \u00ab \u00c9conomie utile pour des temps difficiles \u00bb.","breadcrumb":{"@id":"https:\/\/www.ifg.gr\/fr\/events\/esther-duflo-conference-economie-utile\/#breadcrumb"},"inLanguage":"fr-FR","potentialAction":[{"@type":"ReadAction","target":["https:\/\/www.ifg.gr\/fr\/events\/esther-duflo-conference-economie-utile\/"]}]},{"@type":"ImageObject","inLanguage":"fr-FR","@id":"https:\/\/www.ifg.gr\/fr\/events\/esther-duflo-conference-economie-utile\/#primaryimage","url":"https:\/\/www.ifg.gr\/wp-content\/uploads\/2021\/04\/Conference_Esther_Duflo_1200x800.jpg","contentUrl":"https:\/\/www.ifg.gr\/wp-content\/uploads\/2021\/04\/Conference_Esther_Duflo_1200x800.jpg","width":2500,"height":1667,"caption":"Esther Duflo"},{"@type":"BreadcrumbList","@id":"https:\/\/www.ifg.gr\/fr\/events\/esther-duflo-conference-economie-utile\/#breadcrumb","itemListElement":[{"@type":"ListItem","position":1,"name":"Home","item":"https:\/\/www.ifg.gr\/fr\/"},{"@type":"ListItem","position":2,"name":"Events","item":"https:\/\/www.ifg.gr\/events\/"},{"@type":"ListItem","position":3,"name":"Conf\u00e9rence d&rsquo;Esther Duflo : Economie utile pour des temps \u2013 encore plus &#8211; difficiles"}]},{"@type":"WebSite","@id":"https:\/\/www.ifg.gr\/#website","url":"https:\/\/www.ifg.gr\/","name":"IFG","description":"","potentialAction":[{"@type":"SearchAction","target":{"@type":"EntryPoint","urlTemplate":"https:\/\/www.ifg.gr\/?s={search_term_string}"},"query-input":{"@type":"PropertyValueSpecification","valueRequired":true,"valueName":"search_term_string"}}],"inLanguage":"fr-FR"}]}},"_links":{"self":[{"href":"https:\/\/www.ifg.gr\/fr\/wp-json\/wp\/v2\/event\/31725","targetHints":{"allow":["GET"]}}],"collection":[{"href":"https:\/\/www.ifg.gr\/fr\/wp-json\/wp\/v2\/event"}],"about":[{"href":"https:\/\/www.ifg.gr\/fr\/wp-json\/wp\/v2\/types\/event"}],"author":[{"embeddable":true,"href":"https:\/\/www.ifg.gr\/fr\/wp-json\/wp\/v2\/users\/1"}],"version-history":[{"count":0,"href":"https:\/\/www.ifg.gr\/fr\/wp-json\/wp\/v2\/event\/31725\/revisions"}],"wp:featuredmedia":[{"embeddable":true,"href":"https:\/\/www.ifg.gr\/fr\/wp-json\/wp\/v2\/media\/31718"}],"wp:attachment":[{"href":"https:\/\/www.ifg.gr\/fr\/wp-json\/wp\/v2\/media?parent=31725"}],"wp:term":[{"taxonomy":"post_tag","embeddable":true,"href":"https:\/\/www.ifg.gr\/fr\/wp-json\/wp\/v2\/tags?post=31725"},{"taxonomy":"event_category","embeddable":true,"href":"https:\/\/www.ifg.gr\/fr\/wp-json\/wp\/v2\/event_category?post=31725"},{"taxonomy":"event_group","embeddable":true,"href":"https:\/\/www.ifg.gr\/fr\/wp-json\/wp\/v2\/event_group?post=31725"}],"curies":[{"name":"wp","href":"https:\/\/api.w.org\/{rel}","templated":true}]}}