{"id":32346,"date":"2021-05-07T10:27:46","date_gmt":"2021-05-07T10:27:46","guid":{"rendered":"https:\/\/www.ifg.gr\/?post_type=event&#038;p=32346"},"modified":"2021-05-07T10:27:46","modified_gmt":"2021-05-07T10:27:46","slug":"mif-playlist-05-2021","status":"publish","type":"event","link":"https:\/\/www.ifg.gr\/fr\/events\/mif-playlist-05-2021\/","title":{"rendered":"MIF Playlist 05\/2021"},"content":{"rendered":"<p><strong>Chaque mois, une nouvelle playlist MIF<\/strong> (Musique Ind\u00e9pendante Francophone) pr\u00e9sentera <strong>une s\u00e9lection de musique d\u2019artistes ind\u00e9pendants, groupes et labels de France<\/strong> ainsi que des <strong>nouveaut\u00e9s francophones<\/strong> d\u2019autres pays.<\/p>\n<p><a href=\"https:\/\/www.costasandreou.com\" target=\"_blank\" rel=\"noopener noreferrer\">Costas Andreou<\/a> signe la programmation musicale, avec chaque playlist proposant des genres musicaux diff\u00e9rents et organis\u00e9e de telle mani\u00e8re que le public puisse approfondir l\u2019\u00e9coute des morceaux qui l\u2019int\u00e9ressent. Chaque morceau de la playlist a un lien dirigeant vers l\u2019album complet, tel qu\u2019il est disponible sur la plateforme Bandcamp, pour l\u2019achat du morceau ou de l\u2019album dans lequel il est inclus.<\/p>\n<p>Rendez-vous le premier vendredi de chaque mois, pendant tout 2021, pour un voyage musical exceptionnel.<\/p>\n<h3>MIF Playlist 05 \/ mai 2021<\/h3>\n<p><strong>Vincent Perier<\/strong><br \/>\nPeine perdue<\/p>\n<p><iframe style=\"border: 0; width: 100%; height: 120px;\" src=\"https:\/\/bandcamp.com\/EmbeddedPlayer\/album=280068042\/size=large\/bgcol=ffffff\/linkcol=0687f5\/tracklist=false\/artwork=small\/track=757677239\/transparent=true\/\" seamless=\"\"><a href=\"https:\/\/vincentperier.bandcamp.com\/album\/les-yeux-qui-brillent\">Les yeux qui brillent by Vincent Perier<\/a><\/iframe><\/p>\n<p>Le musicien lyonnais Vincent P\u00e9rier avec son ensemble jazz, le Vincent P\u00e9rier Septet, a collabor\u00e9 avec la chanteuse C\u00e9lia Kam\u00e9ni pour cr\u00e9er un nouvel album, Les yeux qui brillent. Sorti le 10 avril 2019, il contient onze morceaux de musique qui naviguent avec aisance des formes classiques au style hard bop, allant jusqu\u2019\u00e0 des combinaisons plus modernes.<\/p>\n<p><a href=\"http:\/\/vincentperier.com\" target=\"_blank\" rel=\"noopener\">http:\/\/vincentperier.com<\/a><br \/>\n<a href=\"https:\/\/vincentperier.bandcamp.com\" target=\"_blank\" rel=\"noopener\">https:\/\/vincentperier.bandcamp.com<\/a><\/p>\n<p><strong><br \/>\nLABOTANIQUE<\/strong><br \/>\nPolaris<\/p>\n<p><iframe style=\"border: 0; width: 100%; height: 120px;\" src=\"https:\/\/bandcamp.com\/EmbeddedPlayer\/album=4137122656\/size=large\/bgcol=ffffff\/linkcol=0687f5\/tracklist=false\/artwork=small\/track=4263787076\/transparent=true\/\" seamless=\"\"><a href=\"https:\/\/labotanique.bandcamp.com\/album\/47e-parall-le\">47e Parall\u00e8le by LABOTANIQUE<\/a><\/iframe><br \/>\nOriginaire de Nantes, le duo Labotanique a une approche originale de la sc\u00e8ne pop moderne fran\u00e7aise, riche en \u00e9l\u00e9ments \u00e9lectro, hip hop et rap. Leur album 47e Parall\u00e8le sorti le 29 mars 2019 a \u00e9t\u00e9 r\u00e9alis\u00e9 avec des textes de Ronan Moinet, des compositions de Thomas Cochini et la participation de Rapha\u00ebl D&rsquo;hervez \u00e0 l\u2019orchestration et au mixage.<\/p>\n<p><a href=\"http:\/\/labotanique.fr\" target=\"_blank\" rel=\"noopener\">http:\/\/labotanique.fr<\/a><br \/>\n<a href=\"https:\/\/labotanique.bandcamp.com\" target=\"_blank\" rel=\"noopener\">https:\/\/labotanique.bandcamp.com<\/a><\/p>\n<p><strong><br \/>\nNamogo<\/strong><br \/>\nAmazones<\/p>\n<p><iframe style=\"border: 0; width: 100%; height: 120px;\" src=\"https:\/\/bandcamp.com\/EmbeddedPlayer\/album=571126853\/size=large\/bgcol=ffffff\/linkcol=0687f5\/tracklist=false\/artwork=small\/track=2666897472\/transparent=true\/\" seamless=\"\"><a href=\"https:\/\/namogo.bandcamp.com\/album\/semeurs-did-es\">Semeurs d&rsquo;Id\u00e9es by Namogo<\/a><\/iframe><\/p>\n<p>Bas\u00e9 \u00e0 Avignon, le projet Namogo associe des sons, des th\u00e8mes et des instruments de musique d&rsquo;Afrique, avec des caract\u00e9ristiques europ\u00e9ennes. L&rsquo;album Semeurs d&rsquo;Id\u00e9es sorti le 15 juin 2018 est compos\u00e9 de quatorze titres qui rassemblent des \u00e9l\u00e9ments afrobeat et world music. Il a \u00e9t\u00e9 r\u00e9alis\u00e9 avec la participation de Yani A\u00eft-Aoudia (chant, percussions), Julien \u00ab\u00a0Walace\u00a0\u00bb Corda (guitares), Nicolas Paradis (kora, fl\u00fbte, chant, percussions), Cl\u00e9ment Puig (basse), Thomas Sauzade (guitare, chant), Nicolas Pannetier (batterie, percussions), Vincent Bucher (harmonica) et Sibongile Mbambo (chant).<\/p>\n<p><strong><br \/>\nLaura Babin<\/strong><br \/>\nLe sang m\u00eal\u00e9 \u00e0 l&rsquo;eau sal\u00e9e<\/p>\n<p><iframe style=\"border: 0; width: 100%; height: 120px;\" src=\"https:\/\/bandcamp.com\/EmbeddedPlayer\/album=3118905869\/size=large\/bgcol=ffffff\/linkcol=0687f5\/tracklist=false\/artwork=small\/track=4270816658\/transparent=true\/\" seamless=\"\"><a href=\"https:\/\/laurababin.bandcamp.com\/album\/corps-coquillage\">Corps coquillage by Laura Babin<\/a><\/iframe><\/p>\n<p>Originaire de Montr\u00e9al, Laura Babin \u00e9crit des chansons fran\u00e7aises avec des \u00e9l\u00e9ments de rock Indie, sa voix et le son de sa guitare \u00e9lectrique r\u00e9sonnant en premier plan. L&rsquo;album Corps coquillage sorti le 31 mai 2019, rassemble dix titres avec ses propres textes et compositions. Il a \u00e9t\u00e9 r\u00e9alis\u00e9 avec : Laura Babin (chant, guitares), Dany Placard (guitares), Vincent Yelle (basse) et Etienne Mason (batterie).<\/p>\n<p><a href=\"https:\/\/laurababin.bandcamp.com\" target=\"_blank\" rel=\"noopener\">https:\/\/laurababin.bandcamp.com<\/a><\/p>\n<p><strong><br \/>\nMarc Di Malta<\/strong><br \/>\nSoleil coup\u00e9<\/p>\n<p><iframe style=\"border: 0; width: 100%; height: 120px;\" src=\"https:\/\/bandcamp.com\/EmbeddedPlayer\/album=3035734146\/size=large\/bgcol=ffffff\/linkcol=0687f5\/tracklist=false\/artwork=small\/track=990728235\/transparent=true\/\" seamless=\"\"><a href=\"https:\/\/marcdimalta.bandcamp.com\/album\/obsol-te\">Obsol\u00e8te by Marc Di Malta<\/a><\/iframe><\/p>\n<p>Originaire de Grenoble, Marc Di Malta \u00e9crit des chansons sur des th\u00e8mes post rock, bas\u00e9es sur des motifs alternative et trip hop. L\u2019album Obsol\u00e8te, dont il a \u00e9crit les textes, la musique et en a assur\u00e9 la production, est sorti le 25 janvier 2021.<\/p>\n<p><a href=\"https:\/\/marcdimalta.bandcamp.com\" target=\"_blank\" rel=\"noopener\">https:\/\/marcdimalta.bandcamp.com<\/a><\/p>\n<p><strong><br \/>\nColin Chlo\u00e9<\/strong><br \/>\nVivant<\/p>\n<p><iframe style=\"border: 0; width: 100%; height: 120px;\" src=\"https:\/\/bandcamp.com\/EmbeddedPlayer\/album=1740652535\/size=large\/bgcol=ffffff\/linkcol=0687f5\/tracklist=false\/artwork=small\/track=3280205863\/transparent=true\/\" seamless=\"\"><a href=\"https:\/\/colinchloe.bandcamp.com\/album\/o-leau-te-m-ne\">O\u00f9 l&rsquo;eau te m\u00e8ne by Colin Chlo\u00e9<\/a><\/iframe><\/p>\n<p>Originaire de Brest, Colin Chlo\u00e9 combine \u00e0 sa mani\u00e8re des \u00e9l\u00e9ments de la musique rock \u00e9lectrique et de la po\u00e9sie, avec des sons dynamiques et une r\u00e9sonnance pos\u00e9e. Dans son album O\u00f9 l&rsquo;eau te m\u00e8ne sorti le 26 mars 2021, il chante, joue aux guitares, \u00e0 la basse, aux claviers analogiques et assure sa programmation. Avec la participation de : Xavier Guillaumin (claviers analogiques, programmation), Pierre Marolleau (percussions), Thierry N\u00e9d\u00e9lec (programmation, production).<\/p>\n<p><a href=\"https:\/\/colinchloe.bandcamp.com\" target=\"_blank\" rel=\"noopener\">https:\/\/colinchloe.bandcamp.com<\/a><\/p>\n<p><strong><br \/>\nFranck Dadure<\/strong><br \/>\nLes Asticots portent des Soutanes<\/p>\n<p><iframe style=\"border: 0; width: 100%; height: 120px;\" src=\"https:\/\/bandcamp.com\/EmbeddedPlayer\/album=773180174\/size=large\/bgcol=ffffff\/linkcol=0687f5\/tracklist=false\/artwork=small\/track=3384737675\/transparent=true\/\" seamless=\"\"><a href=\"https:\/\/franckdadure1.bandcamp.com\/album\/mouches-sur-ruban-adh-sif\">Mouches sur Ruban Adh\u00e9sif by Franck Dadure<\/a><\/iframe><\/p>\n<p>Franck Dadure cr\u00e9e des chansons combinant des \u00e9l\u00e9ments pop avec des th\u00e8mes rock. Son album Mouches sur Ruban Adh\u00e9sif sorti le 6 f\u00e9vrier 2021, est compos\u00e9 de chansons \u00e0 narrations psych\u00e9d\u00e9liques.<\/p>\n<p><a href=\"http:\/\/www.franckdadure.com\" target=\"_blank\" rel=\"noopener\">http:\/\/www.franckdadure.com<\/a><br \/>\n<a href=\"https:\/\/franckdadure1.bandcamp.com\" target=\"_blank\" rel=\"noopener\">https:\/\/franckdadure1.bandcamp.com<\/a><\/p>\n<p><strong><br \/>\nMadiba King<\/strong><br \/>\nLes Rengaines<\/p>\n<p><iframe style=\"border: 0; width: 100%; height: 120px;\" src=\"https:\/\/bandcamp.com\/EmbeddedPlayer\/album=1786211184\/size=large\/bgcol=ffffff\/linkcol=0687f5\/tracklist=false\/artwork=small\/track=714960990\/transparent=true\/\" seamless=\"\"><a href=\"https:\/\/madibaking.bandcamp.com\/album\/la-bo-te\">La Bo\u00eete by Madiba King<\/a><\/iframe><\/p>\n<p>Originaire du Qu\u00e9bec, Madiba King combine des sons du blues nord-am\u00e9ricain avec des \u00e9l\u00e9ments funk vibrants. Son album La Bo\u00eete sorti le 19 f\u00e9vrier 2021 comporte six compositions francophones aux harmonies fraiches. Il a \u00e9t\u00e9 produit au Studio Piccolos avec des arrangements de Benoit Goyette et Madiba King.<\/p>\n<p><a href=\"https:\/\/madibaking.bandcamp.com\" target=\"_blank\" rel=\"noopener\">https:\/\/madibaking.bandcamp.com<\/a><\/p>\n<p><strong><br \/>\nSara Dufour<\/strong><br \/>\nTrois heures<\/p>\n<p><iframe style=\"border: 0; width: 100%; height: 120px;\" src=\"https:\/\/bandcamp.com\/EmbeddedPlayer\/album=3760268303\/size=large\/bgcol=ffffff\/linkcol=0687f5\/tracklist=false\/artwork=small\/track=438887868\/transparent=true\/\" seamless=\"\"><a href=\"https:\/\/saradufour.bandcamp.com\/album\/sara-dufour\">Sara Dufour by Sara Dufour<\/a><\/iframe><\/p>\n<p>Sara Dufour \u00e9crit des chansons dans une ambiance de voyage et de qu\u00eate, \u00e0 travers des histoires color\u00e9es et avec un style dynamique qui la caract\u00e9rise. Son album \u00e9ponyme sorti le 12 avril 2019 est compos\u00e9 de douze titres folk rock originaux.<\/p>\n<p><a href=\"https:\/\/www.saradufour.com\" target=\"_blank\" rel=\"noopener\">https:\/\/www.saradufour.com<\/a><br \/>\n<a href=\"https:\/\/saradufour.bandcamp.com\" target=\"_blank\" rel=\"noopener\">https:\/\/saradufour.bandcamp.com<\/a><\/p>\n<p><strong><br \/>\nAkran<\/strong><br \/>\nFen\u00eatre<\/p>\n<p><iframe style=\"border: 0; width: 100%; height: 120px;\" src=\"https:\/\/bandcamp.com\/EmbeddedPlayer\/album=2808266942\/size=large\/bgcol=ffffff\/linkcol=0687f5\/tracklist=false\/artwork=small\/track=2444789559\/transparent=true\/\" seamless=\"\"><a href=\"https:\/\/akran.bandcamp.com\/album\/apr-s-la-faune\">&#8230;apr\u00e8s la faune by Akran<\/a><\/iframe><\/p>\n<p>L&rsquo;artiste lyonnais Akran \u00e9crit des chansons de musique folk acoustique et \u00e9lectrique, sur les relations humaines \u00e9ph\u00e9m\u00e8res. L&rsquo;album &#8230;apr\u00e8s la faune sorti le 22 f\u00e9vrier 2021, a \u00e9t\u00e9 enregistr\u00e9 avec : Akran (chant, guitares), S\u00e9bastien Sinardet (percussions), Ivan Stoetzel (guitare) et Colas Hutter (guitares, basse, contrebasse, claviers).<\/p>\n<p><a href=\"https:\/\/akran.bandcamp.com\" target=\"_blank\" rel=\"noopener\">https:\/\/akran.bandcamp.com<\/a><\/p>\n<p><strong><br \/>\nFullum<\/strong><br \/>\nAmstramgramme<\/p>\n<p><iframe style=\"border: 0; width: 100%; height: 120px;\" src=\"https:\/\/bandcamp.com\/EmbeddedPlayer\/album=3845185280\/size=large\/bgcol=ffffff\/linkcol=0687f5\/tracklist=false\/artwork=small\/track=3831390318\/transparent=true\/\" seamless=\"\"><a href=\"https:\/\/fullum.bandcamp.com\/album\/araign-e-au-plafond\">Araign\u00e9e au plafond by Fullum<\/a><\/iframe><\/p>\n<p>Fullum, le trio francophone dynamique originaire de Montr\u00e9al, cr\u00e9e des chansons de hard rock alternatif avec des influences de la sc\u00e8ne punk et garage. Leur album Araign\u00e9e au plafond sorti le 26 mars 2021, combine des sons fuzz avec des th\u00e8mes psych\u00e9d\u00e9liques.<\/p>\n<p><a href=\"https:\/\/fullum.bandcamp.com\" target=\"_blank\" rel=\"noopener\">https:\/\/fullum.bandcamp.com<\/a><\/p>\n<p><strong><br \/>\nL&rsquo;Entourloop<\/strong><br \/>\nL&rsquo;Amour Propre<\/p>\n<p><iframe style=\"border: 0; width: 100%; height: 120px;\" src=\"https:\/\/bandcamp.com\/EmbeddedPlayer\/album=537153719\/size=large\/bgcol=ffffff\/linkcol=0687f5\/tracklist=false\/artwork=small\/track=4124357221\/transparent=true\/\" seamless=\"\"><a href=\"https:\/\/lentourloop1.bandcamp.com\/album\/le-savoir-faire\">Le Savoir Faire by L&rsquo;Entourloop<\/a><\/iframe><\/p>\n<p>Le duo L&rsquo;Entourloop marie, \u00e0 travers son style tr\u00e8s singulier, le hip hop et le reggae, deux genres musicaux apparent\u00e9s. Leur album Le Savoir Faire, sorti le 22 septembre 2017, comporte dix\u2013huit compositions au son riche et aux rythmes abondants, et dans chaque titre, de nombreuses collaborations avec des musiciens diff\u00e9rents.<\/p>\n<p><a href=\"https:\/\/www.lentourloop.com\" target=\"_blank\" rel=\"noopener\">https:\/\/www.lentourloop.com<\/a><br \/>\n<a href=\"https:\/\/lentourloop1.bandcamp.com\" target=\"_blank\" rel=\"noopener\">https:\/\/lentourloop1.bandcamp.com<\/a><\/p>\n<p><strong><br \/>\nSamu\u00ebl Jean<\/strong><br \/>\nFunambule<\/p>\n<p><iframe style=\"border: 0; width: 100%; height: 120px;\" src=\"https:\/\/bandcamp.com\/EmbeddedPlayer\/album=3549271415\/size=large\/bgcol=ffffff\/linkcol=0687f5\/tracklist=false\/artwork=small\/track=1998940099\/transparent=true\/\" seamless=\"\"><a href=\"https:\/\/samueljeanartiste.bandcamp.com\/album\/funambule-ep\">Funambule &#8211; EP by Samu\u00ebl Jean<\/a><\/iframe><\/p>\n<p>Le chanteur et guitariste Samu\u00ebl Jean fabrique des chansons folk avec des \u00e9l\u00e9ments de style rock et soul. L\u2019album Funambule \u2013 EP, sorti le 26 mars 2021, est une collaboration avec Guillaume Tondreau (coproduction, mixage, guitares, voix, basse), Antoine Lemieux Rinfret (enregistrement, claviers) et S\u00e9bastien Dubois (batterie). L\u2019album comporte six compositions marqu\u00e9es par des \u00e9l\u00e9ments d&rsquo;americana moderne.<\/p>\n<p><a href=\"https:\/\/samueljeanartiste.bandcamp.com\" target=\"_blank\" rel=\"noopener\">https:\/\/samueljeanartiste.bandcamp.com<\/a><\/p>\n<p><strong><br \/>\nM\u00c9o<\/strong><br \/>\nDouves<\/p>\n<p><iframe style=\"border: 0; width: 100%; height: 120px;\" src=\"https:\/\/bandcamp.com\/EmbeddedPlayer\/album=2503386205\/size=large\/bgcol=ffffff\/linkcol=0687f5\/tracklist=false\/artwork=small\/track=2989779752\/transparent=true\/\" seamless=\"\"><a href=\"https:\/\/meo-et-les-chamanes-vivent-sous-la-montagne.bandcamp.com\/album\/chroniques-gr-gores-opus-1\">Chroniques \u00c9gr\u00e9gores Opus 1 by M\u00c9o<\/a><\/iframe><\/p>\n<p>L&rsquo;artiste M\u00c9o s&rsquo;appuie sur sa voix expressive et sur son accompagnement au piano afin de cr\u00e9er des chansons pleines de sensibilit\u00e9, avec des motifs \u00e9lectro pop. Son album, Chroniques \u00c9gr\u00e9gores Opus 1 sorti le 20 mai 2019, comprend cinq titres avec des \u00e9l\u00e9ments pop et rock contemporains.<\/p>\n<p><a href=\"https:\/\/meo-et-les-chamanes-vivent-sous-la-montagne.bandcamp.com\" target=\"_blank\" rel=\"noopener\">https:\/\/meo-et-les-chamanes-vivent-sous-la-montagne.bandcamp.com<\/a><\/p>\n<p><strong><br \/>\nFredda<\/strong><br \/>\nPauvres bouches<\/p>\n<p><iframe style=\"border: 0; width: 100%; height: 120px;\" src=\"https:\/\/bandcamp.com\/EmbeddedPlayer\/album=646240869\/size=large\/bgcol=ffffff\/linkcol=0687f5\/tracklist=false\/artwork=small\/track=2301957347\/transparent=true\/\" seamless=\"\"><a href=\"https:\/\/fredda.bandcamp.com\/album\/land\">Land by Fredda<\/a><\/iframe><\/p>\n<p>Fredda est une artiste parisienne exp\u00e9riment\u00e9e, avec un style personnel qui apporte une valeur ajout\u00e9e \u00e0 la chanson francophone. Ses compositions sont fond\u00e9es sur l\u2019expression po\u00e9tique et accompagnent des personnages dans leur histoire. Elle navigue avec aisance entre ballades et morceaux plus dynamiques aux \u00e9l\u00e9ments folk et pop. Son album Land sorti le 26 mai 2017, a \u00e9t\u00e9 produit et arrang\u00e9 par Pascal Parisot. Ont particip\u00e9 \u00e0 la production : Fredda (chant, guitare acoustique), St\u00e9phane Louvain (guitare \u00e9lectrique), Nicolas Desse (basse et contrebasse), Alexandre Viud\u00e8s (batterie), Anne Gouverneur (violon), Ma\u00ebva Le Berre (violoncelle), Patrick Lerchm\u00fceller (trombone), Antoine Berjeaut (trompette) et Pascal Parisot (guitare acoustique, ukul\u00e9l\u00e9, piano, wurlitzer, samples).<\/p>\n<p><a href=\"http:\/\/fredda-music.com\" target=\"_blank\" rel=\"noopener\">http:\/\/fredda-music.com<\/a><br \/>\n<a href=\"https:\/\/fredda.bandcamp.com\" target=\"_blank\" rel=\"noopener\">https:\/\/fredda.bandcamp.com<\/a><\/p>\n<p><strong><br \/>\nMaude Audet<\/strong><br \/>\nIl fera bleu<\/p>\n<p><iframe style=\"border: 0; width: 100%; height: 120px;\" src=\"https:\/\/bandcamp.com\/EmbeddedPlayer\/album=4134693914\/size=large\/bgcol=ffffff\/linkcol=0687f5\/tracklist=false\/artwork=small\/track=904712411\/transparent=true\/\" seamless=\"\"><a href=\"https:\/\/chansonsdemaude.bandcamp.com\/album\/comme-une-odeur-de-d-clin\">Comme une odeur de d\u00e9clin by Maude Audet<\/a><\/iframe><\/p>\n<p>Maude Audet a un timbre de voix particulier qui donne une personnalit\u00e9 aux chansons qu&rsquo;elle \u00e9crit. Son album Comme une odeur de d\u00e9clin sorti le 29 septembre 2017 avec ses propres textes et musique, est compos\u00e9 de dix titres au style folk et rock romantique. Elle a enregistr\u00e9 avec plusieurs types de guitares (\u00e9lectrique, \u00e9lectrique \u00e0 douze cordes, acoustique) et avec un piano. Ont particip\u00e9 \u00e0 la production : Marie-Pier Arthur (basse, voix), Robbie Kuster (batterie, percussions, voix), Joe Grass (guitare \u00e9lectrique, guitare acoustique, side, voix), Ariane Moffatt (piano, farfisa, claviers, voix), Antoine Corriveau (voix off), Marianne Houle (instrumentation \u00e0 cordes, violoncelle) et Julie Boivin (alto, violon).<\/p>\n<p><a href=\"http:\/\/www.maudeaudet.com\" target=\"_blank\" rel=\"noopener\">http:\/\/www.maudeaudet.com<\/a><br \/>\n<a href=\"https:\/\/chansonsdemaude.bandcamp.com\" target=\"_blank\" rel=\"noopener\">https:\/\/chansonsdemaude.bandcamp.com<\/a><\/p>\n<p><strong><br \/>\nBalzane<\/strong><br \/>\nRien ne tombe droit dans l&rsquo;oubli<\/p>\n<p><iframe style=\"border: 0; width: 100%; height: 120px;\" src=\"https:\/\/bandcamp.com\/EmbeddedPlayer\/album=1518942597\/size=large\/bgcol=ffffff\/linkcol=0687f5\/tracklist=false\/artwork=small\/track=3077125799\/transparent=true\/\" seamless=\"\"><a href=\"https:\/\/balzane.bandcamp.com\/album\/paille\">Paille by Balzane<\/a><\/iframe><\/p>\n<p>Aur\u00e9lia Ravaud Croisier cr\u00e9e son propre univers musical gr\u00e2ce \u00e0 sa voix d\u00e9licate et \u00e0 son accompagnement au piano. Elle suit le chemin de la sc\u00e8ne folk et pop fran\u00e7aise, en combinant les tendances instrumentales classiques et d\u2019autres plus modernes. L&rsquo;album Paille sorti le 3 juillet 2020, a la particularit\u00e9 de naviguer sans effort de la ballade \u00e0 des rythmes plus dynamiques. Ont particip\u00e9 aux enregistrements : Aur\u00e9lia Ravaud Croisier (chant, piano), Antoine Pinet (guitares, basse, batterie, percussions), Benjamin Tessier (claviers, voix) et Suzy Bo et Aur\u00e9lia R Croisier (voix).<\/p>\n<p><a href=\"https:\/\/balzane.bandcamp.com\" target=\"_blank\" rel=\"noopener\">https:\/\/balzane.bandcamp.com<\/a><\/p>\n<p><strong><br \/>\nDjeuhDjoah &amp; Lieutenant Nicholson<\/strong><br \/>\nPoussent les ailes<\/p>\n<p><iframe style=\"border: 0; width: 100%; height: 120px;\" src=\"https:\/\/bandcamp.com\/EmbeddedPlayer\/album=2967040525\/size=large\/bgcol=ffffff\/linkcol=0687f5\/tracklist=false\/artwork=small\/track=3932955130\/transparent=true\/\" seamless=\"\"><a href=\"https:\/\/hotcasarecords.bandcamp.com\/album\/aimez-ces-airs\">Aimez ces airs by DjeuhDjoah &amp; Lieutenant Nicholson<\/a><\/iframe><\/p>\n<p>Le duo franco-africain exp\u00e9riment\u00e9, compos\u00e9 des DjeuhDjoah et Lieutenant Nicholson, combine des sons fran\u00e7ais contemporains avec des \u00e9l\u00e9ments de jazz et soul, incluant aussi des caract\u00e9ristiques des musiques afrobeat, funk et \u00e9lectronique. Leur album Aimez ces airs sorti le 8 mars 2019, est le r\u00e9sultat de plusieurs ann\u00e9es de collaboration en studio comme sur sc\u00e8ne. Le nom qu\u2019ils donnent \u00e0 leur musique est \u00ab\u00a0Chansons afrop\u00e9ennes\u00a0\u00bb, terme tr\u00e8s appropri\u00e9 car leurs arrangements incluent des sons des deux continents.<\/p>\n<p><a href=\"http:\/\/www.hotcasarecords.com\" target=\"_blank\" rel=\"noopener\">http:\/\/www.hotcasarecords.com<\/a><br \/>\n<a href=\"https:\/\/hotcasarecords.bandcamp.com\" target=\"_blank\" rel=\"noopener\">https:\/\/hotcasarecords.bandcamp.com<\/a><\/p>\n<p><strong><br \/>\nThe Architect<\/strong><br \/>\nUne plage sur la lune<\/p>\n<p><iframe style=\"border: 0; width: 100%; height: 120px;\" src=\"https:\/\/bandcamp.com\/EmbeddedPlayer\/album=3047469964\/size=large\/bgcol=ffffff\/linkcol=0687f5\/tracklist=false\/artwork=small\/track=3787816888\/transparent=true\/\" seamless=\"\"><a href=\"https:\/\/thearchitectone.bandcamp.com\/album\/une-plage-sur-la-lune\">Une plage sur la lune by The Architect<\/a><\/iframe><\/p>\n<p>Le producteur originaire de Saint-Etienne, The Architect utilise les sons de genres musicaux diff\u00e9rents. Avec le hip-hop comme \u00e9l\u00e9ment dominant, ses cr\u00e9ations sont influenc\u00e9es par la soul, le funk, le jazz et le swing. Pour son album Une plage sur la lune sorti le 12 juin 2020, ont particip\u00e9 The Architect (production des beats), les musiciens Romain Frechin X Kill Emil (batterie), Graham Moushnik X Caminuksuk (orgue) Fedayi Pacha (duduk, hautbois), Issouf (harpe afrocan), N&rsquo;Zeng (trompette).<\/p>\n<p><a href=\"https:\/\/thearchitectone.bandcamp.com\" target=\"_blank\" rel=\"noopener\">https:\/\/thearchitectone.bandcamp.com<\/a><\/p>\n","protected":false},"excerpt":{"rendered":"<p>D\u00e9couvrez la playlist MIF (Musique Ind\u00e9pendante Francophone) du mois de mai. Programmation musicale : Costas Andreou<\/p>\n","protected":false},"author":1,"featured_media":32343,"template":"","tags":[954,956,981,993],"event_category":[984],"event_group":[],"class_list":["post-32346","event","type-event","status-publish","has-post-thumbnail","hentry","tag-mif-fr","tag-playlist-fr","tag-musique-independante-francophone-fr","tag-musique-independante-francophone-fr-2","event_category-musique"],"acf":{"featured_image_credits":"","sponsors_default":false,"info_title":"","info_text":"","date_range":{"start":"","end":"","cancelled":false,"note":"","start_time":"","end_time":""},"details":{"location":"","hyperlink1a":{"text":"","link":""},"price":"","hyperlink2a":{"text":"","link":""},"online_event":false,"live_streaming":false,"live_streaming_code":"","facebook_url":"","hyperlink":{"text":"D\u00e9couvrez la playlist sur YouTube","link":"https:\/\/www.youtube.com\/watch?v=rUm40ZAiSHY&list=PLNKgb6skYnUSFZFTZ8ZxoLIBiDVin-Eaj"},"hyperlink2":{"text":"D\u00e9couvrez la playlist sur Spotify","link":"https:\/\/open.spotify.com\/playlist\/0yQQpyPtRzkEnuKPNOCyDj?si=46b77910c8504fb5"},"hyperlink3":{"text":"D\u00e9couvrez la playlist sur Deezer","link":"https:\/\/www.deezer.com\/en\/playlist\/8959594242"},"press_release":false},"home_slider_image":false,"sponsors_group":false,"layout":false},"yoast_head":"<!-- This site is optimized with the Yoast SEO plugin v26.8 - https:\/\/yoast.com\/product\/yoast-seo-wordpress\/ -->\n<title>MIF Playlist 05\/2021 - Musique Ind\u00e9pendante Francophone<\/title>\n<meta name=\"description\" content=\"D\u00e9couvrez la playlist MIF (Musique Ind\u00e9pendante Francophone) du mois de mai. Programmation musicale : Costas Andreou\" \/>\n<meta name=\"robots\" content=\"index, follow, max-snippet:-1, max-image-preview:large, max-video-preview:-1\" \/>\n<link rel=\"canonical\" href=\"https:\/\/www.ifg.gr\/events\/mif-playlist-05-2021\/\" \/>\n<meta property=\"og:locale\" content=\"fr_FR\" \/>\n<meta property=\"og:type\" content=\"article\" \/>\n<meta property=\"og:title\" content=\"MIF Playlist 05\/2021 - Musique Ind\u00e9pendante Francophone\" \/>\n<meta property=\"og:description\" content=\"D\u00e9couvrez la playlist MIF (Musique Ind\u00e9pendante Francophone) du mois de mai. Programmation musicale : Costas Andreou\" \/>\n<meta property=\"og:url\" content=\"https:\/\/www.ifg.gr\/events\/mif-playlist-05-2021\/\" \/>\n<meta property=\"og:site_name\" content=\"IFG\" \/>\n<meta property=\"og:image\" content=\"https:\/\/www.ifg.gr\/wp-content\/uploads\/2021\/05\/MIF-Banner-Illustration-May.jpg\" \/>\n\t<meta property=\"og:image:width\" content=\"1350\" \/>\n\t<meta property=\"og:image:height\" content=\"800\" \/>\n\t<meta property=\"og:image:type\" content=\"image\/jpeg\" \/>\n<meta name=\"twitter:card\" content=\"summary_large_image\" \/>\n<meta name=\"twitter:label1\" content=\"Dur\u00e9e de lecture estim\u00e9e\" \/>\n\t<meta name=\"twitter:data1\" content=\"7 minutes\" \/>\n<script type=\"application\/ld+json\" class=\"yoast-schema-graph\">{\"@context\":\"https:\/\/schema.org\",\"@graph\":[{\"@type\":\"WebPage\",\"@id\":\"https:\/\/www.ifg.gr\/events\/mif-playlist-05-2021\/\",\"url\":\"https:\/\/www.ifg.gr\/events\/mif-playlist-05-2021\/\",\"name\":\"MIF Playlist 05\/2021 - Musique Ind\u00e9pendante Francophone\",\"isPartOf\":{\"@id\":\"https:\/\/www.ifg.gr\/#website\"},\"primaryImageOfPage\":{\"@id\":\"https:\/\/www.ifg.gr\/events\/mif-playlist-05-2021\/#primaryimage\"},\"image\":{\"@id\":\"https:\/\/www.ifg.gr\/events\/mif-playlist-05-2021\/#primaryimage\"},\"thumbnailUrl\":\"https:\/\/www.ifg.gr\/wp-content\/uploads\/2021\/05\/MIF-Banner-Illustration-May.jpg\",\"datePublished\":\"2021-05-07T10:27:46+00:00\",\"description\":\"D\u00e9couvrez la playlist MIF (Musique Ind\u00e9pendante Francophone) du mois de mai. Programmation musicale : Costas Andreou\",\"breadcrumb\":{\"@id\":\"https:\/\/www.ifg.gr\/events\/mif-playlist-05-2021\/#breadcrumb\"},\"inLanguage\":\"fr-FR\",\"potentialAction\":[{\"@type\":\"ReadAction\",\"target\":[\"https:\/\/www.ifg.gr\/events\/mif-playlist-05-2021\/\"]}]},{\"@type\":\"ImageObject\",\"inLanguage\":\"fr-FR\",\"@id\":\"https:\/\/www.ifg.gr\/events\/mif-playlist-05-2021\/#primaryimage\",\"url\":\"https:\/\/www.ifg.gr\/wp-content\/uploads\/2021\/05\/MIF-Banner-Illustration-May.jpg\",\"contentUrl\":\"https:\/\/www.ifg.gr\/wp-content\/uploads\/2021\/05\/MIF-Banner-Illustration-May.jpg\",\"width\":1350,\"height\":800,\"caption\":\"MIF Playlist 05\/2021 - Musique Ind\u00e9pendante Francophone\"},{\"@type\":\"BreadcrumbList\",\"@id\":\"https:\/\/www.ifg.gr\/events\/mif-playlist-05-2021\/#breadcrumb\",\"itemListElement\":[{\"@type\":\"ListItem\",\"position\":1,\"name\":\"Home\",\"item\":\"https:\/\/www.ifg.gr\/fr\/\"},{\"@type\":\"ListItem\",\"position\":2,\"name\":\"Events\",\"item\":\"https:\/\/www.ifg.gr\/events\/\"},{\"@type\":\"ListItem\",\"position\":3,\"name\":\"MIF Playlist 05\/2021\"}]},{\"@type\":\"WebSite\",\"@id\":\"https:\/\/www.ifg.gr\/#website\",\"url\":\"https:\/\/www.ifg.gr\/\",\"name\":\"IFG\",\"description\":\"\",\"potentialAction\":[{\"@type\":\"SearchAction\",\"target\":{\"@type\":\"EntryPoint\",\"urlTemplate\":\"https:\/\/www.ifg.gr\/?s={search_term_string}\"},\"query-input\":{\"@type\":\"PropertyValueSpecification\",\"valueRequired\":true,\"valueName\":\"search_term_string\"}}],\"inLanguage\":\"fr-FR\"}]}<\/script>\n<!-- \/ Yoast SEO plugin. -->","yoast_head_json":{"title":"MIF Playlist 05\/2021 - Musique Ind\u00e9pendante Francophone","description":"D\u00e9couvrez la playlist MIF (Musique Ind\u00e9pendante Francophone) du mois de mai. Programmation musicale : Costas Andreou","robots":{"index":"index","follow":"follow","max-snippet":"max-snippet:-1","max-image-preview":"max-image-preview:large","max-video-preview":"max-video-preview:-1"},"canonical":"https:\/\/www.ifg.gr\/events\/mif-playlist-05-2021\/","og_locale":"fr_FR","og_type":"article","og_title":"MIF Playlist 05\/2021 - Musique Ind\u00e9pendante Francophone","og_description":"D\u00e9couvrez la playlist MIF (Musique Ind\u00e9pendante Francophone) du mois de mai. Programmation musicale : Costas Andreou","og_url":"https:\/\/www.ifg.gr\/events\/mif-playlist-05-2021\/","og_site_name":"IFG","og_image":[{"width":1350,"height":800,"url":"https:\/\/www.ifg.gr\/wp-content\/uploads\/2021\/05\/MIF-Banner-Illustration-May.jpg","type":"image\/jpeg"}],"twitter_card":"summary_large_image","twitter_misc":{"Dur\u00e9e de lecture estim\u00e9e":"7 minutes"},"schema":{"@context":"https:\/\/schema.org","@graph":[{"@type":"WebPage","@id":"https:\/\/www.ifg.gr\/events\/mif-playlist-05-2021\/","url":"https:\/\/www.ifg.gr\/events\/mif-playlist-05-2021\/","name":"MIF Playlist 05\/2021 - Musique Ind\u00e9pendante Francophone","isPartOf":{"@id":"https:\/\/www.ifg.gr\/#website"},"primaryImageOfPage":{"@id":"https:\/\/www.ifg.gr\/events\/mif-playlist-05-2021\/#primaryimage"},"image":{"@id":"https:\/\/www.ifg.gr\/events\/mif-playlist-05-2021\/#primaryimage"},"thumbnailUrl":"https:\/\/www.ifg.gr\/wp-content\/uploads\/2021\/05\/MIF-Banner-Illustration-May.jpg","datePublished":"2021-05-07T10:27:46+00:00","description":"D\u00e9couvrez la playlist MIF (Musique Ind\u00e9pendante Francophone) du mois de mai. Programmation musicale : Costas Andreou","breadcrumb":{"@id":"https:\/\/www.ifg.gr\/events\/mif-playlist-05-2021\/#breadcrumb"},"inLanguage":"fr-FR","potentialAction":[{"@type":"ReadAction","target":["https:\/\/www.ifg.gr\/events\/mif-playlist-05-2021\/"]}]},{"@type":"ImageObject","inLanguage":"fr-FR","@id":"https:\/\/www.ifg.gr\/events\/mif-playlist-05-2021\/#primaryimage","url":"https:\/\/www.ifg.gr\/wp-content\/uploads\/2021\/05\/MIF-Banner-Illustration-May.jpg","contentUrl":"https:\/\/www.ifg.gr\/wp-content\/uploads\/2021\/05\/MIF-Banner-Illustration-May.jpg","width":1350,"height":800,"caption":"MIF Playlist 05\/2021 - Musique Ind\u00e9pendante Francophone"},{"@type":"BreadcrumbList","@id":"https:\/\/www.ifg.gr\/events\/mif-playlist-05-2021\/#breadcrumb","itemListElement":[{"@type":"ListItem","position":1,"name":"Home","item":"https:\/\/www.ifg.gr\/fr\/"},{"@type":"ListItem","position":2,"name":"Events","item":"https:\/\/www.ifg.gr\/events\/"},{"@type":"ListItem","position":3,"name":"MIF Playlist 05\/2021"}]},{"@type":"WebSite","@id":"https:\/\/www.ifg.gr\/#website","url":"https:\/\/www.ifg.gr\/","name":"IFG","description":"","potentialAction":[{"@type":"SearchAction","target":{"@type":"EntryPoint","urlTemplate":"https:\/\/www.ifg.gr\/?s={search_term_string}"},"query-input":{"@type":"PropertyValueSpecification","valueRequired":true,"valueName":"search_term_string"}}],"inLanguage":"fr-FR"}]}},"_links":{"self":[{"href":"https:\/\/www.ifg.gr\/fr\/wp-json\/wp\/v2\/event\/32346","targetHints":{"allow":["GET"]}}],"collection":[{"href":"https:\/\/www.ifg.gr\/fr\/wp-json\/wp\/v2\/event"}],"about":[{"href":"https:\/\/www.ifg.gr\/fr\/wp-json\/wp\/v2\/types\/event"}],"author":[{"embeddable":true,"href":"https:\/\/www.ifg.gr\/fr\/wp-json\/wp\/v2\/users\/1"}],"version-history":[{"count":0,"href":"https:\/\/www.ifg.gr\/fr\/wp-json\/wp\/v2\/event\/32346\/revisions"}],"wp:featuredmedia":[{"embeddable":true,"href":"https:\/\/www.ifg.gr\/fr\/wp-json\/wp\/v2\/media\/32343"}],"wp:attachment":[{"href":"https:\/\/www.ifg.gr\/fr\/wp-json\/wp\/v2\/media?parent=32346"}],"wp:term":[{"taxonomy":"post_tag","embeddable":true,"href":"https:\/\/www.ifg.gr\/fr\/wp-json\/wp\/v2\/tags?post=32346"},{"taxonomy":"event_category","embeddable":true,"href":"https:\/\/www.ifg.gr\/fr\/wp-json\/wp\/v2\/event_category?post=32346"},{"taxonomy":"event_group","embeddable":true,"href":"https:\/\/www.ifg.gr\/fr\/wp-json\/wp\/v2\/event_group?post=32346"}],"curies":[{"name":"wp","href":"https:\/\/api.w.org\/{rel}","templated":true}]}}