{"id":33237,"date":"2021-06-04T09:57:43","date_gmt":"2021-06-04T09:57:43","guid":{"rendered":"https:\/\/www.ifg.gr\/?post_type=event&#038;p=33237"},"modified":"2021-06-04T10:43:10","modified_gmt":"2021-06-04T10:43:10","slug":"mif-playlist-06-2021","status":"publish","type":"event","link":"https:\/\/www.ifg.gr\/fr\/events\/mif-playlist-06-2021\/","title":{"rendered":"MIF Playlist 06\/2021"},"content":{"rendered":"<p><strong>Chaque mois, une nouvelle playlist MIF<\/strong> (Musique Ind\u00e9pendante Francophone) pr\u00e9sentera <strong>une s\u00e9lection de musique d\u2019artistes ind\u00e9pendants, groupes et labels de France<\/strong> ainsi que des <strong>nouveaut\u00e9s francophones<\/strong> d\u2019autres pays.<\/p>\n<p><a href=\"https:\/\/www.costasandreou.com\" target=\"_blank\" rel=\"noopener noreferrer\">Costas Andreou<\/a> signe la programmation musicale, avec chaque playlist proposant des genres musicaux diff\u00e9rents et organis\u00e9e de telle mani\u00e8re que le public puisse approfondir l\u2019\u00e9coute des morceaux qui l\u2019int\u00e9ressent. Chaque morceau de la playlist a un lien dirigeant vers l\u2019album complet, tel qu\u2019il est disponible sur la plateforme Bandcamp, pour l\u2019achat du morceau ou de l\u2019album dans lequel il est inclus.<\/p>\n<p>Rendez-vous le premier vendredi de chaque mois, pendant tout 2021, pour un voyage musical exceptionnel.<\/p>\n<h3>MIF Playlist 06 \/ juin 2021<\/h3>\n<p><strong>Vincent Valli\u00e8res<\/strong><br \/>\nHomme de rien<\/p>\n<p><iframe style=\"border: 0; width: 100%; height: 120px;\" src=\"https:\/\/bandcamp.com\/EmbeddedPlayer\/album=674605012\/size=large\/bgcol=ffffff\/linkcol=0687f5\/tracklist=false\/artwork=small\/track=2012353416\/transparent=true\/\" seamless=\"\"><a href=\"https:\/\/vvallieres.bandcamp.com\/album\/toute-beaut-nest-pas-perdue\">Toute beaut\u00e9 n&rsquo;est pas perdue by Vincent Valli\u00e8res<\/a><\/iframe><\/p>\n<p>Le musicien montr\u00e9alais Vincent Valli\u00e8res \u00e9crit du rock contemporain avec des influences country et folk. Son album Toute beaut\u00e9 n&rsquo;est pas perdue est sorti le 9 avril 2021 et se compose de 11 titres bas\u00e9s sur ses riffs de guitare puissants et une \u00e9quipe de studio bien coordonn\u00e9e. En collaboration avec Andr\u00e9 Papanicolaou et Martin L\u00e9on, il a cr\u00e9\u00e9 un album \u00e0 la fois dynamique et sensible.<\/p>\n<p><a href=\"https:\/\/vvallieres.bandcamp.com\" target=\"_blank\" rel=\"noopener\">https:\/\/vvallieres.bandcamp.com<\/a><br \/>\n<a href=\"https:\/\/www.vincentvallieres.com\" target=\"_blank\" rel=\"noopener\">https:\/\/www.vincentvallieres.com<\/a><\/p>\n<p>&nbsp;<\/p>\n<p><strong>San Salvador<\/strong><br \/>\nFai Sautar<\/p>\n<p><iframe style=\"border: 0; width: 100%; height: 120px;\" src=\"https:\/\/bandcamp.com\/EmbeddedPlayer\/album=415342239\/size=large\/bgcol=ffffff\/linkcol=0687f5\/tracklist=false\/artwork=small\/track=2417548469\/transparent=true\/\" seamless=\"\"><a href=\"https:\/\/san-salvador.bandcamp.com\/album\/la-grande-folie-2\">La Grande Folie by San Salvador<\/a><\/iframe><\/p>\n<p>L&rsquo;ensemble San Salvador de France travaille depuis de nombreuses ann\u00e9es avec le chant polyphonique. Il a cr\u00e9\u00e9 son propre son, aux caract\u00e9ristiques po\u00e9tiques, en combinant musique traditionnelle et musique du monde. Compos\u00e9 de 8 titres, l&rsquo;album La Grande Folie est sorti le 22 janvier 2021. L&rsquo;ensemble est compos\u00e9 de Thibault Chaumeil (chant, grosse caisse, mains), Eva Durif (chant, mains), Gabriel Durif (chant, tambourin, mains), Marion Lherbeil (chant, grosse caisse, mains), Laure Nonique-Desvergnes (chant, mains) et Sylvestre Nonique-Desvergnes (chant, pianos, grosse caisse, mains).<\/p>\n<p><a href=\"https:\/\/san-salvador.bandcamp.com\" target=\"_blank\" rel=\"noopener\">https:\/\/san-salvador.bandcamp.com<\/a><br \/>\n<a href=\"https:\/\/sansalvador.fr\" target=\"_blank\" rel=\"noopener\">https:\/\/sansalvador.fr<\/a><\/p>\n<p>&nbsp;<\/p>\n<p><strong>Jip\u00e9 Dalp\u00e9<\/strong><br \/>\nPar les cornes<\/p>\n<p><iframe style=\"border: 0; width: 100%; height: 120px;\" src=\"https:\/\/bandcamp.com\/EmbeddedPlayer\/album=1348989590\/size=large\/bgcol=ffffff\/linkcol=0687f5\/tracklist=false\/artwork=small\/track=2308620928\/transparent=true\/\" seamless=\"\"><a href=\"https:\/\/jipedalpe.bandcamp.com\/album\/apr-s-le-crash\">Apr\u00e8s le crash by Jip\u00e9 Dalp\u00e9<\/a><\/iframe><\/p>\n<p>Le chanteur, compositeur et trompettiste qu\u00e9b\u00e9cois Jip\u00e9 Dalp\u00e9 compose des chansons pop dynamiques avec des \u00e9l\u00e9ments tir\u00e9s de la sc\u00e8ne rock et folk contemporaine. Son album Apr\u00e8s le crash est sorti le 12 avril 2019 et comprend 11 chansons avec ses propres compositions et textes. L&rsquo;album a \u00e9t\u00e9 produit par une \u00e9quipe de collaborateurs exp\u00e9riment\u00e9s et met en valeur le style rock tr\u00e8s personnel de Jip\u00e9 Dalp\u00e9.<\/p>\n<p><a href=\"https:\/\/jipedalpe.bandcamp.com\" target=\"_blank\" rel=\"noopener\">https:\/\/jipedalpe.bandcamp.com<\/a><br \/>\n<a href=\"https:\/\/www.jipedalpe.com\" target=\"_blank\" rel=\"noopener\">https:\/\/www.jipedalpe.com<\/a><\/p>\n<p>&nbsp;<\/p>\n<p><strong>Emilie Proulx<\/strong><br \/>\nLa nuit, les \u00e9chos<\/p>\n<p><iframe style=\"border: 0; width: 100%; height: 120px;\" src=\"https:\/\/bandcamp.com\/EmbeddedPlayer\/album=551166328\/size=large\/bgcol=ffffff\/linkcol=0687f5\/tracklist=false\/artwork=small\/track=2770824354\/transparent=true\/\" seamless=\"\"><a href=\"https:\/\/emilieproulx.bandcamp.com\/album\/la-nuit-les-chos\">La nuit, les \u00e9chos by Emilie Proulx<\/a><\/iframe><\/p>\n<p>Emilie Proulx \u00e9crit des chansons indie-folk \u00e0 l&rsquo;ambiance onirique, gr\u00e2ce \u00e0 sa voix expressive. La nuit, les \u00e9chos est sorti le 14 avril 2021 avec ses propres compositions et ses propres paroles. Avec elle \u00e0 la guitare et au chant, l&rsquo;album pr\u00e9sente Agathe Dup\u00e9r\u00e9 (basse, synth\u00e9) Matthieu Beaumont (piano), Maxime Gosselin (batterie) et pour le ch\u0153ur, Ana\u00efs Constantin, Catherine Leduc, Matthieu Beaumont et Th\u00e9odore Proulx.<\/p>\n<p><a href=\"https:\/\/emilieproulx.bandcamp.com\" target=\"_blank\" rel=\"noopener\">https:\/\/emilieproulx.bandcamp.com<\/a><br \/>\n<a href=\"http:\/\/www.emilieproulx.com\/\" target=\"_blank\" rel=\"noopener\">emilieproulx.com<\/a><\/p>\n<p>&nbsp;<\/p>\n<p><strong>Issaba<\/strong><br \/>\nJ&rsquo;rappe \u00e0 la premi\u00e8re personne<\/p>\n<p><iframe style=\"border: 0; width: 100%; height: 120px;\" src=\"https:\/\/bandcamp.com\/EmbeddedPlayer\/album=3894410985\/size=large\/bgcol=ffffff\/linkcol=0687f5\/tracklist=false\/artwork=small\/track=3209133134\/transparent=true\/\" seamless=\"\"><a href=\"https:\/\/issaba.bandcamp.com\/album\/a-la-recherche-du-temps-perdu\">A la recherche du temps perdu by Issaba<\/a><\/iframe><\/p>\n<p>Issaba est n\u00e9 dans l&rsquo;oasis de Figuig, au fin fond du Maroc, et s&rsquo;est retrouv\u00e9 tr\u00e8s jeune \u00e0 Montreuil, en France. \u00c9coutant du rap fran\u00e7ais dans son enfance, il en a suivi les traces. L&rsquo;album A la recherche du temps perdu est sorti le 18 octobre 2016 et se compose de 16 chansons avec des \u00e9l\u00e9ments contemporains de hip hop et de rap, sur une dynamique typique de la sc\u00e8ne underground.<\/p>\n<p><a href=\"https:\/\/issaba.bandcamp.com\" target=\"_blank\" rel=\"noopener\">https:\/\/issaba.bandcamp.com<\/a><\/p>\n<p>&nbsp;<\/p>\n<p><strong>Freedom Fry<\/strong><br \/>\nLe Point Z\u00e9ro<\/p>\n<p><iframe style=\"border: 0; width: 100%; height: 120px;\" src=\"https:\/\/bandcamp.com\/EmbeddedPlayer\/album=3405422034\/size=large\/bgcol=ffffff\/linkcol=0687f5\/tracklist=false\/artwork=small\/track=1712693082\/transparent=true\/\" seamless=\"\"><a href=\"https:\/\/freedomfry.bandcamp.com\/album\/l-invitation\">L&rsquo; Invitation by Freedom Fry<\/a><\/iframe><\/p>\n<p>Freedom Fry est un duo compos\u00e9 de Marie Seyrat (France) et Bruce Driscoll (\u00c9tats-Unis). Ils produisent eux-m\u00eames leurs chansons indie-folk. Leur album L&rsquo;Invitation est sorti le 9 avril 2021 et comprend 10 titres qui combinent l&rsquo;esth\u00e9tique de la pop fran\u00e7aise contemporaine avec des \u00e9l\u00e9ments d&rsquo;Americana.<\/p>\n<p><a href=\"https:\/\/freedomfry.bandcamp.com\" target=\"_blank\" rel=\"noopener\">https:\/\/freedomfry.bandcamp.com<\/a><br \/>\n<a href=\"https:\/\/www.freedomfrymusic.com\" target=\"_blank\" rel=\"noopener\">https:\/\/www.freedomfrymusic.com<\/a><\/p>\n<p>&nbsp;<\/p>\n<p><strong>Si mes cils<\/strong><br \/>\nOctobre<\/p>\n<p><iframe style=\"border: 0; width: 100%; height: 120px;\" src=\"https:\/\/bandcamp.com\/EmbeddedPlayer\/album=4237357268\/size=large\/bgcol=ffffff\/linkcol=0687f5\/tracklist=false\/artwork=small\/track=3875751580\/transparent=true\/\" seamless=\"\"><a href=\"https:\/\/octobre2.bandcamp.com\/album\/octobre\">Octobre by Octobre<\/a><\/iframe><\/p>\n<p>Emilie Mouret, originaire d&rsquo;Avignon, chante des histoires avec sa voix particuli\u00e8re, sur une musique pop dynamique arborant toute la vivacit\u00e9 de la sc\u00e8ne fran\u00e7aise. Octobre est sorti le 1er avril 2021 avec 5 chansons. Elle en a \u00e9crit les paroles et Roberto Baccherini signe la musique de tous les titres, \u00e0 l&rsquo;exception de Si mes cils qu&rsquo;elle a compos\u00e9 elle-m\u00eame.<\/p>\n<p><a href=\"https:\/\/octobre2.bandcamp.com\" target=\"_blank\" rel=\"noopener\">https:\/\/octobre2.bandcamp.com<\/a><\/p>\n<p>&nbsp;<\/p>\n<p><strong>BOUCAN<\/strong><br \/>\nVive o\u00f9 tu vas<\/p>\n<p><iframe style=\"border: 0; width: 100%; height: 120px;\" src=\"https:\/\/bandcamp.com\/EmbeddedPlayer\/album=3290642849\/size=large\/bgcol=ffffff\/linkcol=0687f5\/tracklist=false\/artwork=small\/track=184634697\/transparent=true\/\" seamless=\"\"><a href=\"https:\/\/groupeboucan.bandcamp.com\/album\/d-border\">D\u00e9border by BOUCAN<\/a><\/iframe><\/p>\n<p>BOUCAN est un trio originaire d&rsquo;Occitanie, en France, qui joue un rock alternatif au son particulier bas\u00e9 sur des instruments acoustiques. Il se compose de Piero P\u00e9pin (trompette, bugle, chant), Mathias Imbert (contrebasse, chant) et Bruno\u00ef Zarn (guitare, banjo, chant). Leur album D\u00e9border est sorti le 23 ao\u00fbt 2019 et est compos\u00e9 de 11 titres. L&rsquo;album a \u00e9t\u00e9 enregistr\u00e9 et mix\u00e9 par John Parish.<\/p>\n<p><a href=\"https:\/\/groupeboucan.bandcamp.com\" target=\"_blank\" rel=\"noopener\">https:\/\/groupeboucan.bandcamp.com<\/a><br \/>\n<a href=\"https:\/\/www.boucan.org\" target=\"_blank\" rel=\"noopener\">https:\/\/www.boucan.org<\/a><\/p>\n<p>&nbsp;<\/p>\n<p><strong>Christophe Monniot<\/strong><br \/>\nHymne 1 &#8211; Fil Rouge 1<\/p>\n<p><iframe style=\"border: 0; width: 100%; height: 120px;\" src=\"https:\/\/bandcamp.com\/EmbeddedPlayer\/album=978565265\/size=large\/bgcol=ffffff\/linkcol=0687f5\/tracklist=false\/artwork=small\/track=2031356506\/transparent=true\/\" seamless=\"\"><a href=\"https:\/\/ayler-records.bandcamp.com\/album\/jericho-sinfonia\">Jericho Sinfonia by Christophe Monniot<\/a><\/iframe><\/p>\n<p>Le saxophoniste et compositeur Christophe Monniot et ses collaborateurs ont cr\u00e9\u00e9 un album de jazz et de musique d&rsquo;improvisation au caract\u00e8re personnel. Intitul\u00e9 Jericho Sinfonia, il est sorti le 12 avril 2018. Monniot signe les compositions et joue du saxophone sopranino et alto, rejoint pour cette production par Sylvie Gasteau (conception sonore et livret), Roberto Negro (piano), Valentin Ceccaldi (violoncelle, basse \u00e9lectrique non accord\u00e9e, percussions), Adrien Chennebault (batterie), Florian Satche (batterie, percussions), Guillaume Aknine (guitare \u00e9lectrique), Quentin Biardeau (saxophone soprano et t\u00e9nor), Gabriel Lemaire (saxophone alto et baryton), Jean-Baptiste Lacou (trombone), Alexis Persigan (trombone) Yoann Loustalot (trompette, cor) et Alan Regardin (trompette).<\/p>\n<p><a href=\"https:\/\/ayler-records.bandcamp.com\/album\/jericho-sinfonia\" target=\"_blank\" rel=\"noopener\">https:\/\/ayler-records.bandcamp.com\/album\/jericho-sinfonia<\/a><br \/>\n<a href=\"http:\/\/www.christophemonniot.com\" target=\"_blank\" rel=\"noopener\">http:\/\/www.christophemonniot.com<\/a><\/p>\n<p>&nbsp;<\/p>\n<p><strong>Christophe Dal Sasso Quintet + String Trio<\/strong><br \/>\nLa N\u00e9buleuse d&rsquo;Orion<\/p>\n<p><iframe style=\"border: 0; width: 100%; height: 120px;\" src=\"https:\/\/bandcamp.com\/EmbeddedPlayer\/album=1414082486\/size=large\/bgcol=ffffff\/linkcol=0687f5\/tracklist=false\/artwork=small\/track=392544826\/transparent=true\/\" seamless=\"\"><a href=\"https:\/\/jazzandpeople.bandcamp.com\/album\/christophe-dal-sasso-les-n-buleuses\">Christophe Dal Sasso \u00ab\u00a0Les N\u00e9buleuses\u00a0\u00bb by Christophe Dal Sasso Quintet + String Trio<\/a><\/iframe><\/p>\n<p>Le fl\u00fbtiste et compositeur Christophe Dal Sasso a cr\u00e9\u00e9 une s\u00e9rie de compositions jazz inspir\u00e9es par les n\u00e9buleuses de l&rsquo;astronomie. Il a r\u00e9uni un quintet de jazz et un trio \u00e0 cordes pour interpr\u00e9ter les compositions et improviser. Pour son album Les N\u00e9buleuses, sorti le 23 septembre 2016, o\u00f9 il joue la fl\u00fbte et signe les compositions, il a \u00e9t\u00e9 rejoint par David El-Malek (saxophone t\u00e9nor et soprano), Pierre de Bethmann (piano et Fender Rhodes), Manuel Marches (basse), Lukmil Perez (batterie) et le String Trio.<\/p>\n<p><a href=\"https:\/\/jazzandpeople.bandcamp.com\/album\/christophe-dal-sasso-les-n-buleuses\" target=\"_blank\" rel=\"noopener\">https:\/\/jazzandpeople.bandcamp.com\/album\/christophe-dal-sasso-les-n-buleuses<\/a><br \/>\n<a href=\"http:\/\/www.christophedalsasso.fr\" target=\"_blank\" rel=\"noopener\">http:\/\/www.christophedalsasso.fr<\/a><\/p>\n<p>&nbsp;<\/p>\n<p><strong>Raymond Midnight<\/strong><br \/>\nSi peu de chose<\/p>\n<p><iframe style=\"border: 0; width: 100%; height: 120px;\" src=\"https:\/\/bandcamp.com\/EmbeddedPlayer\/album=830276195\/size=large\/bgcol=ffffff\/linkcol=0687f5\/tracklist=false\/artwork=small\/track=2921325798\/transparent=true\/\" seamless=\"\"><a href=\"https:\/\/enfancemusic.bandcamp.com\/album\/int-rieur\">Int\u00e9rieur by Raymond Midnight<\/a><\/iframe><\/p>\n<p>Derri\u00e8re le nom de sc\u00e8ne Raymond Midnight se cache une humeur cr\u00e9ative pour une musique qui passe de la sc\u00e8ne alternative \u00e0 la sc\u00e8ne pop. Ses principaux ingr\u00e9dients sont les claviers, les synth\u00e9s et la bo\u00eete \u00e0 rythmes. Sur l&rsquo;album Int\u00e9rieur sorti le 10 d\u00e9cembre 2020, on retrouve notamment Quentin Mercier (basse), Hugo Van Mol (basse), Quentin Mercier (synth\u00e9 Juno), Fran\u00e7ois Lebouteiller (guitare) et Hugo Van Mol (guitare).<\/p>\n<p><a href=\"https:\/\/enfancemusic.bandcamp.com\/album\/int-rieur\" target=\"_blank\" rel=\"noopener\">https:\/\/enfancemusic.bandcamp.com\/album\/int-rieur<\/a><\/p>\n<p>&nbsp;<\/p>\n<p><strong>Underground Canopy<\/strong><br \/>\nDanse Dor\u00e9e<\/p>\n<p><iframe style=\"border: 0; width: 100%; height: 120px;\" src=\"https:\/\/bandcamp.com\/EmbeddedPlayer\/album=2260319528\/size=large\/bgcol=ffffff\/linkcol=0687f5\/tracklist=false\/artwork=small\/track=1998878581\/transparent=true\/\" seamless=\"\"><a href=\"https:\/\/menaceparis.bandcamp.com\/album\/bluestaeb-s-fidelity-present-underground-canopy\">Bluestaeb &amp; S. Fidelity Present Underground Canopy by Underground Canopy, Bluestaeb, S. Fidelity<\/a><\/iframe><\/p>\n<p>Le groupe Underground Canopy de Paris compose une musique jazz contemporaine avec des \u00e9l\u00e9ments de soul et des influences hip-hop et de musique \u00e9lectronique. Il est compos\u00e9 de Necky Gomis (trompette, bugle), Jeremy Talon (guitare), Jonathan Ar\u00e9na (claviers, synth\u00e9), Alfredo Grooveton (batterie) et Warren Dongu\u00e9 (basse). L&rsquo;album Bluestaeb &amp; S. Fidelity Present Underground Canopy est sorti le 31 janvier 2020 et se compose de 7 titres de style jazz et funk.<\/p>\n<p><a href=\"https:\/\/menaceparis.bandcamp.com\/album\/bluestaeb-s-fidelity-present-underground-canopy\" target=\"_blank\" rel=\"noopener\">https:\/\/menaceparis.bandcamp.com\/album\/bluestaeb-s-fidelity-present-underground-canopy<\/a><\/p>\n<p>&nbsp;<\/p>\n<p><strong>Valentin Ceccaldi, Th\u00e9o Ceccaldi &amp; le Grand Orchestre du Tricot<\/strong><br \/>\nSous les plis de l&rsquo;aurore<\/p>\n<p><iframe style=\"border: 0; width: 100%; height: 120px;\" src=\"https:\/\/bandcamp.com\/EmbeddedPlayer\/album=3563920584\/size=large\/bgcol=ffffff\/linkcol=0687f5\/tracklist=false\/artwork=small\/track=3249281923\/transparent=true\/\" seamless=\"\"><a href=\"https:\/\/brouhahalabel.bandcamp.com\/album\/constantine\">CONSTANTINE by Valentin Ceccaldi, Th\u00e9o Ceccaldi &amp; le Grand Orchestre du Tricot feat. Le\u00efla Martial<\/a><\/iframe><\/p>\n<p>Th\u00e9o Ceccaldi et l&rsquo;ensemble parisien Le Grand Orchestre du Tricot ont cr\u00e9\u00e9 une production de jazz contemporain au style unique, qui emprunte \u00e0 diff\u00e9rents styles musicaux. L&rsquo;album CONSTANTINE, sorti le 11 d\u00e9cembre 2020, se compose de 11 titres. Th\u00e9o Ceccaldi au violon et \u00e0 l&rsquo;alto est entour\u00e9 par une troupe de musiciens bien rod\u00e9e : Valentin Ceccaldi (violoncelle, basse), Quentin Biardeau (saxophone t\u00e9nor, claviers, voix), Gabriel Lemaire (saxophone alto et baryton), Guillaume Aknine (guitares), Roberto Negro (piano, claviers) Adrien Chennebault (batterie, percussions) et Florian Satche (batterie, percussions). Pour l&rsquo;enregistrement en studio, ils \u00e9taient accompagn\u00e9s de Le\u00efla Martial (voix), Thomas de Pourquery (saxophone alto, voix), Yom (clarinette), Fantazio (voix), Abdullah Miniawy (voix), Emile Parisien (saxophone soprano), Airelle Besson (trompette), Michel Portal (bandon\u00e9on, clarinette basse) et Robin Mercier (voix).<\/p>\n<p><a href=\"https:\/\/brouhahalabel.bandcamp.com\/album\/constantine\" target=\"_blank\" rel=\"noopener\">https:\/\/brouhahalabel.bandcamp.com\/album\/constantine<\/a><\/p>\n<p>&nbsp;<\/p>\n<p><strong>Line Kruse<\/strong><br \/>\nTema<\/p>\n<p><iframe style=\"border: 0; width: 100%; height: 120px;\" src=\"https:\/\/bandcamp.com\/EmbeddedPlayer\/album=2176160033\/size=large\/bgcol=ffffff\/linkcol=0687f5\/tracklist=false\/artwork=small\/track=108888280\/transparent=true\/\" seamless=\"\"><a href=\"https:\/\/linekruse.bandcamp.com\/album\/invitation\">Invitation by Line Kruse<\/a><\/iframe><\/p>\n<p>La violoniste Line Kruse, ancien membre de Gotan Project, cr\u00e9e sa propre musique avec des r\u00e9f\u00e9rences jazz et latin. Sorti le 25 octobre 2019, l&rsquo;album Invitation est son cinqui\u00e8me album cons\u00e9cutif, comportant ses propres compositions et arrangements. Les enregistrements ont \u00e9t\u00e9 r\u00e9alis\u00e9s \u00e0 Paris et \u00e0 Cuba, avec une \u00e9quipe de collaborateurs exceptionnelle et une section compl\u00e8te de cordes au son d\u00e9licieux.<\/p>\n<p><a href=\"https:\/\/linekruse.bandcamp.com\" target=\"_blank\" rel=\"noopener\">https:\/\/linekruse.bandcamp.com<\/a><br \/>\n<a href=\"http:\/\/www.linekruse.com\" target=\"_blank\" rel=\"noopener\">http:\/\/www.linekruse.com<\/a><\/p>\n<p>&nbsp;<\/p>\n<p><strong>Michel Villeneuve<\/strong><br \/>\nSolstice<\/p>\n<p><iframe style=\"border: 0; width: 100%; height: 120px;\" src=\"https:\/\/bandcamp.com\/EmbeddedPlayer\/album=3998215631\/size=large\/bgcol=ffffff\/linkcol=0687f5\/tracklist=false\/artwork=small\/track=3607632189\/transparent=true\/\" seamless=\"\"><a href=\"https:\/\/michelvilleneuve.bandcamp.com\/album\/solstice\">Solstice by Michel Villeneuve<\/a><\/iframe><\/p>\n<p>Le guitariste et chanteur Michel Villeneuve vit en C\u00f4te-Nord, au Canada, et \u00e9crit des chansons folk-rock bas\u00e9es sur ses propres histoires mais aussi influenc\u00e9es par son lieu de vie, comme l&rsquo;horizon libre et ouvert du Nord. Son album Solstice est sorti le 14 mai 2021 et se compose de 9 chansons bien ficel\u00e9es sur ses propres compositions et paroles. \u00c0 ses c\u00f4t\u00e9s, la production a \u00e9t\u00e9 r\u00e9alis\u00e9e par Marie-Pierre Bellefeuille (piano, claviers), Fr\u00e9d\u00e9ric Boudreault (basse), Dany Placard (guitare \u00e9lectrique), Jean Fran\u00e7ois Cot\u00e9 (batterie), Genevi\u00e8ve Jodoin (voix).<\/p>\n<p><a href=\"https:\/\/michelvilleneuve.bandcamp.com\" target=\"_blank\" rel=\"noopener\">https:\/\/michelvilleneuve.bandcamp.com<\/a><br \/>\n<a href=\"http:\/\/www.michelvilleneuve.ca\" target=\"_blank\" rel=\"noopener\">http:\/\/www.michelvilleneuve.ca<\/a><\/p>\n<p>&nbsp;<\/p>\n<p><strong>Baptiste W. Hamon<\/strong><br \/>\nJe br\u00fble<\/p>\n<p><iframe style=\"border: 0; width: 100%; height: 120px;\" src=\"https:\/\/bandcamp.com\/EmbeddedPlayer\/album=667412880\/size=large\/bgcol=ffffff\/linkcol=0687f5\/tracklist=false\/artwork=small\/track=2546710073\/transparent=true\/\" seamless=\"\"><a href=\"https:\/\/baptistewhamon.bandcamp.com\/album\/soleil-soleil-bleu\">Soleil, soleil bleu by Baptiste W. Hamon<\/a><\/iframe><\/p>\n<p>Le chanteur et compositeur parisien Baptiste W. Hamon \u00e9crit ses chansons pleines de r\u00e9f\u00e9rences folk et country, influenc\u00e9es par les th\u00e8mes musicaux de la sc\u00e8ne americana contemporaine. Son album Soleil, soleil bleu est sorti le 14 octobre 2019. Il y d\u00e9veloppe un style o\u00f9 se distingue sa voix caract\u00e9ristique, qui donne \u00e0 la production une personnalit\u00e9 propre.<\/p>\n<p><a href=\"https:\/\/baptistewhamon.bandcamp.com\" target=\"_blank\" rel=\"noopener\">https:\/\/baptistewhamon.bandcamp.com<\/a><\/p>\n<p><strong><br \/>\nGenevi\u00e8ve et Alain<\/strong><br \/>\nSur un bout de papier<\/p>\n<p><iframe style=\"border: 0; width: 100%; height: 120px;\" src=\"https:\/\/bandcamp.com\/EmbeddedPlayer\/album=1470516652\/size=large\/bgcol=ffffff\/linkcol=0687f5\/tracklist=false\/artwork=small\/track=1440012574\/transparent=true\/\" seamless=\"\"><a href=\"https:\/\/genevieveetalain.bandcamp.com\/album\/jattends\">J&rsquo;attends by Genevi\u00e8ve et Alain<\/a><\/iframe><\/p>\n<p>Genevi\u00e8ve Roberge-Bouchard et Alain Barbeau, originaires de la ville de Gatineau au Qu\u00e9bec, cr\u00e9ent leur propre identit\u00e9 musicale folk pop, en combinant leurs personnalit\u00e9s d&rsquo;auteurs-compositeurs et l&rsquo;originalit\u00e9 de leurs voix. Sorti le 14 mai 2021, l&rsquo;album J&rsquo;attends pr\u00e9sente leurs compositions et textes. Genevi\u00e8ve Roberge-Bouchard (claviers) et Alain Barbeau (guitares) sont accompagn\u00e9s pour cette production par Carl Bastien (basse et percussions).<\/p>\n<p><a href=\"https:\/\/genevieveetalain.bandcamp.com\" target=\"_blank\" rel=\"noopener\">https:\/\/genevieveetalain.bandcamp.com<\/a><\/p>\n<p>&nbsp;<\/p>\n<p><strong>Tom Chicoine<\/strong><br \/>\nLes vapeurs qui nous font avancer<\/p>\n<p><iframe style=\"border: 0; width: 100%; height: 120px;\" src=\"https:\/\/bandcamp.com\/EmbeddedPlayer\/album=161444644\/size=large\/bgcol=ffffff\/linkcol=0687f5\/tracklist=false\/artwork=small\/track=2145659748\/transparent=true\/\" seamless=\"\"><a href=\"https:\/\/tomchicoine.bandcamp.com\/album\/les-vapeurs-qui-nous-font-avancer\">Les vapeurs qui nous font avancer by Tom Chicoine<\/a><\/iframe><\/p>\n<p>Le musicien Tom Chicoine \u00e9crit une musique folk country contemporaine pleine de fra\u00eecheur, \u00e0 l&rsquo;humeur voyageuse. L&rsquo;album Les vapeurs qui nous font avancer est sorti le 16 avril 2021 et comprend 5 chansons-r\u00e9cits, sur ses textes \u00e0 lui. Une belle troupe de musiciens participe \u00e0 cette production, avec Mandela Coupal Dalgleish (batterie, percussions), David Marchard (pedalsteel, guitares, voix), Alex Burger (basse, guitares), \u00c9ric Goulet (claviers, piano, basse, guitares), M\u00e9lisande Archambault (violon), Antoine Aspirin (guitare), Lou-Adriane Cassidy (voix), Audrey-Mich\u00e8le Simard (voix) et Jeanne Buisson-Latulippe (voix).<\/p>\n<p><a href=\"https:\/\/tomchicoine.bandcamp.com\" target=\"_blank\" rel=\"noopener\">https:\/\/tomchicoine.bandcamp.com<\/a><br \/>\n<a href=\"http:\/\/www.tomchicoine.com\" target=\"_blank\" rel=\"noopener\">http:\/\/www.tomchicoine.com<\/a><\/p>\n<p>&nbsp;<\/p>\n<p><strong>Corridor<\/strong><br \/>\nLes vapeurs qui nous font avancer<\/p>\n<p><iframe style=\"border: 0; width: 100%; height: 120px;\" src=\"https:\/\/bandcamp.com\/EmbeddedPlayer\/album=3686736606\/size=large\/bgcol=ffffff\/linkcol=0687f5\/tracklist=false\/artwork=small\/track=3063931863\/transparent=true\/\" seamless=\"\"><a href=\"https:\/\/corridormtl.bandcamp.com\/album\/junior\">Junior by Corridor<\/a><\/iframe><\/p>\n<p>Le groupe montr\u00e9alais Corridor combine des \u00e9l\u00e9ments de rock, punk et pop pour cr\u00e9er des chansons de son cru sp\u00e9cial \u00e0 dominante sonore alternative. L&rsquo;album Junior est sorti le 18 octobre 2019 et se compose de 10 titres dynamiques qui s&rsquo;appuient sur des sons de guitare \u00e9lectrique, sur la basse et la batterie classique du rock rhythm section et sur les harmonies vocales du groupe.<\/p>\n<p><a href=\"https:\/\/corridormtl.bandcamp.com\" target=\"_blank\" rel=\"noopener\">https:\/\/corridormtl.bandcamp.com<\/a><\/p>\n","protected":false},"excerpt":{"rendered":"<p>D\u00e9couvrez la playlist MIF (Musique Ind\u00e9pendante Francophone) du mois de juin. Programmation musicale : Costas Andreou<\/p>\n","protected":false},"author":1,"featured_media":33104,"template":"","tags":[954,981],"event_category":[984],"event_group":[],"class_list":["post-33237","event","type-event","status-publish","has-post-thumbnail","hentry","tag-mif-fr","tag-musique-independante-francophone-fr","event_category-musique"],"acf":{"featured_image_credits":"","sponsors_default":false,"info_title":"","info_text":"","date_range":{"start":"04\/06\/2021","end":"30\/06\/2021","cancelled":false,"note":"","start_time":"","end_time":""},"details":{"location":"","hyperlink1a":{"text":"","link":""},"price":"","hyperlink2a":{"text":"","link":""},"online_event":false,"live_streaming":false,"live_streaming_code":"","facebook_url":"","hyperlink":{"text":"D\u00e9couvrez la playlist sur YouTube","link":"https:\/\/www.youtube.com\/watch?v=Ei0cjDIWmqY&list=PLNKgb6skYnUT2Qp5ZVZANWVlbSbHNXSvf"},"hyperlink2":{"text":"D\u00e9couvrez la playlist sur Spotify","link":"https:\/\/open.spotify.com\/playlist\/5xaRpykNQwUCkdJamWprvT"},"hyperlink3":{"text":"D\u00e9couvrez la playlist sur Deezer","link":"https:\/\/www.deezer.com\/fr\/playlist\/9125963082"},"press_release":false},"home_slider_image":false,"sponsors_group":false,"layout":false},"yoast_head":"<!-- This site is optimized with the Yoast SEO plugin v26.8 - https:\/\/yoast.com\/product\/yoast-seo-wordpress\/ -->\n<title>MIF Playlist 06\/2021 - Musique Ind\u00e9pendante Francophone<\/title>\n<meta name=\"description\" content=\"D\u00e9couvrez la playlist MIF (Musique Ind\u00e9pendante Francophone) du mois de juin. Programmation musicale : Costas Andreou\" \/>\n<meta name=\"robots\" content=\"index, follow, max-snippet:-1, max-image-preview:large, max-video-preview:-1\" \/>\n<link rel=\"canonical\" href=\"https:\/\/www.ifg.gr\/fr\/events\/mif-playlist-06-2021\/\" \/>\n<meta property=\"og:locale\" content=\"fr_FR\" \/>\n<meta property=\"og:type\" content=\"article\" \/>\n<meta property=\"og:title\" content=\"MIF Playlist 06\/2021 - Musique Ind\u00e9pendante Francophone\" \/>\n<meta property=\"og:description\" content=\"D\u00e9couvrez la playlist MIF (Musique Ind\u00e9pendante Francophone) du mois de juin. Programmation musicale : Costas Andreou\" \/>\n<meta property=\"og:url\" content=\"https:\/\/www.ifg.gr\/fr\/events\/mif-playlist-06-2021\/\" \/>\n<meta property=\"og:site_name\" content=\"IFG\" \/>\n<meta property=\"article:modified_time\" content=\"2021-06-04T10:43:10+00:00\" \/>\n<meta property=\"og:image\" content=\"https:\/\/www.ifg.gr\/wp-content\/uploads\/2021\/06\/MIF-Banner1-June.jpg\" \/>\n\t<meta property=\"og:image:width\" content=\"1350\" \/>\n\t<meta property=\"og:image:height\" content=\"800\" \/>\n\t<meta property=\"og:image:type\" content=\"image\/jpeg\" \/>\n<meta name=\"twitter:card\" content=\"summary_large_image\" \/>\n<meta name=\"twitter:label1\" content=\"Dur\u00e9e de lecture estim\u00e9e\" \/>\n\t<meta name=\"twitter:data1\" content=\"8 minutes\" \/>\n<script type=\"application\/ld+json\" class=\"yoast-schema-graph\">{\"@context\":\"https:\/\/schema.org\",\"@graph\":[{\"@type\":\"WebPage\",\"@id\":\"https:\/\/www.ifg.gr\/fr\/events\/mif-playlist-06-2021\/\",\"url\":\"https:\/\/www.ifg.gr\/fr\/events\/mif-playlist-06-2021\/\",\"name\":\"MIF Playlist 06\/2021 - Musique Ind\u00e9pendante Francophone\",\"isPartOf\":{\"@id\":\"https:\/\/www.ifg.gr\/#website\"},\"primaryImageOfPage\":{\"@id\":\"https:\/\/www.ifg.gr\/fr\/events\/mif-playlist-06-2021\/#primaryimage\"},\"image\":{\"@id\":\"https:\/\/www.ifg.gr\/fr\/events\/mif-playlist-06-2021\/#primaryimage\"},\"thumbnailUrl\":\"https:\/\/www.ifg.gr\/wp-content\/uploads\/2021\/06\/MIF-Banner1-June.jpg\",\"datePublished\":\"2021-06-04T09:57:43+00:00\",\"dateModified\":\"2021-06-04T10:43:10+00:00\",\"description\":\"D\u00e9couvrez la playlist MIF (Musique Ind\u00e9pendante Francophone) du mois de juin. Programmation musicale : Costas Andreou\",\"breadcrumb\":{\"@id\":\"https:\/\/www.ifg.gr\/fr\/events\/mif-playlist-06-2021\/#breadcrumb\"},\"inLanguage\":\"fr-FR\",\"potentialAction\":[{\"@type\":\"ReadAction\",\"target\":[\"https:\/\/www.ifg.gr\/fr\/events\/mif-playlist-06-2021\/\"]}]},{\"@type\":\"ImageObject\",\"inLanguage\":\"fr-FR\",\"@id\":\"https:\/\/www.ifg.gr\/fr\/events\/mif-playlist-06-2021\/#primaryimage\",\"url\":\"https:\/\/www.ifg.gr\/wp-content\/uploads\/2021\/06\/MIF-Banner1-June.jpg\",\"contentUrl\":\"https:\/\/www.ifg.gr\/wp-content\/uploads\/2021\/06\/MIF-Banner1-June.jpg\",\"width\":1350,\"height\":800,\"caption\":\"MIF 06\/2021\"},{\"@type\":\"BreadcrumbList\",\"@id\":\"https:\/\/www.ifg.gr\/fr\/events\/mif-playlist-06-2021\/#breadcrumb\",\"itemListElement\":[{\"@type\":\"ListItem\",\"position\":1,\"name\":\"Home\",\"item\":\"https:\/\/www.ifg.gr\/fr\/\"},{\"@type\":\"ListItem\",\"position\":2,\"name\":\"Events\",\"item\":\"https:\/\/www.ifg.gr\/events\/\"},{\"@type\":\"ListItem\",\"position\":3,\"name\":\"MIF Playlist 06\/2021\"}]},{\"@type\":\"WebSite\",\"@id\":\"https:\/\/www.ifg.gr\/#website\",\"url\":\"https:\/\/www.ifg.gr\/\",\"name\":\"IFG\",\"description\":\"\",\"potentialAction\":[{\"@type\":\"SearchAction\",\"target\":{\"@type\":\"EntryPoint\",\"urlTemplate\":\"https:\/\/www.ifg.gr\/?s={search_term_string}\"},\"query-input\":{\"@type\":\"PropertyValueSpecification\",\"valueRequired\":true,\"valueName\":\"search_term_string\"}}],\"inLanguage\":\"fr-FR\"}]}<\/script>\n<!-- \/ Yoast SEO plugin. -->","yoast_head_json":{"title":"MIF Playlist 06\/2021 - Musique Ind\u00e9pendante Francophone","description":"D\u00e9couvrez la playlist MIF (Musique Ind\u00e9pendante Francophone) du mois de juin. Programmation musicale : Costas Andreou","robots":{"index":"index","follow":"follow","max-snippet":"max-snippet:-1","max-image-preview":"max-image-preview:large","max-video-preview":"max-video-preview:-1"},"canonical":"https:\/\/www.ifg.gr\/fr\/events\/mif-playlist-06-2021\/","og_locale":"fr_FR","og_type":"article","og_title":"MIF Playlist 06\/2021 - Musique Ind\u00e9pendante Francophone","og_description":"D\u00e9couvrez la playlist MIF (Musique Ind\u00e9pendante Francophone) du mois de juin. Programmation musicale : Costas Andreou","og_url":"https:\/\/www.ifg.gr\/fr\/events\/mif-playlist-06-2021\/","og_site_name":"IFG","article_modified_time":"2021-06-04T10:43:10+00:00","og_image":[{"width":1350,"height":800,"url":"https:\/\/www.ifg.gr\/wp-content\/uploads\/2021\/06\/MIF-Banner1-June.jpg","type":"image\/jpeg"}],"twitter_card":"summary_large_image","twitter_misc":{"Dur\u00e9e de lecture estim\u00e9e":"8 minutes"},"schema":{"@context":"https:\/\/schema.org","@graph":[{"@type":"WebPage","@id":"https:\/\/www.ifg.gr\/fr\/events\/mif-playlist-06-2021\/","url":"https:\/\/www.ifg.gr\/fr\/events\/mif-playlist-06-2021\/","name":"MIF Playlist 06\/2021 - Musique Ind\u00e9pendante Francophone","isPartOf":{"@id":"https:\/\/www.ifg.gr\/#website"},"primaryImageOfPage":{"@id":"https:\/\/www.ifg.gr\/fr\/events\/mif-playlist-06-2021\/#primaryimage"},"image":{"@id":"https:\/\/www.ifg.gr\/fr\/events\/mif-playlist-06-2021\/#primaryimage"},"thumbnailUrl":"https:\/\/www.ifg.gr\/wp-content\/uploads\/2021\/06\/MIF-Banner1-June.jpg","datePublished":"2021-06-04T09:57:43+00:00","dateModified":"2021-06-04T10:43:10+00:00","description":"D\u00e9couvrez la playlist MIF (Musique Ind\u00e9pendante Francophone) du mois de juin. Programmation musicale : Costas Andreou","breadcrumb":{"@id":"https:\/\/www.ifg.gr\/fr\/events\/mif-playlist-06-2021\/#breadcrumb"},"inLanguage":"fr-FR","potentialAction":[{"@type":"ReadAction","target":["https:\/\/www.ifg.gr\/fr\/events\/mif-playlist-06-2021\/"]}]},{"@type":"ImageObject","inLanguage":"fr-FR","@id":"https:\/\/www.ifg.gr\/fr\/events\/mif-playlist-06-2021\/#primaryimage","url":"https:\/\/www.ifg.gr\/wp-content\/uploads\/2021\/06\/MIF-Banner1-June.jpg","contentUrl":"https:\/\/www.ifg.gr\/wp-content\/uploads\/2021\/06\/MIF-Banner1-June.jpg","width":1350,"height":800,"caption":"MIF 06\/2021"},{"@type":"BreadcrumbList","@id":"https:\/\/www.ifg.gr\/fr\/events\/mif-playlist-06-2021\/#breadcrumb","itemListElement":[{"@type":"ListItem","position":1,"name":"Home","item":"https:\/\/www.ifg.gr\/fr\/"},{"@type":"ListItem","position":2,"name":"Events","item":"https:\/\/www.ifg.gr\/events\/"},{"@type":"ListItem","position":3,"name":"MIF Playlist 06\/2021"}]},{"@type":"WebSite","@id":"https:\/\/www.ifg.gr\/#website","url":"https:\/\/www.ifg.gr\/","name":"IFG","description":"","potentialAction":[{"@type":"SearchAction","target":{"@type":"EntryPoint","urlTemplate":"https:\/\/www.ifg.gr\/?s={search_term_string}"},"query-input":{"@type":"PropertyValueSpecification","valueRequired":true,"valueName":"search_term_string"}}],"inLanguage":"fr-FR"}]}},"_links":{"self":[{"href":"https:\/\/www.ifg.gr\/fr\/wp-json\/wp\/v2\/event\/33237","targetHints":{"allow":["GET"]}}],"collection":[{"href":"https:\/\/www.ifg.gr\/fr\/wp-json\/wp\/v2\/event"}],"about":[{"href":"https:\/\/www.ifg.gr\/fr\/wp-json\/wp\/v2\/types\/event"}],"author":[{"embeddable":true,"href":"https:\/\/www.ifg.gr\/fr\/wp-json\/wp\/v2\/users\/1"}],"version-history":[{"count":0,"href":"https:\/\/www.ifg.gr\/fr\/wp-json\/wp\/v2\/event\/33237\/revisions"}],"wp:featuredmedia":[{"embeddable":true,"href":"https:\/\/www.ifg.gr\/fr\/wp-json\/wp\/v2\/media\/33104"}],"wp:attachment":[{"href":"https:\/\/www.ifg.gr\/fr\/wp-json\/wp\/v2\/media?parent=33237"}],"wp:term":[{"taxonomy":"post_tag","embeddable":true,"href":"https:\/\/www.ifg.gr\/fr\/wp-json\/wp\/v2\/tags?post=33237"},{"taxonomy":"event_category","embeddable":true,"href":"https:\/\/www.ifg.gr\/fr\/wp-json\/wp\/v2\/event_category?post=33237"},{"taxonomy":"event_group","embeddable":true,"href":"https:\/\/www.ifg.gr\/fr\/wp-json\/wp\/v2\/event_group?post=33237"}],"curies":[{"name":"wp","href":"https:\/\/api.w.org\/{rel}","templated":true}]}}