{"id":35175,"date":"2021-07-22T13:14:52","date_gmt":"2021-07-22T13:14:52","guid":{"rendered":"https:\/\/www.ifg.gr\/?post_type=event&#038;p=35175"},"modified":"2021-07-22T13:14:52","modified_gmt":"2021-07-22T13:14:52","slug":"mif-playlist-08-2021","status":"publish","type":"event","link":"https:\/\/www.ifg.gr\/fr\/events\/mif-playlist-08-2021\/","title":{"rendered":"MIF Playlist 08\/2021: p\u00e9pites francophones pour l&rsquo;\u00e9t\u00e9"},"content":{"rendered":"<p>Cet \u00e9t\u00e9, laissez la musique fran\u00e7aise vous rafra\u00eechir en \u00e9coutant la playlist MIF (Musique Ind\u00e9pendante Francophone) du mois d\u2019ao\u00fbt.<\/p>\n<p>Dans la voiture sur la route du travail ou des vacances, lors de votre f\u00eate sur la plage, avec des \u00e9couteurs dans la tente ou sur votre balcon, ces p\u00e9pites francophones vont vous tenir compagnie et vous divertir.<\/p>\n<p><a href=\"https:\/\/www.costasandreou.com\" target=\"_blank\" rel=\"noopener noreferrer\">Costas Andreou<\/a> signe la programmation musicale, avec chaque playlist MIF proposant des genres musicaux diff\u00e9rents et organis\u00e9e de telle mani\u00e8re que le public puisse approfondir l\u2019\u00e9coute des morceaux qui l\u2019int\u00e9ressent. Chaque morceau de la playlist a un lien dirigeant vers l\u2019album complet, tel qu\u2019il est disponible sur la plateforme Bandcamp, pour l\u2019achat du morceau ou de l\u2019album dans lequel il est inclus.<\/p>\n<p>Bonnes vacances \u00e0 toutes et tous !<\/p>\n<h3>MIF Playlist 08 \/ ao\u00fbt 2021<\/h3>\n<p><strong>Leila Huissoud<\/strong><br \/>\nAuguste<\/p>\n<p><iframe style=\"border: 0; width: 100%; height: 120px;\" src=\"https:\/\/bandcamp.com\/EmbeddedPlayer\/album=1275403701\/size=large\/bgcol=ffffff\/linkcol=0687f5\/tracklist=false\/artwork=small\/track=3355454684\/transparent=true\/\" seamless=\"\"><a href=\"https:\/\/leilahuissoudofficiel.bandcamp.com\/album\/auguste\">Auguste by Leila Huissoud<\/a><\/iframe><\/p>\n<p>Leila Huissoud, originaire de France, impose sa voix sur des compositions acoustiques louant l&rsquo;amour, avec des parties fragiles et sensibles. Sorti le 9 novembre 2018, son album Auguste contient 12 chansons orchestr\u00e9es pour un grand ensemble d&rsquo;instruments acoustiques. La production est soutenue par une \u00e9quipe de collaborateurs alliant avec bonheur des formes instrumentales classiques \u00e0 la chanson fran\u00e7aise.<\/p>\n<p><a href=\"https:\/\/www.leilahuissoud.com\" target=\"_blank\" rel=\"noopener\">https:\/\/www.leilahuissoud.com<\/a><br \/>\n<a href=\"https:\/\/leilahuissoudofficiel.bandcamp.com\" target=\"_blank\" rel=\"noopener\">https:\/\/leilahuissoudofficiel.bandcamp.com<\/a><\/p>\n<p><strong>Mackenzie Leighton<\/strong><br \/>\nTourn\u00e9e aux states<\/p>\n<p><iframe style=\"border: 0; width: 100%; height: 120px;\" src=\"https:\/\/bandcamp.com\/EmbeddedPlayer\/album=2796317143\/size=large\/bgcol=ffffff\/linkcol=0687f5\/tracklist=false\/artwork=small\/track=2193553209\/transparent=true\/\" seamless=\"\"><a href=\"https:\/\/mackenzieleighton.bandcamp.com\/album\/fleuriste\">Fleuriste by Mackenzie Leighton<\/a><\/iframe><\/p>\n<p>Mackenzie Leighton est une musicienne d\u2019Indie rock originaire des \u00c9tats-Unis et vivant \u00e0 Paris. Elle suit instinctivement la tradition folk, en y alliant des sons plus sophistiqu\u00e9s. Son album Fleuriste, sorti le 25 juin 2021, est compos\u00e9 de 7 chansons centr\u00e9es sur sa voix et sur ses compositions tout en mod\u00e9ration.<\/p>\n<p><a href=\"https:\/\/mackenzieleighton.bandcamp.com\" target=\"_blank\" rel=\"noopener\">https:\/\/mackenzieleighton.bandcamp.com<\/a><br \/>\n<a href=\"https:\/\/mackenzieleightonmusic.com\" target=\"_blank\" rel=\"noopener\">https:\/\/mackenzieleightonmusic.com<\/a><\/p>\n<p><strong>Pat Kalla &amp; Le Super Mojo<\/strong><br \/>\nCumbia de Paris<\/p>\n<p><iframe style=\"border: 0; width: 100%; height: 120px;\" src=\"https:\/\/bandcamp.com\/EmbeddedPlayer\/album=3671361902\/size=large\/bgcol=ffffff\/linkcol=0687f5\/tracklist=false\/artwork=small\/track=538422116\/transparent=true\/\" seamless=\"\"><a href=\"https:\/\/patkallalesupermojo.bandcamp.com\/album\/hymne-la-vie\">Hymne \u00e0 la vie by Pat Kalla &amp; Le Super Mojo<\/a><\/iframe><\/p>\n<p>Pat Kalla combine des grooves africains color\u00e9s avec la tradition des chansons francophones et des r\u00e9cits africains. Son groupe, Le Super Mojo, offre un mix d&rsquo;ingr\u00e9dients afrodisco, d&rsquo;afrobeat et de th\u00e8mes funk des Cara\u00efbes. L&rsquo;album Hymne \u00e0 la vie, sorti le 28 mai 2021, comporte 14 titres funk soul en forme d&rsquo;hymne \u00e0 la vie.<\/p>\n<p><a href=\"https:\/\/patkallalesupermojo.bandcamp.com\" target=\"_blank\" rel=\"noopener\">https:\/\/patkallalesupermojo.bandcamp.com<\/a><\/p>\n<p><strong>Simon Chivallon<\/strong><br \/>\nLa Mer<\/p>\n<p><iframe style=\"border: 0; width: 100%; height: 120px;\" src=\"https:\/\/bandcamp.com\/EmbeddedPlayer\/album=3993806698\/size=large\/bgcol=ffffff\/linkcol=0687f5\/tracklist=false\/artwork=small\/track=562991578\/transparent=true\/\" seamless=\"\"><a href=\"https:\/\/jazzandpeople.bandcamp.com\/album\/light-blue\">Light Blue by Simon Chivallon<\/a><\/iframe><\/p>\n<p>Le pianiste Simon Chivallon a cr\u00e9\u00e9 un trio concentr\u00e9 sur la m\u00e9lodie, le lyrisme et les compositions originales. L&rsquo;album Light Blue a \u00e9t\u00e9 enregistr\u00e9 avec le bassiste Nicolas Moreaux et le batteur Antoine Paganotti. Sorti le 5 mars 2021, il contient 11 titres de jazz au style contemporain d\u00e9montrant un grand app\u00e9tit pour l&rsquo;improvisation. Il offre un regard neuf sur la pr\u00e9sentation de ce trio de jazz, o\u00f9 le piano joue le r\u00f4le central.<\/p>\n<p><a href=\"https:\/\/jazzandpeople.bandcamp.com\/album\/light-blue\" target=\"_blank\" rel=\"noopener\">https:\/\/jazzandpeople.bandcamp.com\/album\/light-blue<\/a><\/p>\n<p><strong>3eme Class<\/strong><br \/>\nArtisanal<\/p>\n<p><iframe style=\"border: 0; width: 100%; height: 120px;\" src=\"https:\/\/bandcamp.com\/EmbeddedPlayer\/album=1400051775\/size=large\/bgcol=ffffff\/linkcol=0687f5\/tracklist=false\/artwork=small\/track=3936605047\/transparent=true\/\" seamless=\"\"><a href=\"https:\/\/3emeclass.bandcamp.com\/album\/inclassable\">Inclassable by 3eme Class<\/a><\/iframe><\/p>\n<p>Le groupe artistique toulousain 3\u00e8me Class compose sa musique dans diff\u00e9rents styles, m\u00e9langeant chanson moderne francophone, musique du monde et rap. L&rsquo;album Inclassable est sorti le 11 juin 2021 et se compose de 10 titres aux fortes intonations hip hop, reggae et ska. La production est vibrante, gr\u00e2ce \u00e0 la forte pr\u00e9sence des vents dans les arrangements et \u00e0 l\u2019ensemble rythmique assorti, qui soutient les voix \u00e0 bon escient.<\/p>\n<p><a href=\"https:\/\/www.3emeclass.com\" target=\"_blank\" rel=\"noopener\">https:\/\/www.3emeclass.com<\/a><br \/>\n<a href=\"https:\/\/3emeclass.bandcamp.com\" target=\"_blank\" rel=\"noopener\">https:\/\/3emeclass.bandcamp.com<\/a><\/p>\n<p><strong>Les Mea Culpa<\/strong><br \/>\nLily Tea<\/p>\n<p><iframe style=\"border: 0; width: 100%; height: 120px;\" src=\"https:\/\/bandcamp.com\/EmbeddedPlayer\/album=750558856\/size=large\/bgcol=ffffff\/linkcol=0687f5\/tracklist=false\/artwork=small\/track=1312856158\/transparent=true\/\" seamless=\"\"><a href=\"https:\/\/lilytea.bandcamp.com\/album\/les-mea-culpa-ep\">Les Mea Culpa EP by Lily Tea<\/a><\/iframe><\/p>\n<p>L&rsquo;artiste qu\u00e9b\u00e9coise Lily Tea associe le swing et les blues narratifs \u00e0 la pop. Son EP \u00e9ponyme, sorti le 18 juin 2021, se compose de 5 chansons \u00e0 l&rsquo;ambiance recherch\u00e9e et la saveur famili\u00e8re de la sc\u00e8ne folk d&rsquo;Am\u00e9rique du Nord. Un ensemble de musiciens soutenant des arrangements luxuriants, dont la voix constitue l&rsquo;\u00e9l\u00e9ment central, a particip\u00e9 \u00e0 la production.<\/p>\n<p><a href=\"https:\/\/lilytea.info\" target=\"_blank\" rel=\"noopener\">https:\/\/lilytea.info<\/a><br \/>\n<a href=\"https:\/\/lilytea.bandcamp.com\" target=\"_blank\" rel=\"noopener\">https:\/\/lilytea.bandcamp.com<\/a><\/p>\n<p><strong>Les Lunatiques<\/strong><br \/>\nO\u00f9 est?<\/p>\n<p><iframe style=\"border: 0; width: 100%; height: 120px;\" src=\"https:\/\/bandcamp.com\/EmbeddedPlayer\/album=4280457814\/size=large\/bgcol=ffffff\/linkcol=0687f5\/tracklist=false\/artwork=small\/track=2810056581\/transparent=true\/\" seamless=\"\"><a href=\"https:\/\/leslunatiques.bandcamp.com\/album\/l-pouvantail\">L&rsquo;\u00c9pouvantail by Les Lunatiques<\/a><\/iframe><\/p>\n<p>Le trio alternatif Les Lunatiques \u00e9crit des chansons rock aux racines grunge et fusion. Le groupe est compos\u00e9 d&rsquo;Antoine Bourque (voix, guitare, claviers, sitar, fl\u00fbte, percussions), Sacha Baril (basse, violon, claviers, voix) et Fran\u00e7ois Pelletier (batterie, percussions, voix). Leur album L&rsquo;\u00c9pouvantail, sorti le 26 juin 2020, contient 6 titres aux influences psych\u00e9d\u00e9liques issues de la sc\u00e8ne progressive.<\/p>\n<p><a href=\"https:\/\/leslunatiques.bandcamp.com\" target=\"_blank\" rel=\"noopener\">https:\/\/leslunatiques.bandcamp.com<\/a><\/p>\n<p><strong>Valse Fr\u00e9quence<\/strong><br \/>\nEntrem\u00eal\u00e9s<\/p>\n<p><iframe style=\"border: 0; width: 100%; height: 120px;\" src=\"https:\/\/bandcamp.com\/EmbeddedPlayer\/track=3100781151\/size=large\/bgcol=ffffff\/linkcol=0687f5\/tracklist=false\/artwork=small\/transparent=true\/\" seamless=\"\"><a href=\"https:\/\/valsefrequence.bandcamp.com\/track\/entrem-l-s\">Entrem\u00eal\u00e9s by Valse Fr\u00e9quence<\/a><\/iframe><\/p>\n<p>Le trio rock Valse Fr\u00e9quence est compos\u00e9 du batteur et chanteur Thomas L\u00e9ger, de la guitariste Anne-Marie Milev et du bassiste Louis Houle Collin. C&rsquo;est un groupe musical solide qui s&rsquo;inspire des \u00e9l\u00e9ments de la sc\u00e8ne post-rock et du psych\u00e9d\u00e9lisme contemporain, sans s&rsquo;y limiter. Leur chanson Entrem\u00eal\u00e9s, sortie le 10 juillet 2020, est un excellent exemple de leur style d&rsquo;\u00e9criture et de leur vitalit\u00e9.<\/p>\n<p><a href=\"https:\/\/valsefrequence.bandcamp.com\" target=\"_blank\" rel=\"noopener\">https:\/\/valsefrequence.bandcamp.com<\/a><\/p>\n<p><strong>Fran\u00e7ois D\u00e9saulniers<\/strong><br \/>\nLa Rivi\u00e8re<\/p>\n<p><iframe style=\"border: 0; width: 100%; height: 120px;\" src=\"https:\/\/bandcamp.com\/EmbeddedPlayer\/album=1096573172\/size=large\/bgcol=ffffff\/linkcol=0687f5\/tracklist=false\/artwork=small\/track=1344850877\/transparent=true\/\" seamless=\"\"><a href=\"https:\/\/francoisdesaulniers.bandcamp.com\/album\/intraordinaire\">Intraordinaire by Fran\u00e7ois D\u00e9saulniers<\/a><\/iframe><\/p>\n<p>Fran\u00e7ois D\u00e9saulniers, originaire de Canada, est un chanteur issu du th\u00e9\u00e2tre avec une formation en \u00e9criture. Seul ou accompagn\u00e9 d\u2019un groupe de musiciens, il compose sa propre musique qui allie po\u00e9sie, humour et m\u00e9lancolie. Intraordinaire, sortie le 7 juin 2019, se compose de 10 chansons marqu\u00e9es par sa voix chaleureuse et le son de sa guitare folk indie. Avec lui au chant et \u00e0 la guitare, Norman Lachapelle (basse), St\u00e9phane Crytes (batterie), Martion Bournival (claviers), Am\u00e9lie Lamontagne (violon), Camille Paquette-Roy (violoncelle), Dany Roy (saxophone t\u00e9nor), Diane Whitmore (clarinette basse) et Tomoko Takase (chant) ont particip\u00e9 \u00e0 la production,.<\/p>\n<p><a href=\"http:\/\/www.francoisdesaulniers.net\" target=\"_blank\" rel=\"noopener\">http:\/\/www.francoisdesaulniers.net<\/a><br \/>\n<a href=\"https:\/\/francoisdesaulniers.bandcamp.com\" target=\"_blank\" rel=\"noopener\">https:\/\/francoisdesaulniers.bandcamp.com<\/a><\/p>\n<p><strong>Alma Forrer<\/strong><br \/>\nLes Jeux des Autres<\/p>\n<p><iframe style=\"border: 0; width: 100%; height: 120px;\" src=\"https:\/\/bandcamp.com\/EmbeddedPlayer\/album=2370212782\/size=large\/bgcol=ffffff\/linkcol=0687f5\/tracklist=false\/artwork=small\/track=95660964\/transparent=true\/\" seamless=\"\"><a href=\"https:\/\/almaforrer.bandcamp.com\/album\/alma-forrer\">Alma Forrer by Alma Forrer<\/a><\/iframe><\/p>\n<p>Alma Forrer est une musicienne fran\u00e7aise influenc\u00e9e de mani\u00e8re cr\u00e9ative par la sc\u00e8ne de la chanson am\u00e9ricaine. Elle \u00e9crit des chansons folk sensibles et privil\u00e9gie l&rsquo;interpr\u00e9tation. Son album \u00e9ponyme, sorti le 16 septembre 2014, offre un bon exemple de son \u00e9criture po\u00e9tique, qui comporte de nombreux \u00e9l\u00e9ments inspir\u00e9s des troubadours occidentaux. Elle a \u00e9t\u00e9 rejointe en studio, au chant et \u00e0 la guitare acoustique, par Mocke Depret (guitare \u00e9lectrique), Julie Darnal (piano), Mick Conroy (basse, orgue, cordes) et Baptiste Hamon (chant). Stephen Munson a sign\u00e9 les compositions.<\/p>\n<p><a href=\"https:\/\/almaforrer.bandcamp.com\" target=\"_blank\" rel=\"noopener\">https:\/\/almaforrer.bandcamp.com<\/a><\/p>\n<p><strong>Sourdure<\/strong><br \/>\nLes Jeux des Autres<\/p>\n<p><iframe style=\"border: 0; width: 100%; height: 120px;\" src=\"https:\/\/bandcamp.com\/EmbeddedPlayer\/album=3884374181\/size=large\/bgcol=ffffff\/linkcol=0687f5\/tracklist=false\/artwork=small\/track=1743441221\/transparent=true\/\" seamless=\"\"><a href=\"https:\/\/sourdure.bandcamp.com\/album\/de-m-rt-viva-2\">De M\u00f2rt Viva by sourdure<\/a><\/iframe><\/p>\n<p>Sous le nom de sc\u00e8ne Sourdure, le musicien Ernest Bergez combine des instruments acoustiques avec des sons \u00e9lectroniques et des th\u00e8mes musicaux avec des bandes son diverses, en chantant en fran\u00e7ais et en occitan catalan. Son exp\u00e9rimentation accompagne des influences de divers idiomes, comme ceux de la r\u00e9gion du Massif Central en France. Les 10 chansons de l&rsquo;album De M\u00f2rt Viva, sorti le 2 avril 2021, se caract\u00e9risent dans l&rsquo;ensemble par l&rsquo;ambiance du passage de l&rsquo;ancien au nouveau, du traditionnel au contemporain.<\/p>\n<p><a href=\"https:\/\/sourdure.bandcamp.com\" target=\"_blank\" rel=\"noopener\">https:\/\/sourdure.bandcamp.com<\/a><\/p>\n<p><strong>La Mano y La Flecha<\/strong><br \/>\nJe ne suis pas fou<\/p>\n<p><iframe style=\"border: 0; width: 100%; height: 120px;\" src=\"https:\/\/bandcamp.com\/EmbeddedPlayer\/album=3032399636\/size=large\/bgcol=ffffff\/linkcol=0687f5\/tracklist=false\/artwork=small\/track=705343392\/transparent=true\/\" seamless=\"\"><a href=\"https:\/\/lamanoylaflecha.bandcamp.com\/album\/marchands-de-vent\">Marchands de Vent by La Mano y La Flecha<\/a><\/iframe><\/p>\n<p>Le duo La Mano y La Flecha a \u00e9t\u00e9 form\u00e9 par Antonio Valdes (accord\u00e9on, scie musicale, percussion, chant) et David Casasus (harmonica, chant) sur l&rsquo;\u00eele de Fuerteventura aux Canaries, en pleine quarantaine du coronavirus. Les deux hommes ont \u00e9crit 8 chansons allant de la musique du monde \u00e0 la chanson francophone, avec plusieurs \u00e9l\u00e9ments issus des Balkans et du blues occidental. Leur album intitul\u00e9 Marchands de Vent est sorti le 26 mars 2021 et en tant que production, il a les signes de la philosophie punk.<\/p>\n<p><a href=\"https:\/\/lamanoylaflecha.bandcamp.com\" target=\"_blank\" rel=\"noopener\">https:\/\/lamanoylaflecha.bandcamp.com<\/a><\/p>\n<p><strong>Filpo<\/strong><br \/>\nIncendie<\/p>\n<p><iframe style=\"border: 0; width: 100%; height: 120px;\" src=\"https:\/\/bandcamp.com\/EmbeddedPlayer\/album=3158281473\/size=large\/bgcol=ffffff\/linkcol=0687f5\/tracklist=false\/artwork=small\/track=451700971\/transparent=true\/\" seamless=\"\"><a href=\"https:\/\/filpo.bandcamp.com\/album\/printemps\">Printemps by FILPO<\/a><\/iframe><\/p>\n<p>Le groupe Filpo est une production indie francophone du chanteur et guitariste Paolo Philpot accompagn\u00e9 de ses collaborateurs Gabriel Lapointe (batterie, percussions), Gabriel L&rsquo;Heureux (basse, voix) et Paul Aubry (piano, claviers). Sorti le 2 avril 2021, Printemps est compos\u00e9 de 10 chansons avec une forte identit\u00e9 marqu\u00e9e par la sc\u00e8ne rock ind\u00e9pendante canadienne.<\/p>\n<p><a href=\"https:\/\/filpo.bandcamp.com\" target=\"_blank\" rel=\"noopener\">https:\/\/filpo.bandcamp.com<\/a><\/p>\n<p><strong>HDW<\/strong><br \/>\nLa Paillade<\/p>\n<p><iframe style=\"border: 0; width: 100%; height: 120px;\" src=\"https:\/\/bandcamp.com\/EmbeddedPlayer\/album=3478413511\/size=large\/bgcol=ffffff\/linkcol=0687f5\/tracklist=false\/artwork=small\/track=3185413388\/transparent=true\/\" seamless=\"\"><a href=\"https:\/\/hdwmusic.bandcamp.com\/album\/le-voleur-de-couleurs\">Le Voleur de Couleurs by HDW<\/a><\/iframe><\/p>\n<p>HDW est le produit d&rsquo;une collaboration artistique entre Alexandre Sepr\u00e9 (textes, voix) et Louise Gravez (piano). La voix et le piano sont les \u00e9l\u00e9ments dominants de la production, avec une approche po\u00e9tique influenc\u00e9e par le hip hop et le rap. Leur album Le Voleur de Couleurs est sorti le 20 novembre 2017 et comprend 10 titres. Gabriella Beauduin (chant lyrique), Micha\u00ebl Destouches (guitare), Edgar Sekloka (chant lyrique) et Lucile G\u00e9rard (chant) ont particip\u00e9 aux enregistrements.<\/p>\n<p><a href=\"https:\/\/hdwmusic.bandcamp.com\" target=\"_blank\" rel=\"noopener\">https:\/\/hdwmusic.bandcamp.com<\/a><\/p>\n<p><strong>Les Manivelles<\/strong><br \/>\nLe Somme d&rsquo;une pomme<\/p>\n<p><iframe style=\"border: 0; width: 100%; height: 120px;\" src=\"https:\/\/bandcamp.com\/EmbeddedPlayer\/album=2840009689\/size=large\/bgcol=ffffff\/linkcol=0687f5\/tracklist=false\/artwork=small\/track=1343810139\/transparent=true\/\" seamless=\"\"><a href=\"https:\/\/lesmanivelles.bandcamp.com\/album\/ti-m\">Ti\u00e1m by Les Manivelles<\/a><\/iframe><\/p>\n<p>L&rsquo;ensemble Les Manivelles, compos\u00e9 de personnes originaires de diff\u00e9rentes parties du monde, fait de la musique sans caract\u00e9ristiques locales. Leur album Ti\u00e1m, sorti le 16 d\u00e9cembre 2020, pr\u00e9sente 11 compositions avec des \u00e9l\u00e9ments influenc\u00e9s par le folk sud-am\u00e9ricain, la pop ind\u00e9pendante, la World Music avec des touches classiques.<\/p>\n<p><a href=\"https:\/\/lesmanivelles.bandcamp.com\" target=\"_blank\" rel=\"noopener\">https:\/\/lesmanivelles.bandcamp.com<\/a><\/p>\n<p><strong>Corrigan Fest<\/strong><br \/>\nJe suis fils<\/p>\n<p><iframe style=\"border: 0; width: 100%; height: 120px;\" src=\"https:\/\/bandcamp.com\/EmbeddedPlayer\/album=1369282417\/size=large\/bgcol=ffffff\/linkcol=0687f5\/tracklist=false\/artwork=small\/track=893456204\/transparent=true\/\" seamless=\"\"><a href=\"https:\/\/corriganfest.bandcamp.com\/album\/la-victoire-en-chantant\">La victoire en chantant by Corrigan Fest<\/a><\/iframe><\/p>\n<p>Le groupe Corrigan Fest est constitu\u00e9 de sept musiciens v\u00e9t\u00e9rans de la sc\u00e8ne alternative ind\u00e9pendante qu\u00e9becoise. Ils combinent la tradition celtique avec le punk et la musique alternative avec des th\u00e8mes traditionnels. L&rsquo;album La victoire en chantant, sorti le 1er mars 2007, comprend 13 titres avec un m\u00e9lange original de musique contemporaine et traditionnelle.<\/p>\n<p><a href=\"https:\/\/corriganfest.bandcamp.com\" target=\"_blank\" rel=\"noopener\">https:\/\/corriganfest.bandcamp.com<\/a><\/p>\n<p><strong>L\u00e9o Haag<\/strong><br \/>\nEn chantier<\/p>\n<p><iframe style=\"border: 0; width: 100%; height: 120px;\" src=\"https:\/\/bandcamp.com\/EmbeddedPlayer\/album=2260910824\/size=large\/bgcol=ffffff\/linkcol=0687f5\/tracklist=false\/artwork=small\/track=723038895\/transparent=true\/\" seamless=\"\"><a href=\"https:\/\/leohaag.bandcamp.com\/album\/en-chantier\">En chantier by L\u00e9o Haag<\/a><\/iframe><\/p>\n<p>Le pianiste et chanteur fran\u00e7ais L\u00e9o Haag cr\u00e9e au piano des morceaux de jazz moderne \u00e0 l&rsquo;ambiance po\u00e9tique. Pour l&rsquo;album En chantier, sorti le 21 mai 2021, dont il signe les textes et les compositions, il organise un quartet acoustique avec Jean Lucas (trombone, tuba, chant, arrangements), J\u00e9r\u00f4me Fohrer (contrebasse), Fr\u00e9d\u00e9ric Gu\u00e9rin (batterie, percussions, chant). Murielle Holtz (chant), Christophe Rieger (saxophone alto et t\u00e9nor), Paul Barbieri (cor alto, trompette, chant) et Lionel Riou (trombone, trompette) ont \u00e9galement particip\u00e9 aux enregistrements en studio.<\/p>\n<p><a href=\"https:\/\/leohaag.bandcamp.com\" target=\"_blank\" rel=\"noopener\">https:\/\/leohaag.bandcamp.com<\/a><\/p>\n","protected":false},"excerpt":{"rendered":"<p>Cet \u00e9t\u00e9, laissez la musique francophone vous rafra\u00eechir en \u00e9coutant la playlist MIF (Musique Ind\u00e9pendante Francophone) du mois d\u2019ao\u00fbt.<\/p>\n","protected":false},"author":1,"featured_media":35156,"template":"","tags":[954,956,993],"event_category":[984],"event_group":[],"class_list":["post-35175","event","type-event","status-publish","has-post-thumbnail","hentry","tag-mif-fr","tag-playlist-fr","tag-musique-independante-francophone-fr-2","event_category-musique"],"acf":{"featured_image_credits":"","sponsors_default":false,"info_title":"","info_text":"","date_range":{"start":"22\/07\/2021","end":"31\/08\/2021","cancelled":false,"note":"","start_time":"","end_time":""},"details":{"location":"","hyperlink1a":{"text":"","link":""},"price":"","hyperlink2a":{"text":"","link":""},"online_event":false,"live_streaming":false,"live_streaming_code":"","facebook_url":"","hyperlink":{"text":"D\u00e9couvrez la playlist sur YouTube","link":"https:\/\/www.youtube.com\/watch?v=aPAzNsWNf7g&list=PLNKgb6skYnURGistPbmcvhyVeOsH_joAQ&index=1"},"hyperlink2":{"text":"D\u00e9couvrez la playlist sur Spotify","link":"https:\/\/open.spotify.com\/playlist\/5SE4ErscbJ05SuoQTPIPki"},"hyperlink3":{"text":"D\u00e9couvrez la playlist sur Deezer","link":"https:\/\/www.deezer.com\/fr\/playlist\/9233186182"},"press_release":false},"home_slider_image":false,"sponsors_group":false,"layout":false},"yoast_head":"<!-- This site is optimized with the Yoast SEO plugin v26.8 - https:\/\/yoast.com\/product\/yoast-seo-wordpress\/ -->\n<title>MIF Playlist 08\/2021: p\u00e9pites francophones pour l&#039;\u00e9t\u00e9<\/title>\n<meta name=\"description\" content=\"Cet \u00e9t\u00e9, laissez la musique francophone vous rafra\u00eechir en \u00e9coutant la playlist MIF (Musique Ind\u00e9pendante Francophone) du mois d\u2019ao\u00fbt.\" \/>\n<meta name=\"robots\" content=\"index, follow, max-snippet:-1, max-image-preview:large, max-video-preview:-1\" \/>\n<link rel=\"canonical\" href=\"https:\/\/www.ifg.gr\/events\/mif-playlist-08-2021-gallofona-diamantakia-gia-to-kalokairi\/\" \/>\n<meta property=\"og:locale\" content=\"fr_FR\" \/>\n<meta property=\"og:type\" content=\"article\" \/>\n<meta property=\"og:title\" content=\"MIF Playlist 08\/2021: p\u00e9pites francophones pour l&#039;\u00e9t\u00e9\" \/>\n<meta property=\"og:description\" content=\"Cet \u00e9t\u00e9, laissez la musique francophone vous rafra\u00eechir en \u00e9coutant la playlist MIF (Musique Ind\u00e9pendante Francophone) du mois d\u2019ao\u00fbt.\" \/>\n<meta property=\"og:url\" content=\"https:\/\/www.ifg.gr\/events\/mif-playlist-08-2021-gallofona-diamantakia-gia-to-kalokairi\/\" \/>\n<meta property=\"og:site_name\" content=\"IFG\" \/>\n<meta property=\"og:image\" content=\"https:\/\/www.ifg.gr\/wp-content\/uploads\/2021\/07\/MIF-Banner-IllustrationBG-August-01.jpg\" \/>\n\t<meta property=\"og:image:width\" content=\"1350\" \/>\n\t<meta property=\"og:image:height\" content=\"800\" \/>\n\t<meta property=\"og:image:type\" content=\"image\/jpeg\" \/>\n<meta name=\"twitter:card\" content=\"summary_large_image\" \/>\n<meta name=\"twitter:label1\" content=\"Dur\u00e9e de lecture estim\u00e9e\" \/>\n\t<meta name=\"twitter:data1\" content=\"7 minutes\" \/>\n<script type=\"application\/ld+json\" class=\"yoast-schema-graph\">{\"@context\":\"https:\/\/schema.org\",\"@graph\":[{\"@type\":\"WebPage\",\"@id\":\"https:\/\/www.ifg.gr\/events\/mif-playlist-08-2021-gallofona-diamantakia-gia-to-kalokairi\/\",\"url\":\"https:\/\/www.ifg.gr\/events\/mif-playlist-08-2021-gallofona-diamantakia-gia-to-kalokairi\/\",\"name\":\"MIF Playlist 08\/2021: p\u00e9pites francophones pour l'\u00e9t\u00e9\",\"isPartOf\":{\"@id\":\"https:\/\/www.ifg.gr\/#website\"},\"primaryImageOfPage\":{\"@id\":\"https:\/\/www.ifg.gr\/events\/mif-playlist-08-2021-gallofona-diamantakia-gia-to-kalokairi\/#primaryimage\"},\"image\":{\"@id\":\"https:\/\/www.ifg.gr\/events\/mif-playlist-08-2021-gallofona-diamantakia-gia-to-kalokairi\/#primaryimage\"},\"thumbnailUrl\":\"https:\/\/www.ifg.gr\/wp-content\/uploads\/2021\/07\/MIF-Banner-IllustrationBG-August-01.jpg\",\"datePublished\":\"2021-07-22T13:14:52+00:00\",\"description\":\"Cet \u00e9t\u00e9, laissez la musique francophone vous rafra\u00eechir en \u00e9coutant la playlist MIF (Musique Ind\u00e9pendante Francophone) du mois d\u2019ao\u00fbt.\",\"breadcrumb\":{\"@id\":\"https:\/\/www.ifg.gr\/events\/mif-playlist-08-2021-gallofona-diamantakia-gia-to-kalokairi\/#breadcrumb\"},\"inLanguage\":\"fr-FR\",\"potentialAction\":[{\"@type\":\"ReadAction\",\"target\":[\"https:\/\/www.ifg.gr\/events\/mif-playlist-08-2021-gallofona-diamantakia-gia-to-kalokairi\/\"]}]},{\"@type\":\"ImageObject\",\"inLanguage\":\"fr-FR\",\"@id\":\"https:\/\/www.ifg.gr\/events\/mif-playlist-08-2021-gallofona-diamantakia-gia-to-kalokairi\/#primaryimage\",\"url\":\"https:\/\/www.ifg.gr\/wp-content\/uploads\/2021\/07\/MIF-Banner-IllustrationBG-August-01.jpg\",\"contentUrl\":\"https:\/\/www.ifg.gr\/wp-content\/uploads\/2021\/07\/MIF-Banner-IllustrationBG-August-01.jpg\",\"width\":1350,\"height\":800},{\"@type\":\"BreadcrumbList\",\"@id\":\"https:\/\/www.ifg.gr\/events\/mif-playlist-08-2021-gallofona-diamantakia-gia-to-kalokairi\/#breadcrumb\",\"itemListElement\":[{\"@type\":\"ListItem\",\"position\":1,\"name\":\"Home\",\"item\":\"https:\/\/www.ifg.gr\/fr\/\"},{\"@type\":\"ListItem\",\"position\":2,\"name\":\"Events\",\"item\":\"https:\/\/www.ifg.gr\/events\/\"},{\"@type\":\"ListItem\",\"position\":3,\"name\":\"MIF Playlist 08\/2021: p\u00e9pites francophones pour l&#8217;\u00e9t\u00e9\"}]},{\"@type\":\"WebSite\",\"@id\":\"https:\/\/www.ifg.gr\/#website\",\"url\":\"https:\/\/www.ifg.gr\/\",\"name\":\"IFG\",\"description\":\"\",\"potentialAction\":[{\"@type\":\"SearchAction\",\"target\":{\"@type\":\"EntryPoint\",\"urlTemplate\":\"https:\/\/www.ifg.gr\/?s={search_term_string}\"},\"query-input\":{\"@type\":\"PropertyValueSpecification\",\"valueRequired\":true,\"valueName\":\"search_term_string\"}}],\"inLanguage\":\"fr-FR\"}]}<\/script>\n<!-- \/ Yoast SEO plugin. -->","yoast_head_json":{"title":"MIF Playlist 08\/2021: p\u00e9pites francophones pour l'\u00e9t\u00e9","description":"Cet \u00e9t\u00e9, laissez la musique francophone vous rafra\u00eechir en \u00e9coutant la playlist MIF (Musique Ind\u00e9pendante Francophone) du mois d\u2019ao\u00fbt.","robots":{"index":"index","follow":"follow","max-snippet":"max-snippet:-1","max-image-preview":"max-image-preview:large","max-video-preview":"max-video-preview:-1"},"canonical":"https:\/\/www.ifg.gr\/events\/mif-playlist-08-2021-gallofona-diamantakia-gia-to-kalokairi\/","og_locale":"fr_FR","og_type":"article","og_title":"MIF Playlist 08\/2021: p\u00e9pites francophones pour l'\u00e9t\u00e9","og_description":"Cet \u00e9t\u00e9, laissez la musique francophone vous rafra\u00eechir en \u00e9coutant la playlist MIF (Musique Ind\u00e9pendante Francophone) du mois d\u2019ao\u00fbt.","og_url":"https:\/\/www.ifg.gr\/events\/mif-playlist-08-2021-gallofona-diamantakia-gia-to-kalokairi\/","og_site_name":"IFG","og_image":[{"width":1350,"height":800,"url":"https:\/\/www.ifg.gr\/wp-content\/uploads\/2021\/07\/MIF-Banner-IllustrationBG-August-01.jpg","type":"image\/jpeg"}],"twitter_card":"summary_large_image","twitter_misc":{"Dur\u00e9e de lecture estim\u00e9e":"7 minutes"},"schema":{"@context":"https:\/\/schema.org","@graph":[{"@type":"WebPage","@id":"https:\/\/www.ifg.gr\/events\/mif-playlist-08-2021-gallofona-diamantakia-gia-to-kalokairi\/","url":"https:\/\/www.ifg.gr\/events\/mif-playlist-08-2021-gallofona-diamantakia-gia-to-kalokairi\/","name":"MIF Playlist 08\/2021: p\u00e9pites francophones pour l'\u00e9t\u00e9","isPartOf":{"@id":"https:\/\/www.ifg.gr\/#website"},"primaryImageOfPage":{"@id":"https:\/\/www.ifg.gr\/events\/mif-playlist-08-2021-gallofona-diamantakia-gia-to-kalokairi\/#primaryimage"},"image":{"@id":"https:\/\/www.ifg.gr\/events\/mif-playlist-08-2021-gallofona-diamantakia-gia-to-kalokairi\/#primaryimage"},"thumbnailUrl":"https:\/\/www.ifg.gr\/wp-content\/uploads\/2021\/07\/MIF-Banner-IllustrationBG-August-01.jpg","datePublished":"2021-07-22T13:14:52+00:00","description":"Cet \u00e9t\u00e9, laissez la musique francophone vous rafra\u00eechir en \u00e9coutant la playlist MIF (Musique Ind\u00e9pendante Francophone) du mois d\u2019ao\u00fbt.","breadcrumb":{"@id":"https:\/\/www.ifg.gr\/events\/mif-playlist-08-2021-gallofona-diamantakia-gia-to-kalokairi\/#breadcrumb"},"inLanguage":"fr-FR","potentialAction":[{"@type":"ReadAction","target":["https:\/\/www.ifg.gr\/events\/mif-playlist-08-2021-gallofona-diamantakia-gia-to-kalokairi\/"]}]},{"@type":"ImageObject","inLanguage":"fr-FR","@id":"https:\/\/www.ifg.gr\/events\/mif-playlist-08-2021-gallofona-diamantakia-gia-to-kalokairi\/#primaryimage","url":"https:\/\/www.ifg.gr\/wp-content\/uploads\/2021\/07\/MIF-Banner-IllustrationBG-August-01.jpg","contentUrl":"https:\/\/www.ifg.gr\/wp-content\/uploads\/2021\/07\/MIF-Banner-IllustrationBG-August-01.jpg","width":1350,"height":800},{"@type":"BreadcrumbList","@id":"https:\/\/www.ifg.gr\/events\/mif-playlist-08-2021-gallofona-diamantakia-gia-to-kalokairi\/#breadcrumb","itemListElement":[{"@type":"ListItem","position":1,"name":"Home","item":"https:\/\/www.ifg.gr\/fr\/"},{"@type":"ListItem","position":2,"name":"Events","item":"https:\/\/www.ifg.gr\/events\/"},{"@type":"ListItem","position":3,"name":"MIF Playlist 08\/2021: p\u00e9pites francophones pour l&#8217;\u00e9t\u00e9"}]},{"@type":"WebSite","@id":"https:\/\/www.ifg.gr\/#website","url":"https:\/\/www.ifg.gr\/","name":"IFG","description":"","potentialAction":[{"@type":"SearchAction","target":{"@type":"EntryPoint","urlTemplate":"https:\/\/www.ifg.gr\/?s={search_term_string}"},"query-input":{"@type":"PropertyValueSpecification","valueRequired":true,"valueName":"search_term_string"}}],"inLanguage":"fr-FR"}]}},"_links":{"self":[{"href":"https:\/\/www.ifg.gr\/fr\/wp-json\/wp\/v2\/event\/35175","targetHints":{"allow":["GET"]}}],"collection":[{"href":"https:\/\/www.ifg.gr\/fr\/wp-json\/wp\/v2\/event"}],"about":[{"href":"https:\/\/www.ifg.gr\/fr\/wp-json\/wp\/v2\/types\/event"}],"author":[{"embeddable":true,"href":"https:\/\/www.ifg.gr\/fr\/wp-json\/wp\/v2\/users\/1"}],"version-history":[{"count":0,"href":"https:\/\/www.ifg.gr\/fr\/wp-json\/wp\/v2\/event\/35175\/revisions"}],"wp:featuredmedia":[{"embeddable":true,"href":"https:\/\/www.ifg.gr\/fr\/wp-json\/wp\/v2\/media\/35156"}],"wp:attachment":[{"href":"https:\/\/www.ifg.gr\/fr\/wp-json\/wp\/v2\/media?parent=35175"}],"wp:term":[{"taxonomy":"post_tag","embeddable":true,"href":"https:\/\/www.ifg.gr\/fr\/wp-json\/wp\/v2\/tags?post=35175"},{"taxonomy":"event_category","embeddable":true,"href":"https:\/\/www.ifg.gr\/fr\/wp-json\/wp\/v2\/event_category?post=35175"},{"taxonomy":"event_group","embeddable":true,"href":"https:\/\/www.ifg.gr\/fr\/wp-json\/wp\/v2\/event_group?post=35175"}],"curies":[{"name":"wp","href":"https:\/\/api.w.org\/{rel}","templated":true}]}}