{"id":35380,"date":"2021-09-03T09:35:16","date_gmt":"2021-09-03T09:35:16","guid":{"rendered":"https:\/\/www.ifg.gr\/?post_type=event&#038;p=35380"},"modified":"2021-09-03T12:24:45","modified_gmt":"2021-09-03T12:24:45","slug":"mif-playlist-09-2021","status":"publish","type":"event","link":"https:\/\/www.ifg.gr\/fr\/events\/mif-playlist-09-2021\/","title":{"rendered":"MIF 09\/2021 : playlist de la rentr\u00e9e"},"content":{"rendered":"<p>Septembre, c\u2019est la rentr\u00e9e des classes, le retour au bureau. La playlist MIF vous propose des sons francophones pour prolonger encore un peu les vacances.<\/p>\n<p><a href=\"https:\/\/www.costasandreou.com\" target=\"_blank\" rel=\"noopener noreferrer\">Costas Andreou<\/a> signe la programmation musicale, avec chaque playlist MIF proposant des genres musicaux diff\u00e9rents et organis\u00e9e de telle mani\u00e8re que le public puisse approfondir l\u2019\u00e9coute des morceaux qui l\u2019int\u00e9ressent. Chaque morceau de la playlist a un lien dirigeant vers l\u2019album complet, tel qu\u2019il est disponible sur la plateforme Bandcamp, pour l\u2019achat du morceau ou de l\u2019album dans lequel il est inclus.<\/p>\n<h3>MIF Playlist 09 \/ septembre 2021<\/h3>\n<p><strong>Tremblay<\/strong><br \/>\nBleu septembre<\/p>\n<p><iframe style=\"border: 0; width: 100%; height: 120px;\" src=\"https:\/\/bandcamp.com\/EmbeddedPlayer\/album=548106075\/size=large\/bgcol=ffffff\/linkcol=0687f5\/tracklist=false\/artwork=small\/track=585888195\/transparent=true\/\" seamless=\"\"><a href=\"https:\/\/tremblaymusique.bandcamp.com\/album\/bleu-septembre\">Bleu Septembre by Tremblay<\/a><\/iframe><\/p>\n<p>Maxime Desbiens-Tremblay est un musicien pr\u00e9sent dans le milieu artistique qu\u00e9b\u00e9cois depuis une vingtaine d&rsquo;ann\u00e9es. Chaque chanson de l&rsquo;album Bleu Septembre, sorti le 21 septembre 2018, repr\u00e9sente une phase de la vie de l\u2019homme, le temps qui passe, l&rsquo;acceptation de soi et les relations humaines. Il est un disque avec des racines folk et de forts \u00e9l\u00e9ments rock et \u00e9lectroniques. Max D Tremblay (voix, synth\u00e9tiseurs, programmation, guitare \u00e9lectrique, basse synth, basse \u00e9lectrique, percussions), Guillaume Chartrain (basse \u00e9lectrique, basse synth, guitare \u00e9lectrique, piano, claviers, programmation, percussion), Marc Chartrain (batterie, percussion), Louis-Joseph Cliche (synth\u00e9tiseurs, claviers, piano), Marc-Andr\u00e9 P\u00e9telle (batterie) et Claudia Bouvette (voix, claviers).<\/p>\n<p><a href=\"https:\/\/tremblaymusique.bandcamp.com\" target=\"_blank\" rel=\"noopener\">https:\/\/tremblaymusique.bandcamp.com<\/a><br \/>\n<a href=\"https:\/\/www.maxdtremblay.com\" target=\"_blank\" rel=\"noopener\">https:\/\/www.maxdtremblay.com<\/a><\/p>\n<p><strong>Salom\u00e9 Leclerc<\/strong><br \/>\nEntre ici et chez toi<\/p>\n<p><iframe style=\"border: 0; width: 100%; height: 120px;\" src=\"https:\/\/bandcamp.com\/EmbeddedPlayer\/album=3695751575\/size=large\/bgcol=ffffff\/linkcol=0687f5\/tracklist=false\/artwork=small\/track=3858835866\/transparent=true\/\" seamless=\"\"><a href=\"https:\/\/salomeleclerc.bandcamp.com\/album\/les-choses-ext-rieures\">Les choses ext\u00e9rieures by Salom\u00e9 Leclerc<\/a><\/iframe><br \/>\nSalom\u00e9 Leclerc est une chanteuse et compositrice canadienne. Elle \u00e9crit des chansons pop alternatives et a une volont\u00e9 d&rsquo;exploration dans ses productions. L\u2019album Les choses ext\u00e9rieures, sortie le 12 octobre 2018, est compos\u00e9e de 10 titres au style contemporain. Il combine des sons acoustiques et \u00e9lectriques avec des \u00e9l\u00e9ments \u00e9lectro, en tirant parti du caract\u00e8re de sa voix.<\/p>\n<p><a href=\"https:\/\/salomeleclerc.bandcamp.com\" target=\"_blank\" rel=\"noopener\">https:\/\/salomeleclerc.bandcamp.com<\/a><br \/>\n<a href=\"https:\/\/salomeleclerc.com\" target=\"_blank\" rel=\"noopener\">https:\/\/salomeleclerc.com<\/a><\/p>\n<p><strong>Wendy Martinez<\/strong><br \/>\nLa Chevauch\u00e9e Electrique<\/p>\n<p><iframe style=\"border: 0; width: 100%; height: 120px;\" src=\"https:\/\/bandcamp.com\/EmbeddedPlayer\/album=1073663222\/size=large\/bgcol=ffffff\/linkcol=0687f5\/tracklist=false\/artwork=small\/track=970392468\/transparent=true\/\" seamless=\"\"><a href=\"https:\/\/wendymartinez.bandcamp.com\/album\/la-chevauch-e-electrique\">La Chevauch\u00e9e Electrique by Wendy Martinez<\/a><\/iframe><br \/>\nWendy Martinez, originaire de Lyon, puise dans son riche h\u00e9ritage musical des ann\u00e9es 70 et 80 pour cr\u00e9er des chansons pop modernes avec sa voix claire et profonde. Son album La Chevauch\u00e9e Electrique, sorti le 26 mars 2021, associe les caract\u00e9ristiques connues de la chanson francophone \u00e0 la pop psych\u00e9d\u00e9lique. En plus d&rsquo;elle-m\u00eame au chant et aux claviers, Fanny Rivollier (claviers), Beno\u00eet Bel (claviers), Kid Victrola (basse) et Josselin Varengo (batterie) ont particip\u00e9 aux enregistrements.<\/p>\n<p><a href=\"https:\/\/wendymartinez.bandcamp.com\" target=\"_blank\" rel=\"noopener\">https:\/\/wendymartinez.bandcamp.com<\/a><\/p>\n<p><strong>Flavie<\/strong><br \/>\nTu fais ton m\u00e9nage<\/p>\n<p><iframe style=\"border: 0; width: 100%; height: 120px;\" src=\"https:\/\/bandcamp.com\/EmbeddedPlayer\/album=764007968\/size=large\/bgcol=ffffff\/linkcol=0687f5\/tracklist=false\/artwork=small\/track=2429658668\/transparent=true\/\" seamless=\"\"><a href=\"https:\/\/flavie.bandcamp.com\/album\/ce-chapeau-est-trop-grand-pour-moi\">Ce chapeau est trop grand pour moi by Flavie<\/a><\/iframe><br \/>\nFlavie L\u00e9ger-Roy est une chanteuse et compositrice originaire de Montr\u00e9al, qui \u00e9crit des chansons folk avec des \u00e9l\u00e9ments de guitare pop et rock. La sortie de l\u2019album Ce chapeau est trop grand pour moi, avec sa propre musique, paroles et production, est sortie le 7 f\u00e9vrier 2020 et se caract\u00e9rise par son style indie dynamique et a le go\u00fbt de qualit\u00e9 d&rsquo;un disque enregistr\u00e9 en direct. En plus d&rsquo;elle au chant, aux guitares acoustiques et au piano, les enregistrements, ils ont aussi particip\u00e9 David Bujold (chant, batterie, guitares \u00e9lectriques et acoustiques, percussions, harmonica, piano, orgue), Marie-Anne Arsenault (basse) et Rapha\u00ebl D&rsquo;Amours (pedal steel).<\/p>\n<p><a href=\"https:\/\/flavie.bandcamp.com\" target=\"_blank\" rel=\"noopener\">https:\/\/flavie.bandcamp.com<\/a><br \/>\n<a href=\"http:\/\/flavie.info\" target=\"_blank\" rel=\"noopener\">http:\/\/flavie.info<\/a><\/p>\n<p><strong>Pascal Comelade &amp; Richard Pinhas<\/strong><br \/>\nLe Plan de Paris<\/p>\n<p><iframe style=\"border: 0; width: 100%; height: 120px;\" src=\"https:\/\/bandcamp.com\/EmbeddedPlayer\/album=698973275\/size=large\/bgcol=ffffff\/linkcol=0687f5\/tracklist=false\/artwork=small\/track=1914087960\/transparent=true\/\" seamless=\"\"><a href=\"https:\/\/staubgold.bandcamp.com\/album\/le-plan-de-paris\">Le Plan de Paris by Pascal Comelade &amp; Richard Pinhas<\/a><\/iframe><br \/>\nPascal Comelade et Richard Pinhas, tous les deux familiers de la sc\u00e8ne alternative, ils sont en contact artistique l&rsquo;un avec l&rsquo;autre depuis 1974. Apr\u00e8s diverses collaborations \u00e0 travers les ann\u00e9es, ils se retrouvent en 2020 et r\u00e9alisent l&rsquo;album Le plan de Paris, sorti le 11 d\u00e9cembre 2020, compos\u00e9 de six titres avec des id\u00e9es in\u00e9dites et des versions fra\u00eeches d&rsquo;anciens morceaux. Il s&rsquo;agit d&rsquo;une production avec tous les \u00e9l\u00e9ments d\u00e9licieux de la sc\u00e8ne exp\u00e9rimentale et \u00e9lectronique fran\u00e7aise.<\/p>\n<p><a href=\"https:\/\/staubgold.bandcamp.com\/album\/le-plan-de-paris\" target=\"_blank\" rel=\"noopener\">https:\/\/staubgold.bandcamp.com\/album\/le-plan-de-paris<\/a><\/p>\n<p><strong>Venus in the Dust<\/strong><br \/>\nL&rsquo;h\u00e9riti\u00e8re du V\u00e9suve<\/p>\n<p><iframe style=\"border: 0; width: 100%; height: 120px;\" src=\"https:\/\/bandcamp.com\/EmbeddedPlayer\/album=1484440128\/size=large\/bgcol=ffffff\/linkcol=0687f5\/tracklist=false\/artwork=small\/track=2691649352\/transparent=true\/\" seamless=\"\"><a href=\"https:\/\/venusinthedust1.bandcamp.com\/album\/feindre-la-nuit\">Feindre la Nuit by Venus in the Dust<\/a><\/iframe><\/p>\n<p>Venus in the Dust est un duo compos\u00e9 de St\u00e9phanie Maon (chant, paroles) et Fabien Pilard (musique, arrangements) de la ville de Metz, dans le nord-est de la France. Ils font des chansons de rock sombre avec l&rsquo;\u00e9nergie famili\u00e8re et la vitalit\u00e9 \u00e9lectrique du rock fran\u00e7ais. Leur album Feindre la Nuit est sorti le 13 mars 2021 et comprend 11 compositions puissantes.<\/p>\n<p><a href=\"https:\/\/venusinthedust1.bandcamp.com\" target=\"_blank\" rel=\"noopener\">https:\/\/venusinthedust1.bandcamp.com<\/a><\/p>\n<p><strong>Orchestre National de Jazz<\/strong><br \/>\nFemme d\u00e9lit<\/p>\n<p><iframe style=\"border: 0; width: 100%; height: 120px;\" src=\"https:\/\/bandcamp.com\/EmbeddedPlayer\/album=2422771744\/size=large\/bgcol=ffffff\/linkcol=0687f5\/tracklist=false\/artwork=small\/track=3296009787\/transparent=true\/\" seamless=\"\"><a href=\"https:\/\/orchestrenationaldejazz.bandcamp.com\/album\/rituels\">Rituels by Orchestre National de Jazz<\/a><\/iframe><\/p>\n<p>L&rsquo;Orchestre National de Jazz a commenc\u00e9 son activit\u00e9 en 1986 et depuis lors, il est l&rsquo;un des plus int\u00e9ressants grands ensembles de jazz du continent europ\u00e9en. Il exploite les \u00e9l\u00e9ments d&rsquo;un big band, la dynamique des instruments \u00e0 cordes et les possibilit\u00e9s sonores d&rsquo;un ensemble ouvert \u00e0 l&rsquo;exp\u00e9rimentation. La sortie de l\u2019album Rituels, sortie le 21 ao\u00fbt 2020, est compos\u00e9e de 8 titres aux formes contemporaines du nu-jazz.<\/p>\n<p><a href=\"https:\/\/orchestrenationaldejazz.bandcamp.com\" target=\"_blank\" rel=\"noopener\">https:\/\/orchestrenationaldejazz.bandcamp.com<\/a><br \/>\n<a href=\"https:\/\/www.onj.org\" target=\"_blank\" rel=\"noopener\">https:\/\/www.onj.org<\/a><\/p>\n<p><strong>G!rafe &amp; Bruno Girard<\/strong><br \/>\nPanier sur la t\u00eate ni chant\u00e9<\/p>\n<p><iframe style=\"border: 0; width: 100%; height: 120px;\" src=\"https:\/\/bandcamp.com\/EmbeddedPlayer\/album=2739835410\/size=large\/bgcol=ffffff\/linkcol=0687f5\/tracklist=false\/artwork=small\/track=1841364520\/transparent=true\/\" seamless=\"\"><a href=\"https:\/\/girafebrunogirard.bandcamp.com\/album\/panier-sur-la-t-te\">Panier sur la t\u00eate by G!rafe &amp; Bruno Girard<\/a><\/iframe><\/p>\n<p>Bruno Girard (voix, violon) cr\u00e9e des chansons rock po\u00e9tiques avec le groupe de rock G!rafe, qui est compos\u00e9 de St\u00e9phane Hoareau (guitare, voix), Nicolas Naudet (clarinette basse, guitare, harmonica, voix), Th\u00e9o Girard (basse, voix) et Eric Groleau (batterie, voix). Leur album Panier sur la t\u00eate est sorti le 3 f\u00e9vrier 2017 et se compose de 9 chansons aux th\u00e8mes blues et rock et aux riches \u00e9l\u00e9ments post rock qui embrassent le langage po\u00e9tique.<\/p>\n<p><a href=\"https:\/\/girafebrunogirard.bandcamp.com\" target=\"_blank\" rel=\"noopener\">https:\/\/girafebrunogirard.bandcamp.com<\/a><\/p>\n<p><strong>Raton Lover<\/strong><br \/>\nDis-moi<\/p>\n<p><iframe style=\"border: 0; width: 100%; height: 120px;\" src=\"https:\/\/bandcamp.com\/EmbeddedPlayer\/album=2583326234\/size=large\/bgcol=ffffff\/linkcol=0687f5\/tracklist=false\/artwork=small\/track=2627199855\/transparent=true\/\" seamless=\"\"><a href=\"https:\/\/ratonlover.bandcamp.com\/album\/changer-de-trottoir\">Changer de trottoir by Raton Lover<\/a><\/iframe><\/p>\n<p>Le groupe Raton Lover est exp\u00e9riment\u00e9 et mobile, \u00e9tant actif sur la sc\u00e8ne rock francophone depuis le milieu des ann\u00e9es 2000. Il est compos\u00e9 de Simon Lachance (voix, batterie, percussions, guitare \u00e9lectrique), Martin Plante (basse, voix, synth\u00e9tiseur), Simon Gu\u00e9nard (guitare \u00e9lectrique, voix), Fr\u00e9d\u00e9rick Desroches (piano, rhodes, claviers, synth\u00e9tiseur, voix) et Eric Blanchard (guitare \u00e9lectrique, pedal steel, lap steel, guitare acoustique, voix). Changer de trottoir est sorti le 13 septembre 2019 avec 13 chansons influenc\u00e9es par les ann\u00e9es 60 et 70, tout en pr\u00e9sentant un style plus contemporain avec des th\u00e8mes m\u00e9lodiques rock.<\/p>\n<p><a href=\"https:\/\/ratonlover.bandcamp.com\" target=\"_blank\" rel=\"noopener\">https:\/\/ratonlover.bandcamp.com<\/a><br \/>\n<a href=\"https:\/\/ratonlover.com\" target=\"_blank\" rel=\"noopener\">https:\/\/ratonlover.com<\/a><\/p>\n<p><strong>Laurence Castera<\/strong><br \/>\nJ&rsquo;peux pas t&rsquo;\u00e9crire de toune<\/p>\n<p><iframe style=\"border: 0; width: 100%; height: 120px;\" src=\"https:\/\/bandcamp.com\/EmbeddedPlayer\/album=10177983\/size=large\/bgcol=ffffff\/linkcol=0687f5\/tracklist=false\/artwork=small\/track=497931178\/transparent=true\/\" seamless=\"\"><a href=\"https:\/\/laurencecastera.bandcamp.com\/album\/le-bruit-des-mots\">Le bruit des mots by Laurence Castera<\/a><\/iframe><\/p>\n<p>Les travaux de Laurence Castera, originaire de Qu\u00e9bec, est un exemple typique de la chanson francophone contemporaine. Une voix claire avec un timbre et un style qui soutiennent les paroles, une production avec une base rythmique propre et des m\u00e9lodies qui sont mises en valeur par une orchestration moderne. L&rsquo;album Le bruit des mots est sorti le 17 f\u00e9vrier 2017 et se compose de 14 chansons de musique pop dynamique.<\/p>\n<p><a href=\"https:\/\/laurencecastera.bandcamp.com\" target=\"_blank\" rel=\"noopener\">https:\/\/laurencecastera.bandcamp.com<\/a><br \/>\n<a href=\"https:\/\/www.laurencecastera.ca\" target=\"_blank\" rel=\"noopener\">https:\/\/www.laurencecastera.ca<\/a><\/p>\n<p><strong>Marie Mifsud<\/strong><br \/>\nAu fur et \u00e0 mesure<\/p>\n<p><iframe style=\"border: 0; width: 100%; height: 120px;\" src=\"https:\/\/bandcamp.com\/EmbeddedPlayer\/album=3343897890\/size=large\/bgcol=ffffff\/linkcol=0687f5\/tracklist=false\/artwork=small\/track=4189821829\/transparent=true\/\" seamless=\"\"><a href=\"https:\/\/mariemifsud.bandcamp.com\/album\/r-cif\">R\u00e9cif by Marie Mifsud<\/a><\/iframe><\/p>\n<p>Marie Mifsud est une artiste inventive de Paris qui combine le jazz avec la musique alternative et la pop. Son album R\u00e9cif, sorti le 16 septembre 2020, est compos\u00e9 de 15 titres aux ambiances po\u00e9tiques et aux niveaux d&rsquo;interpr\u00e9tation vari\u00e9s. Marie Mifsud (chant, piano) Adrien Leconte (batterie, percussion, chant), Tom Georgel (piano, percussion, chant), Victor Aubert (basse \u00e9lectrique, contrebasse, effets, chant), Quentin Coppalle (fl\u00fbte, percussion, chant) ont particip\u00e9 \u00e0 la production.<\/p>\n<p><a href=\"https:\/\/mariemifsud.bandcamp.com\" target=\"_blank\" rel=\"noopener\">https:\/\/mariemifsud.bandcamp.com<\/a><br \/>\n<a href=\"http:\/\/www.mariemifsud.com\" target=\"_blank\" rel=\"noopener\">http:\/\/www.mariemifsud.com<\/a><\/p>\n<p><strong>Samuel Baubry<\/strong><br \/>\nLes \u00e2mes foug\u00e8res<\/p>\n<p><iframe style=\"border: 0; width: 100%; height: 120px;\" src=\"https:\/\/bandcamp.com\/EmbeddedPlayer\/album=33716784\/size=large\/bgcol=ffffff\/linkcol=0687f5\/tracklist=false\/artwork=small\/track=644737619\/transparent=true\/\" seamless=\"\"><a href=\"https:\/\/samuelbaubry-music.bandcamp.com\/album\/les-mes-foug-res\">Les \u00e2mes foug\u00e8res by Samuel Baubry<\/a><\/iframe><\/p>\n<p>Samuel Baubry, originaire de Nantes, en France, cr\u00e9e son propre univers musical avec des chansons folkloriques bas\u00e9es sur des sons acoustiques. Le disque Les \u00e2mes fougueuses, sorti le 19 mars 2020, est travers\u00e9 des m\u00e9lodies m\u00e9lancoliques et des textes r\u00eaveurs, avec dix chansons qui ont un mouvement l\u00e9ger.<\/p>\n<p><a href=\"https:\/\/samuelbaubry-music.bandcamp.com\" target=\"_blank\" rel=\"noopener\">https:\/\/samuelbaubry-music.bandcamp.com<\/a><\/p>\n<p><strong>Liliane Pellerin<\/strong><br \/>\nPar la fente des nuits es<\/p>\n<p><iframe style=\"border: 0; width: 100%; height: 120px;\" src=\"https:\/\/bandcamp.com\/EmbeddedPlayer\/album=3720151458\/size=large\/bgcol=ffffff\/linkcol=0687f5\/tracklist=false\/artwork=small\/track=1651161012\/transparent=true\/\" seamless=\"\"><a href=\"https:\/\/lilianepellerin.bandcamp.com\/album\/dans-lventre-du-pays-p-lerin\">Dans l&rsquo;ventre du pays p\u00e8lerin by Liliane Pellerin<\/a><\/iframe><\/p>\n<p>Liliane Pellerin, originaire de la ville riveraine de Shawinigan, au Qu\u00e9bec, \u00e9crit des chansons aux th\u00e8mes folkloriques, suivant un parcours d&rsquo;\u00e9criture continu depuis l&rsquo;enfance. Son album Dans l&rsquo;ventre du pays p\u00e8lerin est sorti le 23 mars 2021 et se compose de 11 titres aux arrangements de style indie enrichis d&rsquo;\u00e9l\u00e9ments \u00e9lectroniques. En plus d&rsquo;elle au chant et \u00e0 la guitare, on y trouve les musiciens Franziska Reichherzer (percussions \u00e9lectroniques, programmation, chant), Benoit Converset (contrebasse), Jesse Ens (guitare \u00e9lectrique, banjo, pedal steel), Jeannot Bournival (instruments \u00e9lectroniques, fl\u00fbte basse, synth\u00e9tiseur, voix), Daniel Lacoste (guitare \u00e9lectrique, banjo), Ligia Paquin (alto, violon), Christian Beaucher (cor) et Benjamin Vigneault (batterie).<\/p>\n<p><a href=\"https:\/\/lilianepellerin.bandcamp.com\" target=\"_blank\" rel=\"noopener\">https:\/\/lilianepellerin.bandcamp.com<\/a><br \/>\n<a href=\"https:\/\/www.lilianepellerin.com\" target=\"_blank\" rel=\"noopener\">https:\/\/www.lilianepellerin.com<\/a><\/p>\n<p><strong>\u00c9ric Goulet<\/strong><br \/>\nAu temps des adieux<\/p>\n<p><iframe style=\"border: 0; width: 100%; height: 120px;\" src=\"https:\/\/bandcamp.com\/EmbeddedPlayer\/album=1973043866\/size=large\/bgcol=ffffff\/linkcol=0687f5\/tracklist=false\/artwork=small\/track=1354233878\/transparent=true\/\" seamless=\"\"><a href=\"https:\/\/ericgoulet.bandcamp.com\/album\/goulet\">Goulet by \u00c9ric Goulet<\/a><\/iframe><\/p>\n<p>\u00c9ric Goulet est un chanteur et guitariste country folk exp\u00e9riment\u00e9, pr\u00e9sent depuis longtemps sur la sc\u00e8ne musicale francophone du Canada. Le 30 avril 2021, il a sorti l&rsquo;album de Goulet, comprenant 12 chansons qui ont un son country pur avec un style de production moderne. La guitare et la voix sont les principaux \u00e9l\u00e9ments de ses arrangements, avec la pedal steel, la mandoline, l&rsquo;harmonica et le violon ajoutent des touches vivantes.<\/p>\n<p><a href=\"https:\/\/ericgoulet.bandcamp.com\" target=\"_blank\" rel=\"noopener\">https:\/\/ericgoulet.bandcamp.com<\/a><br \/>\n<a href=\"https:\/\/www.ericgoulet.net\" target=\"_blank\" rel=\"noopener\">https:\/\/www.ericgoulet.net<\/a><\/p>\n<p><strong>Le Deal<\/strong><br \/>\nJazz Traficantes<\/p>\n<p><iframe style=\"border: 0; width: 100%; height: 120px;\" src=\"https:\/\/bandcamp.com\/EmbeddedPlayer\/album=2292933870\/size=large\/bgcol=ffffff\/linkcol=0687f5\/tracklist=false\/artwork=small\/track=1990099318\/transparent=true\/\" seamless=\"\"><a href=\"https:\/\/favoriterecordings.bandcamp.com\/album\/jazz-traficantes\">Jazz Traficantes by Le Deal<\/a><\/iframe><\/p>\n<p>Le groupe de jazz Le Deal est compos\u00e9 des musiciens Florian Pellissier (piano, Fender Rhodes), Yoann Loustalot (bugle), Th\u00e9o Girard (contrebasse) et Malick Koly (batterie). Leur album Jazz Traficantes, sorti le 16 octobre 2020, a \u00e9t\u00e9 enregistr\u00e9 en quelques jours dans le studio historique de Rudy Van Gelder \u00e0 New York. La production s&rsquo;est approch\u00e9e d&rsquo;un son jazz vintage dans les compositions et les improvisations des musiciens.<\/p>\n<p><a href=\"https:\/\/favoriterecordings.bandcamp.com\/album\/jazz-traficantes\" target=\"_blank\" rel=\"noopener\">https:\/\/favoriterecordings.bandcamp.com\/album\/jazz-traficantes<\/a><\/p>\n<p><strong>Clover<\/strong><br \/>\nLe chemin vertueux<\/p>\n<p><iframe style=\"border: 0; width: 100%; height: 120px;\" src=\"https:\/\/bandcamp.com\/EmbeddedPlayer\/album=559123764\/size=large\/bgcol=ffffff\/linkcol=0687f5\/tracklist=false\/artwork=small\/track=1116831208\/transparent=true\/\" seamless=\"\"><a href=\"https:\/\/yolkrecords.bandcamp.com\/album\/clover\">CLOVER by Alban Darche, Sebastien Boisseau, Jean-Louis Pommier<\/a><\/iframe><\/p>\n<p>Le trio Clover a \u00e9t\u00e9 form\u00e9 par Alban Darche (saxophone t\u00e9nor), S\u00e9bastien Boisseau (contrebasse) et Jean-Louis Pommier (trombone). Tous trois sont \u00e9galement les fondateurs du label ind\u00e9pendant Yolk, bas\u00e9 \u00e0 Nantes, en France. Clover, sorti le 21 ao\u00fbt 2020, est compos\u00e9 de 11 titres de jazz acoustique \u00e0 l&rsquo;atmosph\u00e8re po\u00e9tique.<\/p>\n<p><a href=\"https:\/\/yolkrecords.bandcamp.com\/album\/clover\" target=\"_blank\" rel=\"noopener\">https:\/\/yolkrecords.bandcamp.com\/album\/clover<\/a><\/p>\n<p><strong>\u00c9li Doyon et la Temp\u00eate<\/strong><br \/>\nJusqu&rsquo;\u00e0 ce qu&rsquo;elle danse<\/p>\n<p><iframe style=\"border: 0; width: 100%; height: 120px;\" src=\"https:\/\/bandcamp.com\/EmbeddedPlayer\/album=1136726643\/size=large\/bgcol=ffffff\/linkcol=0687f5\/tracklist=false\/artwork=small\/track=3726033946\/transparent=true\/\" seamless=\"\"><a href=\"https:\/\/elidoyon.bandcamp.com\/album\/caresser-la-b-te\">Caresser la b\u00eate by \u00c9li Doyon et la Temp\u00eate<\/a><\/iframe><\/p>\n<p>L&rsquo;ensemble \u00c9li Doyon et la Temp\u00eate est compos\u00e9 de \u00c9li Doyon (voix, banjo, voix, clarinette), Madeleine Doyon (trombone t\u00e9nor, voix), Matthieu Bourget (trombone basse, trombone baryton), Simon Bourget (cor, tuba), Mathieu Archambault (batterie, percussions), Olivier Amyot-Ladouceur (contrebasse). Ils composent des chansons bas\u00e9es sur la combinaison originale d&rsquo;instruments \u00e0 vent avec du banjo et des percussions. Leur album Caresser la b\u00eate, sorti le 14 f\u00e9vrier 2020, contient 6 chansons qui combinent de mani\u00e8re vivante le folk avec des \u00e9l\u00e9ments pop, funk et klezmer.<\/p>\n<p><a href=\"https:\/\/elidoyon.bandcamp.com\" target=\"_blank\" rel=\"noopener\">https:\/\/elidoyon.bandcamp.com<\/a><br \/>\n<a href=\"https:\/\/elidoyonetlatempete.com\" target=\"_blank\" rel=\"noopener\">https:\/\/elidoyonetlatempete.com<\/a><\/p>\n<p><strong>Julia Daigle<\/strong><br \/>\nLe coin pli\u00e9<\/p>\n<p><iframe style=\"border: 0; width: 100%; height: 120px;\" src=\"https:\/\/bandcamp.com\/EmbeddedPlayer\/album=2301895174\/size=large\/bgcol=ffffff\/linkcol=0687f5\/tracklist=false\/artwork=small\/track=2646302330\/transparent=true\/\" seamless=\"\"><a href=\"https:\/\/juliadaigle.bandcamp.com\/album\/le-coin-pli-remastered\">Le coin pli\u00e9 (Remastered) by Julia Daigle<\/a><\/iframe><\/p>\n<p>Julia Daigle est une chanteuse et compositrice originaire de Montr\u00e9al. Elle \u00e9crit des chansons pop alternatives en utilisant des instruments acoustiques et \u00e9lectroniques. Le disque Le coin pli\u00e9 sorti le 23 avril 2021 est compos\u00e9 de 4 titres avec ses propres compositions et textes. Outre elle-m\u00eame au chant, les enregistrements ont \u00e9t\u00e9 r\u00e9alis\u00e9s avec Asa\u00ebl Robitaille (piano, Farfisa, claviers, basse \u00e9lectrique, guitare acoustique, bouzouki, mandoline), percussion), Guillaume Ethier (batterie, percussion), Yannis Rianta (basse \u00e9lectrique), Pierre-Ana\u00efs Parent St-Gelais (violoncelle, fl\u00fbte), Dominic Vanchesteing (piano, Farfisa, glass harmonica, c\u00e9lesta, percussion).<\/p>\n<p><a href=\"https:\/\/juliadaigle.bandcamp.com\" target=\"_blank\" rel=\"noopener\">https:\/\/juliadaigle.bandcamp.com<\/a><\/p>\n<p>&nbsp;<\/p>\n","protected":false},"excerpt":{"rendered":"<p>La playlist MIF vous propose des sons francophones pour prolonger encore un peu les vacances. Bonne rentr\u00e9e !<\/p>\n","protected":false},"author":1,"featured_media":35379,"template":"","tags":[954,956,981,993],"event_category":[984],"event_group":[],"class_list":["post-35380","event","type-event","status-publish","has-post-thumbnail","hentry","tag-mif-fr","tag-playlist-fr","tag-musique-independante-francophone-fr","tag-musique-independante-francophone-fr-2","event_category-musique"],"acf":{"featured_image_credits":"","sponsors_default":false,"info_title":"","info_text":"","date_range":{"start":"","end":"","cancelled":false,"note":"","start_time":"","end_time":""},"details":{"location":"","hyperlink1a":{"text":"","link":""},"price":"","hyperlink2a":{"text":"","link":""},"online_event":false,"live_streaming":false,"live_streaming_code":"","facebook_url":"","hyperlink":{"text":"D\u00e9couvrez la playlist sur YouTube","link":"https:\/\/youtube.com\/playlist?list=PLNKgb6skYnUSrPUAWWNNfb8XURZfv9JMm"},"hyperlink2":{"text":"D\u00e9couvrez la playlist sur Spotify","link":"https:\/\/open.spotify.com\/playlist\/55H9qkccoall3OEa30ZVUF?si=7abfd4279ff34b47"},"hyperlink3":{"text":"D\u00e9couvrez la playlist sur Deezer","link":"https:\/\/www.deezer.com\/fr\/playlist\/9434618942"},"press_release":false},"home_slider_image":false,"sponsors_group":false,"layout":false},"yoast_head":"<!-- This site is optimized with the Yoast SEO plugin v26.8 - https:\/\/yoast.com\/product\/yoast-seo-wordpress\/ -->\n<title>MIF Playlist 09\/2021 : playlist de la rentr\u00e9e<\/title>\n<meta name=\"description\" content=\"Septembre, c\u2019est la rentr\u00e9e des classes, le retour au bureau. On vous propose des sons francophones pour prolonger encore un peu les vacances.\" \/>\n<meta name=\"robots\" content=\"index, follow, max-snippet:-1, max-image-preview:large, max-video-preview:-1\" \/>\n<link rel=\"canonical\" href=\"https:\/\/www.ifg.gr\/events\/mif-playlist-09-2021\/\" \/>\n<meta property=\"og:locale\" content=\"fr_FR\" \/>\n<meta property=\"og:type\" content=\"article\" \/>\n<meta property=\"og:title\" content=\"MIF Playlist 09\/2021 : playlist de la rentr\u00e9e\" \/>\n<meta property=\"og:description\" content=\"Septembre, c\u2019est la rentr\u00e9e des classes, le retour au bureau. On vous propose des sons francophones pour prolonger encore un peu les vacances.\" \/>\n<meta property=\"og:url\" content=\"https:\/\/www.ifg.gr\/events\/mif-playlist-09-2021\/\" \/>\n<meta property=\"og:site_name\" content=\"IFG\" \/>\n<meta property=\"article:modified_time\" content=\"2021-09-03T12:24:45+00:00\" \/>\n<meta property=\"og:image\" content=\"https:\/\/www.ifg.gr\/wp-content\/uploads\/2021\/09\/MIF-Banner-September-02.jpg\" \/>\n\t<meta property=\"og:image:width\" content=\"1350\" \/>\n\t<meta property=\"og:image:height\" content=\"800\" \/>\n\t<meta property=\"og:image:type\" content=\"image\/jpeg\" \/>\n<meta name=\"twitter:card\" content=\"summary_large_image\" \/>\n<meta name=\"twitter:label1\" content=\"Dur\u00e9e de lecture estim\u00e9e\" \/>\n\t<meta name=\"twitter:data1\" content=\"8 minutes\" \/>\n<script type=\"application\/ld+json\" class=\"yoast-schema-graph\">{\"@context\":\"https:\/\/schema.org\",\"@graph\":[{\"@type\":\"WebPage\",\"@id\":\"https:\/\/www.ifg.gr\/events\/mif-playlist-09-2021\/\",\"url\":\"https:\/\/www.ifg.gr\/events\/mif-playlist-09-2021\/\",\"name\":\"MIF Playlist 09\/2021 : playlist de la rentr\u00e9e\",\"isPartOf\":{\"@id\":\"https:\/\/www.ifg.gr\/#website\"},\"primaryImageOfPage\":{\"@id\":\"https:\/\/www.ifg.gr\/events\/mif-playlist-09-2021\/#primaryimage\"},\"image\":{\"@id\":\"https:\/\/www.ifg.gr\/events\/mif-playlist-09-2021\/#primaryimage\"},\"thumbnailUrl\":\"https:\/\/www.ifg.gr\/wp-content\/uploads\/2021\/09\/MIF-Banner-September-02.jpg\",\"datePublished\":\"2021-09-03T09:35:16+00:00\",\"dateModified\":\"2021-09-03T12:24:45+00:00\",\"description\":\"Septembre, c\u2019est la rentr\u00e9e des classes, le retour au bureau. On vous propose des sons francophones pour prolonger encore un peu les vacances.\",\"breadcrumb\":{\"@id\":\"https:\/\/www.ifg.gr\/events\/mif-playlist-09-2021\/#breadcrumb\"},\"inLanguage\":\"fr-FR\",\"potentialAction\":[{\"@type\":\"ReadAction\",\"target\":[\"https:\/\/www.ifg.gr\/events\/mif-playlist-09-2021\/\"]}]},{\"@type\":\"ImageObject\",\"inLanguage\":\"fr-FR\",\"@id\":\"https:\/\/www.ifg.gr\/events\/mif-playlist-09-2021\/#primaryimage\",\"url\":\"https:\/\/www.ifg.gr\/wp-content\/uploads\/2021\/09\/MIF-Banner-September-02.jpg\",\"contentUrl\":\"https:\/\/www.ifg.gr\/wp-content\/uploads\/2021\/09\/MIF-Banner-September-02.jpg\",\"width\":1350,\"height\":800},{\"@type\":\"BreadcrumbList\",\"@id\":\"https:\/\/www.ifg.gr\/events\/mif-playlist-09-2021\/#breadcrumb\",\"itemListElement\":[{\"@type\":\"ListItem\",\"position\":1,\"name\":\"Home\",\"item\":\"https:\/\/www.ifg.gr\/fr\/\"},{\"@type\":\"ListItem\",\"position\":2,\"name\":\"Events\",\"item\":\"https:\/\/www.ifg.gr\/events\/\"},{\"@type\":\"ListItem\",\"position\":3,\"name\":\"MIF 09\/2021 : playlist de la rentr\u00e9e\"}]},{\"@type\":\"WebSite\",\"@id\":\"https:\/\/www.ifg.gr\/#website\",\"url\":\"https:\/\/www.ifg.gr\/\",\"name\":\"IFG\",\"description\":\"\",\"potentialAction\":[{\"@type\":\"SearchAction\",\"target\":{\"@type\":\"EntryPoint\",\"urlTemplate\":\"https:\/\/www.ifg.gr\/?s={search_term_string}\"},\"query-input\":{\"@type\":\"PropertyValueSpecification\",\"valueRequired\":true,\"valueName\":\"search_term_string\"}}],\"inLanguage\":\"fr-FR\"}]}<\/script>\n<!-- \/ Yoast SEO plugin. -->","yoast_head_json":{"title":"MIF Playlist 09\/2021 : playlist de la rentr\u00e9e","description":"Septembre, c\u2019est la rentr\u00e9e des classes, le retour au bureau. On vous propose des sons francophones pour prolonger encore un peu les vacances.","robots":{"index":"index","follow":"follow","max-snippet":"max-snippet:-1","max-image-preview":"max-image-preview:large","max-video-preview":"max-video-preview:-1"},"canonical":"https:\/\/www.ifg.gr\/events\/mif-playlist-09-2021\/","og_locale":"fr_FR","og_type":"article","og_title":"MIF Playlist 09\/2021 : playlist de la rentr\u00e9e","og_description":"Septembre, c\u2019est la rentr\u00e9e des classes, le retour au bureau. On vous propose des sons francophones pour prolonger encore un peu les vacances.","og_url":"https:\/\/www.ifg.gr\/events\/mif-playlist-09-2021\/","og_site_name":"IFG","article_modified_time":"2021-09-03T12:24:45+00:00","og_image":[{"width":1350,"height":800,"url":"https:\/\/www.ifg.gr\/wp-content\/uploads\/2021\/09\/MIF-Banner-September-02.jpg","type":"image\/jpeg"}],"twitter_card":"summary_large_image","twitter_misc":{"Dur\u00e9e de lecture estim\u00e9e":"8 minutes"},"schema":{"@context":"https:\/\/schema.org","@graph":[{"@type":"WebPage","@id":"https:\/\/www.ifg.gr\/events\/mif-playlist-09-2021\/","url":"https:\/\/www.ifg.gr\/events\/mif-playlist-09-2021\/","name":"MIF Playlist 09\/2021 : playlist de la rentr\u00e9e","isPartOf":{"@id":"https:\/\/www.ifg.gr\/#website"},"primaryImageOfPage":{"@id":"https:\/\/www.ifg.gr\/events\/mif-playlist-09-2021\/#primaryimage"},"image":{"@id":"https:\/\/www.ifg.gr\/events\/mif-playlist-09-2021\/#primaryimage"},"thumbnailUrl":"https:\/\/www.ifg.gr\/wp-content\/uploads\/2021\/09\/MIF-Banner-September-02.jpg","datePublished":"2021-09-03T09:35:16+00:00","dateModified":"2021-09-03T12:24:45+00:00","description":"Septembre, c\u2019est la rentr\u00e9e des classes, le retour au bureau. On vous propose des sons francophones pour prolonger encore un peu les vacances.","breadcrumb":{"@id":"https:\/\/www.ifg.gr\/events\/mif-playlist-09-2021\/#breadcrumb"},"inLanguage":"fr-FR","potentialAction":[{"@type":"ReadAction","target":["https:\/\/www.ifg.gr\/events\/mif-playlist-09-2021\/"]}]},{"@type":"ImageObject","inLanguage":"fr-FR","@id":"https:\/\/www.ifg.gr\/events\/mif-playlist-09-2021\/#primaryimage","url":"https:\/\/www.ifg.gr\/wp-content\/uploads\/2021\/09\/MIF-Banner-September-02.jpg","contentUrl":"https:\/\/www.ifg.gr\/wp-content\/uploads\/2021\/09\/MIF-Banner-September-02.jpg","width":1350,"height":800},{"@type":"BreadcrumbList","@id":"https:\/\/www.ifg.gr\/events\/mif-playlist-09-2021\/#breadcrumb","itemListElement":[{"@type":"ListItem","position":1,"name":"Home","item":"https:\/\/www.ifg.gr\/fr\/"},{"@type":"ListItem","position":2,"name":"Events","item":"https:\/\/www.ifg.gr\/events\/"},{"@type":"ListItem","position":3,"name":"MIF 09\/2021 : playlist de la rentr\u00e9e"}]},{"@type":"WebSite","@id":"https:\/\/www.ifg.gr\/#website","url":"https:\/\/www.ifg.gr\/","name":"IFG","description":"","potentialAction":[{"@type":"SearchAction","target":{"@type":"EntryPoint","urlTemplate":"https:\/\/www.ifg.gr\/?s={search_term_string}"},"query-input":{"@type":"PropertyValueSpecification","valueRequired":true,"valueName":"search_term_string"}}],"inLanguage":"fr-FR"}]}},"_links":{"self":[{"href":"https:\/\/www.ifg.gr\/fr\/wp-json\/wp\/v2\/event\/35380","targetHints":{"allow":["GET"]}}],"collection":[{"href":"https:\/\/www.ifg.gr\/fr\/wp-json\/wp\/v2\/event"}],"about":[{"href":"https:\/\/www.ifg.gr\/fr\/wp-json\/wp\/v2\/types\/event"}],"author":[{"embeddable":true,"href":"https:\/\/www.ifg.gr\/fr\/wp-json\/wp\/v2\/users\/1"}],"version-history":[{"count":0,"href":"https:\/\/www.ifg.gr\/fr\/wp-json\/wp\/v2\/event\/35380\/revisions"}],"wp:featuredmedia":[{"embeddable":true,"href":"https:\/\/www.ifg.gr\/fr\/wp-json\/wp\/v2\/media\/35379"}],"wp:attachment":[{"href":"https:\/\/www.ifg.gr\/fr\/wp-json\/wp\/v2\/media?parent=35380"}],"wp:term":[{"taxonomy":"post_tag","embeddable":true,"href":"https:\/\/www.ifg.gr\/fr\/wp-json\/wp\/v2\/tags?post=35380"},{"taxonomy":"event_category","embeddable":true,"href":"https:\/\/www.ifg.gr\/fr\/wp-json\/wp\/v2\/event_category?post=35380"},{"taxonomy":"event_group","embeddable":true,"href":"https:\/\/www.ifg.gr\/fr\/wp-json\/wp\/v2\/event_group?post=35380"}],"curies":[{"name":"wp","href":"https:\/\/api.w.org\/{rel}","templated":true}]}}