{"id":35948,"date":"2021-09-27T12:16:20","date_gmt":"2021-09-27T12:16:20","guid":{"rendered":"https:\/\/www.ifg.gr\/events\/paraskeves-sinema-notre-dame\/"},"modified":"2021-09-28T11:31:52","modified_gmt":"2021-09-28T11:31:52","slug":"vendredis-cinema-notre-dame","status":"publish","type":"event","link":"https:\/\/www.ifg.gr\/fr\/events\/vendredis-cinema-notre-dame\/","title":{"rendered":"Vendredis Cin\u00e9ma : Notre dame"},"content":{"rendered":"<p><strong>Notre Dame, de Val\u00e9rie Donzelli<\/strong> (88&prime; &#8211; 2019 &#8211; France, \u0392elgique), avec : <strong>Val\u00e9rie Donzelli, Pierre Deladonchamps, Thomas Scimeca<\/strong><\/p>\n<p>Maud Crayon est architecte, m\u00e8re de deux enfants, et remporte sur un \u00e9norme malentendu le grand concours lanc\u00e9 par la mairie de Paris pour r\u00e9am\u00e9nager le parvis de Notre-Dame&#8230; Entre cette nouvelle responsabilit\u00e9, un amour de jeunesse qui resurgit subitement et le p\u00e8re de ses enfants qu\u2019elle n\u2019arrive pas \u00e0 quitter compl\u00e8tement, Maud Crayon va vivre une temp\u00eate. Une temp\u00eate, qu\u2019elle devra affronter pour s\u2019affirmer et se lib\u00e9rer.<\/p>\n<p><iframe loading=\"lazy\" title=\"Vendredis Cin\u00e9ma : Notre dame \/ \u039d\u03bf\u03c4\u03c1 \u039d\u03c4\u03b1\u03bc\" width=\"640\" height=\"360\" src=\"https:\/\/www.youtube.com\/embed\/HZXtLGVKnGA?start=1&#038;feature=oembed\" frameborder=\"0\" allow=\"accelerometer; autoplay; clipboard-write; encrypted-media; gyroscope; picture-in-picture; web-share\" referrerpolicy=\"strict-origin-when-cross-origin\" allowfullscreen><\/iframe><\/p>\n<p>Chaque deuxi\u00e8me et quatri\u00e8me vendredi du mois, rendez-vous \u00e0 l\u2019Institut fran\u00e7ais de Gr\u00e8ce pour (re)d\u00e9couvrir des p\u00e9pites du cin\u00e9ma francophone.<\/p>\n","protected":false},"excerpt":{"rendered":"<p>Notre Dame, de Val\u00e9rie Donzelli (88&prime; &#8211; 2019 &#8211; France, \u0392elgique), avec : Val\u00e9rie Donzelli, Pierre Deladonchamps, Thomas Scimeca<\/p>\n","protected":false},"author":1,"featured_media":35941,"template":"","tags":[1109,1108],"event_category":[874],"event_group":[],"class_list":["post-35948","event","type-event","status-publish","has-post-thumbnail","hentry","tag-paraskeves-sinema-fr","tag-vendredis-cinema","event_category-cinema"],"acf":{"featured_image_credits":"","sponsors_default":false,"info_title":"INFORMATIONS","info_text":"<p><strong>L&rsquo;Auditorium Theo Angelopoulos est un lieu mixte<\/strong> : selon les directives actuelles des autorit\u00e9s grecques, seuls les d\u00e9tenteurs d&rsquo;un certificat de vaccination, d&rsquo;un certificat d&rsquo;infection ou d&rsquo;un r\u00e9sultat n\u00e9gatif d&rsquo;un test antig\u00e9nique (rapid-test), qui doit avoir \u00e9t\u00e9 effectu\u00e9 dans les 48 heures pr\u00e9c\u00e9dant l&rsquo;\u00e9v\u00e9nement, sont autoris\u00e9s \u00e0 entrer.<\/p>\n<p><strong>Le port du masque est obligatoire<\/strong> dans tous les espaces de l&rsquo;Institut fran\u00e7ais de Gr\u00e8ce et pendant toute la dur\u00e9e des manifestations.<\/p>\n<p>Pour entrer dans l&rsquo;IFG, il est n\u00e9cessaire de pr\u00e9senter une carte d&rsquo;identit\u00e9 ou un passeport et de se soumettre au contr\u00f4le de tous les bagages \u00e0 main. L&rsquo;entr\u00e9e des spectateurs peut \u00eatre conditionn\u00e9e \u00e0 une prise de temp\u00e9rature.<\/p>\n<p>L&rsquo;Institut fran\u00e7ais de Gr\u00e8ce applique de mani\u00e8re m\u00e9ticuleuse les mesures de protection et de distanciation physique conform\u00e9ment aux r\u00e8gles de l&rsquo;Organisme National Grec de Sant\u00e9 Publique (EODY).<\/p>\n","date_range":{"start":"08\/10\/2021","end":"","cancelled":false,"note":"","start_time":"20:00","end_time":""},"details":{"location":"<p>Auditorium Theo Angelopoulos<\/p>\n","hyperlink1a":{"text":"","link":""},"price":"plein tarif 6\u20ac \/ tarif r\u00e9duit 4\u20ac","hyperlink2a":{"text":"R\u00e9servez vos places","link":"https:\/\/www.eventbrite.fr\/e\/vendredis-cinema-notre-dame-tickets-177226167237"},"online_event":false,"live_streaming":false,"live_streaming_code":"","facebook_url":"https:\/\/www.facebook.com\/events\/403309947839740","hyperlink":{"text":"","link":""},"hyperlink2":{"text":"","link":""},"hyperlink3":{"text":"","link":""},"press_release":false},"home_slider_image":false,"sponsors_group":false,"layout":false},"yoast_head":"<!-- This site is optimized with the Yoast SEO plugin v26.8 - https:\/\/yoast.com\/product\/yoast-seo-wordpress\/ -->\n<title>Vendredis Cin\u00e9ma : Notre dame - Auditorium Theo Angelopoulos<\/title>\n<meta name=\"description\" content=\"Notre Dame, de Val\u00e9rie Donzelli (88&#039; - 2019 - France, \u0392elgique), avec : Val\u00e9rie Donzelli, Pierre Deladonchamps, Thomas Scimeca\" \/>\n<meta name=\"robots\" content=\"index, follow, max-snippet:-1, max-image-preview:large, max-video-preview:-1\" \/>\n<link rel=\"canonical\" href=\"https:\/\/www.ifg.gr\/events\/paraskeves-sinema-notre-dame\/\" \/>\n<meta property=\"og:locale\" content=\"fr_FR\" \/>\n<meta property=\"og:type\" content=\"article\" \/>\n<meta property=\"og:title\" content=\"Vendredis Cin\u00e9ma : Notre dame - Auditorium Theo Angelopoulos\" \/>\n<meta property=\"og:description\" content=\"Notre Dame, de Val\u00e9rie Donzelli (88&#039; - 2019 - France, \u0392elgique), avec : Val\u00e9rie Donzelli, Pierre Deladonchamps, Thomas Scimeca\" \/>\n<meta property=\"og:url\" content=\"https:\/\/www.ifg.gr\/events\/paraskeves-sinema-notre-dame\/\" \/>\n<meta property=\"og:site_name\" content=\"IFG\" \/>\n<meta property=\"article:modified_time\" content=\"2021-09-28T11:31:52+00:00\" \/>\n<meta property=\"og:image\" content=\"https:\/\/www.ifg.gr\/wp-content\/uploads\/2021\/09\/VENDREDICINE_1200X800_Notre_Dame.jpg\" \/>\n\t<meta property=\"og:image:width\" content=\"1200\" \/>\n\t<meta property=\"og:image:height\" content=\"800\" \/>\n\t<meta property=\"og:image:type\" content=\"image\/jpeg\" \/>\n<meta name=\"twitter:card\" content=\"summary_large_image\" \/>\n<meta name=\"twitter:label1\" content=\"Dur\u00e9e de lecture estim\u00e9e\" \/>\n\t<meta name=\"twitter:data1\" content=\"1 minute\" \/>\n<script type=\"application\/ld+json\" class=\"yoast-schema-graph\">{\"@context\":\"https:\/\/schema.org\",\"@graph\":[{\"@type\":\"WebPage\",\"@id\":\"https:\/\/www.ifg.gr\/events\/paraskeves-sinema-notre-dame\/\",\"url\":\"https:\/\/www.ifg.gr\/events\/paraskeves-sinema-notre-dame\/\",\"name\":\"Vendredis Cin\u00e9ma : Notre dame - Auditorium Theo Angelopoulos\",\"isPartOf\":{\"@id\":\"https:\/\/www.ifg.gr\/#website\"},\"primaryImageOfPage\":{\"@id\":\"https:\/\/www.ifg.gr\/events\/paraskeves-sinema-notre-dame\/#primaryimage\"},\"image\":{\"@id\":\"https:\/\/www.ifg.gr\/events\/paraskeves-sinema-notre-dame\/#primaryimage\"},\"thumbnailUrl\":\"https:\/\/www.ifg.gr\/wp-content\/uploads\/2021\/09\/VENDREDICINE_1200X800_Notre_Dame.jpg\",\"datePublished\":\"2021-09-27T12:16:20+00:00\",\"dateModified\":\"2021-09-28T11:31:52+00:00\",\"description\":\"Notre Dame, de Val\u00e9rie Donzelli (88' - 2019 - France, \u0392elgique), avec : Val\u00e9rie Donzelli, Pierre Deladonchamps, Thomas Scimeca\",\"breadcrumb\":{\"@id\":\"https:\/\/www.ifg.gr\/events\/paraskeves-sinema-notre-dame\/#breadcrumb\"},\"inLanguage\":\"fr-FR\",\"potentialAction\":[{\"@type\":\"ReadAction\",\"target\":[\"https:\/\/www.ifg.gr\/events\/paraskeves-sinema-notre-dame\/\"]}]},{\"@type\":\"ImageObject\",\"inLanguage\":\"fr-FR\",\"@id\":\"https:\/\/www.ifg.gr\/events\/paraskeves-sinema-notre-dame\/#primaryimage\",\"url\":\"https:\/\/www.ifg.gr\/wp-content\/uploads\/2021\/09\/VENDREDICINE_1200X800_Notre_Dame.jpg\",\"contentUrl\":\"https:\/\/www.ifg.gr\/wp-content\/uploads\/2021\/09\/VENDREDICINE_1200X800_Notre_Dame.jpg\",\"width\":1200,\"height\":800},{\"@type\":\"BreadcrumbList\",\"@id\":\"https:\/\/www.ifg.gr\/events\/paraskeves-sinema-notre-dame\/#breadcrumb\",\"itemListElement\":[{\"@type\":\"ListItem\",\"position\":1,\"name\":\"Home\",\"item\":\"https:\/\/www.ifg.gr\/fr\/\"},{\"@type\":\"ListItem\",\"position\":2,\"name\":\"Events\",\"item\":\"https:\/\/www.ifg.gr\/events\/\"},{\"@type\":\"ListItem\",\"position\":3,\"name\":\"Vendredis Cin\u00e9ma : Notre dame\"}]},{\"@type\":\"WebSite\",\"@id\":\"https:\/\/www.ifg.gr\/#website\",\"url\":\"https:\/\/www.ifg.gr\/\",\"name\":\"IFG\",\"description\":\"\",\"potentialAction\":[{\"@type\":\"SearchAction\",\"target\":{\"@type\":\"EntryPoint\",\"urlTemplate\":\"https:\/\/www.ifg.gr\/?s={search_term_string}\"},\"query-input\":{\"@type\":\"PropertyValueSpecification\",\"valueRequired\":true,\"valueName\":\"search_term_string\"}}],\"inLanguage\":\"fr-FR\"}]}<\/script>\n<!-- \/ Yoast SEO plugin. -->","yoast_head_json":{"title":"Vendredis Cin\u00e9ma : Notre dame - Auditorium Theo Angelopoulos","description":"Notre Dame, de Val\u00e9rie Donzelli (88' - 2019 - France, \u0392elgique), avec : Val\u00e9rie Donzelli, Pierre Deladonchamps, Thomas Scimeca","robots":{"index":"index","follow":"follow","max-snippet":"max-snippet:-1","max-image-preview":"max-image-preview:large","max-video-preview":"max-video-preview:-1"},"canonical":"https:\/\/www.ifg.gr\/events\/paraskeves-sinema-notre-dame\/","og_locale":"fr_FR","og_type":"article","og_title":"Vendredis Cin\u00e9ma : Notre dame - Auditorium Theo Angelopoulos","og_description":"Notre Dame, de Val\u00e9rie Donzelli (88' - 2019 - France, \u0392elgique), avec : Val\u00e9rie Donzelli, Pierre Deladonchamps, Thomas Scimeca","og_url":"https:\/\/www.ifg.gr\/events\/paraskeves-sinema-notre-dame\/","og_site_name":"IFG","article_modified_time":"2021-09-28T11:31:52+00:00","og_image":[{"width":1200,"height":800,"url":"https:\/\/www.ifg.gr\/wp-content\/uploads\/2021\/09\/VENDREDICINE_1200X800_Notre_Dame.jpg","type":"image\/jpeg"}],"twitter_card":"summary_large_image","twitter_misc":{"Dur\u00e9e de lecture estim\u00e9e":"1 minute"},"schema":{"@context":"https:\/\/schema.org","@graph":[{"@type":"WebPage","@id":"https:\/\/www.ifg.gr\/events\/paraskeves-sinema-notre-dame\/","url":"https:\/\/www.ifg.gr\/events\/paraskeves-sinema-notre-dame\/","name":"Vendredis Cin\u00e9ma : Notre dame - Auditorium Theo Angelopoulos","isPartOf":{"@id":"https:\/\/www.ifg.gr\/#website"},"primaryImageOfPage":{"@id":"https:\/\/www.ifg.gr\/events\/paraskeves-sinema-notre-dame\/#primaryimage"},"image":{"@id":"https:\/\/www.ifg.gr\/events\/paraskeves-sinema-notre-dame\/#primaryimage"},"thumbnailUrl":"https:\/\/www.ifg.gr\/wp-content\/uploads\/2021\/09\/VENDREDICINE_1200X800_Notre_Dame.jpg","datePublished":"2021-09-27T12:16:20+00:00","dateModified":"2021-09-28T11:31:52+00:00","description":"Notre Dame, de Val\u00e9rie Donzelli (88' - 2019 - France, \u0392elgique), avec : Val\u00e9rie Donzelli, Pierre Deladonchamps, Thomas Scimeca","breadcrumb":{"@id":"https:\/\/www.ifg.gr\/events\/paraskeves-sinema-notre-dame\/#breadcrumb"},"inLanguage":"fr-FR","potentialAction":[{"@type":"ReadAction","target":["https:\/\/www.ifg.gr\/events\/paraskeves-sinema-notre-dame\/"]}]},{"@type":"ImageObject","inLanguage":"fr-FR","@id":"https:\/\/www.ifg.gr\/events\/paraskeves-sinema-notre-dame\/#primaryimage","url":"https:\/\/www.ifg.gr\/wp-content\/uploads\/2021\/09\/VENDREDICINE_1200X800_Notre_Dame.jpg","contentUrl":"https:\/\/www.ifg.gr\/wp-content\/uploads\/2021\/09\/VENDREDICINE_1200X800_Notre_Dame.jpg","width":1200,"height":800},{"@type":"BreadcrumbList","@id":"https:\/\/www.ifg.gr\/events\/paraskeves-sinema-notre-dame\/#breadcrumb","itemListElement":[{"@type":"ListItem","position":1,"name":"Home","item":"https:\/\/www.ifg.gr\/fr\/"},{"@type":"ListItem","position":2,"name":"Events","item":"https:\/\/www.ifg.gr\/events\/"},{"@type":"ListItem","position":3,"name":"Vendredis Cin\u00e9ma : Notre dame"}]},{"@type":"WebSite","@id":"https:\/\/www.ifg.gr\/#website","url":"https:\/\/www.ifg.gr\/","name":"IFG","description":"","potentialAction":[{"@type":"SearchAction","target":{"@type":"EntryPoint","urlTemplate":"https:\/\/www.ifg.gr\/?s={search_term_string}"},"query-input":{"@type":"PropertyValueSpecification","valueRequired":true,"valueName":"search_term_string"}}],"inLanguage":"fr-FR"}]}},"_links":{"self":[{"href":"https:\/\/www.ifg.gr\/fr\/wp-json\/wp\/v2\/event\/35948","targetHints":{"allow":["GET"]}}],"collection":[{"href":"https:\/\/www.ifg.gr\/fr\/wp-json\/wp\/v2\/event"}],"about":[{"href":"https:\/\/www.ifg.gr\/fr\/wp-json\/wp\/v2\/types\/event"}],"author":[{"embeddable":true,"href":"https:\/\/www.ifg.gr\/fr\/wp-json\/wp\/v2\/users\/1"}],"version-history":[{"count":0,"href":"https:\/\/www.ifg.gr\/fr\/wp-json\/wp\/v2\/event\/35948\/revisions"}],"wp:featuredmedia":[{"embeddable":true,"href":"https:\/\/www.ifg.gr\/fr\/wp-json\/wp\/v2\/media\/35941"}],"wp:attachment":[{"href":"https:\/\/www.ifg.gr\/fr\/wp-json\/wp\/v2\/media?parent=35948"}],"wp:term":[{"taxonomy":"post_tag","embeddable":true,"href":"https:\/\/www.ifg.gr\/fr\/wp-json\/wp\/v2\/tags?post=35948"},{"taxonomy":"event_category","embeddable":true,"href":"https:\/\/www.ifg.gr\/fr\/wp-json\/wp\/v2\/event_category?post=35948"},{"taxonomy":"event_group","embeddable":true,"href":"https:\/\/www.ifg.gr\/fr\/wp-json\/wp\/v2\/event_group?post=35948"}],"curies":[{"name":"wp","href":"https:\/\/api.w.org\/{rel}","templated":true}]}}