{"id":36185,"date":"2021-10-11T11:04:27","date_gmt":"2021-10-11T11:04:27","guid":{"rendered":"https:\/\/www.ifg.gr\/?post_type=event&#038;p=36185"},"modified":"2021-10-22T13:51:08","modified_gmt":"2021-10-22T13:51:08","slug":"vendredis-cinema-la-fille-au-bracelet","status":"publish","type":"event","link":"https:\/\/www.ifg.gr\/fr\/events\/vendredis-cinema-la-fille-au-bracelet\/","title":{"rendered":"Vendredis Cin\u00e9ma : La fille au bracelet"},"content":{"rendered":"<p>La fille au bracelet, de St\u00e9phane Demoustier (95&prime; \u2013 2019 \u2013 France)<br \/>\navec Melissa Guers, Roschdy Zem, Chiara Mastroianni, Ana\u00efs Demoustier<\/p>\n<p>Lise a 18 ans, elle vit dans un quartier r\u00e9sidentiel sans histoire et vient d\u2019avoir son bac. Mais depuis deux ans, Lise porte un bracelet \u00e9lectronique car elle est accus\u00e9e d\u2019avoir assassin\u00e9 sa meilleure amie.<\/p>\n<p><iframe loading=\"lazy\" title=\"Vendredis Cin\u00e9ma : La Fille au bracelet \/ \u03a4\u03bf \u03ba\u03bf\u03c1\u03af\u03c4\u03c3\u03b9 \u03bc\u03b5 \u03c4\u03bf \u03b2\u03c1\u03b1\u03c7\u03b9\u03cc\u03bb\u03b9\" width=\"640\" height=\"360\" src=\"https:\/\/www.youtube.com\/embed\/WN5fH5HflX4?feature=oembed\" frameborder=\"0\" allow=\"accelerometer; autoplay; clipboard-write; encrypted-media; gyroscope; picture-in-picture; web-share\" referrerpolicy=\"strict-origin-when-cross-origin\" allowfullscreen><\/iframe><\/p>\n<p>Chaque deuxi\u00e8me et quatri\u00e8me vendredi du mois, rendez-vous \u00e0 l\u2019Institut fran\u00e7ais de Gr\u00e8ce pour (re)d\u00e9couvrir des p\u00e9pites du cin\u00e9ma francophone.<\/p>\n<p>Sous-titr\u00e9 en grec<\/p>\n","protected":false},"excerpt":{"rendered":"<p>La fille au bracelet, de St\u00e9phane Demoustier (95&prime; \u2013 2019 \u2013 France)<br \/>\navec Melissa Guers, Roschdy Zem, Chiara Mastroianni, Ana\u00efs Demoustier<\/p>\n","protected":false},"author":1,"featured_media":36180,"template":"","tags":[1108],"event_category":[874],"event_group":[],"class_list":["post-36185","event","type-event","status-publish","has-post-thumbnail","hentry","tag-vendredis-cinema","event_category-cinema"],"acf":{"sponsors_default":false,"featured_image_credits":"","info_title":"INFORMATIONS","info_text":"<p><strong>L&rsquo;Auditorium Theo Angelopoulos est un lieu mixte<\/strong> : selon les directives actuelles des autorit\u00e9s grecques, seuls les d\u00e9tenteurs d&rsquo;un certificat de vaccination, d&rsquo;un certificat d&rsquo;infection ou d&rsquo;un r\u00e9sultat n\u00e9gatif d&rsquo;un test antig\u00e9nique (rapid-test), qui doit avoir \u00e9t\u00e9 effectu\u00e9 dans les 48 heures pr\u00e9c\u00e9dant l&rsquo;\u00e9v\u00e9nement, sont autoris\u00e9s \u00e0 entrer.<\/p>\n<p><strong>Le port du masque est obligatoire<\/strong> dans tous les espaces de l&rsquo;Institut fran\u00e7ais de Gr\u00e8ce et pendant toute la dur\u00e9e des manifestations.<\/p>\n<p>Pour entrer dans l&rsquo;IFG, il est n\u00e9cessaire de pr\u00e9senter une carte d&rsquo;identit\u00e9 ou un passeport et de se soumettre au contr\u00f4le de tous les bagages \u00e0 main. L&rsquo;entr\u00e9e des spectateurs peut \u00eatre conditionn\u00e9e \u00e0 une prise de temp\u00e9rature.<\/p>\n<p>L&rsquo;Institut fran\u00e7ais de Gr\u00e8ce applique de mani\u00e8re m\u00e9ticuleuse les mesures de protection et de distanciation physique conform\u00e9ment aux r\u00e8gles de l&rsquo;Organisme National Grec de Sant\u00e9 Publique (EODY).<\/p>\n","date_range":{"start":"22\/10\/2021","end":"","cancelled":false,"note":"","start_time":"20:00","end_time":""},"details":{"location":"<p>Auditorium Theo Angelopoulos<\/p>\n","hyperlink1a":{"text":"","link":""},"price":"plein tarif 6\u20ac \/ tarif r\u00e9duit 4\u20ac","hyperlink2a":{"text":"R\u00e9servez vos places","link":"https:\/\/www.eventbrite.com\/e\/188435003167"},"online_event":false,"live_streaming":false,"live_streaming_code":"","facebook_url":"https:\/\/www.facebook.com\/events\/4366604353453846","hyperlink":{"text":"","link":""},"hyperlink2":{"text":"","link":""},"hyperlink3":{"text":"","link":""},"press_release":false},"home_slider_image":false,"sponsors_group":false,"layout":false},"yoast_head":"<!-- This site is optimized with the Yoast SEO plugin v26.8 - https:\/\/yoast.com\/product\/yoast-seo-wordpress\/ -->\n<title>Vendredis Cin\u00e9ma : La fille au bracelet - Auditorium Theo Angelopoulos<\/title>\n<meta name=\"description\" content=\"La fille au bracelet, de St\u00e9phane Demoustier (95&#039; \u2013 2019 \u2013 France)avec Melissa Guers, Roschdy Zem, Chiara Mastroianni, Ana\u00efs Demoustier\" \/>\n<meta name=\"robots\" content=\"index, follow, max-snippet:-1, max-image-preview:large, max-video-preview:-1\" \/>\n<link rel=\"canonical\" href=\"https:\/\/www.ifg.gr\/events\/paraskeves-sinema-to-koritsi-me-to-vrachioli\/\" \/>\n<meta property=\"og:locale\" content=\"fr_FR\" \/>\n<meta property=\"og:type\" content=\"article\" \/>\n<meta property=\"og:title\" content=\"Vendredis Cin\u00e9ma : La fille au bracelet - Auditorium Theo Angelopoulos\" \/>\n<meta property=\"og:description\" content=\"La fille au bracelet, de St\u00e9phane Demoustier (95&#039; \u2013 2019 \u2013 France)avec Melissa Guers, Roschdy Zem, Chiara Mastroianni, Ana\u00efs Demoustier\" \/>\n<meta property=\"og:url\" content=\"https:\/\/www.ifg.gr\/events\/paraskeves-sinema-to-koritsi-me-to-vrachioli\/\" \/>\n<meta property=\"og:site_name\" content=\"IFG\" \/>\n<meta property=\"article:modified_time\" content=\"2021-10-22T13:51:08+00:00\" \/>\n<meta property=\"og:image\" content=\"https:\/\/www.ifg.gr\/wp-content\/uploads\/2021\/10\/VENDREDICINE_1200X800_LaFilleAuBracelet.jpg\" \/>\n\t<meta property=\"og:image:width\" content=\"1200\" \/>\n\t<meta property=\"og:image:height\" content=\"800\" \/>\n\t<meta property=\"og:image:type\" content=\"image\/jpeg\" \/>\n<meta name=\"twitter:card\" content=\"summary_large_image\" \/>\n<meta name=\"twitter:label1\" content=\"Dur\u00e9e de lecture estim\u00e9e\" \/>\n\t<meta name=\"twitter:data1\" content=\"1 minute\" \/>\n<script type=\"application\/ld+json\" class=\"yoast-schema-graph\">{\"@context\":\"https:\/\/schema.org\",\"@graph\":[{\"@type\":\"WebPage\",\"@id\":\"https:\/\/www.ifg.gr\/events\/paraskeves-sinema-to-koritsi-me-to-vrachioli\/\",\"url\":\"https:\/\/www.ifg.gr\/events\/paraskeves-sinema-to-koritsi-me-to-vrachioli\/\",\"name\":\"Vendredis Cin\u00e9ma : La fille au bracelet - Auditorium Theo Angelopoulos\",\"isPartOf\":{\"@id\":\"https:\/\/www.ifg.gr\/#website\"},\"primaryImageOfPage\":{\"@id\":\"https:\/\/www.ifg.gr\/events\/paraskeves-sinema-to-koritsi-me-to-vrachioli\/#primaryimage\"},\"image\":{\"@id\":\"https:\/\/www.ifg.gr\/events\/paraskeves-sinema-to-koritsi-me-to-vrachioli\/#primaryimage\"},\"thumbnailUrl\":\"https:\/\/www.ifg.gr\/wp-content\/uploads\/2021\/10\/VENDREDICINE_1200X800_LaFilleAuBracelet.jpg\",\"datePublished\":\"2021-10-11T11:04:27+00:00\",\"dateModified\":\"2021-10-22T13:51:08+00:00\",\"description\":\"La fille au bracelet, de St\u00e9phane Demoustier (95' \u2013 2019 \u2013 France)avec Melissa Guers, Roschdy Zem, Chiara Mastroianni, Ana\u00efs Demoustier\",\"breadcrumb\":{\"@id\":\"https:\/\/www.ifg.gr\/events\/paraskeves-sinema-to-koritsi-me-to-vrachioli\/#breadcrumb\"},\"inLanguage\":\"fr-FR\",\"potentialAction\":[{\"@type\":\"ReadAction\",\"target\":[\"https:\/\/www.ifg.gr\/events\/paraskeves-sinema-to-koritsi-me-to-vrachioli\/\"]}]},{\"@type\":\"ImageObject\",\"inLanguage\":\"fr-FR\",\"@id\":\"https:\/\/www.ifg.gr\/events\/paraskeves-sinema-to-koritsi-me-to-vrachioli\/#primaryimage\",\"url\":\"https:\/\/www.ifg.gr\/wp-content\/uploads\/2021\/10\/VENDREDICINE_1200X800_LaFilleAuBracelet.jpg\",\"contentUrl\":\"https:\/\/www.ifg.gr\/wp-content\/uploads\/2021\/10\/VENDREDICINE_1200X800_LaFilleAuBracelet.jpg\",\"width\":1200,\"height\":800,\"caption\":\"\u03a4\u03bf \u03ba\u03bf\u03c1\u03af\u03c4\u03c3\u03b9 \u03bc\u03b5 \u03c4\u03bf \u03b2\u03c1\u03b1\u03c7\u03b9\u03cc\u03bb\u03b9\"},{\"@type\":\"BreadcrumbList\",\"@id\":\"https:\/\/www.ifg.gr\/events\/paraskeves-sinema-to-koritsi-me-to-vrachioli\/#breadcrumb\",\"itemListElement\":[{\"@type\":\"ListItem\",\"position\":1,\"name\":\"Home\",\"item\":\"https:\/\/www.ifg.gr\/fr\/\"},{\"@type\":\"ListItem\",\"position\":2,\"name\":\"Events\",\"item\":\"https:\/\/www.ifg.gr\/events\/\"},{\"@type\":\"ListItem\",\"position\":3,\"name\":\"Vendredis Cin\u00e9ma : La fille au bracelet\"}]},{\"@type\":\"WebSite\",\"@id\":\"https:\/\/www.ifg.gr\/#website\",\"url\":\"https:\/\/www.ifg.gr\/\",\"name\":\"IFG\",\"description\":\"\",\"potentialAction\":[{\"@type\":\"SearchAction\",\"target\":{\"@type\":\"EntryPoint\",\"urlTemplate\":\"https:\/\/www.ifg.gr\/?s={search_term_string}\"},\"query-input\":{\"@type\":\"PropertyValueSpecification\",\"valueRequired\":true,\"valueName\":\"search_term_string\"}}],\"inLanguage\":\"fr-FR\"}]}<\/script>\n<!-- \/ Yoast SEO plugin. -->","yoast_head_json":{"title":"Vendredis Cin\u00e9ma : La fille au bracelet - Auditorium Theo Angelopoulos","description":"La fille au bracelet, de St\u00e9phane Demoustier (95' \u2013 2019 \u2013 France)avec Melissa Guers, Roschdy Zem, Chiara Mastroianni, Ana\u00efs Demoustier","robots":{"index":"index","follow":"follow","max-snippet":"max-snippet:-1","max-image-preview":"max-image-preview:large","max-video-preview":"max-video-preview:-1"},"canonical":"https:\/\/www.ifg.gr\/events\/paraskeves-sinema-to-koritsi-me-to-vrachioli\/","og_locale":"fr_FR","og_type":"article","og_title":"Vendredis Cin\u00e9ma : La fille au bracelet - Auditorium Theo Angelopoulos","og_description":"La fille au bracelet, de St\u00e9phane Demoustier (95' \u2013 2019 \u2013 France)avec Melissa Guers, Roschdy Zem, Chiara Mastroianni, Ana\u00efs Demoustier","og_url":"https:\/\/www.ifg.gr\/events\/paraskeves-sinema-to-koritsi-me-to-vrachioli\/","og_site_name":"IFG","article_modified_time":"2021-10-22T13:51:08+00:00","og_image":[{"width":1200,"height":800,"url":"https:\/\/www.ifg.gr\/wp-content\/uploads\/2021\/10\/VENDREDICINE_1200X800_LaFilleAuBracelet.jpg","type":"image\/jpeg"}],"twitter_card":"summary_large_image","twitter_misc":{"Dur\u00e9e de lecture estim\u00e9e":"1 minute"},"schema":{"@context":"https:\/\/schema.org","@graph":[{"@type":"WebPage","@id":"https:\/\/www.ifg.gr\/events\/paraskeves-sinema-to-koritsi-me-to-vrachioli\/","url":"https:\/\/www.ifg.gr\/events\/paraskeves-sinema-to-koritsi-me-to-vrachioli\/","name":"Vendredis Cin\u00e9ma : La fille au bracelet - Auditorium Theo Angelopoulos","isPartOf":{"@id":"https:\/\/www.ifg.gr\/#website"},"primaryImageOfPage":{"@id":"https:\/\/www.ifg.gr\/events\/paraskeves-sinema-to-koritsi-me-to-vrachioli\/#primaryimage"},"image":{"@id":"https:\/\/www.ifg.gr\/events\/paraskeves-sinema-to-koritsi-me-to-vrachioli\/#primaryimage"},"thumbnailUrl":"https:\/\/www.ifg.gr\/wp-content\/uploads\/2021\/10\/VENDREDICINE_1200X800_LaFilleAuBracelet.jpg","datePublished":"2021-10-11T11:04:27+00:00","dateModified":"2021-10-22T13:51:08+00:00","description":"La fille au bracelet, de St\u00e9phane Demoustier (95' \u2013 2019 \u2013 France)avec Melissa Guers, Roschdy Zem, Chiara Mastroianni, Ana\u00efs Demoustier","breadcrumb":{"@id":"https:\/\/www.ifg.gr\/events\/paraskeves-sinema-to-koritsi-me-to-vrachioli\/#breadcrumb"},"inLanguage":"fr-FR","potentialAction":[{"@type":"ReadAction","target":["https:\/\/www.ifg.gr\/events\/paraskeves-sinema-to-koritsi-me-to-vrachioli\/"]}]},{"@type":"ImageObject","inLanguage":"fr-FR","@id":"https:\/\/www.ifg.gr\/events\/paraskeves-sinema-to-koritsi-me-to-vrachioli\/#primaryimage","url":"https:\/\/www.ifg.gr\/wp-content\/uploads\/2021\/10\/VENDREDICINE_1200X800_LaFilleAuBracelet.jpg","contentUrl":"https:\/\/www.ifg.gr\/wp-content\/uploads\/2021\/10\/VENDREDICINE_1200X800_LaFilleAuBracelet.jpg","width":1200,"height":800,"caption":"\u03a4\u03bf \u03ba\u03bf\u03c1\u03af\u03c4\u03c3\u03b9 \u03bc\u03b5 \u03c4\u03bf \u03b2\u03c1\u03b1\u03c7\u03b9\u03cc\u03bb\u03b9"},{"@type":"BreadcrumbList","@id":"https:\/\/www.ifg.gr\/events\/paraskeves-sinema-to-koritsi-me-to-vrachioli\/#breadcrumb","itemListElement":[{"@type":"ListItem","position":1,"name":"Home","item":"https:\/\/www.ifg.gr\/fr\/"},{"@type":"ListItem","position":2,"name":"Events","item":"https:\/\/www.ifg.gr\/events\/"},{"@type":"ListItem","position":3,"name":"Vendredis Cin\u00e9ma : La fille au bracelet"}]},{"@type":"WebSite","@id":"https:\/\/www.ifg.gr\/#website","url":"https:\/\/www.ifg.gr\/","name":"IFG","description":"","potentialAction":[{"@type":"SearchAction","target":{"@type":"EntryPoint","urlTemplate":"https:\/\/www.ifg.gr\/?s={search_term_string}"},"query-input":{"@type":"PropertyValueSpecification","valueRequired":true,"valueName":"search_term_string"}}],"inLanguage":"fr-FR"}]}},"_links":{"self":[{"href":"https:\/\/www.ifg.gr\/fr\/wp-json\/wp\/v2\/event\/36185","targetHints":{"allow":["GET"]}}],"collection":[{"href":"https:\/\/www.ifg.gr\/fr\/wp-json\/wp\/v2\/event"}],"about":[{"href":"https:\/\/www.ifg.gr\/fr\/wp-json\/wp\/v2\/types\/event"}],"author":[{"embeddable":true,"href":"https:\/\/www.ifg.gr\/fr\/wp-json\/wp\/v2\/users\/1"}],"version-history":[{"count":0,"href":"https:\/\/www.ifg.gr\/fr\/wp-json\/wp\/v2\/event\/36185\/revisions"}],"wp:featuredmedia":[{"embeddable":true,"href":"https:\/\/www.ifg.gr\/fr\/wp-json\/wp\/v2\/media\/36180"}],"wp:attachment":[{"href":"https:\/\/www.ifg.gr\/fr\/wp-json\/wp\/v2\/media?parent=36185"}],"wp:term":[{"taxonomy":"post_tag","embeddable":true,"href":"https:\/\/www.ifg.gr\/fr\/wp-json\/wp\/v2\/tags?post=36185"},{"taxonomy":"event_category","embeddable":true,"href":"https:\/\/www.ifg.gr\/fr\/wp-json\/wp\/v2\/event_category?post=36185"},{"taxonomy":"event_group","embeddable":true,"href":"https:\/\/www.ifg.gr\/fr\/wp-json\/wp\/v2\/event_group?post=36185"}],"curies":[{"name":"wp","href":"https:\/\/api.w.org\/{rel}","templated":true}]}}