{"id":36489,"date":"2021-10-29T08:32:08","date_gmt":"2021-10-29T08:32:08","guid":{"rendered":"https:\/\/www.ifg.gr\/?post_type=event&#038;p=36489"},"modified":"2021-11-23T09:08:30","modified_gmt":"2021-11-23T09:08:30","slug":"etudes-de-master-en-france","status":"publish","type":"event","link":"https:\/\/www.ifg.gr\/fr\/events\/etudes-de-master-en-france\/","title":{"rendered":"Rendez-vous Campus France : Les \u00e9tudes de Master en France"},"content":{"rendered":"<p>Dans le contexte sanitaire compliqu\u00e9 d\u00fb \u00e0 la pand\u00e9mie li\u00e9e au Covid 19, la France est un des rares grands pays d\u2019accueil d\u2019\u00e9tudiants internationaux qui a continu\u00e9 \u00e0 accueillir des \u00e9tudiants \u00e9trangers et \u00e0 leur offrir un minimum de cours en pr\u00e9sentiel. La France a par ailleurs pris soin de ces \u00e9tudiants internationaux en leur offrant un acc\u00e8s facile aux vaccins et tests et les structures d\u2019accueil des universit\u00e9s sont toujours rest\u00e9es en contact avec eux, ils ne se sont jamais sentis abandonn\u00e9s. Les \u00e9tudiants grecs pr\u00e9sents en France durant cette p\u00e9riode difficile le confirment : Ils ne sont pas rentr\u00e9s en Gr\u00e8ce, ils sont rest\u00e9s en France car ils ont ressenti et appr\u00e9ci\u00e9 cet encadrement de la part de leurs enseignants et de l\u2019Etat fran\u00e7ais.<\/p>\n<p>Outre la fa\u00e7on rassurante dont la France a g\u00e9r\u00e9 cette crise sanitaire pour les \u00e9tudiants internationaux, ses autres atouts, traditionnels ou innovants, continuent d\u2019en faire une destination privil\u00e9gi\u00e9e pour des \u00e9tudes : La quasi gratuit\u00e9 des formations au sein des universit\u00e9s, des structures d\u2019accueil r\u00e9serv\u00e9es aux \u00e9tudiants internationaux, la multiplication des formations en anglais, le dynamisme de la recherche font que la France reste toujours aussi attractive, notamment pour les jeunes Grecs.<\/p>\n<p>Le dernier \u00ab Rendez-vous Campus France \u00bb de l\u2019ann\u00e9e 2021 sera consacr\u00e9 aux \u00e9tudes de Master car c\u2019est la p\u00e9riode propice pour commencer la r\u00e9alisation d\u2019un projet d\u2019\u00e9tudes post universitaires en France. Avant m\u00eame d\u2019avoir obtenu leur dipl\u00f4me, les \u00e9tudiants grecs doivent \u00e0 cette \u00e9poque de l\u2019ann\u00e9e se renseigner sur les formations qui leur sont offertes en France ainsi que les bourses. Pour pouvoir faire une recherche pertinente et efficace, ils devront avoir une image pr\u00e9cise de l\u2019enseignement sup\u00e9rieur fran\u00e7ais, des diff\u00e9rents types d\u2019\u00e9tablissements ou de formations.<\/p>\n<p>Les points principaux de cette conf\u00e9rence seront donc : L\u2019organisation des \u00e9tudes en France, la recherche de la formation, les modalit\u00e9s d\u2019admission en Master, les programmes de bourses, la vie \u00e9tudiante en France.<\/p>\n<p>Comme lors de tous les \u00ab Rendez-vous Campus France \u00bb, la parole sera donn\u00e9e \u00e9galement \u00e0 des \u00e9tudiants grecs qui ont d\u00e9j\u00e0 v\u00e9cu l\u2019exp\u00e9rience des \u00e9tudes en France et qui souhaitent la partager avec le public. Les Alumni raconteront comment ils ont v\u00e9cu l\u2019aventure des \u00e9tudes en France et le public pourra leur poser des questions.<\/p>\n<p><strong>Pour plus d\u2019informations<\/strong> : <a href=\"mailto:athenes@campusfrance.org\" target=\"_blank\" rel=\"noopener\">athenes@campusfrance.org\u00a0<\/a><\/p>\n","protected":false},"excerpt":{"rendered":"<p>Ev\u00e8nement \u00e0 l&rsquo;Auditorium Theo Angelopoulos, consacr\u00e9 aux \u00e9tudes de Master. La conf\u00e9rence sera \u00e9galement diffus\u00e9e en ligne. <\/p>\n","protected":false},"author":1,"featured_media":29865,"template":"","tags":[939],"event_category":[1129],"event_group":[],"class_list":["post-36489","event","type-event","status-publish","has-post-thumbnail","hentry","tag-rendez-vous-campus-france-fr","event_category-etudes-en-france"],"acf":{"sponsors_default":false,"featured_image_credits":"","info_title":"INFORMATIONS RELATIVES \u00c0 L\u2019ENTR\u00c9E \u00c0 L\u2019INSTITUT FRAN\u00c7AIS de GRECE ","info_text":"<p>Selon les directives actuelles des autorit\u00e9s grecques, <strong>seuls les d\u00e9tenteurs d\u2019un certificat de vaccination ou d\u2019un certificat de r\u00e9tablissement<\/strong> de moins de 6 mois sont autoris\u00e9s \u00e0 entrer \u00e0 l\u2019Auditorium Theo Angelopoulos.<\/p>\n<p>Les mineurs de <strong>4 \u00e0 17 ans<\/strong> peuvent entrer sur <strong>attestation d\u2019un self test n\u00e9gatif<\/strong> effectu\u00e9 dans les 24 heures pr\u00e9c\u00e9dant l\u2019\u00e9v\u00e9nement.<\/p>\n<p><strong>Le port du masque est obligatoire<\/strong> dans tous les espaces de l\u2019Institut fran\u00e7ais de Gr\u00e8ce et pendant toute la dur\u00e9e des manifestations.<\/p>\n<p>Pour faciliter le <strong>maintien des distances de s\u00e9curit\u00e9<\/strong>, la jauge de l\u2019Auditorium reste limit\u00e9e, avec seulement un si\u00e8ge sur deux disponible.<\/p>\n<p>Pour entrer dans l\u2019IFG, il est n\u00e9cessaire de pr\u00e9senter une pi\u00e8ce d\u2019identit\u00e9 ou un passeport et de se soumettre au contr\u00f4le de tous les bagages \u00e0 main.<\/p>\n<p>L&rsquo;Institut fran\u00e7ais de Gr\u00e8ce applique de mani\u00e8re m\u00e9ticuleuse les mesures de protection et de distanciation physique conform\u00e9ment aux r\u00e8gles de l&rsquo;Organisme National Grec de Sant\u00e9 Publique (EODY).<\/p>\n","date_range":{"start":"23\/11\/2021","end":"","cancelled":false,"note":"","start_time":"17:00","end_time":""},"details":{"location":"<p>Auditorium Theo Angelopoulos - La conf\u00e9rence sera \u00e9galement diffus\u00e9e en ligne. <\/p>\n","hyperlink1a":{"text":"","link":""},"price":"Entr\u00e9e libre","hyperlink2a":{"text":"","link":""},"online_event":false,"live_streaming":false,"live_streaming_code":"","facebook_url":"https:\/\/www.facebook.com\/events\/614645896218970","hyperlink":{"text":"","link":""},"hyperlink2":{"text":"","link":""},"hyperlink3":{"text":"","link":""},"press_release":false},"home_slider_image":{"ID":29867,"id":29867,"title":"salon etudes 1350X768","filename":"salon-etudes-1350X768.jpg","filesize":198746,"url":"https:\/\/www.ifg.gr\/wp-content\/uploads\/2020\/12\/salon-etudes-1350X768.jpg","link":"https:\/\/www.ifg.gr\/fr\/events\/salon-virtuel-des-etudes-en-france-2021\/salon-etudes-1350x768-2\/","alt":"","author":"1","description":"","caption":"","name":"salon-etudes-1350x768-2","status":"inherit","uploaded_to":29883,"date":"2020-12-08 15:41:41","modified":"2020-12-08 15:41:41","menu_order":0,"mime_type":"image\/jpeg","type":"image","subtype":"jpeg","icon":"https:\/\/www.ifg.gr\/wp-includes\/images\/media\/default.png","width":1350,"height":768,"sizes":{"thumbnail":"https:\/\/www.ifg.gr\/wp-content\/uploads\/2020\/12\/salon-etudes-1350X768.jpg","thumbnail-width":150,"thumbnail-height":85,"medium":"https:\/\/www.ifg.gr\/wp-content\/uploads\/2020\/12\/salon-etudes-1350X768.jpg","medium-width":300,"medium-height":171,"medium_large":"https:\/\/www.ifg.gr\/wp-content\/uploads\/2020\/12\/salon-etudes-1350X768-768x437.jpg","medium_large-width":640,"medium_large-height":364,"large":"https:\/\/www.ifg.gr\/wp-content\/uploads\/2020\/12\/salon-etudes-1350X768.jpg","large-width":640,"large-height":364,"1536x1536":"https:\/\/www.ifg.gr\/wp-content\/uploads\/2020\/12\/salon-etudes-1350X768.jpg","1536x1536-width":1350,"1536x1536-height":768,"2048x2048":"https:\/\/www.ifg.gr\/wp-content\/uploads\/2020\/12\/salon-etudes-1350X768.jpg","2048x2048-width":1350,"2048x2048-height":768,"full-width":"https:\/\/www.ifg.gr\/wp-content\/uploads\/2020\/12\/salon-etudes-1350X768.jpg","full-width-width":1350,"full-width-height":768,"sidebar":"https:\/\/www.ifg.gr\/wp-content\/uploads\/2020\/12\/salon-etudes-1350X768.jpg","sidebar-width":1350,"sidebar-height":768,"thumb-sm":"https:\/\/www.ifg.gr\/wp-content\/uploads\/2020\/12\/salon-etudes-1350X768-229x130.jpg","thumb-sm-width":229,"thumb-sm-height":130,"thumb-square":"https:\/\/www.ifg.gr\/wp-content\/uploads\/2020\/12\/salon-etudes-1350X768-300x300.jpg","thumb-square-width":300,"thumb-square-height":300,"thumb-big":"https:\/\/www.ifg.gr\/wp-content\/uploads\/2020\/12\/salon-etudes-1350X768-600x400.jpg","thumb-big-width":600,"thumb-big-height":400,"slider-big":"https:\/\/www.ifg.gr\/wp-content\/uploads\/2020\/12\/salon-etudes-1350X768-1315x768.jpg","slider-big-width":1315,"slider-big-height":768}},"sponsors_group":false,"layout":false},"yoast_head":"<!-- This site is optimized with the Yoast SEO plugin v26.8 - https:\/\/yoast.com\/product\/yoast-seo-wordpress\/ -->\n<title>Rendez-vous Campus France : Les \u00e9tudes de Master en France<\/title>\n<meta name=\"description\" content=\"Le dernier \u00ab Rendez-vous Campus France \u00bb de l\u2019ann\u00e9e 2021 est consacr\u00e9 aux \u00e9tudes de Master. Le conf\u00e9rence sera \u00e9galement diffus\u00e9e en ligne.\" \/>\n<meta name=\"robots\" content=\"index, follow, max-snippet:-1, max-image-preview:large, max-video-preview:-1\" \/>\n<link rel=\"canonical\" href=\"https:\/\/www.ifg.gr\/events\/metaptychiakes-spoudes-gallia\/\" \/>\n<meta property=\"og:locale\" content=\"fr_FR\" \/>\n<meta property=\"og:type\" content=\"article\" \/>\n<meta property=\"og:title\" content=\"Rendez-vous Campus France : Les \u00e9tudes de Master en France\" \/>\n<meta property=\"og:description\" content=\"Le dernier \u00ab Rendez-vous Campus France \u00bb de l\u2019ann\u00e9e 2021 est consacr\u00e9 aux \u00e9tudes de Master. Le conf\u00e9rence sera \u00e9galement diffus\u00e9e en ligne.\" \/>\n<meta property=\"og:url\" content=\"https:\/\/www.ifg.gr\/events\/metaptychiakes-spoudes-gallia\/\" \/>\n<meta property=\"og:site_name\" content=\"IFG\" \/>\n<meta property=\"article:modified_time\" content=\"2021-11-23T09:08:30+00:00\" \/>\n<meta property=\"og:image\" content=\"https:\/\/www.ifg.gr\/wp-content\/uploads\/2020\/12\/salon-etudes-1200X800.jpg\" \/>\n\t<meta property=\"og:image:width\" content=\"1200\" \/>\n\t<meta property=\"og:image:height\" content=\"800\" \/>\n\t<meta property=\"og:image:type\" content=\"image\/jpeg\" \/>\n<meta name=\"twitter:card\" content=\"summary_large_image\" \/>\n<meta name=\"twitter:label1\" content=\"Dur\u00e9e de lecture estim\u00e9e\" \/>\n\t<meta name=\"twitter:data1\" content=\"2 minutes\" \/>\n<script type=\"application\/ld+json\" class=\"yoast-schema-graph\">{\"@context\":\"https:\/\/schema.org\",\"@graph\":[{\"@type\":\"WebPage\",\"@id\":\"https:\/\/www.ifg.gr\/events\/metaptychiakes-spoudes-gallia\/\",\"url\":\"https:\/\/www.ifg.gr\/events\/metaptychiakes-spoudes-gallia\/\",\"name\":\"Rendez-vous Campus France : Les \u00e9tudes de Master en France\",\"isPartOf\":{\"@id\":\"https:\/\/www.ifg.gr\/#website\"},\"primaryImageOfPage\":{\"@id\":\"https:\/\/www.ifg.gr\/events\/metaptychiakes-spoudes-gallia\/#primaryimage\"},\"image\":{\"@id\":\"https:\/\/www.ifg.gr\/events\/metaptychiakes-spoudes-gallia\/#primaryimage\"},\"thumbnailUrl\":\"https:\/\/www.ifg.gr\/wp-content\/uploads\/2020\/12\/salon-etudes-1200X800.jpg\",\"datePublished\":\"2021-10-29T08:32:08+00:00\",\"dateModified\":\"2021-11-23T09:08:30+00:00\",\"description\":\"Le dernier \u00ab Rendez-vous Campus France \u00bb de l\u2019ann\u00e9e 2021 est consacr\u00e9 aux \u00e9tudes de Master. Le conf\u00e9rence sera \u00e9galement diffus\u00e9e en ligne.\",\"breadcrumb\":{\"@id\":\"https:\/\/www.ifg.gr\/events\/metaptychiakes-spoudes-gallia\/#breadcrumb\"},\"inLanguage\":\"fr-FR\",\"potentialAction\":[{\"@type\":\"ReadAction\",\"target\":[\"https:\/\/www.ifg.gr\/events\/metaptychiakes-spoudes-gallia\/\"]}]},{\"@type\":\"ImageObject\",\"inLanguage\":\"fr-FR\",\"@id\":\"https:\/\/www.ifg.gr\/events\/metaptychiakes-spoudes-gallia\/#primaryimage\",\"url\":\"https:\/\/www.ifg.gr\/wp-content\/uploads\/2020\/12\/salon-etudes-1200X800.jpg\",\"contentUrl\":\"https:\/\/www.ifg.gr\/wp-content\/uploads\/2020\/12\/salon-etudes-1200X800.jpg\",\"width\":1200,\"height\":800},{\"@type\":\"BreadcrumbList\",\"@id\":\"https:\/\/www.ifg.gr\/events\/metaptychiakes-spoudes-gallia\/#breadcrumb\",\"itemListElement\":[{\"@type\":\"ListItem\",\"position\":1,\"name\":\"Home\",\"item\":\"https:\/\/www.ifg.gr\/fr\/\"},{\"@type\":\"ListItem\",\"position\":2,\"name\":\"Events\",\"item\":\"https:\/\/www.ifg.gr\/events\/\"},{\"@type\":\"ListItem\",\"position\":3,\"name\":\"Rendez-vous Campus France : Les \u00e9tudes de Master en France\"}]},{\"@type\":\"WebSite\",\"@id\":\"https:\/\/www.ifg.gr\/#website\",\"url\":\"https:\/\/www.ifg.gr\/\",\"name\":\"IFG\",\"description\":\"\",\"potentialAction\":[{\"@type\":\"SearchAction\",\"target\":{\"@type\":\"EntryPoint\",\"urlTemplate\":\"https:\/\/www.ifg.gr\/?s={search_term_string}\"},\"query-input\":{\"@type\":\"PropertyValueSpecification\",\"valueRequired\":true,\"valueName\":\"search_term_string\"}}],\"inLanguage\":\"fr-FR\"}]}<\/script>\n<!-- \/ Yoast SEO plugin. -->","yoast_head_json":{"title":"Rendez-vous Campus France : Les \u00e9tudes de Master en France","description":"Le dernier \u00ab Rendez-vous Campus France \u00bb de l\u2019ann\u00e9e 2021 est consacr\u00e9 aux \u00e9tudes de Master. Le conf\u00e9rence sera \u00e9galement diffus\u00e9e en ligne.","robots":{"index":"index","follow":"follow","max-snippet":"max-snippet:-1","max-image-preview":"max-image-preview:large","max-video-preview":"max-video-preview:-1"},"canonical":"https:\/\/www.ifg.gr\/events\/metaptychiakes-spoudes-gallia\/","og_locale":"fr_FR","og_type":"article","og_title":"Rendez-vous Campus France : Les \u00e9tudes de Master en France","og_description":"Le dernier \u00ab Rendez-vous Campus France \u00bb de l\u2019ann\u00e9e 2021 est consacr\u00e9 aux \u00e9tudes de Master. Le conf\u00e9rence sera \u00e9galement diffus\u00e9e en ligne.","og_url":"https:\/\/www.ifg.gr\/events\/metaptychiakes-spoudes-gallia\/","og_site_name":"IFG","article_modified_time":"2021-11-23T09:08:30+00:00","og_image":[{"width":1200,"height":800,"url":"https:\/\/www.ifg.gr\/wp-content\/uploads\/2020\/12\/salon-etudes-1200X800.jpg","type":"image\/jpeg"}],"twitter_card":"summary_large_image","twitter_misc":{"Dur\u00e9e de lecture estim\u00e9e":"2 minutes"},"schema":{"@context":"https:\/\/schema.org","@graph":[{"@type":"WebPage","@id":"https:\/\/www.ifg.gr\/events\/metaptychiakes-spoudes-gallia\/","url":"https:\/\/www.ifg.gr\/events\/metaptychiakes-spoudes-gallia\/","name":"Rendez-vous Campus France : Les \u00e9tudes de Master en France","isPartOf":{"@id":"https:\/\/www.ifg.gr\/#website"},"primaryImageOfPage":{"@id":"https:\/\/www.ifg.gr\/events\/metaptychiakes-spoudes-gallia\/#primaryimage"},"image":{"@id":"https:\/\/www.ifg.gr\/events\/metaptychiakes-spoudes-gallia\/#primaryimage"},"thumbnailUrl":"https:\/\/www.ifg.gr\/wp-content\/uploads\/2020\/12\/salon-etudes-1200X800.jpg","datePublished":"2021-10-29T08:32:08+00:00","dateModified":"2021-11-23T09:08:30+00:00","description":"Le dernier \u00ab Rendez-vous Campus France \u00bb de l\u2019ann\u00e9e 2021 est consacr\u00e9 aux \u00e9tudes de Master. Le conf\u00e9rence sera \u00e9galement diffus\u00e9e en ligne.","breadcrumb":{"@id":"https:\/\/www.ifg.gr\/events\/metaptychiakes-spoudes-gallia\/#breadcrumb"},"inLanguage":"fr-FR","potentialAction":[{"@type":"ReadAction","target":["https:\/\/www.ifg.gr\/events\/metaptychiakes-spoudes-gallia\/"]}]},{"@type":"ImageObject","inLanguage":"fr-FR","@id":"https:\/\/www.ifg.gr\/events\/metaptychiakes-spoudes-gallia\/#primaryimage","url":"https:\/\/www.ifg.gr\/wp-content\/uploads\/2020\/12\/salon-etudes-1200X800.jpg","contentUrl":"https:\/\/www.ifg.gr\/wp-content\/uploads\/2020\/12\/salon-etudes-1200X800.jpg","width":1200,"height":800},{"@type":"BreadcrumbList","@id":"https:\/\/www.ifg.gr\/events\/metaptychiakes-spoudes-gallia\/#breadcrumb","itemListElement":[{"@type":"ListItem","position":1,"name":"Home","item":"https:\/\/www.ifg.gr\/fr\/"},{"@type":"ListItem","position":2,"name":"Events","item":"https:\/\/www.ifg.gr\/events\/"},{"@type":"ListItem","position":3,"name":"Rendez-vous Campus France : Les \u00e9tudes de Master en France"}]},{"@type":"WebSite","@id":"https:\/\/www.ifg.gr\/#website","url":"https:\/\/www.ifg.gr\/","name":"IFG","description":"","potentialAction":[{"@type":"SearchAction","target":{"@type":"EntryPoint","urlTemplate":"https:\/\/www.ifg.gr\/?s={search_term_string}"},"query-input":{"@type":"PropertyValueSpecification","valueRequired":true,"valueName":"search_term_string"}}],"inLanguage":"fr-FR"}]}},"_links":{"self":[{"href":"https:\/\/www.ifg.gr\/fr\/wp-json\/wp\/v2\/event\/36489","targetHints":{"allow":["GET"]}}],"collection":[{"href":"https:\/\/www.ifg.gr\/fr\/wp-json\/wp\/v2\/event"}],"about":[{"href":"https:\/\/www.ifg.gr\/fr\/wp-json\/wp\/v2\/types\/event"}],"author":[{"embeddable":true,"href":"https:\/\/www.ifg.gr\/fr\/wp-json\/wp\/v2\/users\/1"}],"version-history":[{"count":0,"href":"https:\/\/www.ifg.gr\/fr\/wp-json\/wp\/v2\/event\/36489\/revisions"}],"wp:featuredmedia":[{"embeddable":true,"href":"https:\/\/www.ifg.gr\/fr\/wp-json\/wp\/v2\/media\/29865"}],"wp:attachment":[{"href":"https:\/\/www.ifg.gr\/fr\/wp-json\/wp\/v2\/media?parent=36489"}],"wp:term":[{"taxonomy":"post_tag","embeddable":true,"href":"https:\/\/www.ifg.gr\/fr\/wp-json\/wp\/v2\/tags?post=36489"},{"taxonomy":"event_category","embeddable":true,"href":"https:\/\/www.ifg.gr\/fr\/wp-json\/wp\/v2\/event_category?post=36489"},{"taxonomy":"event_group","embeddable":true,"href":"https:\/\/www.ifg.gr\/fr\/wp-json\/wp\/v2\/event_group?post=36489"}],"curies":[{"name":"wp","href":"https:\/\/api.w.org\/{rel}","templated":true}]}}