{"id":36534,"date":"2021-11-01T11:20:16","date_gmt":"2021-11-01T11:20:16","guid":{"rendered":"https:\/\/www.ifg.gr\/events\/pagkosmia-imera-ekpaideftikou-gallikis-glossas-2021\/"},"modified":"2022-11-16T09:56:16","modified_gmt":"2022-11-16T09:56:16","slug":"journee-internationale-des-professeurs-de-francais-2021","status":"publish","type":"event","link":"https:\/\/www.ifg.gr\/fr\/events\/journee-internationale-des-professeurs-de-francais-2021\/","title":{"rendered":"Journ\u00e9e internationale des professeurs de fran\u00e7ais 2021"},"content":{"rendered":"<p>F\u00eatons les professeurs de fran\u00e7ais \u00e0 l\u2019Institut fran\u00e7ais de Gr\u00e8ce !<\/p>\n<p>Le 25 novembre 2021, nous aurons le plaisir de vous retrouver pour une rencontre amicale dans les murs de l\u2019Institut fran\u00e7ais de Gr\u00e8ce \u00e0 18h. Une <strong>projection du film Notre-Dame de Val\u00e9rie Donzelli<\/strong> vous sera ensuite propos\u00e9e \u00e0 19h.<\/p>\n<p><strong><a href=\"https:\/\/forms.gle\/7KJPUin6fdxroBf79\" target=\"_blank\" rel=\"noopener\">Inscription obligatoire<\/a><\/strong> en raison du nombre de places limit\u00e9 pour des raisons sanitaires, dans la limite des places disponibles (175).<\/p>\n<p>Inscrivez-vous directement en suivant <a href=\"https:\/\/forms.gle\/7KJPUin6fdxroBf79\" target=\"_blank\" rel=\"noopener\">le lien d\u2019inscription.<\/a><\/p>\n<p>Les premiers inscrits recevront une invitation \u00e0 pr\u00e9senter \u00e0 l\u2019entr\u00e9e avec le certificat de vaccination\/r\u00e9tablissement ou la preuve d&rsquo;un test antig\u00e9nique n\u00e9gatif de moins de 48h comportant un code QR afin de le scanner.<\/p>\n<p><strong>Consultez<\/strong> le <a href=\"https:\/\/www.ifg.gr\/wp-content\/uploads\/2021\/11\/PROGRAMME-du-25.11.pdf\" target=\"_blank\" rel=\"noopener\">programme des ateliers en ligne<\/a>.<\/p>\n<p>&nbsp;<\/p>\n<p>Au plaisir de vous revoir tr\u00e8s bient\u00f4t.<\/p>\n<p>Tr\u00e8s bonne f\u00eate des professeurs de fran\u00e7ais de Gr\u00e8ce !<\/p>\n","protected":false},"excerpt":{"rendered":"<p>F\u00eatons les professeurs de fran\u00e7ais avec une rencontre amicale, une projection du film Notre-Dame et des ateliers en ligne.<\/p>\n","protected":false},"author":1,"featured_media":36529,"template":"","tags":[],"event_category":[853],"event_group":[],"class_list":["post-36534","event","type-event","status-publish","has-post-thumbnail","hentry","event_category-education"],"acf":{"sponsors_default":false,"featured_image_credits":"","info_title":"","info_text":"","date_range":{"start":"25\/11\/2021","end":"","cancelled":false,"note":"","start_time":"18:00","end_time":""},"details":{"location":"<p>Institut Fran\u00e7ais de Gr\u00e8ce<\/p>\n","hyperlink1a":{"text":"","link":""},"price":"Entr\u00e9e libre - Inscription obligatoivre","hyperlink2a":{"text":"Inscrivez-vous ICI","link":"https:\/\/forms.gle\/7KJPUin6fdxroBf79"},"online_event":false,"live_streaming":false,"live_streaming_code":"","facebook_url":"","hyperlink":{"text":"Programme des ateliers en ligne","link":"https:\/\/www.ifg.gr\/wp-content\/uploads\/2021\/11\/PROGRAMME-du-25.11.pdf"},"hyperlink2":{"text":"","link":""},"hyperlink3":{"text":"","link":""},"press_release":false},"home_slider_image":{"ID":36531,"id":36531,"title":"lejourduprof_1300x768","filename":"lejourduprof_1300x768.jpg","filesize":129527,"url":"https:\/\/www.ifg.gr\/wp-content\/uploads\/2021\/11\/lejourduprof_1300x768.jpg","link":"https:\/\/www.ifg.gr\/fr\/events\/journee-internationale-des-professeurs-de-francais-2021\/lejourduprof_1300x768-2\/","alt":"","author":"1","description":"","caption":"","name":"lejourduprof_1300x768-2","status":"inherit","uploaded_to":36534,"date":"2021-11-01 11:19:18","modified":"2021-11-01 11:19:18","menu_order":0,"mime_type":"image\/jpeg","type":"image","subtype":"jpeg","icon":"https:\/\/www.ifg.gr\/wp-includes\/images\/media\/default.png","width":1300,"height":768,"sizes":{"thumbnail":"https:\/\/www.ifg.gr\/wp-content\/uploads\/2021\/11\/lejourduprof_1300x768.jpg","thumbnail-width":150,"thumbnail-height":89,"medium":"https:\/\/www.ifg.gr\/wp-content\/uploads\/2021\/11\/lejourduprof_1300x768.jpg","medium-width":300,"medium-height":177,"medium_large":"https:\/\/www.ifg.gr\/wp-content\/uploads\/2021\/11\/lejourduprof_1300x768-768x454.jpg","medium_large-width":640,"medium_large-height":378,"large":"https:\/\/www.ifg.gr\/wp-content\/uploads\/2021\/11\/lejourduprof_1300x768.jpg","large-width":640,"large-height":378,"1536x1536":"https:\/\/www.ifg.gr\/wp-content\/uploads\/2021\/11\/lejourduprof_1300x768.jpg","1536x1536-width":1300,"1536x1536-height":768,"2048x2048":"https:\/\/www.ifg.gr\/wp-content\/uploads\/2021\/11\/lejourduprof_1300x768.jpg","2048x2048-width":1300,"2048x2048-height":768,"full-width":"https:\/\/www.ifg.gr\/wp-content\/uploads\/2021\/11\/lejourduprof_1300x768.jpg","full-width-width":1300,"full-width-height":768,"sidebar":"https:\/\/www.ifg.gr\/wp-content\/uploads\/2021\/11\/lejourduprof_1300x768.jpg","sidebar-width":1300,"sidebar-height":768,"thumb-sm":"https:\/\/www.ifg.gr\/wp-content\/uploads\/2021\/11\/lejourduprof_1300x768-220x130.jpg","thumb-sm-width":220,"thumb-sm-height":130,"thumb-square":"https:\/\/www.ifg.gr\/wp-content\/uploads\/2021\/11\/lejourduprof_1300x768-300x300.jpg","thumb-square-width":300,"thumb-square-height":300,"thumb-big":"https:\/\/www.ifg.gr\/wp-content\/uploads\/2021\/11\/lejourduprof_1300x768-600x400.jpg","thumb-big-width":600,"thumb-big-height":400,"slider-big":"https:\/\/www.ifg.gr\/wp-content\/uploads\/2021\/11\/lejourduprof_1300x768.jpg","slider-big-width":1300,"slider-big-height":768}},"sponsors_group":false,"layout":false},"yoast_head":"<!-- This site is optimized with the Yoast SEO plugin v26.8 - https:\/\/yoast.com\/product\/yoast-seo-wordpress\/ -->\n<title>Journ\u00e9e internationale des professeurs de fran\u00e7ais 2021<\/title>\n<meta name=\"description\" content=\"F\u00eatons les professeurs de fran\u00e7ais \u00e0 l\u2019Institut fran\u00e7ais de Gr\u00e8ce ! Une rencontre amicale, suivie d&#039;une projection du film Notre-Dame.\" \/>\n<meta name=\"robots\" content=\"index, follow, max-snippet:-1, max-image-preview:large, max-video-preview:-1\" \/>\n<link rel=\"canonical\" href=\"https:\/\/www.ifg.gr\/fr\/events\/journee-internationale-des-professeurs-de-francais-2021\/\" \/>\n<meta property=\"og:locale\" content=\"fr_FR\" \/>\n<meta property=\"og:type\" content=\"article\" \/>\n<meta property=\"og:title\" content=\"Journ\u00e9e internationale des professeurs de fran\u00e7ais 2021\" \/>\n<meta property=\"og:description\" content=\"F\u00eatons les professeurs de fran\u00e7ais \u00e0 l\u2019Institut fran\u00e7ais de Gr\u00e8ce ! Une rencontre amicale, suivie d&#039;une projection du film Notre-Dame.\" \/>\n<meta property=\"og:url\" content=\"https:\/\/www.ifg.gr\/fr\/events\/journee-internationale-des-professeurs-de-francais-2021\/\" \/>\n<meta property=\"og:site_name\" content=\"IFG\" \/>\n<meta property=\"article:modified_time\" content=\"2022-11-16T09:56:16+00:00\" \/>\n<meta property=\"og:image\" content=\"https:\/\/www.ifg.gr\/wp-content\/uploads\/2021\/11\/lejourduprof_1200x800.jpg\" \/>\n\t<meta property=\"og:image:width\" content=\"1200\" \/>\n\t<meta property=\"og:image:height\" content=\"800\" \/>\n\t<meta property=\"og:image:type\" content=\"image\/jpeg\" \/>\n<meta name=\"twitter:card\" content=\"summary_large_image\" \/>\n<meta name=\"twitter:label1\" content=\"Dur\u00e9e de lecture estim\u00e9e\" \/>\n\t<meta name=\"twitter:data1\" content=\"1 minute\" \/>\n<script type=\"application\/ld+json\" class=\"yoast-schema-graph\">{\"@context\":\"https:\/\/schema.org\",\"@graph\":[{\"@type\":\"WebPage\",\"@id\":\"https:\/\/www.ifg.gr\/fr\/events\/journee-internationale-des-professeurs-de-francais-2021\/\",\"url\":\"https:\/\/www.ifg.gr\/fr\/events\/journee-internationale-des-professeurs-de-francais-2021\/\",\"name\":\"Journ\u00e9e internationale des professeurs de fran\u00e7ais 2021\",\"isPartOf\":{\"@id\":\"https:\/\/www.ifg.gr\/#website\"},\"primaryImageOfPage\":{\"@id\":\"https:\/\/www.ifg.gr\/fr\/events\/journee-internationale-des-professeurs-de-francais-2021\/#primaryimage\"},\"image\":{\"@id\":\"https:\/\/www.ifg.gr\/fr\/events\/journee-internationale-des-professeurs-de-francais-2021\/#primaryimage\"},\"thumbnailUrl\":\"https:\/\/www.ifg.gr\/wp-content\/uploads\/2021\/11\/lejourduprof_1200x800.jpg\",\"datePublished\":\"2021-11-01T11:20:16+00:00\",\"dateModified\":\"2022-11-16T09:56:16+00:00\",\"description\":\"F\u00eatons les professeurs de fran\u00e7ais \u00e0 l\u2019Institut fran\u00e7ais de Gr\u00e8ce ! Une rencontre amicale, suivie d'une projection du film Notre-Dame.\",\"breadcrumb\":{\"@id\":\"https:\/\/www.ifg.gr\/fr\/events\/journee-internationale-des-professeurs-de-francais-2021\/#breadcrumb\"},\"inLanguage\":\"fr-FR\",\"potentialAction\":[{\"@type\":\"ReadAction\",\"target\":[\"https:\/\/www.ifg.gr\/fr\/events\/journee-internationale-des-professeurs-de-francais-2021\/\"]}]},{\"@type\":\"ImageObject\",\"inLanguage\":\"fr-FR\",\"@id\":\"https:\/\/www.ifg.gr\/fr\/events\/journee-internationale-des-professeurs-de-francais-2021\/#primaryimage\",\"url\":\"https:\/\/www.ifg.gr\/wp-content\/uploads\/2021\/11\/lejourduprof_1200x800.jpg\",\"contentUrl\":\"https:\/\/www.ifg.gr\/wp-content\/uploads\/2021\/11\/lejourduprof_1200x800.jpg\",\"width\":1200,\"height\":800},{\"@type\":\"BreadcrumbList\",\"@id\":\"https:\/\/www.ifg.gr\/fr\/events\/journee-internationale-des-professeurs-de-francais-2021\/#breadcrumb\",\"itemListElement\":[{\"@type\":\"ListItem\",\"position\":1,\"name\":\"Home\",\"item\":\"https:\/\/www.ifg.gr\/fr\/\"},{\"@type\":\"ListItem\",\"position\":2,\"name\":\"Events\",\"item\":\"https:\/\/www.ifg.gr\/events\/\"},{\"@type\":\"ListItem\",\"position\":3,\"name\":\"Journ\u00e9e internationale des professeurs de fran\u00e7ais 2021\"}]},{\"@type\":\"WebSite\",\"@id\":\"https:\/\/www.ifg.gr\/#website\",\"url\":\"https:\/\/www.ifg.gr\/\",\"name\":\"IFG\",\"description\":\"\",\"potentialAction\":[{\"@type\":\"SearchAction\",\"target\":{\"@type\":\"EntryPoint\",\"urlTemplate\":\"https:\/\/www.ifg.gr\/?s={search_term_string}\"},\"query-input\":{\"@type\":\"PropertyValueSpecification\",\"valueRequired\":true,\"valueName\":\"search_term_string\"}}],\"inLanguage\":\"fr-FR\"}]}<\/script>\n<!-- \/ Yoast SEO plugin. -->","yoast_head_json":{"title":"Journ\u00e9e internationale des professeurs de fran\u00e7ais 2021","description":"F\u00eatons les professeurs de fran\u00e7ais \u00e0 l\u2019Institut fran\u00e7ais de Gr\u00e8ce ! Une rencontre amicale, suivie d'une projection du film Notre-Dame.","robots":{"index":"index","follow":"follow","max-snippet":"max-snippet:-1","max-image-preview":"max-image-preview:large","max-video-preview":"max-video-preview:-1"},"canonical":"https:\/\/www.ifg.gr\/fr\/events\/journee-internationale-des-professeurs-de-francais-2021\/","og_locale":"fr_FR","og_type":"article","og_title":"Journ\u00e9e internationale des professeurs de fran\u00e7ais 2021","og_description":"F\u00eatons les professeurs de fran\u00e7ais \u00e0 l\u2019Institut fran\u00e7ais de Gr\u00e8ce ! Une rencontre amicale, suivie d'une projection du film Notre-Dame.","og_url":"https:\/\/www.ifg.gr\/fr\/events\/journee-internationale-des-professeurs-de-francais-2021\/","og_site_name":"IFG","article_modified_time":"2022-11-16T09:56:16+00:00","og_image":[{"width":1200,"height":800,"url":"https:\/\/www.ifg.gr\/wp-content\/uploads\/2021\/11\/lejourduprof_1200x800.jpg","type":"image\/jpeg"}],"twitter_card":"summary_large_image","twitter_misc":{"Dur\u00e9e de lecture estim\u00e9e":"1 minute"},"schema":{"@context":"https:\/\/schema.org","@graph":[{"@type":"WebPage","@id":"https:\/\/www.ifg.gr\/fr\/events\/journee-internationale-des-professeurs-de-francais-2021\/","url":"https:\/\/www.ifg.gr\/fr\/events\/journee-internationale-des-professeurs-de-francais-2021\/","name":"Journ\u00e9e internationale des professeurs de fran\u00e7ais 2021","isPartOf":{"@id":"https:\/\/www.ifg.gr\/#website"},"primaryImageOfPage":{"@id":"https:\/\/www.ifg.gr\/fr\/events\/journee-internationale-des-professeurs-de-francais-2021\/#primaryimage"},"image":{"@id":"https:\/\/www.ifg.gr\/fr\/events\/journee-internationale-des-professeurs-de-francais-2021\/#primaryimage"},"thumbnailUrl":"https:\/\/www.ifg.gr\/wp-content\/uploads\/2021\/11\/lejourduprof_1200x800.jpg","datePublished":"2021-11-01T11:20:16+00:00","dateModified":"2022-11-16T09:56:16+00:00","description":"F\u00eatons les professeurs de fran\u00e7ais \u00e0 l\u2019Institut fran\u00e7ais de Gr\u00e8ce ! Une rencontre amicale, suivie d'une projection du film Notre-Dame.","breadcrumb":{"@id":"https:\/\/www.ifg.gr\/fr\/events\/journee-internationale-des-professeurs-de-francais-2021\/#breadcrumb"},"inLanguage":"fr-FR","potentialAction":[{"@type":"ReadAction","target":["https:\/\/www.ifg.gr\/fr\/events\/journee-internationale-des-professeurs-de-francais-2021\/"]}]},{"@type":"ImageObject","inLanguage":"fr-FR","@id":"https:\/\/www.ifg.gr\/fr\/events\/journee-internationale-des-professeurs-de-francais-2021\/#primaryimage","url":"https:\/\/www.ifg.gr\/wp-content\/uploads\/2021\/11\/lejourduprof_1200x800.jpg","contentUrl":"https:\/\/www.ifg.gr\/wp-content\/uploads\/2021\/11\/lejourduprof_1200x800.jpg","width":1200,"height":800},{"@type":"BreadcrumbList","@id":"https:\/\/www.ifg.gr\/fr\/events\/journee-internationale-des-professeurs-de-francais-2021\/#breadcrumb","itemListElement":[{"@type":"ListItem","position":1,"name":"Home","item":"https:\/\/www.ifg.gr\/fr\/"},{"@type":"ListItem","position":2,"name":"Events","item":"https:\/\/www.ifg.gr\/events\/"},{"@type":"ListItem","position":3,"name":"Journ\u00e9e internationale des professeurs de fran\u00e7ais 2021"}]},{"@type":"WebSite","@id":"https:\/\/www.ifg.gr\/#website","url":"https:\/\/www.ifg.gr\/","name":"IFG","description":"","potentialAction":[{"@type":"SearchAction","target":{"@type":"EntryPoint","urlTemplate":"https:\/\/www.ifg.gr\/?s={search_term_string}"},"query-input":{"@type":"PropertyValueSpecification","valueRequired":true,"valueName":"search_term_string"}}],"inLanguage":"fr-FR"}]}},"_links":{"self":[{"href":"https:\/\/www.ifg.gr\/fr\/wp-json\/wp\/v2\/event\/36534","targetHints":{"allow":["GET"]}}],"collection":[{"href":"https:\/\/www.ifg.gr\/fr\/wp-json\/wp\/v2\/event"}],"about":[{"href":"https:\/\/www.ifg.gr\/fr\/wp-json\/wp\/v2\/types\/event"}],"author":[{"embeddable":true,"href":"https:\/\/www.ifg.gr\/fr\/wp-json\/wp\/v2\/users\/1"}],"version-history":[{"count":0,"href":"https:\/\/www.ifg.gr\/fr\/wp-json\/wp\/v2\/event\/36534\/revisions"}],"wp:featuredmedia":[{"embeddable":true,"href":"https:\/\/www.ifg.gr\/fr\/wp-json\/wp\/v2\/media\/36529"}],"wp:attachment":[{"href":"https:\/\/www.ifg.gr\/fr\/wp-json\/wp\/v2\/media?parent=36534"}],"wp:term":[{"taxonomy":"post_tag","embeddable":true,"href":"https:\/\/www.ifg.gr\/fr\/wp-json\/wp\/v2\/tags?post=36534"},{"taxonomy":"event_category","embeddable":true,"href":"https:\/\/www.ifg.gr\/fr\/wp-json\/wp\/v2\/event_category?post=36534"},{"taxonomy":"event_group","embeddable":true,"href":"https:\/\/www.ifg.gr\/fr\/wp-json\/wp\/v2\/event_group?post=36534"}],"curies":[{"name":"wp","href":"https:\/\/api.w.org\/{rel}","templated":true}]}}