{"id":36600,"date":"2021-11-05T08:41:24","date_gmt":"2021-11-05T08:41:24","guid":{"rendered":"https:\/\/www.ifg.gr\/?post_type=event&#038;p=36600"},"modified":"2021-11-05T08:41:24","modified_gmt":"2021-11-05T08:41:24","slug":"mif-playlist-11-2021","status":"publish","type":"event","link":"https:\/\/www.ifg.gr\/fr\/events\/mif-playlist-11-2021\/","title":{"rendered":"MIF Playlist 11\/2021"},"content":{"rendered":"<p>Le mois de novembre est l\u00e0 : il est temps de ressortir les vestes et de d\u00e9couvrir la nouvelle playlist MIF !<\/p>\n<p><a href=\"https:\/\/www.costasandreou.com\" target=\"_blank\" rel=\"noopener noreferrer\">Costas Andreou<\/a> signe la programmation musicale, avec chaque playlist MIF proposant des genres musicaux diff\u00e9rents et organis\u00e9e de telle mani\u00e8re que le public puisse approfondir l\u2019\u00e9coute des morceaux qui l\u2019int\u00e9ressent. Chaque morceau de la playlist a un lien dirigeant vers l\u2019album complet, tel qu\u2019il est disponible sur la plateforme Bandcamp, pour l\u2019achat du morceau ou de l\u2019album dans lequel il est inclus.<\/p>\n<h3>MIF Playlist 11 \/ novembre 2021<\/h3>\n<p><strong>Vidjay Rangaya<\/strong><br \/>\nEntre moi et nulle part<\/p>\n<p><iframe style=\"border: 0; width: 100%; height: 120px;\" src=\"https:\/\/bandcamp.com\/EmbeddedPlayer\/album=692272874\/size=large\/bgcol=ffffff\/linkcol=0687f5\/tracklist=false\/artwork=small\/track=3693682605\/transparent=true\/\" seamless=\"\"><a href=\"https:\/\/vidjayrangaya.bandcamp.com\/album\/un-milliard-dann-es\">Un milliard d&rsquo;ann\u00e9es by Vidjay Rangaya<\/a><\/iframe><\/p>\n<p>Originaire d&rsquo;Inde et du Qu\u00e9bec, Vidjay Rangaya a grandi dans un environnement o\u00f9 la musique a toujours fait partie de la vie quotidienne. Il \u00e9crit des chansons en fran\u00e7ais avec des arrangements pop contemporains. Son album Un milliard d&rsquo;ann\u00e9es est sorti le 8 octobre 2021 et se compose de 9 chansons. En plus de lui-m\u00eame (voix, guitare, synth\u00e9tiseur, percussion), Marcus Quirion (guitare, voix, piano, synth\u00e9tiseur), Julien Thibault (basse, voix, violoncelle, synth\u00e9tiseur), Simon Bilodeau (batterie, percussion, synth\u00e9tiseur), Gabrielle Legault (voix) et Mario Lepage (synth\u00e9tiseur) ont particip\u00e9 aux enregistrements.<\/p>\n<p><a href=\"http:\/\/www.vidjayrangaya.com\" target=\"_blank\" rel=\"noopener\">http:\/\/www.vidjayrangaya.com<\/a><br \/>\n<a href=\"https:\/\/vidjayrangaya.bandcamp.com\" target=\"_blank\" rel=\"noopener\">https:\/\/vidjayrangaya.bandcamp.com<\/a><\/p>\n<p>&nbsp;<\/p>\n<p><strong>Yokofeu<\/strong><br \/>\nNuit tropicale<\/p>\n<p><iframe style=\"border: 0; width: 100%; height: 120px;\" src=\"https:\/\/bandcamp.com\/EmbeddedPlayer\/album=1429526539\/size=large\/bgcol=ffffff\/linkcol=0687f5\/tracklist=false\/artwork=small\/track=4191071121\/transparent=true\/\" seamless=\"\"><a href=\"https:\/\/yokofeu.bandcamp.com\/album\/apoth-oses\">Apoth\u00e9oses by Yokofeu<\/a><\/iframe><\/p>\n<p>Le groupe canadien francophone Yokofeu combine des sons post-punk avec des th\u00e8mes et des motifs musicaux influenc\u00e9s par trois d\u00e9cennies de musique &#8211; le rock psych\u00e9d\u00e9lique chaleureux des ann\u00e9es 60, le krautrock dynamique des ann\u00e9es 70 et la new wave pionni\u00e8re des ann\u00e9es 80. Leur album Apoth\u00e9oses, sorti le 15 octobre 2021, comporte 7 titres avec des compositions du groupe et des textes de Francis Rose.<\/p>\n<p><a href=\"https:\/\/yokofeu.bandcamp.com\" target=\"_blank\" rel=\"noopener\">https:\/\/yokofeu.bandcamp.com<\/a><\/p>\n<p>&nbsp;<\/p>\n<p><strong>Golden Retrieval<\/strong><br \/>\nLe garage<\/p>\n<p><iframe style=\"border: 0; width: 100%; height: 120px;\" src=\"https:\/\/bandcamp.com\/EmbeddedPlayer\/album=2502070871\/size=large\/bgcol=ffffff\/linkcol=0687f5\/tracklist=false\/artwork=small\/track=286613202\/transparent=true\/\" seamless=\"\"><a href=\"https:\/\/ayler-records.bandcamp.com\/album\/d-partementale-985\">D\u00e9partementale 985 by Golden Retrieval<\/a><\/iframe><\/p>\n<p>Fred Poulet (chant, paroles) et Gilles Coronado (guitares, effets, compositions) ont cr\u00e9\u00e9 leur propre bande sonore sombre pour un film fantastique de type road movie. L&rsquo;album D\u00e9partementale 985 est sorti le 26 octobre 2021 et se compose de 11 titres \u00e0 l&rsquo;esth\u00e9tique contemporaine et aux forts \u00e9l\u00e9ments d&rsquo;improvisation.<\/p>\n<p><a href=\"https:\/\/ayler-records.bandcamp.com\/album\/d-partementale-985\" target=\"_blank\" rel=\"noopener\">https:\/\/ayler-records.bandcamp.com\/album\/d-partementale-985<\/a><\/p>\n<p>&nbsp;<\/p>\n<p><strong>La Meute<\/strong><br \/>\nFalaise<\/p>\n<p><iframe style=\"border: 0; width: 100%; height: 120px;\" src=\"https:\/\/bandcamp.com\/EmbeddedPlayer\/album=2607737070\/size=large\/bgcol=ffffff\/linkcol=0687f5\/tracklist=false\/artwork=small\/track=1189671721\/transparent=true\/\" seamless=\"\"><a href=\"https:\/\/lameute.bandcamp.com\/album\/en-meute\">En Meute by La Meute<\/a><\/iframe><\/p>\n<p>Le groupe La Meute est compos\u00e9 de quatre musiciennes de la ville de Chabeuil, en France. Leur album En Meute, sorti le 26 ao\u00fbt 2020, propose cinq chansons qui m\u00ealent r\u00e9cit et po\u00e9sie, avec les sons de l&rsquo;accord\u00e9on et de la contrebasse au premier plan des arrangements.<\/p>\n<p><a href=\"https:\/\/lameute.bandcamp.com\" target=\"_blank\" rel=\"noopener\">https:\/\/lameute.bandcamp.com<\/a><\/p>\n<p>&nbsp;<\/p>\n<p><strong>Saratoga<\/strong><br \/>\nAmour de passage<\/p>\n<p><iframe style=\"border: 0; width: 100%; height: 120px;\" src=\"https:\/\/bandcamp.com\/EmbeddedPlayer\/album=1034167813\/size=large\/bgcol=ffffff\/linkcol=0687f5\/tracklist=false\/artwork=small\/track=2834151762\/transparent=true\/\" seamless=\"\"><a href=\"https:\/\/saratoga.bandcamp.com\/album\/ceci-est-une-esp-ce-aim-e-2\">Ceci est une esp\u00e8ce aim\u00e9e by Saratoga<\/a><\/iframe><\/p>\n<p>Michel-Olivier Gasse et Chantal Archambault de Montr\u00e9al ont r\u00e9uni autour d&rsquo;un micro des chansons acoustiques et des histoires folkloriques. L&rsquo;album Ceci est une esp\u00e8ce aim\u00e9e, sorti le 22 novembre 2019, comprend 12 titres avec des \u00e9l\u00e9ments forts d&rsquo;Americana et la sensibilit\u00e9 de la sc\u00e8ne francophone canadienne. Chantal Archambault (voix, guitare, piano), Michel-Olivier Gasse (voix, contrebasse), Fany Fresard (violon), \u00c9veline Gr\u00e9goire-Rousseau (harpe), Maril\u00e8ne Provencher-Leduc (fl\u00fbte), Aleks Sch\u00fcrmer (fl\u00fbte, th\u00e9r\u00e9mine) et Guillaume Bourque (guitare, piano, basse synth\u00e9tique) ont particip\u00e9 aux enregistrements.<\/p>\n<p><a href=\"http:\/\/www.saratogamusique.ca\" target=\"_blank\" rel=\"noopener\">http:\/\/www.saratogamusique.ca<\/a><br \/>\n<a href=\"https:\/\/saratoga.bandcamp.com\" target=\"_blank\" rel=\"noopener\">https:\/\/saratoga.bandcamp.com<\/a><\/p>\n<p>&nbsp;<\/p>\n<p><strong>Mariotte<\/strong><br \/>\nLa G\u00e9ante<\/p>\n<p><iframe style=\"border: 0; width: 100%; height: 120px;\" src=\"https:\/\/bandcamp.com\/EmbeddedPlayer\/album=2432756865\/size=large\/bgcol=ffffff\/linkcol=0687f5\/tracklist=false\/artwork=small\/track=2680848150\/transparent=true\/\" seamless=\"\"><a href=\"https:\/\/mariotte.bandcamp.com\/album\/la-g-ante\">La G\u00e9ante by Mariotte<\/a><\/iframe><\/p>\n<p>Mariotte est un personnage fictif cr\u00e9\u00e9 par la musicienne Olive Perrusson. Avec lui, elle raconte des histoires faites de l\u00e9gendes, de mythes et de portraits de personnes. La G\u00e9ante, sortie le 19 mai 2021, se compose de 5 chansons avec des \u00e9l\u00e9ments de folk, de pop et des couleurs famili\u00e8res de la sc\u00e8ne indie contemporaine. Les compositions et les paroles sont d&rsquo;Olive Perrusson. Sa voix sur les enregistrements est accompagn\u00e9e par les musiciens Anthony Hocquard (basse), Zacharie Hitter (batterie), Antoine Lombart (saxophones) et Sylvestre Perrusson (voix).<\/p>\n<p><a href=\"https:\/\/www.mariotte-officiel.com\" target=\"_blank\" rel=\"noopener\">https:\/\/www.mariotte-officiel.com<\/a><br \/>\n<a href=\"https:\/\/mariotte.bandcamp.com\" target=\"_blank\" rel=\"noopener\">https:\/\/mariotte.bandcamp.com<\/a><\/p>\n<p>&nbsp;<\/p>\n<p><strong>Institut<\/strong><br \/>\nJe suis dans la data<\/p>\n<p><iframe style=\"border: 0; width: 100%; height: 120px;\" src=\"https:\/\/bandcamp.com\/EmbeddedPlayer\/album=1790533900\/size=large\/bgcol=ffffff\/linkcol=0687f5\/tracklist=false\/artwork=small\/track=253734332\/transparent=true\/\" seamless=\"\"><a href=\"https:\/\/institut.bandcamp.com\/album\/leffet-waouh-des-zones-c-ti-res\">L&rsquo;effet waouh des zones c\u00f4ti\u00e8res by INSTITUT<\/a><\/iframe><\/p>\n<p>L&rsquo;ensemble musical Institut est compos\u00e9 d&rsquo;Arnaud Dumatin, Emmanuel Mario et Nina Savary. Leur album L&rsquo;effet waouh des zones c\u00f4ti\u00e8res sorti le 5 mars 2021 contient 11 chansons pop avec la voix caract\u00e9ristique de Nina Savary et des compositions d&rsquo;Arnaud Dumatin. Dumatin et Emmanuel Mario se sont occup\u00e9s des instruments de musique et des arrangements.<\/p>\n<p><a href=\"https:\/\/www.institut-bonjour.com\" target=\"_blank\" rel=\"noopener\">https:\/\/www.institut-bonjour.com<\/a><br \/>\n<a href=\"https:\/\/institut.bandcamp.com\" target=\"_blank\" rel=\"noopener\">https:\/\/institut.bandcamp.com<\/a><\/p>\n<p>&nbsp;<\/p>\n<p><strong>Gabriel Saglio<\/strong><br \/>\nMa terre<\/p>\n<p><iframe style=\"border: 0; width: 100%; height: 120px;\" src=\"https:\/\/bandcamp.com\/EmbeddedPlayer\/album=1688559868\/size=large\/bgcol=ffffff\/linkcol=0687f5\/tracklist=false\/artwork=small\/track=2311086122\/transparent=true\/\" seamless=\"\"><a href=\"https:\/\/gabrielsaglio.bandcamp.com\/album\/lua\">Lua by Gabriel SAGLIO<\/a><\/iframe><\/p>\n<p>Gabriel Saglio chante avec optimisme et amour du monde, m\u00ealant la chanson fran\u00e7aise \u00e0 la musique d&rsquo;Afrique de l&rsquo;Ouest d&rsquo;une mani\u00e8re confortable et douce. Dans son album intitul\u00e9 Lua, sorti le 5 mars 2020, il continue d&rsquo;explorer le continent africain \u00e0 travers des rythmes et des sons, en compagnie d&rsquo;un ensemble de musiciens bien rod\u00e9s qui interpr\u00e8tent les morceaux avec vitalit\u00e9.<\/p>\n<p><a href=\"http:\/\/www.gabrielsaglio.fr\" target=\"_blank\" rel=\"noopener\">http:\/\/www.gabrielsaglio.fr<\/a><br \/>\n<a href=\"https:\/\/gabrielsaglio.bandcamp.com\" target=\"_blank\" rel=\"noopener\">https:\/\/gabrielsaglio.bandcamp.com<\/a><\/p>\n<p>&nbsp;<\/p>\n<p><strong>Julien Stella, Bastien Weeger<\/strong><br \/>\nBomi<\/p>\n<p><iframe style=\"border: 0; width: 100%; height: 120px;\" src=\"https:\/\/bandcamp.com\/EmbeddedPlayer\/album=3191255262\/size=large\/bgcol=ffffff\/linkcol=0687f5\/tracklist=false\/artwork=small\/track=3055170796\/transparent=true\/\" seamless=\"\"><a href=\"https:\/\/yolkrecords.bandcamp.com\/album\/nosax-noclar-r-d-sisters\">NOSAX NOCLAR R\u00ebd Sisters by Julien Stella, Bastien Weeger<\/a><\/iframe><\/p>\n<p>Les musiciens Bastien Weeger (saxophones, clarinette) et Julien Stella (clarinette) ont form\u00e9 un duo bas\u00e9 sur l&rsquo;art exigeant du dialogue entre leurs instruments \u00e0 vent. Leur musique poss\u00e8de \u00e0 la fois une simplicit\u00e9 expressive et une dynamique terrestre. Elle combine de nombreux \u00e9l\u00e9ments du jazz contemporain, sans \u00eatre li\u00e9e \u00e0 des formes sp\u00e9cifiques. Leur album NOSAX NOCLAR R\u00ebd Sisters est sorti le 17 septembre 2021 et comprend 10 de leurs propres compositions au style unique.<\/p>\n<p><a href=\"https:\/\/yolkrecords.bandcamp.com\/album\/nosax-noclar-r-d-sisters\" target=\"_blank\" rel=\"noopener\">https:\/\/yolkrecords.bandcamp.com\/album\/nosax-noclar-r-d-sisters<\/a><\/p>\n<p>&nbsp;<\/p>\n<p><strong>Ingrid St-Pierre<\/strong><br \/>\n\u00c0 la mer<\/p>\n<p><iframe style=\"border: 0; width: 100%; height: 120px;\" src=\"https:\/\/bandcamp.com\/EmbeddedPlayer\/album=510498062\/size=large\/bgcol=ffffff\/linkcol=0687f5\/tracklist=false\/artwork=small\/track=1160070403\/transparent=true\/\" seamless=\"\"><a href=\"https:\/\/ingridstpierre.bandcamp.com\/album\/petite-plage\">Petite plage by Ingrid St-Pierre<\/a><\/iframe><\/p>\n<p>La Qu\u00e9b\u00e9coise Ingrid St-Pierre utilise sa voix d\u00e9licate pour construire ses propres chansons pop \u00e0 l&rsquo;ambiance po\u00e9tique et r\u00eaveuse. L\u2019album intitul\u00e9 Petite plage, sorti le 25 janvier 2019, propose des arrangements au style doux et romantique.<\/p>\n<p><a href=\"https:\/\/www.ingridstpierre.com\" target=\"_blank\" rel=\"noopener\">https:\/\/www.ingridstpierre.com<\/a><br \/>\n<a href=\"https:\/\/ingridstpierre.bandcamp.com\" target=\"_blank\" rel=\"noopener\">https:\/\/ingridstpierre.bandcamp.com<\/a><\/p>\n<p>&nbsp;<\/p>\n<p><strong>Florence K<\/strong><br \/>\nCe n&rsquo;est que ma t\u00eate<\/p>\n<p><iframe style=\"border: 0; width: 100%; height: 120px;\" src=\"https:\/\/bandcamp.com\/EmbeddedPlayer\/album=3960253403\/size=large\/bgcol=ffffff\/linkcol=0687f5\/tracklist=false\/artwork=small\/track=2569062159\/transparent=true\/\" seamless=\"\"><a href=\"https:\/\/florencek.bandcamp.com\/album\/florence\">Florence by Florence K<\/a><\/iframe><\/p>\n<p>L&rsquo;artiste Florence K explore avec ouverture d&rsquo;esprit un large \u00e9ventail de musiques et de sons, avec la pop contemporaine francophone comme r\u00e9f\u00e9rence centrale. Sorti le 14 f\u00e9vrier 2020, son album Florence se compose de 9 titres qui d\u00e9gagent une aisance naturelle \u00e0 passer du jazz et du latin aux sons \u00e9lectroniques, donnant \u00e0 chaque chanson sa propre personnalit\u00e9.<\/p>\n<p><a href=\"http:\/\/florencek.com\" target=\"_blank\" rel=\"noopener\">http:\/\/florencek.com<\/a><br \/>\n<a href=\"https:\/\/florencek.bandcamp.com\" target=\"_blank\" rel=\"noopener\">https:\/\/florencek.bandcamp.com<\/a><\/p>\n<p>&nbsp;<\/p>\n<p><strong>Erwan<\/strong><br \/>\nDis-moi o\u00f9 tu m&#8217;emm\u00e8nes<\/p>\n<p><iframe style=\"border: 0; width: 100%; height: 120px;\" src=\"https:\/\/bandcamp.com\/EmbeddedPlayer\/album=957861736\/size=large\/bgcol=ffffff\/linkcol=0687f5\/tracklist=false\/artwork=small\/track=3269484114\/transparent=true\/\" seamless=\"\"><a href=\"https:\/\/erwanmusique.bandcamp.com\/album\/dis-moi-o-tu-memm-nes\">Dis-moi o\u00f9 tu m&#8217;emm\u00e8nes by Erwan<\/a><\/iframe><\/p>\n<p>Erwan Cosnuau-Polewska \u00e9crit des chansons indie folk aux lignes m\u00e9lodiques \u00e9pur\u00e9es et aux caract\u00e9ristiques de composition personnelles. Le disque Dis-moi o\u00f9 tu m&#8217;emm\u00e8nes, sorti le 17 septembre 2021, comporte 6 de ses propres compositions qui utilisent des formes pop et rock. En plus de lui-m\u00eame au chant et aux guitares acoustiques et \u00e9lectriques, les enregistrements mettent en vedette Zachary Boileau (guitares \u00e9lectriques et acoustiques, basse, banjo, pedal steel), Bruno St-Laurent (synth\u00e9tiseurs, claviers, piano, fl\u00fbte, chant) et Arthur Bourdon-Durocher (batterie, percussions, synth\u00e9tiseurs, basse, chant).<\/p>\n<p><a href=\"https:\/\/erwanmusique.bandcamp.com\" target=\"_blank\" rel=\"noopener\">https:\/\/erwanmusique.bandcamp.com<\/a><\/p>\n<p>&nbsp;<\/p>\n<p><strong>Tamara Weber<\/strong><br \/>\nL&rsquo;Industrie<\/p>\n<p><iframe style=\"border: 0; width: 100%; height: 120px;\" src=\"https:\/\/bandcamp.com\/EmbeddedPlayer\/album=3771235081\/size=large\/bgcol=ffffff\/linkcol=0687f5\/tracklist=false\/artwork=small\/track=933224632\/transparent=true\/\" seamless=\"\"><a href=\"https:\/\/tamaraweber.bandcamp.com\/album\/f-vrier\">F\u00e9vrier by Tamara Weber<\/a><\/iframe><\/p>\n<p>Tamara Weber est une chanteuse originaire d&rsquo;Ha\u00efti. Elle combine des sonorit\u00e9s folk et pop, cr\u00e9ant ainsi des chansons francophones bas\u00e9es sur sa voix et sa guitare. L&rsquo;album F\u00e9vrier sorti le 20 ao\u00fbt 2021 est compos\u00e9 de 6 chansons avec ses propres compositions et arrangements. Les enregistrements ont \u00e9t\u00e9 r\u00e9alis\u00e9s avec la participation des musiciens Azal\u00e9e Baillargeon (basse, batterie), Miro Belzil (violoncelle), Luc Cattelier (batterie), Jessica Charlie (piano), Salin Cheewapansri (batterie), Borza Ghomeshi (basse), percussions), Jean-Daniel Lessard (claviers, synth\u00e9), Mathieu Lussier (guitare \u00e9lectrique), Charles Robert (basse), Marc-Andr\u00e9 Rouillard (guitare acoustique), Tim S Savard (cordes) et Chlo\u00e9 Seyres (violon).<\/p>\n<p><a href=\"http:\/\/tamarawf.com\" target=\"_blank\" rel=\"noopener\">http:\/\/tamarawf.com<\/a><br \/>\n<a href=\"https:\/\/tamaraweber.bandcamp.com\" target=\"_blank\" rel=\"noopener\">https:\/\/tamaraweber.bandcamp.com<\/a><\/p>\n<p>&nbsp;<\/p>\n<p><strong>Andr\u00e9anne Martin<\/strong><br \/>\nLe m\u00eame r\u00eave<\/p>\n<p><iframe style=\"border: 0; width: 100%; height: 120px;\" src=\"https:\/\/bandcamp.com\/EmbeddedPlayer\/album=446213314\/size=large\/bgcol=ffffff\/linkcol=0687f5\/tracklist=false\/artwork=small\/track=2472581179\/transparent=true\/\" seamless=\"\"><a href=\"https:\/\/andreannemartin.bandcamp.com\/album\/guerri-re\">Guerri\u00e8re by Andr\u00e9anne Martin<\/a><\/iframe><\/p>\n<p>Andr\u00e9anne Martin fait des chansons qui m\u00e9langent des sons riches issus du R&amp;B, de la soul, du jazz et du funk, avec beaucoup de touches dynamiques. Son album <strong><em>Guerri\u00e8re<\/em><\/strong> est sorti le 27 ao\u00fbt 2021 et comprend 12 compositions caract\u00e9ris\u00e9es par leur style vivant, enregistr\u00e9es avec un groupe de musiciens bien \u00e9quilibr\u00e9.<\/p>\n<p><a href=\"https:\/\/andreannemartin.bandcamp.com\" target=\"_blank\" rel=\"noopener\">https:\/\/andreannemartin.bandcamp.com<\/a><\/p>\n<p>&nbsp;<\/p>\n<p><strong>Thomas Curbillon<\/strong><br \/>\nPetite Fleur<\/p>\n<p><iframe style=\"border: 0; width: 100%; height: 120px;\" src=\"https:\/\/bandcamp.com\/EmbeddedPlayer\/album=1287288902\/size=large\/bgcol=ffffff\/linkcol=0687f5\/tracklist=false\/artwork=small\/track=2617827704\/transparent=true\/\" seamless=\"\"><a href=\"https:\/\/jazzandpeople.bandcamp.com\/album\/place-ste-opportune\">Place Ste-Opportune by Thomas Curbillon<\/a><\/iframe><\/p>\n<p>Le guitariste et chanteur fran\u00e7ais Thomas Curbillon, accompagn\u00e9 de musiciens exp\u00e9riment\u00e9s, a cr\u00e9\u00e9 un album qui combine l&rsquo;atmosph\u00e8re particuli\u00e8re de textes tendres avec des solos de jazz riches et des orchestrations compl\u00e8tes. Sorti le 23 septembre 2021, Place Ste-Opportune associe le chant fran\u00e7ais \u00e0 un swing lent, optant pour une production fra\u00eeche qui utilise le style jazz classique pour embrasser la voix. En plus de lui-m\u00eame au chant et \u00e0 la guitare, les enregistrements ont \u00e9t\u00e9 r\u00e9alis\u00e9s avec un ensemble tr\u00e8s soud\u00e9 compos\u00e9 d&rsquo;Eric Legnini (piano), Thomas Bramerie (contrebasse), Antoine Paganotti (batterie) et St\u00e9phane Belmondo (trompette).<\/p>\n<p><a href=\"https:\/\/jazzandpeople.bandcamp.com\/album\/place-ste-opportune\" target=\"_blank\" rel=\"noopener\">https:\/\/jazzandpeople.bandcamp.com\/album\/place-ste-opportune<\/a><\/p>\n<p>&nbsp;<\/p>\n<p><strong>Dominique Pifar\u00e9ly<\/strong><br \/>\nGrille de parole<\/p>\n<p><iframe style=\"border: 0; width: 100%; height: 120px;\" src=\"https:\/\/bandcamp.com\/EmbeddedPlayer\/album=1429037303\/size=large\/bgcol=ffffff\/linkcol=0687f5\/tracklist=false\/artwork=small\/track=1952454438\/transparent=true\/\" seamless=\"\"><a href=\"https:\/\/jazzdorseries.bandcamp.com\/album\/dominique-pifar-ly-suite-anabasis\">Dominique Pifar\u00e9ly &#8211; Suite : Anabasis by Dominique Pifar\u00e9ly<\/a><\/iframe><\/p>\n<p>Le violoniste et compositeur Dominique Pifar\u00e9ly a r\u00e9alis\u00e9 un album de jazz acoustique inspir\u00e9 par le po\u00e8te Paul Celan. Sorti le 20 ao\u00fbt 2021, Anabasis a \u00e9t\u00e9 enregistr\u00e9 en direct en trois jours. Outre lui-m\u00eame au violon et aux compositions, les musiciens Valentin Ceccaldi (violoncelle), Sylvaine H\u00e9lary (fl\u00fbtes), Matthieu Metzger (saxophones soprano et alto), Fran\u00e7ois Corneloup (saxophone baryton), Antonin Rayon (piano), Fran\u00e7ois Merville (batterie) et Bruno Ducret (violoncelle) ont particip\u00e9 \u00e0 la production.<\/p>\n<p><a href=\"https:\/\/jazzdorseries.bandcamp.com\/album\/dominique-pifar-ly-suite-anabasis\" target=\"_blank\" rel=\"noopener\">https:\/\/jazzdorseries.bandcamp.com\/album\/dominique-pifar-ly-suite-anabasis<\/a><\/p>\n<p>&nbsp;<\/p>\n<p><strong>Gagn\u00e9<\/strong><br \/>\nEn \u00e9quipe<\/p>\n<p><iframe style=\"border: 0; width: 100%; height: 120px;\" src=\"https:\/\/bandcamp.com\/EmbeddedPlayer\/album=3234889264\/size=large\/bgcol=ffffff\/linkcol=0687f5\/tracklist=false\/artwork=small\/transparent=true\/\" seamless=\"\"><a href=\"https:\/\/gagnemusique.bandcamp.com\/album\/brise-glace\">Brise-glace by Gagn\u00e9<\/a><\/iframe><\/p>\n<p>Le guitariste \u00c9ric Gagn\u00e9 \u00e9crit des chansons bas\u00e9es sur des exp\u00e9riences qu&rsquo;il traduit en paroles et en musique. Son album Brise-glace, sorti le 29 octobre 2021, pr\u00e9sente son sens vif de la musique pop et rock. Les enregistrements des 12 chansons ont \u00e9t\u00e9 r\u00e9alis\u00e9s avec un groupe assorti qui a donn\u00e9 encore plus d&rsquo;esprit aux compositions.<\/p>\n<p><a href=\"http:\/\/www.egagne.com\" target=\"_blank\" rel=\"noopener\">http:\/\/www.egagne.com<\/a><br \/>\n<a href=\"https:\/\/gagnemusique.bandcamp.com\" target=\"_blank\" rel=\"noopener\">https:\/\/gagnemusique.bandcamp.com<\/a><\/p>\n<p>&nbsp;<\/p>\n<p><strong>Colunia<\/strong><br \/>\nTamanu<\/p>\n<p><iframe style=\"border: 0; width: 100%; height: 120px;\" src=\"https:\/\/bandcamp.com\/EmbeddedPlayer\/album=1703873674\/size=large\/bgcol=ffffff\/linkcol=0687f5\/tracklist=false\/artwork=small\/track=3155244557\/transparent=true\/\" seamless=\"\"><a href=\"https:\/\/colunia.bandcamp.com\/album\/z-phyr\">Z\u00e9phyr by COLUNIA<\/a><\/iframe><\/p>\n<p>Le quartet Colunia est form\u00e9 par Emilie Chevillard (harpe chromatique, compositions), Florian Chaigne (batterie, compositions), Gweltaz Herv\u00e9 (saxophone soprano, alto et baryton) et Emeric Chevalier (contrebasse). L&rsquo;ensemble poss\u00e8de un style particulier, bas\u00e9 sur un lyrisme expressif et des alternances. Leur album intitul\u00e9 Z\u00e9phyr est sorti le 15 mars 2019 et contient 9 titres de jazz contemporain avec des \u00e9l\u00e9ments de musique du monde.<\/p>\n<p><a href=\"http:\/\/www.colunia.com\" target=\"_blank\" rel=\"noopener\">http:\/\/www.colunia.com<\/a><br \/>\n<a href=\"https:\/\/colunia.bandcamp.com\" target=\"_blank\" rel=\"noopener\">https:\/\/colunia.bandcamp.com<\/a><\/p>\n<p>&nbsp;<\/p>\n<p><strong>Baga\u00ef<\/strong><br \/>\nAnthropoc\u00e8ne (nous sommes l&rsquo;avalanche)<\/p>\n<p><iframe style=\"border: 0; width: 100%; height: 120px;\" src=\"https:\/\/bandcamp.com\/EmbeddedPlayer\/album=3651764664\/size=large\/bgcol=ffffff\/linkcol=0687f5\/tracklist=false\/artwork=small\/track=1961747862\/transparent=true\/\" seamless=\"\"><a href=\"https:\/\/bagai.bandcamp.com\/album\/lendroit-o-dorment-les-hy-nes\">\u00c0 l&rsquo;endroit o\u00f9 dorment les hy\u00e8nes by Baga\u00ef<\/a><\/iframe><\/p>\n<p>Anne-Sophie Bourlaud propose des chansons alternatives atmosph\u00e9riques avec sa voix \u00e9motionnelle. Son album \u00c0 l&rsquo;endroit o\u00f9 dorment les hy\u00e8nes est sorti le 7 octobre 2021 avec 10 chansons avec ses propres compositions et textes. En plus d&rsquo;elle-m\u00eame au chant et au piano, les enregistrements ont \u00e9t\u00e9 r\u00e9alis\u00e9s avec Charles St-Amour (guitares, synth\u00e9s, claviers, basse, chant), Lisa Nolet (chant), Val\u00e9rie Mathieu (chant), Mathieu Veziau (batterie, percussions), Audrey-Anne Bertrand (violon) et Maggie Dudemaine (violoncelle).<\/p>\n<p><a href=\"https:\/\/bagai.bandcamp.com\" target=\"_blank\" rel=\"noopener\">https:\/\/bagai.bandcamp.com<\/a><\/p>\n<p>&nbsp;<\/p>\n","protected":false},"excerpt":{"rendered":"<p>Costas Andreou signe la programmation musicale, avec chaque playlist MIF proposant des genres musicaux diff\u00e9rents.<\/p>\n","protected":false},"author":1,"featured_media":36590,"template":"","tags":[954,981,993],"event_category":[984],"event_group":[],"class_list":["post-36600","event","type-event","status-publish","has-post-thumbnail","hentry","tag-mif-fr","tag-musique-independante-francophone-fr","tag-musique-independante-francophone-fr-2","event_category-musique"],"acf":{"sponsors_default":false,"featured_image_credits":"","info_title":"","info_text":"","date_range":{"start":"05\/11\/2021","end":"30\/11\/2021","cancelled":false,"note":"","start_time":"","end_time":""},"details":{"location":"","hyperlink1a":{"text":"","link":""},"price":"","hyperlink2a":{"text":"","link":""},"online_event":false,"live_streaming":false,"live_streaming_code":"","facebook_url":"","hyperlink":{"text":"D\u00e9couvrez la playlist sur YouTube","link":"https:\/\/www.youtube.com\/playlist?list=PLNKgb6skYnUSkc24IYKcktE9BWQIYYUcp"},"hyperlink2":{"text":"D\u00e9couvrez la playlist sur Spotify","link":"https:\/\/open.spotify.com\/playlist\/1YGwEAGSBiXPJpTxuoka11?si=a73751672ab24f7d"},"hyperlink3":{"text":"D\u00e9couvrez la playlist sur Deezer","link":"https:\/\/www.deezer.com\/en\/playlist\/9644359942"},"press_release":false},"home_slider_image":false,"sponsors_group":false,"layout":false},"yoast_head":"<!-- This site is optimized with the Yoast SEO plugin v26.8 - https:\/\/yoast.com\/product\/yoast-seo-wordpress\/ -->\n<title>MIF Playlist 11\/2021 - Musique Ind\u00e9pendante Francophone<\/title>\n<meta name=\"description\" content=\"Costas Andreou signe la programmation musicale, avec chaque playlist MIF proposant des genres musicaux diff\u00e9rents.\" \/>\n<meta name=\"robots\" content=\"index, follow, max-snippet:-1, max-image-preview:large, max-video-preview:-1\" \/>\n<link rel=\"canonical\" href=\"https:\/\/www.ifg.gr\/events\/mif-playlist-11-2021\/\" \/>\n<meta property=\"og:locale\" content=\"fr_FR\" \/>\n<meta property=\"og:type\" content=\"article\" \/>\n<meta property=\"og:title\" content=\"MIF Playlist 11\/2021 - Musique Ind\u00e9pendante Francophone\" \/>\n<meta property=\"og:description\" content=\"Costas Andreou signe la programmation musicale, avec chaque playlist MIF proposant des genres musicaux diff\u00e9rents.\" \/>\n<meta property=\"og:url\" content=\"https:\/\/www.ifg.gr\/events\/mif-playlist-11-2021\/\" \/>\n<meta property=\"og:site_name\" content=\"IFG\" \/>\n<meta property=\"og:image\" content=\"https:\/\/www.ifg.gr\/wp-content\/uploads\/2021\/11\/MIF-Banner-November-01.jpg\" \/>\n\t<meta property=\"og:image:width\" content=\"1350\" \/>\n\t<meta property=\"og:image:height\" content=\"800\" \/>\n\t<meta property=\"og:image:type\" content=\"image\/jpeg\" \/>\n<meta name=\"twitter:card\" content=\"summary_large_image\" \/>\n<meta name=\"twitter:label1\" content=\"Dur\u00e9e de lecture estim\u00e9e\" \/>\n\t<meta name=\"twitter:data1\" content=\"7 minutes\" \/>\n<script type=\"application\/ld+json\" class=\"yoast-schema-graph\">{\"@context\":\"https:\/\/schema.org\",\"@graph\":[{\"@type\":\"WebPage\",\"@id\":\"https:\/\/www.ifg.gr\/events\/mif-playlist-11-2021\/\",\"url\":\"https:\/\/www.ifg.gr\/events\/mif-playlist-11-2021\/\",\"name\":\"MIF Playlist 11\/2021 - Musique Ind\u00e9pendante Francophone\",\"isPartOf\":{\"@id\":\"https:\/\/www.ifg.gr\/#website\"},\"primaryImageOfPage\":{\"@id\":\"https:\/\/www.ifg.gr\/events\/mif-playlist-11-2021\/#primaryimage\"},\"image\":{\"@id\":\"https:\/\/www.ifg.gr\/events\/mif-playlist-11-2021\/#primaryimage\"},\"thumbnailUrl\":\"https:\/\/www.ifg.gr\/wp-content\/uploads\/2021\/11\/MIF-Banner-November-01.jpg\",\"datePublished\":\"2021-11-05T08:41:24+00:00\",\"description\":\"Costas Andreou signe la programmation musicale, avec chaque playlist MIF proposant des genres musicaux diff\u00e9rents.\",\"breadcrumb\":{\"@id\":\"https:\/\/www.ifg.gr\/events\/mif-playlist-11-2021\/#breadcrumb\"},\"inLanguage\":\"fr-FR\",\"potentialAction\":[{\"@type\":\"ReadAction\",\"target\":[\"https:\/\/www.ifg.gr\/events\/mif-playlist-11-2021\/\"]}]},{\"@type\":\"ImageObject\",\"inLanguage\":\"fr-FR\",\"@id\":\"https:\/\/www.ifg.gr\/events\/mif-playlist-11-2021\/#primaryimage\",\"url\":\"https:\/\/www.ifg.gr\/wp-content\/uploads\/2021\/11\/MIF-Banner-November-01.jpg\",\"contentUrl\":\"https:\/\/www.ifg.gr\/wp-content\/uploads\/2021\/11\/MIF-Banner-November-01.jpg\",\"width\":1350,\"height\":800},{\"@type\":\"BreadcrumbList\",\"@id\":\"https:\/\/www.ifg.gr\/events\/mif-playlist-11-2021\/#breadcrumb\",\"itemListElement\":[{\"@type\":\"ListItem\",\"position\":1,\"name\":\"Home\",\"item\":\"https:\/\/www.ifg.gr\/fr\/\"},{\"@type\":\"ListItem\",\"position\":2,\"name\":\"Events\",\"item\":\"https:\/\/www.ifg.gr\/events\/\"},{\"@type\":\"ListItem\",\"position\":3,\"name\":\"MIF Playlist 11\/2021\"}]},{\"@type\":\"WebSite\",\"@id\":\"https:\/\/www.ifg.gr\/#website\",\"url\":\"https:\/\/www.ifg.gr\/\",\"name\":\"IFG\",\"description\":\"\",\"potentialAction\":[{\"@type\":\"SearchAction\",\"target\":{\"@type\":\"EntryPoint\",\"urlTemplate\":\"https:\/\/www.ifg.gr\/?s={search_term_string}\"},\"query-input\":{\"@type\":\"PropertyValueSpecification\",\"valueRequired\":true,\"valueName\":\"search_term_string\"}}],\"inLanguage\":\"fr-FR\"}]}<\/script>\n<!-- \/ Yoast SEO plugin. -->","yoast_head_json":{"title":"MIF Playlist 11\/2021 - Musique Ind\u00e9pendante Francophone","description":"Costas Andreou signe la programmation musicale, avec chaque playlist MIF proposant des genres musicaux diff\u00e9rents.","robots":{"index":"index","follow":"follow","max-snippet":"max-snippet:-1","max-image-preview":"max-image-preview:large","max-video-preview":"max-video-preview:-1"},"canonical":"https:\/\/www.ifg.gr\/events\/mif-playlist-11-2021\/","og_locale":"fr_FR","og_type":"article","og_title":"MIF Playlist 11\/2021 - Musique Ind\u00e9pendante Francophone","og_description":"Costas Andreou signe la programmation musicale, avec chaque playlist MIF proposant des genres musicaux diff\u00e9rents.","og_url":"https:\/\/www.ifg.gr\/events\/mif-playlist-11-2021\/","og_site_name":"IFG","og_image":[{"width":1350,"height":800,"url":"https:\/\/www.ifg.gr\/wp-content\/uploads\/2021\/11\/MIF-Banner-November-01.jpg","type":"image\/jpeg"}],"twitter_card":"summary_large_image","twitter_misc":{"Dur\u00e9e de lecture estim\u00e9e":"7 minutes"},"schema":{"@context":"https:\/\/schema.org","@graph":[{"@type":"WebPage","@id":"https:\/\/www.ifg.gr\/events\/mif-playlist-11-2021\/","url":"https:\/\/www.ifg.gr\/events\/mif-playlist-11-2021\/","name":"MIF Playlist 11\/2021 - Musique Ind\u00e9pendante Francophone","isPartOf":{"@id":"https:\/\/www.ifg.gr\/#website"},"primaryImageOfPage":{"@id":"https:\/\/www.ifg.gr\/events\/mif-playlist-11-2021\/#primaryimage"},"image":{"@id":"https:\/\/www.ifg.gr\/events\/mif-playlist-11-2021\/#primaryimage"},"thumbnailUrl":"https:\/\/www.ifg.gr\/wp-content\/uploads\/2021\/11\/MIF-Banner-November-01.jpg","datePublished":"2021-11-05T08:41:24+00:00","description":"Costas Andreou signe la programmation musicale, avec chaque playlist MIF proposant des genres musicaux diff\u00e9rents.","breadcrumb":{"@id":"https:\/\/www.ifg.gr\/events\/mif-playlist-11-2021\/#breadcrumb"},"inLanguage":"fr-FR","potentialAction":[{"@type":"ReadAction","target":["https:\/\/www.ifg.gr\/events\/mif-playlist-11-2021\/"]}]},{"@type":"ImageObject","inLanguage":"fr-FR","@id":"https:\/\/www.ifg.gr\/events\/mif-playlist-11-2021\/#primaryimage","url":"https:\/\/www.ifg.gr\/wp-content\/uploads\/2021\/11\/MIF-Banner-November-01.jpg","contentUrl":"https:\/\/www.ifg.gr\/wp-content\/uploads\/2021\/11\/MIF-Banner-November-01.jpg","width":1350,"height":800},{"@type":"BreadcrumbList","@id":"https:\/\/www.ifg.gr\/events\/mif-playlist-11-2021\/#breadcrumb","itemListElement":[{"@type":"ListItem","position":1,"name":"Home","item":"https:\/\/www.ifg.gr\/fr\/"},{"@type":"ListItem","position":2,"name":"Events","item":"https:\/\/www.ifg.gr\/events\/"},{"@type":"ListItem","position":3,"name":"MIF Playlist 11\/2021"}]},{"@type":"WebSite","@id":"https:\/\/www.ifg.gr\/#website","url":"https:\/\/www.ifg.gr\/","name":"IFG","description":"","potentialAction":[{"@type":"SearchAction","target":{"@type":"EntryPoint","urlTemplate":"https:\/\/www.ifg.gr\/?s={search_term_string}"},"query-input":{"@type":"PropertyValueSpecification","valueRequired":true,"valueName":"search_term_string"}}],"inLanguage":"fr-FR"}]}},"_links":{"self":[{"href":"https:\/\/www.ifg.gr\/fr\/wp-json\/wp\/v2\/event\/36600","targetHints":{"allow":["GET"]}}],"collection":[{"href":"https:\/\/www.ifg.gr\/fr\/wp-json\/wp\/v2\/event"}],"about":[{"href":"https:\/\/www.ifg.gr\/fr\/wp-json\/wp\/v2\/types\/event"}],"author":[{"embeddable":true,"href":"https:\/\/www.ifg.gr\/fr\/wp-json\/wp\/v2\/users\/1"}],"version-history":[{"count":0,"href":"https:\/\/www.ifg.gr\/fr\/wp-json\/wp\/v2\/event\/36600\/revisions"}],"wp:featuredmedia":[{"embeddable":true,"href":"https:\/\/www.ifg.gr\/fr\/wp-json\/wp\/v2\/media\/36590"}],"wp:attachment":[{"href":"https:\/\/www.ifg.gr\/fr\/wp-json\/wp\/v2\/media?parent=36600"}],"wp:term":[{"taxonomy":"post_tag","embeddable":true,"href":"https:\/\/www.ifg.gr\/fr\/wp-json\/wp\/v2\/tags?post=36600"},{"taxonomy":"event_category","embeddable":true,"href":"https:\/\/www.ifg.gr\/fr\/wp-json\/wp\/v2\/event_category?post=36600"},{"taxonomy":"event_group","embeddable":true,"href":"https:\/\/www.ifg.gr\/fr\/wp-json\/wp\/v2\/event_group?post=36600"}],"curies":[{"name":"wp","href":"https:\/\/api.w.org\/{rel}","templated":true}]}}