{"id":36639,"date":"2021-11-05T14:43:37","date_gmt":"2021-11-05T14:43:37","guid":{"rendered":"https:\/\/www.ifg.gr\/events\/strongylo-trapezi-prokliseis-psifiopoiisis-ekpaidefsi\/"},"modified":"2021-11-15T16:41:48","modified_gmt":"2021-11-15T16:41:48","slug":"table-ronde-enjeux-digitalisation-education","status":"publish","type":"event","link":"https:\/\/www.ifg.gr\/fr\/events\/table-ronde-enjeux-digitalisation-education\/","title":{"rendered":"Table Ronde : \u00ab Les enjeux de la digitalisation dans l\u2019\u00e9ducation \u00bb"},"content":{"rendered":"<p>Bien que le monde universitaire se soit lanc\u00e9 dans l\u2019enseignement en ligne depuis des ann\u00e9es, la crise sanitaire due \u00e0 la pand\u00e9mie de Covid-19 a impos\u00e9 une digitalisation acc\u00e9l\u00e9r\u00e9e des pratiques \u00e9ducatives, du primaire \u00e0 l\u2019universit\u00e9.<\/p>\n<p>Dans le cadre de l\u2019\u00e9dition 2021 du <a href=\"https:\/\/www.ifg.gr\/fr\/events\/novembre-numerique-2021\/\" target=\"_blank\" rel=\"noopener\">Novembre Num\u00e9rique<\/a>, l\u2019Institut fran\u00e7ais de Gr\u00e8ce a d\u00e9cid\u00e9 de s\u2019appuyer sur un panel d\u2019intervenants fran\u00e7ais et grecs pour aborder les d\u00e9fis pos\u00e9s et les perspectives offertes par l\u2019explosion de l\u2019enseignement en ligne et par la nouvelle relation virtuelle entre l\u2019enseignant et l\u2019apprenant.<\/p>\n<h3>Avec :<\/h3>\n<p><strong>Panos GRIGORIOU<\/strong>, Professeur en Institutions Internationales &amp; Europ\u00e9ennes, Universit\u00e9 de l\u2019Eg\u00e9e,<br \/>\n<strong>Stelios MARKANTONAKIS<\/strong>, Direction de l\u2019enseignement primaire et secondaire de la R\u00e9gion d\u2019Attique,<br \/>\n<strong>Nicolas TURQUET<\/strong>, Directeur de cabinet \u00e0 la Direction g\u00e9n\u00e9rale de CANOPE Paris.<br \/>\n<strong>Yves PALAU,<\/strong> Professeur des universit\u00e9s en science politique et directeur de l\u2019\u00e9cole internationale d\u2019\u00e9tudes politiques de l\u2019universit\u00e9 Paris-Est Cr\u00e9teil.<\/p>\n<p>La table ronde sera mod\u00e9r\u00e9e par la journaliste <strong>Valia KAIMAKI.<\/strong><\/p>\n<p><iframe loading=\"lazy\" title=\"Table Ronde : \u00ab Les enjeux de la digitalisation dans l\u2019\u00e9ducation \u00bb\" width=\"640\" height=\"360\" src=\"https:\/\/www.youtube.com\/embed\/A8Kn5Bo8BUI?feature=oembed\" frameborder=\"0\" allow=\"accelerometer; autoplay; clipboard-write; encrypted-media; gyroscope; picture-in-picture; web-share\" referrerpolicy=\"strict-origin-when-cross-origin\" allowfullscreen><\/iframe><\/p>\n<h3>Les intervenants :<\/h3>\n<p><strong>Panos GRIGORIOU<\/strong> est Professeur en Institutions europ\u00e9ennes et internationales \u00e0 l&rsquo;Universit\u00e9 de l&rsquo;Eg\u00e9e. Ancien Doyen de la Facult\u00e9 de Sciences Sociales. Directeur du Master international et interdisciplinaire \u00ab\u00a0Gestion des flux migratoires et de r\u00e9fugi\u00e9s en Europe\u00a0\u00bb. Coordinateur du r\u00e9seau europ\u00e9en Jean Monnet Govunet (Governance, Pluralism and Trans-nationalisation in Europe).<\/p>\n<p><strong>La digitalisation de l&rsquo;enseignement sup\u00e9rieur : un pas d\u00e9cisif vers son europ\u00e9anisation.<\/strong><\/p>\n<p><strong>Stelios MARKANTONAKIS<\/strong>, conseiller p\u00e9dagogique pour le FLE (r\u00e9gion d\u2019Attique) est docteur du D\u00e9partement de Langue et Litt\u00e9rature fran\u00e7aises de l\u2019Universit\u00e9 nationale et capodistrienne d\u2019Ath\u00e8nes. Ses domaines de recherche sont la didactique des L2, les TICE et la formation \u00e0 distance.<br \/>\nIl a particip\u00e9 comme expert \u00e0 la r\u00e9daction du Programme d\u2019\u00c9tudes pour les langues \u00e9trang\u00e8res et \u00e0 l\u2019\u00e9laboration du mat\u00e9riel pour la formation des enseignants de langues \u00e9trang\u00e8res sur les TICE.<br \/>\nIl a publi\u00e9 de nombreux articles sur l\u2019exploitation des environnements num\u00e9riques dans l\u2019enseignement et a particip\u00e9 en tant qu\u2019intervenant \u00e0 de nombreux s\u00e9minaires et congr\u00e8s.<br \/>\nIl a \u00e9t\u00e9 d\u00e9cor\u00e9 des \u00ab Palmes acad\u00e9miques \u00bb par le Minist\u00e8re fran\u00e7ais de l\u2019Education nationale de l&rsquo;Enseignement sup\u00e9rieur et de la Recherche.<\/p>\n<p><strong>Nicolas TURQUET<\/strong> est Directeur de cabinet \u00e0 la Direction g\u00e9n\u00e9rale de CANOPE Paris.<br \/>\nProfesseur agr\u00e9g\u00e9 de lettres ayant exerc\u00e9 en France et aux \u00c9tats-Unis puis Inspecteur d\u2019acad\u00e9mie-inspecteur p\u00e9dagogique r\u00e9gional \u00e0 Mayotte et en Picardie, Nicolas Turquet rejoint la direction g\u00e9n\u00e9rale de R\u00e9seau Canop\u00e9 en 2017 en tant que conseiller num\u00e9rique. Actuellement directeur de cabinet de Marie-Caroline Missir, directrice g\u00e9n\u00e9rale du R\u00e9seau, il intervient ponctuellement sur les sujets relatifs au num\u00e9rique et \u00e0 la formation.<\/p>\n<p><strong>Yves PALAU<\/strong> est professeur des universit\u00e9s en science politique et directeur de l\u2019\u00e9cole internationale d\u2019\u00e9tudes politiques de l\u2019universit\u00e9 Paris-Est Cr\u00e9teil. Ses recherches portent sur l\u2019historicit\u00e9 des concepts politiques tels que ceux de souverainet\u00e9 et de gouvernance.<br \/>\nDans le cadre de ses fonctions de directeur il a d\u00fb faire face \u00e0 la crise sanitaire et d\u00e9ployer un enseignement et des examens enti\u00e8rement \u00e0 distance pendant plusieurs mois. Il d\u00e9veloppe actuellement des projets de formation continue en grande partie digitalis\u00e9e.<\/p>\n<p><strong>Valia KA\u00cfMAKI<\/strong> est professeur et journaliste, sp\u00e9cialiste de la politique internationale et des nouvelles technologies. Directrice de l&rsquo;\u00e9dition grecque du Monde diplomatique, elle a \u00e9galement travaill\u00e9 dans la presse, la radio et la t\u00e9l\u00e9vision. En 2020, pendant la pand\u00e9mie, elle a lanc\u00e9 le podcast \u00ab\u00a0Go\u00fbt Kaimaki\u00a0\u00bb. Auteur de deux livres, elle a contribu\u00e9 \u00e0 la r\u00e9daction d\u2019ouvrages en grec, en fran\u00e7ais et en anglais. Elle est vice-pr\u00e9sidente du conseil d&rsquo;administration du Centre europ\u00e9en de journalisme (CEJ), bas\u00e9 \u00e0 Maastricht, et depuis quelques semaines, elle a \u00e9t\u00e9 \u00e9lue professeur adjoint en \u00ab\u00a0journalisme num\u00e9rique\u00a0\u00bb \u00e0 l&rsquo;universit\u00e9 Ionienne.<\/p>\n<p>__<\/p>\n<ul>\n<li><strong>Traduction simultan\u00e9e<\/strong> grec\/fran\u00e7ais<\/li>\n<li>La discussion sera \u00e9galement <strong>diffus\u00e9e en ligne<\/strong> sur ifg.gr<br \/>\nLes retransmissions ont lieu dans le cadre du partenariat de l\u2019Institut fran\u00e7ais de Gr\u00e8ce avec le <a href=\"https:\/\/diavlos.grnet.gr\/en\" target=\"_blank\" rel=\"noopener\">service DIAVLOS<\/a> de GRNET<\/li>\n<\/ul>\n","protected":false},"excerpt":{"rendered":"<p>Dans le cadre du Novembre Num\u00e9rique, un panel d\u2019intervenants fran\u00e7ais et grecs discute sur l\u2019enseignement en ligne.<\/p>\n","protected":false},"author":1,"featured_media":36632,"template":"","tags":[],"event_category":[],"event_group":[880],"class_list":["post-36639","event","type-event","status-publish","has-post-thumbnail","hentry","event_group-novembre-numerique"],"acf":{"sponsors_default":false,"featured_image_credits":"","info_title":"INFORMATIONS RELATIVES \u00c0 L\u2019ENTR\u00c9E \u00c0 L\u2019INSTITUT FRAN\u00c7AIS DE GR\u00c8CE","info_text":"<p>Conform\u00e9ment aux instructions des autorit\u00e9s grecques, seuls les d\u00e9tenteurs d\u2019un certificat de vaccination, d\u2019un rapid-test de moins de 48 heures ou d\u2019un certificat de maladie seront autoris\u00e9s \u00e0 entrer \u00e0 l\u2019IFG, dans la limite des 180 places assises autoris\u00e9es par la jauge gouvernementale.<\/p>\n<p>L\u2019entr\u00e9e \u00e0 l\u2019IFG est soumise \u00e0 la pr\u00e9sentation d\u2019une pi\u00e8ce d\u2019identit\u00e9 ou d\u2019un passeport ainsi qu\u2019\u00e0 un contr\u00f4le des sacs et peut \u00eatre conditionn\u00e9e \u00e0 une prise de temp\u00e9rature.<\/p>\n<p>Le port du masque est obligatoire dans tous les espaces de l\u2019Institut fran\u00e7ais de Gr\u00e8ce et pendant toute la dur\u00e9e des manifestations.<\/p>\n<p>L\u2019Institut fran\u00e7ais de Gr\u00e8ce applique de mani\u00e8re m\u00e9ticuleuse les mesures de protection et de distanciation physique conform\u00e9ment aux r\u00e8gles de l\u2019Organisme national grec de sant\u00e9 publique (EODY).<\/p>\n","date_range":{"start":"11\/11\/2021","end":"","cancelled":false,"note":"","start_time":"19:00","end_time":"20:30"},"details":{"location":"<p>Auditorium Theo Angelopoulos<\/p>\n","hyperlink1a":{"text":"","link":""},"price":"Entr\u00e9e libre, dans le respect des mesures sanitaires en vigueur ","hyperlink2a":{"text":"","link":""},"online_event":false,"live_streaming":true,"live_streaming_code":"<iframe allowfullscreen width=\"640\" height=\"390\" class=\"flowplayer fp-slim fp-edgy\" frameborder=\"0\" scrolling=\"no\" src=\"https:\/\/diavlos.grnet.gr\/en\/room\/3184?eventid=10321&stream_lang=fr&embed=true&width=640\"><\/iframe>","facebook_url":"https:\/\/www.facebook.com\/events\/1046561179452340\/","hyperlink":{"text":"","link":""},"hyperlink2":{"text":"","link":""},"hyperlink3":{"text":"","link":""},"press_release":false},"home_slider_image":false,"sponsors_group":false,"layout":false},"yoast_head":"<!-- This site is optimized with the Yoast SEO plugin v26.8 - https:\/\/yoast.com\/product\/yoast-seo-wordpress\/ -->\n<title>Table Ronde : \u00ab Les enjeux de la digitalisation dans l\u2019\u00e9ducation \u00bb<\/title>\n<meta name=\"description\" content=\"Dans le cadre de l\u2019\u00e9dition 2021 du Novembre Num\u00e9rique, un panel d\u2019intervenants fran\u00e7ais et grecs discute sur l\u2019enseignement en ligne.\" \/>\n<meta name=\"robots\" content=\"index, follow, max-snippet:-1, max-image-preview:large, max-video-preview:-1\" \/>\n<link rel=\"canonical\" href=\"https:\/\/www.ifg.gr\/events\/strongylo-trapezi-prokliseis-psifiopoiisis-ekpaidefsi\/\" \/>\n<meta property=\"og:locale\" content=\"fr_FR\" \/>\n<meta property=\"og:type\" content=\"article\" \/>\n<meta property=\"og:title\" content=\"Table Ronde : \u00ab Les enjeux de la digitalisation dans l\u2019\u00e9ducation \u00bb\" \/>\n<meta property=\"og:description\" content=\"Dans le cadre de l\u2019\u00e9dition 2021 du Novembre Num\u00e9rique, un panel d\u2019intervenants fran\u00e7ais et grecs discute sur l\u2019enseignement en ligne.\" \/>\n<meta property=\"og:url\" content=\"https:\/\/www.ifg.gr\/events\/strongylo-trapezi-prokliseis-psifiopoiisis-ekpaidefsi\/\" \/>\n<meta property=\"og:site_name\" content=\"IFG\" \/>\n<meta property=\"article:modified_time\" content=\"2021-11-15T16:41:48+00:00\" \/>\n<meta property=\"og:image\" content=\"https:\/\/www.ifg.gr\/wp-content\/uploads\/2021\/11\/NN21_1200x800_Les-enjeux-de-la-digitalisation_education.jpg\" \/>\n\t<meta property=\"og:image:width\" content=\"1200\" \/>\n\t<meta property=\"og:image:height\" content=\"800\" \/>\n\t<meta property=\"og:image:type\" content=\"image\/jpeg\" \/>\n<meta name=\"twitter:card\" content=\"summary_large_image\" \/>\n<meta name=\"twitter:label1\" content=\"Dur\u00e9e de lecture estim\u00e9e\" \/>\n\t<meta name=\"twitter:data1\" content=\"3 minutes\" \/>\n<script type=\"application\/ld+json\" class=\"yoast-schema-graph\">{\"@context\":\"https:\/\/schema.org\",\"@graph\":[{\"@type\":\"WebPage\",\"@id\":\"https:\/\/www.ifg.gr\/events\/strongylo-trapezi-prokliseis-psifiopoiisis-ekpaidefsi\/\",\"url\":\"https:\/\/www.ifg.gr\/events\/strongylo-trapezi-prokliseis-psifiopoiisis-ekpaidefsi\/\",\"name\":\"Table Ronde : \u00ab Les enjeux de la digitalisation dans l\u2019\u00e9ducation \u00bb\",\"isPartOf\":{\"@id\":\"https:\/\/www.ifg.gr\/#website\"},\"primaryImageOfPage\":{\"@id\":\"https:\/\/www.ifg.gr\/events\/strongylo-trapezi-prokliseis-psifiopoiisis-ekpaidefsi\/#primaryimage\"},\"image\":{\"@id\":\"https:\/\/www.ifg.gr\/events\/strongylo-trapezi-prokliseis-psifiopoiisis-ekpaidefsi\/#primaryimage\"},\"thumbnailUrl\":\"https:\/\/www.ifg.gr\/wp-content\/uploads\/2021\/11\/NN21_1200x800_Les-enjeux-de-la-digitalisation_education.jpg\",\"datePublished\":\"2021-11-05T14:43:37+00:00\",\"dateModified\":\"2021-11-15T16:41:48+00:00\",\"description\":\"Dans le cadre de l\u2019\u00e9dition 2021 du Novembre Num\u00e9rique, un panel d\u2019intervenants fran\u00e7ais et grecs discute sur l\u2019enseignement en ligne.\",\"breadcrumb\":{\"@id\":\"https:\/\/www.ifg.gr\/events\/strongylo-trapezi-prokliseis-psifiopoiisis-ekpaidefsi\/#breadcrumb\"},\"inLanguage\":\"fr-FR\",\"potentialAction\":[{\"@type\":\"ReadAction\",\"target\":[\"https:\/\/www.ifg.gr\/events\/strongylo-trapezi-prokliseis-psifiopoiisis-ekpaidefsi\/\"]}]},{\"@type\":\"ImageObject\",\"inLanguage\":\"fr-FR\",\"@id\":\"https:\/\/www.ifg.gr\/events\/strongylo-trapezi-prokliseis-psifiopoiisis-ekpaidefsi\/#primaryimage\",\"url\":\"https:\/\/www.ifg.gr\/wp-content\/uploads\/2021\/11\/NN21_1200x800_Les-enjeux-de-la-digitalisation_education.jpg\",\"contentUrl\":\"https:\/\/www.ifg.gr\/wp-content\/uploads\/2021\/11\/NN21_1200x800_Les-enjeux-de-la-digitalisation_education.jpg\",\"width\":1200,\"height\":800,\"caption\":\"\u039f\u03b9 \u03c0\u03c1\u03bf\u03ba\u03bb\u03ae\u03c3\u03b5\u03b9\u03c2 \u03c4\u03b7\u03c2 \u03c8\u03b7\u03c6\u03b9\u03bf\u03c0\u03bf\u03af\u03b7\u03c3\u03b7\u03c2 \u03c3\u03c4\u03b7\u03bd \u03b5\u03ba\u03c0\u03b1\u03af\u03b4\u03b5\u03c5\u03c3\u03b7\"},{\"@type\":\"BreadcrumbList\",\"@id\":\"https:\/\/www.ifg.gr\/events\/strongylo-trapezi-prokliseis-psifiopoiisis-ekpaidefsi\/#breadcrumb\",\"itemListElement\":[{\"@type\":\"ListItem\",\"position\":1,\"name\":\"Home\",\"item\":\"https:\/\/www.ifg.gr\/fr\/\"},{\"@type\":\"ListItem\",\"position\":2,\"name\":\"Events\",\"item\":\"https:\/\/www.ifg.gr\/events\/\"},{\"@type\":\"ListItem\",\"position\":3,\"name\":\"Table Ronde : \u00ab Les enjeux de la digitalisation dans l\u2019\u00e9ducation \u00bb\"}]},{\"@type\":\"WebSite\",\"@id\":\"https:\/\/www.ifg.gr\/#website\",\"url\":\"https:\/\/www.ifg.gr\/\",\"name\":\"IFG\",\"description\":\"\",\"potentialAction\":[{\"@type\":\"SearchAction\",\"target\":{\"@type\":\"EntryPoint\",\"urlTemplate\":\"https:\/\/www.ifg.gr\/?s={search_term_string}\"},\"query-input\":{\"@type\":\"PropertyValueSpecification\",\"valueRequired\":true,\"valueName\":\"search_term_string\"}}],\"inLanguage\":\"fr-FR\"}]}<\/script>\n<!-- \/ Yoast SEO plugin. -->","yoast_head_json":{"title":"Table Ronde : \u00ab Les enjeux de la digitalisation dans l\u2019\u00e9ducation \u00bb","description":"Dans le cadre de l\u2019\u00e9dition 2021 du Novembre Num\u00e9rique, un panel d\u2019intervenants fran\u00e7ais et grecs discute sur l\u2019enseignement en ligne.","robots":{"index":"index","follow":"follow","max-snippet":"max-snippet:-1","max-image-preview":"max-image-preview:large","max-video-preview":"max-video-preview:-1"},"canonical":"https:\/\/www.ifg.gr\/events\/strongylo-trapezi-prokliseis-psifiopoiisis-ekpaidefsi\/","og_locale":"fr_FR","og_type":"article","og_title":"Table Ronde : \u00ab Les enjeux de la digitalisation dans l\u2019\u00e9ducation \u00bb","og_description":"Dans le cadre de l\u2019\u00e9dition 2021 du Novembre Num\u00e9rique, un panel d\u2019intervenants fran\u00e7ais et grecs discute sur l\u2019enseignement en ligne.","og_url":"https:\/\/www.ifg.gr\/events\/strongylo-trapezi-prokliseis-psifiopoiisis-ekpaidefsi\/","og_site_name":"IFG","article_modified_time":"2021-11-15T16:41:48+00:00","og_image":[{"width":1200,"height":800,"url":"https:\/\/www.ifg.gr\/wp-content\/uploads\/2021\/11\/NN21_1200x800_Les-enjeux-de-la-digitalisation_education.jpg","type":"image\/jpeg"}],"twitter_card":"summary_large_image","twitter_misc":{"Dur\u00e9e de lecture estim\u00e9e":"3 minutes"},"schema":{"@context":"https:\/\/schema.org","@graph":[{"@type":"WebPage","@id":"https:\/\/www.ifg.gr\/events\/strongylo-trapezi-prokliseis-psifiopoiisis-ekpaidefsi\/","url":"https:\/\/www.ifg.gr\/events\/strongylo-trapezi-prokliseis-psifiopoiisis-ekpaidefsi\/","name":"Table Ronde : \u00ab Les enjeux de la digitalisation dans l\u2019\u00e9ducation \u00bb","isPartOf":{"@id":"https:\/\/www.ifg.gr\/#website"},"primaryImageOfPage":{"@id":"https:\/\/www.ifg.gr\/events\/strongylo-trapezi-prokliseis-psifiopoiisis-ekpaidefsi\/#primaryimage"},"image":{"@id":"https:\/\/www.ifg.gr\/events\/strongylo-trapezi-prokliseis-psifiopoiisis-ekpaidefsi\/#primaryimage"},"thumbnailUrl":"https:\/\/www.ifg.gr\/wp-content\/uploads\/2021\/11\/NN21_1200x800_Les-enjeux-de-la-digitalisation_education.jpg","datePublished":"2021-11-05T14:43:37+00:00","dateModified":"2021-11-15T16:41:48+00:00","description":"Dans le cadre de l\u2019\u00e9dition 2021 du Novembre Num\u00e9rique, un panel d\u2019intervenants fran\u00e7ais et grecs discute sur l\u2019enseignement en ligne.","breadcrumb":{"@id":"https:\/\/www.ifg.gr\/events\/strongylo-trapezi-prokliseis-psifiopoiisis-ekpaidefsi\/#breadcrumb"},"inLanguage":"fr-FR","potentialAction":[{"@type":"ReadAction","target":["https:\/\/www.ifg.gr\/events\/strongylo-trapezi-prokliseis-psifiopoiisis-ekpaidefsi\/"]}]},{"@type":"ImageObject","inLanguage":"fr-FR","@id":"https:\/\/www.ifg.gr\/events\/strongylo-trapezi-prokliseis-psifiopoiisis-ekpaidefsi\/#primaryimage","url":"https:\/\/www.ifg.gr\/wp-content\/uploads\/2021\/11\/NN21_1200x800_Les-enjeux-de-la-digitalisation_education.jpg","contentUrl":"https:\/\/www.ifg.gr\/wp-content\/uploads\/2021\/11\/NN21_1200x800_Les-enjeux-de-la-digitalisation_education.jpg","width":1200,"height":800,"caption":"\u039f\u03b9 \u03c0\u03c1\u03bf\u03ba\u03bb\u03ae\u03c3\u03b5\u03b9\u03c2 \u03c4\u03b7\u03c2 \u03c8\u03b7\u03c6\u03b9\u03bf\u03c0\u03bf\u03af\u03b7\u03c3\u03b7\u03c2 \u03c3\u03c4\u03b7\u03bd \u03b5\u03ba\u03c0\u03b1\u03af\u03b4\u03b5\u03c5\u03c3\u03b7"},{"@type":"BreadcrumbList","@id":"https:\/\/www.ifg.gr\/events\/strongylo-trapezi-prokliseis-psifiopoiisis-ekpaidefsi\/#breadcrumb","itemListElement":[{"@type":"ListItem","position":1,"name":"Home","item":"https:\/\/www.ifg.gr\/fr\/"},{"@type":"ListItem","position":2,"name":"Events","item":"https:\/\/www.ifg.gr\/events\/"},{"@type":"ListItem","position":3,"name":"Table Ronde : \u00ab Les enjeux de la digitalisation dans l\u2019\u00e9ducation \u00bb"}]},{"@type":"WebSite","@id":"https:\/\/www.ifg.gr\/#website","url":"https:\/\/www.ifg.gr\/","name":"IFG","description":"","potentialAction":[{"@type":"SearchAction","target":{"@type":"EntryPoint","urlTemplate":"https:\/\/www.ifg.gr\/?s={search_term_string}"},"query-input":{"@type":"PropertyValueSpecification","valueRequired":true,"valueName":"search_term_string"}}],"inLanguage":"fr-FR"}]}},"_links":{"self":[{"href":"https:\/\/www.ifg.gr\/fr\/wp-json\/wp\/v2\/event\/36639","targetHints":{"allow":["GET"]}}],"collection":[{"href":"https:\/\/www.ifg.gr\/fr\/wp-json\/wp\/v2\/event"}],"about":[{"href":"https:\/\/www.ifg.gr\/fr\/wp-json\/wp\/v2\/types\/event"}],"author":[{"embeddable":true,"href":"https:\/\/www.ifg.gr\/fr\/wp-json\/wp\/v2\/users\/1"}],"version-history":[{"count":0,"href":"https:\/\/www.ifg.gr\/fr\/wp-json\/wp\/v2\/event\/36639\/revisions"}],"wp:featuredmedia":[{"embeddable":true,"href":"https:\/\/www.ifg.gr\/fr\/wp-json\/wp\/v2\/media\/36632"}],"wp:attachment":[{"href":"https:\/\/www.ifg.gr\/fr\/wp-json\/wp\/v2\/media?parent=36639"}],"wp:term":[{"taxonomy":"post_tag","embeddable":true,"href":"https:\/\/www.ifg.gr\/fr\/wp-json\/wp\/v2\/tags?post=36639"},{"taxonomy":"event_category","embeddable":true,"href":"https:\/\/www.ifg.gr\/fr\/wp-json\/wp\/v2\/event_category?post=36639"},{"taxonomy":"event_group","embeddable":true,"href":"https:\/\/www.ifg.gr\/fr\/wp-json\/wp\/v2\/event_group?post=36639"}],"curies":[{"name":"wp","href":"https:\/\/api.w.org\/{rel}","templated":true}]}}