{"id":36840,"date":"2021-11-19T13:45:38","date_gmt":"2021-11-19T13:45:38","guid":{"rendered":"https:\/\/www.ifg.gr\/events\/paraskeves-sinema-asimenio-pnevma\/"},"modified":"2021-11-25T22:04:54","modified_gmt":"2021-11-25T22:04:54","slug":"vendredis-cinema-vif-argent","status":"publish","type":"event","link":"https:\/\/www.ifg.gr\/fr\/events\/vendredis-cinema-vif-argent\/","title":{"rendered":"Vendredis Cin\u00e9ma : Vif-Argent"},"content":{"rendered":"<p>Vif-Argent, de St\u00e9phane Batut (104 min. \u2013 2019 \u2013 France)<br \/>\navec Thimot\u00e9e Robart, Judith Chemla, Saadia Benta\u00efeb<\/p>\n<p>Juste erre dans Paris \u00e0 la recherche de personnes qu\u2019il est seul \u00e0 voir. Il recueille leur dernier souvenir avant de les faire passer dans l\u2019autre monde. Un jour, une jeune femme, Agathe, le reconna\u00eet. Elle est vivante, lui est un fant\u00f4me. Comment pourront-ils s\u2019aimer, saisir cette deuxi\u00e8me chance ?<\/p>\n<p><iframe loading=\"lazy\" title=\"Vendredis Cin\u00e9ma : Vif-argent \/ \u0391\u03c3\u03b7\u03bc\u03ad\u03bd\u03b9\u03bf \u03c0\u03bd\u03b5\u03cd\u03bc\u03b1\" width=\"640\" height=\"360\" src=\"https:\/\/www.youtube.com\/embed\/f1oy11pKgVQ?feature=oembed\" frameborder=\"0\" allow=\"accelerometer; autoplay; clipboard-write; encrypted-media; gyroscope; picture-in-picture; web-share\" referrerpolicy=\"strict-origin-when-cross-origin\" allowfullscreen><\/iframe><\/p>\n<p>Chaque deuxi\u00e8me et quatri\u00e8me vendredi du mois, rendez-vous \u00e0 l\u2019Institut fran\u00e7ais de Gr\u00e8ce pour (re)d\u00e9couvrir des p\u00e9pites du cin\u00e9ma francophone.<\/p>\n<p>&nbsp;<\/p>\n","protected":false},"excerpt":{"rendered":"<p>Vif-Argent, de St\u00e9phane Batut (104 min. \u2013 2019 \u2013 France), avec Thimot\u00e9e Robart, Judith Chemla, Saadia Benta\u00efeb<\/p>\n","protected":false},"author":1,"featured_media":36836,"template":"","tags":[1109,1108],"event_category":[874],"event_group":[],"class_list":["post-36840","event","type-event","status-publish","has-post-thumbnail","hentry","tag-paraskeves-sinema-fr","tag-vendredis-cinema","event_category-cinema"],"acf":{"sponsors_default":false,"featured_image_credits":"","info_title":"INFORMATIONS ","info_text":"<p>Selon les directives actuelles des autorit\u00e9s grecques, <strong>seuls les d\u00e9tenteurs d\u2019un certificat de vaccination ou d\u2019un certificat de r\u00e9tablissement<\/strong> de moins de 6 mois sont autoris\u00e9s \u00e0 entrer \u00e0 l\u2019Auditorium Theo Angelopoulos.<\/p>\n<p>Les mineurs de <strong>4 \u00e0 17 ans<\/strong> peuvent entrer sur <strong>attestation d\u2019un self test n\u00e9gatif<\/strong> effectu\u00e9 dans les 24 heures pr\u00e9c\u00e9dant l\u2019\u00e9v\u00e9nement.<\/p>\n<p><strong>Le port du masque est obligatoire<\/strong> dans tous les espaces de l\u2019Institut fran\u00e7ais de Gr\u00e8ce et pendant toute la dur\u00e9e des manifestations.<\/p>\n<p>Pour faciliter le <strong>maintien des distances de s\u00e9curit\u00e9<\/strong>, la jauge de l\u2019Auditorium reste limit\u00e9e, avec seulement un si\u00e8ge sur deux disponible.<\/p>\n<p>Pour entrer dans l\u2019IFG, il est n\u00e9cessaire de pr\u00e9senter une pi\u00e8ce d\u2019identit\u00e9 ou un passeport et de se soumettre au contr\u00f4le de tous les bagages \u00e0 main.<\/p>\n<p>L&rsquo;Institut fran\u00e7ais de Gr\u00e8ce applique de mani\u00e8re m\u00e9ticuleuse les mesures de protection et de distanciation physique conform\u00e9ment aux r\u00e8gles de l&rsquo;Organisme National Grec de Sant\u00e9 Publique (EODY).<\/p>\n","date_range":{"start":"26\/11\/2021","end":"","cancelled":false,"note":"","start_time":"20:00","end_time":""},"details":{"location":"<p>Auditorium Theo Angelopoulos<\/p>\n","hyperlink1a":{"text":"","link":""},"price":"plein tarif 6\u20ac \/ tarif r\u00e9duit 4\u20ac","hyperlink2a":{"text":"R\u00e9servez vos places","link":"https:\/\/www.eventbrite.com\/e\/188451843537"},"online_event":false,"live_streaming":false,"live_streaming_code":"","facebook_url":"https:\/\/www.facebook.com\/events\/1174705643056139","hyperlink":{"text":"","link":""},"hyperlink2":{"text":"","link":""},"hyperlink3":{"text":"","link":""},"press_release":false},"home_slider_image":{"ID":36838,"id":36838,"title":"VENDREDICINE_1300x768_Vif_Argent","filename":"VENDREDICINE_1300x768_Vif_Argent.jpg","filesize":985762,"url":"https:\/\/www.ifg.gr\/wp-content\/uploads\/2021\/11\/VENDREDICINE_1300x768_Vif_Argent.jpg","link":"https:\/\/www.ifg.gr\/fr\/events\/vendredis-cinema-vif-argent\/vendredicine_1300x768_vif_argent-2\/","alt":"\u0391\u03c3\u03b7\u03bc\u03ad\u03bd\u03b9\u03bf \u03c0\u03bd\u03b5\u03cd\u03bc\u03b1","author":"1","description":"\u0391\u03c3\u03b7\u03bc\u03ad\u03bd\u03b9\u03bf \u03c0\u03bd\u03b5\u03cd\u03bc\u03b1","caption":"\u0391\u03c3\u03b7\u03bc\u03ad\u03bd\u03b9\u03bf \u03c0\u03bd\u03b5\u03cd\u03bc\u03b1","name":"vendredicine_1300x768_vif_argent-2","status":"inherit","uploaded_to":36840,"date":"2021-11-19 13:44:59","modified":"2021-11-19 13:45:04","menu_order":0,"mime_type":"image\/jpeg","type":"image","subtype":"jpeg","icon":"https:\/\/www.ifg.gr\/wp-includes\/images\/media\/default.png","width":1300,"height":768,"sizes":{"thumbnail":"https:\/\/www.ifg.gr\/wp-content\/uploads\/2021\/11\/VENDREDICINE_1300x768_Vif_Argent.jpg","thumbnail-width":150,"thumbnail-height":89,"medium":"https:\/\/www.ifg.gr\/wp-content\/uploads\/2021\/11\/VENDREDICINE_1300x768_Vif_Argent.jpg","medium-width":300,"medium-height":177,"medium_large":"https:\/\/www.ifg.gr\/wp-content\/uploads\/2021\/11\/VENDREDICINE_1300x768_Vif_Argent-768x454.jpg","medium_large-width":640,"medium_large-height":378,"large":"https:\/\/www.ifg.gr\/wp-content\/uploads\/2021\/11\/VENDREDICINE_1300x768_Vif_Argent.jpg","large-width":640,"large-height":378,"1536x1536":"https:\/\/www.ifg.gr\/wp-content\/uploads\/2021\/11\/VENDREDICINE_1300x768_Vif_Argent.jpg","1536x1536-width":1300,"1536x1536-height":768,"2048x2048":"https:\/\/www.ifg.gr\/wp-content\/uploads\/2021\/11\/VENDREDICINE_1300x768_Vif_Argent.jpg","2048x2048-width":1300,"2048x2048-height":768,"full-width":"https:\/\/www.ifg.gr\/wp-content\/uploads\/2021\/11\/VENDREDICINE_1300x768_Vif_Argent.jpg","full-width-width":1300,"full-width-height":768,"sidebar":"https:\/\/www.ifg.gr\/wp-content\/uploads\/2021\/11\/VENDREDICINE_1300x768_Vif_Argent.jpg","sidebar-width":1300,"sidebar-height":768,"thumb-sm":"https:\/\/www.ifg.gr\/wp-content\/uploads\/2021\/11\/VENDREDICINE_1300x768_Vif_Argent-220x130.jpg","thumb-sm-width":220,"thumb-sm-height":130,"thumb-square":"https:\/\/www.ifg.gr\/wp-content\/uploads\/2021\/11\/VENDREDICINE_1300x768_Vif_Argent-300x300.jpg","thumb-square-width":300,"thumb-square-height":300,"thumb-big":"https:\/\/www.ifg.gr\/wp-content\/uploads\/2021\/11\/VENDREDICINE_1300x768_Vif_Argent-600x400.jpg","thumb-big-width":600,"thumb-big-height":400,"slider-big":"https:\/\/www.ifg.gr\/wp-content\/uploads\/2021\/11\/VENDREDICINE_1300x768_Vif_Argent.jpg","slider-big-width":1300,"slider-big-height":768}},"sponsors_group":false,"layout":false},"yoast_head":"<!-- This site is optimized with the Yoast SEO plugin v26.8 - https:\/\/yoast.com\/product\/yoast-seo-wordpress\/ -->\n<title>Vendredis Cin\u00e9ma : Vif-Argent, de St\u00e9phane Batut<\/title>\n<meta name=\"description\" content=\"Vif-Argent, de St\u00e9phane Batut (104 min. \u2013 2019 \u2013 France), avec Thimot\u00e9e Robart, Judith Chemla, Saadia Benta\u00efeb\" \/>\n<meta name=\"robots\" content=\"index, follow, max-snippet:-1, max-image-preview:large, max-video-preview:-1\" \/>\n<link rel=\"canonical\" href=\"https:\/\/www.ifg.gr\/events\/paraskeves-sinema-asimenio-pnevma\/\" \/>\n<meta property=\"og:locale\" content=\"fr_FR\" \/>\n<meta property=\"og:type\" content=\"article\" \/>\n<meta property=\"og:title\" content=\"Vendredis Cin\u00e9ma : Vif-Argent, de St\u00e9phane Batut\" \/>\n<meta property=\"og:description\" content=\"Vif-Argent, de St\u00e9phane Batut (104 min. \u2013 2019 \u2013 France), avec Thimot\u00e9e Robart, Judith Chemla, Saadia Benta\u00efeb\" \/>\n<meta property=\"og:url\" content=\"https:\/\/www.ifg.gr\/events\/paraskeves-sinema-asimenio-pnevma\/\" \/>\n<meta property=\"og:site_name\" content=\"IFG\" \/>\n<meta property=\"article:modified_time\" content=\"2021-11-25T22:04:54+00:00\" \/>\n<meta property=\"og:image\" content=\"https:\/\/www.ifg.gr\/wp-content\/uploads\/2021\/11\/VENDREDICINE_1200X800_Vif_Argent.jpg\" \/>\n\t<meta property=\"og:image:width\" content=\"1200\" \/>\n\t<meta property=\"og:image:height\" content=\"800\" \/>\n\t<meta property=\"og:image:type\" content=\"image\/jpeg\" \/>\n<meta name=\"twitter:card\" content=\"summary_large_image\" \/>\n<meta name=\"twitter:label1\" content=\"Dur\u00e9e de lecture estim\u00e9e\" \/>\n\t<meta name=\"twitter:data1\" content=\"1 minute\" \/>\n<script type=\"application\/ld+json\" class=\"yoast-schema-graph\">{\"@context\":\"https:\/\/schema.org\",\"@graph\":[{\"@type\":\"WebPage\",\"@id\":\"https:\/\/www.ifg.gr\/events\/paraskeves-sinema-asimenio-pnevma\/\",\"url\":\"https:\/\/www.ifg.gr\/events\/paraskeves-sinema-asimenio-pnevma\/\",\"name\":\"Vendredis Cin\u00e9ma : Vif-Argent, de St\u00e9phane Batut\",\"isPartOf\":{\"@id\":\"https:\/\/www.ifg.gr\/#website\"},\"primaryImageOfPage\":{\"@id\":\"https:\/\/www.ifg.gr\/events\/paraskeves-sinema-asimenio-pnevma\/#primaryimage\"},\"image\":{\"@id\":\"https:\/\/www.ifg.gr\/events\/paraskeves-sinema-asimenio-pnevma\/#primaryimage\"},\"thumbnailUrl\":\"https:\/\/www.ifg.gr\/wp-content\/uploads\/2021\/11\/VENDREDICINE_1200X800_Vif_Argent.jpg\",\"datePublished\":\"2021-11-19T13:45:38+00:00\",\"dateModified\":\"2021-11-25T22:04:54+00:00\",\"description\":\"Vif-Argent, de St\u00e9phane Batut (104 min. \u2013 2019 \u2013 France), avec Thimot\u00e9e Robart, Judith Chemla, Saadia Benta\u00efeb\",\"breadcrumb\":{\"@id\":\"https:\/\/www.ifg.gr\/events\/paraskeves-sinema-asimenio-pnevma\/#breadcrumb\"},\"inLanguage\":\"fr-FR\",\"potentialAction\":[{\"@type\":\"ReadAction\",\"target\":[\"https:\/\/www.ifg.gr\/events\/paraskeves-sinema-asimenio-pnevma\/\"]}]},{\"@type\":\"ImageObject\",\"inLanguage\":\"fr-FR\",\"@id\":\"https:\/\/www.ifg.gr\/events\/paraskeves-sinema-asimenio-pnevma\/#primaryimage\",\"url\":\"https:\/\/www.ifg.gr\/wp-content\/uploads\/2021\/11\/VENDREDICINE_1200X800_Vif_Argent.jpg\",\"contentUrl\":\"https:\/\/www.ifg.gr\/wp-content\/uploads\/2021\/11\/VENDREDICINE_1200X800_Vif_Argent.jpg\",\"width\":1200,\"height\":800,\"caption\":\"\u0391\u03c3\u03b7\u03bc\u03ad\u03bd\u03b9\u03bf \u03c0\u03bd\u03b5\u03cd\u03bc\u03b1\"},{\"@type\":\"BreadcrumbList\",\"@id\":\"https:\/\/www.ifg.gr\/events\/paraskeves-sinema-asimenio-pnevma\/#breadcrumb\",\"itemListElement\":[{\"@type\":\"ListItem\",\"position\":1,\"name\":\"Home\",\"item\":\"https:\/\/www.ifg.gr\/fr\/\"},{\"@type\":\"ListItem\",\"position\":2,\"name\":\"Events\",\"item\":\"https:\/\/www.ifg.gr\/events\/\"},{\"@type\":\"ListItem\",\"position\":3,\"name\":\"Vendredis Cin\u00e9ma : Vif-Argent\"}]},{\"@type\":\"WebSite\",\"@id\":\"https:\/\/www.ifg.gr\/#website\",\"url\":\"https:\/\/www.ifg.gr\/\",\"name\":\"IFG\",\"description\":\"\",\"potentialAction\":[{\"@type\":\"SearchAction\",\"target\":{\"@type\":\"EntryPoint\",\"urlTemplate\":\"https:\/\/www.ifg.gr\/?s={search_term_string}\"},\"query-input\":{\"@type\":\"PropertyValueSpecification\",\"valueRequired\":true,\"valueName\":\"search_term_string\"}}],\"inLanguage\":\"fr-FR\"}]}<\/script>\n<!-- \/ Yoast SEO plugin. -->","yoast_head_json":{"title":"Vendredis Cin\u00e9ma : Vif-Argent, de St\u00e9phane Batut","description":"Vif-Argent, de St\u00e9phane Batut (104 min. \u2013 2019 \u2013 France), avec Thimot\u00e9e Robart, Judith Chemla, Saadia Benta\u00efeb","robots":{"index":"index","follow":"follow","max-snippet":"max-snippet:-1","max-image-preview":"max-image-preview:large","max-video-preview":"max-video-preview:-1"},"canonical":"https:\/\/www.ifg.gr\/events\/paraskeves-sinema-asimenio-pnevma\/","og_locale":"fr_FR","og_type":"article","og_title":"Vendredis Cin\u00e9ma : Vif-Argent, de St\u00e9phane Batut","og_description":"Vif-Argent, de St\u00e9phane Batut (104 min. \u2013 2019 \u2013 France), avec Thimot\u00e9e Robart, Judith Chemla, Saadia Benta\u00efeb","og_url":"https:\/\/www.ifg.gr\/events\/paraskeves-sinema-asimenio-pnevma\/","og_site_name":"IFG","article_modified_time":"2021-11-25T22:04:54+00:00","og_image":[{"width":1200,"height":800,"url":"https:\/\/www.ifg.gr\/wp-content\/uploads\/2021\/11\/VENDREDICINE_1200X800_Vif_Argent.jpg","type":"image\/jpeg"}],"twitter_card":"summary_large_image","twitter_misc":{"Dur\u00e9e de lecture estim\u00e9e":"1 minute"},"schema":{"@context":"https:\/\/schema.org","@graph":[{"@type":"WebPage","@id":"https:\/\/www.ifg.gr\/events\/paraskeves-sinema-asimenio-pnevma\/","url":"https:\/\/www.ifg.gr\/events\/paraskeves-sinema-asimenio-pnevma\/","name":"Vendredis Cin\u00e9ma : Vif-Argent, de St\u00e9phane Batut","isPartOf":{"@id":"https:\/\/www.ifg.gr\/#website"},"primaryImageOfPage":{"@id":"https:\/\/www.ifg.gr\/events\/paraskeves-sinema-asimenio-pnevma\/#primaryimage"},"image":{"@id":"https:\/\/www.ifg.gr\/events\/paraskeves-sinema-asimenio-pnevma\/#primaryimage"},"thumbnailUrl":"https:\/\/www.ifg.gr\/wp-content\/uploads\/2021\/11\/VENDREDICINE_1200X800_Vif_Argent.jpg","datePublished":"2021-11-19T13:45:38+00:00","dateModified":"2021-11-25T22:04:54+00:00","description":"Vif-Argent, de St\u00e9phane Batut (104 min. \u2013 2019 \u2013 France), avec Thimot\u00e9e Robart, Judith Chemla, Saadia Benta\u00efeb","breadcrumb":{"@id":"https:\/\/www.ifg.gr\/events\/paraskeves-sinema-asimenio-pnevma\/#breadcrumb"},"inLanguage":"fr-FR","potentialAction":[{"@type":"ReadAction","target":["https:\/\/www.ifg.gr\/events\/paraskeves-sinema-asimenio-pnevma\/"]}]},{"@type":"ImageObject","inLanguage":"fr-FR","@id":"https:\/\/www.ifg.gr\/events\/paraskeves-sinema-asimenio-pnevma\/#primaryimage","url":"https:\/\/www.ifg.gr\/wp-content\/uploads\/2021\/11\/VENDREDICINE_1200X800_Vif_Argent.jpg","contentUrl":"https:\/\/www.ifg.gr\/wp-content\/uploads\/2021\/11\/VENDREDICINE_1200X800_Vif_Argent.jpg","width":1200,"height":800,"caption":"\u0391\u03c3\u03b7\u03bc\u03ad\u03bd\u03b9\u03bf \u03c0\u03bd\u03b5\u03cd\u03bc\u03b1"},{"@type":"BreadcrumbList","@id":"https:\/\/www.ifg.gr\/events\/paraskeves-sinema-asimenio-pnevma\/#breadcrumb","itemListElement":[{"@type":"ListItem","position":1,"name":"Home","item":"https:\/\/www.ifg.gr\/fr\/"},{"@type":"ListItem","position":2,"name":"Events","item":"https:\/\/www.ifg.gr\/events\/"},{"@type":"ListItem","position":3,"name":"Vendredis Cin\u00e9ma : Vif-Argent"}]},{"@type":"WebSite","@id":"https:\/\/www.ifg.gr\/#website","url":"https:\/\/www.ifg.gr\/","name":"IFG","description":"","potentialAction":[{"@type":"SearchAction","target":{"@type":"EntryPoint","urlTemplate":"https:\/\/www.ifg.gr\/?s={search_term_string}"},"query-input":{"@type":"PropertyValueSpecification","valueRequired":true,"valueName":"search_term_string"}}],"inLanguage":"fr-FR"}]}},"_links":{"self":[{"href":"https:\/\/www.ifg.gr\/fr\/wp-json\/wp\/v2\/event\/36840","targetHints":{"allow":["GET"]}}],"collection":[{"href":"https:\/\/www.ifg.gr\/fr\/wp-json\/wp\/v2\/event"}],"about":[{"href":"https:\/\/www.ifg.gr\/fr\/wp-json\/wp\/v2\/types\/event"}],"author":[{"embeddable":true,"href":"https:\/\/www.ifg.gr\/fr\/wp-json\/wp\/v2\/users\/1"}],"version-history":[{"count":0,"href":"https:\/\/www.ifg.gr\/fr\/wp-json\/wp\/v2\/event\/36840\/revisions"}],"wp:featuredmedia":[{"embeddable":true,"href":"https:\/\/www.ifg.gr\/fr\/wp-json\/wp\/v2\/media\/36836"}],"wp:attachment":[{"href":"https:\/\/www.ifg.gr\/fr\/wp-json\/wp\/v2\/media?parent=36840"}],"wp:term":[{"taxonomy":"post_tag","embeddable":true,"href":"https:\/\/www.ifg.gr\/fr\/wp-json\/wp\/v2\/tags?post=36840"},{"taxonomy":"event_category","embeddable":true,"href":"https:\/\/www.ifg.gr\/fr\/wp-json\/wp\/v2\/event_category?post=36840"},{"taxonomy":"event_group","embeddable":true,"href":"https:\/\/www.ifg.gr\/fr\/wp-json\/wp\/v2\/event_group?post=36840"}],"curies":[{"name":"wp","href":"https:\/\/api.w.org\/{rel}","templated":true}]}}