{"id":36900,"date":"2021-11-23T14:31:43","date_gmt":"2021-11-23T14:31:43","guid":{"rendered":"https:\/\/www.ifg.gr\/events\/strongyli-trapeza-i-psifiaki-metavasi-stis-kinimatografikes-agores-pros-ena-yvridiko-montelo\/"},"modified":"2021-11-30T13:22:27","modified_gmt":"2021-11-30T13:22:27","slug":"table-ronde-le-virage-numerique-des-marches-du-film-vers-un-modele-hybride","status":"publish","type":"event","link":"https:\/\/www.ifg.gr\/fr\/events\/table-ronde-le-virage-numerique-des-marches-du-film-vers-un-modele-hybride\/","title":{"rendered":"Table ronde : \u00ab Le virage num\u00e9rique des march\u00e9s du film : vers un mod\u00e8le hybride ? \u00bb"},"content":{"rendered":"<p>Le monde du cin\u00e9ma n\u2019a pas \u00e9chapp\u00e9 aux bouleversements de la pand\u00e9mie. Les grands march\u00e9s internationaux du film, et les rendez-vous r\u00e9gionaux &#8211; o\u00f9 cr\u00e9ateurs, producteurs, distributeurs, vendeurs et institutions se c\u00f4toient &#8211; ont eux aussi d\u00fb s\u2019adapter aux restrictions impos\u00e9es par la pand\u00e9mie. Quelles le\u00e7ons les organisateurs et participants de ces march\u00e9s tirent-ils apr\u00e8s deux ann\u00e9es en distanciel ou en mode hybride ?<\/p>\n<p>Dans le cadre de l\u2019\u00e9dition 2021 du <a href=\"https:\/\/www.ifg.gr\/fr\/events\/novembre-numerique-2021\/\" target=\"_blank\" rel=\"noopener\">Novembre Num\u00e9rique<\/a>, l\u2019Institut fran\u00e7ais de Gr\u00e8ce invite les dirigeants des plus grands march\u00e9s cin\u00e9matographiques de France et de Gr\u00e8ce \u00e0 discuter sur le futur de leur m\u00e9tier.<\/p>\n<h3>Les intervenants :<\/h3>\n<ul>\n<li><strong>Guillaume Esmiol<\/strong>, Co-Directeur du March\u00e9 du Film de Cannes<\/li>\n<li><strong>V\u00e9ronique Encrenaz<\/strong>, Responsable du Mifa du Festival d\u2019Annecy<\/li>\n<li><strong>Elise Jalladeau<\/strong>, Directrice G\u00e9n\u00e9rale du Festival International de Thessalonique<\/li>\n<li><strong>Yanna Sarri,<\/strong> Responsable de l\u2019Agora du Festival International de Thessalonique<\/li>\n<li><strong>Maria Anestopoulou<\/strong>, Directrice G\u00e9n\u00e9rale d\u2019Animasyros<\/li>\n<li><strong>Marineta Kritikou<\/strong>, Responsable de l\u2019Agora d\u2019Animasyros<\/li>\n<\/ul>\n<p>&nbsp;<\/p>\n<h3>Informations :<\/h3>\n<ul>\n<li><strong>Traduction simultan\u00e9e<\/strong> grec\/fran\u00e7ais<\/li>\n<li>La discussion sera \u00e9galement <strong>diffus\u00e9e en ligne<\/strong> sur <a href=\"https:\/\/www.facebook.com\/institutfrancaisdegrece\" target=\"_blank\" rel=\"noopener\">Facebook<\/a> et sur <a href=\"https:\/\/www.ifg.gr\/fr\/diffusion-en-direct\/\" target=\"_blank\" rel=\"noopener\">ifg.gr<\/a><br \/>\nLes retransmissions ont lieu dans le cadre du partenariat de l\u2019Institut fran\u00e7ais de Gr\u00e8ce avec le <a href=\"https:\/\/diavlos.grnet.gr\/en\" target=\"_blank\" rel=\"noopener\">service DIAVLOS<\/a> de GRNET<\/li>\n<\/ul>\n","protected":false},"excerpt":{"rendered":"<p>Dirigeants des plus grands march\u00e9s cin\u00e9matographiques de France et de Gr\u00e8ce, discutent sur le futur de leur m\u00e9tier.<\/p>\n","protected":false},"author":1,"featured_media":36891,"template":"","tags":[],"event_category":[874],"event_group":[880],"class_list":["post-36900","event","type-event","status-publish","has-post-thumbnail","hentry","event_category-cinema","event_group-novembre-numerique"],"acf":{"sponsors_default":false,"featured_image_credits":"","info_title":"INFORMATIONS RELATIVES \u00c0 L\u2019ENTR\u00c9E \u00c0 L\u2019INSTITUT FRAN\u00c7AIS DE GR\u00c8CE","info_text":"<p>Selon les directives actuelles des autorit\u00e9s grecques, <strong>seuls les d\u00e9tenteurs d\u2019un certificat de vaccination ou d\u2019un certificat de r\u00e9tablissement<\/strong> de moins de 6 mois sont autoris\u00e9s \u00e0 entrer \u00e0 l\u2019Auditorium Theo Angelopoulos.<\/p>\n<p>Les mineurs de <strong>4 \u00e0 17 ans<\/strong> peuvent entrer sur <strong>attestation d\u2019un self test n\u00e9gatif<\/strong> effectu\u00e9 dans les 24 heures pr\u00e9c\u00e9dant l\u2019\u00e9v\u00e9nement.<\/p>\n<p><strong>Le port du masque est obligatoire<\/strong> dans tous les espaces de l\u2019Institut fran\u00e7ais de Gr\u00e8ce et pendant toute la dur\u00e9e des manifestations.<\/p>\n<p>Pour faciliter le <strong>maintien des distances de s\u00e9curit\u00e9<\/strong>, la jauge de l\u2019Auditorium reste limit\u00e9e, avec seulement un si\u00e8ge sur deux disponible.<\/p>\n<p>Pour entrer dans l\u2019IFG, il est n\u00e9cessaire de pr\u00e9senter une pi\u00e8ce d\u2019identit\u00e9 ou un passeport et de se soumettre au contr\u00f4le de tous les bagages \u00e0 main.<\/p>\n<p>L&rsquo;Institut fran\u00e7ais de Gr\u00e8ce applique de mani\u00e8re m\u00e9ticuleuse les mesures de protection et de distanciation physique conform\u00e9ment aux r\u00e8gles de l&rsquo;Organisme National Grec de Sant\u00e9 Publique (EODY).<\/p>\n","date_range":{"start":"30\/11\/2021","end":"","cancelled":false,"note":"","start_time":"19:30","end_time":""},"details":{"location":"<p>Auditorium Theo Angelopoulos<\/p>\n","hyperlink1a":{"text":"","link":""},"price":"Entr\u00e9e libre","hyperlink2a":{"text":"","link":""},"online_event":false,"live_streaming":true,"live_streaming_code":"<iframe allowfullscreen width=\"640\" height=\"390\" class=\"flowplayer fp-slim fp-edgy\" frameborder=\"0\" scrolling=\"no\" src=\"https:\/\/diavlos.grnet.gr\/en\/room\/3184?eventid=10511&stream_lang=fr&embed=true&width=640\"><\/iframe>","facebook_url":"https:\/\/www.facebook.com\/events\/878990552772941","hyperlink":{"text":"","link":""},"hyperlink2":{"text":"","link":""},"hyperlink3":{"text":"","link":""},"press_release":false},"home_slider_image":{"ID":36893,"id":36893,"title":"NN21_1300x768_Virage numerique des festivals de ilm","filename":"NN21_1300x768_Virage-numerique-des-festivals-de-ilm.jpg","filesize":365380,"url":"https:\/\/www.ifg.gr\/wp-content\/uploads\/2021\/11\/NN21_1300x768_Virage-numerique-des-festivals-de-ilm.jpg","link":"https:\/\/www.ifg.gr\/fr\/events\/table-ronde-le-virage-numerique-des-marches-du-film-vers-un-modele-hybride\/nn21_1300x768_virage-numerique-des-festivals-de-ilm-2\/","alt":"\u0397 \u03c8\u03b7\u03c6\u03b9\u03b1\u03ba\u03ae \u03bc\u03b5\u03c4\u03ac\u03b2\u03b1\u03c3\u03b7 \u03c3\u03c4\u03b9\u03c2 \u03ba\u03b9\u03bd\u03b7\u03bc\u03b1\u03c4\u03bf\u03b3\u03c1\u03b1\u03c6\u03b9\u03ba\u03ad\u03c2 \u03b1\u03b3\u03bf\u03c1\u03ad\u03c2: \u03c0\u03c1\u03bf\u03c2 \u03ad\u03bd\u03b1 \u03c5\u03b2\u03c1\u03b9\u03b4\u03b9\u03ba\u03cc \u03bc\u03bf\u03bd\u03c4\u03ad\u03bb\u03bf;","author":"1","description":"\u0397 \u03c8\u03b7\u03c6\u03b9\u03b1\u03ba\u03ae \u03bc\u03b5\u03c4\u03ac\u03b2\u03b1\u03c3\u03b7 \u03c3\u03c4\u03b9\u03c2 \u03ba\u03b9\u03bd\u03b7\u03bc\u03b1\u03c4\u03bf\u03b3\u03c1\u03b1\u03c6\u03b9\u03ba\u03ad\u03c2 \u03b1\u03b3\u03bf\u03c1\u03ad\u03c2: \u03c0\u03c1\u03bf\u03c2 \u03ad\u03bd\u03b1 \u03c5\u03b2\u03c1\u03b9\u03b4\u03b9\u03ba\u03cc \u03bc\u03bf\u03bd\u03c4\u03ad\u03bb\u03bf;","caption":"","name":"nn21_1300x768_virage-numerique-des-festivals-de-ilm-2","status":"inherit","uploaded_to":36900,"date":"2021-11-23 14:20:38","modified":"2021-11-23 14:20:42","menu_order":0,"mime_type":"image\/jpeg","type":"image","subtype":"jpeg","icon":"https:\/\/www.ifg.gr\/wp-includes\/images\/media\/default.png","width":1300,"height":768,"sizes":{"thumbnail":"https:\/\/www.ifg.gr\/wp-content\/uploads\/2021\/11\/NN21_1300x768_Virage-numerique-des-festivals-de-ilm.jpg","thumbnail-width":150,"thumbnail-height":89,"medium":"https:\/\/www.ifg.gr\/wp-content\/uploads\/2021\/11\/NN21_1300x768_Virage-numerique-des-festivals-de-ilm.jpg","medium-width":300,"medium-height":177,"medium_large":"https:\/\/www.ifg.gr\/wp-content\/uploads\/2021\/11\/NN21_1300x768_Virage-numerique-des-festivals-de-ilm-768x454.jpg","medium_large-width":640,"medium_large-height":378,"large":"https:\/\/www.ifg.gr\/wp-content\/uploads\/2021\/11\/NN21_1300x768_Virage-numerique-des-festivals-de-ilm.jpg","large-width":640,"large-height":378,"1536x1536":"https:\/\/www.ifg.gr\/wp-content\/uploads\/2021\/11\/NN21_1300x768_Virage-numerique-des-festivals-de-ilm.jpg","1536x1536-width":1300,"1536x1536-height":768,"2048x2048":"https:\/\/www.ifg.gr\/wp-content\/uploads\/2021\/11\/NN21_1300x768_Virage-numerique-des-festivals-de-ilm.jpg","2048x2048-width":1300,"2048x2048-height":768,"full-width":"https:\/\/www.ifg.gr\/wp-content\/uploads\/2021\/11\/NN21_1300x768_Virage-numerique-des-festivals-de-ilm.jpg","full-width-width":1300,"full-width-height":768,"sidebar":"https:\/\/www.ifg.gr\/wp-content\/uploads\/2021\/11\/NN21_1300x768_Virage-numerique-des-festivals-de-ilm.jpg","sidebar-width":1300,"sidebar-height":768,"thumb-sm":"https:\/\/www.ifg.gr\/wp-content\/uploads\/2021\/11\/NN21_1300x768_Virage-numerique-des-festivals-de-ilm-220x130.jpg","thumb-sm-width":220,"thumb-sm-height":130,"thumb-square":"https:\/\/www.ifg.gr\/wp-content\/uploads\/2021\/11\/NN21_1300x768_Virage-numerique-des-festivals-de-ilm-300x300.jpg","thumb-square-width":300,"thumb-square-height":300,"thumb-big":"https:\/\/www.ifg.gr\/wp-content\/uploads\/2021\/11\/NN21_1300x768_Virage-numerique-des-festivals-de-ilm-600x400.jpg","thumb-big-width":600,"thumb-big-height":400,"slider-big":"https:\/\/www.ifg.gr\/wp-content\/uploads\/2021\/11\/NN21_1300x768_Virage-numerique-des-festivals-de-ilm.jpg","slider-big-width":1300,"slider-big-height":768}},"sponsors_group":false,"layout":false},"yoast_head":"<!-- This site is optimized with the Yoast SEO plugin v26.8 - https:\/\/yoast.com\/product\/yoast-seo-wordpress\/ -->\n<title>Le virage num\u00e9rique des march\u00e9s du film : vers un mod\u00e8le hybride ?<\/title>\n<meta name=\"description\" content=\"Novembre Num\u00e9rique: dirigeants des plus grands march\u00e9s cin\u00e9matographiques de France et de Gr\u00e8ce, discutent sur le futur de leur m\u00e9tier.\" \/>\n<meta name=\"robots\" content=\"index, follow, max-snippet:-1, max-image-preview:large, max-video-preview:-1\" \/>\n<link rel=\"canonical\" href=\"https:\/\/www.ifg.gr\/events\/strongyli-trapeza-i-psifiaki-metavasi-stis-kinimatografikes-agores-pros-ena-yvridiko-montelo\/\" \/>\n<meta property=\"og:locale\" content=\"fr_FR\" \/>\n<meta property=\"og:type\" content=\"article\" \/>\n<meta property=\"og:title\" content=\"Le virage num\u00e9rique des march\u00e9s du film : vers un mod\u00e8le hybride ?\" \/>\n<meta property=\"og:description\" content=\"Novembre Num\u00e9rique: dirigeants des plus grands march\u00e9s cin\u00e9matographiques de France et de Gr\u00e8ce, discutent sur le futur de leur m\u00e9tier.\" \/>\n<meta property=\"og:url\" content=\"https:\/\/www.ifg.gr\/events\/strongyli-trapeza-i-psifiaki-metavasi-stis-kinimatografikes-agores-pros-ena-yvridiko-montelo\/\" \/>\n<meta property=\"og:site_name\" content=\"IFG\" \/>\n<meta property=\"article:modified_time\" content=\"2021-11-30T13:22:27+00:00\" \/>\n<meta property=\"og:image\" content=\"https:\/\/www.ifg.gr\/wp-content\/uploads\/2021\/11\/NN21_1200x800_Virage-numerique-des-festivals-de-ilm.jpg\" \/>\n\t<meta property=\"og:image:width\" content=\"1200\" \/>\n\t<meta property=\"og:image:height\" content=\"800\" \/>\n\t<meta property=\"og:image:type\" content=\"image\/jpeg\" \/>\n<meta name=\"twitter:card\" content=\"summary_large_image\" \/>\n<meta name=\"twitter:label1\" content=\"Dur\u00e9e de lecture estim\u00e9e\" \/>\n\t<meta name=\"twitter:data1\" content=\"1 minute\" \/>\n<script type=\"application\/ld+json\" class=\"yoast-schema-graph\">{\"@context\":\"https:\/\/schema.org\",\"@graph\":[{\"@type\":\"WebPage\",\"@id\":\"https:\/\/www.ifg.gr\/events\/strongyli-trapeza-i-psifiaki-metavasi-stis-kinimatografikes-agores-pros-ena-yvridiko-montelo\/\",\"url\":\"https:\/\/www.ifg.gr\/events\/strongyli-trapeza-i-psifiaki-metavasi-stis-kinimatografikes-agores-pros-ena-yvridiko-montelo\/\",\"name\":\"Le virage num\u00e9rique des march\u00e9s du film : vers un mod\u00e8le hybride ?\",\"isPartOf\":{\"@id\":\"https:\/\/www.ifg.gr\/#website\"},\"primaryImageOfPage\":{\"@id\":\"https:\/\/www.ifg.gr\/events\/strongyli-trapeza-i-psifiaki-metavasi-stis-kinimatografikes-agores-pros-ena-yvridiko-montelo\/#primaryimage\"},\"image\":{\"@id\":\"https:\/\/www.ifg.gr\/events\/strongyli-trapeza-i-psifiaki-metavasi-stis-kinimatografikes-agores-pros-ena-yvridiko-montelo\/#primaryimage\"},\"thumbnailUrl\":\"https:\/\/www.ifg.gr\/wp-content\/uploads\/2021\/11\/NN21_1200x800_Virage-numerique-des-festivals-de-ilm.jpg\",\"datePublished\":\"2021-11-23T14:31:43+00:00\",\"dateModified\":\"2021-11-30T13:22:27+00:00\",\"description\":\"Novembre Num\u00e9rique: dirigeants des plus grands march\u00e9s cin\u00e9matographiques de France et de Gr\u00e8ce, discutent sur le futur de leur m\u00e9tier.\",\"breadcrumb\":{\"@id\":\"https:\/\/www.ifg.gr\/events\/strongyli-trapeza-i-psifiaki-metavasi-stis-kinimatografikes-agores-pros-ena-yvridiko-montelo\/#breadcrumb\"},\"inLanguage\":\"fr-FR\",\"potentialAction\":[{\"@type\":\"ReadAction\",\"target\":[\"https:\/\/www.ifg.gr\/events\/strongyli-trapeza-i-psifiaki-metavasi-stis-kinimatografikes-agores-pros-ena-yvridiko-montelo\/\"]}]},{\"@type\":\"ImageObject\",\"inLanguage\":\"fr-FR\",\"@id\":\"https:\/\/www.ifg.gr\/events\/strongyli-trapeza-i-psifiaki-metavasi-stis-kinimatografikes-agores-pros-ena-yvridiko-montelo\/#primaryimage\",\"url\":\"https:\/\/www.ifg.gr\/wp-content\/uploads\/2021\/11\/NN21_1200x800_Virage-numerique-des-festivals-de-ilm.jpg\",\"contentUrl\":\"https:\/\/www.ifg.gr\/wp-content\/uploads\/2021\/11\/NN21_1200x800_Virage-numerique-des-festivals-de-ilm.jpg\",\"width\":1200,\"height\":800,\"caption\":\"\u0397 \u03c8\u03b7\u03c6\u03b9\u03b1\u03ba\u03ae \u03bc\u03b5\u03c4\u03ac\u03b2\u03b1\u03c3\u03b7 \u03c3\u03c4\u03b9\u03c2 \u03ba\u03b9\u03bd\u03b7\u03bc\u03b1\u03c4\u03bf\u03b3\u03c1\u03b1\u03c6\u03b9\u03ba\u03ad\u03c2 \u03b1\u03b3\u03bf\u03c1\u03ad\u03c2: \u03c0\u03c1\u03bf\u03c2 \u03ad\u03bd\u03b1 \u03c5\u03b2\u03c1\u03b9\u03b4\u03b9\u03ba\u03cc \u03bc\u03bf\u03bd\u03c4\u03ad\u03bb\u03bf;\"},{\"@type\":\"BreadcrumbList\",\"@id\":\"https:\/\/www.ifg.gr\/events\/strongyli-trapeza-i-psifiaki-metavasi-stis-kinimatografikes-agores-pros-ena-yvridiko-montelo\/#breadcrumb\",\"itemListElement\":[{\"@type\":\"ListItem\",\"position\":1,\"name\":\"Home\",\"item\":\"https:\/\/www.ifg.gr\/fr\/\"},{\"@type\":\"ListItem\",\"position\":2,\"name\":\"Events\",\"item\":\"https:\/\/www.ifg.gr\/events\/\"},{\"@type\":\"ListItem\",\"position\":3,\"name\":\"Table ronde : \u00ab Le virage num\u00e9rique des march\u00e9s du film : vers un mod\u00e8le hybride ? \u00bb\"}]},{\"@type\":\"WebSite\",\"@id\":\"https:\/\/www.ifg.gr\/#website\",\"url\":\"https:\/\/www.ifg.gr\/\",\"name\":\"IFG\",\"description\":\"\",\"potentialAction\":[{\"@type\":\"SearchAction\",\"target\":{\"@type\":\"EntryPoint\",\"urlTemplate\":\"https:\/\/www.ifg.gr\/?s={search_term_string}\"},\"query-input\":{\"@type\":\"PropertyValueSpecification\",\"valueRequired\":true,\"valueName\":\"search_term_string\"}}],\"inLanguage\":\"fr-FR\"}]}<\/script>\n<!-- \/ Yoast SEO plugin. -->","yoast_head_json":{"title":"Le virage num\u00e9rique des march\u00e9s du film : vers un mod\u00e8le hybride ?","description":"Novembre Num\u00e9rique: dirigeants des plus grands march\u00e9s cin\u00e9matographiques de France et de Gr\u00e8ce, discutent sur le futur de leur m\u00e9tier.","robots":{"index":"index","follow":"follow","max-snippet":"max-snippet:-1","max-image-preview":"max-image-preview:large","max-video-preview":"max-video-preview:-1"},"canonical":"https:\/\/www.ifg.gr\/events\/strongyli-trapeza-i-psifiaki-metavasi-stis-kinimatografikes-agores-pros-ena-yvridiko-montelo\/","og_locale":"fr_FR","og_type":"article","og_title":"Le virage num\u00e9rique des march\u00e9s du film : vers un mod\u00e8le hybride ?","og_description":"Novembre Num\u00e9rique: dirigeants des plus grands march\u00e9s cin\u00e9matographiques de France et de Gr\u00e8ce, discutent sur le futur de leur m\u00e9tier.","og_url":"https:\/\/www.ifg.gr\/events\/strongyli-trapeza-i-psifiaki-metavasi-stis-kinimatografikes-agores-pros-ena-yvridiko-montelo\/","og_site_name":"IFG","article_modified_time":"2021-11-30T13:22:27+00:00","og_image":[{"width":1200,"height":800,"url":"https:\/\/www.ifg.gr\/wp-content\/uploads\/2021\/11\/NN21_1200x800_Virage-numerique-des-festivals-de-ilm.jpg","type":"image\/jpeg"}],"twitter_card":"summary_large_image","twitter_misc":{"Dur\u00e9e de lecture estim\u00e9e":"1 minute"},"schema":{"@context":"https:\/\/schema.org","@graph":[{"@type":"WebPage","@id":"https:\/\/www.ifg.gr\/events\/strongyli-trapeza-i-psifiaki-metavasi-stis-kinimatografikes-agores-pros-ena-yvridiko-montelo\/","url":"https:\/\/www.ifg.gr\/events\/strongyli-trapeza-i-psifiaki-metavasi-stis-kinimatografikes-agores-pros-ena-yvridiko-montelo\/","name":"Le virage num\u00e9rique des march\u00e9s du film : vers un mod\u00e8le hybride ?","isPartOf":{"@id":"https:\/\/www.ifg.gr\/#website"},"primaryImageOfPage":{"@id":"https:\/\/www.ifg.gr\/events\/strongyli-trapeza-i-psifiaki-metavasi-stis-kinimatografikes-agores-pros-ena-yvridiko-montelo\/#primaryimage"},"image":{"@id":"https:\/\/www.ifg.gr\/events\/strongyli-trapeza-i-psifiaki-metavasi-stis-kinimatografikes-agores-pros-ena-yvridiko-montelo\/#primaryimage"},"thumbnailUrl":"https:\/\/www.ifg.gr\/wp-content\/uploads\/2021\/11\/NN21_1200x800_Virage-numerique-des-festivals-de-ilm.jpg","datePublished":"2021-11-23T14:31:43+00:00","dateModified":"2021-11-30T13:22:27+00:00","description":"Novembre Num\u00e9rique: dirigeants des plus grands march\u00e9s cin\u00e9matographiques de France et de Gr\u00e8ce, discutent sur le futur de leur m\u00e9tier.","breadcrumb":{"@id":"https:\/\/www.ifg.gr\/events\/strongyli-trapeza-i-psifiaki-metavasi-stis-kinimatografikes-agores-pros-ena-yvridiko-montelo\/#breadcrumb"},"inLanguage":"fr-FR","potentialAction":[{"@type":"ReadAction","target":["https:\/\/www.ifg.gr\/events\/strongyli-trapeza-i-psifiaki-metavasi-stis-kinimatografikes-agores-pros-ena-yvridiko-montelo\/"]}]},{"@type":"ImageObject","inLanguage":"fr-FR","@id":"https:\/\/www.ifg.gr\/events\/strongyli-trapeza-i-psifiaki-metavasi-stis-kinimatografikes-agores-pros-ena-yvridiko-montelo\/#primaryimage","url":"https:\/\/www.ifg.gr\/wp-content\/uploads\/2021\/11\/NN21_1200x800_Virage-numerique-des-festivals-de-ilm.jpg","contentUrl":"https:\/\/www.ifg.gr\/wp-content\/uploads\/2021\/11\/NN21_1200x800_Virage-numerique-des-festivals-de-ilm.jpg","width":1200,"height":800,"caption":"\u0397 \u03c8\u03b7\u03c6\u03b9\u03b1\u03ba\u03ae \u03bc\u03b5\u03c4\u03ac\u03b2\u03b1\u03c3\u03b7 \u03c3\u03c4\u03b9\u03c2 \u03ba\u03b9\u03bd\u03b7\u03bc\u03b1\u03c4\u03bf\u03b3\u03c1\u03b1\u03c6\u03b9\u03ba\u03ad\u03c2 \u03b1\u03b3\u03bf\u03c1\u03ad\u03c2: \u03c0\u03c1\u03bf\u03c2 \u03ad\u03bd\u03b1 \u03c5\u03b2\u03c1\u03b9\u03b4\u03b9\u03ba\u03cc \u03bc\u03bf\u03bd\u03c4\u03ad\u03bb\u03bf;"},{"@type":"BreadcrumbList","@id":"https:\/\/www.ifg.gr\/events\/strongyli-trapeza-i-psifiaki-metavasi-stis-kinimatografikes-agores-pros-ena-yvridiko-montelo\/#breadcrumb","itemListElement":[{"@type":"ListItem","position":1,"name":"Home","item":"https:\/\/www.ifg.gr\/fr\/"},{"@type":"ListItem","position":2,"name":"Events","item":"https:\/\/www.ifg.gr\/events\/"},{"@type":"ListItem","position":3,"name":"Table ronde : \u00ab Le virage num\u00e9rique des march\u00e9s du film : vers un mod\u00e8le hybride ? \u00bb"}]},{"@type":"WebSite","@id":"https:\/\/www.ifg.gr\/#website","url":"https:\/\/www.ifg.gr\/","name":"IFG","description":"","potentialAction":[{"@type":"SearchAction","target":{"@type":"EntryPoint","urlTemplate":"https:\/\/www.ifg.gr\/?s={search_term_string}"},"query-input":{"@type":"PropertyValueSpecification","valueRequired":true,"valueName":"search_term_string"}}],"inLanguage":"fr-FR"}]}},"_links":{"self":[{"href":"https:\/\/www.ifg.gr\/fr\/wp-json\/wp\/v2\/event\/36900","targetHints":{"allow":["GET"]}}],"collection":[{"href":"https:\/\/www.ifg.gr\/fr\/wp-json\/wp\/v2\/event"}],"about":[{"href":"https:\/\/www.ifg.gr\/fr\/wp-json\/wp\/v2\/types\/event"}],"author":[{"embeddable":true,"href":"https:\/\/www.ifg.gr\/fr\/wp-json\/wp\/v2\/users\/1"}],"version-history":[{"count":0,"href":"https:\/\/www.ifg.gr\/fr\/wp-json\/wp\/v2\/event\/36900\/revisions"}],"wp:featuredmedia":[{"embeddable":true,"href":"https:\/\/www.ifg.gr\/fr\/wp-json\/wp\/v2\/media\/36891"}],"wp:attachment":[{"href":"https:\/\/www.ifg.gr\/fr\/wp-json\/wp\/v2\/media?parent=36900"}],"wp:term":[{"taxonomy":"post_tag","embeddable":true,"href":"https:\/\/www.ifg.gr\/fr\/wp-json\/wp\/v2\/tags?post=36900"},{"taxonomy":"event_category","embeddable":true,"href":"https:\/\/www.ifg.gr\/fr\/wp-json\/wp\/v2\/event_category?post=36900"},{"taxonomy":"event_group","embeddable":true,"href":"https:\/\/www.ifg.gr\/fr\/wp-json\/wp\/v2\/event_group?post=36900"}],"curies":[{"name":"wp","href":"https:\/\/api.w.org\/{rel}","templated":true}]}}