{"id":36976,"date":"2021-11-26T16:38:31","date_gmt":"2021-11-26T16:38:31","guid":{"rendered":"https:\/\/www.ifg.gr\/events\/cine-club-to-pathos-tis-zan-ntark\/"},"modified":"2021-12-14T13:57:13","modified_gmt":"2021-12-14T13:57:13","slug":"cine-club-la-passion-de-jeanne-d-arc","status":"publish","type":"event","link":"https:\/\/www.ifg.gr\/fr\/events\/cine-club-la-passion-de-jeanne-d-arc\/","title":{"rendered":"Cin\u00e9-Club : La Passion de Jeanne d&rsquo;Arc"},"content":{"rendered":"<p>La Passion de Jeanne d&rsquo;Arc, de <strong>Carl Theodor Dreyer<\/strong> (110 min. \u2013 1928 \u2013 France)<br \/>\navec Ren\u00e9e Falconetti, Eugene Silvain, Andre Berley<\/p>\n<p>Le<strong> chef-d&rsquo;oeuvre muet de Dreyer<\/strong> raconte le r\u00e9cit du proc\u00e8s de Jeanne d&rsquo;Arc en 1431, o\u00f9 elle fut accus\u00e9e d&rsquo;h\u00e9r\u00e9sie par des juristes eccl\u00e9siastiques d\u00e9cid\u00e9s \u00e0 lui faire abjurer ses pr\u00e9tentions de visions saintes, et au terme duquel elle fut br\u00fbl\u00e9e sur le b\u00fbcher.<\/p>\n<p>&nbsp;<\/p>\n<p><iframe loading=\"lazy\" title=\"Cin\u00e9-Club : La Passion de Jeanne d&#039;Arc - \u03a4\u03bf \u03a0\u03ac\u03b8\u03bf\u03c2 \u03c4\u03b7\u03c2 \u0396\u03b1\u03bd \u039d\u03c4&#039;\u0391\u03c1\u03ba\" width=\"640\" height=\"360\" src=\"https:\/\/www.youtube.com\/embed\/bsFMp-7nDCE?feature=oembed\" frameborder=\"0\" allow=\"accelerometer; autoplay; clipboard-write; encrypted-media; gyroscope; picture-in-picture; web-share\" referrerpolicy=\"strict-origin-when-cross-origin\" allowfullscreen><\/iframe><\/p>\n<h3>ATTENTION !<\/h3>\n<p><strong>Les places disponibles \u00e0 la r\u00e9servation en ligne sont (presque) \u00e9puis\u00e9es. Le soir de la projection toute place lib\u00e9r\u00e9e sera mise \u00e0 disposition des spectateurs pr\u00e9sents, par ordre d\u2019arriv\u00e9e.<\/strong><\/p>\n<ul>\n<li>Merci de vous pr\u00e9senter \u00e0 l\u2019entr\u00e9e de l\u2019Institut fran\u00e7ais de Gr\u00e8ce (Sina 31) <strong>au moins une demi-heure avant l\u2019heure de d\u00e9but<\/strong> de la manifestation indiqu\u00e9e sur votre billet, avec votre r\u00e9servation individuelle imprim\u00e9e, sur l\u2019\u00e9cran de votre portable ou charg\u00e9e dans l\u2019application Eventbrite.<\/li>\n<li>Nous vous rappelons que le port du masque (non-m\u00e9dical) est obligatoire dans tous les espaces de l\u2019IFG et pendant toute la dur\u00e9e des manifestations.<\/li>\n<li>15 minutes avant l\u2019heure de d\u00e9but de la manifestation votre acc\u00e8s ne sera plus garanti et votre r\u00e9servation sera annul\u00e9e.<\/li>\n<\/ul>\n<p>__<\/p>\n<p>Qu\u2019est-ce qu\u2019\u00eatre une h\u00e9ro\u00efne ? Lulu (Karin Viard) quitte sa vie triste et rang\u00e9e pour vagabonder en bord de mer dans Lulu femme nue de Solveig Anspach. Nedjma (Lyna Khoudri) organise un d\u00e9fil\u00e9 de mode face au fondamentalisme religieux dans Papicha de Mounia Meddour. Jeanne d\u2019Arc (Ren\u00e9e Jeanne Falconetti) r\u00e9pond avec dignit\u00e9 \u00e0 ses bourreaux dans La Passion de Jeanne d\u2019Arc de Carl Theodor Dreyer. Christina (V\u00e9ra Clouzot) et Nicole (Simone Signoret) m\u00e9ritent leur surnom dans Les Diaboliques d\u2019Henri-Georges Clouzot. \u00c0 vous de choisir la d\u00e9finition que vous d\u00e9couvrirez durant le nouveau cycle du Cin\u00e9Club : \u00ab H\u00e9ro\u00efnes \u00bb !<\/p>\n","protected":false},"excerpt":{"rendered":"<p>Le chef-d&rsquo;oeuvre muet de Dreyer (1928), avec l&rsquo;exceptionnelle Ren\u00e9e Falconetti. Entr\u00e9e libre, r\u00e9servation de places en ligne.<\/p>\n","protected":false},"author":1,"featured_media":36969,"template":"","tags":[1115],"event_category":[874],"event_group":[],"class_list":["post-36976","event","type-event","status-publish","has-post-thumbnail","hentry","tag-cine-club-fr","event_category-cinema"],"acf":{"sponsors_default":false,"featured_image_credits":"","info_title":"INFORMATIONS D'ACC\u00c8S \u00c0 l'AUDITORIUM THEO ANGELOPOULOS","info_text":"<p>Selon les directives actuelles des autorit\u00e9s grecques, <strong>seuls les d\u00e9tenteurs d\u2019un certificat de vaccination ou d\u2019un certificat de r\u00e9tablissement<\/strong> de moins de 6 mois sont autoris\u00e9s \u00e0 entrer \u00e0 l\u2019Auditorium Theo Angelopoulos.<\/p>\n<p>Les mineurs de <strong>4 \u00e0 17 ans<\/strong> peuvent entrer sur <strong>attestation d\u2019un self test n\u00e9gatif<\/strong> effectu\u00e9 dans les 24 heures pr\u00e9c\u00e9dant l\u2019\u00e9v\u00e9nement.<\/p>\n<p><strong>Le port du masque est obligatoire<\/strong> dans tous les espaces de l\u2019Institut fran\u00e7ais de Gr\u00e8ce et pendant toute la dur\u00e9e des manifestations.<\/p>\n<p>Pour faciliter le <strong>maintien des distances de s\u00e9curit\u00e9<\/strong>, la jauge de l\u2019Auditorium reste limit\u00e9e, avec seulement un si\u00e8ge sur deux disponible.<\/p>\n<p>Pour entrer dans l\u2019IFG, il est n\u00e9cessaire de pr\u00e9senter une pi\u00e8ce d\u2019identit\u00e9 ou un passeport et de se soumettre au contr\u00f4le de tous les bagages \u00e0 main.<\/p>\n<p>L&rsquo;Institut fran\u00e7ais de Gr\u00e8ce applique de mani\u00e8re m\u00e9ticuleuse les mesures de protection et de distanciation physique conform\u00e9ment aux r\u00e8gles de l&rsquo;Organisme National Grec de Sant\u00e9 Publique (EODY).<\/p>\n","date_range":{"start":"15\/12\/2021","end":"","cancelled":false,"note":"","start_time":"20:00","end_time":""},"details":{"location":"<p>Auditorium Theo Angelopoulos<\/p>\n","hyperlink1a":{"text":"","link":""},"price":"Entr\u00e9e libre, r\u00e9servation de places en ligne","hyperlink2a":{"text":"R\u00e9servations de places","link":"https:\/\/www.eventbrite.com\/e\/188402846987"},"online_event":false,"live_streaming":false,"live_streaming_code":"","facebook_url":"https:\/\/www.facebook.com\/events\/569464104155929","hyperlink":{"text":"","link":""},"hyperlink2":{"text":"","link":""},"hyperlink3":{"text":"","link":""},"press_release":false},"home_slider_image":{"ID":36971,"id":36971,"title":"CINECLUB_JEANNED'ARC_1300x768","filename":"CINECLUB_JEANNEDARC_1300x768.jpg","filesize":377770,"url":"https:\/\/www.ifg.gr\/wp-content\/uploads\/2021\/11\/CINECLUB_JEANNEDARC_1300x768.jpg","link":"https:\/\/www.ifg.gr\/fr\/events\/cine-club-la-passion-de-jeanne-d-arc\/cineclub_jeannedarc_1300x768-2\/","alt":"","author":"1","description":"","caption":"","name":"cineclub_jeannedarc_1300x768-2","status":"inherit","uploaded_to":36976,"date":"2021-11-26 16:35:50","modified":"2021-11-26 16:35:50","menu_order":0,"mime_type":"image\/jpeg","type":"image","subtype":"jpeg","icon":"https:\/\/www.ifg.gr\/wp-includes\/images\/media\/default.png","width":1300,"height":768,"sizes":{"thumbnail":"https:\/\/www.ifg.gr\/wp-content\/uploads\/2021\/11\/CINECLUB_JEANNEDARC_1300x768.jpg","thumbnail-width":150,"thumbnail-height":89,"medium":"https:\/\/www.ifg.gr\/wp-content\/uploads\/2021\/11\/CINECLUB_JEANNEDARC_1300x768.jpg","medium-width":300,"medium-height":177,"medium_large":"https:\/\/www.ifg.gr\/wp-content\/uploads\/2021\/11\/CINECLUB_JEANNEDARC_1300x768-768x454.jpg","medium_large-width":640,"medium_large-height":378,"large":"https:\/\/www.ifg.gr\/wp-content\/uploads\/2021\/11\/CINECLUB_JEANNEDARC_1300x768.jpg","large-width":640,"large-height":378,"1536x1536":"https:\/\/www.ifg.gr\/wp-content\/uploads\/2021\/11\/CINECLUB_JEANNEDARC_1300x768.jpg","1536x1536-width":1300,"1536x1536-height":768,"2048x2048":"https:\/\/www.ifg.gr\/wp-content\/uploads\/2021\/11\/CINECLUB_JEANNEDARC_1300x768.jpg","2048x2048-width":1300,"2048x2048-height":768,"full-width":"https:\/\/www.ifg.gr\/wp-content\/uploads\/2021\/11\/CINECLUB_JEANNEDARC_1300x768.jpg","full-width-width":1300,"full-width-height":768,"sidebar":"https:\/\/www.ifg.gr\/wp-content\/uploads\/2021\/11\/CINECLUB_JEANNEDARC_1300x768.jpg","sidebar-width":1300,"sidebar-height":768,"thumb-sm":"https:\/\/www.ifg.gr\/wp-content\/uploads\/2021\/11\/CINECLUB_JEANNEDARC_1300x768-220x130.jpg","thumb-sm-width":220,"thumb-sm-height":130,"thumb-square":"https:\/\/www.ifg.gr\/wp-content\/uploads\/2021\/11\/CINECLUB_JEANNEDARC_1300x768-300x300.jpg","thumb-square-width":300,"thumb-square-height":300,"thumb-big":"https:\/\/www.ifg.gr\/wp-content\/uploads\/2021\/11\/CINECLUB_JEANNEDARC_1300x768-600x400.jpg","thumb-big-width":600,"thumb-big-height":400,"slider-big":"https:\/\/www.ifg.gr\/wp-content\/uploads\/2021\/11\/CINECLUB_JEANNEDARC_1300x768.jpg","slider-big-width":1300,"slider-big-height":768}},"sponsors_group":false,"layout":false},"yoast_head":"<!-- This site is optimized with the Yoast SEO plugin v26.8 - https:\/\/yoast.com\/product\/yoast-seo-wordpress\/ -->\n<title>Cin\u00e9-Club : La Passion de Jeanne d&#039;Arc, de Carl Theodor Dreyer<\/title>\n<meta name=\"description\" content=\"La Passion de Jeanne d&#039;Arc, de Carl Theodor Dreyer (110 min. \u2013 1928 \u2013 France)avec Ren\u00e9e Falconetti, Eugene Silvain, Andre Berley\" \/>\n<meta name=\"robots\" content=\"index, follow, max-snippet:-1, max-image-preview:large, max-video-preview:-1\" \/>\n<link rel=\"canonical\" href=\"https:\/\/www.ifg.gr\/events\/cine-club-to-pathos-tis-zan-ntark\/\" \/>\n<meta property=\"og:locale\" content=\"fr_FR\" \/>\n<meta property=\"og:type\" content=\"article\" \/>\n<meta property=\"og:title\" content=\"Cin\u00e9-Club : La Passion de Jeanne d&#039;Arc, de Carl Theodor Dreyer\" \/>\n<meta property=\"og:description\" content=\"La Passion de Jeanne d&#039;Arc, de Carl Theodor Dreyer (110 min. \u2013 1928 \u2013 France)avec Ren\u00e9e Falconetti, Eugene Silvain, Andre Berley\" \/>\n<meta property=\"og:url\" content=\"https:\/\/www.ifg.gr\/events\/cine-club-to-pathos-tis-zan-ntark\/\" \/>\n<meta property=\"og:site_name\" content=\"IFG\" \/>\n<meta property=\"article:modified_time\" content=\"2021-12-14T13:57:13+00:00\" \/>\n<meta property=\"og:image\" content=\"https:\/\/www.ifg.gr\/wp-content\/uploads\/2021\/11\/CINECLUB_JEANNEDARC_1200X800.jpg\" \/>\n\t<meta property=\"og:image:width\" content=\"1200\" \/>\n\t<meta property=\"og:image:height\" content=\"800\" \/>\n\t<meta property=\"og:image:type\" content=\"image\/jpeg\" \/>\n<meta name=\"twitter:card\" content=\"summary_large_image\" \/>\n<meta name=\"twitter:label1\" content=\"Dur\u00e9e de lecture estim\u00e9e\" \/>\n\t<meta name=\"twitter:data1\" content=\"2 minutes\" \/>\n<script type=\"application\/ld+json\" class=\"yoast-schema-graph\">{\"@context\":\"https:\/\/schema.org\",\"@graph\":[{\"@type\":\"WebPage\",\"@id\":\"https:\/\/www.ifg.gr\/events\/cine-club-to-pathos-tis-zan-ntark\/\",\"url\":\"https:\/\/www.ifg.gr\/events\/cine-club-to-pathos-tis-zan-ntark\/\",\"name\":\"Cin\u00e9-Club : La Passion de Jeanne d'Arc, de Carl Theodor Dreyer\",\"isPartOf\":{\"@id\":\"https:\/\/www.ifg.gr\/#website\"},\"primaryImageOfPage\":{\"@id\":\"https:\/\/www.ifg.gr\/events\/cine-club-to-pathos-tis-zan-ntark\/#primaryimage\"},\"image\":{\"@id\":\"https:\/\/www.ifg.gr\/events\/cine-club-to-pathos-tis-zan-ntark\/#primaryimage\"},\"thumbnailUrl\":\"https:\/\/www.ifg.gr\/wp-content\/uploads\/2021\/11\/CINECLUB_JEANNEDARC_1200X800.jpg\",\"datePublished\":\"2021-11-26T16:38:31+00:00\",\"dateModified\":\"2021-12-14T13:57:13+00:00\",\"description\":\"La Passion de Jeanne d'Arc, de Carl Theodor Dreyer (110 min. \u2013 1928 \u2013 France)avec Ren\u00e9e Falconetti, Eugene Silvain, Andre Berley\",\"breadcrumb\":{\"@id\":\"https:\/\/www.ifg.gr\/events\/cine-club-to-pathos-tis-zan-ntark\/#breadcrumb\"},\"inLanguage\":\"fr-FR\",\"potentialAction\":[{\"@type\":\"ReadAction\",\"target\":[\"https:\/\/www.ifg.gr\/events\/cine-club-to-pathos-tis-zan-ntark\/\"]}]},{\"@type\":\"ImageObject\",\"inLanguage\":\"fr-FR\",\"@id\":\"https:\/\/www.ifg.gr\/events\/cine-club-to-pathos-tis-zan-ntark\/#primaryimage\",\"url\":\"https:\/\/www.ifg.gr\/wp-content\/uploads\/2021\/11\/CINECLUB_JEANNEDARC_1200X800.jpg\",\"contentUrl\":\"https:\/\/www.ifg.gr\/wp-content\/uploads\/2021\/11\/CINECLUB_JEANNEDARC_1200X800.jpg\",\"width\":1200,\"height\":800},{\"@type\":\"BreadcrumbList\",\"@id\":\"https:\/\/www.ifg.gr\/events\/cine-club-to-pathos-tis-zan-ntark\/#breadcrumb\",\"itemListElement\":[{\"@type\":\"ListItem\",\"position\":1,\"name\":\"Home\",\"item\":\"https:\/\/www.ifg.gr\/fr\/\"},{\"@type\":\"ListItem\",\"position\":2,\"name\":\"Events\",\"item\":\"https:\/\/www.ifg.gr\/events\/\"},{\"@type\":\"ListItem\",\"position\":3,\"name\":\"Cin\u00e9-Club : La Passion de Jeanne d&#8217;Arc\"}]},{\"@type\":\"WebSite\",\"@id\":\"https:\/\/www.ifg.gr\/#website\",\"url\":\"https:\/\/www.ifg.gr\/\",\"name\":\"IFG\",\"description\":\"\",\"potentialAction\":[{\"@type\":\"SearchAction\",\"target\":{\"@type\":\"EntryPoint\",\"urlTemplate\":\"https:\/\/www.ifg.gr\/?s={search_term_string}\"},\"query-input\":{\"@type\":\"PropertyValueSpecification\",\"valueRequired\":true,\"valueName\":\"search_term_string\"}}],\"inLanguage\":\"fr-FR\"}]}<\/script>\n<!-- \/ Yoast SEO plugin. -->","yoast_head_json":{"title":"Cin\u00e9-Club : La Passion de Jeanne d'Arc, de Carl Theodor Dreyer","description":"La Passion de Jeanne d'Arc, de Carl Theodor Dreyer (110 min. \u2013 1928 \u2013 France)avec Ren\u00e9e Falconetti, Eugene Silvain, Andre Berley","robots":{"index":"index","follow":"follow","max-snippet":"max-snippet:-1","max-image-preview":"max-image-preview:large","max-video-preview":"max-video-preview:-1"},"canonical":"https:\/\/www.ifg.gr\/events\/cine-club-to-pathos-tis-zan-ntark\/","og_locale":"fr_FR","og_type":"article","og_title":"Cin\u00e9-Club : La Passion de Jeanne d'Arc, de Carl Theodor Dreyer","og_description":"La Passion de Jeanne d'Arc, de Carl Theodor Dreyer (110 min. \u2013 1928 \u2013 France)avec Ren\u00e9e Falconetti, Eugene Silvain, Andre Berley","og_url":"https:\/\/www.ifg.gr\/events\/cine-club-to-pathos-tis-zan-ntark\/","og_site_name":"IFG","article_modified_time":"2021-12-14T13:57:13+00:00","og_image":[{"width":1200,"height":800,"url":"https:\/\/www.ifg.gr\/wp-content\/uploads\/2021\/11\/CINECLUB_JEANNEDARC_1200X800.jpg","type":"image\/jpeg"}],"twitter_card":"summary_large_image","twitter_misc":{"Dur\u00e9e de lecture estim\u00e9e":"2 minutes"},"schema":{"@context":"https:\/\/schema.org","@graph":[{"@type":"WebPage","@id":"https:\/\/www.ifg.gr\/events\/cine-club-to-pathos-tis-zan-ntark\/","url":"https:\/\/www.ifg.gr\/events\/cine-club-to-pathos-tis-zan-ntark\/","name":"Cin\u00e9-Club : La Passion de Jeanne d'Arc, de Carl Theodor Dreyer","isPartOf":{"@id":"https:\/\/www.ifg.gr\/#website"},"primaryImageOfPage":{"@id":"https:\/\/www.ifg.gr\/events\/cine-club-to-pathos-tis-zan-ntark\/#primaryimage"},"image":{"@id":"https:\/\/www.ifg.gr\/events\/cine-club-to-pathos-tis-zan-ntark\/#primaryimage"},"thumbnailUrl":"https:\/\/www.ifg.gr\/wp-content\/uploads\/2021\/11\/CINECLUB_JEANNEDARC_1200X800.jpg","datePublished":"2021-11-26T16:38:31+00:00","dateModified":"2021-12-14T13:57:13+00:00","description":"La Passion de Jeanne d'Arc, de Carl Theodor Dreyer (110 min. \u2013 1928 \u2013 France)avec Ren\u00e9e Falconetti, Eugene Silvain, Andre Berley","breadcrumb":{"@id":"https:\/\/www.ifg.gr\/events\/cine-club-to-pathos-tis-zan-ntark\/#breadcrumb"},"inLanguage":"fr-FR","potentialAction":[{"@type":"ReadAction","target":["https:\/\/www.ifg.gr\/events\/cine-club-to-pathos-tis-zan-ntark\/"]}]},{"@type":"ImageObject","inLanguage":"fr-FR","@id":"https:\/\/www.ifg.gr\/events\/cine-club-to-pathos-tis-zan-ntark\/#primaryimage","url":"https:\/\/www.ifg.gr\/wp-content\/uploads\/2021\/11\/CINECLUB_JEANNEDARC_1200X800.jpg","contentUrl":"https:\/\/www.ifg.gr\/wp-content\/uploads\/2021\/11\/CINECLUB_JEANNEDARC_1200X800.jpg","width":1200,"height":800},{"@type":"BreadcrumbList","@id":"https:\/\/www.ifg.gr\/events\/cine-club-to-pathos-tis-zan-ntark\/#breadcrumb","itemListElement":[{"@type":"ListItem","position":1,"name":"Home","item":"https:\/\/www.ifg.gr\/fr\/"},{"@type":"ListItem","position":2,"name":"Events","item":"https:\/\/www.ifg.gr\/events\/"},{"@type":"ListItem","position":3,"name":"Cin\u00e9-Club : La Passion de Jeanne d&#8217;Arc"}]},{"@type":"WebSite","@id":"https:\/\/www.ifg.gr\/#website","url":"https:\/\/www.ifg.gr\/","name":"IFG","description":"","potentialAction":[{"@type":"SearchAction","target":{"@type":"EntryPoint","urlTemplate":"https:\/\/www.ifg.gr\/?s={search_term_string}"},"query-input":{"@type":"PropertyValueSpecification","valueRequired":true,"valueName":"search_term_string"}}],"inLanguage":"fr-FR"}]}},"_links":{"self":[{"href":"https:\/\/www.ifg.gr\/fr\/wp-json\/wp\/v2\/event\/36976","targetHints":{"allow":["GET"]}}],"collection":[{"href":"https:\/\/www.ifg.gr\/fr\/wp-json\/wp\/v2\/event"}],"about":[{"href":"https:\/\/www.ifg.gr\/fr\/wp-json\/wp\/v2\/types\/event"}],"author":[{"embeddable":true,"href":"https:\/\/www.ifg.gr\/fr\/wp-json\/wp\/v2\/users\/1"}],"version-history":[{"count":0,"href":"https:\/\/www.ifg.gr\/fr\/wp-json\/wp\/v2\/event\/36976\/revisions"}],"wp:featuredmedia":[{"embeddable":true,"href":"https:\/\/www.ifg.gr\/fr\/wp-json\/wp\/v2\/media\/36969"}],"wp:attachment":[{"href":"https:\/\/www.ifg.gr\/fr\/wp-json\/wp\/v2\/media?parent=36976"}],"wp:term":[{"taxonomy":"post_tag","embeddable":true,"href":"https:\/\/www.ifg.gr\/fr\/wp-json\/wp\/v2\/tags?post=36976"},{"taxonomy":"event_category","embeddable":true,"href":"https:\/\/www.ifg.gr\/fr\/wp-json\/wp\/v2\/event_category?post=36976"},{"taxonomy":"event_group","embeddable":true,"href":"https:\/\/www.ifg.gr\/fr\/wp-json\/wp\/v2\/event_group?post=36976"}],"curies":[{"name":"wp","href":"https:\/\/api.w.org\/{rel}","templated":true}]}}