{"id":37342,"date":"2021-12-22T12:45:56","date_gmt":"2021-12-22T12:45:56","guid":{"rendered":"https:\/\/www.ifg.gr\/events\/nychta-ideon-2022-anadomoume-mazi\/"},"modified":"2022-05-04T12:22:31","modified_gmt":"2022-05-04T12:22:31","slug":"nuit-des-idees-2022","status":"publish","type":"event","link":"https:\/\/www.ifg.gr\/fr\/events\/nuit-des-idees-2022\/","title":{"rendered":"La Nuit des id\u00e9es 2022 f\u00eate la Journ\u00e9e de l\u2019Europe"},"content":{"rendered":"<p>La <a href=\"https:\/\/www.lanuitdesidees.com\/\" target=\"_blank\" rel=\"noopener\">Nuit des id\u00e9es<\/a> sera pr\u00e9sent\u00e9e par l\u2019Institut fran\u00e7ais de Gr\u00e8ce le 9 mai 2022, Journ\u00e9e de l\u2019Europe.<\/p>\n<p>Dans le cadre de la Pr\u00e9sidence fran\u00e7aise de l\u2019Union Europ\u00e9enne et \u00e0 l\u2019occasion de la Journ\u00e9e de l\u2019Europe, l\u2019Institut fran\u00e7ais de Gr\u00e8ce organise la Nuit des id\u00e9es, grand rendez-vous annuel d\u00e9di\u00e9 au partage des id\u00e9es, au dialogue et \u00e0 la pens\u00e9e contemporaine et invite des intellectuels et experts du monde culturel europ\u00e9en \u00e0 d\u00e9battre autour de deux grandes th\u00e9matiques qui occupent l\u2019actualit\u00e9 :<\/p>\n<h3>19h00 | Discussion sur le th\u00e8me \u00ab (Re)construire ensemble \u00bb<\/h3>\n<p>Une discussion sur le th\u00e8me \u00ab (Re)construire ensemble \u00bb, avec la participation de <strong>Nicholas Yatromanolakis<\/strong>, Secr\u00e9taire d\u2019\u00c9tat charg\u00e9 de la culture contemporaine, <strong>Alexandre Colliex<\/strong>, directeur international de Manifesto Expo Paris, <strong>Michail Marmarinos<\/strong>, directeur artistique de Eleusis, capitale culturelle europ\u00e9enne 2023 et <strong>Sofi Lamprou<\/strong>, co-fondatrice de Impact Hub.<\/p>\n<p>Nos soci\u00e9t\u00e9s sont en pleine mutation et ont subi depuis quelques ann\u00e9es des chocs \u00e9conomiques, climatiques et sociaux dont la pand\u00e9mie de COVID ne fut pas le moindre. La culture peut \u00eatre un instrument puissant pour accompagner ces mutations.<\/p>\n<p>Pour la premi\u00e8re fois de son histoire, le gouvernement grec dispose d\u2019un minist\u00e8re d\u00e9l\u00e9gu\u00e9 \u00e0 la culture contemporaine. M. Nicholas Yatromanolakis expliquera le r\u00f4le que son minist\u00e8re doit jouer dans la promotion de la cr\u00e9ation artistique contemporaine en Gr\u00e8ce et dans quelle mesure ce pari culturel peut contribuer \u00e0 donner une nouvelle identit\u00e9 et un nouvel \u00e9lan \u00e0 la Gr\u00e8ce apr\u00e8s les ann\u00e9es de crise. Il sera entour\u00e9 de M. Michail Marmarinos, directeur artistique de Eleusis 2023 qui expliquera comment le choix d\u2019Eleusis comme capitale de la culture europ\u00e9enne permettra \u00e0 Eleusis de poursuivre sa mutation et sa transformation urbaines. M. Alexandre Colliex du Studio Manifesto pr\u00e9sentera les projets de r\u00e9invention des sites patrimoniaux qu\u2019il a conduits en France et dans de nombreux autres pays. Sofi Lamprou, co-fondatrice de Impact Hub expliquera comment il est possible de d\u00e9velopper un nouvel \u00e9cosyst\u00e8me de communaut\u00e9s entrepreneuriales adapt\u00e9es aux d\u00e9fis environnementaux et sociaux de notre temps.<\/p>\n<p><strong>Mod\u00e9r\u00e9<\/strong> par <strong>Mary Adamopoulou,\u00a0<\/strong>journaliste au d\u00e9partement culturel du quotidien TA NEA.<\/p>\n<h3><\/h3>\n<h3>20h00 | Dialogue sur le th\u00e8me \u00ab Souverainet\u00e9 nationale, souverainet\u00e9 europ\u00e9enne \u00bb<\/h3>\n<p>Un grand dialogue en partenariat avec Le Grand Continent* sur le th\u00e8me \u00ab Souverainet\u00e9 nationale, souverainet\u00e9 europ\u00e9enne \u00bb, entre <strong>George Pagoulatos<\/strong>, Professeur de Politique et Economie Europ\u00e9enne \u00e0 l\u2019Universit\u00e9 d\u2019Economie d\u2019Ath\u00e8nes, Professeur invit\u00e9 au Coll\u00e8ge d\u2019Europe et Directeur g\u00e9n\u00e9ral d\u2019ELIAMEP et <strong>Fran\u00e7ois Heisbourg<\/strong>, conseiller sp\u00e9cial \u00e0 la Fondation pour la Recherche Strat\u00e9gique \u00e0 Paris et senior adviser pour l\u2019Europe de l\u2019International Institute for strategic Studies \u00e0 Londres,.<\/p>\n<p>Pour paraphraser Karl Marx, un spectre politique hante aujourd\u2019hui l\u2019Europe, la souverainet\u00e9. Le sentiment d\u2019\u00eatre livr\u00e9 aux forces impersonnelles d\u2019un march\u00e9 internationalis\u00e9, la vuln\u00e9rabilit\u00e9 devant la pr\u00e9dation des grandes puissances r\u00e9visionnistes ou pr\u00e9datrices, la crainte des grands d\u00e9fis plan\u00e9taires tels le changement climatique ou les bouleversements d\u00e9mographiques, le retour de la guerre en Europe, la de d\u00e9possession de notre libre arbitre politique : tout cela nourrit la qu\u00eate d\u2019un retour \u00e0 des temps suppos\u00e9s plus simples sinon plus heureux. La question est d\u2019autant plus lancinante que le vecteur pluris\u00e9culaire d\u2019une souverainet\u00e9 purement nationale n\u2019est pas \u00e0 la mesure de ces d\u00e9fis. De toute \u00e9vidence, la dimension europ\u00e9enne s\u2019impose. Comment articuler le niveau classique de la souverainet\u00e9 nationale et une souverainet\u00e9 europ\u00e9enne \u00e9mergente ? Tel est le grand d\u00e9fi politique du moment.<\/p>\n<p><strong>Mod\u00e9r\u00e9<\/strong> par <strong>Alexia Koulouri, <\/strong>journaliste \u00e0 la chaine t\u00e9l\u00e9vis\u00e9e du Parlement, responsable du d\u00e9partement d\u2019information et de promotion de l\u2019\u0153uvre parlementaire.<strong><br \/>\n<\/strong><\/p>\n<p>*<em> Le Grand Continent<\/em> est une revue de dialogues, publi\u00e9e d\u00e8s 2019 par le \u00ab Groupe d\u2019\u00e9tudes g\u00e9opolitiques \u00bb, un centre de recherche ind\u00e9pendant domicili\u00e9 \u00e0 l\u2019\u00c9cole normale sup\u00e9rieure. Cette collection comporte des grands dialogues d\u2019int\u00e9r\u00eat europ\u00e9en couvrant tous les domaines, de la politique jusqu\u2019\u00e0 la recherche et des m\u00e9dias jusqu\u2019\u00e0 la litt\u00e9rature.<\/p>\n<p>&nbsp;<\/p>\n<p><strong>Informations :<\/strong><\/p>\n<ul>\n<li>Entr\u00e9e libre<\/li>\n<li>Traduction simultan\u00e9e grec, fran\u00e7ais, anglais<\/li>\n<li>La discussion sera \u00e9galement <strong>diffus\u00e9e en ligne<\/strong>\u00a0sur <a href=\"https:\/\/www.ifg.gr\/fr\/diffusion-en-direct\/\" target=\"_blank\" rel=\"noopener\">ifg.gr<\/a><br \/>\nLes retransmissions ont lieu dans le cadre du partenariat de l\u2019Institut fran\u00e7ais de Gr\u00e8ce avec le <a href=\"https:\/\/diavlos.grnet.gr\/en\" target=\"_blank\" rel=\"noopener\">service DIAVLOS<\/a> de GRNET<\/li>\n<\/ul>\n","protected":false},"excerpt":{"rendered":"<p>Dans le cadre de la Pr\u00e9sidence fran\u00e7aise de l\u2019Union Europ\u00e9enne et \u00e0 l\u2019occasion de la Journ\u00e9e de l\u2019Europe.<\/p>\n","protected":false},"author":1,"featured_media":43294,"template":"","tags":[],"event_category":[],"event_group":[854],"class_list":["post-37342","event","type-event","status-publish","has-post-thumbnail","hentry","event_group-nuit-des-idees"],"acf":{"sponsors_default":false,"featured_image_credits":"","info_title":"INFORMATIONS D'ACC\u00c8S \u00c0 l'AUDITORIUM THEO ANGELOPOULOS","info_text":"<p>A partir du 1er mai 2022 et suivant les directives des autorit\u00e9s grecques, l\u2019entr\u00e9e \u00e0 l\u2019IFG est libre sans certificat de vaccination ou de r\u00e9tablissement.<\/p>\n<p><strong>Le port du masque est obligatoire<\/strong> dans tous les espaces de l\u2019Institut fran\u00e7ais de Gr\u00e8ce et pendant toute la dur\u00e9e des manifestations.<\/p>\n<p>Pour entrer dans l\u2019IFG, il est n\u00e9cessaire de pr\u00e9senter une pi\u00e8ce d\u2019identit\u00e9 ou un passeport et de se soumettre au contr\u00f4le de tous les bagages \u00e0 main.<\/p>\n","date_range":{"start":"09\/05\/2022","end":"","cancelled":false,"note":"","start_time":"19:00","end_time":""},"details":{"location":"<p>Auditorium Theo Angelopoulos<\/p>\n","hyperlink1a":{"text":"","link":""},"price":"Entr\u00e9e libre","hyperlink2a":{"text":"","link":""},"online_event":false,"live_streaming":true,"live_streaming_code":"<iframe allowfullscreen width=\"640\" height=\"390\" class=\"flowplayer fp-slim fp-edgy\" frameborder=\"0\" scrolling=\"no\" src=\"https:\/\/diavlos.grnet.gr\/en\/room\/3184?eventid=12046&stream_lang=fr&embed=true&width=640\"><\/iframe>","facebook_url":"https:\/\/www.facebook.com\/events\/741891040135877?","hyperlink":{"text":"","link":""},"hyperlink2":{"text":"","link":""},"hyperlink3":{"text":"","link":""},"press_release":false},"home_slider_image":{"ID":37339,"id":37339,"title":"NUITDESIDEES_2022_1300x768","filename":"NUITDESIDEES_2022_1300x768.jpg","filesize":332540,"url":"https:\/\/www.ifg.gr\/wp-content\/uploads\/2021\/12\/NUITDESIDEES_2022_1300x768.jpg","link":"https:\/\/www.ifg.gr\/fr\/events\/nuit-des-idees-2022\/nuitdesidees_2022_1300x768\/","alt":"","author":"1","description":"","caption":"","name":"nuitdesidees_2022_1300x768","status":"inherit","uploaded_to":37342,"date":"2021-12-22 12:45:47","modified":"2021-12-22 12:45:47","menu_order":0,"mime_type":"image\/jpeg","type":"image","subtype":"jpeg","icon":"https:\/\/www.ifg.gr\/wp-includes\/images\/media\/default.png","width":1300,"height":768,"sizes":{"thumbnail":"https:\/\/www.ifg.gr\/wp-content\/uploads\/2021\/12\/NUITDESIDEES_2022_1300x768.jpg","thumbnail-width":150,"thumbnail-height":89,"medium":"https:\/\/www.ifg.gr\/wp-content\/uploads\/2021\/12\/NUITDESIDEES_2022_1300x768.jpg","medium-width":300,"medium-height":177,"medium_large":"https:\/\/www.ifg.gr\/wp-content\/uploads\/2021\/12\/NUITDESIDEES_2022_1300x768-768x454.jpg","medium_large-width":640,"medium_large-height":378,"large":"https:\/\/www.ifg.gr\/wp-content\/uploads\/2021\/12\/NUITDESIDEES_2022_1300x768.jpg","large-width":640,"large-height":378,"1536x1536":"https:\/\/www.ifg.gr\/wp-content\/uploads\/2021\/12\/NUITDESIDEES_2022_1300x768.jpg","1536x1536-width":1300,"1536x1536-height":768,"2048x2048":"https:\/\/www.ifg.gr\/wp-content\/uploads\/2021\/12\/NUITDESIDEES_2022_1300x768.jpg","2048x2048-width":1300,"2048x2048-height":768,"full-width":"https:\/\/www.ifg.gr\/wp-content\/uploads\/2021\/12\/NUITDESIDEES_2022_1300x768.jpg","full-width-width":1300,"full-width-height":768,"sidebar":"https:\/\/www.ifg.gr\/wp-content\/uploads\/2021\/12\/NUITDESIDEES_2022_1300x768.jpg","sidebar-width":1300,"sidebar-height":768,"thumb-sm":"https:\/\/www.ifg.gr\/wp-content\/uploads\/2021\/12\/NUITDESIDEES_2022_1300x768-220x130.jpg","thumb-sm-width":220,"thumb-sm-height":130,"thumb-square":"https:\/\/www.ifg.gr\/wp-content\/uploads\/2021\/12\/NUITDESIDEES_2022_1300x768-300x300.jpg","thumb-square-width":300,"thumb-square-height":300,"thumb-big":"https:\/\/www.ifg.gr\/wp-content\/uploads\/2021\/12\/NUITDESIDEES_2022_1300x768-600x400.jpg","thumb-big-width":600,"thumb-big-height":400,"slider-big":"https:\/\/www.ifg.gr\/wp-content\/uploads\/2021\/12\/NUITDESIDEES_2022_1300x768.jpg","slider-big-width":1300,"slider-big-height":768}},"sponsors_group":false,"layout":false},"yoast_head":"<!-- This site is optimized with the Yoast SEO plugin v26.8 - https:\/\/yoast.com\/product\/yoast-seo-wordpress\/ -->\n<title>La Nuit des id\u00e9es 2022 f\u00eate la Journ\u00e9e de l\u2019Europe<\/title>\n<meta name=\"description\" content=\"Dans le cadre de la Pr\u00e9sidence fran\u00e7aise de l\u2019Union Europ\u00e9enne et a l\u2019occasion de la Journ\u00e9e de l\u2019Europe, l\u2019IFG organise la Nuit des id\u00e9es.\" \/>\n<meta name=\"robots\" content=\"index, follow, max-snippet:-1, max-image-preview:large, max-video-preview:-1\" \/>\n<link rel=\"canonical\" href=\"https:\/\/www.ifg.gr\/events\/nychta-ideon-2022\/\" \/>\n<meta property=\"og:locale\" content=\"fr_FR\" \/>\n<meta property=\"og:type\" content=\"article\" \/>\n<meta property=\"og:title\" content=\"La Nuit des id\u00e9es 2022 f\u00eate la Journ\u00e9e de l\u2019Europe\" \/>\n<meta property=\"og:description\" content=\"Dans le cadre de la Pr\u00e9sidence fran\u00e7aise de l\u2019Union Europ\u00e9enne et a l\u2019occasion de la Journ\u00e9e de l\u2019Europe, l\u2019IFG organise la Nuit des id\u00e9es.\" \/>\n<meta property=\"og:url\" content=\"https:\/\/www.ifg.gr\/events\/nychta-ideon-2022\/\" \/>\n<meta property=\"og:site_name\" content=\"IFG\" \/>\n<meta property=\"article:modified_time\" content=\"2022-05-04T12:22:31+00:00\" \/>\n<meta property=\"og:image\" content=\"https:\/\/www.ifg.gr\/wp-content\/uploads\/2021\/12\/NUITDESIDEES_2022_1200x800-1.jpg\" \/>\n\t<meta property=\"og:image:width\" content=\"1200\" \/>\n\t<meta property=\"og:image:height\" content=\"800\" \/>\n\t<meta property=\"og:image:type\" content=\"image\/jpeg\" \/>\n<meta name=\"twitter:card\" content=\"summary_large_image\" \/>\n<meta name=\"twitter:label1\" content=\"Dur\u00e9e de lecture estim\u00e9e\" \/>\n\t<meta name=\"twitter:data1\" content=\"3 minutes\" \/>\n<script type=\"application\/ld+json\" class=\"yoast-schema-graph\">{\"@context\":\"https:\/\/schema.org\",\"@graph\":[{\"@type\":\"WebPage\",\"@id\":\"https:\/\/www.ifg.gr\/events\/nychta-ideon-2022\/\",\"url\":\"https:\/\/www.ifg.gr\/events\/nychta-ideon-2022\/\",\"name\":\"La Nuit des id\u00e9es 2022 f\u00eate la Journ\u00e9e de l\u2019Europe\",\"isPartOf\":{\"@id\":\"https:\/\/www.ifg.gr\/#website\"},\"primaryImageOfPage\":{\"@id\":\"https:\/\/www.ifg.gr\/events\/nychta-ideon-2022\/#primaryimage\"},\"image\":{\"@id\":\"https:\/\/www.ifg.gr\/events\/nychta-ideon-2022\/#primaryimage\"},\"thumbnailUrl\":\"https:\/\/www.ifg.gr\/wp-content\/uploads\/2021\/12\/NUITDESIDEES_2022_1200x800-1.jpg\",\"datePublished\":\"2021-12-22T12:45:56+00:00\",\"dateModified\":\"2022-05-04T12:22:31+00:00\",\"description\":\"Dans le cadre de la Pr\u00e9sidence fran\u00e7aise de l\u2019Union Europ\u00e9enne et a l\u2019occasion de la Journ\u00e9e de l\u2019Europe, l\u2019IFG organise la Nuit des id\u00e9es.\",\"breadcrumb\":{\"@id\":\"https:\/\/www.ifg.gr\/events\/nychta-ideon-2022\/#breadcrumb\"},\"inLanguage\":\"fr-FR\",\"potentialAction\":[{\"@type\":\"ReadAction\",\"target\":[\"https:\/\/www.ifg.gr\/events\/nychta-ideon-2022\/\"]}]},{\"@type\":\"ImageObject\",\"inLanguage\":\"fr-FR\",\"@id\":\"https:\/\/www.ifg.gr\/events\/nychta-ideon-2022\/#primaryimage\",\"url\":\"https:\/\/www.ifg.gr\/wp-content\/uploads\/2021\/12\/NUITDESIDEES_2022_1200x800-1.jpg\",\"contentUrl\":\"https:\/\/www.ifg.gr\/wp-content\/uploads\/2021\/12\/NUITDESIDEES_2022_1200x800-1.jpg\",\"width\":1200,\"height\":800},{\"@type\":\"BreadcrumbList\",\"@id\":\"https:\/\/www.ifg.gr\/events\/nychta-ideon-2022\/#breadcrumb\",\"itemListElement\":[{\"@type\":\"ListItem\",\"position\":1,\"name\":\"Home\",\"item\":\"https:\/\/www.ifg.gr\/fr\/\"},{\"@type\":\"ListItem\",\"position\":2,\"name\":\"Events\",\"item\":\"https:\/\/www.ifg.gr\/events\/\"},{\"@type\":\"ListItem\",\"position\":3,\"name\":\"La Nuit des id\u00e9es 2022 f\u00eate la Journ\u00e9e de l\u2019Europe\"}]},{\"@type\":\"WebSite\",\"@id\":\"https:\/\/www.ifg.gr\/#website\",\"url\":\"https:\/\/www.ifg.gr\/\",\"name\":\"IFG\",\"description\":\"\",\"potentialAction\":[{\"@type\":\"SearchAction\",\"target\":{\"@type\":\"EntryPoint\",\"urlTemplate\":\"https:\/\/www.ifg.gr\/?s={search_term_string}\"},\"query-input\":{\"@type\":\"PropertyValueSpecification\",\"valueRequired\":true,\"valueName\":\"search_term_string\"}}],\"inLanguage\":\"fr-FR\"}]}<\/script>\n<!-- \/ Yoast SEO plugin. -->","yoast_head_json":{"title":"La Nuit des id\u00e9es 2022 f\u00eate la Journ\u00e9e de l\u2019Europe","description":"Dans le cadre de la Pr\u00e9sidence fran\u00e7aise de l\u2019Union Europ\u00e9enne et a l\u2019occasion de la Journ\u00e9e de l\u2019Europe, l\u2019IFG organise la Nuit des id\u00e9es.","robots":{"index":"index","follow":"follow","max-snippet":"max-snippet:-1","max-image-preview":"max-image-preview:large","max-video-preview":"max-video-preview:-1"},"canonical":"https:\/\/www.ifg.gr\/events\/nychta-ideon-2022\/","og_locale":"fr_FR","og_type":"article","og_title":"La Nuit des id\u00e9es 2022 f\u00eate la Journ\u00e9e de l\u2019Europe","og_description":"Dans le cadre de la Pr\u00e9sidence fran\u00e7aise de l\u2019Union Europ\u00e9enne et a l\u2019occasion de la Journ\u00e9e de l\u2019Europe, l\u2019IFG organise la Nuit des id\u00e9es.","og_url":"https:\/\/www.ifg.gr\/events\/nychta-ideon-2022\/","og_site_name":"IFG","article_modified_time":"2022-05-04T12:22:31+00:00","og_image":[{"width":1200,"height":800,"url":"https:\/\/www.ifg.gr\/wp-content\/uploads\/2021\/12\/NUITDESIDEES_2022_1200x800-1.jpg","type":"image\/jpeg"}],"twitter_card":"summary_large_image","twitter_misc":{"Dur\u00e9e de lecture estim\u00e9e":"3 minutes"},"schema":{"@context":"https:\/\/schema.org","@graph":[{"@type":"WebPage","@id":"https:\/\/www.ifg.gr\/events\/nychta-ideon-2022\/","url":"https:\/\/www.ifg.gr\/events\/nychta-ideon-2022\/","name":"La Nuit des id\u00e9es 2022 f\u00eate la Journ\u00e9e de l\u2019Europe","isPartOf":{"@id":"https:\/\/www.ifg.gr\/#website"},"primaryImageOfPage":{"@id":"https:\/\/www.ifg.gr\/events\/nychta-ideon-2022\/#primaryimage"},"image":{"@id":"https:\/\/www.ifg.gr\/events\/nychta-ideon-2022\/#primaryimage"},"thumbnailUrl":"https:\/\/www.ifg.gr\/wp-content\/uploads\/2021\/12\/NUITDESIDEES_2022_1200x800-1.jpg","datePublished":"2021-12-22T12:45:56+00:00","dateModified":"2022-05-04T12:22:31+00:00","description":"Dans le cadre de la Pr\u00e9sidence fran\u00e7aise de l\u2019Union Europ\u00e9enne et a l\u2019occasion de la Journ\u00e9e de l\u2019Europe, l\u2019IFG organise la Nuit des id\u00e9es.","breadcrumb":{"@id":"https:\/\/www.ifg.gr\/events\/nychta-ideon-2022\/#breadcrumb"},"inLanguage":"fr-FR","potentialAction":[{"@type":"ReadAction","target":["https:\/\/www.ifg.gr\/events\/nychta-ideon-2022\/"]}]},{"@type":"ImageObject","inLanguage":"fr-FR","@id":"https:\/\/www.ifg.gr\/events\/nychta-ideon-2022\/#primaryimage","url":"https:\/\/www.ifg.gr\/wp-content\/uploads\/2021\/12\/NUITDESIDEES_2022_1200x800-1.jpg","contentUrl":"https:\/\/www.ifg.gr\/wp-content\/uploads\/2021\/12\/NUITDESIDEES_2022_1200x800-1.jpg","width":1200,"height":800},{"@type":"BreadcrumbList","@id":"https:\/\/www.ifg.gr\/events\/nychta-ideon-2022\/#breadcrumb","itemListElement":[{"@type":"ListItem","position":1,"name":"Home","item":"https:\/\/www.ifg.gr\/fr\/"},{"@type":"ListItem","position":2,"name":"Events","item":"https:\/\/www.ifg.gr\/events\/"},{"@type":"ListItem","position":3,"name":"La Nuit des id\u00e9es 2022 f\u00eate la Journ\u00e9e de l\u2019Europe"}]},{"@type":"WebSite","@id":"https:\/\/www.ifg.gr\/#website","url":"https:\/\/www.ifg.gr\/","name":"IFG","description":"","potentialAction":[{"@type":"SearchAction","target":{"@type":"EntryPoint","urlTemplate":"https:\/\/www.ifg.gr\/?s={search_term_string}"},"query-input":{"@type":"PropertyValueSpecification","valueRequired":true,"valueName":"search_term_string"}}],"inLanguage":"fr-FR"}]}},"_links":{"self":[{"href":"https:\/\/www.ifg.gr\/fr\/wp-json\/wp\/v2\/event\/37342","targetHints":{"allow":["GET"]}}],"collection":[{"href":"https:\/\/www.ifg.gr\/fr\/wp-json\/wp\/v2\/event"}],"about":[{"href":"https:\/\/www.ifg.gr\/fr\/wp-json\/wp\/v2\/types\/event"}],"author":[{"embeddable":true,"href":"https:\/\/www.ifg.gr\/fr\/wp-json\/wp\/v2\/users\/1"}],"version-history":[{"count":0,"href":"https:\/\/www.ifg.gr\/fr\/wp-json\/wp\/v2\/event\/37342\/revisions"}],"wp:featuredmedia":[{"embeddable":true,"href":"https:\/\/www.ifg.gr\/fr\/wp-json\/wp\/v2\/media\/43294"}],"wp:attachment":[{"href":"https:\/\/www.ifg.gr\/fr\/wp-json\/wp\/v2\/media?parent=37342"}],"wp:term":[{"taxonomy":"post_tag","embeddable":true,"href":"https:\/\/www.ifg.gr\/fr\/wp-json\/wp\/v2\/tags?post=37342"},{"taxonomy":"event_category","embeddable":true,"href":"https:\/\/www.ifg.gr\/fr\/wp-json\/wp\/v2\/event_category?post=37342"},{"taxonomy":"event_group","embeddable":true,"href":"https:\/\/www.ifg.gr\/fr\/wp-json\/wp\/v2\/event_group?post=37342"}],"curies":[{"name":"wp","href":"https:\/\/api.w.org\/{rel}","templated":true}]}}