{"id":37558,"date":"2022-01-21T10:47:33","date_gmt":"2022-01-21T10:47:33","guid":{"rendered":"https:\/\/www.ifg.gr\/?post_type=event&#038;p=37558"},"modified":"2022-01-21T10:48:18","modified_gmt":"2022-01-21T10:48:18","slug":"mif-playlist-01-2022","status":"publish","type":"event","link":"https:\/\/www.ifg.gr\/fr\/events\/mif-playlist-01-2022\/","title":{"rendered":"MIF Playlist 01\/2022"},"content":{"rendered":"<p>Le cycle <strong>MIF<\/strong> (Musique Ind\u00e9pendante Francophone) de l&rsquo;Institut Fran\u00e7ais de Gr\u00e8ce, qui pr\u00e9sente chaque mois une nouvelle playlist, a \u00e9t\u00e9 particuli\u00e8rement appr\u00e9ci\u00e9 lors de sa premi\u00e8re ann\u00e9e et se <strong>poursuit en 2022 avec des d\u00e9couvertes musicales<\/strong> issues toute la francophonie !<\/p>\n<p>En janvier, d\u00e9couvrez des cr\u00e9ateurs ind\u00e9pendants, des groupes et des labels des quatre coins du monde francophone : de Paris au Burkina Faso, en passant par le Qu\u00e9bec et la Tunisie. De nouveaux artistes mais aussi des peronnalit\u00e9s comme l&rsquo;acteur Daniel Auteuil, qui appara\u00eet ici avec son premier album en tant que chanteur, composent une riche playlist qui nous accompagnera lors des journ\u00e9es d&rsquo;hiver froides.<\/p>\n<p><a href=\"https:\/\/www.costasandreou.com\" target=\"_blank\" rel=\"noopener noreferrer\">Costas Andreou<\/a> signe la programmation musicale, avec chaque playlist MIF proposant des genres musicaux diff\u00e9rents et organis\u00e9e de telle mani\u00e8re que le public puisse approfondir l\u2019\u00e9coute des morceaux qui l\u2019int\u00e9ressent. Chaque morceau de la playlist a un lien dirigeant vers l\u2019album complet, tel qu\u2019il est disponible sur la plateforme Bandcamp, pour l\u2019achat du morceau ou de l\u2019album dans lequel il est inclus.<\/p>\n<h3>MIF Playlist 1 \/ Janvier 2022<\/h3>\n<p><strong>Ottis C\u0153ur<\/strong><br \/>\nJe marche derri\u00e8re toi<\/p>\n<p><iframe style=\"border: 0; width: 100%; height: 120px;\" src=\"https:\/\/bandcamp.com\/EmbeddedPlayer\/album=1608542450\/size=large\/bgcol=ffffff\/linkcol=0687f5\/tracklist=false\/artwork=small\/track=1098846704\/transparent=true\/\" seamless=\"\"><a href=\"https:\/\/ottiscoeur.bandcamp.com\/album\/juste-derri-re-toi\">Juste Derri\u00e8re Toi by Ottis C\u0153ur<\/a><\/iframe><br \/>\nLe duo Ottis C\u0153ur est n\u00e9 \u00e0 Paris autour de Margaux (guitare, voix) et Camille (basse, voix) et fait des chansons garage dynamiques. Leur EP intitul\u00e9 Juste Derri\u00e8re Toi est sorti le 26 novembre 2021 et se compose de 5 titres francophones \u00e0 la physionomie pop et aux riches sons de guitare \u00e9lectrique, de basse rythmique et de batterie rock.<\/p>\n<p><a href=\"https:\/\/ottiscoeur.bandcamp.com\" target=\"_blank\" rel=\"noopener\">https:\/\/ottiscoeur.bandcamp.com<\/a><\/p>\n<p>&nbsp;<\/p>\n<p><strong>Daniel Auteuil<\/strong><br \/>\nSa\u00efgon<\/p>\n<p><iframe style=\"border: 0; width: 100%; height: 120px;\" src=\"https:\/\/bandcamp.com\/EmbeddedPlayer\/album=3070526508\/size=large\/bgcol=ffffff\/linkcol=0687f5\/tracklist=false\/artwork=small\/track=2455655954\/transparent=true\/\" seamless=\"\"><a href=\"https:\/\/danielauteuil.bandcamp.com\/album\/si-vous-maviez-connu\">Si vous m&rsquo;aviez connu by Daniel Auteuil<\/a><\/iframe><br \/>\nDaniel Auteuil, apr\u00e8s une carri\u00e8re de plus de 50 ans en tant qu&rsquo;acteur, pr\u00e9sente sa premi\u00e8re \u0153uvre en tant que chanteur, avec une interpr\u00e9tation \u00e9motionnelle et romantique. L&rsquo;album Si vous m&rsquo;aviez connu est sorti le 17 septembre 2021, avec 11 compositions de Ga\u00ebtan Roussel et des textes bas\u00e9s sur les po\u00e8tes pr\u00e9f\u00e9r\u00e9s de Daniel Auteuil.<\/p>\n<p><a href=\"https:\/\/danielauteuil.bandcamp.com\" target=\"_blank\" rel=\"noopener\">https:\/\/danielauteuil.bandcamp.com<\/a><\/p>\n<p>&nbsp;<\/p>\n<p><strong>Toan&rsquo;co<\/strong><br \/>\nMon \u00c9poque<\/p>\n<p><iframe style=\"border: 0; width: 100%; height: 120px;\" src=\"https:\/\/bandcamp.com\/EmbeddedPlayer\/album=3535044874\/size=large\/bgcol=ffffff\/linkcol=0687f5\/tracklist=false\/artwork=small\/track=816185333\/transparent=true\/\" seamless=\"\"><a href=\"https:\/\/toanco.bandcamp.com\/album\/synopsis\">Synopsis by Toan&rsquo;co<\/a><\/iframe><br \/>\nAntoine Cognet et R\u00e9mi Pagni de Paris ont cr\u00e9\u00e9 un duo \u00e0 l&rsquo;alchimie tr\u00e8s forte. Leurs chansons ont du caract\u00e8re et combinent divers \u00e9l\u00e9ments du slam, du beatbox et de la chanson fran\u00e7aise contemporaine. Leur premi\u00e8re sortie intitul\u00e9e Synopsis, enregistr\u00e9e \u00e0 Auvernis et sortie le 19 mars 2021, est compos\u00e9e de 5 titres avec leurs propres compositions et arrangements.<\/p>\n<p><a href=\"https:\/\/toanco.bandcamp.com\" target=\"_blank\" rel=\"noopener\">https:\/\/toanco.bandcamp.com<\/a><\/p>\n<p>&nbsp;<\/p>\n<p><strong>Pays P.<\/strong><br \/>\nLents clochers<\/p>\n<p><iframe style=\"border: 0; width: 100%; height: 120px;\" src=\"https:\/\/bandcamp.com\/EmbeddedPlayer\/album=4004686069\/size=large\/bgcol=ffffff\/linkcol=0687f5\/tracklist=false\/artwork=small\/track=180773187\/transparent=true\/\" seamless=\"\"><a href=\"https:\/\/gravitymusicrecords.bandcamp.com\/album\/pays-p\">Pays P. by Pays P.<\/a><\/iframe><br \/>\nLe trio Pays P. de Paris est compos\u00e9 de Laura Boullic (paroles, voix), Lucas Valero (guitare) et Pablo Valero (batterie). Ils font de la musique rock sombre, soutenant l&rsquo;interpr\u00e9tation po\u00e9tique de Laura Boullic avec des sons de guitare \u00e9lectrique agressifs et une \u00e9nergie hardcore. Leur album \u00e9ponyme est sorti le 17 f\u00e9vrier 2020 et comprend 7 chansons.<\/p>\n<p><a href=\"https:\/\/gravitymusicrecords.bandcamp.com\/album\/pays-p\" target=\"_blank\" rel=\"noopener\">https:\/\/gravitymusicrecords.bandcamp.com\/album\/pays-p<\/a><br \/>\n<a href=\"https:\/\/payspaix.com\" target=\"_blank\" rel=\"noopener\">https:\/\/payspaix.com<\/a><\/p>\n<p>&nbsp;<\/p>\n<p><strong>Junes<\/strong><br \/>\nD\u00e9rives<\/p>\n<p><iframe style=\"border: 0; width: 100%; height: 120px;\" src=\"https:\/\/bandcamp.com\/EmbeddedPlayer\/album=2527528418\/size=large\/bgcol=ffffff\/linkcol=0687f5\/tracklist=false\/artwork=small\/track=261767912\/transparent=true\/\" seamless=\"\"><a href=\"https:\/\/icijunes.bandcamp.com\/album\/ok\">Ok by Junes<\/a><\/iframe><br \/>\nL&rsquo;auteure-compositrice-interpr\u00e8te June de Montr\u00e9al allie dynamisme et sensibilit\u00e9, cr\u00e9ant son propre univers folk et alternatif, centr\u00e9 sur sa voix caract\u00e9ristique. Sa sortie intitul\u00e9e OK, sortie le 8 octobre 2021, est compos\u00e9e de 5 titres o\u00f9 dominent ses lignes m\u00e9lodiques m\u00e9lancoliques.<\/p>\n<p><a href=\"https:\/\/icijunes.bandcamp.com\" target=\"_blank\" rel=\"noopener\">https:\/\/icijunes.bandcamp.com<\/a><\/p>\n<p>&nbsp;<\/p>\n<p><strong>Super Sapiens<\/strong><br \/>\nGarde le cap<\/p>\n<p><iframe style=\"border: 0; width: 100%; height: 120px;\" src=\"https:\/\/bandcamp.com\/EmbeddedPlayer\/album=1202312225\/size=large\/bgcol=ffffff\/linkcol=0687f5\/tracklist=false\/artwork=small\/track=1077089642\/transparent=true\/\" seamless=\"\"><a href=\"https:\/\/supersapiens.bandcamp.com\/album\/super-sapiens\">SUPER SAPIENS by Super Sapiens<\/a><\/iframe><br \/>\nDjango Rey (guitare, cavaquinho, contrebasse, voix) et Vincent Bouas (batterie, guitare, trompette, voix) sont les cr\u00e9ateurs du groupe alternatif grenoblois Super Sapiens. Ils passent de la pop au rap de mani\u00e8re cr\u00e9ative, avec la po\u00e9sie comme principal outil. Leur album \u00e9ponyme sorti le 18 novembre 2021 comprend 11 chansons au style narratif.<\/p>\n<p><a href=\"https:\/\/supersapiens.bandcamp.com\" target=\"_blank\" rel=\"noopener\">https:\/\/supersapiens.bandcamp.com<\/a><\/p>\n<p>&nbsp;<\/p>\n<p><strong>Vulgaires Machins<\/strong><br \/>\nAimer le mal<\/p>\n<p><iframe style=\"border: 0; width: 100%; height: 120px;\" src=\"https:\/\/bandcamp.com\/EmbeddedPlayer\/album=1324703138\/size=large\/bgcol=ffffff\/linkcol=0687f5\/tracklist=false\/artwork=small\/track=2842057912\/transparent=true\/\" seamless=\"\"><a href=\"https:\/\/lesvulgairesmachins.bandcamp.com\/album\/vulgaires-machins-acoustique\">Vulgaires Machins (Acoustique) by Vulgaires Machins<\/a><\/iframe><br \/>\nLe groupe punk rock Vulgaires Machins s&rsquo;est form\u00e9 \u00e0 la fin des ann\u00e9es 90 \u00e0 Montr\u00e9al et n&rsquo;a cess\u00e9 d&rsquo;\u00eatre actif depuis. Le 6 septembre 2011, ils ont sorti un album \u00e9ponyme avec des versions acoustiques de 11 de leurs propres chansons. Le groupe est compos\u00e9 de Guillaume Beauregard (guitare, chant), Marie-Eve Roy (guitare, chant, piano), Maxime Beauregard (basse), Patrick Landry (batterie, percussions) et Werner F. (ukul\u00e9l\u00e9, guitare dobro).<\/p>\n<p><a href=\"https:\/\/www.vulgairesmachins.ca\" target=\"_blank\" rel=\"noopener\">https:\/\/www.vulgairesmachins.ca<\/a><br \/>\n<a href=\"https:\/\/lesvulgairesmachins.bandcamp.com\" target=\"_blank\" rel=\"noopener\">https:\/\/lesvulgairesmachins.bandcamp.com<\/a><\/p>\n<p>&nbsp;<\/p>\n<p><strong>Gilles Bernard<\/strong><br \/>\nLe cambrigor<\/p>\n<p><iframe style=\"border: 0; width: 100%; height: 120px;\" src=\"https:\/\/bandcamp.com\/EmbeddedPlayer\/album=1121708833\/size=large\/bgcol=ffffff\/linkcol=0687f5\/tracklist=false\/artwork=small\/track=3856553524\/transparent=true\/\" seamless=\"\"><a href=\"https:\/\/gbjazz.bandcamp.com\/album\/fr-quence-119\">Fr\u00e9quence 119 by Gilles Bernard Quartet<\/a><\/iframe><br \/>\nLe pianiste et compositeur Gilles Bernard a travaill\u00e9 avec de nombreux musiciens parmi les plus renomm\u00e9s de la sc\u00e8ne jazz nord-am\u00e9ricaine. L&rsquo;album Fr\u00e9quence 119 enregistr\u00e9 avec son quartet est sorti le 12 juillet 2018 et comprend 5 de ses propres compositions qui combinent des sons de jazz classique avec des formes et des harmonies contemporaines. En plus de lui-m\u00eame au piano, Pierre Cot\u00e9 (contrebasse), Thiago Fert\u00e9 (saxophone t\u00e9nor) et Louis-Vincent Hamel (batterie) ont particip\u00e9 aux enregistrements.<\/p>\n<p><a href=\"https:\/\/www.gillesbernardjazz.com\" target=\"_blank\" rel=\"noopener\">https:\/\/www.gillesbernardjazz.com<\/a><br \/>\n<a href=\"https:\/\/gbjazz.bandcamp.com\" target=\"_blank\" rel=\"noopener\">https:\/\/gbjazz.bandcamp.com<\/a><\/p>\n<p>&nbsp;<\/p>\n<p><strong>La Granja<\/strong><br \/>\nDonnerai-je mon coeur<\/p>\n<p><iframe style=\"border: 0; width: 100%; height: 120px;\" src=\"https:\/\/bandcamp.com\/EmbeddedPlayer\/album=56448108\/size=large\/bgcol=ffffff\/linkcol=0687f5\/tracklist=false\/artwork=small\/track=2649394857\/transparent=true\/\" seamless=\"\"><a href=\"https:\/\/lagranja.bandcamp.com\/album\/rondes-dan-as-redondas\">Rondes, Dan\u00e7as Redondas by La Granja<\/a><\/iframe><br \/>\nLe groupe artistique La Granja a \u00e9t\u00e9 cr\u00e9\u00e9 en 2006 dans la pr\u00e9fecture du Lot, dans le sud-ouest de la France, en Occitanie. Son objectif principal est la protection, l&rsquo;\u00e9tude et la promotion de la musique et de la tradition orale. L&rsquo;album Rondes, Dan\u00e7as Redondas, sorti le 15 octobre 2021, se compose de 25 interpr\u00e9tations acoustiques vivantes de chansons. Des dizaines de musiciens de Bretagne, d&rsquo;Avignon et d&rsquo;Occitanie ont particip\u00e9 aux enregistrements.<\/p>\n<p><a href=\"https:\/\/www.associationlagranja.com\" target=\"_blank\" rel=\"noopener\">https:\/\/www.associationlagranja.com<\/a><br \/>\n<a href=\"https:\/\/lagranja.bandcamp.com\" target=\"_blank\" rel=\"noopener\">https:\/\/lagranja.bandcamp.com<\/a><\/p>\n<p>&nbsp;<\/p>\n<p><strong>KOMBO<\/strong><br \/>\nTizane Amar\u00e9<\/p>\n<p><iframe style=\"border: 0; width: 100%; height: 120px;\" src=\"https:\/\/bandcamp.com\/EmbeddedPlayer\/album=3545526235\/size=large\/bgcol=ffffff\/linkcol=0687f5\/tracklist=false\/artwork=small\/track=2344308348\/transparent=true\/\" seamless=\"\"><a href=\"https:\/\/kombokombo.bandcamp.com\/album\/tizane-amar\">Tizane Amar\u00e9 by KOMBO<\/a><\/iframe><br \/>\nLe groupe Kombo, originaire de l&rsquo;\u00eele volcanique de la R\u00e9union dans l&rsquo;oc\u00e9an Indien, fait une musique color\u00e9e alliant le maloya traditionnel au jazz et \u00e0 l&rsquo;indie pop. Tizane Amar\u00e9, sortie le 30 avril 2021, comprend 5 chansons \u00e0 la fra\u00eecheur typique de la sc\u00e8ne world. Le groupe est compos\u00e9 de M\u00e9lanie Bourire (chant, percussions), Frank Paco (batterie, percussions), Lise Van Dooren (claviers) et Adrien Pigeat (guitare), Youric Delacuvellerie (guitare) et Julien Gr\u00e9goire (fl\u00fbte) ont particip\u00e9 aux enregistrements de l&rsquo;album.<\/p>\n<p><a href=\"https:\/\/kombokombo.bandcamp.com\/album\/tizane-amar\" target=\"_blank\" rel=\"noopener\">https:\/\/kombokombo.bandcamp.com\/album\/tizane-amar<\/a><\/p>\n<p>&nbsp;<\/p>\n<p><strong>Quimorucru<\/strong><br \/>\nVeiller les Murs<\/p>\n<p><iframe style=\"border: 0; width: 100%; height: 120px;\" src=\"https:\/\/bandcamp.com\/EmbeddedPlayer\/album=2594746637\/size=large\/bgcol=ffffff\/linkcol=0687f5\/tracklist=false\/artwork=small\/track=4229056726\/transparent=true\/\" seamless=\"\"><a href=\"https:\/\/quimorucru.bandcamp.com\/album\/le-gin-de-la-vieille-usine\">Le Gin de la Vieille Usine by Quimorucru<\/a><\/iframe><br \/>\nLe groupe Quimorucru trouve ses racines aux confins de la p\u00e9ninsule gasp\u00e9sienne, dans l&rsquo;est du Qu\u00e9bec. Elle combine des \u00e9l\u00e9ments de la musique des premiers colons fran\u00e7ais des 17e et 18e si\u00e8cles, de la musique irlandaise et des ballades en langue fran\u00e7aise dans le style de l&rsquo;idiome cajun. L&rsquo;album Le Gin de la Vieille Usine, sorti le 3 d\u00e9cembre 2021, est compos\u00e9 de 8 chansons live impr\u00e9gn\u00e9es de l&rsquo;esprit de la country francophone.<\/p>\n<p><a href=\"https:\/\/quimorucru.bandcamp.com\" target=\"_blank\" rel=\"noopener\">https:\/\/quimorucru.bandcamp.com<\/a><br \/>\n<a href=\"http:\/\/www.quimorucru.com\" target=\"_blank\" rel=\"noopener\">http:\/\/www.quimorucru.com<\/a><\/p>\n<p>&nbsp;<\/p>\n<p><strong>Kelegba<\/strong><br \/>\nYinga<\/p>\n<p><iframe style=\"border: 0; width: 100%; height: 120px;\" src=\"https:\/\/bandcamp.com\/EmbeddedPlayer\/album=3931477052\/size=large\/bgcol=ffffff\/linkcol=0687f5\/tracklist=false\/artwork=small\/track=356744743\/transparent=true\/\" seamless=\"\"><a href=\"https:\/\/kelegba.bandcamp.com\/album\/r-silience-2\">R\u00e9silience by KELEGBA<\/a><\/iframe><br \/>\nKelegba est l&rsquo;\u0153uvre du musicien et compositeur Guy Sindikelegba Yam\u00e9ogo, originaire du Burkina Faso. Dans son album intitul\u00e9 R\u00e9silience, sorti le 4 janvier 2022, il fait cohabiter l&rsquo;afro fusion avec la musique world et le jazz et la musique funk, avec le rythme au premier plan.<\/p>\n<p><a href=\"https:\/\/kelegba.bandcamp.com\" target=\"_blank\" rel=\"noopener\">https:\/\/kelegba.bandcamp.com<\/a><\/p>\n<p>&nbsp;<\/p>\n<p><strong>Wonderbach<\/strong><br \/>\nFicus religiosa<\/p>\n<p><iframe style=\"border: 0; width: 100%; height: 120px;\" src=\"https:\/\/bandcamp.com\/EmbeddedPlayer\/album=220421057\/size=large\/bgcol=ffffff\/linkcol=0687f5\/tracklist=false\/artwork=small\/track=2900441277\/transparent=true\/\" seamless=\"\"><a href=\"https:\/\/collectifcoax.bandcamp.com\/album\/lumi-re-eau-et-min-raux\">Lumi\u00e8re, eau et min\u00e9raux by Wonderbach<\/a><\/iframe><br \/>\nLe groupe d&rsquo;improvisation Wonderbach est compos\u00e9 de Marie Takahashi (violon), Yann Joussein (batterie), Olivia Scemama (contrebasse) et Manuel Adnot (guitare). Ayant chacun un parcours diff\u00e9rent, ils combinent des \u00e9l\u00e9ments de musique contemporaine alternative, classique et jazz. Leur album Lumi\u00e8re, eau et min\u00e9raux, sorti le 6 f\u00e9vrier 2020, est compos\u00e9 de 8 titres r\u00e9alis\u00e9s au son d&rsquo;instruments acoustiques.<\/p>\n<p><a href=\"https:\/\/collectifcoax.bandcamp.com\/album\/lumi-re-eau-et-min-raux\" target=\"_blank\" rel=\"noopener\">https:\/\/collectifcoax.bandcamp.com\/album\/lumi-re-eau-et-min-raux<\/a><\/p>\n<p>&nbsp;<\/p>\n<p><strong>L&rsquo;Effondras<\/strong><br \/>\nPhal\u00e8ne<\/p>\n<p><iframe style=\"border: 0; width: 100%; height: 120px;\" src=\"https:\/\/bandcamp.com\/EmbeddedPlayer\/album=3931208672\/size=large\/bgcol=ffffff\/linkcol=0687f5\/tracklist=false\/artwork=small\/track=3186367733\/transparent=true\/\" seamless=\"\"><a href=\"https:\/\/noiseparade.bandcamp.com\/album\/les-flavescences\">Les Flavescences by L&rsquo;Effondras<\/a><\/iframe><br \/>\nLe trio L&rsquo;Effondras est n\u00e9 \u00e0 Bourg en Bresse, en France. Il r\u00e9alise des compositions post rock avec un esprit exp\u00e9rimental et base sa musique sur des formes alternatives dynamiques. La sortie Les Flavescences est sortie le 3 mars 2017 et comprend 4 titres sans paroles, avec des riffs forts qui dominent ce m\u00e9lange.<\/p>\n<p><a href=\"https:\/\/noiseparade.bandcamp.com\/album\/les-flavescences\" target=\"_blank\" rel=\"noopener\">https:\/\/noiseparade.bandcamp.com\/album\/les-flavescences<\/a><br \/>\n<a href=\"https:\/\/www.leffondras.fr\" target=\"_blank\" rel=\"noopener\">https:\/\/www.leffondras.fr<\/a><\/p>\n<p>&nbsp;<\/p>\n<p><strong>Last Night<\/strong><br \/>\nMagn\u00e9tique<\/p>\n<p><iframe style=\"border: 0; width: 100%; height: 120px;\" src=\"https:\/\/bandcamp.com\/EmbeddedPlayer\/album=4014927375\/size=large\/bgcol=ffffff\/linkcol=0687f5\/tracklist=false\/artwork=small\/track=2560019024\/transparent=true\/\" seamless=\"\"><a href=\"https:\/\/lastfuckinnight.bandcamp.com\/album\/derni-re-nuit\">Derni\u00e8re Nuit by LAST NIGHT<\/a><\/iframe><br \/>\nLe groupe Last Night de Paris joue de la musique power punk, synth\u00e9tisant les caract\u00e9ristiques de la sc\u00e8ne punk fran\u00e7aise de ces derni\u00e8res ann\u00e9es, avec de nombreuses formes classiques de rock &lsquo;n&rsquo; roll et de garage. Leur album Derni\u00e8re Nuit est sorti le 18 juin 2021 et se compose de 7 chansons francophones.<\/p>\n<p><a href=\"https:\/\/lastfuckinnight.bandcamp.com\/album\/derni-re-nuit\" target=\"_blank\" rel=\"noopener\">https:\/\/lastfuckinnight.bandcamp.com\/album\/derni-re-nuit<\/a><\/p>\n<p>&nbsp;<\/p>\n<p><strong>Caravane<\/strong><br \/>\nLa nuit arc-en-ciel<\/p>\n<p><iframe style=\"border: 0; width: 100%; height: 120px;\" src=\"https:\/\/bandcamp.com\/EmbeddedPlayer\/album=2946216108\/size=large\/bgcol=ffffff\/linkcol=0687f5\/tracklist=false\/artwork=small\/track=1396534135\/transparent=true\/\" seamless=\"\"><a href=\"https:\/\/caravane.bandcamp.com\/album\/supernova\">Supernova by Caravane<\/a><\/iframe><br \/>\nLe groupe francophone qu\u00e9b\u00e9cois Caravane a d\u00e9but\u00e9 en 2013 et a trouv\u00e9 son propre son pop rock. Le groupe comprend Dominic Pelletier (voix, guitare, piano, synth\u00e9tiseurs), Rapha\u00ebl Potvin (basse, synth\u00e9tiseurs), William Duguay-Drouin (batterie) et Guillaume M\u00e9thot (guitare). La sortie Supernova, sortie le 9 novembre 2018, comprend 13 de leurs propres compositions dans des styles indie et alternatif.<\/p>\n<p><a href=\"https:\/\/caravane.bandcamp.com\" target=\"_blank\" rel=\"noopener\">https:\/\/caravane.bandcamp.com<\/a><\/p>\n<p>&nbsp;<\/p>\n<p><strong>DA\u00cfDA<\/strong><br \/>\nLa nova<\/p>\n<p><iframe style=\"border: 0; width: 100%; height: 120px;\" src=\"https:\/\/bandcamp.com\/EmbeddedPlayer\/album=1483533689\/size=large\/bgcol=ffffff\/linkcol=0687f5\/tracklist=false\/artwork=small\/track=3465040999\/transparent=true\/\" seamless=\"\"><a href=\"https:\/\/daidamusique.bandcamp.com\/album\/la-passion-du-cri-kyrielle\">La Passion Du Cri (Kyrielle) by DA\u00cfDA<\/a><\/iframe><br \/>\nDA\u00cfDA est un groupe de jazz moderne de Paris. Il est compos\u00e9 de Vincent Tortiller (batterie), Samuel F&rsquo;hima (basse), Antonin Fresson (guitare), Auxane Cartigny (piano, synth\u00e9) et Arno de Casanove (trompette). Il combine des sons \u00e9lectriques avec le jazz progressif d&rsquo;aujourd&rsquo;hui. Leur album La Passion Du Cri (Kyrielle) est sorti le 11 juin 2021 et se compose de 10 titres pleins d&rsquo;\u00e9nergie et de dynamisme.<\/p>\n<p><a href=\"https:\/\/daidamusique.bandcamp.com\" target=\"_blank\" rel=\"noopener\">https:\/\/daidamusique.bandcamp.com<\/a><\/p>\n<p>&nbsp;<\/p>\n<p><strong>Sabani<\/strong><br \/>\nSiraba<\/p>\n<p><iframe style=\"border: 0; width: 100%; height: 120px;\" src=\"https:\/\/bandcamp.com\/EmbeddedPlayer\/album=2166085890\/size=large\/bgcol=ffffff\/linkcol=0687f5\/tracklist=false\/artwork=small\/track=4287105797\/transparent=true\/\" seamless=\"\"><a href=\"https:\/\/sabani3.bandcamp.com\/album\/sabani\">Sabani by Sabani<\/a><\/iframe><br \/>\nSabani signifie trio, rencontre \u00e0 trois ou voyage \u00e0 trois dans la langue dioula d&rsquo;Afrique de l&rsquo;Ouest. Et ce terme, repr\u00e9sente tr\u00e8s bien l&rsquo;histoire qui a commenc\u00e9 en 2014 au Burkina Faso avec la rencontre des musiciens du groupe. Ils font des ballades en fran\u00e7ais avec une ambiance blues, du hip hop avec des \u00e9l\u00e9ments africains, des rythmes remplis d&rsquo;instruments traditionnels et des sons plus contemporains. Leur album \u00e9ponyme est sorti le 10 janvier 2022 et comprend 5 compositions, avec un \u00e9quilibre entre \u00e9l\u00e9ments traditionnels et \u00e9lectro occidentale.<\/p>\n<p><a href=\"https:\/\/sabani3.bandcamp.com\" target=\"_blank\" rel=\"noopener\">https:\/\/sabani3.bandcamp.com<\/a><\/p>\n<p>&nbsp;<\/p>\n<p><strong>Jasser Haj Yousse<br \/>\n<\/strong>Friggya<\/p>\n<p><iframe style=\"border: 0; width: 100%; height: 120px;\" src=\"https:\/\/bandcamp.com\/EmbeddedPlayer\/album=2236293688\/size=large\/bgcol=ffffff\/linkcol=0687f5\/tracklist=false\/artwork=small\/track=2192525888\/transparent=true\/\" seamless=\"\"><a href=\"https:\/\/jasserhajyoussef.bandcamp.com\/album\/sira-2\">Sira by Jasser Haj Youssef<\/a><\/iframe><br \/>\nLe musicien et compositeur Jasser Haj Youssef est originaire de Tunisie et joue du violon classique et de la viole d&rsquo;amour, un instrument \u00e0 cordes qui, gr\u00e2ce \u00e0 ses cordes sympathiques, est bien adapt\u00e9 aux formes de la musique arabe. Sur l&rsquo;album Sira, sorti le 28 d\u00e9cembre 2021 avec 16 titres, il m\u00eale des \u00e9l\u00e9ments de musique classique, de jazz et d&rsquo;idiomes du monde. Outre lui-m\u00eame, David Linx (voix), Ga\u00ebl Cadoux (piano), Christophe Wallemme (contrebasse), Arnaud Dolmen (batterie), St\u00e9phane Edouard (percussion), Youssef Hbeisch (percussion) et Diogal (voix) ont particip\u00e9 aux enregistrements.<\/p>\n<p><a href=\"https:\/\/jasserhajyoussef.bandcamp.com\" target=\"_blank\" rel=\"noopener\">https:\/\/jasserhajyoussef.bandcamp.com<\/a><\/p>\n<p>&nbsp;<\/p>\n<p><strong>Yvon Rosier<\/strong><br \/>\nLes mains vides<\/p>\n<p><iframe style=\"border: 0; width: 100%; height: 120px;\" src=\"https:\/\/bandcamp.com\/EmbeddedPlayer\/album=1360139031\/size=large\/bgcol=ffffff\/linkcol=0687f5\/tracklist=false\/artwork=small\/track=387845910\/transparent=true\/\" seamless=\"\"><a href=\"https:\/\/yvonrosier.bandcamp.com\/album\/des-vies-de-dingues\">Des vies de dingues by Yvon Rosier<\/a><\/iframe><br \/>\nLe po\u00e8te et chanteur Yvon Rosier, originaire de Grignan, utilise la souplesse de la langue fran\u00e7aise pour pr\u00e9senter ses th\u00e8mes et sa vision du monde avec sensibilit\u00e9, style personnel et humour. Sorti le 15 novembre 2021, Des vies de dingues propose 15 titres bas\u00e9s sur les arrangements du guitariste Pierrejean Gaucher, avec des sons acoustiques, des formes pop, jazz et swing. Un groupe de musiciens bien rod\u00e9s a particip\u00e9 aux enregistrements avec Pierrejean Gaucher (guitares, basse, instruments divers), Patrick Guillot (accord\u00e9on), Eric Longsworth (violoncelle), Dominique Bouchery (clarinette, clarinette basse), Paul Vergier (saxophone t\u00e9nor), Mathieu Poncet (fl\u00fbte), Benoit Renard (piano \u00e9lectrique, orgue), Laurent Cokelaere (basse), Philippe Euvrard (contrebasse), Damien Jourdan : percussion), Mamia Cherif (voix) et Nicolas Layani (voix).<\/p>\n<p><a href=\"https:\/\/yvonrosier.bandcamp.com\" target=\"_blank\" rel=\"noopener\">https:\/\/yvonrosier.bandcamp.com<\/a><\/p>\n","protected":false},"excerpt":{"rendered":"<p>Le cycle MIF (Musique Ind\u00e9pendante Francophone) se poursuit en 2022 avec des d\u00e9couvertes musicales issues toute la francophonie !<\/p>\n","protected":false},"author":1,"featured_media":37556,"template":"","tags":[954,956,981,993],"event_category":[984],"event_group":[],"class_list":["post-37558","event","type-event","status-publish","has-post-thumbnail","hentry","tag-mif-fr","tag-playlist-fr","tag-musique-independante-francophone-fr","tag-musique-independante-francophone-fr-2","event_category-musique"],"acf":{"sponsors_default":false,"featured_image_credits":"","info_title":"","info_text":"","date_range":{"start":"01\/01\/2022","end":"31\/01\/2022","cancelled":false,"note":"","start_time":"","end_time":""},"details":{"location":"","hyperlink1a":{"text":"D\u00e9couvrez la playlist sur YouTube","link":"https:\/\/www.youtube.com\/watch?v=kGCkJYTiuPw&list=PLNKgb6skYnUTcm-7_zhJzs9mZ5_zs3wT3"},"price":"","hyperlink2a":{"text":"D\u00e9couvrez la playlist sur Spotify","link":"https:\/\/open.spotify.com\/playlist\/3ELBK1JMDofHyQx3yfjFgs"},"online_event":false,"live_streaming":false,"live_streaming_code":"","facebook_url":"","hyperlink":{"text":"D\u00e9couvrez la playlist sur Deezer","link":""},"hyperlink2":{"text":"","link":""},"hyperlink3":{"text":"","link":""},"press_release":false},"home_slider_image":false,"sponsors_group":false,"layout":false},"yoast_head":"<!-- This site is optimized with the Yoast SEO plugin v26.8 - https:\/\/yoast.com\/product\/yoast-seo-wordpress\/ -->\n<title>MIF Playlist 01\/2022 - Musique Ind\u00e9pendante Francophone<\/title>\n<meta name=\"description\" content=\"Le cycle MIF (Musique Ind\u00e9pendante Francophone) se poursuit en 2022 avec des d\u00e9couvertes musicales issues toute la francophonie !\" \/>\n<meta name=\"robots\" content=\"index, follow, max-snippet:-1, max-image-preview:large, max-video-preview:-1\" \/>\n<link rel=\"canonical\" href=\"https:\/\/www.ifg.gr\/events\/mif-playlist-01-2022\/\" \/>\n<meta property=\"og:locale\" content=\"fr_FR\" \/>\n<meta property=\"og:type\" content=\"article\" \/>\n<meta property=\"og:title\" content=\"MIF Playlist 01\/2022 - Musique Ind\u00e9pendante Francophone\" \/>\n<meta property=\"og:description\" content=\"Le cycle MIF (Musique Ind\u00e9pendante Francophone) se poursuit en 2022 avec des d\u00e9couvertes musicales issues toute la francophonie !\" \/>\n<meta property=\"og:url\" content=\"https:\/\/www.ifg.gr\/events\/mif-playlist-01-2022\/\" \/>\n<meta property=\"og:site_name\" content=\"IFG\" \/>\n<meta property=\"article:modified_time\" content=\"2022-01-21T10:48:18+00:00\" \/>\n<meta property=\"og:image\" content=\"https:\/\/www.ifg.gr\/wp-content\/uploads\/2022\/01\/MIF-Banner.jpg\" \/>\n\t<meta property=\"og:image:width\" content=\"1350\" \/>\n\t<meta property=\"og:image:height\" content=\"800\" \/>\n\t<meta property=\"og:image:type\" content=\"image\/jpeg\" \/>\n<meta name=\"twitter:card\" content=\"summary_large_image\" \/>\n<meta name=\"twitter:label1\" content=\"Dur\u00e9e de lecture estim\u00e9e\" \/>\n\t<meta name=\"twitter:data1\" content=\"8 minutes\" \/>\n<script type=\"application\/ld+json\" class=\"yoast-schema-graph\">{\"@context\":\"https:\/\/schema.org\",\"@graph\":[{\"@type\":\"WebPage\",\"@id\":\"https:\/\/www.ifg.gr\/events\/mif-playlist-01-2022\/\",\"url\":\"https:\/\/www.ifg.gr\/events\/mif-playlist-01-2022\/\",\"name\":\"MIF Playlist 01\/2022 - Musique Ind\u00e9pendante Francophone\",\"isPartOf\":{\"@id\":\"https:\/\/www.ifg.gr\/#website\"},\"primaryImageOfPage\":{\"@id\":\"https:\/\/www.ifg.gr\/events\/mif-playlist-01-2022\/#primaryimage\"},\"image\":{\"@id\":\"https:\/\/www.ifg.gr\/events\/mif-playlist-01-2022\/#primaryimage\"},\"thumbnailUrl\":\"https:\/\/www.ifg.gr\/wp-content\/uploads\/2022\/01\/MIF-Banner.jpg\",\"datePublished\":\"2022-01-21T10:47:33+00:00\",\"dateModified\":\"2022-01-21T10:48:18+00:00\",\"description\":\"Le cycle MIF (Musique Ind\u00e9pendante Francophone) se poursuit en 2022 avec des d\u00e9couvertes musicales issues toute la francophonie !\",\"breadcrumb\":{\"@id\":\"https:\/\/www.ifg.gr\/events\/mif-playlist-01-2022\/#breadcrumb\"},\"inLanguage\":\"fr-FR\",\"potentialAction\":[{\"@type\":\"ReadAction\",\"target\":[\"https:\/\/www.ifg.gr\/events\/mif-playlist-01-2022\/\"]}]},{\"@type\":\"ImageObject\",\"inLanguage\":\"fr-FR\",\"@id\":\"https:\/\/www.ifg.gr\/events\/mif-playlist-01-2022\/#primaryimage\",\"url\":\"https:\/\/www.ifg.gr\/wp-content\/uploads\/2022\/01\/MIF-Banner.jpg\",\"contentUrl\":\"https:\/\/www.ifg.gr\/wp-content\/uploads\/2022\/01\/MIF-Banner.jpg\",\"width\":1350,\"height\":800},{\"@type\":\"BreadcrumbList\",\"@id\":\"https:\/\/www.ifg.gr\/events\/mif-playlist-01-2022\/#breadcrumb\",\"itemListElement\":[{\"@type\":\"ListItem\",\"position\":1,\"name\":\"Home\",\"item\":\"https:\/\/www.ifg.gr\/fr\/\"},{\"@type\":\"ListItem\",\"position\":2,\"name\":\"Events\",\"item\":\"https:\/\/www.ifg.gr\/events\/\"},{\"@type\":\"ListItem\",\"position\":3,\"name\":\"MIF Playlist 01\/2022\"}]},{\"@type\":\"WebSite\",\"@id\":\"https:\/\/www.ifg.gr\/#website\",\"url\":\"https:\/\/www.ifg.gr\/\",\"name\":\"IFG\",\"description\":\"\",\"potentialAction\":[{\"@type\":\"SearchAction\",\"target\":{\"@type\":\"EntryPoint\",\"urlTemplate\":\"https:\/\/www.ifg.gr\/?s={search_term_string}\"},\"query-input\":{\"@type\":\"PropertyValueSpecification\",\"valueRequired\":true,\"valueName\":\"search_term_string\"}}],\"inLanguage\":\"fr-FR\"}]}<\/script>\n<!-- \/ Yoast SEO plugin. -->","yoast_head_json":{"title":"MIF Playlist 01\/2022 - Musique Ind\u00e9pendante Francophone","description":"Le cycle MIF (Musique Ind\u00e9pendante Francophone) se poursuit en 2022 avec des d\u00e9couvertes musicales issues toute la francophonie !","robots":{"index":"index","follow":"follow","max-snippet":"max-snippet:-1","max-image-preview":"max-image-preview:large","max-video-preview":"max-video-preview:-1"},"canonical":"https:\/\/www.ifg.gr\/events\/mif-playlist-01-2022\/","og_locale":"fr_FR","og_type":"article","og_title":"MIF Playlist 01\/2022 - Musique Ind\u00e9pendante Francophone","og_description":"Le cycle MIF (Musique Ind\u00e9pendante Francophone) se poursuit en 2022 avec des d\u00e9couvertes musicales issues toute la francophonie !","og_url":"https:\/\/www.ifg.gr\/events\/mif-playlist-01-2022\/","og_site_name":"IFG","article_modified_time":"2022-01-21T10:48:18+00:00","og_image":[{"width":1350,"height":800,"url":"https:\/\/www.ifg.gr\/wp-content\/uploads\/2022\/01\/MIF-Banner.jpg","type":"image\/jpeg"}],"twitter_card":"summary_large_image","twitter_misc":{"Dur\u00e9e de lecture estim\u00e9e":"8 minutes"},"schema":{"@context":"https:\/\/schema.org","@graph":[{"@type":"WebPage","@id":"https:\/\/www.ifg.gr\/events\/mif-playlist-01-2022\/","url":"https:\/\/www.ifg.gr\/events\/mif-playlist-01-2022\/","name":"MIF Playlist 01\/2022 - Musique Ind\u00e9pendante Francophone","isPartOf":{"@id":"https:\/\/www.ifg.gr\/#website"},"primaryImageOfPage":{"@id":"https:\/\/www.ifg.gr\/events\/mif-playlist-01-2022\/#primaryimage"},"image":{"@id":"https:\/\/www.ifg.gr\/events\/mif-playlist-01-2022\/#primaryimage"},"thumbnailUrl":"https:\/\/www.ifg.gr\/wp-content\/uploads\/2022\/01\/MIF-Banner.jpg","datePublished":"2022-01-21T10:47:33+00:00","dateModified":"2022-01-21T10:48:18+00:00","description":"Le cycle MIF (Musique Ind\u00e9pendante Francophone) se poursuit en 2022 avec des d\u00e9couvertes musicales issues toute la francophonie !","breadcrumb":{"@id":"https:\/\/www.ifg.gr\/events\/mif-playlist-01-2022\/#breadcrumb"},"inLanguage":"fr-FR","potentialAction":[{"@type":"ReadAction","target":["https:\/\/www.ifg.gr\/events\/mif-playlist-01-2022\/"]}]},{"@type":"ImageObject","inLanguage":"fr-FR","@id":"https:\/\/www.ifg.gr\/events\/mif-playlist-01-2022\/#primaryimage","url":"https:\/\/www.ifg.gr\/wp-content\/uploads\/2022\/01\/MIF-Banner.jpg","contentUrl":"https:\/\/www.ifg.gr\/wp-content\/uploads\/2022\/01\/MIF-Banner.jpg","width":1350,"height":800},{"@type":"BreadcrumbList","@id":"https:\/\/www.ifg.gr\/events\/mif-playlist-01-2022\/#breadcrumb","itemListElement":[{"@type":"ListItem","position":1,"name":"Home","item":"https:\/\/www.ifg.gr\/fr\/"},{"@type":"ListItem","position":2,"name":"Events","item":"https:\/\/www.ifg.gr\/events\/"},{"@type":"ListItem","position":3,"name":"MIF Playlist 01\/2022"}]},{"@type":"WebSite","@id":"https:\/\/www.ifg.gr\/#website","url":"https:\/\/www.ifg.gr\/","name":"IFG","description":"","potentialAction":[{"@type":"SearchAction","target":{"@type":"EntryPoint","urlTemplate":"https:\/\/www.ifg.gr\/?s={search_term_string}"},"query-input":{"@type":"PropertyValueSpecification","valueRequired":true,"valueName":"search_term_string"}}],"inLanguage":"fr-FR"}]}},"_links":{"self":[{"href":"https:\/\/www.ifg.gr\/fr\/wp-json\/wp\/v2\/event\/37558","targetHints":{"allow":["GET"]}}],"collection":[{"href":"https:\/\/www.ifg.gr\/fr\/wp-json\/wp\/v2\/event"}],"about":[{"href":"https:\/\/www.ifg.gr\/fr\/wp-json\/wp\/v2\/types\/event"}],"author":[{"embeddable":true,"href":"https:\/\/www.ifg.gr\/fr\/wp-json\/wp\/v2\/users\/1"}],"version-history":[{"count":0,"href":"https:\/\/www.ifg.gr\/fr\/wp-json\/wp\/v2\/event\/37558\/revisions"}],"wp:featuredmedia":[{"embeddable":true,"href":"https:\/\/www.ifg.gr\/fr\/wp-json\/wp\/v2\/media\/37556"}],"wp:attachment":[{"href":"https:\/\/www.ifg.gr\/fr\/wp-json\/wp\/v2\/media?parent=37558"}],"wp:term":[{"taxonomy":"post_tag","embeddable":true,"href":"https:\/\/www.ifg.gr\/fr\/wp-json\/wp\/v2\/tags?post=37558"},{"taxonomy":"event_category","embeddable":true,"href":"https:\/\/www.ifg.gr\/fr\/wp-json\/wp\/v2\/event_category?post=37558"},{"taxonomy":"event_group","embeddable":true,"href":"https:\/\/www.ifg.gr\/fr\/wp-json\/wp\/v2\/event_group?post=37558"}],"curies":[{"name":"wp","href":"https:\/\/api.w.org\/{rel}","templated":true}]}}