{"id":37778,"date":"2022-02-04T11:46:01","date_gmt":"2022-02-04T11:46:01","guid":{"rendered":"https:\/\/www.ifg.gr\/?post_type=event&#038;p=37778"},"modified":"2022-02-17T09:29:58","modified_gmt":"2022-02-17T09:29:58","slug":"mif-playlist-02-2022","status":"publish","type":"event","link":"https:\/\/www.ifg.gr\/fr\/events\/mif-playlist-02-2022\/","title":{"rendered":"MIF Playlist 02\/2022"},"content":{"rendered":"<p><strong>Chaque mois, une nouvelle <\/strong><a href=\"https:\/\/www.ifg.gr\/fr\/tag\/mif-fr\/\" target=\"_blank\" rel=\"noopener\">playlist MIF<\/a> (Musique Ind\u00e9pendante Francophone) pr\u00e9sente <strong>une s\u00e9lection de musique d\u2019artistes ind\u00e9pendants, groupes et labels de France<\/strong> ainsi que des <strong>nouveaut\u00e9s francophones<\/strong> d\u2019autres pays.<\/p>\n<p><a href=\"https:\/\/www.costasandreou.com\" target=\"_blank\" rel=\"noopener noreferrer\">Costas Andreou<\/a> signe la programmation musicale, avec chaque playlist MIF proposant des genres musicaux diff\u00e9rents et organis\u00e9e de telle mani\u00e8re que le public puisse approfondir l\u2019\u00e9coute des morceaux qui l\u2019int\u00e9ressent.<\/p>\n<p>Chaque morceau de la playlist a un lien dirigeant vers l\u2019album complet, tel qu\u2019il est disponible sur la plateforme Bandcamp, pour l\u2019achat du morceau ou de l\u2019album dans lequel il est inclus.<\/p>\n<h3>MIF Playlist 2 \/\u00a0 f\u00e9vrier 2022<\/h3>\n<p><strong>Moizbat<\/strong><br \/>\nFilha de Marzac<\/p>\n<p><iframe style=\"border: 0; width: 100%; height: 120px;\" src=\"https:\/\/bandcamp.com\/EmbeddedPlayer\/album=3179376676\/size=large\/bgcol=ffffff\/linkcol=0687f5\/tracklist=false\/artwork=small\/track=3583037917\/transparent=true\/\" seamless=\"\"><a href=\"https:\/\/moizbat.bandcamp.com\/album\/libertat\">Libertat by Moizbat<\/a><\/iframe>Le groupe de musique Moizbat utilise des textes et des sons issus de la tradition de la r\u00e9gion du P\u00e9rigord en France, pour en cr\u00e9er une version musicale plus contemporaine. L&rsquo;album Libertat est sorti le 24 janvier 2022 et se compose de 12 titres contenant de nombreux \u00e9l\u00e9ments des idiomes folk et alternatif. Le groupe est compos\u00e9 de Christophe Celerier (accord\u00e9on, guitare, chant), Thomas Fossaert (saxophones, cornemuses, chant), Alain Josu\u00e9 (batterie, percussions, chant) et Paul Motteau (contrebasse, banjo, moog, chant).<\/p>\n<p><a href=\"https:\/\/moizbat.bandcamp.com\" target=\"_blank\" rel=\"noopener\">https:\/\/moizbat.bandcamp.com<\/a><\/p>\n<p><strong><br \/>\nVersari<\/strong><br \/>\nHymne<\/p>\n<p><iframe style=\"border: 0; width: 100%; height: 120px;\" src=\"https:\/\/bandcamp.com\/EmbeddedPlayer\/album=188478190\/size=large\/bgcol=ffffff\/linkcol=0687f5\/tracklist=false\/artwork=small\/track=2910338820\/transparent=true\/\" seamless=\"\"><a href=\"https:\/\/versari.bandcamp.com\/album\/ostinato\">Ostinato by Versari<\/a><\/iframe><\/p>\n<p>Le groupe Versari, originaire de Paris, compose des chansons francophones dynamiques qui allient l&rsquo;intensit\u00e9 du post rock \u00e0 l&rsquo;humeur po\u00e9tique et m\u00e9lancolique de la new wave. Le disque Ostinato, sorti le 8 avril 2013, comprend 10 chansons au caract\u00e8re unique et personnel. Le groupe est compos\u00e9 de Laureline Prod&rsquo;homme, Cyril Bilbeaud et Jean-Charles Versari. L&rsquo;album a \u00e9t\u00e9 produit par Adrian Utley (Portishead).<\/p>\n<p><a href=\"https:\/\/versari.bandcamp.com\" target=\"_blank\" rel=\"noopener\">https:\/\/versari.bandcamp.com<\/a><br \/>\n<a href=\"http:\/\/www.versari.org\" target=\"_blank\" rel=\"noopener\">http:\/\/www.versari.org<\/a><\/p>\n<p><strong><br \/>\nMonsieur Paul et les Solutions<\/strong><br \/>\nDans mon monde<\/p>\n<p><iframe style=\"border: 0; width: 100%; height: 120px;\" src=\"https:\/\/bandcamp.com\/EmbeddedPlayer\/album=1927162919\/size=large\/bgcol=ffffff\/linkcol=0687f5\/tracklist=false\/artwork=small\/track=3188251893\/transparent=true\/\" seamless=\"\"><a href=\"https:\/\/staubgold.bandcamp.com\/album\/dans-mon-monde\">Dans mon monde by Monsieur Paul et les Solutions<\/a><\/iframe>Le groupe francophone Monsieur Paul et les Solutions propose une version moderne de la musique psych\u00e9d\u00e9lique garage et surf, avec tous les \u00e9l\u00e9ments caract\u00e9ristiques de la sc\u00e8ne des ann\u00e9es 60. Leur EP Dans mon monde, sorti le 23 janvier 2022, est compos\u00e9 de 4 chansons vivantes et constitue un \u00e9chantillon complet de leur humeur exp\u00e9rimentale.<\/p>\n<p><a href=\"https:\/\/staubgold.bandcamp.com\/album\/dans-mon-monde\" target=\"_blank\" rel=\"noopener\">https:\/\/staubgold.bandcamp.com\/album\/dans-mon-monde<\/a><\/p>\n<p><strong><br \/>\nEdmony Krater<\/strong><br \/>\nArawak y Karayib<\/p>\n<p><iframe style=\"border: 0; width: 100%; height: 120px;\" src=\"https:\/\/bandcamp.com\/EmbeddedPlayer\/album=3831588142\/size=large\/bgcol=ffffff\/linkcol=0687f5\/tracklist=false\/artwork=small\/track=2989682114\/transparent=true\/\" seamless=\"\"><a href=\"https:\/\/edmonykrater.bandcamp.com\/album\/jai-travers-la-mer\">J&rsquo;ai travers\u00e9 la mer by Edmony Krater<\/a><\/iframe><\/p>\n<p>Le musicien Edmony Krater utilise des \u00e9l\u00e9ments des sons locaux de la Guadeloupe et les combine avec des compositions et des harmonies de jazz. Son album J&rsquo;ai travers\u00e9 la mer, sorti le 21 ao\u00fbt 2020, comprend 9 titres qui rapprochent son identit\u00e9 locale de la musique occidentale contemporaine, en utilisant des claviers, un piano \u00e9lectrique, une trompette et des th\u00e8mes funk riches.<\/p>\n<p><a href=\"https:\/\/edmonykrater.bandcamp.com\" target=\"_blank\" rel=\"noopener\">https:\/\/edmonykrater.bandcamp.com<\/a><br \/>\n<a href=\"https:\/\/edmonykrater.com\" target=\"_blank\" rel=\"noopener\">https:\/\/edmonykrater.com<\/a><\/p>\n<p><strong><br \/>\nAnn O&rsquo;Aro<\/strong><br \/>\nLo Shien<\/p>\n<p><iframe style=\"border: 0; width: 100%; height: 120px;\" src=\"https:\/\/bandcamp.com\/EmbeddedPlayer\/album=2604254831\/size=large\/bgcol=ffffff\/linkcol=0687f5\/tracklist=false\/artwork=small\/track=2112099040\/transparent=true\/\" seamless=\"\"><a href=\"https:\/\/annoaro.bandcamp.com\/album\/ann-oaro\">Ann O&rsquo;Aro by Ann O&rsquo;Aro<\/a><\/iframe><\/p>\n<p>La musicienne Anne-Ga\u00eblle Hoarau, dont le nom de sc\u00e8ne est Ann O&rsquo;Aro, est originaire de l&rsquo;\u00eele volcanique de la R\u00e9union, dans l&rsquo;oc\u00e9an Indien. Elle s&rsquo;exprime \u00e0 travers la musique, la po\u00e9sie et la danse, en transmettant ses exp\u00e9riences. Son album \u00e9ponyme est sorti le 15 janvier 2019 et se compose de 12 chansons qui combinent les rythmes traditionnels de son \u00eele avec des \u00e9l\u00e9ments folk et world s\u00e9lectionn\u00e9s. En plus d&rsquo;elle-m\u00eame au chant, Jean-Didier Hoareau, Willy Paitre, Julien Rousseau et Fanny M\u00e9n\u00e9goz ont pris part aux enregistrements.<\/p>\n<p><a href=\"https:\/\/annoaro.bandcamp.com\" target=\"_blank\" rel=\"noopener\">https:\/\/annoaro.bandcamp.com<\/a><\/p>\n<p><strong><br \/>\nDeelay<\/strong><br \/>\nPluie<\/p>\n<p><iframe style=\"border: 0; width: 100%; height: 120px;\" src=\"https:\/\/bandcamp.com\/EmbeddedPlayer\/album=1841795449\/size=large\/bgcol=ffffff\/linkcol=0687f5\/tracklist=false\/artwork=small\/track=2504929050\/transparent=true\/\" seamless=\"\"><a href=\"https:\/\/deelayrns.bandcamp.com\/album\/inner-ep\">Inner (EP) by Deelay<\/a><\/iframe>L&rsquo;artiste qui a pour pseudonyme Deelay est bas\u00e9 dans la ville de Rennes, en France, et \u00e9crit des chansons hip-hop qui allient dynamisme et sensibilit\u00e9. Sa premi\u00e8re production intitul\u00e9e Inner est sortie le 21 janvier 2022 et comprend 6 chansons en fran\u00e7ais qui pr\u00e9sentent tous les traits de la sc\u00e8ne rap fran\u00e7aise contemporaine.<\/p>\n<p><a href=\"https:\/\/deelayrns.bandcamp.com\" target=\"_blank\" rel=\"noopener\">https:\/\/deelayrns.bandcamp.com<\/a><\/p>\n<p><strong><br \/>\nNa\u00efssam Jalal<\/strong><br \/>\nParfois c&rsquo;est plus fort que toi<\/p>\n<p><iframe style=\"border: 0; width: 100%; height: 120px;\" src=\"https:\/\/bandcamp.com\/EmbeddedPlayer\/album=3610825414\/size=large\/bgcol=ffffff\/linkcol=0687f5\/tracklist=false\/artwork=small\/track=1326361755\/transparent=true\/\" seamless=\"\"><a href=\"https:\/\/naissamjalal.bandcamp.com\/album\/osloob-hayati\">Osloob Hayati by Na\u00efssam Jalal<\/a><\/iframe>La fl\u00fbtiste Na\u00efssam Jalal est n\u00e9 \u00e0 Paris de parents syriens. Dans la musique qu&rsquo;elle compose, elle r\u00e9unit des \u00e9l\u00e9ments d&rsquo;Europe et du Moyen-Orient, des sons traditionnels et classiques et du jazz. L&rsquo;album Osloob Hayati, sorti le 1er mars 2015 avec 8 de ses propres compositions, est un exemple repr\u00e9sentatif de la fa\u00e7on dont elle combine ses racines musicales avec les idiomes occidentaux. Outre elle-m\u00eame \u00e0 la fl\u00fbte, au ney et au chant, les enregistrements ont \u00e9t\u00e9 r\u00e9alis\u00e9s avec Mehdi Chaib (saxophones t\u00e9nor et soprano, percussion), Karsten Hochapfel (guitare, violoncelle), Matyas Szandai (contrebasse) et Francesco Pastacaldi (batterie).<\/p>\n<p><a href=\"https:\/\/naissamjalal.bandcamp.com\" target=\"_blank\" rel=\"noopener\">https:\/\/naissamjalal.bandcamp.com<\/a><br \/>\n<a href=\"http:\/\/www.naissamjalal.com\" target=\"_blank\" rel=\"noopener\">http:\/\/www.naissamjalal.com<\/a><\/p>\n<p><strong><br \/>\nZURCA<\/strong><br \/>\nIl \u00e9tait une fois<\/p>\n<p><iframe style=\"border: 0; width: 100%; height: 120px;\" src=\"https:\/\/bandcamp.com\/EmbeddedPlayer\/album=1623423856\/size=large\/bgcol=ffffff\/linkcol=0687f5\/tracklist=false\/artwork=small\/track=2234471592\/transparent=true\/\" seamless=\"\"><a href=\"https:\/\/pradorecords.bandcamp.com\/album\/vieilles-histoires\">Vieilles histoires by ZURCA<\/a><\/iframe><\/p>\n<p>ZURCA est n\u00e9 de la rencontre entre Laure Borettaz (violon classique) et Fred Ferrand (accord\u00e9on). Le son caract\u00e9ristique de ce duo a \u00e9t\u00e9 enrichi par les rythmes de David Georgelet (batterie, percussion). Leur album Vieilles histoires, sorti le 12 octobre 2021, pr\u00e9sente un m\u00e9lange dansant de sons traditionnels fran\u00e7ais, de jazz et de swing compos\u00e9 de 11 titres.<\/p>\n<p><a href=\"https:\/\/pradorecords.bandcamp.com\/album\/vieilles-histoires\" target=\"_blank\" rel=\"noopener\">https:\/\/pradorecords.bandcamp.com\/album\/vieilles-histoires<\/a><\/p>\n<p><strong><br \/>\nCollectif Medz Bazar<\/strong><br \/>\nLes m\u00eames histoires<\/p>\n<p><iframe style=\"border: 0; width: 100%; height: 120px;\" src=\"https:\/\/bandcamp.com\/EmbeddedPlayer\/album=2519783512\/size=large\/bgcol=ffffff\/linkcol=0687f5\/tracklist=false\/artwork=small\/track=1131526820\/transparent=true\/\" seamless=\"\"><a href=\"https:\/\/collectifmedzbazar.bandcamp.com\/album\/o\">O by Collectif Medz Bazar<\/a><\/iframe>Le Collectif Medz Bazar, bas\u00e9 \u00e0 Paris, r\u00e9unit la musique et les traditions de cinq musiciens qui chantent dans leur propre langue, le fran\u00e7ais, le turc, l&rsquo;arm\u00e9nien et l&rsquo;anglais. Leur album intitul\u00e9 O est sorti le 1er octobre 2019 et comprend 14 chansons dynamiques avec un style mondial contemporain. Le groupe est compos\u00e9 de Ezgi Sevgi Can, Shushan Kerovpyan, Vahan Kerovpyan, El\u00e2 Nuro\u011flu et Marius Pibarot.<\/p>\n<p><a href=\"https:\/\/collectifmedzbazar.bandcamp.com\/album\/o\" target=\"_blank\" rel=\"noopener\">https:\/\/collectifmedzbazar.bandcamp.com\/album\/o<\/a><br \/>\n<a href=\"https:\/\/www.collectifmedzbazar.com\" target=\"_blank\" rel=\"noopener\">https:\/\/www.collectifmedzbazar.com<\/a><\/p>\n<p><strong><br \/>\nMaralha<\/strong><br \/>\nMon p\u00e8re me marie<\/p>\n<p><iframe style=\"border: 0; width: 100%; height: 120px;\" src=\"https:\/\/bandcamp.com\/EmbeddedPlayer\/album=4232357382\/size=large\/bgcol=ffffff\/linkcol=0687f5\/tracklist=false\/artwork=small\/track=1140359129\/transparent=true\/\" seamless=\"\"><a href=\"https:\/\/maralha.bandcamp.com\/album\/maralha\">Maralha by Maralha<\/a><\/iframe><br \/>\nLe groupe Maralha, originaire de la r\u00e9gion Nouvelle-Aquitaine, pr\u00e9sente avec enthousiasme la musique traditionnelle locale. Leur album \u00e9ponyme est sorti le 1er f\u00e9vrier 2020 et se compose de 15 titres remplis des sons de leur r\u00e9gion. Le noyau dur du groupe est compos\u00e9 de C\u00e9cile Delrue (violon, voix), Marina Kretsch (violon, voix) et Marthe Tourret (violon, voix). Christian Mage, Jacques Puech, Pierre Tourret et Elisa Trebouville ont \u00e9galement particip\u00e9 aux enregistrements.<\/p>\n<p><a href=\"https:\/\/maralha.bandcamp.com\" target=\"_blank\" rel=\"noopener\">https:\/\/maralha.bandcamp.com<\/a><\/p>\n<p><strong><br \/>\nPhilatone<\/strong><br \/>\nLa part animale<\/p>\n<p><iframe style=\"border: 0; width: 100%; height: 120px;\" src=\"https:\/\/bandcamp.com\/EmbeddedPlayer\/album=1456786461\/size=large\/bgcol=ffffff\/linkcol=0687f5\/tracklist=false\/artwork=small\/track=1881855064\/transparent=true\/\" seamless=\"\"><a href=\"https:\/\/philatone.bandcamp.com\/album\/la-part-animale\">La part animale by Philatone<\/a><\/iframe><br \/>\nNicolas Bernaud, originaire de la ville d&rsquo;Aix-en-Provence dans le sud de la France, m\u00e9lange des sons \u00e9lectroniques et acoustiques avec son ensemble musical Philatone, cr\u00e9ant ainsi des chansons pop alternatives. La version intitul\u00e9e La part animale, sortie le 14 janvier 2022, comprend 10 titres aux th\u00e8mes indie et \u00e9lectro.<\/p>\n<p><a href=\"https:\/\/philatone.bandcamp.com\" target=\"_blank\" rel=\"noopener\">https:\/\/philatone.bandcamp.com<\/a><br \/>\n<a href=\"https:\/\/www.philatone.com\" target=\"_blank\" rel=\"noopener\">https:\/\/www.philatone.com<\/a><\/p>\n<p><strong><br \/>\nMontparnasse Musique<\/strong><br \/>\nMakonda<\/p>\n<p><iframe style=\"border: 0; width: 100%; height: 120px;\" src=\"https:\/\/bandcamp.com\/EmbeddedPlayer\/album=2646608151\/size=large\/bgcol=ffffff\/linkcol=0687f5\/tracklist=false\/artwork=small\/track=2347777236\/transparent=true\/\" seamless=\"\"><a href=\"https:\/\/montparnassemusique.bandcamp.com\/album\/montparnasse-musique\">Montparnasse Musique by Montparnasse Musique<\/a><\/iframe><br \/>\nLe duo Montparnasse Musique est bas\u00e9 \u00e0 Paris et se compose du producteur franco-alg\u00e9rien Nadjib Ben Bella et du DJ sud-africain Aero Manyelo. Sur leur album \u00e9ponyme sorti le 3 septembre 2021 avec 5 titres, ils ont collabor\u00e9 avec les groupes congolais Kasai Allstars, Konono N\u00ba1, Mbongwana Star et Basokin. Le r\u00e9sultat est une production avec des rythmes tribaux, des sons d&rsquo;instruments traditionnels, ainsi que de forts \u00e9l\u00e9ments house et techno.<\/p>\n<p><a href=\"https:\/\/montparnassemusique.bandcamp.com\" target=\"_blank\" rel=\"noopener\">https:\/\/montparnassemusique.bandcamp.com<\/a><\/p>\n<p><strong><br \/>\nBarhan<\/strong><br \/>\nMots de t\u00eate<\/p>\n<p><iframe style=\"border: 0; width: 100%; height: 120px;\" src=\"https:\/\/bandcamp.com\/EmbeddedPlayer\/album=477112938\/size=large\/bgcol=ffffff\/linkcol=0687f5\/tracklist=false\/artwork=small\/track=2517222627\/transparent=true\/\" seamless=\"\"><a href=\"https:\/\/barhan.bandcamp.com\/album\/mots-de-t-te\">Mots de t\u00eate by Barhan<\/a><\/iframe><\/p>\n<p>L&rsquo;artiste qui a pour pseudonyme Barhan combine jazz, funk et musique afro-beat avec ses racines au Kenya. La sortie intitul\u00e9e Mots de t\u00eate, sortie le 22 d\u00e9cembre 2019, propose 7 compositions qui voyagent de la world music au jazz \u00e0 travers une large palette de couleurs. En plus de lui-m\u00eame au chant, \u00e0 la guitare et aux percussions, Thierry De Oliveira (batterie) de France, Tovohery Thandrianarisoa dit Danz (basse) de Madagascar, Don Ouko (saxophone) du Kenya et Zacharia Munga (piano) du Kenya ont particip\u00e9 aux enregistrements.<\/p>\n<p><a href=\"https:\/\/barhan.bandcamp.com\" target=\"_blank\" rel=\"noopener\">https:\/\/barhan.bandcamp.com<\/a><\/p>\n<p><strong><br \/>\nSenny Camara<\/strong><br \/>\nBoolo<\/p>\n<p><iframe style=\"border: 0; width: 100%; height: 120px;\" src=\"https:\/\/bandcamp.com\/EmbeddedPlayer\/album=2734875858\/size=large\/bgcol=ffffff\/linkcol=0687f5\/tracklist=false\/artwork=small\/track=3412348327\/transparent=true\/\" seamless=\"\"><a href=\"https:\/\/sennycamara.bandcamp.com\/album\/boolo\">Boolo by Senny Camara<\/a><\/iframe><br \/>\nSenny Camara utilise la harpe traditionnelle africaine pour cr\u00e9er une musique qui puise dans les sons du sud du S\u00e9n\u00e9gal, dont elle est originaire. Dans l&rsquo;album 5 titres Boolo, sorti le 9 novembre 2020, elle passe du son de la musique traditionnelle \u00e0 un univers plus contemporain. Outre elle-m\u00eame au chant et \u00e0 la harpe africaine, Thierry Fournel (guitare), Pierre Yves Le Jeune (contrebasse), Honor\u00e9 Kouadio (percussions) et Bakary Diarra (xylophone africain balafon) ont particip\u00e9 aux enregistrements.<\/p>\n<p><a href=\"https:\/\/sennycamara.bandcamp.com\" target=\"_blank\" rel=\"noopener\">https:\/\/sennycamara.bandcamp.com<\/a><\/p>\n<p><strong><br \/>\nTropical Jazz Trio<\/strong><br \/>\nLe temps des cerises<\/p>\n<p><iframe style=\"border: 0; width: 100%; height: 120px;\" src=\"https:\/\/bandcamp.com\/EmbeddedPlayer\/album=3411278141\/size=large\/bgcol=ffffff\/linkcol=0687f5\/tracklist=false\/artwork=small\/track=97414554\/transparent=true\/\" seamless=\"\"><a href=\"https:\/\/tropicaljazztrio.bandcamp.com\/album\/tropical-jazz-trio\">Tropical Jazz Trio by Patrice Caratini, Alain Jean-marie, Roger Raspail<\/a><\/iframe><br \/>\nLe Tropical Jazz Trio de Paris est compos\u00e9 des musiciens jazz confirm\u00e9s Alain Jean-Marie, Patrice Caratini et Roger Raspail. Apr\u00e8s des ann\u00e9es sur la sc\u00e8ne fran\u00e7aise, tous trois ont form\u00e9 un ensemble qui combine le jazz avec des sons latinos et des rythmes des Cara\u00efbes. Le disque, intitul\u00e9 The Trio&rsquo;s Name, est sorti le 24 mai 2019 et comprend 14 titres avec piano, contrebasse et percussions.<\/p>\n<p><a href=\"https:\/\/tropicaljazztrio.bandcamp.com\" target=\"_blank\" rel=\"noopener\">https:\/\/tropicaljazztrio.bandcamp.com<\/a><\/p>\n<p><strong><br \/>\nWopela<\/strong><br \/>\nR\u00e9trospection<\/p>\n<p><iframe style=\"border: 0; width: 100%; height: 120px;\" src=\"https:\/\/bandcamp.com\/EmbeddedPlayer\/album=3707587632\/size=large\/bgcol=ffffff\/linkcol=0687f5\/tracklist=false\/artwork=small\/track=3063296037\/transparent=true\/\" seamless=\"\"><a href=\"https:\/\/wopela.bandcamp.com\/album\/simone\">Simone by Rue de Tanger<\/a><\/iframe><br \/>\nWopela est n\u00e9 en 2017 de la rencontre des musiciens Pierre-Yves Le Jeune (contrebasse, compositions, arrangements), Laurent Derache (accord\u00e9on) et Dogan Poyraz (percussions, batterie). Leur album Simone, sorti le 18 avril 2021, est compos\u00e9 de 7 titres de jazz caract\u00e9ris\u00e9s par un mouvement vif et dansant sur des th\u00e8mes folk et world.<\/p>\n<p><a href=\"https:\/\/wopela.bandcamp.com\" target=\"_blank\" rel=\"noopener\">https:\/\/wopela.bandcamp.com<\/a><br \/>\n<a href=\"http:\/\/www.wopela.com\" target=\"_blank\" rel=\"noopener\">http:\/\/www.wopela.com<\/a><\/p>\n<p><strong><br \/>\nBigre!<\/strong><br \/>\nC&rsquo;est un Vertige<\/p>\n<p><iframe style=\"border: 0; width: 100%; height: 120px;\" src=\"https:\/\/bandcamp.com\/EmbeddedPlayer\/album=1968951005\/size=large\/bgcol=ffffff\/linkcol=0687f5\/tracklist=false\/artwork=small\/track=3088907472\/transparent=true\/\" seamless=\"\"><a href=\"https:\/\/bigre.bandcamp.com\/album\/tumulte\">Tumulte by Bigre!<\/a><\/iframe><\/p>\n<p>L&rsquo;ensemble Bigre ! est compos\u00e9 de 21 musiciens qui proposent un son big band avec une approche nouvelle, plus enlev\u00e9e. Ils ont une section de cuivres bien rod\u00e9e qui maintient un \u00e9quilibre avec la section rythmique de l&rsquo;ensemble. L&rsquo;album Tumulte, sortie le 16 d\u00e9cembre 2021 avec 9 chansons, r\u00e9unit le swing avec le chant latin et francophone.<\/p>\n<p><a href=\"https:\/\/bigre.bandcamp.com\" target=\"_blank\" rel=\"noopener\">https:\/\/bigre.bandcamp.com<\/a><br \/>\n<a href=\"http:\/\/bigrebigband.com\" target=\"_blank\" rel=\"noopener\">http:\/\/bigrebigband.com<\/a><\/p>\n<p><strong><br \/>\nBeliz<\/strong><br \/>\nM\u00e9moires<\/p>\n<p><iframe style=\"border: 0; width: 100%; height: 120px;\" src=\"https:\/\/bandcamp.com\/EmbeddedPlayer\/album=225316473\/size=large\/bgcol=ffffff\/linkcol=0687f5\/tracklist=false\/artwork=small\/track=3924348300\/transparent=true\/\" seamless=\"\"><a href=\"https:\/\/belizmemoires.bandcamp.com\/album\/m-moires\">M\u00e9moires by B\u00e9liz<\/a><\/iframe><\/p>\n<p>Le trio Beliz est compos\u00e9 des musiciens Edmony Krater (percussions traditionnelles Ka, autres percussions, chant), Anne Bacqueyrisse (harpe) et Olivier Mauri\u00e8res (percussions). Tous trois mettent en avant l&rsquo;ancienne tradition musicale de la Guadeloupe, en la reliant \u00e0 des th\u00e8mes et harmonies world et jazz. Leur album M\u00e9moires, sorti le 5 d\u00e9cembre 2019, est compos\u00e9 de 10 compositions \u00e0 l&rsquo;ambiance po\u00e9tique et r\u00eaveuse.<\/p>\n<p><a href=\"https:\/\/belizmemoires.bandcamp.com\" target=\"_blank\" rel=\"noopener\">https:\/\/belizmemoires.bandcamp.com<\/a><\/p>\n<p><strong>Ismail Sentissi<\/strong><br \/>\nSemelles de Plomb<\/p>\n<p><iframe style=\"border: 0; width: 100%; height: 120px;\" src=\"https:\/\/bandcamp.com\/EmbeddedPlayer\/album=3089845874\/size=large\/bgcol=ffffff\/linkcol=0687f5\/tracklist=false\/artwork=small\/track=601989720\/transparent=true\/\" seamless=\"\"><a href=\"https:\/\/ismailsentissi.bandcamp.com\/album\/genoma-ismail-sentissi-trio\">Genoma &#8211; Ismail Sentissi Trio by Ismail Sentissi<\/a><\/iframe><br \/>\nLe pianiste Ismail Sentissi reste fid\u00e8le \u00e0 ses racines musicales marocaines et combine son sens des diff\u00e9rents idiomes et polyrythmes africains \u00e0 la musique jazz contemporaine fran\u00e7aise. Le trio qu&rsquo;il forme avec les musiciens Cedrick Bec (batterie) et Maurizio Congiu (basse), a enregistr\u00e9 12 titres pour le disque intitul\u00e9 Genoma, sorti le 16 avril 2021.<\/p>\n<p><a href=\"https:\/\/ismailsentissi.bandcamp.com\" target=\"_blank\" rel=\"noopener\">https:\/\/ismailsentissi.bandcamp.com<\/a><\/p>\n","protected":false},"excerpt":{"rendered":"<p>Chaque mois, une nouvelle playlist MIF (Musique Ind\u00e9pendante Francophone) pr\u00e9sente une s\u00e9lection de musique d\u2019artistes ind\u00e9pendants.<\/p>\n","protected":false},"author":1,"featured_media":37774,"template":"","tags":[954,956,981],"event_category":[984],"event_group":[],"class_list":["post-37778","event","type-event","status-publish","has-post-thumbnail","hentry","tag-mif-fr","tag-playlist-fr","tag-musique-independante-francophone-fr","event_category-musique"],"acf":{"sponsors_default":false,"featured_image_credits":"","info_title":"","info_text":"","date_range":{"start":"03\/02\/2022","end":"28\/02\/2022","cancelled":false,"note":"","start_time":"","end_time":""},"details":{"location":"","hyperlink1a":{"text":"","link":""},"price":"","hyperlink2a":{"text":"","link":""},"online_event":false,"live_streaming":false,"live_streaming_code":"","facebook_url":"","hyperlink":{"text":"D\u00e9couvrez la playlist sur YouTube","link":"https:\/\/www.youtube.com\/playlist?list=PLNKgb6skYnUQoIzj9hGges4jAU_4Xp83H"},"hyperlink2":{"text":"D\u00e9couvrez la playlist sur Spotify","link":"https:\/\/open.spotify.com\/playlist\/1QgnTT2Tilfs4QyxflhroL"},"hyperlink3":{"text":"D\u00e9couvrez la playlist sur Deezer","link":"https:\/\/www.deezer.com\/fr\/playlist\/9994046222"},"press_release":false},"home_slider_image":{"ID":37776,"id":37776,"title":"MIF-Banner-2-02-2022","filename":"MIF-Banner-2-02-2022.jpg","filesize":217835,"url":"https:\/\/www.ifg.gr\/wp-content\/uploads\/2022\/02\/MIF-Banner-2-02-2022.jpg","link":"https:\/\/www.ifg.gr\/fr\/events\/mif-playlist-02-2022\/mif-banner-2-02-2022-2\/","alt":"","author":"1","description":"","caption":"","name":"mif-banner-2-02-2022-2","status":"inherit","uploaded_to":37778,"date":"2022-02-03 13:42:53","modified":"2022-02-03 13:42:53","menu_order":0,"mime_type":"image\/jpeg","type":"image","subtype":"jpeg","icon":"https:\/\/www.ifg.gr\/wp-includes\/images\/media\/default.png","width":1350,"height":800,"sizes":{"thumbnail":"https:\/\/www.ifg.gr\/wp-content\/uploads\/2022\/02\/MIF-Banner-2-02-2022.jpg","thumbnail-width":150,"thumbnail-height":89,"medium":"https:\/\/www.ifg.gr\/wp-content\/uploads\/2022\/02\/MIF-Banner-2-02-2022.jpg","medium-width":300,"medium-height":178,"medium_large":"https:\/\/www.ifg.gr\/wp-content\/uploads\/2022\/02\/MIF-Banner-2-02-2022-768x455.jpg","medium_large-width":640,"medium_large-height":379,"large":"https:\/\/www.ifg.gr\/wp-content\/uploads\/2022\/02\/MIF-Banner-2-02-2022.jpg","large-width":640,"large-height":379,"1536x1536":"https:\/\/www.ifg.gr\/wp-content\/uploads\/2022\/02\/MIF-Banner-2-02-2022.jpg","1536x1536-width":1350,"1536x1536-height":800,"2048x2048":"https:\/\/www.ifg.gr\/wp-content\/uploads\/2022\/02\/MIF-Banner-2-02-2022.jpg","2048x2048-width":1350,"2048x2048-height":800,"full-width":"https:\/\/www.ifg.gr\/wp-content\/uploads\/2022\/02\/MIF-Banner-2-02-2022.jpg","full-width-width":1350,"full-width-height":800,"sidebar":"https:\/\/www.ifg.gr\/wp-content\/uploads\/2022\/02\/MIF-Banner-2-02-2022.jpg","sidebar-width":1350,"sidebar-height":800,"thumb-sm":"https:\/\/www.ifg.gr\/wp-content\/uploads\/2022\/02\/MIF-Banner-2-02-2022-219x130.jpg","thumb-sm-width":219,"thumb-sm-height":130,"thumb-square":"https:\/\/www.ifg.gr\/wp-content\/uploads\/2022\/02\/MIF-Banner-2-02-2022-300x300.jpg","thumb-square-width":300,"thumb-square-height":300,"thumb-big":"https:\/\/www.ifg.gr\/wp-content\/uploads\/2022\/02\/MIF-Banner-2-02-2022-600x400.jpg","thumb-big-width":600,"thumb-big-height":400,"slider-big":"https:\/\/www.ifg.gr\/wp-content\/uploads\/2022\/02\/MIF-Banner-2-02-2022-1315x768.jpg","slider-big-width":1315,"slider-big-height":768}},"sponsors_group":false,"layout":false},"yoast_head":"<!-- This site is optimized with the Yoast SEO plugin v26.8 - https:\/\/yoast.com\/product\/yoast-seo-wordpress\/ -->\n<title>MIF Playlist 02\/2022 - Musique Ind\u00e9pendante Francophone<\/title>\n<meta name=\"description\" content=\"Chaque mois, une nouvelle playlist MIF (Musique Ind\u00e9pendante Francophone) pr\u00e9sente une s\u00e9lection de musique d\u2019artistes ind\u00e9pendants.\" \/>\n<meta name=\"robots\" content=\"index, follow, max-snippet:-1, max-image-preview:large, max-video-preview:-1\" \/>\n<link rel=\"canonical\" href=\"https:\/\/www.ifg.gr\/events\/mif-playlist-02-2022\/\" \/>\n<meta property=\"og:locale\" content=\"fr_FR\" \/>\n<meta property=\"og:type\" content=\"article\" \/>\n<meta property=\"og:title\" content=\"MIF Playlist 02\/2022 - Musique Ind\u00e9pendante Francophone\" \/>\n<meta property=\"og:description\" content=\"Chaque mois, une nouvelle playlist MIF (Musique Ind\u00e9pendante Francophone) pr\u00e9sente une s\u00e9lection de musique d\u2019artistes ind\u00e9pendants.\" \/>\n<meta property=\"og:url\" content=\"https:\/\/www.ifg.gr\/events\/mif-playlist-02-2022\/\" \/>\n<meta property=\"og:site_name\" content=\"IFG\" \/>\n<meta property=\"article:modified_time\" content=\"2022-02-17T09:29:58+00:00\" \/>\n<meta property=\"og:image\" content=\"https:\/\/www.ifg.gr\/wp-content\/uploads\/2022\/02\/MIF-Banner-1-02-2022.jpg\" \/>\n\t<meta property=\"og:image:width\" content=\"1350\" \/>\n\t<meta property=\"og:image:height\" content=\"800\" \/>\n\t<meta property=\"og:image:type\" content=\"image\/jpeg\" \/>\n<meta name=\"twitter:card\" content=\"summary_large_image\" \/>\n<meta name=\"twitter:label1\" content=\"Dur\u00e9e de lecture estim\u00e9e\" \/>\n\t<meta name=\"twitter:data1\" content=\"7 minutes\" \/>\n<script type=\"application\/ld+json\" class=\"yoast-schema-graph\">{\"@context\":\"https:\/\/schema.org\",\"@graph\":[{\"@type\":\"WebPage\",\"@id\":\"https:\/\/www.ifg.gr\/events\/mif-playlist-02-2022\/\",\"url\":\"https:\/\/www.ifg.gr\/events\/mif-playlist-02-2022\/\",\"name\":\"MIF Playlist 02\/2022 - Musique Ind\u00e9pendante Francophone\",\"isPartOf\":{\"@id\":\"https:\/\/www.ifg.gr\/#website\"},\"primaryImageOfPage\":{\"@id\":\"https:\/\/www.ifg.gr\/events\/mif-playlist-02-2022\/#primaryimage\"},\"image\":{\"@id\":\"https:\/\/www.ifg.gr\/events\/mif-playlist-02-2022\/#primaryimage\"},\"thumbnailUrl\":\"https:\/\/www.ifg.gr\/wp-content\/uploads\/2022\/02\/MIF-Banner-1-02-2022.jpg\",\"datePublished\":\"2022-02-04T11:46:01+00:00\",\"dateModified\":\"2022-02-17T09:29:58+00:00\",\"description\":\"Chaque mois, une nouvelle playlist MIF (Musique Ind\u00e9pendante Francophone) pr\u00e9sente une s\u00e9lection de musique d\u2019artistes ind\u00e9pendants.\",\"breadcrumb\":{\"@id\":\"https:\/\/www.ifg.gr\/events\/mif-playlist-02-2022\/#breadcrumb\"},\"inLanguage\":\"fr-FR\",\"potentialAction\":[{\"@type\":\"ReadAction\",\"target\":[\"https:\/\/www.ifg.gr\/events\/mif-playlist-02-2022\/\"]}]},{\"@type\":\"ImageObject\",\"inLanguage\":\"fr-FR\",\"@id\":\"https:\/\/www.ifg.gr\/events\/mif-playlist-02-2022\/#primaryimage\",\"url\":\"https:\/\/www.ifg.gr\/wp-content\/uploads\/2022\/02\/MIF-Banner-1-02-2022.jpg\",\"contentUrl\":\"https:\/\/www.ifg.gr\/wp-content\/uploads\/2022\/02\/MIF-Banner-1-02-2022.jpg\",\"width\":1350,\"height\":800},{\"@type\":\"BreadcrumbList\",\"@id\":\"https:\/\/www.ifg.gr\/events\/mif-playlist-02-2022\/#breadcrumb\",\"itemListElement\":[{\"@type\":\"ListItem\",\"position\":1,\"name\":\"Home\",\"item\":\"https:\/\/www.ifg.gr\/fr\/\"},{\"@type\":\"ListItem\",\"position\":2,\"name\":\"Events\",\"item\":\"https:\/\/www.ifg.gr\/events\/\"},{\"@type\":\"ListItem\",\"position\":3,\"name\":\"MIF Playlist 02\/2022\"}]},{\"@type\":\"WebSite\",\"@id\":\"https:\/\/www.ifg.gr\/#website\",\"url\":\"https:\/\/www.ifg.gr\/\",\"name\":\"IFG\",\"description\":\"\",\"potentialAction\":[{\"@type\":\"SearchAction\",\"target\":{\"@type\":\"EntryPoint\",\"urlTemplate\":\"https:\/\/www.ifg.gr\/?s={search_term_string}\"},\"query-input\":{\"@type\":\"PropertyValueSpecification\",\"valueRequired\":true,\"valueName\":\"search_term_string\"}}],\"inLanguage\":\"fr-FR\"}]}<\/script>\n<!-- \/ Yoast SEO plugin. -->","yoast_head_json":{"title":"MIF Playlist 02\/2022 - Musique Ind\u00e9pendante Francophone","description":"Chaque mois, une nouvelle playlist MIF (Musique Ind\u00e9pendante Francophone) pr\u00e9sente une s\u00e9lection de musique d\u2019artistes ind\u00e9pendants.","robots":{"index":"index","follow":"follow","max-snippet":"max-snippet:-1","max-image-preview":"max-image-preview:large","max-video-preview":"max-video-preview:-1"},"canonical":"https:\/\/www.ifg.gr\/events\/mif-playlist-02-2022\/","og_locale":"fr_FR","og_type":"article","og_title":"MIF Playlist 02\/2022 - Musique Ind\u00e9pendante Francophone","og_description":"Chaque mois, une nouvelle playlist MIF (Musique Ind\u00e9pendante Francophone) pr\u00e9sente une s\u00e9lection de musique d\u2019artistes ind\u00e9pendants.","og_url":"https:\/\/www.ifg.gr\/events\/mif-playlist-02-2022\/","og_site_name":"IFG","article_modified_time":"2022-02-17T09:29:58+00:00","og_image":[{"width":1350,"height":800,"url":"https:\/\/www.ifg.gr\/wp-content\/uploads\/2022\/02\/MIF-Banner-1-02-2022.jpg","type":"image\/jpeg"}],"twitter_card":"summary_large_image","twitter_misc":{"Dur\u00e9e de lecture estim\u00e9e":"7 minutes"},"schema":{"@context":"https:\/\/schema.org","@graph":[{"@type":"WebPage","@id":"https:\/\/www.ifg.gr\/events\/mif-playlist-02-2022\/","url":"https:\/\/www.ifg.gr\/events\/mif-playlist-02-2022\/","name":"MIF Playlist 02\/2022 - Musique Ind\u00e9pendante Francophone","isPartOf":{"@id":"https:\/\/www.ifg.gr\/#website"},"primaryImageOfPage":{"@id":"https:\/\/www.ifg.gr\/events\/mif-playlist-02-2022\/#primaryimage"},"image":{"@id":"https:\/\/www.ifg.gr\/events\/mif-playlist-02-2022\/#primaryimage"},"thumbnailUrl":"https:\/\/www.ifg.gr\/wp-content\/uploads\/2022\/02\/MIF-Banner-1-02-2022.jpg","datePublished":"2022-02-04T11:46:01+00:00","dateModified":"2022-02-17T09:29:58+00:00","description":"Chaque mois, une nouvelle playlist MIF (Musique Ind\u00e9pendante Francophone) pr\u00e9sente une s\u00e9lection de musique d\u2019artistes ind\u00e9pendants.","breadcrumb":{"@id":"https:\/\/www.ifg.gr\/events\/mif-playlist-02-2022\/#breadcrumb"},"inLanguage":"fr-FR","potentialAction":[{"@type":"ReadAction","target":["https:\/\/www.ifg.gr\/events\/mif-playlist-02-2022\/"]}]},{"@type":"ImageObject","inLanguage":"fr-FR","@id":"https:\/\/www.ifg.gr\/events\/mif-playlist-02-2022\/#primaryimage","url":"https:\/\/www.ifg.gr\/wp-content\/uploads\/2022\/02\/MIF-Banner-1-02-2022.jpg","contentUrl":"https:\/\/www.ifg.gr\/wp-content\/uploads\/2022\/02\/MIF-Banner-1-02-2022.jpg","width":1350,"height":800},{"@type":"BreadcrumbList","@id":"https:\/\/www.ifg.gr\/events\/mif-playlist-02-2022\/#breadcrumb","itemListElement":[{"@type":"ListItem","position":1,"name":"Home","item":"https:\/\/www.ifg.gr\/fr\/"},{"@type":"ListItem","position":2,"name":"Events","item":"https:\/\/www.ifg.gr\/events\/"},{"@type":"ListItem","position":3,"name":"MIF Playlist 02\/2022"}]},{"@type":"WebSite","@id":"https:\/\/www.ifg.gr\/#website","url":"https:\/\/www.ifg.gr\/","name":"IFG","description":"","potentialAction":[{"@type":"SearchAction","target":{"@type":"EntryPoint","urlTemplate":"https:\/\/www.ifg.gr\/?s={search_term_string}"},"query-input":{"@type":"PropertyValueSpecification","valueRequired":true,"valueName":"search_term_string"}}],"inLanguage":"fr-FR"}]}},"_links":{"self":[{"href":"https:\/\/www.ifg.gr\/fr\/wp-json\/wp\/v2\/event\/37778","targetHints":{"allow":["GET"]}}],"collection":[{"href":"https:\/\/www.ifg.gr\/fr\/wp-json\/wp\/v2\/event"}],"about":[{"href":"https:\/\/www.ifg.gr\/fr\/wp-json\/wp\/v2\/types\/event"}],"author":[{"embeddable":true,"href":"https:\/\/www.ifg.gr\/fr\/wp-json\/wp\/v2\/users\/1"}],"version-history":[{"count":0,"href":"https:\/\/www.ifg.gr\/fr\/wp-json\/wp\/v2\/event\/37778\/revisions"}],"wp:featuredmedia":[{"embeddable":true,"href":"https:\/\/www.ifg.gr\/fr\/wp-json\/wp\/v2\/media\/37774"}],"wp:attachment":[{"href":"https:\/\/www.ifg.gr\/fr\/wp-json\/wp\/v2\/media?parent=37778"}],"wp:term":[{"taxonomy":"post_tag","embeddable":true,"href":"https:\/\/www.ifg.gr\/fr\/wp-json\/wp\/v2\/tags?post=37778"},{"taxonomy":"event_category","embeddable":true,"href":"https:\/\/www.ifg.gr\/fr\/wp-json\/wp\/v2\/event_category?post=37778"},{"taxonomy":"event_group","embeddable":true,"href":"https:\/\/www.ifg.gr\/fr\/wp-json\/wp\/v2\/event_group?post=37778"}],"curies":[{"name":"wp","href":"https:\/\/api.w.org\/{rel}","templated":true}]}}