{"id":37809,"date":"2022-02-04T14:15:11","date_gmt":"2022-02-04T14:15:11","guid":{"rendered":"https:\/\/www.ifg.gr\/events\/22o-festival-gallofonou-kinimatografou-ellados\/"},"modified":"2022-03-24T15:09:12","modified_gmt":"2022-03-24T15:09:12","slug":"22e-festival-du-film-francophone-de-grece","status":"publish","type":"event","link":"https:\/\/www.ifg.gr\/fr\/events\/22e-festival-du-film-francophone-de-grece\/","title":{"rendered":"22e Festival du Film Francophone de Gr\u00e8ce"},"content":{"rendered":"<p>Le <a href=\"https:\/\/festivalfilmfrancophone.gr\/\" target=\"_blank\" rel=\"noopener\">Festival du Film Francophone<\/a>, apr\u00e8s deux ann\u00e9es loin des salles, revient en force pour son traditionnel rendez-vous du printemps, retenant son souffle face \u00e0 la guerre qui croise la pand\u00e9mie, avec l\u2019espoir d\u2019offrir \u00e0 tous, grands et petits, des moments d\u2019\u00e9motion face \u00e0 l\u2019image que seul le grand \u00e9cran peut offrir.<\/p>\n<p><strong>En 2022<\/strong>, le Festival du Film Francophone de Gr\u00e8ce vous donne rendez-vous du <strong>29 mars au 6 avril<\/strong>.<\/p>\n<p>Comme le rappelle <strong>Nicolas Eybalin<\/strong>, Directeur de l\u2019Institut fran\u00e7ais de Gr\u00e8ce, <em>\u00ab c\u2019est l\u00e0 la force du cin\u00e9ma : il permet de multiplier nos exp\u00e9riences de la vie, de rencontrer des personnages du pass\u00e9 ou de notre temps que nous n\u2019aurions jamais eu la possibilit\u00e9 de conna\u00eetre, d\u2019\u00eatre confront\u00e9 \u00e0 d\u2019autres vies que la n\u00f4tre, bref de mieux comprendre la complexit\u00e9 des hommes et du monde par la puissance du d\u2019une exp\u00e9rience particuli\u00e8re, le partage d\u2019un film et d\u2019une histoire avec des inconnus dans une salle sur un grand \u00e9cran \u00bb<\/em>.<\/p>\n<p>Ce plaisir du partage et les \u00e9motions qui naissent lorsque nous entrons en contact avec une \u0153uvre cin\u00e9matographique, ont inspir\u00e9 l\u2019agence cr\u00e9ative de <strong>Dimitris Kanellopoulos<\/strong> dans la conception de l\u2019<a href=\"https:\/\/www.ifg.gr\/fr\/news\/fff22-identite-visuelle\/\" target=\"_blank\" rel=\"noopener\">identit\u00e9 visuelle de la 22e \u00e9dition du festival<\/a>. Les stimuli visuels, les senteurs et les saveurs que peut \u00e9voquer un film, laissant un go\u00fbt diff\u00e9rent \u00e0 chacun ou commun \u00e0 tous, constituent les ingr\u00e9dients qui alimentent notre besoin d\u2019\u00e9change d\u2019avis et d\u2019interaction.<\/p>\n<p>Le th\u00e8me du plaisir des sens est au c\u0153ur d\u2019une section sp\u00e9cifique de cette \u00e9dition du festival, sous le titre \u00ab L\u2019app\u00e9tit vient en regardant \u00bb. App\u00e9tit de cin\u00e9ma, app\u00e9tit de rencontres, app\u00e9tit d\u2019\u00e9changes, de d\u00e9bats, de rire, de larmes, de nourriture, de senteurs, de c\u00e2lins, d\u2019\u00e9treintes. En fin de compte, app\u00e9tit de vivre !<\/p>\n<p><strong>La bande annonce<\/strong> du festival con\u00e7ue par<strong> Sofia Georgovassili<\/strong> suit le m\u00eame motif. Produite sur film, aux couleurs et aux images r\u00e9tro, elle souhaite donner app\u00e9tit aux spectateurs \u00e0 travers une description exag\u00e9r\u00e9e du plaisir procur\u00e9 par un plat gastronomique, associ\u00e9 \u00e0 l\u2019envie \u00e9quivalente de cin\u00e9ma.<\/p>\n<p><iframe loading=\"lazy\" title=\"#FFF22 \u03a6\u03b5\u03c3\u03c4\u03b9\u03b2\u03ac\u03bb \u0393\u03b1\u03bb\u03bb\u03cc\u03c6\u03c9\u03bd\u03bf\u03c5 \u039a\u03b9\u03bd\u03b7\u03bc\u03b1\u03c4\u03bf\u03b3\u03c1\u03ac\u03c6\u03bf\u03c5 \u0395\u03bb\u03bb\u03ac\u03b4\u03bf\u03c2 - Festival du Film Francophone de Gr\u00e8ce\" width=\"640\" height=\"360\" src=\"https:\/\/www.youtube.com\/embed\/5suJGEkbgJ8?start=1&#038;feature=oembed\" frameborder=\"0\" allow=\"accelerometer; autoplay; clipboard-write; encrypted-media; gyroscope; picture-in-picture; web-share\" referrerpolicy=\"strict-origin-when-cross-origin\" allowfullscreen><\/iframe><\/p>\n<p>&nbsp;<\/p>\n<p><strong>BILLETERIE<\/strong><\/p>\n<ul>\n<li>Prix du billet : 6 \u20ac<\/li>\n<li>Prix des ateliers jeunesse (Ath\u00e8nes): 10 \u20ac<\/li>\n<li>Des cartes \u00e0 places multiples sont disponibles. Plus d\u2019informations sur <a href=\"https:\/\/festivalfilmfrancophone.gr\/fr\" target=\"_blank\" rel=\"noopener\">le site web du Festival<\/a><\/li>\n<li>Billetterie : <a href=\"https:\/\/festivalfilmfrancophone.gr\/fr\">festivalfilmfrancophone.gr\/fr<\/a><\/li>\n<\/ul>\n<p>&nbsp;<\/p>\n<p><strong>Avec cette 22e \u00e9dition du Festival du Film Francophone, l\u2019Institut fran\u00e7ais de Gr\u00e8ce affirme son soutien aux partenaires et cr\u00e9ateurs grecs :<\/strong><\/p>\n<p>\u2022 L\u2019\u00e9dition de cette ann\u00e9e est co-organis\u00e9e avec des festivals de cin\u00e9ma grecs de renom et d\u2019envergure internationale :<br \/>\n\u2022 Le Festival International du Film de Thessalonique et le Festival International du Film d\u2019Ath\u00e8nes \u2013 Nychtes Premieras<br \/>\n\u2022 En collaboration avec les distributeurs grecs pour la section Comp\u00e9tition du festival<br \/>\n\u2022 En collaboration avec le Festival Gros Plan pour la cr\u00e9ation d\u2019un questionnaire permettant de mieux conna\u00eetre le public et de recueillir son avis sur les films projet\u00e9s. Les questionnaires seront disponibles apr\u00e8s achat des billets sur la plateforme de projection.<br \/>\n\u2022 Invite des repr\u00e9sentants Grecs et Fran\u00e7ais de diff\u00e9rentes formes d\u2019expression artistique \u00e0 participer en tant que membres au Jury qui d\u00e9cernera un des deux prix du festival.<\/p>\n<h3>LES PRIX<\/h3>\n<p>Deux prix seront attribu\u00e9s cette ann\u00e9e encore, aux films qui participent \u00e0 la section Comp\u00e9tition du Festival du Film Francophone de Gr\u00e8ce :<\/p>\n<p>\u2022 <strong>Un Prix du jury<\/strong>, attribu\u00e9 par le jury du festival. Le Prix du jury est dot\u00e9 par NOVA qui soutient la promotion du film prim\u00e9 lors de sa sortie en Gr\u00e8ce sur diff\u00e9rents supports de communication.<\/p>\n<p>\u2022 <strong>Un Prix du public<\/strong>, attribu\u00e9 en fonction des votes des spectateurs \u00e0 l\u2019issue des projections des films en comp\u00e9tition. Le Prix du public, dot\u00e9 par la bi\u00e8re Fischer, est attribu\u00e9 au distributeur du film prim\u00e9 et destin\u00e9 \u00e0 la promotion du film lors de sa sortie.<\/p>\n<p>Les deux prix sont con\u00e7us et offerts par la Maison ZOLOTAS<\/p>\n<h3>LE JURY<\/h3>\n<p>&#8211; Emmanuelle B\u00e9art, Pr\u00e9sidente du jury<br \/>\n&#8211; Thanos Anastopoulos<br \/>\n&#8211; \u00c9lis Kis<br \/>\n&#8211; Yanna Sarri<br \/>\n&#8211; Lefteris Charitos<\/p>\n<p>&nbsp;<\/p>\n<p><strong>Inscrivez-vous pour recevoir les annonces relatives \u00e0 la programmation du Festival du Film Francophone, ainsi que le guide quotidien des projections et manifestations :<\/strong><\/p>\n<p><!-- Begin Mailchimp Signup Form --><\/p>\n<div id=\"mc_embed_signup\">\n<form id=\"mc-embedded-subscribe-form\" class=\"validate\" action=\"https:\/\/ifg.us4.list-manage.com\/subscribe\/post?u=3c0b9ca38b6191f2cf316fe04&amp;id=71973a0d6e\" method=\"post\" name=\"mc-embedded-subscribe-form\" novalidate=\"\" target=\"_blank\">\n<div id=\"mc_embed_signup_scroll\">\n<div class=\"indicates-required\"><span class=\"asterisk\">*<\/span> indicates required<\/div>\n<div class=\"mc-field-group\"><label for=\"mce-EMAIL\">\u0394\u03b9\u03b5\u03cd\u03b8\u03c5\u03bd\u03c3\u03b7 email \/ Adresse e-mail <span class=\"asterisk\">*<\/span><br \/>\n<\/label><br \/>\n<input id=\"mce-EMAIL\" class=\"required email\" name=\"EMAIL\" type=\"email\" value=\"\" \/><\/div>\n<div class=\"mc-field-group\"><label for=\"mce-FNAME\">\u038c\u03bd\u03bf\u03bc\u03b1 \/ Pr\u00e9nom <span class=\"asterisk\">*<\/span><br \/>\n<\/label><br \/>\n<input id=\"mce-FNAME\" class=\"required\" name=\"FNAME\" type=\"text\" value=\"\" \/><\/div>\n<div class=\"mc-field-group\"><label for=\"mce-LNAME\">\u0395\u03c0\u03af\u03b8\u03b5\u03c4\u03bf \/ Nom de famille <span class=\"asterisk\">*<\/span><br \/>\n<\/label><br \/>\n<input id=\"mce-LNAME\" class=\"required\" name=\"LNAME\" type=\"text\" value=\"\" \/><\/div>\n<div class=\"mc-field-group input-group\" style=\"display: none;\">\n<p><strong>Publics <\/strong><\/p>\n<ul>\n<li><input id=\"mce-group[71488]-71488-0\" checked=\"checked\" name=\"group[71488][1]\" type=\"checkbox\" value=\"1\" \/><label for=\"mce-group[71488]-71488-0\">FFF<\/label><\/li>\n<li><input id=\"mce-group[71488]-71488-1\" name=\"group[71488][2]\" type=\"checkbox\" value=\"2\" \/><label for=\"mce-group[71488]-71488-1\">CineClub<\/label><\/li>\n<\/ul>\n<\/div>\n<div class=\"mc-field-group\"><label for=\"mce-group[71492]\">\u0393\u03bb\u03ce\u03c3\u03c3\u03b1 \/ Langue<\/label><br \/>\n<select id=\"mce-group[71492]\" class=\"REQ_CSS\" name=\"group[71492]\"><option value=\"\"><\/option><option value=\"4\">\u0395\u03bb\u03bb\u03b7\u03bd\u03b9\u03ba\u03ac<\/option><option value=\"8\">Fran\u00e7ais<\/option><\/select><\/div>\n<div id=\"mce-responses\" class=\"clear\">\n<div id=\"mce-error-response\" class=\"response\" style=\"display: none;\"><\/div>\n<div id=\"mce-success-response\" class=\"response\" style=\"display: none;\"><\/div>\n<\/div>\n<p><!-- real people should not fill this in and expect good things - do not remove this or risk form bot signups--><\/p>\n<div style=\"position: absolute; left: -5000px;\" aria-hidden=\"true\"><input tabindex=\"-1\" name=\"b_3c0b9ca38b6191f2cf316fe04_71973a0d6e\" type=\"text\" value=\"\" \/><\/div>\n<div class=\"clear\"><input id=\"mc-embedded-subscribe\" class=\"button\" name=\"subscribe\" type=\"submit\" value=\"\u0395\u03b3\u03b3\u03c1\u03b1\u03c6\u03ae \/ Inscription\" \/><\/div>\n<\/div>\n<\/form>\n<\/div>\n","protected":false},"excerpt":{"rendered":"<p>Consultez le programme complet. Rendez-vous dans les salles du 29 mars au 6 avril 2022 !<\/p>\n","protected":false},"author":1,"featured_media":42892,"template":"","tags":[],"event_category":[],"event_group":[881],"class_list":["post-37809","event","type-event","status-publish","has-post-thumbnail","hentry","event_group-festival-du-film-francophone-de-grece"],"acf":{"sponsors_default":false,"featured_image_credits":"","info_title":"","info_text":"","date_range":{"start":"29\/03\/2022","end":"06\/04\/2022","cancelled":false,"note":"","start_time":"","end_time":""},"details":{"location":"<p>Ath\u00e8nes : Danaos, Astor, Auditorium Theo Angelopoulos de l\u2019IFG<\/p>\n<p>Thessalonique : Olympion, Stavros Tornes, Pavlos Zannas<\/p>\n","hyperlink1a":{"text":"Consultez le programme complet","link":"https:\/\/festivalfilmfrancophone.gr\/fr"},"price":"Prix du billet : 6 \u20ac |\r\n\r\nPrix des ateliers jeunesse (Ath\u00e8nes): 10 \u20ac\r\n","hyperlink2a":{"text":"","link":""},"online_event":false,"live_streaming":false,"live_streaming_code":"","facebook_url":"https:\/\/www.facebook.com\/events\/1169804730430636\/","hyperlink":{"text":"Billetterie - Ath\u00e8nes ","link":"https:\/\/www.viva.gr\/tickets\/cinema\/festival-francophone-2022\/"},"hyperlink2":{"text":"Billetterie - Thessalonique","link":"https:\/\/www.viva.gr\/tickets\/festival\/22o-festival-gallofonou-kinimatografou\/"},"hyperlink3":{"text":"#FFF22 Playlist","link":"https:\/\/www.ifg.gr\/fr\/events\/fff22-playlist"},"press_release":{"ID":42998,"id":42998,"title":"FFF22_CP_GENERAL_2022_FR","filename":"FFF22_CP_GENERAL_2022_FR.docx","filesize":684727,"url":"https:\/\/www.ifg.gr\/wp-content\/uploads\/2022\/02\/FFF22_CP_GENERAL_2022_FR.docx","link":"https:\/\/www.ifg.gr\/fr\/events\/22e-festival-du-film-francophone-de-grece\/fff22_cp_general_2022_fr\/","alt":"","author":"1","description":"","caption":"","name":"fff22_cp_general_2022_fr","status":"inherit","uploaded_to":37809,"date":"2022-03-15 13:17:19","modified":"2022-03-15 13:17:19","menu_order":0,"mime_type":"application\/vnd.openxmlformats-officedocument.wordprocessingml.document","type":"application","subtype":"vnd.openxmlformats-officedocument.wordprocessingml.document","icon":"https:\/\/www.ifg.gr\/wp-includes\/images\/media\/document.png"}},"home_slider_image":{"ID":42894,"id":42894,"title":"FFF22 1300x768","filename":"FFF22-1300x768-1.png","filesize":344097,"url":"https:\/\/www.ifg.gr\/wp-content\/uploads\/2022\/03\/FFF22-1300x768-1.png","link":"https:\/\/www.ifg.gr\/fr\/news\/fff22-identite-visuelle\/fff22-1300x768-2\/","alt":"FFF22 ","author":"1","description":"FFF22 ","caption":"FFF22 ","name":"fff22-1300x768-2","status":"inherit","uploaded_to":42898,"date":"2022-03-09 13:53:29","modified":"2022-03-09 13:53:35","menu_order":0,"mime_type":"image\/png","type":"image","subtype":"png","icon":"https:\/\/www.ifg.gr\/wp-includes\/images\/media\/default.png","width":1301,"height":769,"sizes":{"thumbnail":"https:\/\/www.ifg.gr\/wp-content\/uploads\/2022\/03\/FFF22-1300x768-1.png","thumbnail-width":150,"thumbnail-height":89,"medium":"https:\/\/www.ifg.gr\/wp-content\/uploads\/2022\/03\/FFF22-1300x768-1.png","medium-width":300,"medium-height":177,"medium_large":"https:\/\/www.ifg.gr\/wp-content\/uploads\/2022\/03\/FFF22-1300x768-1-768x454.png","medium_large-width":640,"medium_large-height":378,"large":"https:\/\/www.ifg.gr\/wp-content\/uploads\/2022\/03\/FFF22-1300x768-1.png","large-width":640,"large-height":378,"1536x1536":"https:\/\/www.ifg.gr\/wp-content\/uploads\/2022\/03\/FFF22-1300x768-1.png","1536x1536-width":1301,"1536x1536-height":769,"2048x2048":"https:\/\/www.ifg.gr\/wp-content\/uploads\/2022\/03\/FFF22-1300x768-1.png","2048x2048-width":1301,"2048x2048-height":769,"full-width":"https:\/\/www.ifg.gr\/wp-content\/uploads\/2022\/03\/FFF22-1300x768-1.png","full-width-width":1301,"full-width-height":769,"sidebar":"https:\/\/www.ifg.gr\/wp-content\/uploads\/2022\/03\/FFF22-1300x768-1.png","sidebar-width":1301,"sidebar-height":769,"thumb-sm":"https:\/\/www.ifg.gr\/wp-content\/uploads\/2022\/03\/FFF22-1300x768-1-220x130.png","thumb-sm-width":220,"thumb-sm-height":130,"thumb-square":"https:\/\/www.ifg.gr\/wp-content\/uploads\/2022\/03\/FFF22-1300x768-1-300x300.png","thumb-square-width":300,"thumb-square-height":300,"thumb-big":"https:\/\/www.ifg.gr\/wp-content\/uploads\/2022\/03\/FFF22-1300x768-1-600x400.png","thumb-big-width":600,"thumb-big-height":400,"slider-big":"https:\/\/www.ifg.gr\/wp-content\/uploads\/2022\/03\/FFF22-1300x768-1.png","slider-big-width":1299,"slider-big-height":768}},"sponsors_group":false,"layout":false},"yoast_head":"<!-- This site is optimized with the Yoast SEO plugin v26.8 - https:\/\/yoast.com\/product\/yoast-seo-wordpress\/ -->\n<title>22e Festival du Film Francophone de Gr\u00e8ce - FFF22<\/title>\n<meta name=\"description\" content=\"En 2022, le Festival du Film Francophone de Gr\u00e8ce vous donne rendez-vous du 29 mars au 6 avril.\" \/>\n<meta name=\"robots\" content=\"index, follow, max-snippet:-1, max-image-preview:large, max-video-preview:-1\" \/>\n<link rel=\"canonical\" href=\"https:\/\/www.ifg.gr\/events\/22o-festival-gallofonou-kinimatografou-ellados\/\" \/>\n<meta property=\"og:locale\" content=\"fr_FR\" \/>\n<meta property=\"og:type\" content=\"article\" \/>\n<meta property=\"og:title\" content=\"22e Festival du Film Francophone de Gr\u00e8ce - FFF22\" \/>\n<meta property=\"og:description\" content=\"En 2022, le Festival du Film Francophone de Gr\u00e8ce vous donne rendez-vous du 29 mars au 6 avril.\" \/>\n<meta property=\"og:url\" content=\"https:\/\/www.ifg.gr\/events\/22o-festival-gallofonou-kinimatografou-ellados\/\" \/>\n<meta property=\"og:site_name\" content=\"IFG\" \/>\n<meta property=\"article:modified_time\" content=\"2022-03-24T15:09:12+00:00\" \/>\n<meta property=\"og:image\" content=\"https:\/\/www.ifg.gr\/wp-content\/uploads\/2022\/03\/FFF22-1200x800-1.png\" \/>\n\t<meta property=\"og:image:width\" content=\"1201\" \/>\n\t<meta property=\"og:image:height\" content=\"801\" \/>\n\t<meta property=\"og:image:type\" content=\"image\/png\" \/>\n<meta name=\"twitter:card\" content=\"summary_large_image\" \/>\n<meta name=\"twitter:label1\" content=\"Dur\u00e9e de lecture estim\u00e9e\" \/>\n\t<meta name=\"twitter:data1\" content=\"3 minutes\" \/>\n<script type=\"application\/ld+json\" class=\"yoast-schema-graph\">{\"@context\":\"https:\/\/schema.org\",\"@graph\":[{\"@type\":\"WebPage\",\"@id\":\"https:\/\/www.ifg.gr\/events\/22o-festival-gallofonou-kinimatografou-ellados\/\",\"url\":\"https:\/\/www.ifg.gr\/events\/22o-festival-gallofonou-kinimatografou-ellados\/\",\"name\":\"22e Festival du Film Francophone de Gr\u00e8ce - FFF22\",\"isPartOf\":{\"@id\":\"https:\/\/www.ifg.gr\/#website\"},\"primaryImageOfPage\":{\"@id\":\"https:\/\/www.ifg.gr\/events\/22o-festival-gallofonou-kinimatografou-ellados\/#primaryimage\"},\"image\":{\"@id\":\"https:\/\/www.ifg.gr\/events\/22o-festival-gallofonou-kinimatografou-ellados\/#primaryimage\"},\"thumbnailUrl\":\"https:\/\/www.ifg.gr\/wp-content\/uploads\/2022\/03\/FFF22-1200x800-1.png\",\"datePublished\":\"2022-02-04T14:15:11+00:00\",\"dateModified\":\"2022-03-24T15:09:12+00:00\",\"description\":\"En 2022, le Festival du Film Francophone de Gr\u00e8ce vous donne rendez-vous du 29 mars au 6 avril.\",\"breadcrumb\":{\"@id\":\"https:\/\/www.ifg.gr\/events\/22o-festival-gallofonou-kinimatografou-ellados\/#breadcrumb\"},\"inLanguage\":\"fr-FR\",\"potentialAction\":[{\"@type\":\"ReadAction\",\"target\":[\"https:\/\/www.ifg.gr\/events\/22o-festival-gallofonou-kinimatografou-ellados\/\"]}]},{\"@type\":\"ImageObject\",\"inLanguage\":\"fr-FR\",\"@id\":\"https:\/\/www.ifg.gr\/events\/22o-festival-gallofonou-kinimatografou-ellados\/#primaryimage\",\"url\":\"https:\/\/www.ifg.gr\/wp-content\/uploads\/2022\/03\/FFF22-1200x800-1.png\",\"contentUrl\":\"https:\/\/www.ifg.gr\/wp-content\/uploads\/2022\/03\/FFF22-1200x800-1.png\",\"width\":1201,\"height\":801,\"caption\":\"FFF22\"},{\"@type\":\"BreadcrumbList\",\"@id\":\"https:\/\/www.ifg.gr\/events\/22o-festival-gallofonou-kinimatografou-ellados\/#breadcrumb\",\"itemListElement\":[{\"@type\":\"ListItem\",\"position\":1,\"name\":\"Home\",\"item\":\"https:\/\/www.ifg.gr\/fr\/\"},{\"@type\":\"ListItem\",\"position\":2,\"name\":\"Events\",\"item\":\"https:\/\/www.ifg.gr\/events\/\"},{\"@type\":\"ListItem\",\"position\":3,\"name\":\"22e Festival du Film Francophone de Gr\u00e8ce\"}]},{\"@type\":\"WebSite\",\"@id\":\"https:\/\/www.ifg.gr\/#website\",\"url\":\"https:\/\/www.ifg.gr\/\",\"name\":\"IFG\",\"description\":\"\",\"potentialAction\":[{\"@type\":\"SearchAction\",\"target\":{\"@type\":\"EntryPoint\",\"urlTemplate\":\"https:\/\/www.ifg.gr\/?s={search_term_string}\"},\"query-input\":{\"@type\":\"PropertyValueSpecification\",\"valueRequired\":true,\"valueName\":\"search_term_string\"}}],\"inLanguage\":\"fr-FR\"}]}<\/script>\n<!-- \/ Yoast SEO plugin. -->","yoast_head_json":{"title":"22e Festival du Film Francophone de Gr\u00e8ce - FFF22","description":"En 2022, le Festival du Film Francophone de Gr\u00e8ce vous donne rendez-vous du 29 mars au 6 avril.","robots":{"index":"index","follow":"follow","max-snippet":"max-snippet:-1","max-image-preview":"max-image-preview:large","max-video-preview":"max-video-preview:-1"},"canonical":"https:\/\/www.ifg.gr\/events\/22o-festival-gallofonou-kinimatografou-ellados\/","og_locale":"fr_FR","og_type":"article","og_title":"22e Festival du Film Francophone de Gr\u00e8ce - FFF22","og_description":"En 2022, le Festival du Film Francophone de Gr\u00e8ce vous donne rendez-vous du 29 mars au 6 avril.","og_url":"https:\/\/www.ifg.gr\/events\/22o-festival-gallofonou-kinimatografou-ellados\/","og_site_name":"IFG","article_modified_time":"2022-03-24T15:09:12+00:00","og_image":[{"width":1201,"height":801,"url":"https:\/\/www.ifg.gr\/wp-content\/uploads\/2022\/03\/FFF22-1200x800-1.png","type":"image\/png"}],"twitter_card":"summary_large_image","twitter_misc":{"Dur\u00e9e de lecture estim\u00e9e":"3 minutes"},"schema":{"@context":"https:\/\/schema.org","@graph":[{"@type":"WebPage","@id":"https:\/\/www.ifg.gr\/events\/22o-festival-gallofonou-kinimatografou-ellados\/","url":"https:\/\/www.ifg.gr\/events\/22o-festival-gallofonou-kinimatografou-ellados\/","name":"22e Festival du Film Francophone de Gr\u00e8ce - FFF22","isPartOf":{"@id":"https:\/\/www.ifg.gr\/#website"},"primaryImageOfPage":{"@id":"https:\/\/www.ifg.gr\/events\/22o-festival-gallofonou-kinimatografou-ellados\/#primaryimage"},"image":{"@id":"https:\/\/www.ifg.gr\/events\/22o-festival-gallofonou-kinimatografou-ellados\/#primaryimage"},"thumbnailUrl":"https:\/\/www.ifg.gr\/wp-content\/uploads\/2022\/03\/FFF22-1200x800-1.png","datePublished":"2022-02-04T14:15:11+00:00","dateModified":"2022-03-24T15:09:12+00:00","description":"En 2022, le Festival du Film Francophone de Gr\u00e8ce vous donne rendez-vous du 29 mars au 6 avril.","breadcrumb":{"@id":"https:\/\/www.ifg.gr\/events\/22o-festival-gallofonou-kinimatografou-ellados\/#breadcrumb"},"inLanguage":"fr-FR","potentialAction":[{"@type":"ReadAction","target":["https:\/\/www.ifg.gr\/events\/22o-festival-gallofonou-kinimatografou-ellados\/"]}]},{"@type":"ImageObject","inLanguage":"fr-FR","@id":"https:\/\/www.ifg.gr\/events\/22o-festival-gallofonou-kinimatografou-ellados\/#primaryimage","url":"https:\/\/www.ifg.gr\/wp-content\/uploads\/2022\/03\/FFF22-1200x800-1.png","contentUrl":"https:\/\/www.ifg.gr\/wp-content\/uploads\/2022\/03\/FFF22-1200x800-1.png","width":1201,"height":801,"caption":"FFF22"},{"@type":"BreadcrumbList","@id":"https:\/\/www.ifg.gr\/events\/22o-festival-gallofonou-kinimatografou-ellados\/#breadcrumb","itemListElement":[{"@type":"ListItem","position":1,"name":"Home","item":"https:\/\/www.ifg.gr\/fr\/"},{"@type":"ListItem","position":2,"name":"Events","item":"https:\/\/www.ifg.gr\/events\/"},{"@type":"ListItem","position":3,"name":"22e Festival du Film Francophone de Gr\u00e8ce"}]},{"@type":"WebSite","@id":"https:\/\/www.ifg.gr\/#website","url":"https:\/\/www.ifg.gr\/","name":"IFG","description":"","potentialAction":[{"@type":"SearchAction","target":{"@type":"EntryPoint","urlTemplate":"https:\/\/www.ifg.gr\/?s={search_term_string}"},"query-input":{"@type":"PropertyValueSpecification","valueRequired":true,"valueName":"search_term_string"}}],"inLanguage":"fr-FR"}]}},"_links":{"self":[{"href":"https:\/\/www.ifg.gr\/fr\/wp-json\/wp\/v2\/event\/37809","targetHints":{"allow":["GET"]}}],"collection":[{"href":"https:\/\/www.ifg.gr\/fr\/wp-json\/wp\/v2\/event"}],"about":[{"href":"https:\/\/www.ifg.gr\/fr\/wp-json\/wp\/v2\/types\/event"}],"author":[{"embeddable":true,"href":"https:\/\/www.ifg.gr\/fr\/wp-json\/wp\/v2\/users\/1"}],"version-history":[{"count":0,"href":"https:\/\/www.ifg.gr\/fr\/wp-json\/wp\/v2\/event\/37809\/revisions"}],"wp:featuredmedia":[{"embeddable":true,"href":"https:\/\/www.ifg.gr\/fr\/wp-json\/wp\/v2\/media\/42892"}],"wp:attachment":[{"href":"https:\/\/www.ifg.gr\/fr\/wp-json\/wp\/v2\/media?parent=37809"}],"wp:term":[{"taxonomy":"post_tag","embeddable":true,"href":"https:\/\/www.ifg.gr\/fr\/wp-json\/wp\/v2\/tags?post=37809"},{"taxonomy":"event_category","embeddable":true,"href":"https:\/\/www.ifg.gr\/fr\/wp-json\/wp\/v2\/event_category?post=37809"},{"taxonomy":"event_group","embeddable":true,"href":"https:\/\/www.ifg.gr\/fr\/wp-json\/wp\/v2\/event_group?post=37809"}],"curies":[{"name":"wp","href":"https:\/\/api.w.org\/{rel}","templated":true}]}}