{"id":43175,"date":"2022-04-08T12:43:14","date_gmt":"2022-04-08T12:43:14","guid":{"rendered":"https:\/\/www.ifg.gr\/?post_type=event&#038;p=43175"},"modified":"2022-04-08T12:43:51","modified_gmt":"2022-04-08T12:43:51","slug":"mif-playlist-04-2022","status":"publish","type":"event","link":"https:\/\/www.ifg.gr\/fr\/events\/mif-playlist-04-2022\/","title":{"rendered":"MIF Playlist 04\/2022"},"content":{"rendered":"<p><strong>Chaque mois, une nouvelle <\/strong><a href=\"https:\/\/www.ifg.gr\/fr\/tag\/mif-fr\/\" target=\"_blank\" rel=\"noopener\">playlist MIF<\/a> (Musique Ind\u00e9pendante Francophone) pr\u00e9sente <strong>une s\u00e9lection de musique d\u2019artistes ind\u00e9pendants, groupes et labels de France<\/strong> ainsi que des <strong>nouveaut\u00e9s francophones<\/strong> d\u2019autres pays.<\/p>\n<p><a href=\"https:\/\/www.costasandreou.com\" target=\"_blank\" rel=\"noopener noreferrer\">Costas Andreou<\/a> signe la programmation musicale, avec chaque playlist MIF proposant des genres musicaux diff\u00e9rents et organis\u00e9e de telle mani\u00e8re que le public puisse approfondir l\u2019\u00e9coute des morceaux qui l\u2019int\u00e9ressent.<\/p>\n<p>Chaque morceau de la playlist a un lien dirigeant vers l\u2019album complet, tel qu\u2019il est disponible sur la plateforme Bandcamp, pour l\u2019achat du morceau ou de l\u2019album dans lequel il est inclus.<\/p>\n<h3>MIF Playlist 4 \/ avril 2022<\/h3>\n<p><strong>The Adelians<\/strong><br \/>\nDis moi oui ou non<\/p>\n<p><iframe style=\"border: 0; width: 100%; height: 120px;\" src=\"https:\/\/bandcamp.com\/EmbeddedPlayer\/album=4209912948\/size=large\/bgcol=ffffff\/linkcol=0687f5\/tracklist=false\/artwork=small\/track=1086115668\/transparent=true\/\" seamless=\"\"><a href=\"https:\/\/q-soundsrecording.bandcamp.com\/album\/the-adelians\">The Adelians by The Adelians<\/a><\/iframe><br \/>\nLa musique du quintet The Adelians associe r&amp;b et soul, tout en plongeant ses racines dans les matrices des ann\u00e9es 60. L\u2019album \u00e9ponyme sorti le 24 f\u00e9vrier 2017 comprend 13 chansons \u00e9nergisantes. Le projet est enregistr\u00e9 avec la participation de Florence Pitard (voix), Jake Blackbird (guitare), Arnaud Dandelot (basse), Ludovic Bors (orgue), Antoine Demantk\u00e9 (batterie), Mathias Luszpinski (saxophone t\u00e9nor) et Guillaume \u00ab\u00a0Stepper\u00a0\u00bb Briard (saxophone baryton).<\/p>\n<p><a href=\"https:\/\/q-soundsrecording.bandcamp.com\/album\/the-adelians\" target=\"_blank\" rel=\"noopener\">https:\/\/q-soundsrecording.bandcamp.com\/album\/the-adelians<\/a><\/p>\n<p>&nbsp;<\/p>\n<p><strong>Dany Alexandre<\/strong><br \/>\nEn attendant<\/p>\n<p><iframe style=\"border: 0; width: 100%; height: 120px;\" src=\"https:\/\/bandcamp.com\/EmbeddedPlayer\/album=1792250915\/size=large\/bgcol=ffffff\/linkcol=0687f5\/tracklist=false\/artwork=small\/track=3532149052\/transparent=true\/\" seamless=\"\"><a href=\"https:\/\/danyalexandre.bandcamp.com\/album\/rencontre\">Rencontre by Dany Alexandre<\/a><\/iframe><br \/>\nLe musicien montr\u00e9alais Dany Alexandre \u00e9crit et compose des chansons folk rock en fran\u00e7ais. Son album Rencontre paru le 19 novembre 2021 contient 8 titres dont il signe aussi la production, la r\u00e9alisation et les arrangements. Pour cet enregistrement, Dany Alexandre (voix, guitares, piano, claviers, percussions, programmation de batterie) est entour\u00e9 de Vincent Lafrance (basse), Remy Malo (basse), Fran\u00e7ois Richard (piano, claviers, rhodes), Gabriel Messier-Morisette (batterie), Alexis Martin (batterie, percussions), David Carbonneau (trompette), Matthieu Van Vliet (trombone) et Guido Del Fabbro (violon).<\/p>\n<p><a href=\"https:\/\/danyalexandre.bandcamp.com\" target=\"_blank\" rel=\"noopener\">https:\/\/danyalexandre.bandcamp.com<\/a><\/p>\n<p>&nbsp;<\/p>\n<p><strong>Lost Bayou Ramblers<\/strong><br \/>\nLa Valse de Balfa<\/p>\n<p><iframe style=\"border: 0; width: 100%; height: 120px;\" src=\"https:\/\/bandcamp.com\/EmbeddedPlayer\/album=902286177\/size=large\/bgcol=ffffff\/linkcol=0687f5\/tracklist=false\/artwork=small\/track=1636662510\/transparent=true\/\" seamless=\"\"><a href=\"https:\/\/lostbayouramblers.bandcamp.com\/album\/kalenda\">KALENDA by Lost Bayou Ramblers<\/a><\/iframe><br \/>\nLost Bayou Ramblers est un groupe de musique traditionnelle cajun, originaire de la petite ville de Broussard, en Louisiane, au sud des \u00c9tats-Unis. Leur album Kalenda, sorti le 29 septembre 2017 contient 10 morceaux, autant de compositions vibrantes et francophones, \u00e0 la crois\u00e9e de la musique traditionnelle cr\u00e9ole et du punk.<\/p>\n<p><a href=\"https:\/\/lostbayouramblers.bandcamp.com\" target=\"_blank\" rel=\"noopener\">https:\/\/lostbayouramblers.bandcamp.com<\/a><br \/>\n<a href=\"https:\/\/lostbayouramblers.com\" target=\"_blank\" rel=\"noopener\">https:\/\/lostbayouramblers.com<\/a><\/p>\n<p>&nbsp;<\/p>\n<p><strong>Marion Rampal<\/strong><br \/>\nA vol\u00e9<\/p>\n<p><iframe style=\"border: 0; width: 100%; height: 120px;\" src=\"https:\/\/bandcamp.com\/EmbeddedPlayer\/album=4184242975\/size=large\/bgcol=ffffff\/linkcol=0687f5\/tracklist=false\/artwork=small\/track=2078583979\/transparent=true\/\" seamless=\"\"><a href=\"https:\/\/marionrampal.bandcamp.com\/album\/tiss\">Tiss\u00e9 by Marion Rampal<\/a><\/iframe><br \/>\nMarion Rampal est une autrice compositrice fran\u00e7aise, chanteuse de jazz. Elle s&rsquo;exprime sur un r\u00e9pertoire large et vari\u00e9, entre jazz et blues ancr\u00e9s dans la tradition. Son album Tiss\u00e9 paru le 25 f\u00e9vrier 2022 contient 11 titres qui r\u00e9inventent la tradition du jazz de haut vol en y m\u00ealant intonations pop contemporaines.<\/p>\n<p><a href=\"https:\/\/marionrampal.bandcamp.com\" target=\"_blank\" rel=\"noopener\">https:\/\/marionrampal.bandcamp.com<\/a><br \/>\n<a href=\"https:\/\/www.marionrampal.com\" target=\"_blank\" rel=\"noopener\">https:\/\/www.marionrampal.com<\/a><\/p>\n<p>&nbsp;<\/p>\n<p><strong>Lucas Lombard<\/strong><br \/>\nLes lois de Newton<\/p>\n<p><iframe style=\"border: 0; width: 100%; height: 120px;\" src=\"https:\/\/bandcamp.com\/EmbeddedPlayer\/album=3211033508\/size=large\/bgcol=ffffff\/linkcol=0687f5\/tracklist=false\/artwork=small\/track=3963448634\/transparent=true\/\" seamless=\"\"><a href=\"https:\/\/lucaslombard.bandcamp.com\/album\/itin-raire\">Itin\u00e9raire by LUCAS LOMBARD<\/a><\/iframe><br \/>\nAuteur compositeur interpr\u00e8te, originaire de Nice, Lucas Lombard privil\u00e9gie dans ses chansons les textes tendres et les m\u00e9lodies sensibles. Son album Itin\u00e9raire sorti le 28 janvier 2022 est repr\u00e9sentatif de son style musical, aux arrangements acoustiques subtils et \u00e0 la po\u00e9sie habile.<\/p>\n<p><a href=\"https:\/\/lucaslombard.bandcamp.com\" target=\"_blank\" rel=\"noopener\">https:\/\/lucaslombard.bandcamp.com<\/a><\/p>\n<p><strong>Dany\u00e8l Waro<\/strong><br \/>\nD\u00e9d\u00e9<\/p>\n<p><iframe style=\"border: 0; width: 100%; height: 120px;\" src=\"https:\/\/bandcamp.com\/EmbeddedPlayer\/album=1334306856\/size=large\/bgcol=ffffff\/linkcol=0687f5\/tracklist=false\/artwork=small\/track=120995530\/transparent=true\/\" seamless=\"\"><a href=\"https:\/\/danyelwaro.bandcamp.com\/album\/tinn-tout\">Tinn Tout by Dany\u00e8l Waro<\/a><\/iframe><br \/>\nPo\u00e8te et compositeur r\u00e9unionnais, Dany\u00e8l Waro est une figure du maloya, genre musical aux sonorit\u00e9s blues propre \u00e0 l&rsquo;\u00eele de l\u2019oc\u00e9an Indien. Son album Tinn Tout sorti le 21 f\u00e9vrier 2020 comprend 10 chansons impr\u00e9gn\u00e9es de l\u2019ambiance insulaire, dans lesquelles la voix et les rythmes priment. Pour cet enregistrement il est accompagn\u00e9 de Laurent Dalleau (percussions) Micka\u00ebl Talpot (batterie) et Gilles Lauret (triangle).<\/p>\n<p><a href=\"https:\/\/danyelwaro.bandcamp.com\" target=\"_blank\" rel=\"noopener\">https:\/\/danyelwaro.bandcamp.com<\/a><\/p>\n<p>&nbsp;<\/p>\n<p><strong>Brice Guilbert<\/strong><br \/>\nVolkan<\/p>\n<p><iframe style=\"border: 0; width: 100%; height: 120px;\" src=\"https:\/\/bandcamp.com\/EmbeddedPlayer\/album=3246798320\/size=large\/bgcol=ffffff\/linkcol=0687f5\/tracklist=false\/artwork=small\/track=3212549055\/transparent=true\/\" seamless=\"\"><a href=\"https:\/\/briceguilbert.bandcamp.com\/album\/sin-jo\">Sin Jo by Brice Guilbert<\/a><\/iframe><br \/>\nBrice Guilbert est un artiste fran\u00e7ais aux racines cr\u00e9oles. Le retour aux sources de son enfance et \u00e0 sa langue maternelle est \u00e0 l\u2019origine de ses textes autobiographiques. Son album Sin Jo sorti le 15 d\u00e9cembre 2021 contient 10 chansons, m\u00ealant musiques du monde et arrangements acoustiques pour guitare.<\/p>\n<p><a href=\"https:\/\/briceguilbert.bandcamp.com\" target=\"_blank\" rel=\"noopener\">https:\/\/briceguilbert.bandcamp.com<\/a><br \/>\n<a href=\"https:\/\/www.briceguilbert.com\" target=\"_blank\" rel=\"noopener\">https:\/\/www.briceguilbert.com<\/a><\/p>\n<p>&nbsp;<\/p>\n<p><strong>Charles Berberian<\/strong><br \/>\nPlus haut<\/p>\n<p><iframe style=\"border: 0; width: 100%; height: 120px;\" src=\"https:\/\/bandcamp.com\/EmbeddedPlayer\/album=2337471166\/size=large\/bgcol=ffffff\/linkcol=0687f5\/tracklist=false\/artwork=small\/track=3106353264\/transparent=true\/\" seamless=\"\"><a href=\"https:\/\/charlesberberian.bandcamp.com\/album\/tout-pour-le-mieux-deluxe-live-ferber\">Tout pour le mieux DELUXE &#8211; LIVE FERBER by CHARLES BERBERIAN<\/a><\/iframe><br \/>\nAuteur, compositeur, interpr\u00e8te et dessinateur, n\u00e9 \u00e0 Bagdad et install\u00e9 en France, Charles Berberian compose des chansons folk. Son album Tout pour le mieux paru le 17 janvier 2021 comporte 11 titres. Interpr\u00e8te et guitariste pour cet enregistrement, il s\u2019entoure de la cr\u00e8me des musiciens tels que Erik Truffaz (trompette), Marcello Giuliani (basse, mandoline, chant), Fran\u00e7ois Poggio (guitare \u00e9lectrique), Ian Aledji (piano) Rapha\u00ebl Chassin (batterie) et Franck M\u2019Bou\u00e9k\u00e9 (chant).<\/p>\n<p><a href=\"https:\/\/charlesberberian.bandcamp.com\" target=\"_blank\" rel=\"noopener\">https:\/\/charlesberberian.bandcamp.com<\/a><\/p>\n<p>&nbsp;<\/p>\n<p><strong>Simon Lagani\u00e8re<\/strong><br \/>\nSe planter un clou dans l&rsquo;pied<\/p>\n<p><iframe style=\"border: 0; width: 100%; height: 120px;\" src=\"https:\/\/bandcamp.com\/EmbeddedPlayer\/album=3809069973\/size=large\/bgcol=ffffff\/linkcol=0687f5\/tracklist=false\/artwork=small\/track=29792927\/transparent=true\/\" seamless=\"\"><a href=\"https:\/\/simonlaganiere.bandcamp.com\/album\/samedi-soir-de-semaine\">Samedi soir de semaine by Simon Lagani\u00e8re<\/a><\/iframe><br \/>\nLe musicien montr\u00e9alais Simon Lagani\u00e8re \u00e9crit et compose des chansons folk rock en fran\u00e7ais. L\u2019album Samedi soir de semaine sorti le 23 mars 2018 est compos\u00e9 de 9 chansons qu\u2019il a \u00e9crites, compos\u00e9es et interpr\u00e9t\u00e9es lui-m\u00eame. On le retrouve \u00e9galement aux diff\u00e9rentes guitares acoustique, \u00e9lectrique et 12 cordes \u00e9lectrique, entour\u00e9 de Matthew Beaumont (piano, claviers, basse, ch\u0153urs), Dominic Desjardins (guitare t\u00e9nor, banjo, ch\u0153urs), Gabriel Lemieux-Maill\u00e9 (batterie), Benoit Coulombe (basse) et Catherine Leduc (voix).<\/p>\n<p><a href=\"https:\/\/simonlaganiere.bandcamp.com\" target=\"_blank\" rel=\"noopener\">https:\/\/simonlaganiere.bandcamp.com<\/a><br \/>\n<a href=\"https:\/\/www.simonlaganiere.com\" target=\"_blank\" rel=\"noopener\">https:\/\/www.simonlaganiere.com<\/a><\/p>\n<p>&nbsp;<\/p>\n<p><strong>Marie-Alice Ottmann<\/strong><br \/>\nTu Me Reviens Tel Un Doux Po\u00e8me<\/p>\n<p><iframe style=\"border: 0; width: 100%; height: 120px;\" src=\"https:\/\/bandcamp.com\/EmbeddedPlayer\/album=2711261793\/size=large\/bgcol=ffffff\/linkcol=0687f5\/tracklist=false\/artwork=small\/track=3417815427\/transparent=true\/\" seamless=\"\"><a href=\"https:\/\/marie-alice.bandcamp.com\/album\/evidence\">EVIDENCE by Marie-Alice<\/a><\/iframe><br \/>\nN\u00e9 de la rencontre entre Marie-Alice Ottmann (voix, piano) et Mustapha Kharmoudi (textes) et paru le 7 novembre 2021, l\u2019album Evidence est compos\u00e9 de 4 po\u00e8mes \u00e9crits en fran\u00e7ais, transform\u00e9s en chansons m\u00e9lancoliques aux accents pop.<\/p>\n<p><a href=\"https:\/\/marie-alice.bandcamp.com\" target=\"_blank\" rel=\"noopener\">https:\/\/marie-alice.bandcamp.com<\/a><\/p>\n<p>&nbsp;<\/p>\n<p><strong>Ariko<\/strong><br \/>\nHaricot<\/p>\n<p><iframe style=\"border: 0; width: 100%; height: 120px;\" src=\"https:\/\/bandcamp.com\/EmbeddedPlayer\/album=3684775860\/size=large\/bgcol=ffffff\/linkcol=0687f5\/tracklist=false\/artwork=small\/track=1916542528\/transparent=true\/\" seamless=\"\"><a href=\"https:\/\/arikomusique.bandcamp.com\/album\/portrait-de-famille\">Portrait de famille by Ariko<\/a><\/iframe><br \/>\nAriko est un groupe de famille originaire d\u2019Ontario. Les harmonies vocales des trois s\u0153urs Nicole, Jill et Kelly Lefaive se marient habilement avec la section rythmique form\u00e9e par leurs parents Louis et Laura. L\u2019album Portrait de famille sorti le 15 juillet 2017 comprend 11 compositions originales aux sonorit\u00e9s folk combinant voix, violons, mandoline, piano et percussions.<\/p>\n<p><a href=\"https:\/\/arikomusique.bandcamp.com\" target=\"_blank\" rel=\"noopener\">https:\/\/arikomusique.bandcamp.com<\/a><\/p>\n<p>&nbsp;<\/p>\n<p><strong>Canozak\u00e9<\/strong><br \/>\nL&rsquo;essentiel<\/p>\n<p><iframe style=\"border: 0; width: 100%; height: 120px;\" src=\"https:\/\/bandcamp.com\/EmbeddedPlayer\/album=1714764496\/size=large\/bgcol=ffffff\/linkcol=0687f5\/tracklist=false\/artwork=small\/track=2340533206\/transparent=true\/\" seamless=\"\"><a href=\"https:\/\/canozake.bandcamp.com\/album\/cano-co\">Cano &amp; Co by Canozak\u00e9<\/a><\/iframe><br \/>\nOriginaire de Chamb\u00e9ry, le duo acoustique Canozak\u00e9 compose des chansons rock. L\u2019album Cano &amp; Co paru le 28 septembre 2021 comprend 18 morceaux dont l\u2019originalit\u00e9 r\u00e9side dans la virtuosit\u00e9 et l\u2019harmonie du duo form\u00e9 par Boris (harmonica, fl\u00fbte am\u00e9rindienne, ch\u0153urs) et Kencho (ch\u0153urs, guitare).<\/p>\n<p><a href=\"https:\/\/canozake.bandcamp.com\" target=\"_blank\" rel=\"noopener\">https:\/\/canozake.bandcamp.com<\/a><\/p>\n<p>&nbsp;<\/p>\n<p><strong>Cochons de Chiens<\/strong><br \/>\nCasse-gueule<\/p>\n<p><iframe style=\"border: 0; width: 100%; height: 120px;\" src=\"https:\/\/bandcamp.com\/EmbeddedPlayer\/album=2395239429\/size=large\/bgcol=ffffff\/linkcol=0687f5\/tracklist=false\/artwork=small\/track=1897137231\/transparent=true\/\" seamless=\"\"><a href=\"https:\/\/cochonsdechiens.bandcamp.com\/album\/casse-gueule-2\">Casse-gueule by Cochons de Chiens<\/a><\/iframe><br \/>\nOriginaire de Nice, le band Cochons de Chiens \u00e9crit des textes en fran\u00e7ais et compose des chansons dynamiques aux accents rock. L\u2019album Casse-gueule sorti le 1er octobre 2021 est compos\u00e9 de 11 titres, sublim\u00e9s par le son des guitares \u00e9lectriques.<\/p>\n<p><a href=\"https:\/\/cochonsdechiens.bandcamp.com\" target=\"_blank\" rel=\"noopener\">https:\/\/cochonsdechiens.bandcamp.com<\/a><\/p>\n<p>&nbsp;<\/p>\n<p><strong>Cocodrile Gombo<\/strong><br \/>\nParlez-nous \u00e0 boire<\/p>\n<p><iframe style=\"border: 0; width: 100%; height: 120px;\" src=\"https:\/\/bandcamp.com\/EmbeddedPlayer\/album=2979661833\/size=large\/bgcol=ffffff\/linkcol=0687f5\/tracklist=false\/artwork=small\/track=3455223279\/transparent=true\/\" seamless=\"\"><a href=\"https:\/\/cocodrilegombo.bandcamp.com\/album\/cocodrile-gombo\">COCODRILE GOMBO by Cocodrile Gombo<\/a><\/iframe><br \/>\nLe Cocodrile Gombo m\u00eale \u00e0 sa mani\u00e8re les rythmes festifs et chaloup\u00e9s de la Nouvelle Orl\u00e9ans aux m\u00e9lodies cr\u00e9oles et cadiennes. L\u2019album \u00e9ponyme paru le 21 septembre 2020 est compos\u00e9 de 12 morceaux dans un savoureux m\u00e9lange \u00e9pic\u00e9 de folk, de blues et de jazz.<\/p>\n<p><a href=\"https:\/\/cocodrilegombo.bandcamp.com\" target=\"_blank\" rel=\"noopener\">https:\/\/cocodrilegombo.bandcamp.com<\/a><\/p>\n<p>&nbsp;<\/p>\n<p><strong>Nico Sam<\/strong><br \/>\nRien n&rsquo;est s\u00fbr<\/p>\n<p><iframe style=\"border: 0; width: 100%; height: 120px;\" src=\"https:\/\/bandcamp.com\/EmbeddedPlayer\/album=211155000\/size=large\/bgcol=ffffff\/linkcol=0687f5\/tracklist=false\/artwork=small\/track=2738324654\/transparent=true\/\" seamless=\"\"><a href=\"https:\/\/nicosam.bandcamp.com\/album\/on-pourra-pas-sauver-tout-le-monde-2\">On pourra pas sauver tout le monde by NICO SAM<\/a><\/iframe><br \/>\nLe musicien parisien Nico Sam compose des chansons hip hop m\u00ealant ingr\u00e9dients rap dans la voix et arrangements parfum\u00e9s au reggae. L\u2019album On pourra pas sauver tout le monde sorti le 16 f\u00e9vrier 2022 comprend 14 titres repr\u00e9sentatifs de la sc\u00e8ne rap fran\u00e7aise.<\/p>\n<p><a href=\"https:\/\/nicosam.bandcamp.com\" target=\"_blank\" rel=\"noopener\">https:\/\/nicosam.bandcamp.com<\/a><\/p>\n<p>&nbsp;<\/p>\n<p><strong>La Suite<\/strong><br \/>\nl&rsquo;impatiente<\/p>\n<p><iframe style=\"border: 0; width: 100%; height: 120px;\" src=\"https:\/\/bandcamp.com\/EmbeddedPlayer\/album=2020787447\/size=large\/bgcol=ffffff\/linkcol=0687f5\/tracklist=false\/artwork=small\/track=1051611813\/transparent=true\/\" seamless=\"\"><a href=\"https:\/\/lasuite.bandcamp.com\/album\/inventions-pour-deux-violoneux\">Inventions pour deux violoneux by La Suite<\/a><\/iframe><br \/>\nMarie-Pierre Lecault et Robin Boulianne forment le duo montr\u00e9alais La Suite. Leurs compositions et arrangements pour violon et alto red\u00e9finissent la musique traditionnelle en explorant des sons aussi in\u00e9dits que familiers du r\u00e9pertoire des deux instruments. Leur album Inventions pour deux violoneux paru le 13 mars 2018 est compos\u00e9 de 10 morceaux repr\u00e9sentatifs de leur style folk et acoustique.<\/p>\n<p><a href=\"https:\/\/lasuite.bandcamp.com\" target=\"_blank\" rel=\"noopener\">https:\/\/lasuite.bandcamp.com<\/a><\/p>\n<p>&nbsp;<\/p>\n<p><strong>Pascale LeBlanc<\/strong><br \/>\nSou K\u00e8 Mwen<\/p>\n<p><iframe style=\"border: 0; width: 100%; height: 120px;\" src=\"https:\/\/bandcamp.com\/EmbeddedPlayer\/album=1027138048\/size=large\/bgcol=ffffff\/linkcol=0687f5\/tracklist=false\/artwork=small\/track=3250268726\/transparent=true\/\" seamless=\"\"><a href=\"https:\/\/pascaleleblanc.bandcamp.com\/album\/kinb-la\">KINB\u00c9 LA by Pascale LeBlanc<\/a><\/iframe><br \/>\nN\u00e9e \u00e0 Montr\u00e9al, l&rsquo;auteure-compositrice-interpr\u00e8te Pascale LeBlanc a pass\u00e9 son enfance en Ha\u00efti. Cela explique les influences cr\u00e9oles dans sa musique. L\u2019album Kinb\u00e9 La sorti le 20 septembre 2014 comprend 4 chansons francophones m\u00ealant sonorit\u00e9s traditionnelles et pop contemporaine.<\/p>\n<p><a href=\"https:\/\/pascaleleblanc.bandcamp.com\" target=\"_blank\" rel=\"noopener\">https:\/\/pascaleleblanc.bandcamp.com<\/a><br \/>\n<a href=\"https:\/\/www.pascaleleblanc.net\" target=\"_blank\" rel=\"noopener\">https:\/\/www.pascaleleblanc.net<\/a><\/p>\n<p>&nbsp;<\/p>\n<p><strong>Luna Silva &amp; The Wonders<\/strong><br \/>\nMar\u00e9e Haute<\/p>\n<p><iframe style=\"border: 0; width: 100%; height: 120px;\" src=\"https:\/\/bandcamp.com\/EmbeddedPlayer\/album=341261160\/size=large\/bgcol=ffffff\/linkcol=0687f5\/tracklist=false\/artwork=small\/track=4109654236\/transparent=true\/\" seamless=\"\"><a href=\"https:\/\/lunasilva.bandcamp.com\/album\/breathe-out\">Breathe Out by Luna Silva &amp; The Wonders<\/a><\/iframe><br \/>\nLe groupe parisien Luna Silva &amp; The Wonders \u00e9crit et compose des chansons folk teint\u00e9es de world musique. L\u2019album Breathe Out paru le 28 janvier 2022 comprend 11 titres port\u00e9s par la voix de Luna Silva qui entra\u00eene ses musiciens dans un univers musical multicolore. Pour cet enregistrement elle est accompagn\u00e9e d\u2019Anissa Nehari (percussions, guitare, voix), Maxime Barcelona (guitare, voix), Yann-lou Bertrand (contrebasse, voix) et Thibaud Merle (fl\u00fbte, clarinette, clarinette basse, saxophone soprano).<\/p>\n<p><a href=\"https:\/\/lunasilva.bandcamp.com\" target=\"_blank\" rel=\"noopener\">https:\/\/lunasilva.bandcamp.com<\/a><br \/>\n<a href=\"https:\/\/luna-silva.com\" target=\"_blank\" rel=\"noopener\">https:\/\/luna-silva.com<\/a><\/p>\n<p>&nbsp;<\/p>\n<p><strong>Magali Michaut<\/strong><br \/>\nPartir loin<\/p>\n<p><iframe style=\"border: 0; width: 100%; height: 120px;\" src=\"https:\/\/bandcamp.com\/EmbeddedPlayer\/album=2289339395\/size=large\/bgcol=ffffff\/linkcol=0687f5\/tracklist=false\/artwork=small\/track=3548165156\/transparent=true\/\" seamless=\"\"><a href=\"https:\/\/magalimichaut.bandcamp.com\/album\/impressionniste\">Impressionniste by Magali Michaut<\/a><\/iframe><br \/>\nAuteure-compositrice et interpr\u00e8te install\u00e9e \u00e0 Copenhague, Magali Michaut m\u00e9lange les influences de la musique classique, des chansons fran\u00e7aises et des ballades folk. L\u2019album Impressionniste paru le 27 ao\u00fbt 2021 comprend 6 chansons empreintes d&rsquo;une po\u00e9sie sensible, qu\u2019elle a \u00e9crites, compos\u00e9es et interpr\u00e9t\u00e9es elle-m\u00eame.<\/p>\n<p><a href=\"https:\/\/magalimichaut.bandcamp.com\" target=\"_blank\" rel=\"noopener\">https:\/\/magalimichaut.bandcamp.com<\/a><\/p>\n","protected":false},"excerpt":{"rendered":"<p>Chaque mois, une nouvelle playlist MIF (Musique Ind\u00e9pendante Francophone) pr\u00e9sente une s\u00e9lection de musique d\u2019artistes ind\u00e9pendants.<\/p>\n","protected":false},"author":1,"featured_media":43169,"template":"","tags":[954,956,981,993],"event_category":[984],"event_group":[],"class_list":["post-43175","event","type-event","status-publish","has-post-thumbnail","hentry","tag-mif-fr","tag-playlist-fr","tag-musique-independante-francophone-fr","tag-musique-independante-francophone-fr-2","event_category-musique"],"acf":{"sponsors_default":false,"featured_image_credits":"","info_title":"","info_text":"","date_range":{"start":"08\/04\/2022","end":"30\/04\/2022","cancelled":false,"note":"","start_time":"","end_time":""},"details":{"location":"","hyperlink1a":{"text":"","link":""},"price":"","hyperlink2a":{"text":"","link":""},"online_event":false,"live_streaming":false,"live_streaming_code":"","facebook_url":"","hyperlink":{"text":"D\u00e9couvrez la playlist sur YouTube","link":"https:\/\/www.youtube.com\/playlist?list=PLNKgb6skYnUREW_Bwkr_WO3GTEJZiNQLK"},"hyperlink2":{"text":"D\u00e9couvrez la playlist sur Spotify","link":"https:\/\/open.spotify.com\/playlist\/3Oj4UOSu0rpVv2xjL622It"},"hyperlink3":{"text":"D\u00e9couvrez la playlist sur Deezer","link":"https:\/\/www.deezer.com\/fr\/playlist\/10212828362"},"press_release":false},"home_slider_image":{"ID":43171,"id":43171,"title":"MIF-Banner-Square-2-04-2022","filename":"MIF-Banner-Square-2-04-2022.jpg","filesize":237664,"url":"https:\/\/www.ifg.gr\/wp-content\/uploads\/2022\/04\/MIF-Banner-Square-2-04-2022.jpg","link":"https:\/\/www.ifg.gr\/fr\/events\/mif-playlist-04-2022\/mif-banner-square-2-04-2022-2\/","alt":"","author":"1","description":"","caption":"","name":"mif-banner-square-2-04-2022-2","status":"inherit","uploaded_to":43175,"date":"2022-04-08 11:43:03","modified":"2022-04-08 11:43:03","menu_order":0,"mime_type":"image\/jpeg","type":"image","subtype":"jpeg","icon":"https:\/\/www.ifg.gr\/wp-includes\/images\/media\/default.png","width":1080,"height":1080,"sizes":{"thumbnail":"https:\/\/www.ifg.gr\/wp-content\/uploads\/2022\/04\/MIF-Banner-Square-2-04-2022.jpg","thumbnail-width":150,"thumbnail-height":150,"medium":"https:\/\/www.ifg.gr\/wp-content\/uploads\/2022\/04\/MIF-Banner-Square-2-04-2022.jpg","medium-width":300,"medium-height":300,"medium_large":"https:\/\/www.ifg.gr\/wp-content\/uploads\/2022\/04\/MIF-Banner-Square-2-04-2022-768x768.jpg","medium_large-width":640,"medium_large-height":640,"large":"https:\/\/www.ifg.gr\/wp-content\/uploads\/2022\/04\/MIF-Banner-Square-2-04-2022.jpg","large-width":640,"large-height":640,"1536x1536":"https:\/\/www.ifg.gr\/wp-content\/uploads\/2022\/04\/MIF-Banner-Square-2-04-2022.jpg","1536x1536-width":1080,"1536x1536-height":1080,"2048x2048":"https:\/\/www.ifg.gr\/wp-content\/uploads\/2022\/04\/MIF-Banner-Square-2-04-2022.jpg","2048x2048-width":1080,"2048x2048-height":1080,"full-width":"https:\/\/www.ifg.gr\/wp-content\/uploads\/2022\/04\/MIF-Banner-Square-2-04-2022.jpg","full-width-width":1080,"full-width-height":1080,"sidebar":"https:\/\/www.ifg.gr\/wp-content\/uploads\/2022\/04\/MIF-Banner-Square-2-04-2022-1000x1000.jpg","sidebar-width":1000,"sidebar-height":1000,"thumb-sm":"https:\/\/www.ifg.gr\/wp-content\/uploads\/2022\/04\/MIF-Banner-Square-2-04-2022-130x130.jpg","thumb-sm-width":130,"thumb-sm-height":130,"thumb-square":"https:\/\/www.ifg.gr\/wp-content\/uploads\/2022\/04\/MIF-Banner-Square-2-04-2022-300x300.jpg","thumb-square-width":300,"thumb-square-height":300,"thumb-big":"https:\/\/www.ifg.gr\/wp-content\/uploads\/2022\/04\/MIF-Banner-Square-2-04-2022-600x400.jpg","thumb-big-width":600,"thumb-big-height":400,"slider-big":"https:\/\/www.ifg.gr\/wp-content\/uploads\/2022\/04\/MIF-Banner-Square-2-04-2022-1080x768.jpg","slider-big-width":1080,"slider-big-height":768}},"sponsors_group":false,"layout":false},"yoast_head":"<!-- This site is optimized with the Yoast SEO plugin v26.8 - https:\/\/yoast.com\/product\/yoast-seo-wordpress\/ -->\n<title>MIF Playlist 04\/2022 - Musique Ind\u00e9pendante Francophone<\/title>\n<meta name=\"description\" content=\"Chaque mois, une nouvelle playlist MIF (Musique Ind\u00e9pendante Francophone) pr\u00e9sente une s\u00e9lection de musique d\u2019artistes ind\u00e9pendants.\" \/>\n<meta name=\"robots\" content=\"index, follow, max-snippet:-1, max-image-preview:large, max-video-preview:-1\" \/>\n<link rel=\"canonical\" href=\"https:\/\/www.ifg.gr\/events\/mif-playlist-04-2022\/\" \/>\n<meta property=\"og:locale\" content=\"fr_FR\" \/>\n<meta property=\"og:type\" content=\"article\" \/>\n<meta property=\"og:title\" content=\"MIF Playlist 04\/2022 - Musique Ind\u00e9pendante Francophone\" \/>\n<meta property=\"og:description\" content=\"Chaque mois, une nouvelle playlist MIF (Musique Ind\u00e9pendante Francophone) pr\u00e9sente une s\u00e9lection de musique d\u2019artistes ind\u00e9pendants.\" \/>\n<meta property=\"og:url\" content=\"https:\/\/www.ifg.gr\/events\/mif-playlist-04-2022\/\" \/>\n<meta property=\"og:site_name\" content=\"IFG\" \/>\n<meta property=\"article:modified_time\" content=\"2022-04-08T12:43:51+00:00\" \/>\n<meta property=\"og:image\" content=\"https:\/\/www.ifg.gr\/wp-content\/uploads\/2022\/04\/MIF-Banner-1-04-2022.jpg\" \/>\n\t<meta property=\"og:image:width\" content=\"1350\" \/>\n\t<meta property=\"og:image:height\" content=\"800\" \/>\n\t<meta property=\"og:image:type\" content=\"image\/jpeg\" \/>\n<meta name=\"twitter:card\" content=\"summary_large_image\" \/>\n<meta name=\"twitter:label1\" content=\"Dur\u00e9e de lecture estim\u00e9e\" \/>\n\t<meta name=\"twitter:data1\" content=\"6 minutes\" \/>\n<script type=\"application\/ld+json\" class=\"yoast-schema-graph\">{\"@context\":\"https:\/\/schema.org\",\"@graph\":[{\"@type\":\"WebPage\",\"@id\":\"https:\/\/www.ifg.gr\/events\/mif-playlist-04-2022\/\",\"url\":\"https:\/\/www.ifg.gr\/events\/mif-playlist-04-2022\/\",\"name\":\"MIF Playlist 04\/2022 - Musique Ind\u00e9pendante Francophone\",\"isPartOf\":{\"@id\":\"https:\/\/www.ifg.gr\/#website\"},\"primaryImageOfPage\":{\"@id\":\"https:\/\/www.ifg.gr\/events\/mif-playlist-04-2022\/#primaryimage\"},\"image\":{\"@id\":\"https:\/\/www.ifg.gr\/events\/mif-playlist-04-2022\/#primaryimage\"},\"thumbnailUrl\":\"https:\/\/www.ifg.gr\/wp-content\/uploads\/2022\/04\/MIF-Banner-1-04-2022.jpg\",\"datePublished\":\"2022-04-08T12:43:14+00:00\",\"dateModified\":\"2022-04-08T12:43:51+00:00\",\"description\":\"Chaque mois, une nouvelle playlist MIF (Musique Ind\u00e9pendante Francophone) pr\u00e9sente une s\u00e9lection de musique d\u2019artistes ind\u00e9pendants.\",\"breadcrumb\":{\"@id\":\"https:\/\/www.ifg.gr\/events\/mif-playlist-04-2022\/#breadcrumb\"},\"inLanguage\":\"fr-FR\",\"potentialAction\":[{\"@type\":\"ReadAction\",\"target\":[\"https:\/\/www.ifg.gr\/events\/mif-playlist-04-2022\/\"]}]},{\"@type\":\"ImageObject\",\"inLanguage\":\"fr-FR\",\"@id\":\"https:\/\/www.ifg.gr\/events\/mif-playlist-04-2022\/#primaryimage\",\"url\":\"https:\/\/www.ifg.gr\/wp-content\/uploads\/2022\/04\/MIF-Banner-1-04-2022.jpg\",\"contentUrl\":\"https:\/\/www.ifg.gr\/wp-content\/uploads\/2022\/04\/MIF-Banner-1-04-2022.jpg\",\"width\":1350,\"height\":800},{\"@type\":\"BreadcrumbList\",\"@id\":\"https:\/\/www.ifg.gr\/events\/mif-playlist-04-2022\/#breadcrumb\",\"itemListElement\":[{\"@type\":\"ListItem\",\"position\":1,\"name\":\"Home\",\"item\":\"https:\/\/www.ifg.gr\/fr\/\"},{\"@type\":\"ListItem\",\"position\":2,\"name\":\"Events\",\"item\":\"https:\/\/www.ifg.gr\/events\/\"},{\"@type\":\"ListItem\",\"position\":3,\"name\":\"MIF Playlist 04\/2022\"}]},{\"@type\":\"WebSite\",\"@id\":\"https:\/\/www.ifg.gr\/#website\",\"url\":\"https:\/\/www.ifg.gr\/\",\"name\":\"IFG\",\"description\":\"\",\"potentialAction\":[{\"@type\":\"SearchAction\",\"target\":{\"@type\":\"EntryPoint\",\"urlTemplate\":\"https:\/\/www.ifg.gr\/?s={search_term_string}\"},\"query-input\":{\"@type\":\"PropertyValueSpecification\",\"valueRequired\":true,\"valueName\":\"search_term_string\"}}],\"inLanguage\":\"fr-FR\"}]}<\/script>\n<!-- \/ Yoast SEO plugin. -->","yoast_head_json":{"title":"MIF Playlist 04\/2022 - Musique Ind\u00e9pendante Francophone","description":"Chaque mois, une nouvelle playlist MIF (Musique Ind\u00e9pendante Francophone) pr\u00e9sente une s\u00e9lection de musique d\u2019artistes ind\u00e9pendants.","robots":{"index":"index","follow":"follow","max-snippet":"max-snippet:-1","max-image-preview":"max-image-preview:large","max-video-preview":"max-video-preview:-1"},"canonical":"https:\/\/www.ifg.gr\/events\/mif-playlist-04-2022\/","og_locale":"fr_FR","og_type":"article","og_title":"MIF Playlist 04\/2022 - Musique Ind\u00e9pendante Francophone","og_description":"Chaque mois, une nouvelle playlist MIF (Musique Ind\u00e9pendante Francophone) pr\u00e9sente une s\u00e9lection de musique d\u2019artistes ind\u00e9pendants.","og_url":"https:\/\/www.ifg.gr\/events\/mif-playlist-04-2022\/","og_site_name":"IFG","article_modified_time":"2022-04-08T12:43:51+00:00","og_image":[{"width":1350,"height":800,"url":"https:\/\/www.ifg.gr\/wp-content\/uploads\/2022\/04\/MIF-Banner-1-04-2022.jpg","type":"image\/jpeg"}],"twitter_card":"summary_large_image","twitter_misc":{"Dur\u00e9e de lecture estim\u00e9e":"6 minutes"},"schema":{"@context":"https:\/\/schema.org","@graph":[{"@type":"WebPage","@id":"https:\/\/www.ifg.gr\/events\/mif-playlist-04-2022\/","url":"https:\/\/www.ifg.gr\/events\/mif-playlist-04-2022\/","name":"MIF Playlist 04\/2022 - Musique Ind\u00e9pendante Francophone","isPartOf":{"@id":"https:\/\/www.ifg.gr\/#website"},"primaryImageOfPage":{"@id":"https:\/\/www.ifg.gr\/events\/mif-playlist-04-2022\/#primaryimage"},"image":{"@id":"https:\/\/www.ifg.gr\/events\/mif-playlist-04-2022\/#primaryimage"},"thumbnailUrl":"https:\/\/www.ifg.gr\/wp-content\/uploads\/2022\/04\/MIF-Banner-1-04-2022.jpg","datePublished":"2022-04-08T12:43:14+00:00","dateModified":"2022-04-08T12:43:51+00:00","description":"Chaque mois, une nouvelle playlist MIF (Musique Ind\u00e9pendante Francophone) pr\u00e9sente une s\u00e9lection de musique d\u2019artistes ind\u00e9pendants.","breadcrumb":{"@id":"https:\/\/www.ifg.gr\/events\/mif-playlist-04-2022\/#breadcrumb"},"inLanguage":"fr-FR","potentialAction":[{"@type":"ReadAction","target":["https:\/\/www.ifg.gr\/events\/mif-playlist-04-2022\/"]}]},{"@type":"ImageObject","inLanguage":"fr-FR","@id":"https:\/\/www.ifg.gr\/events\/mif-playlist-04-2022\/#primaryimage","url":"https:\/\/www.ifg.gr\/wp-content\/uploads\/2022\/04\/MIF-Banner-1-04-2022.jpg","contentUrl":"https:\/\/www.ifg.gr\/wp-content\/uploads\/2022\/04\/MIF-Banner-1-04-2022.jpg","width":1350,"height":800},{"@type":"BreadcrumbList","@id":"https:\/\/www.ifg.gr\/events\/mif-playlist-04-2022\/#breadcrumb","itemListElement":[{"@type":"ListItem","position":1,"name":"Home","item":"https:\/\/www.ifg.gr\/fr\/"},{"@type":"ListItem","position":2,"name":"Events","item":"https:\/\/www.ifg.gr\/events\/"},{"@type":"ListItem","position":3,"name":"MIF Playlist 04\/2022"}]},{"@type":"WebSite","@id":"https:\/\/www.ifg.gr\/#website","url":"https:\/\/www.ifg.gr\/","name":"IFG","description":"","potentialAction":[{"@type":"SearchAction","target":{"@type":"EntryPoint","urlTemplate":"https:\/\/www.ifg.gr\/?s={search_term_string}"},"query-input":{"@type":"PropertyValueSpecification","valueRequired":true,"valueName":"search_term_string"}}],"inLanguage":"fr-FR"}]}},"_links":{"self":[{"href":"https:\/\/www.ifg.gr\/fr\/wp-json\/wp\/v2\/event\/43175","targetHints":{"allow":["GET"]}}],"collection":[{"href":"https:\/\/www.ifg.gr\/fr\/wp-json\/wp\/v2\/event"}],"about":[{"href":"https:\/\/www.ifg.gr\/fr\/wp-json\/wp\/v2\/types\/event"}],"author":[{"embeddable":true,"href":"https:\/\/www.ifg.gr\/fr\/wp-json\/wp\/v2\/users\/1"}],"version-history":[{"count":0,"href":"https:\/\/www.ifg.gr\/fr\/wp-json\/wp\/v2\/event\/43175\/revisions"}],"wp:featuredmedia":[{"embeddable":true,"href":"https:\/\/www.ifg.gr\/fr\/wp-json\/wp\/v2\/media\/43169"}],"wp:attachment":[{"href":"https:\/\/www.ifg.gr\/fr\/wp-json\/wp\/v2\/media?parent=43175"}],"wp:term":[{"taxonomy":"post_tag","embeddable":true,"href":"https:\/\/www.ifg.gr\/fr\/wp-json\/wp\/v2\/tags?post=43175"},{"taxonomy":"event_category","embeddable":true,"href":"https:\/\/www.ifg.gr\/fr\/wp-json\/wp\/v2\/event_category?post=43175"},{"taxonomy":"event_group","embeddable":true,"href":"https:\/\/www.ifg.gr\/fr\/wp-json\/wp\/v2\/event_group?post=43175"}],"curies":[{"name":"wp","href":"https:\/\/api.w.org\/{rel}","templated":true}]}}