{"id":44060,"date":"2022-06-09T08:56:19","date_gmt":"2022-06-09T08:56:19","guid":{"rendered":"https:\/\/www.ifg.gr\/events\/panepistimiakes-evropaikes-symmachies\/"},"modified":"2022-06-15T13:59:29","modified_gmt":"2022-06-15T13:59:29","slug":"alliances-universitaires-europeennes","status":"publish","type":"event","link":"https:\/\/www.ifg.gr\/fr\/events\/alliances-universitaires-europeennes\/","title":{"rendered":"Coop\u00e9ration acad\u00e9mique franco-hell\u00e9nique : \u00ab Alliances universitaires europ\u00e9ennes \u00bb"},"content":{"rendered":"<p>Action \u00e9minemment structurante en mati\u00e8re d\u2019enseignement sup\u00e9rieur, de recherche et d\u2019innovation, les alliances transnationales \u00ab Universit\u00e9s europ\u00e9ennes \u00bb ont \u00e9t\u00e9 lanc\u00e9es par la Commission europ\u00e9enne \u00e0 l\u2019initiative du pr\u00e9sident Emmanuel Macron en 2017.<\/p>\n<p>Suite \u00e0 deux appels \u00e0 projets de la Commission, en 2019 et en 2020, 41 alliances ont \u00e9t\u00e9 retenues. Elles sont port\u00e9es conjointement par plusieurs \u00e9tablissements d&rsquo;enseignement sup\u00e9rieur et de recherche \u00e0 travers l\u2019Europe.<\/p>\n<p>La Gr\u00e8ce et la France, impliqu\u00e9es dans nombre de ces alliances, contribuent ainsi \u00e0 la construction des universit\u00e9s du futur, en s\u2019attachant \u00e0 la qualit\u00e9 de l\u2019enseignement sup\u00e9rieur et de la recherche mais aussi \u00e0 la promotion des valeurs de l\u2019Union europ\u00e9enne.<\/p>\n<p>Cinq parmi ces alliances comprennent \u00e0 la fois des universit\u00e9s hell\u00e9niques et fran\u00e7aises :<\/p>\n<ul>\n<li>ATHENA : Universit\u00e9 Hell\u00e9nique M\u00e9diterran\u00e9enne \/ Universit\u00e9 d&rsquo;Orl\u00e9ans<\/li>\n<li>CIVIS : Universit\u00e9 Nationale et Capodistrienne d&rsquo;Ath\u00e8nes \/ Aix-Marseille Universit\u00e9<\/li>\n<li>EPICUR : Universit\u00e9 Aristote de Thessalonique \/ Universit\u00e9 de Strasbourg \/ Universit\u00e9 de Haute-Alsace<\/li>\n<li>ERUA : Universit\u00e9 de l\u2019\u00c9g\u00e9e \/ Universit\u00e9 Paris 8 Vincennes \u2013 Saint-Denis<\/li>\n<li>EU-CONEXUS : Universit\u00e9 Agronomique d&rsquo;Ath\u00e8nes \/ Universit\u00e9 de La Rochelle<\/li>\n<\/ul>\n<p>Dans ce contexte de renforcement de la coop\u00e9ration acad\u00e9mique entre nos deux pays et devant l\u2019engouement croissant des \u00e9tudiants grecs pour les \u00e9tudes sup\u00e9rieures en France, l\u2019Institut fran\u00e7ais de Gr\u00e8ce organise, en partenariat avec les 11 universit\u00e9s engag\u00e9es dans ces cinq alliances, un \u00e9v\u00e9nement destin\u00e9 \u00e0 faire conna\u00eetre au grand public et \u00e0 mettre \u00e0 l\u2019honneur ces alliances universitaires europ\u00e9ennes.<\/p>\n<p>Cet \u00e9v\u00e9nement donnera l\u2019occasion aux dirigeants de ces universit\u00e9s de faire un point d\u2019\u00e9tape g\u00e9n\u00e9ral sur leur alliance et sur ses apports dans le renforcement de leur coop\u00e9ration ainsi sur que les opportunit\u00e9s et d\u00e9fis li\u00e9s au d\u00e9veloppement de la mobilit\u00e9 acad\u00e9mique en Europe.<\/p>\n<p>Cet \u00e9v\u00e9nement se veut avant tout un forum sur la contribution et le r\u00f4le des universit\u00e9s dans la construction de l\u2019Europe du futur, \u00e0 travers les nouveaux mod\u00e8les d\u2019\u00e9ducation et les programmes innovants promus par la coop\u00e9ration des universit\u00e9s partenaires gr\u00e2ce aux \u00e9tudiants et aux personnels.<\/p>\n<p><strong>Informations :<\/strong><\/p>\n<ul>\n<li>Entr\u00e9e libre<\/li>\n<li>Traduction simultan\u00e9e fran\u00e7ais &#8211; grec<\/li>\n<li>Attestation de pr\u00e9sence fournie \u00e0 la demande<\/li>\n<li>La discussion sera \u00e9galement <strong>diffus\u00e9e en ligne<\/strong>\u00a0sur <a href=\"https:\/\/www.ifg.gr\/fr\/diffusion-en-direct\/\" target=\"_blank\" rel=\"noopener\">ifg.gr<\/a><br \/>\nLes retransmissions ont lieu dans le cadre du partenariat de l\u2019Institut fran\u00e7ais de Gr\u00e8ce avec le <a href=\"https:\/\/diavlos.grnet.gr\/en\" target=\"_blank\" rel=\"noopener\">service DIAVLOS<\/a> de GRNET<\/li>\n<\/ul>\n","protected":false},"excerpt":{"rendered":"<p>\u00c9v\u00e9nement organis\u00e9 par l\u2019IFG, en partenariat avec 11 universit\u00e9s, qui met \u00e0 l\u2019honneur les alliances universitaires europ\u00e9ennes.<\/p>\n","protected":false},"author":1,"featured_media":44056,"template":"","tags":[],"event_category":[875],"event_group":[],"class_list":["post-44060","event","type-event","status-publish","has-post-thumbnail","hentry","event_category-debat-didees-et-sciences"],"acf":{"sponsors_default":false,"featured_image_credits":"","info_title":"INFORMATIONS D'ACC\u00c8S \u00c0 l'IFG","info_text":"<p>Pour entrer dans l\u2019IFG, il est n\u00e9cessaire de se soumettre au contr\u00f4le de tous les bagages \u00e0 main.<\/p>\n","date_range":{"start":"23\/06\/2022","end":"","cancelled":false,"note":"","start_time":"19:00","end_time":""},"details":{"location":"<p>Auditorium Theo Angelopoulos <\/p>\n","hyperlink1a":{"text":"","link":""},"price":"Entr\u00e9e libre","hyperlink2a":{"text":"","link":""},"online_event":false,"live_streaming":true,"live_streaming_code":"<iframe allowfullscreen width=\"640\" height=\"390\" class=\"flowplayer fp-slim fp-edgy\" frameborder=\"0\" scrolling=\"no\" src=\"https:\/\/diavlos.grnet.gr\/en\/room\/3184?eventid=12332&stream_lang=fr&embed=true&width=640\"><\/iframe>","facebook_url":"https:\/\/www.facebook.com\/events\/554031666227694","hyperlink":{"text":"","link":""},"hyperlink2":{"text":"","link":""},"hyperlink3":{"text":"","link":""},"press_release":false},"home_slider_image":{"ID":44058,"id":44058,"title":"Alliances universitaires europ\u00e9ennes_1300x768","filename":"Alliances-universitaires-europeennes_1300x768.jpg","filesize":254052,"url":"https:\/\/www.ifg.gr\/wp-content\/uploads\/2022\/06\/Alliances-universitaires-europeennes_1300x768.jpg","link":"https:\/\/www.ifg.gr\/fr\/events\/alliances-universitaires-europeennes\/alliances-universitaires-europeennes_1300x768-2\/","alt":"\u03a0\u03b1\u03bd\u03b5\u03c0\u03b9\u03c3\u03c4\u03b7\u03bc\u03b9\u03b1\u03ba\u03ad\u03c2 \u0395\u03c5\u03c1\u03c9\u03c0\u03b1\u03ca\u03ba\u03ad\u03c2 \u03a3\u03c5\u03bc\u03bc\u03b1\u03c7\u03af\u03b5\u03c2 ","author":"1","description":"\u03a0\u03b1\u03bd\u03b5\u03c0\u03b9\u03c3\u03c4\u03b7\u03bc\u03b9\u03b1\u03ba\u03ad\u03c2 \u0395\u03c5\u03c1\u03c9\u03c0\u03b1\u03ca\u03ba\u03ad\u03c2 \u03a3\u03c5\u03bc\u03bc\u03b1\u03c7\u03af\u03b5\u03c2 ","caption":"","name":"alliances-universitaires-europeennes_1300x768-2","status":"inherit","uploaded_to":44060,"date":"2022-06-09 08:54:08","modified":"2022-06-09 08:54:14","menu_order":0,"mime_type":"image\/jpeg","type":"image","subtype":"jpeg","icon":"https:\/\/www.ifg.gr\/wp-includes\/images\/media\/default.png","width":1300,"height":768,"sizes":{"thumbnail":"https:\/\/www.ifg.gr\/wp-content\/uploads\/2022\/06\/Alliances-universitaires-europeennes_1300x768.jpg","thumbnail-width":150,"thumbnail-height":89,"medium":"https:\/\/www.ifg.gr\/wp-content\/uploads\/2022\/06\/Alliances-universitaires-europeennes_1300x768.jpg","medium-width":300,"medium-height":177,"medium_large":"https:\/\/www.ifg.gr\/wp-content\/uploads\/2022\/06\/Alliances-universitaires-europeennes_1300x768-768x454.jpg","medium_large-width":640,"medium_large-height":378,"large":"https:\/\/www.ifg.gr\/wp-content\/uploads\/2022\/06\/Alliances-universitaires-europeennes_1300x768.jpg","large-width":640,"large-height":378,"1536x1536":"https:\/\/www.ifg.gr\/wp-content\/uploads\/2022\/06\/Alliances-universitaires-europeennes_1300x768.jpg","1536x1536-width":1300,"1536x1536-height":768,"2048x2048":"https:\/\/www.ifg.gr\/wp-content\/uploads\/2022\/06\/Alliances-universitaires-europeennes_1300x768.jpg","2048x2048-width":1300,"2048x2048-height":768,"full-width":"https:\/\/www.ifg.gr\/wp-content\/uploads\/2022\/06\/Alliances-universitaires-europeennes_1300x768.jpg","full-width-width":1300,"full-width-height":768,"sidebar":"https:\/\/www.ifg.gr\/wp-content\/uploads\/2022\/06\/Alliances-universitaires-europeennes_1300x768.jpg","sidebar-width":1300,"sidebar-height":768,"thumb-sm":"https:\/\/www.ifg.gr\/wp-content\/uploads\/2022\/06\/Alliances-universitaires-europeennes_1300x768-220x130.jpg","thumb-sm-width":220,"thumb-sm-height":130,"thumb-square":"https:\/\/www.ifg.gr\/wp-content\/uploads\/2022\/06\/Alliances-universitaires-europeennes_1300x768-300x300.jpg","thumb-square-width":300,"thumb-square-height":300,"thumb-big":"https:\/\/www.ifg.gr\/wp-content\/uploads\/2022\/06\/Alliances-universitaires-europeennes_1300x768-600x400.jpg","thumb-big-width":600,"thumb-big-height":400,"slider-big":"https:\/\/www.ifg.gr\/wp-content\/uploads\/2022\/06\/Alliances-universitaires-europeennes_1300x768.jpg","slider-big-width":1300,"slider-big-height":768}},"sponsors_group":false,"layout":false},"yoast_head":"<!-- This site is optimized with the Yoast SEO plugin v26.8 - https:\/\/yoast.com\/product\/yoast-seo-wordpress\/ -->\n<title>Coop\u00e9ration acad\u00e9mique franco-hell\u00e9nique : \u00ab Alliances universitaires europ\u00e9ennes \u00bb<\/title>\n<meta name=\"description\" content=\"\u00c9v\u00e9nement organis\u00e9 par l\u2019IFG, en partenariat avec 11 universit\u00e9s, qui met \u00e0 l\u2019honneur les alliances universitaires europ\u00e9ennes.\" \/>\n<meta name=\"robots\" content=\"index, follow, max-snippet:-1, max-image-preview:large, max-video-preview:-1\" \/>\n<link rel=\"canonical\" href=\"https:\/\/www.ifg.gr\/fr\/events\/alliances-universitaires-europeennes\/\" \/>\n<meta property=\"og:locale\" content=\"fr_FR\" \/>\n<meta property=\"og:type\" content=\"article\" \/>\n<meta property=\"og:title\" content=\"Coop\u00e9ration acad\u00e9mique franco-hell\u00e9nique : \u00ab Alliances universitaires europ\u00e9ennes \u00bb\" \/>\n<meta property=\"og:description\" content=\"\u00c9v\u00e9nement organis\u00e9 par l\u2019IFG, en partenariat avec 11 universit\u00e9s, qui met \u00e0 l\u2019honneur les alliances universitaires europ\u00e9ennes.\" \/>\n<meta property=\"og:url\" content=\"https:\/\/www.ifg.gr\/fr\/events\/alliances-universitaires-europeennes\/\" \/>\n<meta property=\"og:site_name\" content=\"IFG\" \/>\n<meta property=\"article:modified_time\" content=\"2022-06-15T13:59:29+00:00\" \/>\n<meta property=\"og:image\" content=\"https:\/\/www.ifg.gr\/wp-content\/uploads\/2022\/06\/Alliances-universitaires-europeennes_1200x800.jpg\" \/>\n\t<meta property=\"og:image:width\" content=\"1200\" \/>\n\t<meta property=\"og:image:height\" content=\"800\" \/>\n\t<meta property=\"og:image:type\" content=\"image\/jpeg\" \/>\n<meta name=\"twitter:card\" content=\"summary_large_image\" \/>\n<meta name=\"twitter:label1\" content=\"Dur\u00e9e de lecture estim\u00e9e\" \/>\n\t<meta name=\"twitter:data1\" content=\"2 minutes\" \/>\n<script type=\"application\/ld+json\" class=\"yoast-schema-graph\">{\"@context\":\"https:\/\/schema.org\",\"@graph\":[{\"@type\":\"WebPage\",\"@id\":\"https:\/\/www.ifg.gr\/fr\/events\/alliances-universitaires-europeennes\/\",\"url\":\"https:\/\/www.ifg.gr\/fr\/events\/alliances-universitaires-europeennes\/\",\"name\":\"Coop\u00e9ration acad\u00e9mique franco-hell\u00e9nique : \u00ab Alliances universitaires europ\u00e9ennes \u00bb\",\"isPartOf\":{\"@id\":\"https:\/\/www.ifg.gr\/#website\"},\"primaryImageOfPage\":{\"@id\":\"https:\/\/www.ifg.gr\/fr\/events\/alliances-universitaires-europeennes\/#primaryimage\"},\"image\":{\"@id\":\"https:\/\/www.ifg.gr\/fr\/events\/alliances-universitaires-europeennes\/#primaryimage\"},\"thumbnailUrl\":\"https:\/\/www.ifg.gr\/wp-content\/uploads\/2022\/06\/Alliances-universitaires-europeennes_1200x800.jpg\",\"datePublished\":\"2022-06-09T08:56:19+00:00\",\"dateModified\":\"2022-06-15T13:59:29+00:00\",\"description\":\"\u00c9v\u00e9nement organis\u00e9 par l\u2019IFG, en partenariat avec 11 universit\u00e9s, qui met \u00e0 l\u2019honneur les alliances universitaires europ\u00e9ennes.\",\"breadcrumb\":{\"@id\":\"https:\/\/www.ifg.gr\/fr\/events\/alliances-universitaires-europeennes\/#breadcrumb\"},\"inLanguage\":\"fr-FR\",\"potentialAction\":[{\"@type\":\"ReadAction\",\"target\":[\"https:\/\/www.ifg.gr\/fr\/events\/alliances-universitaires-europeennes\/\"]}]},{\"@type\":\"ImageObject\",\"inLanguage\":\"fr-FR\",\"@id\":\"https:\/\/www.ifg.gr\/fr\/events\/alliances-universitaires-europeennes\/#primaryimage\",\"url\":\"https:\/\/www.ifg.gr\/wp-content\/uploads\/2022\/06\/Alliances-universitaires-europeennes_1200x800.jpg\",\"contentUrl\":\"https:\/\/www.ifg.gr\/wp-content\/uploads\/2022\/06\/Alliances-universitaires-europeennes_1200x800.jpg\",\"width\":1200,\"height\":800,\"caption\":\"\u03a0\u03b1\u03bd\u03b5\u03c0\u03b9\u03c3\u03c4\u03b7\u03bc\u03b9\u03b1\u03ba\u03ad\u03c2 \u0395\u03c5\u03c1\u03c9\u03c0\u03b1\u03ca\u03ba\u03ad\u03c2 \u03a3\u03c5\u03bc\u03bc\u03b1\u03c7\u03af\u03b5\u03c2\"},{\"@type\":\"BreadcrumbList\",\"@id\":\"https:\/\/www.ifg.gr\/fr\/events\/alliances-universitaires-europeennes\/#breadcrumb\",\"itemListElement\":[{\"@type\":\"ListItem\",\"position\":1,\"name\":\"Home\",\"item\":\"https:\/\/www.ifg.gr\/fr\/\"},{\"@type\":\"ListItem\",\"position\":2,\"name\":\"Events\",\"item\":\"https:\/\/www.ifg.gr\/events\/\"},{\"@type\":\"ListItem\",\"position\":3,\"name\":\"Coop\u00e9ration acad\u00e9mique franco-hell\u00e9nique : \u00ab Alliances universitaires europ\u00e9ennes \u00bb\"}]},{\"@type\":\"WebSite\",\"@id\":\"https:\/\/www.ifg.gr\/#website\",\"url\":\"https:\/\/www.ifg.gr\/\",\"name\":\"IFG\",\"description\":\"\",\"potentialAction\":[{\"@type\":\"SearchAction\",\"target\":{\"@type\":\"EntryPoint\",\"urlTemplate\":\"https:\/\/www.ifg.gr\/?s={search_term_string}\"},\"query-input\":{\"@type\":\"PropertyValueSpecification\",\"valueRequired\":true,\"valueName\":\"search_term_string\"}}],\"inLanguage\":\"fr-FR\"}]}<\/script>\n<!-- \/ Yoast SEO plugin. -->","yoast_head_json":{"title":"Coop\u00e9ration acad\u00e9mique franco-hell\u00e9nique : \u00ab Alliances universitaires europ\u00e9ennes \u00bb","description":"\u00c9v\u00e9nement organis\u00e9 par l\u2019IFG, en partenariat avec 11 universit\u00e9s, qui met \u00e0 l\u2019honneur les alliances universitaires europ\u00e9ennes.","robots":{"index":"index","follow":"follow","max-snippet":"max-snippet:-1","max-image-preview":"max-image-preview:large","max-video-preview":"max-video-preview:-1"},"canonical":"https:\/\/www.ifg.gr\/fr\/events\/alliances-universitaires-europeennes\/","og_locale":"fr_FR","og_type":"article","og_title":"Coop\u00e9ration acad\u00e9mique franco-hell\u00e9nique : \u00ab Alliances universitaires europ\u00e9ennes \u00bb","og_description":"\u00c9v\u00e9nement organis\u00e9 par l\u2019IFG, en partenariat avec 11 universit\u00e9s, qui met \u00e0 l\u2019honneur les alliances universitaires europ\u00e9ennes.","og_url":"https:\/\/www.ifg.gr\/fr\/events\/alliances-universitaires-europeennes\/","og_site_name":"IFG","article_modified_time":"2022-06-15T13:59:29+00:00","og_image":[{"width":1200,"height":800,"url":"https:\/\/www.ifg.gr\/wp-content\/uploads\/2022\/06\/Alliances-universitaires-europeennes_1200x800.jpg","type":"image\/jpeg"}],"twitter_card":"summary_large_image","twitter_misc":{"Dur\u00e9e de lecture estim\u00e9e":"2 minutes"},"schema":{"@context":"https:\/\/schema.org","@graph":[{"@type":"WebPage","@id":"https:\/\/www.ifg.gr\/fr\/events\/alliances-universitaires-europeennes\/","url":"https:\/\/www.ifg.gr\/fr\/events\/alliances-universitaires-europeennes\/","name":"Coop\u00e9ration acad\u00e9mique franco-hell\u00e9nique : \u00ab Alliances universitaires europ\u00e9ennes \u00bb","isPartOf":{"@id":"https:\/\/www.ifg.gr\/#website"},"primaryImageOfPage":{"@id":"https:\/\/www.ifg.gr\/fr\/events\/alliances-universitaires-europeennes\/#primaryimage"},"image":{"@id":"https:\/\/www.ifg.gr\/fr\/events\/alliances-universitaires-europeennes\/#primaryimage"},"thumbnailUrl":"https:\/\/www.ifg.gr\/wp-content\/uploads\/2022\/06\/Alliances-universitaires-europeennes_1200x800.jpg","datePublished":"2022-06-09T08:56:19+00:00","dateModified":"2022-06-15T13:59:29+00:00","description":"\u00c9v\u00e9nement organis\u00e9 par l\u2019IFG, en partenariat avec 11 universit\u00e9s, qui met \u00e0 l\u2019honneur les alliances universitaires europ\u00e9ennes.","breadcrumb":{"@id":"https:\/\/www.ifg.gr\/fr\/events\/alliances-universitaires-europeennes\/#breadcrumb"},"inLanguage":"fr-FR","potentialAction":[{"@type":"ReadAction","target":["https:\/\/www.ifg.gr\/fr\/events\/alliances-universitaires-europeennes\/"]}]},{"@type":"ImageObject","inLanguage":"fr-FR","@id":"https:\/\/www.ifg.gr\/fr\/events\/alliances-universitaires-europeennes\/#primaryimage","url":"https:\/\/www.ifg.gr\/wp-content\/uploads\/2022\/06\/Alliances-universitaires-europeennes_1200x800.jpg","contentUrl":"https:\/\/www.ifg.gr\/wp-content\/uploads\/2022\/06\/Alliances-universitaires-europeennes_1200x800.jpg","width":1200,"height":800,"caption":"\u03a0\u03b1\u03bd\u03b5\u03c0\u03b9\u03c3\u03c4\u03b7\u03bc\u03b9\u03b1\u03ba\u03ad\u03c2 \u0395\u03c5\u03c1\u03c9\u03c0\u03b1\u03ca\u03ba\u03ad\u03c2 \u03a3\u03c5\u03bc\u03bc\u03b1\u03c7\u03af\u03b5\u03c2"},{"@type":"BreadcrumbList","@id":"https:\/\/www.ifg.gr\/fr\/events\/alliances-universitaires-europeennes\/#breadcrumb","itemListElement":[{"@type":"ListItem","position":1,"name":"Home","item":"https:\/\/www.ifg.gr\/fr\/"},{"@type":"ListItem","position":2,"name":"Events","item":"https:\/\/www.ifg.gr\/events\/"},{"@type":"ListItem","position":3,"name":"Coop\u00e9ration acad\u00e9mique franco-hell\u00e9nique : \u00ab Alliances universitaires europ\u00e9ennes \u00bb"}]},{"@type":"WebSite","@id":"https:\/\/www.ifg.gr\/#website","url":"https:\/\/www.ifg.gr\/","name":"IFG","description":"","potentialAction":[{"@type":"SearchAction","target":{"@type":"EntryPoint","urlTemplate":"https:\/\/www.ifg.gr\/?s={search_term_string}"},"query-input":{"@type":"PropertyValueSpecification","valueRequired":true,"valueName":"search_term_string"}}],"inLanguage":"fr-FR"}]}},"_links":{"self":[{"href":"https:\/\/www.ifg.gr\/fr\/wp-json\/wp\/v2\/event\/44060","targetHints":{"allow":["GET"]}}],"collection":[{"href":"https:\/\/www.ifg.gr\/fr\/wp-json\/wp\/v2\/event"}],"about":[{"href":"https:\/\/www.ifg.gr\/fr\/wp-json\/wp\/v2\/types\/event"}],"author":[{"embeddable":true,"href":"https:\/\/www.ifg.gr\/fr\/wp-json\/wp\/v2\/users\/1"}],"version-history":[{"count":0,"href":"https:\/\/www.ifg.gr\/fr\/wp-json\/wp\/v2\/event\/44060\/revisions"}],"wp:featuredmedia":[{"embeddable":true,"href":"https:\/\/www.ifg.gr\/fr\/wp-json\/wp\/v2\/media\/44056"}],"wp:attachment":[{"href":"https:\/\/www.ifg.gr\/fr\/wp-json\/wp\/v2\/media?parent=44060"}],"wp:term":[{"taxonomy":"post_tag","embeddable":true,"href":"https:\/\/www.ifg.gr\/fr\/wp-json\/wp\/v2\/tags?post=44060"},{"taxonomy":"event_category","embeddable":true,"href":"https:\/\/www.ifg.gr\/fr\/wp-json\/wp\/v2\/event_category?post=44060"},{"taxonomy":"event_group","embeddable":true,"href":"https:\/\/www.ifg.gr\/fr\/wp-json\/wp\/v2\/event_group?post=44060"}],"curies":[{"name":"wp","href":"https:\/\/api.w.org\/{rel}","templated":true}]}}