{"id":44102,"date":"2022-06-09T14:23:25","date_gmt":"2022-06-09T14:23:25","guid":{"rendered":"https:\/\/www.ifg.gr\/events\/gilles-deleuze-kai-to-ergo-tou\/"},"modified":"2022-06-14T08:05:03","modified_gmt":"2022-06-14T08:05:03","slug":"gilles-deleuze-et-son-oeuvre","status":"publish","type":"event","link":"https:\/\/www.ifg.gr\/fr\/events\/gilles-deleuze-et-son-oeuvre\/","title":{"rendered":"Gilles Deleuze et son \u0153uvre"},"content":{"rendered":"<p>L&rsquo;Institut fran\u00e7ais de Gr\u00e8ce et <a href=\"https:\/\/www.ekkremes.gr\/\" target=\"_blank\" rel=\"noopener\">Ekkremes Publications<\/a> vous invitent \u00e0 un \u00e9v\u00e9nement sur <strong>Gilles Deleuze<\/strong> et son \u0153uvre, \u00e0 l&rsquo;occasion de la publication en grec, par Ekkremes, des deux ouvrages fondamentaux du philosophe : <strong><em>Diff\u00e9rence et r\u00e9p\u00e9tition<\/em><\/strong> et <em><strong>Logique du sens<\/strong><\/em>, ainsi que du volume collectif <em><strong>D\u00e9viations et habitudes<\/strong><\/em>, une introduction \u00e0 l&rsquo;\u0153uvre de Deleuze, r\u00e9vis\u00e9 par le traducteur des deux premiers, Konstantinos Mpountas.<\/p>\n<p>Les intervenants seront :<\/p>\n<ul>\n<li><strong>Haris Papacharalampous<\/strong>, professeur associ\u00e9 au d\u00e9partement de droit de l&rsquo;universit\u00e9 de Chypre<\/li>\n<li><strong>Yannis Prelorentzos<\/strong>, professeur au d\u00e9partement de philosophie de l&rsquo;universit\u00e9 d&rsquo;Ath\u00e8nes, Gr\u00e8ce<\/li>\n<li><strong>Eftichis Pyrovolakis<\/strong>, professeur adjoint du d\u00e9partement des \u00e9tudes th\u00e9\u00e2trales, Universit\u00e9 du P\u00e9loponn\u00e8se<\/li>\n<li><strong>Aris Stylianou<\/strong>, professeur associ\u00e9, d\u00e9partement des sciences politiques, Universit\u00e9 Aristote de Thessalonique<\/li>\n<\/ul>\n<p>Gilles Deleuze est l\u2019un des <strong>philosophes majeurs du XX\u00e8me si\u00e8cle<\/strong>. Son \u0153uvre est faites d\u2019essais sur la pens\u00e9e de figures \u00e9minentes de la philosophie (Bergson, Nietzche, Spinoza\u2026) et de l\u2019art (Proust, Kafka, Bacon entres autres). <strong>Enseignant et grand p\u00e9dagogue<\/strong>, son travail est souvent mis en relation avec celui d\u2019autres grands philosophes du XX\u00e8me comme Guattari ou Foucault, avec lesquels ils d\u00e9veloppa des concepts originaux qui ont particip\u00e9 \u00e0 l\u2019essor de la French Theory outre Atlantique. <strong>Il \u00e9tait aussi militant politique<\/strong>, intervenant r\u00e9guli\u00e8rement sur des enjeux engageant l&rsquo;exercice de la pens\u00e9e, en soutenant des films ou en affirmant l&rsquo;importance du m\u00e9tier d\u2019\u00e9crivain.<\/p>\n<p><strong>Informations :<\/strong><\/p>\n<ul>\n<li>Entr\u00e9e libre dans la limite des places disponibles<\/li>\n<li>\u00c9v\u00e9nement en grec<\/li>\n<\/ul>\n","protected":false},"excerpt":{"rendered":"<p>A l&rsquo;occasion de la publication en grec, par Ekkremes, des ouvrages du philosophe. Entr\u00e9e libre. <\/p>\n","protected":false},"author":1,"featured_media":44095,"template":"","tags":[],"event_category":[870],"event_group":[],"class_list":["post-44102","event","type-event","status-publish","has-post-thumbnail","hentry","event_category-livre"],"acf":{"sponsors_default":false,"featured_image_credits":"","info_title":"INFORMATIONS D'ACC\u00c8S \u00c0 l'IFG","info_text":"<p>Pour entrer dans l\u2019IFG, il est n\u00e9cessaire de se soumettre au contr\u00f4le de tous les bagages \u00e0 main.<\/p>\n","date_range":{"start":"22\/06\/2022","end":"","cancelled":false,"note":"","start_time":"20:00","end_time":""},"details":{"location":"<p>Terrasse de l\u2019IFG <\/p>\n","hyperlink1a":{"text":"","link":""},"price":"Entr\u00e9e libre dans la limite des places disponibles","hyperlink2a":{"text":"","link":""},"online_event":false,"live_streaming":false,"live_streaming_code":"","facebook_url":"","hyperlink":{"text":"","link":""},"hyperlink2":{"text":"","link":""},"hyperlink3":{"text":"","link":""},"press_release":false},"home_slider_image":{"ID":44097,"id":44097,"title":"DELEUZE_1300x768","filename":"DELEUZE_1300x768.jpg","filesize":393848,"url":"https:\/\/www.ifg.gr\/wp-content\/uploads\/2022\/06\/DELEUZE_1300x768.jpg","link":"https:\/\/www.ifg.gr\/fr\/events\/gilles-deleuze-et-son-oeuvre\/deleuze_1300x768-2\/","alt":"","author":"1","description":"","caption":"","name":"deleuze_1300x768-2","status":"inherit","uploaded_to":44102,"date":"2022-06-09 14:23:00","modified":"2022-06-09 14:23:00","menu_order":0,"mime_type":"image\/jpeg","type":"image","subtype":"jpeg","icon":"https:\/\/www.ifg.gr\/wp-includes\/images\/media\/default.png","width":1300,"height":768,"sizes":{"thumbnail":"https:\/\/www.ifg.gr\/wp-content\/uploads\/2022\/06\/DELEUZE_1300x768.jpg","thumbnail-width":150,"thumbnail-height":89,"medium":"https:\/\/www.ifg.gr\/wp-content\/uploads\/2022\/06\/DELEUZE_1300x768.jpg","medium-width":300,"medium-height":177,"medium_large":"https:\/\/www.ifg.gr\/wp-content\/uploads\/2022\/06\/DELEUZE_1300x768-768x454.jpg","medium_large-width":640,"medium_large-height":378,"large":"https:\/\/www.ifg.gr\/wp-content\/uploads\/2022\/06\/DELEUZE_1300x768.jpg","large-width":640,"large-height":378,"1536x1536":"https:\/\/www.ifg.gr\/wp-content\/uploads\/2022\/06\/DELEUZE_1300x768.jpg","1536x1536-width":1300,"1536x1536-height":768,"2048x2048":"https:\/\/www.ifg.gr\/wp-content\/uploads\/2022\/06\/DELEUZE_1300x768.jpg","2048x2048-width":1300,"2048x2048-height":768,"full-width":"https:\/\/www.ifg.gr\/wp-content\/uploads\/2022\/06\/DELEUZE_1300x768.jpg","full-width-width":1300,"full-width-height":768,"sidebar":"https:\/\/www.ifg.gr\/wp-content\/uploads\/2022\/06\/DELEUZE_1300x768.jpg","sidebar-width":1300,"sidebar-height":768,"thumb-sm":"https:\/\/www.ifg.gr\/wp-content\/uploads\/2022\/06\/DELEUZE_1300x768-220x130.jpg","thumb-sm-width":220,"thumb-sm-height":130,"thumb-square":"https:\/\/www.ifg.gr\/wp-content\/uploads\/2022\/06\/DELEUZE_1300x768-300x300.jpg","thumb-square-width":300,"thumb-square-height":300,"thumb-big":"https:\/\/www.ifg.gr\/wp-content\/uploads\/2022\/06\/DELEUZE_1300x768-600x400.jpg","thumb-big-width":600,"thumb-big-height":400,"slider-big":"https:\/\/www.ifg.gr\/wp-content\/uploads\/2022\/06\/DELEUZE_1300x768.jpg","slider-big-width":1300,"slider-big-height":768}},"sponsors_group":false,"layout":false},"yoast_head":"<!-- This site is optimized with the Yoast SEO plugin v26.8 - https:\/\/yoast.com\/product\/yoast-seo-wordpress\/ -->\n<title>Gilles Deleuze et son \u0153uvre - Ekkremes Publications<\/title>\n<meta name=\"description\" content=\"A l&#039;occasion de la publication en grec, par Ekkremes, des ouvrages du philosophe. Entr\u00e9e libre dans la limite des places disponibles\" \/>\n<meta name=\"robots\" content=\"index, follow, max-snippet:-1, max-image-preview:large, max-video-preview:-1\" \/>\n<link rel=\"canonical\" href=\"https:\/\/www.ifg.gr\/fr\/events\/gilles-deleuze-et-son-oeuvre\/\" \/>\n<meta property=\"og:locale\" content=\"fr_FR\" \/>\n<meta property=\"og:type\" content=\"article\" \/>\n<meta property=\"og:title\" content=\"Gilles Deleuze et son \u0153uvre - Ekkremes Publications\" \/>\n<meta property=\"og:description\" content=\"A l&#039;occasion de la publication en grec, par Ekkremes, des ouvrages du philosophe. Entr\u00e9e libre dans la limite des places disponibles\" \/>\n<meta property=\"og:url\" content=\"https:\/\/www.ifg.gr\/fr\/events\/gilles-deleuze-et-son-oeuvre\/\" \/>\n<meta property=\"og:site_name\" content=\"IFG\" \/>\n<meta property=\"article:modified_time\" content=\"2022-06-14T08:05:03+00:00\" \/>\n<meta property=\"og:image\" content=\"https:\/\/www.ifg.gr\/wp-content\/uploads\/2022\/06\/DELEUZE_1200x8002.jpg\" \/>\n\t<meta property=\"og:image:width\" content=\"1200\" \/>\n\t<meta property=\"og:image:height\" content=\"800\" \/>\n\t<meta property=\"og:image:type\" content=\"image\/jpeg\" \/>\n<meta name=\"twitter:card\" content=\"summary_large_image\" \/>\n<meta name=\"twitter:label1\" content=\"Dur\u00e9e de lecture estim\u00e9e\" \/>\n\t<meta name=\"twitter:data1\" content=\"1 minute\" \/>\n<script type=\"application\/ld+json\" class=\"yoast-schema-graph\">{\"@context\":\"https:\/\/schema.org\",\"@graph\":[{\"@type\":\"WebPage\",\"@id\":\"https:\/\/www.ifg.gr\/fr\/events\/gilles-deleuze-et-son-oeuvre\/\",\"url\":\"https:\/\/www.ifg.gr\/fr\/events\/gilles-deleuze-et-son-oeuvre\/\",\"name\":\"Gilles Deleuze et son \u0153uvre - Ekkremes Publications\",\"isPartOf\":{\"@id\":\"https:\/\/www.ifg.gr\/#website\"},\"primaryImageOfPage\":{\"@id\":\"https:\/\/www.ifg.gr\/fr\/events\/gilles-deleuze-et-son-oeuvre\/#primaryimage\"},\"image\":{\"@id\":\"https:\/\/www.ifg.gr\/fr\/events\/gilles-deleuze-et-son-oeuvre\/#primaryimage\"},\"thumbnailUrl\":\"https:\/\/www.ifg.gr\/wp-content\/uploads\/2022\/06\/DELEUZE_1200x8002.jpg\",\"datePublished\":\"2022-06-09T14:23:25+00:00\",\"dateModified\":\"2022-06-14T08:05:03+00:00\",\"description\":\"A l'occasion de la publication en grec, par Ekkremes, des ouvrages du philosophe. Entr\u00e9e libre dans la limite des places disponibles\",\"breadcrumb\":{\"@id\":\"https:\/\/www.ifg.gr\/fr\/events\/gilles-deleuze-et-son-oeuvre\/#breadcrumb\"},\"inLanguage\":\"fr-FR\",\"potentialAction\":[{\"@type\":\"ReadAction\",\"target\":[\"https:\/\/www.ifg.gr\/fr\/events\/gilles-deleuze-et-son-oeuvre\/\"]}]},{\"@type\":\"ImageObject\",\"inLanguage\":\"fr-FR\",\"@id\":\"https:\/\/www.ifg.gr\/fr\/events\/gilles-deleuze-et-son-oeuvre\/#primaryimage\",\"url\":\"https:\/\/www.ifg.gr\/wp-content\/uploads\/2022\/06\/DELEUZE_1200x8002.jpg\",\"contentUrl\":\"https:\/\/www.ifg.gr\/wp-content\/uploads\/2022\/06\/DELEUZE_1200x8002.jpg\",\"width\":1200,\"height\":800},{\"@type\":\"BreadcrumbList\",\"@id\":\"https:\/\/www.ifg.gr\/fr\/events\/gilles-deleuze-et-son-oeuvre\/#breadcrumb\",\"itemListElement\":[{\"@type\":\"ListItem\",\"position\":1,\"name\":\"Home\",\"item\":\"https:\/\/www.ifg.gr\/fr\/\"},{\"@type\":\"ListItem\",\"position\":2,\"name\":\"Events\",\"item\":\"https:\/\/www.ifg.gr\/events\/\"},{\"@type\":\"ListItem\",\"position\":3,\"name\":\"Gilles Deleuze et son \u0153uvre\"}]},{\"@type\":\"WebSite\",\"@id\":\"https:\/\/www.ifg.gr\/#website\",\"url\":\"https:\/\/www.ifg.gr\/\",\"name\":\"IFG\",\"description\":\"\",\"potentialAction\":[{\"@type\":\"SearchAction\",\"target\":{\"@type\":\"EntryPoint\",\"urlTemplate\":\"https:\/\/www.ifg.gr\/?s={search_term_string}\"},\"query-input\":{\"@type\":\"PropertyValueSpecification\",\"valueRequired\":true,\"valueName\":\"search_term_string\"}}],\"inLanguage\":\"fr-FR\"}]}<\/script>\n<!-- \/ Yoast SEO plugin. -->","yoast_head_json":{"title":"Gilles Deleuze et son \u0153uvre - Ekkremes Publications","description":"A l'occasion de la publication en grec, par Ekkremes, des ouvrages du philosophe. Entr\u00e9e libre dans la limite des places disponibles","robots":{"index":"index","follow":"follow","max-snippet":"max-snippet:-1","max-image-preview":"max-image-preview:large","max-video-preview":"max-video-preview:-1"},"canonical":"https:\/\/www.ifg.gr\/fr\/events\/gilles-deleuze-et-son-oeuvre\/","og_locale":"fr_FR","og_type":"article","og_title":"Gilles Deleuze et son \u0153uvre - Ekkremes Publications","og_description":"A l'occasion de la publication en grec, par Ekkremes, des ouvrages du philosophe. Entr\u00e9e libre dans la limite des places disponibles","og_url":"https:\/\/www.ifg.gr\/fr\/events\/gilles-deleuze-et-son-oeuvre\/","og_site_name":"IFG","article_modified_time":"2022-06-14T08:05:03+00:00","og_image":[{"width":1200,"height":800,"url":"https:\/\/www.ifg.gr\/wp-content\/uploads\/2022\/06\/DELEUZE_1200x8002.jpg","type":"image\/jpeg"}],"twitter_card":"summary_large_image","twitter_misc":{"Dur\u00e9e de lecture estim\u00e9e":"1 minute"},"schema":{"@context":"https:\/\/schema.org","@graph":[{"@type":"WebPage","@id":"https:\/\/www.ifg.gr\/fr\/events\/gilles-deleuze-et-son-oeuvre\/","url":"https:\/\/www.ifg.gr\/fr\/events\/gilles-deleuze-et-son-oeuvre\/","name":"Gilles Deleuze et son \u0153uvre - Ekkremes Publications","isPartOf":{"@id":"https:\/\/www.ifg.gr\/#website"},"primaryImageOfPage":{"@id":"https:\/\/www.ifg.gr\/fr\/events\/gilles-deleuze-et-son-oeuvre\/#primaryimage"},"image":{"@id":"https:\/\/www.ifg.gr\/fr\/events\/gilles-deleuze-et-son-oeuvre\/#primaryimage"},"thumbnailUrl":"https:\/\/www.ifg.gr\/wp-content\/uploads\/2022\/06\/DELEUZE_1200x8002.jpg","datePublished":"2022-06-09T14:23:25+00:00","dateModified":"2022-06-14T08:05:03+00:00","description":"A l'occasion de la publication en grec, par Ekkremes, des ouvrages du philosophe. Entr\u00e9e libre dans la limite des places disponibles","breadcrumb":{"@id":"https:\/\/www.ifg.gr\/fr\/events\/gilles-deleuze-et-son-oeuvre\/#breadcrumb"},"inLanguage":"fr-FR","potentialAction":[{"@type":"ReadAction","target":["https:\/\/www.ifg.gr\/fr\/events\/gilles-deleuze-et-son-oeuvre\/"]}]},{"@type":"ImageObject","inLanguage":"fr-FR","@id":"https:\/\/www.ifg.gr\/fr\/events\/gilles-deleuze-et-son-oeuvre\/#primaryimage","url":"https:\/\/www.ifg.gr\/wp-content\/uploads\/2022\/06\/DELEUZE_1200x8002.jpg","contentUrl":"https:\/\/www.ifg.gr\/wp-content\/uploads\/2022\/06\/DELEUZE_1200x8002.jpg","width":1200,"height":800},{"@type":"BreadcrumbList","@id":"https:\/\/www.ifg.gr\/fr\/events\/gilles-deleuze-et-son-oeuvre\/#breadcrumb","itemListElement":[{"@type":"ListItem","position":1,"name":"Home","item":"https:\/\/www.ifg.gr\/fr\/"},{"@type":"ListItem","position":2,"name":"Events","item":"https:\/\/www.ifg.gr\/events\/"},{"@type":"ListItem","position":3,"name":"Gilles Deleuze et son \u0153uvre"}]},{"@type":"WebSite","@id":"https:\/\/www.ifg.gr\/#website","url":"https:\/\/www.ifg.gr\/","name":"IFG","description":"","potentialAction":[{"@type":"SearchAction","target":{"@type":"EntryPoint","urlTemplate":"https:\/\/www.ifg.gr\/?s={search_term_string}"},"query-input":{"@type":"PropertyValueSpecification","valueRequired":true,"valueName":"search_term_string"}}],"inLanguage":"fr-FR"}]}},"_links":{"self":[{"href":"https:\/\/www.ifg.gr\/fr\/wp-json\/wp\/v2\/event\/44102","targetHints":{"allow":["GET"]}}],"collection":[{"href":"https:\/\/www.ifg.gr\/fr\/wp-json\/wp\/v2\/event"}],"about":[{"href":"https:\/\/www.ifg.gr\/fr\/wp-json\/wp\/v2\/types\/event"}],"author":[{"embeddable":true,"href":"https:\/\/www.ifg.gr\/fr\/wp-json\/wp\/v2\/users\/1"}],"version-history":[{"count":0,"href":"https:\/\/www.ifg.gr\/fr\/wp-json\/wp\/v2\/event\/44102\/revisions"}],"wp:featuredmedia":[{"embeddable":true,"href":"https:\/\/www.ifg.gr\/fr\/wp-json\/wp\/v2\/media\/44095"}],"wp:attachment":[{"href":"https:\/\/www.ifg.gr\/fr\/wp-json\/wp\/v2\/media?parent=44102"}],"wp:term":[{"taxonomy":"post_tag","embeddable":true,"href":"https:\/\/www.ifg.gr\/fr\/wp-json\/wp\/v2\/tags?post=44102"},{"taxonomy":"event_category","embeddable":true,"href":"https:\/\/www.ifg.gr\/fr\/wp-json\/wp\/v2\/event_category?post=44102"},{"taxonomy":"event_group","embeddable":true,"href":"https:\/\/www.ifg.gr\/fr\/wp-json\/wp\/v2\/event_group?post=44102"}],"curies":[{"name":"wp","href":"https:\/\/api.w.org\/{rel}","templated":true}]}}