{"id":45888,"date":"2022-07-06T10:04:52","date_gmt":"2022-07-06T10:04:52","guid":{"rendered":"https:\/\/www.ifg.gr\/?post_type=event&#038;p=45888"},"modified":"2022-07-06T10:04:52","modified_gmt":"2022-07-06T10:04:52","slug":"atalante-jean-vigo","status":"publish","type":"event","link":"https:\/\/www.ifg.gr\/fr\/events\/atalante-jean-vigo\/","title":{"rendered":"Projection sp\u00e9ciale pour le 14 juillet : L\u2019Atalante, de Jean Vigo"},"content":{"rendered":"<p>\u00c0 l\u2019occasion de la <strong>F\u00eate nationale fran\u00e7aise<\/strong> du 14 juillet, l&rsquo;Institut fran\u00e7ais de Gr\u00e8ce, organise, en partenariat avec le <a href=\"https:\/\/www.aoaff.gr\/\" target=\"_blank\" rel=\"noopener\">12e Athens Open Air Film Festival<\/a>, une projection sp\u00e9ciale de la copie r\u00e9cemment restaur\u00e9e du film \u00ab L\u2019Atalante \u00bb de Jean Vigo.<\/p>\n<p>12\/07\/2022 \u2013 21h30<br \/>\n<strong>L\u2019Atalante<\/strong><br \/>\nJean Vigo \u2013 1934\u2013 89\u2019<br \/>\navec : Michel Simon, Jean Dast\u00e9, Dita Parlo<\/p>\n<p>Pour fuir la monotonie de sa vie au village, Juliette se marie avec Jean, un marinier qui navigue en compagnie du p\u00e8re Jules, un vieil excentrique, et d&rsquo;un gosse, petit mousse de la p\u00e9niche. La vie \u00e0 bord de l&rsquo;Atalante est monotone ; chacun s&rsquo;adonne \u00e0 ses activit\u00e9s : Jean se voue exag\u00e9r\u00e9ment \u00e0 son travail quitte \u00e0 d\u00e9laisser Juliette, qui entend tout r\u00e9former en se lan\u00e7ant dans un m\u00e9nage in\u00e9dit. Quant au p\u00e8re Jules, fantasque et cr\u00e9atif, il vit entour\u00e9 d&rsquo;une famille de chats et des objets qu&rsquo;il amasse au fil des escales et qu&rsquo;il bricole. Vient le jour o\u00f9 Juliette s&rsquo;ennuie et se laisse s\u00e9duire par les lumi\u00e8res de la grande ville. \u00c9paul\u00e9 par le vieil original qui l&rsquo;assiste, Jean la retrouve, d\u00e9sesp\u00e9r\u00e9e.<\/p>\n<p>&nbsp;<\/p>\n<p><iframe loading=\"lazy\" title=\"L&#039;Atalante (1934) - trailer\" width=\"640\" height=\"360\" src=\"https:\/\/www.youtube.com\/embed\/vzTN0YnKmOs?feature=oembed\" frameborder=\"0\" allow=\"accelerometer; autoplay; clipboard-write; encrypted-media; gyroscope; picture-in-picture; web-share\" referrerpolicy=\"strict-origin-when-cross-origin\" allowfullscreen><\/iframe><\/p>\n","protected":false},"excerpt":{"rendered":"<p>Projection sp\u00e9ciale de la copie r\u00e9cemment restaur\u00e9e du film \u00ab L\u2019Atalante \u00bb de Jean Vigo, \u00e0 l\u2019occasion de la F\u00eate nationale fran\u00e7aise.<\/p>\n","protected":false},"author":1,"featured_media":45886,"template":"","tags":[1208,1209],"event_category":[874],"event_group":[],"class_list":["post-45888","event","type-event","status-publish","has-post-thumbnail","hentry","tag-14-juillet","tag-fete-nationale-francaise","event_category-cinema"],"acf":{"sponsors_default":false,"featured_image_credits":"","info_title":"","info_text":"","date_range":{"start":"14\/07\/2022","end":"","cancelled":false,"note":"","start_time":"21:30","end_time":""},"details":{"location":"<p>Cin\u00e9ma plein-air \u00ab La\u00efs \u00bb, Cin\u00e9math\u00e8que de Gr\u00e8ce (Iera Odos 48 & Meg. Alexandrou 134-136, Kerameikos)<\/p>\n","hyperlink1a":{"text":"","link":""},"price":"Entr\u00e9e libre","hyperlink2a":{"text":"","link":""},"online_event":false,"live_streaming":false,"live_streaming_code":"","facebook_url":"","hyperlink":{"text":"","link":""},"hyperlink2":{"text":"","link":""},"hyperlink3":{"text":"","link":""},"press_release":false},"home_slider_image":false,"sponsors_group":false,"layout":false},"yoast_head":"<!-- This site is optimized with the Yoast SEO plugin v26.8 - https:\/\/yoast.com\/product\/yoast-seo-wordpress\/ -->\n<title>Projection sp\u00e9ciale pour le 14 juillet : L\u2019Atalante, de Jean Vigo<\/title>\n<meta name=\"description\" content=\"Projection sp\u00e9ciale de la copie r\u00e9cemment restaur\u00e9e du film \u00ab L\u2019Atalante \u00bb de Jean Vigo, \u00e0 l\u2019occasion de la F\u00eate nationale fran\u00e7aise.\" \/>\n<meta name=\"robots\" content=\"index, follow, max-snippet:-1, max-image-preview:large, max-video-preview:-1\" \/>\n<link rel=\"canonical\" href=\"https:\/\/www.ifg.gr\/events\/atalante-jean-vigo\/\" \/>\n<meta property=\"og:locale\" content=\"fr_FR\" \/>\n<meta property=\"og:type\" content=\"article\" \/>\n<meta property=\"og:title\" content=\"Projection sp\u00e9ciale pour le 14 juillet : L\u2019Atalante, de Jean Vigo\" \/>\n<meta property=\"og:description\" content=\"Projection sp\u00e9ciale de la copie r\u00e9cemment restaur\u00e9e du film \u00ab L\u2019Atalante \u00bb de Jean Vigo, \u00e0 l\u2019occasion de la F\u00eate nationale fran\u00e7aise.\" \/>\n<meta property=\"og:url\" content=\"https:\/\/www.ifg.gr\/events\/atalante-jean-vigo\/\" \/>\n<meta property=\"og:site_name\" content=\"IFG\" \/>\n<meta property=\"og:image\" content=\"https:\/\/www.ifg.gr\/wp-content\/uploads\/2022\/07\/latalante-danse-sous-leau.png\" \/>\n\t<meta property=\"og:image:width\" content=\"1139\" \/>\n\t<meta property=\"og:image:height\" content=\"878\" \/>\n\t<meta property=\"og:image:type\" content=\"image\/png\" \/>\n<meta name=\"twitter:card\" content=\"summary_large_image\" \/>\n<meta name=\"twitter:label1\" content=\"Dur\u00e9e de lecture estim\u00e9e\" \/>\n\t<meta name=\"twitter:data1\" content=\"1 minute\" \/>\n<script type=\"application\/ld+json\" class=\"yoast-schema-graph\">{\"@context\":\"https:\/\/schema.org\",\"@graph\":[{\"@type\":\"WebPage\",\"@id\":\"https:\/\/www.ifg.gr\/events\/atalante-jean-vigo\/\",\"url\":\"https:\/\/www.ifg.gr\/events\/atalante-jean-vigo\/\",\"name\":\"Projection sp\u00e9ciale pour le 14 juillet : L\u2019Atalante, de Jean Vigo\",\"isPartOf\":{\"@id\":\"https:\/\/www.ifg.gr\/#website\"},\"primaryImageOfPage\":{\"@id\":\"https:\/\/www.ifg.gr\/events\/atalante-jean-vigo\/#primaryimage\"},\"image\":{\"@id\":\"https:\/\/www.ifg.gr\/events\/atalante-jean-vigo\/#primaryimage\"},\"thumbnailUrl\":\"https:\/\/www.ifg.gr\/wp-content\/uploads\/2022\/07\/latalante-danse-sous-leau.png\",\"datePublished\":\"2022-07-06T10:04:52+00:00\",\"description\":\"Projection sp\u00e9ciale de la copie r\u00e9cemment restaur\u00e9e du film \u00ab L\u2019Atalante \u00bb de Jean Vigo, \u00e0 l\u2019occasion de la F\u00eate nationale fran\u00e7aise.\",\"breadcrumb\":{\"@id\":\"https:\/\/www.ifg.gr\/events\/atalante-jean-vigo\/#breadcrumb\"},\"inLanguage\":\"fr-FR\",\"potentialAction\":[{\"@type\":\"ReadAction\",\"target\":[\"https:\/\/www.ifg.gr\/events\/atalante-jean-vigo\/\"]}]},{\"@type\":\"ImageObject\",\"inLanguage\":\"fr-FR\",\"@id\":\"https:\/\/www.ifg.gr\/events\/atalante-jean-vigo\/#primaryimage\",\"url\":\"https:\/\/www.ifg.gr\/wp-content\/uploads\/2022\/07\/latalante-danse-sous-leau.png\",\"contentUrl\":\"https:\/\/www.ifg.gr\/wp-content\/uploads\/2022\/07\/latalante-danse-sous-leau.png\",\"width\":1139,\"height\":878,\"caption\":\"\u0391\u03a4\u0391\u039b\u0391\u039d\u03a4\u0397\"},{\"@type\":\"BreadcrumbList\",\"@id\":\"https:\/\/www.ifg.gr\/events\/atalante-jean-vigo\/#breadcrumb\",\"itemListElement\":[{\"@type\":\"ListItem\",\"position\":1,\"name\":\"Home\",\"item\":\"https:\/\/www.ifg.gr\/fr\/\"},{\"@type\":\"ListItem\",\"position\":2,\"name\":\"Events\",\"item\":\"https:\/\/www.ifg.gr\/events\/\"},{\"@type\":\"ListItem\",\"position\":3,\"name\":\"Projection sp\u00e9ciale pour le 14 juillet : L\u2019Atalante, de Jean Vigo\"}]},{\"@type\":\"WebSite\",\"@id\":\"https:\/\/www.ifg.gr\/#website\",\"url\":\"https:\/\/www.ifg.gr\/\",\"name\":\"IFG\",\"description\":\"\",\"potentialAction\":[{\"@type\":\"SearchAction\",\"target\":{\"@type\":\"EntryPoint\",\"urlTemplate\":\"https:\/\/www.ifg.gr\/?s={search_term_string}\"},\"query-input\":{\"@type\":\"PropertyValueSpecification\",\"valueRequired\":true,\"valueName\":\"search_term_string\"}}],\"inLanguage\":\"fr-FR\"}]}<\/script>\n<!-- \/ Yoast SEO plugin. -->","yoast_head_json":{"title":"Projection sp\u00e9ciale pour le 14 juillet : L\u2019Atalante, de Jean Vigo","description":"Projection sp\u00e9ciale de la copie r\u00e9cemment restaur\u00e9e du film \u00ab L\u2019Atalante \u00bb de Jean Vigo, \u00e0 l\u2019occasion de la F\u00eate nationale fran\u00e7aise.","robots":{"index":"index","follow":"follow","max-snippet":"max-snippet:-1","max-image-preview":"max-image-preview:large","max-video-preview":"max-video-preview:-1"},"canonical":"https:\/\/www.ifg.gr\/events\/atalante-jean-vigo\/","og_locale":"fr_FR","og_type":"article","og_title":"Projection sp\u00e9ciale pour le 14 juillet : L\u2019Atalante, de Jean Vigo","og_description":"Projection sp\u00e9ciale de la copie r\u00e9cemment restaur\u00e9e du film \u00ab L\u2019Atalante \u00bb de Jean Vigo, \u00e0 l\u2019occasion de la F\u00eate nationale fran\u00e7aise.","og_url":"https:\/\/www.ifg.gr\/events\/atalante-jean-vigo\/","og_site_name":"IFG","og_image":[{"width":1139,"height":878,"url":"https:\/\/www.ifg.gr\/wp-content\/uploads\/2022\/07\/latalante-danse-sous-leau.png","type":"image\/png"}],"twitter_card":"summary_large_image","twitter_misc":{"Dur\u00e9e de lecture estim\u00e9e":"1 minute"},"schema":{"@context":"https:\/\/schema.org","@graph":[{"@type":"WebPage","@id":"https:\/\/www.ifg.gr\/events\/atalante-jean-vigo\/","url":"https:\/\/www.ifg.gr\/events\/atalante-jean-vigo\/","name":"Projection sp\u00e9ciale pour le 14 juillet : L\u2019Atalante, de Jean Vigo","isPartOf":{"@id":"https:\/\/www.ifg.gr\/#website"},"primaryImageOfPage":{"@id":"https:\/\/www.ifg.gr\/events\/atalante-jean-vigo\/#primaryimage"},"image":{"@id":"https:\/\/www.ifg.gr\/events\/atalante-jean-vigo\/#primaryimage"},"thumbnailUrl":"https:\/\/www.ifg.gr\/wp-content\/uploads\/2022\/07\/latalante-danse-sous-leau.png","datePublished":"2022-07-06T10:04:52+00:00","description":"Projection sp\u00e9ciale de la copie r\u00e9cemment restaur\u00e9e du film \u00ab L\u2019Atalante \u00bb de Jean Vigo, \u00e0 l\u2019occasion de la F\u00eate nationale fran\u00e7aise.","breadcrumb":{"@id":"https:\/\/www.ifg.gr\/events\/atalante-jean-vigo\/#breadcrumb"},"inLanguage":"fr-FR","potentialAction":[{"@type":"ReadAction","target":["https:\/\/www.ifg.gr\/events\/atalante-jean-vigo\/"]}]},{"@type":"ImageObject","inLanguage":"fr-FR","@id":"https:\/\/www.ifg.gr\/events\/atalante-jean-vigo\/#primaryimage","url":"https:\/\/www.ifg.gr\/wp-content\/uploads\/2022\/07\/latalante-danse-sous-leau.png","contentUrl":"https:\/\/www.ifg.gr\/wp-content\/uploads\/2022\/07\/latalante-danse-sous-leau.png","width":1139,"height":878,"caption":"\u0391\u03a4\u0391\u039b\u0391\u039d\u03a4\u0397"},{"@type":"BreadcrumbList","@id":"https:\/\/www.ifg.gr\/events\/atalante-jean-vigo\/#breadcrumb","itemListElement":[{"@type":"ListItem","position":1,"name":"Home","item":"https:\/\/www.ifg.gr\/fr\/"},{"@type":"ListItem","position":2,"name":"Events","item":"https:\/\/www.ifg.gr\/events\/"},{"@type":"ListItem","position":3,"name":"Projection sp\u00e9ciale pour le 14 juillet : L\u2019Atalante, de Jean Vigo"}]},{"@type":"WebSite","@id":"https:\/\/www.ifg.gr\/#website","url":"https:\/\/www.ifg.gr\/","name":"IFG","description":"","potentialAction":[{"@type":"SearchAction","target":{"@type":"EntryPoint","urlTemplate":"https:\/\/www.ifg.gr\/?s={search_term_string}"},"query-input":{"@type":"PropertyValueSpecification","valueRequired":true,"valueName":"search_term_string"}}],"inLanguage":"fr-FR"}]}},"_links":{"self":[{"href":"https:\/\/www.ifg.gr\/fr\/wp-json\/wp\/v2\/event\/45888","targetHints":{"allow":["GET"]}}],"collection":[{"href":"https:\/\/www.ifg.gr\/fr\/wp-json\/wp\/v2\/event"}],"about":[{"href":"https:\/\/www.ifg.gr\/fr\/wp-json\/wp\/v2\/types\/event"}],"author":[{"embeddable":true,"href":"https:\/\/www.ifg.gr\/fr\/wp-json\/wp\/v2\/users\/1"}],"version-history":[{"count":0,"href":"https:\/\/www.ifg.gr\/fr\/wp-json\/wp\/v2\/event\/45888\/revisions"}],"wp:featuredmedia":[{"embeddable":true,"href":"https:\/\/www.ifg.gr\/fr\/wp-json\/wp\/v2\/media\/45886"}],"wp:attachment":[{"href":"https:\/\/www.ifg.gr\/fr\/wp-json\/wp\/v2\/media?parent=45888"}],"wp:term":[{"taxonomy":"post_tag","embeddable":true,"href":"https:\/\/www.ifg.gr\/fr\/wp-json\/wp\/v2\/tags?post=45888"},{"taxonomy":"event_category","embeddable":true,"href":"https:\/\/www.ifg.gr\/fr\/wp-json\/wp\/v2\/event_category?post=45888"},{"taxonomy":"event_group","embeddable":true,"href":"https:\/\/www.ifg.gr\/fr\/wp-json\/wp\/v2\/event_group?post=45888"}],"curies":[{"name":"wp","href":"https:\/\/api.w.org\/{rel}","templated":true}]}}