{"id":45923,"date":"2022-07-08T12:05:37","date_gmt":"2022-07-08T12:05:37","guid":{"rendered":"https:\/\/www.ifg.gr\/events\/plein-air-oposdipote-tin-kyriaki\/"},"modified":"2022-07-15T08:49:27","modified_gmt":"2022-07-15T08:49:27","slug":"plein-air-vivement-dimanche","status":"publish","type":"event","link":"https:\/\/www.ifg.gr\/fr\/events\/plein-air-vivement-dimanche\/","title":{"rendered":"6e Festival Plein-Air du film fran\u00e7ais : Vivement Dimanche !, de Fran\u00e7ois Truffaut"},"content":{"rendered":"<p>Le tr\u00e8s attendu rendez-vous du public ath\u00e9nien avec le cin\u00e9ma de patrimoine fran\u00e7ais, le <a href=\"https:\/\/www.ifg.gr\/fr\/news\/6-festival-plein-air\/\" target=\"_blank\" rel=\"noopener\">Festival Plein-Air du Film Fran\u00e7ais<\/a>, revient pour la sixi\u00e8me ann\u00e9e.<\/p>\n<p>Cet \u00e9v\u00e9nement, une proposition de l&rsquo;Institut fran\u00e7ais de Gr\u00e8ce et de l&rsquo;<a href=\"https:\/\/www.efa.gr\/fr\/\" target=\"_blank\" rel=\"noopener\">\u00c9cole fran\u00e7aise d&rsquo;Ath\u00e8nes<\/a>, en collaboration avec le <a href=\"https:\/\/www.aoaff.gr\/\" target=\"_blank\" rel=\"noopener\">12e Athens Open Air Film Festival<\/a>, installe \u00e0 nouveau son grand \u00e9cran dans les magnifiques jardins de l&rsquo;\u00c9cole fran\u00e7aise d&rsquo;Ath\u00e8nes pour quatre projections uniques sous les \u00e9toiles.<\/p>\n<p>21\/07\/2022 \u2013 21:30<br \/>\n<strong>Vivement Dimanche !<\/strong><br \/>\nFran\u00e7ois Truffaut \u2013 1983\u2013 110\u2019<br \/>\navec : Fanny Ardant, Jean-Louis Trintignant, Jean-Pierre Kalfon, Philippe Laudenbach<\/p>\n<p>Julien Vercel, directeur d&rsquo;une agence immobili\u00e8re, se trouve soup\u00e7onn\u00e9 d&rsquo;un double meurtre : celui de sa femme, Marie-Christine et de l&rsquo;amant de celle-ci, Claude Massoulier. Les circonstances \u00e9tant contre lui, Julien prend le large, afin de se soustraire \u00e0 la police. Sa secr\u00e9taire, Barbara Becker, va mener l&rsquo;enqu\u00eate et s&rsquo;efforcer de d\u00e9couvrir la v\u00e9rit\u00e9. Son \u00ab\u00a0objectivit\u00e9\u00a0\u00bb lui interdit d&rsquo;exclure Julien de la liste des coupables. Au cours de son enqu\u00eate, Barbara rencontre une caissi\u00e8re de cin\u00e9ma boulevers\u00e9e, un client t\u00eatu qui cherche \u00e0 louer \u00ab\u00a0un ch\u00e2teau en montagne les pieds dans l&rsquo;eau\u00a0\u00bb, un avocat z\u00e9l\u00e9, un photographe trop curieux qui est aussi son ex-mari, un noceur slave, une dactylo blonde qui pourrait \u00eatre une rivale, et surtout un commissaire pugnace. Pendant tout ce temps, les cadavres continuent de tomber&#8230;<\/p>\n<p><iframe loading=\"lazy\" title=\"Vivement dimanche ! ( bande annonce )\" width=\"640\" height=\"360\" src=\"https:\/\/www.youtube.com\/embed\/W5-vu7pqeJo?feature=oembed\" frameborder=\"0\" allow=\"accelerometer; autoplay; clipboard-write; encrypted-media; gyroscope; picture-in-picture; web-share\" referrerpolicy=\"strict-origin-when-cross-origin\" allowfullscreen><\/iframe><\/p>\n<h3>INFORMATIONS :<\/h3>\n<ul>\n<li>Jardins d\u2019\u00c9cole Fran\u00e7aise d\u2019Ath\u00e8nes (6, rue Didotou)<\/li>\n<li>Entr\u00e9e libre, dans la limite des places disponibles<\/li>\n<li>Distribution des coupons d\u2019entr\u00e9e, devant la grille des Jardins, d\u00e8s 20:30, chaque soir de projection<\/li>\n<\/ul>\n<h3><\/h3>\n<h3>PROGRAMME DES PROJECTIONS<\/h3>\n<ul>\n<li>mardi 05\/07 \u2013 21h30 : <a href=\"https:\/\/www.ifg.gr\/fr\/events\/plein-air-la-grande-illusion\/\" target=\"_blank\" rel=\"noopener\">La Grande Illusion<\/a>, de Jean Renoir<\/li>\n<li>mardi 12\/07 \u2013 21h30 : <a href=\"https:\/\/www.ifg.gr\/fr\/events\/plein-air-lumiere-ete\/\" target=\"_blank\" rel=\"noopener\">Lumi\u00e8re d\u2019\u00e9t\u00e9<\/a>, de Jean Gr\u00e9millon<\/li>\n<li>jeudi 21\/07 \u2013 21h30 : Vivement Dimanche !, de Fran\u00e7ois Truffaut<\/li>\n<li>mardi 30\/08 \u2013 21h30 : Les Parapluies de Cherbourg, de Jacques Demy<\/li>\n<\/ul>\n<p><img loading=\"lazy\" decoding=\"async\" class=\"alignnone size-full wp-image-43996\" src=\"https:\/\/www.ifg.gr\/wp-content\/uploads\/2022\/06\/PLEIN_AIR_22_A3.jpg\" alt=\"60 \u03a6\u0395\u03a3\u03a4\u0399\u0392\u0391\u039b \u0398\u0395\u03a1\u0399\u039d\u039f\u03a5 \u0393\u0391\u039b\u039b\u0399\u039a\u039f\u03a5 \u039a\u0399\u039d\u0397\u039c\u0391\u03a4\u039f\u0393\u03a1\u0391\u03a6\u039f\u03a5\" width=\"842\" height=\"1191\" srcset=\"https:\/\/www.ifg.gr\/wp-content\/uploads\/2022\/06\/PLEIN_AIR_22_A3.jpg 842w, https:\/\/www.ifg.gr\/wp-content\/uploads\/2022\/06\/PLEIN_AIR_22_A3-768x1086.jpg 768w, https:\/\/www.ifg.gr\/wp-content\/uploads\/2022\/06\/PLEIN_AIR_22_A3-707x1000.jpg 707w, https:\/\/www.ifg.gr\/wp-content\/uploads\/2022\/06\/PLEIN_AIR_22_A3-92x130.jpg 92w\" sizes=\"auto, (max-width: 842px) 100vw, 842px\" \/><\/p>\n","protected":false},"excerpt":{"rendered":"<p>Avec Fanny Ardant &#038; Jean-Louis Trintignant. Jardins de l&rsquo;\u00c9cole fran\u00e7aise d&rsquo;Ath\u00e8nes. Entr\u00e9e libre dans la limite des places disponibles.<\/p>\n","protected":false},"author":1,"featured_media":45921,"template":"","tags":[1200],"event_category":[874],"event_group":[],"class_list":["post-45923","event","type-event","status-publish","has-post-thumbnail","hentry","tag-therino-festival-gallikou-kinimatografou-fr","event_category-cinema"],"acf":{"sponsors_default":false,"featured_image_credits":"","info_title":"","info_text":"","date_range":{"start":"21\/07\/2022","end":"","cancelled":false,"note":"","start_time":"21:30","end_time":""},"details":{"location":"<p>Jardins de l'\u00c9cole fran\u00e7aise d'Ath\u00e8nes<\/p>\n","hyperlink1a":{"text":"","link":""},"price":"Entr\u00e9e libre, dans la limite des places disponibles","hyperlink2a":{"text":"","link":""},"online_event":false,"live_streaming":false,"live_streaming_code":"","facebook_url":"https:\/\/www.facebook.com\/events\/796621868369551\/796621885036216\/","hyperlink":{"text":"","link":""},"hyperlink2":{"text":"","link":""},"hyperlink3":{"text":"","link":""},"press_release":false},"home_slider_image":false,"sponsors_group":false,"layout":false},"yoast_head":"<!-- This site is optimized with the Yoast SEO plugin v26.8 - https:\/\/yoast.com\/product\/yoast-seo-wordpress\/ -->\n<title>6e Festival Plein-Air du film fran\u00e7ais : Vivement Dimanche !<\/title>\n<meta name=\"description\" content=\"Avec Fanny Ardant et Jean-Louis Trintignant. Jardins de l&#039;\u00c9cole fran\u00e7aise d&#039;Ath\u00e8nes. Entr\u00e9e libre.\" \/>\n<meta name=\"robots\" content=\"index, follow, max-snippet:-1, max-image-preview:large, max-video-preview:-1\" \/>\n<link rel=\"canonical\" href=\"https:\/\/www.ifg.gr\/events\/plein-air-oposdipote-tin-kyriaki\/\" \/>\n<meta property=\"og:locale\" content=\"fr_FR\" \/>\n<meta property=\"og:type\" content=\"article\" \/>\n<meta property=\"og:title\" content=\"6e Festival Plein-Air du film fran\u00e7ais : Vivement Dimanche !\" \/>\n<meta property=\"og:description\" content=\"Avec Fanny Ardant et Jean-Louis Trintignant. Jardins de l&#039;\u00c9cole fran\u00e7aise d&#039;Ath\u00e8nes. Entr\u00e9e libre.\" \/>\n<meta property=\"og:url\" content=\"https:\/\/www.ifg.gr\/events\/plein-air-oposdipote-tin-kyriaki\/\" \/>\n<meta property=\"og:site_name\" content=\"IFG\" \/>\n<meta property=\"article:modified_time\" content=\"2022-07-15T08:49:27+00:00\" \/>\n<meta property=\"og:image\" content=\"https:\/\/www.ifg.gr\/wp-content\/uploads\/2022\/07\/vivement-dimanche-miroir.jpg\" \/>\n\t<meta property=\"og:image:width\" content=\"1200\" \/>\n\t<meta property=\"og:image:height\" content=\"720\" \/>\n\t<meta property=\"og:image:type\" content=\"image\/jpeg\" \/>\n<meta name=\"twitter:card\" content=\"summary_large_image\" \/>\n<meta name=\"twitter:label1\" content=\"Dur\u00e9e de lecture estim\u00e9e\" \/>\n\t<meta name=\"twitter:data1\" content=\"2 minutes\" \/>\n<script type=\"application\/ld+json\" class=\"yoast-schema-graph\">{\"@context\":\"https:\/\/schema.org\",\"@graph\":[{\"@type\":\"WebPage\",\"@id\":\"https:\/\/www.ifg.gr\/events\/plein-air-oposdipote-tin-kyriaki\/\",\"url\":\"https:\/\/www.ifg.gr\/events\/plein-air-oposdipote-tin-kyriaki\/\",\"name\":\"6e Festival Plein-Air du film fran\u00e7ais : Vivement Dimanche !\",\"isPartOf\":{\"@id\":\"https:\/\/www.ifg.gr\/#website\"},\"primaryImageOfPage\":{\"@id\":\"https:\/\/www.ifg.gr\/events\/plein-air-oposdipote-tin-kyriaki\/#primaryimage\"},\"image\":{\"@id\":\"https:\/\/www.ifg.gr\/events\/plein-air-oposdipote-tin-kyriaki\/#primaryimage\"},\"thumbnailUrl\":\"https:\/\/www.ifg.gr\/wp-content\/uploads\/2022\/07\/vivement-dimanche-miroir.jpg\",\"datePublished\":\"2022-07-08T12:05:37+00:00\",\"dateModified\":\"2022-07-15T08:49:27+00:00\",\"description\":\"Avec Fanny Ardant et Jean-Louis Trintignant. Jardins de l'\u00c9cole fran\u00e7aise d'Ath\u00e8nes. Entr\u00e9e libre.\",\"breadcrumb\":{\"@id\":\"https:\/\/www.ifg.gr\/events\/plein-air-oposdipote-tin-kyriaki\/#breadcrumb\"},\"inLanguage\":\"fr-FR\",\"potentialAction\":[{\"@type\":\"ReadAction\",\"target\":[\"https:\/\/www.ifg.gr\/events\/plein-air-oposdipote-tin-kyriaki\/\"]}]},{\"@type\":\"ImageObject\",\"inLanguage\":\"fr-FR\",\"@id\":\"https:\/\/www.ifg.gr\/events\/plein-air-oposdipote-tin-kyriaki\/#primaryimage\",\"url\":\"https:\/\/www.ifg.gr\/wp-content\/uploads\/2022\/07\/vivement-dimanche-miroir.jpg\",\"contentUrl\":\"https:\/\/www.ifg.gr\/wp-content\/uploads\/2022\/07\/vivement-dimanche-miroir.jpg\",\"width\":1200,\"height\":720},{\"@type\":\"BreadcrumbList\",\"@id\":\"https:\/\/www.ifg.gr\/events\/plein-air-oposdipote-tin-kyriaki\/#breadcrumb\",\"itemListElement\":[{\"@type\":\"ListItem\",\"position\":1,\"name\":\"Home\",\"item\":\"https:\/\/www.ifg.gr\/fr\/\"},{\"@type\":\"ListItem\",\"position\":2,\"name\":\"Events\",\"item\":\"https:\/\/www.ifg.gr\/events\/\"},{\"@type\":\"ListItem\",\"position\":3,\"name\":\"6e Festival Plein-Air du film fran\u00e7ais : Vivement Dimanche !, de Fran\u00e7ois Truffaut\"}]},{\"@type\":\"WebSite\",\"@id\":\"https:\/\/www.ifg.gr\/#website\",\"url\":\"https:\/\/www.ifg.gr\/\",\"name\":\"IFG\",\"description\":\"\",\"potentialAction\":[{\"@type\":\"SearchAction\",\"target\":{\"@type\":\"EntryPoint\",\"urlTemplate\":\"https:\/\/www.ifg.gr\/?s={search_term_string}\"},\"query-input\":{\"@type\":\"PropertyValueSpecification\",\"valueRequired\":true,\"valueName\":\"search_term_string\"}}],\"inLanguage\":\"fr-FR\"}]}<\/script>\n<!-- \/ Yoast SEO plugin. -->","yoast_head_json":{"title":"6e Festival Plein-Air du film fran\u00e7ais : Vivement Dimanche !","description":"Avec Fanny Ardant et Jean-Louis Trintignant. Jardins de l'\u00c9cole fran\u00e7aise d'Ath\u00e8nes. Entr\u00e9e libre.","robots":{"index":"index","follow":"follow","max-snippet":"max-snippet:-1","max-image-preview":"max-image-preview:large","max-video-preview":"max-video-preview:-1"},"canonical":"https:\/\/www.ifg.gr\/events\/plein-air-oposdipote-tin-kyriaki\/","og_locale":"fr_FR","og_type":"article","og_title":"6e Festival Plein-Air du film fran\u00e7ais : Vivement Dimanche !","og_description":"Avec Fanny Ardant et Jean-Louis Trintignant. Jardins de l'\u00c9cole fran\u00e7aise d'Ath\u00e8nes. Entr\u00e9e libre.","og_url":"https:\/\/www.ifg.gr\/events\/plein-air-oposdipote-tin-kyriaki\/","og_site_name":"IFG","article_modified_time":"2022-07-15T08:49:27+00:00","og_image":[{"width":1200,"height":720,"url":"https:\/\/www.ifg.gr\/wp-content\/uploads\/2022\/07\/vivement-dimanche-miroir.jpg","type":"image\/jpeg"}],"twitter_card":"summary_large_image","twitter_misc":{"Dur\u00e9e de lecture estim\u00e9e":"2 minutes"},"schema":{"@context":"https:\/\/schema.org","@graph":[{"@type":"WebPage","@id":"https:\/\/www.ifg.gr\/events\/plein-air-oposdipote-tin-kyriaki\/","url":"https:\/\/www.ifg.gr\/events\/plein-air-oposdipote-tin-kyriaki\/","name":"6e Festival Plein-Air du film fran\u00e7ais : Vivement Dimanche !","isPartOf":{"@id":"https:\/\/www.ifg.gr\/#website"},"primaryImageOfPage":{"@id":"https:\/\/www.ifg.gr\/events\/plein-air-oposdipote-tin-kyriaki\/#primaryimage"},"image":{"@id":"https:\/\/www.ifg.gr\/events\/plein-air-oposdipote-tin-kyriaki\/#primaryimage"},"thumbnailUrl":"https:\/\/www.ifg.gr\/wp-content\/uploads\/2022\/07\/vivement-dimanche-miroir.jpg","datePublished":"2022-07-08T12:05:37+00:00","dateModified":"2022-07-15T08:49:27+00:00","description":"Avec Fanny Ardant et Jean-Louis Trintignant. Jardins de l'\u00c9cole fran\u00e7aise d'Ath\u00e8nes. Entr\u00e9e libre.","breadcrumb":{"@id":"https:\/\/www.ifg.gr\/events\/plein-air-oposdipote-tin-kyriaki\/#breadcrumb"},"inLanguage":"fr-FR","potentialAction":[{"@type":"ReadAction","target":["https:\/\/www.ifg.gr\/events\/plein-air-oposdipote-tin-kyriaki\/"]}]},{"@type":"ImageObject","inLanguage":"fr-FR","@id":"https:\/\/www.ifg.gr\/events\/plein-air-oposdipote-tin-kyriaki\/#primaryimage","url":"https:\/\/www.ifg.gr\/wp-content\/uploads\/2022\/07\/vivement-dimanche-miroir.jpg","contentUrl":"https:\/\/www.ifg.gr\/wp-content\/uploads\/2022\/07\/vivement-dimanche-miroir.jpg","width":1200,"height":720},{"@type":"BreadcrumbList","@id":"https:\/\/www.ifg.gr\/events\/plein-air-oposdipote-tin-kyriaki\/#breadcrumb","itemListElement":[{"@type":"ListItem","position":1,"name":"Home","item":"https:\/\/www.ifg.gr\/fr\/"},{"@type":"ListItem","position":2,"name":"Events","item":"https:\/\/www.ifg.gr\/events\/"},{"@type":"ListItem","position":3,"name":"6e Festival Plein-Air du film fran\u00e7ais : Vivement Dimanche !, de Fran\u00e7ois Truffaut"}]},{"@type":"WebSite","@id":"https:\/\/www.ifg.gr\/#website","url":"https:\/\/www.ifg.gr\/","name":"IFG","description":"","potentialAction":[{"@type":"SearchAction","target":{"@type":"EntryPoint","urlTemplate":"https:\/\/www.ifg.gr\/?s={search_term_string}"},"query-input":{"@type":"PropertyValueSpecification","valueRequired":true,"valueName":"search_term_string"}}],"inLanguage":"fr-FR"}]}},"_links":{"self":[{"href":"https:\/\/www.ifg.gr\/fr\/wp-json\/wp\/v2\/event\/45923","targetHints":{"allow":["GET"]}}],"collection":[{"href":"https:\/\/www.ifg.gr\/fr\/wp-json\/wp\/v2\/event"}],"about":[{"href":"https:\/\/www.ifg.gr\/fr\/wp-json\/wp\/v2\/types\/event"}],"author":[{"embeddable":true,"href":"https:\/\/www.ifg.gr\/fr\/wp-json\/wp\/v2\/users\/1"}],"version-history":[{"count":0,"href":"https:\/\/www.ifg.gr\/fr\/wp-json\/wp\/v2\/event\/45923\/revisions"}],"wp:featuredmedia":[{"embeddable":true,"href":"https:\/\/www.ifg.gr\/fr\/wp-json\/wp\/v2\/media\/45921"}],"wp:attachment":[{"href":"https:\/\/www.ifg.gr\/fr\/wp-json\/wp\/v2\/media?parent=45923"}],"wp:term":[{"taxonomy":"post_tag","embeddable":true,"href":"https:\/\/www.ifg.gr\/fr\/wp-json\/wp\/v2\/tags?post=45923"},{"taxonomy":"event_category","embeddable":true,"href":"https:\/\/www.ifg.gr\/fr\/wp-json\/wp\/v2\/event_category?post=45923"},{"taxonomy":"event_group","embeddable":true,"href":"https:\/\/www.ifg.gr\/fr\/wp-json\/wp\/v2\/event_group?post=45923"}],"curies":[{"name":"wp","href":"https:\/\/api.w.org\/{rel}","templated":true}]}}