{"id":46097,"date":"2022-07-21T12:23:16","date_gmt":"2022-07-21T12:23:16","guid":{"rendered":"https:\/\/www.ifg.gr\/?post_type=event&#038;p=46097"},"modified":"2022-07-21T12:23:16","modified_gmt":"2022-07-21T12:23:16","slug":"mif-playlist-08-2022","status":"publish","type":"event","link":"https:\/\/www.ifg.gr\/fr\/events\/mif-playlist-08-2022\/","title":{"rendered":"MIF Playlist 08\/2022"},"content":{"rendered":"<p><strong>Chaque mois, une nouvelle <\/strong><a href=\"https:\/\/www.ifg.gr\/fr\/tag\/mif-fr\/\" target=\"_blank\" rel=\"noopener\">playlist MIF<\/a> (Musique Ind\u00e9pendante Francophone) pr\u00e9sente <strong>une s\u00e9lection de musique d\u2019artistes ind\u00e9pendants, groupes et labels de France<\/strong> ainsi que des <strong>nouveaut\u00e9s francophones<\/strong> d\u2019autres pays.<\/p>\n<p><a href=\"https:\/\/www.costasandreou.com\" target=\"_blank\" rel=\"noopener noreferrer\">Costas Andreou<\/a> signe la programmation musicale, avec chaque playlist MIF proposant des genres musicaux diff\u00e9rents et organis\u00e9e de telle mani\u00e8re que le public puisse approfondir l\u2019\u00e9coute des morceaux qui l\u2019int\u00e9ressent.<\/p>\n<p>Chaque morceau de la playlist a un lien dirigeant vers l\u2019album complet, tel qu\u2019il est disponible sur la plateforme Bandcamp, pour l\u2019achat du morceau ou de l\u2019album dans lequel il est inclus.<\/p>\n<h3>MIF Playlist 8 \/ ao\u00fbt 2022<\/h3>\n<p><strong>Docile<\/strong><br \/>\nF\u00e9minit\u00e9<\/p>\n<p><iframe style=\"border: 0; width: 100%; height: 120px;\" src=\"https:\/\/bandcamp.com\/EmbeddedPlayer\/track=3568513987\/size=large\/bgcol=ffffff\/linkcol=0687f5\/tracklist=false\/artwork=small\/transparent=true\/\" seamless=\"\"><a href=\"https:\/\/docile1.bandcamp.com\/track\/f-minit\">F\u00e9minit\u00e9 by Docile<\/a><\/iframe><br \/>\nSous le pseudonyme Docile, l\u2019artiste originaire de Marseille, \u00e9crit et compose des chansons pop en fran\u00e7ais aux arrangements synth et \u00e9lectro. Sa chanson intitul\u00e9e F\u00e9minit\u00e9 parue le 17 juin 2022, port\u00e9e par sa voix expressive et sensible, est une ode \u00e0 la femme.<\/p>\n<p><a href=\"https:\/\/docile1.bandcamp.com\" target=\"_blank\" rel=\"noopener\">https:\/\/docile1.bandcamp.com<\/a><\/p>\n<p>&nbsp;<\/p>\n<p><strong>Anne Paceo<\/strong><br \/>\nPiel<\/p>\n<p><iframe style=\"border: 0; width: 100%; height: 120px;\" src=\"https:\/\/bandcamp.com\/EmbeddedPlayer\/album=1243939459\/size=large\/bgcol=ffffff\/linkcol=0687f5\/tracklist=false\/artwork=small\/track=4020927574\/transparent=true\/\" seamless=\"\"><a href=\"https:\/\/jusqualanuit.bandcamp.com\/album\/s-h-a-m-a-n-e-s\">S.H.A.M.A.N.E.S by ANNE PACEO<\/a><\/iframe><br \/>\nLa batteuse, chanteuse et compositrice parisienne Anne Paceo, compose des morceaux contemporains, m\u00ealant les voix f\u00e9minines au rythme des percussions et \u00e0 de nombreuses influences modernes. L\u2019album S.H.A.M.A.N.E.S sorti le 25 mars 2022 comprend 11 compositions aux accents jazz. Pour cet enregistrement elle (batterie, voix, kamele n\u2019goni) est entour\u00e9e d\u2019Isabel Sorling (voix), Marion Rampal (voix), Christophe Panzani (saxophones, clarinette basse), Tony Paeleman (claviers) et de Benjamin Flament (m\u00e9tallophone, batterie).<\/p>\n<p><a href=\"https:\/\/jusqualanuit.bandcamp.com\" target=\"_blank\" rel=\"noopener\">https:\/\/jusqualanuit.bandcamp.com<\/a><br \/>\n<a href=\"https:\/\/www.annepaceo.com\" target=\"_blank\" rel=\"noopener\">https:\/\/www.annepaceo.com<\/a><\/p>\n<p>&nbsp;<\/p>\n<p><strong>Flavie Dufour<\/strong><br \/>\nPh\u00e9romones<\/p>\n<p><iframe style=\"border: 0; width: 100%; height: 120px;\" src=\"https:\/\/bandcamp.com\/EmbeddedPlayer\/album=2057988450\/size=large\/bgcol=ffffff\/linkcol=0687f5\/tracklist=false\/artwork=small\/track=1553059668\/transparent=true\/\" seamless=\"\"><a href=\"https:\/\/flaviedufour.bandcamp.com\/album\/clair-de-femme\">Clair de femme by Flavie Dufour<\/a><\/iframe><br \/>\nLa chanteuse et compositrice originaire du Qu\u00e9bec, Flavie Dufour \u00e9crit et compose des chansons m\u00ealant la po\u00e9sie et le conte aux musiques du monde. Le livre-disque Clair de femme paru le 16 octobre 2019 est compos\u00e9 de 11 morceaux acoustiques teint\u00e9s de folk. \u00c0 la fois \u00e0 l\u2019origine des textes, \u00e0 l\u2019interpr\u00e9tation, aux r\u00e9cit et \u00e0 l\u2019accord\u00e9on, elle est entour\u00e9e pour cette production d\u2019Olivier Garand (contrebasse), Sheldon Miles Grenier (guitare) et d\u2019Emmanuel Cormier Cotnoir (percussion vocale).<\/p>\n<p><a href=\"https:\/\/flaviedufour.bandcamp.com\" target=\"_blank\" rel=\"noopener\">https:\/\/flaviedufour.bandcamp.com<\/a><br \/>\n<a href=\"https:\/\/flaviedufour.com\" target=\"_blank\" rel=\"noopener\">https:\/\/flaviedufour.com<\/a><\/p>\n<p>&nbsp;<\/p>\n<p><strong>Camille Florence<\/strong><br \/>\nSonge<\/p>\n<p><iframe style=\"border: 0; width: 100%; height: 120px;\" src=\"https:\/\/bandcamp.com\/EmbeddedPlayer\/album=835485097\/size=large\/bgcol=ffffff\/linkcol=0687f5\/tracklist=false\/artwork=small\/track=3115337830\/transparent=true\/\" seamless=\"\"><a href=\"https:\/\/camilleflorence.bandcamp.com\/album\/songe\">SONGE by Camille Florence<\/a><\/iframe><br \/>\nLa musicienne toulousaine Camille Florence \u00e9crit et compose des chansons soul en fran\u00e7ais, aux accents r&amp;b et pop. L\u2019album SONGE paru le 30 mai 2018 comprend 7 chansons qu\u2019elle a \u00e9crites et compos\u00e9es. Les arrangements m\u00ealent influences jazz et ambiance trip hop.<\/p>\n<p><a href=\"https:\/\/camilleflorence.bandcamp.com\" target=\"_blank\" rel=\"noopener\">https:\/\/camilleflorence.bandcamp.com<\/a><br \/>\n<a href=\"https:\/\/camilleflorence.fr\" target=\"_blank\" rel=\"noopener\">https:\/\/camilleflorence.fr<\/a><\/p>\n<p>&nbsp;<\/p>\n<p><strong>Selene Saint-Aime<\/strong><br \/>\nM\u00e9lisande (\u00e0 mamie Jacqueline)<\/p>\n<p><iframe style=\"border: 0; width: 100%; height: 120px;\" src=\"https:\/\/bandcamp.com\/EmbeddedPlayer\/album=3819236029\/size=large\/bgcol=ffffff\/linkcol=0687f5\/tracklist=false\/artwork=small\/track=3654764693\/transparent=true\/\" seamless=\"\"><a href=\"https:\/\/selenesaint-aime.bandcamp.com\/album\/potomitan\">POTOMITAN by Selene Saint-Aime<\/a><\/iframe><br \/>\nS\u00e9l\u00e8ne Saint-Aim\u00e9 est une contrebassiste, chanteuse et compositrice d&rsquo;origine carib\u00e9enne et ouest-africaine. Son album POTOMITAN paru le 25 mars 2022 comprend 11 titres inspir\u00e9s de l\u2019histoire de sa famille, de ses souvenirs d\u2019enfance et de la force des femmes antillaises. Pour cet enregistrement elle est entour\u00e9e d\u2019un ensemble de musiciens d\u2019exception : Irving Acao (saxophone t\u00e9nor), Hermon Mehari (trompette), Mathias Levy (violon), Guillaume Latil (violoncelle), Sonny Troupe (tambour ka et batterie) et Boris Reine Adelaide (tambour b\u00e8l\u00e8).<\/p>\n<p><a href=\"https:\/\/selenesaint-aime.bandcamp.com\" target=\"_blank\" rel=\"noopener\">https:\/\/selenesaint-aime.bandcamp.com<\/a><br \/>\n<a href=\"https:\/\/www.selenesaintaime.com\" target=\"_blank\" rel=\"noopener\">https:\/\/www.selenesaintaime.com<\/a><\/p>\n<p>&nbsp;<\/p>\n<p><strong>Pigments &amp; The clarinet choir<\/strong><br \/>\nLe vent<\/p>\n<p><iframe style=\"border: 0; width: 100%; height: 120px;\" src=\"https:\/\/bandcamp.com\/EmbeddedPlayer\/album=821135427\/size=large\/bgcol=ffffff\/linkcol=0687f5\/tracklist=false\/artwork=small\/track=3583595067\/transparent=true\/\" seamless=\"\"><a href=\"https:\/\/yolkrecords.bandcamp.com\/album\/leon-gontran-damass-jazz-poetry\">Leon-Gontran Damas&rsquo;s Jazz Poetry by Pigments &amp; The clarinet choir<\/a><\/iframe><br \/>\nLe pianiste et compositeur Guillaume Hazebrouck est \u00e0 l\u2019origine du projet PIGMENTS &amp; The Clarinet Choir, fusion po\u00e9tique et musicale. Le sextet r\u00e9unit une orchestration atypique autour de la pr\u00e9sence charismatique du slameur Nina Kibuanda, associant la libert\u00e9 du jazz \u00e0 la fra\u00eecheur du hip hop. L\u2019album compos\u00e9 de 13 titres est paru le 17 juin 2022.<\/p>\n<p><a href=\"https:\/\/yolkrecords.bandcamp.com\/album\/leon-gontran-damass-jazz-poetry\" target=\"_blank\" rel=\"noopener\">https:\/\/yolkrecords.bandcamp.com\/album\/leon-gontran-damass-jazz-poetry<\/a><\/p>\n<p>&nbsp;<\/p>\n<p><strong>L&rsquo;orchestre en carton<\/strong><br \/>\nGoutte<\/p>\n<p><iframe style=\"border: 0; width: 100%; height: 120px;\" src=\"https:\/\/bandcamp.com\/EmbeddedPlayer\/album=461314227\/size=large\/bgcol=ffffff\/linkcol=0687f5\/tracklist=false\/artwork=small\/track=2005488485\/transparent=true\/\" seamless=\"\"><a href=\"https:\/\/gigantonium.bandcamp.com\/album\/lorchestre-en-carton-mue-et-remue\">L&rsquo;orchestre en carton &#8211; Mue et Remue by L&rsquo;orchestre en carton<\/a><\/iframe><br \/>\nLe trio L&rsquo;orchestre en carton est compos\u00e9 de Camille Secheppet (composition, saxophone alto), Marc Maffiolo (saxophone basse) et Alexandre Piques (batterie). L\u2019album Mue et Remue paru le 22 juin 2021 comprend 10 morceaux dynamiques aux accents jazz, afro et alternatifs.<\/p>\n<p><a href=\"https:\/\/gigantonium.bandcamp.com\/album\/lorchestre-en-carton-mue-et-remue\" target=\"_blank\" rel=\"noopener\">https:\/\/gigantonium.bandcamp.com\/album\/lorchestre-en-carton-mue-et-remue<\/a><\/p>\n<p>&nbsp;<\/p>\n<p><strong>Underground Canopy<\/strong><br \/>\nCr\u00e9puscule<\/p>\n<p><iframe style=\"border: 0; width: 100%; height: 120px;\" src=\"https:\/\/bandcamp.com\/EmbeddedPlayer\/album=1287862761\/size=large\/bgcol=ffffff\/linkcol=0687f5\/tracklist=false\/artwork=small\/track=957548751\/transparent=true\/\" seamless=\"\"><a href=\"https:\/\/menaceparis.bandcamp.com\/album\/s-quences\">S\u00e9quences by Underground Canopy<\/a><\/iframe><br \/>\nLe groupe Underground Canopy, compos\u00e9 de Warren Dongu\u00e9 (basse), Rapha\u00ebl Henry (batterie), J\u00e9r\u00e9my Talon (guitare \u00e9lectrique), Jonathan Ar\u00e9na (claviers, synth\u00e9tiseur), Necky Gomis (trompette) et Christopher Johnson (guitare \u00e9lectrique) m\u00eale la nu jazz aux sons \u00e9lectro et exp\u00e9rimentaux. L\u2019album S\u00e9quences paru le 1er juillet 2022, comprend 5 titres marqu\u00e9s par l\u2019\u00e9nergie des rythmes et des couleurs.<\/p>\n<p><a href=\"https:\/\/menaceparis.bandcamp.com\/album\/s-quences\" target=\"_blank\" rel=\"noopener\">https:\/\/menaceparis.bandcamp.com\/album\/s-quences<\/a><\/p>\n<p>&nbsp;<\/p>\n<p><strong>Ariane Racicot<\/strong><br \/>\nVertige<\/p>\n<p><iframe style=\"border: 0; width: 100%; height: 120px;\" src=\"https:\/\/bandcamp.com\/EmbeddedPlayer\/album=674506840\/size=large\/bgcol=ffffff\/linkcol=0687f5\/tracklist=false\/artwork=small\/track=3430275801\/transparent=true\/\" seamless=\"\"><a href=\"https:\/\/arianeracicot.bandcamp.com\/album\/envol-e\">Envol\u00e9e by Ariane Racicot<\/a><\/iframe><br \/>\nAriane Racicot est une pianiste de jazz montr\u00e9alaise. Son album Envol\u00e9e sorti le 6 mai 2022 comprend 5 compositions originales qui m\u00e9langent le jazz contemporain au jazz fusion et aux styles m\u00e9tal et rock progressif. Pour cet enregistrement elle est entour\u00e9e d\u2019Antoine Rochefort (basse \u00e9lectrique), Guillaume Picard (batterie) et de Martin Plante (batterie).<\/p>\n<p><a href=\"https:\/\/arianeracicot.bandcamp.com\/album\/envol-e\" target=\"_blank\" rel=\"noopener\">https:\/\/arianeracicot.bandcamp.com\/album\/envol-e<\/a><br \/>\n<a href=\"https:\/\/www.arianeracicot.com\" target=\"_blank\" rel=\"noopener\">https:\/\/www.arianeracicot.com<\/a><\/p>\n<p>&nbsp;<\/p>\n<p><strong>Laurent Bardainne &amp; Tigre d&rsquo;Eau Douce<\/strong><br \/>\nJou En Nou Riv\u00e9 Feat. C\u00e9lia Wa<\/p>\n<p><iframe style=\"border: 0; width: 100%; height: 120px;\" src=\"https:\/\/bandcamp.com\/EmbeddedPlayer\/album=774211277\/size=large\/bgcol=ffffff\/linkcol=0687f5\/tracklist=false\/artwork=small\/track=848971632\/transparent=true\/\" seamless=\"\"><a href=\"https:\/\/laurentbardainnetigredeaudouce.bandcamp.com\/album\/hymne-au-soleil\">Hymne au Soleil by Laurent Bardainne &amp; Tigre d&rsquo;Eau Douce<\/a><\/iframe><br \/>\nBas\u00e9 \u00e0 Paris, Laurent Bardainne (saxophone t\u00e9nor, synth\u00e9tiseur) est \u00e0 la t\u00eate du groupe jazz soul form\u00e9 par Arnaud Roulin (orgue Hammond, synth\u00e9tiseur), Sylvain Daniel (basse), Philippe Gleizes (batterie) et Roger Raspail (percussions). L\u2019album Hymne au Soleil sorti le 28 janvier 2022 comprend 11 morceaux m\u00e9lodiques teint\u00e9s de jazz, de rythmes africains et d\u2019un groove puissant.<\/p>\n<p><a href=\"https:\/\/laurentbardainnetigredeaudouce.bandcamp.com\" target=\"_blank\" rel=\"noopener\">https:\/\/laurentbardainnetigredeaudouce.bandcamp.com<\/a><\/p>\n<p>&nbsp;<\/p>\n<p><strong>V\u00e9ronique Bilodeau<\/strong><br \/>\nReste avec moi<\/p>\n<p><iframe style=\"border: 0; width: 100%; height: 120px;\" src=\"https:\/\/bandcamp.com\/EmbeddedPlayer\/album=3501238340\/size=large\/bgcol=ffffff\/linkcol=0687f5\/tracklist=false\/artwork=small\/track=2688580799\/transparent=true\/\" seamless=\"\"><a href=\"https:\/\/veroniquebilodeau.bandcamp.com\/album\/juste-avant-la-nuit\">Juste avant la nuit by V\u00e9ronique Bilodeau<\/a><\/iframe><br \/>\nV\u00e9ronique Bilodeau cr\u00e9e des chansons pop en fran\u00e7ais, port\u00e9es par sa voix sensible et expressive. L\u2019album Juste avant la nuit paru le 27 mai 2022, comprend 5 morceaux originaux. Pour cet enregistrement elle chante et joue au piano accompagn\u00e9e par les musiciens Vincent Gendron (guitares), Vincent Yelle (basse), Cory Lalonde (batterie), Fr\u00e9d\u00e9ric Levac (basse synth\u00e9tique), Rosie Valland (synth\u00e9tiseurs, programmation) et Blaise Borbo\u00ebn-Leonard (cordes).<\/p>\n<p><a href=\"https:\/\/veroniquebilodeau.bandcamp.com\" target=\"_blank\" rel=\"noopener\">https:\/\/veroniquebilodeau.bandcamp.com<\/a><br \/>\n<a href=\"https:\/\/www.veroniquebilodeau.com\" target=\"_blank\" rel=\"noopener\">https:\/\/www.veroniquebilodeau.com<\/a><\/p>\n<p>&nbsp;<\/p>\n<p><strong>Salammb\u00f4<\/strong><br \/>\nFeuille Ciseaux<\/p>\n<p><iframe style=\"border: 0; width: 100%; height: 120px;\" src=\"https:\/\/bandcamp.com\/EmbeddedPlayer\/album=1858848555\/size=large\/bgcol=ffffff\/linkcol=0687f5\/tracklist=false\/artwork=small\/transparent=true\/\" seamless=\"\"><a href=\"https:\/\/salammbo.bandcamp.com\/album\/feuille-ciseaux\">Feuille Ciseaux by Salammb\u00f4<\/a><\/iframe><br \/>\nLa musique du groupe francilien Salammb\u00f4, est anim\u00e9e par un souffle folk et rock alternatif. Le morceau Feuille Ciseaux, paru le 20 juillet 2022, est repr\u00e9sentatif des sons et des harmonies du groupe, dans un jeu de contrastes.<\/p>\n<p><a href=\"https:\/\/salammbo.bandcamp.com\" target=\"_blank\" rel=\"noopener\">https:\/\/salammbo.bandcamp.com<\/a><\/p>\n<p>&nbsp;<\/p>\n<p><strong>Klo\u00e9 Lang<\/strong><br \/>\nLe mal de vivre<\/p>\n<p><iframe style=\"border: 0; width: 100%; height: 120px;\" src=\"https:\/\/bandcamp.com\/EmbeddedPlayer\/album=1717089422\/size=large\/bgcol=ffffff\/linkcol=0687f5\/tracklist=false\/artwork=small\/track=4106160833\/transparent=true\/\" seamless=\"\"><a href=\"https:\/\/kloelang.bandcamp.com\/album\/aimez-moi-lalbum\">Aimez Moi &#8211; L&rsquo;album by Klo\u00e9 Lang<\/a><\/iframe><br \/>\nArtiste franco-suisse, Klo\u00e9 Lang aime raconter des histoires \u00e0 travers ses chansons pop en fran\u00e7ais. Son album Aimez Moi paru le 18 mars 2022, comprend 11 morceaux. Au c\u0153ur de sa musique, il y a sa voix, les arrangements au piano, le son des cordes et d\u2019autres instruments qui compl\u00e8tent les compositions.<\/p>\n<p><a href=\"https:\/\/kloelang.bandcamp.com\" target=\"_blank\" rel=\"noopener\">https:\/\/kloelang.bandcamp.com<\/a><\/p>\n<p>&nbsp;<\/p>\n<p><strong>L\u00e9lius<\/strong><br \/>\nEspoirs fous<\/p>\n<p><iframe style=\"border: 0; width: 100%; height: 120px;\" src=\"https:\/\/bandcamp.com\/EmbeddedPlayer\/album=2055359153\/size=large\/bgcol=ffffff\/linkcol=0687f5\/tracklist=false\/artwork=small\/track=347195547\/transparent=true\/\" seamless=\"\"><a href=\"https:\/\/lelius.bandcamp.com\/album\/espoirs-fous\">Espoirs fous by L\u00e9lius<\/a><\/iframe><br \/>\nBas\u00e9 \u00e0 Paris, Jean-Michel Susini connu sous le pseudonyme L\u00e9lius, place le violon et sa voix au c\u0153ur de sa musique. L\u2019album Espoirs fous sorti le 2 juin 2022, comprend 4 titres qu\u2019il a \u00e9crits et compos\u00e9s. Les arrangements mettent en valeur le style alternatif de son jeu du violon.<\/p>\n<p><a href=\"https:\/\/lelius.bandcamp.com\" target=\"_blank\" rel=\"noopener\">https:\/\/lelius.bandcamp.com<\/a><\/p>\n<p>&nbsp;<\/p>\n<p><strong>Mam&rsquo;zelle Titou<\/strong><br \/>\nLe pr\u00e9sent<\/p>\n<p><iframe style=\"border: 0; width: 100%; height: 120px;\" src=\"https:\/\/bandcamp.com\/EmbeddedPlayer\/album=3440511618\/size=large\/bgcol=ffffff\/linkcol=0687f5\/tracklist=false\/artwork=small\/track=915501826\/transparent=true\/\" seamless=\"\"><a href=\"https:\/\/mamzelletitou.bandcamp.com\/album\/anima\">Anima by Mam&rsquo;zelle Titou<\/a><\/iframe><br \/>\nIsabelle Calvo, connue sous le pseudonyme Mam&rsquo;zelle Titou est une chanteuse et compositrice originaire de Lyon. Sa musique est un m\u00e9lange de jazz et d\u2019accents baroques. L\u2019album Anima paru le 19 juin 2022, est compos\u00e9 de 14 morceaux originaux. Au chant et aux percussions, elle est entour\u00e9e pour cet enregistrement de No\u00e9 B\u00e9caus (viole de gambe) et d\u2019Arnaud B\u00e9caus (piano), formant un trio harmonieux.<\/p>\n<p><a href=\"https:\/\/mamzelletitou.bandcamp.com\" target=\"_blank\" rel=\"noopener\">https:\/\/mamzelletitou.bandcamp.com<\/a><br \/>\n<a href=\"https:\/\/mamzelletitou.com\" target=\"_blank\" rel=\"noopener\">https:\/\/mamzelletitou.com<\/a><\/p>\n<p>&nbsp;<\/p>\n<p><strong>Duo Anthracite<\/strong><br \/>\nLa Valse D\u00e9bo\u00eetante<\/p>\n<p><iframe style=\"border: 0; width: 100%; height: 120px;\" src=\"https:\/\/bandcamp.com\/EmbeddedPlayer\/album=4077478105\/size=large\/bgcol=ffffff\/linkcol=0687f5\/tracklist=false\/artwork=small\/track=251256814\/transparent=true\/\" seamless=\"\"><a href=\"https:\/\/duoanthracite.bandcamp.com\/album\/et-qu-a-saute\">Et qu&rsquo;\u00e7a saute ! by Duo Anthracite<\/a><\/iframe><br \/>\nOriginaire de Lyon, le Duo Anthracite est compos\u00e9 de Fran\u00e7ois Doulay (accord\u00e9on diatonique, tambour oc\u00e9an) et de Lolita Pariaud (accord\u00e9on diatonique, stompbox). L\u2019album Et qu&rsquo;\u00e7a saute! sorti le 13 mai 2022, comprend 12 morceaux aux sonorit\u00e9s particuli\u00e8res de l\u2019accord\u00e9on, \u00e9troitement li\u00e9es aux musiques folk et world. Ils sont entour\u00e9s de Sylvie Rosay (violon) et d\u2019Etienne Thieffry (clarinette).<\/p>\n<p><a href=\"https:\/\/duoanthracite.bandcamp.com\" target=\"_blank\" rel=\"noopener\">https:\/\/duoanthracite.bandcamp.com<\/a><\/p>\n<p>&nbsp;<\/p>\n<p><strong>Benjamin Petit<\/strong><br \/>\nColchiques dans les pr\u00e9s<\/p>\n<p><iframe style=\"border: 0; width: 100%; height: 120px;\" src=\"https:\/\/bandcamp.com\/EmbeddedPlayer\/album=1395963434\/size=large\/bgcol=ffffff\/linkcol=0687f5\/tracklist=false\/artwork=small\/track=861583091\/transparent=true\/\" seamless=\"\"><a href=\"https:\/\/benjaminpetit.bandcamp.com\/album\/5-degr-s-sud\">5 degr\u00e9s Sud by Benjamin Petit<\/a><\/iframe><br \/>\nHabitu\u00e9 des sc\u00e8nes jazz et pop, le saxophoniste parisien Benjamin Petit, est \u00e0 l\u2019origine du groupe qui interpr\u00e8te ses cr\u00e9ations. Accompagn\u00e9 par Jerry Leonide (piano), Zacharie Abraham (contrebasse), Francis Arnaud (batterie), et Sylvain Gontard (bugle, trompette), il a compos\u00e9 les titres de l\u2019album 5 degr\u00e9s Sud sorti le 20 octobre 2017. Onze compositions originales qui \u00e9voquent la passion de Benjamin Petit pour l&rsquo;aviation, \u00e0 travers des arrangements jazz aux multiples variations et colorations sonores.<\/p>\n<p><a href=\"https:\/\/benjaminpetit.bandcamp.com\" target=\"_blank\" rel=\"noopener\">https:\/\/benjaminpetit.bandcamp.com<\/a><\/p>\n","protected":false},"excerpt":{"rendered":"<p>Chaque mois, une nouvelle playlist MIF (Musique Ind\u00e9pendante Francophone) pr\u00e9sente une s\u00e9lection de musique d\u2019artistes ind\u00e9pendants.<\/p>\n","protected":false},"author":1,"featured_media":46093,"template":"","tags":[954,956,981,993],"event_category":[984],"event_group":[],"class_list":["post-46097","event","type-event","status-publish","has-post-thumbnail","hentry","tag-mif-fr","tag-playlist-fr","tag-musique-independante-francophone-fr","tag-musique-independante-francophone-fr-2","event_category-musique"],"acf":{"sponsors_default":false,"featured_image_credits":"","info_title":"","info_text":"","date_range":{"start":"01\/08\/2022","end":"","cancelled":false,"note":"","start_time":"","end_time":""},"details":{"location":"","hyperlink1a":{"text":"","link":""},"price":"","hyperlink2a":{"text":"","link":""},"online_event":false,"live_streaming":false,"live_streaming_code":"","facebook_url":"","hyperlink":{"text":"D\u00e9couvrez la playlist sur YouTube","link":"https:\/\/www.youtube.com\/playlist?list=PLNKgb6skYnUTTsG4ShtpraFk3oGBFXgmT"},"hyperlink2":{"text":"D\u00e9couvrez la playlist sur Spotify","link":"https:\/\/open.spotify.com\/playlist\/7xpAUrNeAfVRvpFpv3DIsT"},"hyperlink3":{"text":"","link":""},"press_release":false},"home_slider_image":false,"sponsors_group":false,"layout":false},"yoast_head":"<!-- This site is optimized with the Yoast SEO plugin v26.8 - https:\/\/yoast.com\/product\/yoast-seo-wordpress\/ -->\n<title>MIF Playlist 08\/2022 - Musique Ind\u00e9pendante Francophone<\/title>\n<meta name=\"description\" content=\"Chaque mois, une nouvelle playlist MIF (Musique Ind\u00e9pendante Francophone) pr\u00e9sente une s\u00e9lection de musique d\u2019artistes ind\u00e9pendants.\" \/>\n<meta name=\"robots\" content=\"index, follow, max-snippet:-1, max-image-preview:large, max-video-preview:-1\" \/>\n<link rel=\"canonical\" href=\"https:\/\/www.ifg.gr\/fr\/events\/mif-playlist-08-2022\/\" \/>\n<meta property=\"og:locale\" content=\"fr_FR\" \/>\n<meta property=\"og:type\" content=\"article\" \/>\n<meta property=\"og:title\" content=\"MIF Playlist 08\/2022 - Musique Ind\u00e9pendante Francophone\" \/>\n<meta property=\"og:description\" content=\"Chaque mois, une nouvelle playlist MIF (Musique Ind\u00e9pendante Francophone) pr\u00e9sente une s\u00e9lection de musique d\u2019artistes ind\u00e9pendants.\" \/>\n<meta property=\"og:url\" content=\"https:\/\/www.ifg.gr\/fr\/events\/mif-playlist-08-2022\/\" \/>\n<meta property=\"og:site_name\" content=\"IFG\" \/>\n<meta property=\"og:image\" content=\"https:\/\/www.ifg.gr\/wp-content\/uploads\/2022\/07\/MIF-Banner-2-08-2022.jpg\" \/>\n\t<meta property=\"og:image:width\" content=\"1350\" \/>\n\t<meta property=\"og:image:height\" content=\"800\" \/>\n\t<meta property=\"og:image:type\" content=\"image\/jpeg\" \/>\n<meta name=\"twitter:card\" content=\"summary_large_image\" \/>\n<meta name=\"twitter:label1\" content=\"Dur\u00e9e de lecture estim\u00e9e\" \/>\n\t<meta name=\"twitter:data1\" content=\"6 minutes\" \/>\n<script type=\"application\/ld+json\" class=\"yoast-schema-graph\">{\"@context\":\"https:\/\/schema.org\",\"@graph\":[{\"@type\":\"WebPage\",\"@id\":\"https:\/\/www.ifg.gr\/fr\/events\/mif-playlist-08-2022\/\",\"url\":\"https:\/\/www.ifg.gr\/fr\/events\/mif-playlist-08-2022\/\",\"name\":\"MIF Playlist 08\/2022 - Musique Ind\u00e9pendante Francophone\",\"isPartOf\":{\"@id\":\"https:\/\/www.ifg.gr\/#website\"},\"primaryImageOfPage\":{\"@id\":\"https:\/\/www.ifg.gr\/fr\/events\/mif-playlist-08-2022\/#primaryimage\"},\"image\":{\"@id\":\"https:\/\/www.ifg.gr\/fr\/events\/mif-playlist-08-2022\/#primaryimage\"},\"thumbnailUrl\":\"https:\/\/www.ifg.gr\/wp-content\/uploads\/2022\/07\/MIF-Banner-2-08-2022.jpg\",\"datePublished\":\"2022-07-21T12:23:16+00:00\",\"description\":\"Chaque mois, une nouvelle playlist MIF (Musique Ind\u00e9pendante Francophone) pr\u00e9sente une s\u00e9lection de musique d\u2019artistes ind\u00e9pendants.\",\"breadcrumb\":{\"@id\":\"https:\/\/www.ifg.gr\/fr\/events\/mif-playlist-08-2022\/#breadcrumb\"},\"inLanguage\":\"fr-FR\",\"potentialAction\":[{\"@type\":\"ReadAction\",\"target\":[\"https:\/\/www.ifg.gr\/fr\/events\/mif-playlist-08-2022\/\"]}]},{\"@type\":\"ImageObject\",\"inLanguage\":\"fr-FR\",\"@id\":\"https:\/\/www.ifg.gr\/fr\/events\/mif-playlist-08-2022\/#primaryimage\",\"url\":\"https:\/\/www.ifg.gr\/wp-content\/uploads\/2022\/07\/MIF-Banner-2-08-2022.jpg\",\"contentUrl\":\"https:\/\/www.ifg.gr\/wp-content\/uploads\/2022\/07\/MIF-Banner-2-08-2022.jpg\",\"width\":1350,\"height\":800},{\"@type\":\"BreadcrumbList\",\"@id\":\"https:\/\/www.ifg.gr\/fr\/events\/mif-playlist-08-2022\/#breadcrumb\",\"itemListElement\":[{\"@type\":\"ListItem\",\"position\":1,\"name\":\"Home\",\"item\":\"https:\/\/www.ifg.gr\/fr\/\"},{\"@type\":\"ListItem\",\"position\":2,\"name\":\"Events\",\"item\":\"https:\/\/www.ifg.gr\/events\/\"},{\"@type\":\"ListItem\",\"position\":3,\"name\":\"MIF Playlist 08\/2022\"}]},{\"@type\":\"WebSite\",\"@id\":\"https:\/\/www.ifg.gr\/#website\",\"url\":\"https:\/\/www.ifg.gr\/\",\"name\":\"IFG\",\"description\":\"\",\"potentialAction\":[{\"@type\":\"SearchAction\",\"target\":{\"@type\":\"EntryPoint\",\"urlTemplate\":\"https:\/\/www.ifg.gr\/?s={search_term_string}\"},\"query-input\":{\"@type\":\"PropertyValueSpecification\",\"valueRequired\":true,\"valueName\":\"search_term_string\"}}],\"inLanguage\":\"fr-FR\"}]}<\/script>\n<!-- \/ Yoast SEO plugin. -->","yoast_head_json":{"title":"MIF Playlist 08\/2022 - Musique Ind\u00e9pendante Francophone","description":"Chaque mois, une nouvelle playlist MIF (Musique Ind\u00e9pendante Francophone) pr\u00e9sente une s\u00e9lection de musique d\u2019artistes ind\u00e9pendants.","robots":{"index":"index","follow":"follow","max-snippet":"max-snippet:-1","max-image-preview":"max-image-preview:large","max-video-preview":"max-video-preview:-1"},"canonical":"https:\/\/www.ifg.gr\/fr\/events\/mif-playlist-08-2022\/","og_locale":"fr_FR","og_type":"article","og_title":"MIF Playlist 08\/2022 - Musique Ind\u00e9pendante Francophone","og_description":"Chaque mois, une nouvelle playlist MIF (Musique Ind\u00e9pendante Francophone) pr\u00e9sente une s\u00e9lection de musique d\u2019artistes ind\u00e9pendants.","og_url":"https:\/\/www.ifg.gr\/fr\/events\/mif-playlist-08-2022\/","og_site_name":"IFG","og_image":[{"width":1350,"height":800,"url":"https:\/\/www.ifg.gr\/wp-content\/uploads\/2022\/07\/MIF-Banner-2-08-2022.jpg","type":"image\/jpeg"}],"twitter_card":"summary_large_image","twitter_misc":{"Dur\u00e9e de lecture estim\u00e9e":"6 minutes"},"schema":{"@context":"https:\/\/schema.org","@graph":[{"@type":"WebPage","@id":"https:\/\/www.ifg.gr\/fr\/events\/mif-playlist-08-2022\/","url":"https:\/\/www.ifg.gr\/fr\/events\/mif-playlist-08-2022\/","name":"MIF Playlist 08\/2022 - Musique Ind\u00e9pendante Francophone","isPartOf":{"@id":"https:\/\/www.ifg.gr\/#website"},"primaryImageOfPage":{"@id":"https:\/\/www.ifg.gr\/fr\/events\/mif-playlist-08-2022\/#primaryimage"},"image":{"@id":"https:\/\/www.ifg.gr\/fr\/events\/mif-playlist-08-2022\/#primaryimage"},"thumbnailUrl":"https:\/\/www.ifg.gr\/wp-content\/uploads\/2022\/07\/MIF-Banner-2-08-2022.jpg","datePublished":"2022-07-21T12:23:16+00:00","description":"Chaque mois, une nouvelle playlist MIF (Musique Ind\u00e9pendante Francophone) pr\u00e9sente une s\u00e9lection de musique d\u2019artistes ind\u00e9pendants.","breadcrumb":{"@id":"https:\/\/www.ifg.gr\/fr\/events\/mif-playlist-08-2022\/#breadcrumb"},"inLanguage":"fr-FR","potentialAction":[{"@type":"ReadAction","target":["https:\/\/www.ifg.gr\/fr\/events\/mif-playlist-08-2022\/"]}]},{"@type":"ImageObject","inLanguage":"fr-FR","@id":"https:\/\/www.ifg.gr\/fr\/events\/mif-playlist-08-2022\/#primaryimage","url":"https:\/\/www.ifg.gr\/wp-content\/uploads\/2022\/07\/MIF-Banner-2-08-2022.jpg","contentUrl":"https:\/\/www.ifg.gr\/wp-content\/uploads\/2022\/07\/MIF-Banner-2-08-2022.jpg","width":1350,"height":800},{"@type":"BreadcrumbList","@id":"https:\/\/www.ifg.gr\/fr\/events\/mif-playlist-08-2022\/#breadcrumb","itemListElement":[{"@type":"ListItem","position":1,"name":"Home","item":"https:\/\/www.ifg.gr\/fr\/"},{"@type":"ListItem","position":2,"name":"Events","item":"https:\/\/www.ifg.gr\/events\/"},{"@type":"ListItem","position":3,"name":"MIF Playlist 08\/2022"}]},{"@type":"WebSite","@id":"https:\/\/www.ifg.gr\/#website","url":"https:\/\/www.ifg.gr\/","name":"IFG","description":"","potentialAction":[{"@type":"SearchAction","target":{"@type":"EntryPoint","urlTemplate":"https:\/\/www.ifg.gr\/?s={search_term_string}"},"query-input":{"@type":"PropertyValueSpecification","valueRequired":true,"valueName":"search_term_string"}}],"inLanguage":"fr-FR"}]}},"_links":{"self":[{"href":"https:\/\/www.ifg.gr\/fr\/wp-json\/wp\/v2\/event\/46097","targetHints":{"allow":["GET"]}}],"collection":[{"href":"https:\/\/www.ifg.gr\/fr\/wp-json\/wp\/v2\/event"}],"about":[{"href":"https:\/\/www.ifg.gr\/fr\/wp-json\/wp\/v2\/types\/event"}],"author":[{"embeddable":true,"href":"https:\/\/www.ifg.gr\/fr\/wp-json\/wp\/v2\/users\/1"}],"version-history":[{"count":0,"href":"https:\/\/www.ifg.gr\/fr\/wp-json\/wp\/v2\/event\/46097\/revisions"}],"wp:featuredmedia":[{"embeddable":true,"href":"https:\/\/www.ifg.gr\/fr\/wp-json\/wp\/v2\/media\/46093"}],"wp:attachment":[{"href":"https:\/\/www.ifg.gr\/fr\/wp-json\/wp\/v2\/media?parent=46097"}],"wp:term":[{"taxonomy":"post_tag","embeddable":true,"href":"https:\/\/www.ifg.gr\/fr\/wp-json\/wp\/v2\/tags?post=46097"},{"taxonomy":"event_category","embeddable":true,"href":"https:\/\/www.ifg.gr\/fr\/wp-json\/wp\/v2\/event_category?post=46097"},{"taxonomy":"event_group","embeddable":true,"href":"https:\/\/www.ifg.gr\/fr\/wp-json\/wp\/v2\/event_group?post=46097"}],"curies":[{"name":"wp","href":"https:\/\/api.w.org\/{rel}","templated":true}]}}