{"id":46297,"date":"2022-08-31T10:05:18","date_gmt":"2022-08-31T10:05:18","guid":{"rendered":"https:\/\/www.ifg.gr\/events\/ouranos-epistimi-mousiki-logotechnia\/"},"modified":"2022-09-01T06:46:33","modified_gmt":"2022-09-01T06:46:33","slug":"ciel-science-musique-litterature","status":"publish","type":"event","link":"https:\/\/www.ifg.gr\/fr\/events\/ciel-science-musique-litterature\/","title":{"rendered":"Le ciel \u00e0 travers la science, la musique et la litt\u00e9rature"},"content":{"rendered":"<p>\u00c0 l&rsquo;occasion du premier anniversaire de la mort de Mikis Theodorakis, le 2 septembre 2021, les <a href=\"https:\/\/www.cup.gr\/\" target=\"_blank\" rel=\"noopener\">Presses universitaires de Cr\u00e8te<\/a>, l&rsquo;<a href=\"https:\/\/www.ia.forth.gr\/\" target=\"_blank\" rel=\"noopener\">Institut d&rsquo;astrophysique de FORTH<\/a> et l&rsquo;<strong>Institut fran\u00e7ais de Gr\u00e8ce<\/strong> organisent \u00e0 <strong>H\u00e9raklion, en Cr\u00e8te<\/strong>, un \u00e9v\u00e8nement intitul\u00e9 \u00ab\u00a0Le ciel \u00e0 travers la science, la musique et la litt\u00e9rature\u00a0\u00bb.<\/p>\n<p>En guise d&rsquo;introduction au questionnement humain sur l&rsquo;inconnu et le lointain, qui nous pr\u00e9occupe tous un jour devant le spectacle du ciel \u00e9toil\u00e9 apr\u00e8s le coucher du soleil, l&rsquo;\u00e9v\u00e9nement abordera quelques-uns des paradoxes astronomiques pos\u00e9s par le monde qui nous entoure, tout en pr\u00e9sentant la personnalit\u00e9 et l&rsquo;\u0153uvre internationalement connue de deux enfants grecs de la Cr\u00e8te, Theodorakis et Kazantzakis, tous deux ayant questionn\u00e9 notre place dans l&rsquo;univers, tous deux ayant v\u00e9cu un long s\u00e9jour en France.<\/p>\n<p><strong>Mikis Theodorakis<\/strong> a pratiqu\u00e9 la composition en musique, en litt\u00e9rature et en politique, ainsi que dans le domaine de la r\u00e9flexion, dans l&rsquo;espoir que l&rsquo;art et la science puissent \u00e0 nouveau, comme par le pass\u00e9, fonctionner de concert dans un m\u00eame processus cr\u00e9atif. Th\u00e9odorakis a pass\u00e9 sa vie enti\u00e8re \u00e0 voyager entre Ciel et Terre \u00e0 la recherche du secret de l&rsquo;harmonie, mais il a \u00e9t\u00e9 contraint, pour des raisons politiques, de quitter la Gr\u00e8ce dans les ann\u00e9es 1950, une p\u00e9riode qui s&rsquo;est toutefois av\u00e9r\u00e9e tr\u00e8s cr\u00e9ative. Il part \u00e9tudier \u00e0 Paris, re\u00e7oit des prix et devient internationalement connu pour son \u0153uvre symphonique.<\/p>\n<p><strong>Nikos Kazantzakis<\/strong>, qui a pass\u00e9 ses premi\u00e8res ann\u00e9es dans la capitale fran\u00e7aise en tant qu&rsquo;\u00e9tudiant, a v\u00e9cu des exp\u00e9riences similaires quelques d\u00e9cennies plus t\u00f4t. C&rsquo;est \u00e0 Antibes qu&rsquo;il a connu l&rsquo;une de ses p\u00e9riodes les plus cr\u00e9atives, alors que ses opinions politiques, ainsi que celles sur le \u00ab\u00a0divin\u00a0\u00bb et le r\u00f4le de la religion institutionnelle, lui cr\u00e9aient d\u2019innombrables probl\u00e8mes en Gr\u00e8ce.<\/p>\n<p>En hommage au lien entre art et science,<\/p>\n<p><strong>Introduction :<\/strong><\/p>\n<ul>\n<li>Vassilis Charmandaris, professeur, Universit\u00e9 de Cr\u00e8te, directeur de l&rsquo;Institut d&rsquo;astrophysique, FORTH<\/li>\n<li>Nicolas Eybalin, directeur de l&rsquo;Institut fran\u00e7ais de Gr\u00e8ce, Conseiller de coop\u00e9ration et d\u2019action culturelle pr\u00e8s l\u2019Ambassade de France en Gr\u00e8ce<\/li>\n<\/ul>\n<p>&nbsp;<\/p>\n<p><strong>Les intervenants :<\/strong><\/p>\n<ul>\n<li>David Elbaz, astrophysicien, expert en formation et \u00e9volution des galaxies, directeur de recherche au d\u00e9partement d&rsquo;astrophysique du Commissariat \u00e0 l&rsquo;\u00e9nergie atomique et aux \u00e9nergies alternatives (CEA) de France<\/li>\n<li>Anastasia Georgaki, professeur, pr\u00e9sidente du d\u00e9partement des \u00e9tudes musicales, \u00c9cole de philosophie, Universit\u00e9 d&rsquo;Ath\u00e8nes, Gr\u00e8ce<\/li>\n<li>Theodosis Tasios, professeur \u00e9m\u00e9rite de NTUA et auteur<\/li>\n<\/ul>\n<p>&nbsp;<\/p>\n<p>Chant par <strong>Fiori Anastasia METALLINOU<\/strong>, accompagn\u00e9e au piano par <strong>Christos NTAOULAS<\/strong><\/p>\n","protected":false},"excerpt":{"rendered":"<p>Un hommage au lien entre Art et Science, qui se tiendra au Centre culturel de conf\u00e9rence d&rsquo;H\u00e9raklion en Cr\u00e8te.<\/p>\n","protected":false},"author":1,"featured_media":46286,"template":"","tags":[1217,1218,1214,1215,1216,1096,1052,1056],"event_category":[875],"event_group":[],"class_list":["post-46297","event","type-event","status-publish","has-post-thumbnail","hentry","tag-science","tag-musique","tag-epistimi-fr","tag-mousiki-fr","tag-nikos-kazantzakis-fr","tag-mikis-theodorakis-fr","tag-logotechnia-fr","tag-litterature-fr","event_category-debat-didees-et-sciences"],"acf":{"sponsors_default":false,"featured_image_credits":"","info_title":"","info_text":"","date_range":{"start":"09\/09\/2022","end":"","cancelled":false,"note":"","start_time":"18:30","end_time":""},"details":{"location":"<p>\"Sc\u00e8ne exp\u00e9rimentale\" du Centre culturel de conf\u00e9rence d'H\u00e9raklion - Cr\u00e8te<\/p>\n","hyperlink1a":{"text":"","link":""},"price":"Entr\u00e9e libre ","hyperlink2a":{"text":"","link":""},"online_event":false,"live_streaming":false,"live_streaming_code":"","facebook_url":"https:\/\/www.facebook.com\/events\/377425884583216\/","hyperlink":{"text":"","link":""},"hyperlink2":{"text":"","link":""},"hyperlink3":{"text":"","link":""},"press_release":false},"home_slider_image":{"ID":46303,"id":46303,"title":"1300x7682","filename":"1300x7682.jpg","filesize":292706,"url":"https:\/\/www.ifg.gr\/wp-content\/uploads\/2022\/08\/1300x7682.jpg","link":"https:\/\/www.ifg.gr\/fr\/events\/ciel-science-musique-litterature\/1300x7682\/","alt":"Le ciel \u00e0 travers la science, la musique et la litt\u00e9rature","author":"1","description":"Le ciel \u00e0 travers la science, la musique et la litt\u00e9rature","caption":"","name":"1300x7682","status":"inherit","uploaded_to":46297,"date":"2022-08-31 10:16:41","modified":"2022-08-31 10:16:57","menu_order":0,"mime_type":"image\/jpeg","type":"image","subtype":"jpeg","icon":"https:\/\/www.ifg.gr\/wp-includes\/images\/media\/default.png","width":1300,"height":768,"sizes":{"thumbnail":"https:\/\/www.ifg.gr\/wp-content\/uploads\/2022\/08\/1300x7682.jpg","thumbnail-width":150,"thumbnail-height":89,"medium":"https:\/\/www.ifg.gr\/wp-content\/uploads\/2022\/08\/1300x7682.jpg","medium-width":300,"medium-height":177,"medium_large":"https:\/\/www.ifg.gr\/wp-content\/uploads\/2022\/08\/1300x7682-768x454.jpg","medium_large-width":640,"medium_large-height":378,"large":"https:\/\/www.ifg.gr\/wp-content\/uploads\/2022\/08\/1300x7682.jpg","large-width":640,"large-height":378,"1536x1536":"https:\/\/www.ifg.gr\/wp-content\/uploads\/2022\/08\/1300x7682.jpg","1536x1536-width":1300,"1536x1536-height":768,"2048x2048":"https:\/\/www.ifg.gr\/wp-content\/uploads\/2022\/08\/1300x7682.jpg","2048x2048-width":1300,"2048x2048-height":768,"full-width":"https:\/\/www.ifg.gr\/wp-content\/uploads\/2022\/08\/1300x7682.jpg","full-width-width":1300,"full-width-height":768,"sidebar":"https:\/\/www.ifg.gr\/wp-content\/uploads\/2022\/08\/1300x7682.jpg","sidebar-width":1300,"sidebar-height":768,"thumb-sm":"https:\/\/www.ifg.gr\/wp-content\/uploads\/2022\/08\/1300x7682-220x130.jpg","thumb-sm-width":220,"thumb-sm-height":130,"thumb-square":"https:\/\/www.ifg.gr\/wp-content\/uploads\/2022\/08\/1300x7682-300x300.jpg","thumb-square-width":300,"thumb-square-height":300,"thumb-big":"https:\/\/www.ifg.gr\/wp-content\/uploads\/2022\/08\/1300x7682-600x400.jpg","thumb-big-width":600,"thumb-big-height":400,"slider-big":"https:\/\/www.ifg.gr\/wp-content\/uploads\/2022\/08\/1300x7682.jpg","slider-big-width":1300,"slider-big-height":768}},"sponsors_group":[{"group_title":"CO-ORGANISATION","banners":[{"image":{"ID":46292,"id":46292,"title":"pek_logo SITE","filename":"pek_logo-SITE-1.png","filesize":21056,"url":"https:\/\/www.ifg.gr\/wp-content\/uploads\/2022\/08\/pek_logo-SITE-1.png","link":"https:\/\/www.ifg.gr\/fr\/events\/ciel-science-musique-litterature\/pek_logo-site-2-2\/","alt":"","author":"1","description":"","caption":"","name":"pek_logo-site-2-2","status":"inherit","uploaded_to":46297,"date":"2022-08-31 09:56:02","modified":"2022-08-31 09:56:02","menu_order":0,"mime_type":"image\/png","type":"image","subtype":"png","icon":"https:\/\/www.ifg.gr\/wp-includes\/images\/media\/default.png","width":300,"height":185,"sizes":{"thumbnail":"https:\/\/www.ifg.gr\/wp-content\/uploads\/2022\/08\/pek_logo-SITE-1.png","thumbnail-width":150,"thumbnail-height":93,"medium":"https:\/\/www.ifg.gr\/wp-content\/uploads\/2022\/08\/pek_logo-SITE-1.png","medium-width":300,"medium-height":185,"medium_large":"https:\/\/www.ifg.gr\/wp-content\/uploads\/2022\/08\/pek_logo-SITE-1.png","medium_large-width":300,"medium_large-height":185,"large":"https:\/\/www.ifg.gr\/wp-content\/uploads\/2022\/08\/pek_logo-SITE-1.png","large-width":300,"large-height":185,"1536x1536":"https:\/\/www.ifg.gr\/wp-content\/uploads\/2022\/08\/pek_logo-SITE-1.png","1536x1536-width":300,"1536x1536-height":185,"2048x2048":"https:\/\/www.ifg.gr\/wp-content\/uploads\/2022\/08\/pek_logo-SITE-1.png","2048x2048-width":300,"2048x2048-height":185,"full-width":"https:\/\/www.ifg.gr\/wp-content\/uploads\/2022\/08\/pek_logo-SITE-1.png","full-width-width":300,"full-width-height":185,"sidebar":"https:\/\/www.ifg.gr\/wp-content\/uploads\/2022\/08\/pek_logo-SITE-1.png","sidebar-width":300,"sidebar-height":185,"thumb-sm":"https:\/\/www.ifg.gr\/wp-content\/uploads\/2022\/08\/pek_logo-SITE-1-211x130.png","thumb-sm-width":211,"thumb-sm-height":130,"thumb-square":"https:\/\/www.ifg.gr\/wp-content\/uploads\/2022\/08\/pek_logo-SITE-1.png","thumb-square-width":300,"thumb-square-height":185,"thumb-big":"https:\/\/www.ifg.gr\/wp-content\/uploads\/2022\/08\/pek_logo-SITE-1.png","thumb-big-width":300,"thumb-big-height":185,"slider-big":"https:\/\/www.ifg.gr\/wp-content\/uploads\/2022\/08\/pek_logo-SITE-1.png","slider-big-width":300,"slider-big-height":185}},"link":"https:\/\/www.cup.gr\/"},{"image":{"ID":46341,"id":46341,"title":"IA_logo_site","filename":"IA_logo_site.png","filesize":30336,"url":"https:\/\/www.ifg.gr\/wp-content\/uploads\/2022\/09\/IA_logo_site.png","link":"https:\/\/www.ifg.gr\/fr\/events\/ciel-science-musique-litterature\/ia_logo_site-2\/","alt":"","author":"1","description":"","caption":"","name":"ia_logo_site-2","status":"inherit","uploaded_to":46297,"date":"2022-09-01 06:45:07","modified":"2022-09-01 06:46:33","menu_order":0,"mime_type":"image\/png","type":"image","subtype":"png","icon":"https:\/\/www.ifg.gr\/wp-includes\/images\/media\/default.png","width":300,"height":300,"sizes":{"thumbnail":"https:\/\/www.ifg.gr\/wp-content\/uploads\/2022\/09\/IA_logo_site.png","thumbnail-width":150,"thumbnail-height":150,"medium":"https:\/\/www.ifg.gr\/wp-content\/uploads\/2022\/09\/IA_logo_site.png","medium-width":300,"medium-height":300,"medium_large":"https:\/\/www.ifg.gr\/wp-content\/uploads\/2022\/09\/IA_logo_site.png","medium_large-width":300,"medium_large-height":300,"large":"https:\/\/www.ifg.gr\/wp-content\/uploads\/2022\/09\/IA_logo_site.png","large-width":300,"large-height":300,"1536x1536":"https:\/\/www.ifg.gr\/wp-content\/uploads\/2022\/09\/IA_logo_site.png","1536x1536-width":300,"1536x1536-height":300,"2048x2048":"https:\/\/www.ifg.gr\/wp-content\/uploads\/2022\/09\/IA_logo_site.png","2048x2048-width":300,"2048x2048-height":300,"full-width":"https:\/\/www.ifg.gr\/wp-content\/uploads\/2022\/09\/IA_logo_site.png","full-width-width":300,"full-width-height":300,"sidebar":"https:\/\/www.ifg.gr\/wp-content\/uploads\/2022\/09\/IA_logo_site.png","sidebar-width":300,"sidebar-height":300,"thumb-sm":"https:\/\/www.ifg.gr\/wp-content\/uploads\/2022\/09\/IA_logo_site-130x130.png","thumb-sm-width":130,"thumb-sm-height":130,"thumb-square":"https:\/\/www.ifg.gr\/wp-content\/uploads\/2022\/09\/IA_logo_site-300x300.png","thumb-square-width":300,"thumb-square-height":300,"thumb-big":"https:\/\/www.ifg.gr\/wp-content\/uploads\/2022\/09\/IA_logo_site.png","thumb-big-width":300,"thumb-big-height":300,"slider-big":"https:\/\/www.ifg.gr\/wp-content\/uploads\/2022\/09\/IA_logo_site.png","slider-big-width":300,"slider-big-height":300}},"link":"https:\/\/www.ia.forth.gr\/"}]}],"layout":false},"yoast_head":"<!-- This site is optimized with the Yoast SEO plugin v26.8 - https:\/\/yoast.com\/product\/yoast-seo-wordpress\/ -->\n<title>Le ciel \u00e0 travers la science, la musique et la litt\u00e9rature<\/title>\n<meta name=\"description\" content=\"Un hommage au lien entre Art et Science, qui se tiendra au Centre culturel de conf\u00e9rence d&#039;H\u00e9raklion en Cr\u00e8te.\" \/>\n<meta name=\"robots\" content=\"index, follow, max-snippet:-1, max-image-preview:large, max-video-preview:-1\" \/>\n<link rel=\"canonical\" href=\"https:\/\/www.ifg.gr\/events\/ouranos-epistimi-mousiki-logotechnia\/\" \/>\n<meta property=\"og:locale\" content=\"fr_FR\" \/>\n<meta property=\"og:type\" content=\"article\" \/>\n<meta property=\"og:title\" content=\"Le ciel \u00e0 travers la science, la musique et la litt\u00e9rature\" \/>\n<meta property=\"og:description\" content=\"Un hommage au lien entre Art et Science, qui se tiendra au Centre culturel de conf\u00e9rence d&#039;H\u00e9raklion en Cr\u00e8te.\" \/>\n<meta property=\"og:url\" content=\"https:\/\/www.ifg.gr\/events\/ouranos-epistimi-mousiki-logotechnia\/\" \/>\n<meta property=\"og:site_name\" content=\"IFG\" \/>\n<meta property=\"article:modified_time\" content=\"2022-09-01T06:46:33+00:00\" \/>\n<meta property=\"og:image\" content=\"https:\/\/www.ifg.gr\/wp-content\/uploads\/2022\/08\/1200x8002.jpg\" \/>\n\t<meta property=\"og:image:width\" content=\"1200\" \/>\n\t<meta property=\"og:image:height\" content=\"800\" \/>\n\t<meta property=\"og:image:type\" content=\"image\/jpeg\" \/>\n<meta name=\"twitter:card\" content=\"summary_large_image\" \/>\n<meta name=\"twitter:label1\" content=\"Dur\u00e9e de lecture estim\u00e9e\" \/>\n\t<meta name=\"twitter:data1\" content=\"2 minutes\" \/>\n<script type=\"application\/ld+json\" class=\"yoast-schema-graph\">{\"@context\":\"https:\/\/schema.org\",\"@graph\":[{\"@type\":\"WebPage\",\"@id\":\"https:\/\/www.ifg.gr\/events\/ouranos-epistimi-mousiki-logotechnia\/\",\"url\":\"https:\/\/www.ifg.gr\/events\/ouranos-epistimi-mousiki-logotechnia\/\",\"name\":\"Le ciel \u00e0 travers la science, la musique et la litt\u00e9rature\",\"isPartOf\":{\"@id\":\"https:\/\/www.ifg.gr\/#website\"},\"primaryImageOfPage\":{\"@id\":\"https:\/\/www.ifg.gr\/events\/ouranos-epistimi-mousiki-logotechnia\/#primaryimage\"},\"image\":{\"@id\":\"https:\/\/www.ifg.gr\/events\/ouranos-epistimi-mousiki-logotechnia\/#primaryimage\"},\"thumbnailUrl\":\"https:\/\/www.ifg.gr\/wp-content\/uploads\/2022\/08\/1200x8002.jpg\",\"datePublished\":\"2022-08-31T10:05:18+00:00\",\"dateModified\":\"2022-09-01T06:46:33+00:00\",\"description\":\"Un hommage au lien entre Art et Science, qui se tiendra au Centre culturel de conf\u00e9rence d'H\u00e9raklion en Cr\u00e8te.\",\"breadcrumb\":{\"@id\":\"https:\/\/www.ifg.gr\/events\/ouranos-epistimi-mousiki-logotechnia\/#breadcrumb\"},\"inLanguage\":\"fr-FR\",\"potentialAction\":[{\"@type\":\"ReadAction\",\"target\":[\"https:\/\/www.ifg.gr\/events\/ouranos-epistimi-mousiki-logotechnia\/\"]}]},{\"@type\":\"ImageObject\",\"inLanguage\":\"fr-FR\",\"@id\":\"https:\/\/www.ifg.gr\/events\/ouranos-epistimi-mousiki-logotechnia\/#primaryimage\",\"url\":\"https:\/\/www.ifg.gr\/wp-content\/uploads\/2022\/08\/1200x8002.jpg\",\"contentUrl\":\"https:\/\/www.ifg.gr\/wp-content\/uploads\/2022\/08\/1200x8002.jpg\",\"width\":1200,\"height\":800,\"caption\":\"\u039f \u03bf\u03c5\u03c1\u03b1\u03bd\u03cc\u03c2 \u03c3\u03c4\u03b7\u03bd \u03b5\u03c0\u03b9\u03c3\u03c4\u03ae\u03bc\u03b7, \u03c4\u03b7 \u03bc\u03bf\u03c5\u03c3\u03b9\u03ba\u03ae, \u03ba\u03b1\u03b9 \u03c4\u03b7 \u03bb\u03bf\u03b3\u03bf\u03c4\u03b5\u03c7\u03bd\u03af\u03b1\"},{\"@type\":\"BreadcrumbList\",\"@id\":\"https:\/\/www.ifg.gr\/events\/ouranos-epistimi-mousiki-logotechnia\/#breadcrumb\",\"itemListElement\":[{\"@type\":\"ListItem\",\"position\":1,\"name\":\"Home\",\"item\":\"https:\/\/www.ifg.gr\/fr\/\"},{\"@type\":\"ListItem\",\"position\":2,\"name\":\"Events\",\"item\":\"https:\/\/www.ifg.gr\/events\/\"},{\"@type\":\"ListItem\",\"position\":3,\"name\":\"Le ciel \u00e0 travers la science, la musique et la litt\u00e9rature\"}]},{\"@type\":\"WebSite\",\"@id\":\"https:\/\/www.ifg.gr\/#website\",\"url\":\"https:\/\/www.ifg.gr\/\",\"name\":\"IFG\",\"description\":\"\",\"potentialAction\":[{\"@type\":\"SearchAction\",\"target\":{\"@type\":\"EntryPoint\",\"urlTemplate\":\"https:\/\/www.ifg.gr\/?s={search_term_string}\"},\"query-input\":{\"@type\":\"PropertyValueSpecification\",\"valueRequired\":true,\"valueName\":\"search_term_string\"}}],\"inLanguage\":\"fr-FR\"}]}<\/script>\n<!-- \/ Yoast SEO plugin. -->","yoast_head_json":{"title":"Le ciel \u00e0 travers la science, la musique et la litt\u00e9rature","description":"Un hommage au lien entre Art et Science, qui se tiendra au Centre culturel de conf\u00e9rence d'H\u00e9raklion en Cr\u00e8te.","robots":{"index":"index","follow":"follow","max-snippet":"max-snippet:-1","max-image-preview":"max-image-preview:large","max-video-preview":"max-video-preview:-1"},"canonical":"https:\/\/www.ifg.gr\/events\/ouranos-epistimi-mousiki-logotechnia\/","og_locale":"fr_FR","og_type":"article","og_title":"Le ciel \u00e0 travers la science, la musique et la litt\u00e9rature","og_description":"Un hommage au lien entre Art et Science, qui se tiendra au Centre culturel de conf\u00e9rence d'H\u00e9raklion en Cr\u00e8te.","og_url":"https:\/\/www.ifg.gr\/events\/ouranos-epistimi-mousiki-logotechnia\/","og_site_name":"IFG","article_modified_time":"2022-09-01T06:46:33+00:00","og_image":[{"width":1200,"height":800,"url":"https:\/\/www.ifg.gr\/wp-content\/uploads\/2022\/08\/1200x8002.jpg","type":"image\/jpeg"}],"twitter_card":"summary_large_image","twitter_misc":{"Dur\u00e9e de lecture estim\u00e9e":"2 minutes"},"schema":{"@context":"https:\/\/schema.org","@graph":[{"@type":"WebPage","@id":"https:\/\/www.ifg.gr\/events\/ouranos-epistimi-mousiki-logotechnia\/","url":"https:\/\/www.ifg.gr\/events\/ouranos-epistimi-mousiki-logotechnia\/","name":"Le ciel \u00e0 travers la science, la musique et la litt\u00e9rature","isPartOf":{"@id":"https:\/\/www.ifg.gr\/#website"},"primaryImageOfPage":{"@id":"https:\/\/www.ifg.gr\/events\/ouranos-epistimi-mousiki-logotechnia\/#primaryimage"},"image":{"@id":"https:\/\/www.ifg.gr\/events\/ouranos-epistimi-mousiki-logotechnia\/#primaryimage"},"thumbnailUrl":"https:\/\/www.ifg.gr\/wp-content\/uploads\/2022\/08\/1200x8002.jpg","datePublished":"2022-08-31T10:05:18+00:00","dateModified":"2022-09-01T06:46:33+00:00","description":"Un hommage au lien entre Art et Science, qui se tiendra au Centre culturel de conf\u00e9rence d'H\u00e9raklion en Cr\u00e8te.","breadcrumb":{"@id":"https:\/\/www.ifg.gr\/events\/ouranos-epistimi-mousiki-logotechnia\/#breadcrumb"},"inLanguage":"fr-FR","potentialAction":[{"@type":"ReadAction","target":["https:\/\/www.ifg.gr\/events\/ouranos-epistimi-mousiki-logotechnia\/"]}]},{"@type":"ImageObject","inLanguage":"fr-FR","@id":"https:\/\/www.ifg.gr\/events\/ouranos-epistimi-mousiki-logotechnia\/#primaryimage","url":"https:\/\/www.ifg.gr\/wp-content\/uploads\/2022\/08\/1200x8002.jpg","contentUrl":"https:\/\/www.ifg.gr\/wp-content\/uploads\/2022\/08\/1200x8002.jpg","width":1200,"height":800,"caption":"\u039f \u03bf\u03c5\u03c1\u03b1\u03bd\u03cc\u03c2 \u03c3\u03c4\u03b7\u03bd \u03b5\u03c0\u03b9\u03c3\u03c4\u03ae\u03bc\u03b7, \u03c4\u03b7 \u03bc\u03bf\u03c5\u03c3\u03b9\u03ba\u03ae, \u03ba\u03b1\u03b9 \u03c4\u03b7 \u03bb\u03bf\u03b3\u03bf\u03c4\u03b5\u03c7\u03bd\u03af\u03b1"},{"@type":"BreadcrumbList","@id":"https:\/\/www.ifg.gr\/events\/ouranos-epistimi-mousiki-logotechnia\/#breadcrumb","itemListElement":[{"@type":"ListItem","position":1,"name":"Home","item":"https:\/\/www.ifg.gr\/fr\/"},{"@type":"ListItem","position":2,"name":"Events","item":"https:\/\/www.ifg.gr\/events\/"},{"@type":"ListItem","position":3,"name":"Le ciel \u00e0 travers la science, la musique et la litt\u00e9rature"}]},{"@type":"WebSite","@id":"https:\/\/www.ifg.gr\/#website","url":"https:\/\/www.ifg.gr\/","name":"IFG","description":"","potentialAction":[{"@type":"SearchAction","target":{"@type":"EntryPoint","urlTemplate":"https:\/\/www.ifg.gr\/?s={search_term_string}"},"query-input":{"@type":"PropertyValueSpecification","valueRequired":true,"valueName":"search_term_string"}}],"inLanguage":"fr-FR"}]}},"_links":{"self":[{"href":"https:\/\/www.ifg.gr\/fr\/wp-json\/wp\/v2\/event\/46297","targetHints":{"allow":["GET"]}}],"collection":[{"href":"https:\/\/www.ifg.gr\/fr\/wp-json\/wp\/v2\/event"}],"about":[{"href":"https:\/\/www.ifg.gr\/fr\/wp-json\/wp\/v2\/types\/event"}],"author":[{"embeddable":true,"href":"https:\/\/www.ifg.gr\/fr\/wp-json\/wp\/v2\/users\/1"}],"version-history":[{"count":0,"href":"https:\/\/www.ifg.gr\/fr\/wp-json\/wp\/v2\/event\/46297\/revisions"}],"wp:featuredmedia":[{"embeddable":true,"href":"https:\/\/www.ifg.gr\/fr\/wp-json\/wp\/v2\/media\/46286"}],"wp:attachment":[{"href":"https:\/\/www.ifg.gr\/fr\/wp-json\/wp\/v2\/media?parent=46297"}],"wp:term":[{"taxonomy":"post_tag","embeddable":true,"href":"https:\/\/www.ifg.gr\/fr\/wp-json\/wp\/v2\/tags?post=46297"},{"taxonomy":"event_category","embeddable":true,"href":"https:\/\/www.ifg.gr\/fr\/wp-json\/wp\/v2\/event_category?post=46297"},{"taxonomy":"event_group","embeddable":true,"href":"https:\/\/www.ifg.gr\/fr\/wp-json\/wp\/v2\/event_group?post=46297"}],"curies":[{"name":"wp","href":"https:\/\/api.w.org\/{rel}","templated":true}]}}