{"id":46382,"date":"2022-09-02T07:30:34","date_gmt":"2022-09-02T07:30:34","guid":{"rendered":"https:\/\/www.ifg.gr\/?post_type=event&#038;p=46382"},"modified":"2022-09-02T07:30:34","modified_gmt":"2022-09-02T07:30:34","slug":"mif-playlist-09-2022","status":"publish","type":"event","link":"https:\/\/www.ifg.gr\/fr\/events\/mif-playlist-09-2022\/","title":{"rendered":"MIF Playlist 09\/2022"},"content":{"rendered":"<p><strong>Chaque mois, une nouvelle <\/strong><a href=\"https:\/\/www.ifg.gr\/fr\/tag\/mif-fr\/\" target=\"_blank\" rel=\"noopener\">playlist MIF<\/a> (Musique Ind\u00e9pendante Francophone) pr\u00e9sente <strong>une s\u00e9lection de musique d\u2019artistes ind\u00e9pendants, groupes et labels de France<\/strong> ainsi que des <strong>nouveaut\u00e9s francophones<\/strong> d\u2019autres pays.<\/p>\n<p><a href=\"https:\/\/www.costasandreou.com\" target=\"_blank\" rel=\"noopener noreferrer\">Costas Andreou<\/a> signe la programmation musicale, avec chaque playlist MIF proposant des genres musicaux diff\u00e9rents et organis\u00e9e de telle mani\u00e8re que le public puisse approfondir l\u2019\u00e9coute des morceaux qui l\u2019int\u00e9ressent.<\/p>\n<p>Chaque morceau de la playlist a un lien dirigeant vers l\u2019album complet, tel qu\u2019il est disponible sur la plateforme Bandcamp, pour l\u2019achat du morceau ou de l\u2019album dans lequel il est inclus.<\/p>\n<h3>MIF Playlist 9 \/ septembre 2022<\/h3>\n<p><strong>Cancre<\/strong><br \/>\n\u00c9trangler<\/p>\n<p><iframe style=\"border: 0; width: 100%; height: 120px;\" src=\"https:\/\/bandcamp.com\/EmbeddedPlayer\/album=586265866\/size=large\/bgcol=ffffff\/linkcol=0687f5\/tracklist=false\/artwork=small\/track=1789436440\/transparent=true\/\" seamless=\"\"><a href=\"https:\/\/uptonpark.bandcamp.com\/album\/trangler\">\u00c9trangler by Cancre<\/a><\/iframe><br \/>\nLe groupe de rock fran\u00e7ais Cancre, compos\u00e9 de Clet Beyer et des deux fr\u00e8res Robin et Mathias Millasseau, cr\u00e9e des chansons inspir\u00e9es de textes contemporains que le groupe \u00e9crit et de po\u00e8mes r\u00e9dig\u00e9s dans les tranch\u00e9es de la premi\u00e8re guerre mondiale par l\u2019arri\u00e8re grand-oncle des deux fr\u00e8res, Marcel Millasseau. L\u2019album \u00c9trangler paru le 25 avril 2022 comporte 4 morceaux entra\u00eenants, aux accents indie et alternatifs.<\/p>\n<p><a href=\"https:\/\/uptonpark.bandcamp.com\/album\/trangler\" target=\"_blank\" rel=\"noopener\">https:\/\/uptonpark.bandcamp.com\/album\/trangler<\/a><\/p>\n<p>&nbsp;<\/p>\n<p><strong>LARCHE<\/strong><br \/>\nBanlieue de m\u00e9taphores<\/p>\n<p><iframe style=\"border: 0; width: 100%; height: 120px;\" src=\"https:\/\/bandcamp.com\/EmbeddedPlayer\/album=3019377887\/size=large\/bgcol=ffffff\/linkcol=0687f5\/tracklist=false\/artwork=small\/track=2715694764\/transparent=true\/\" seamless=\"\"><a href=\"https:\/\/malarche.bandcamp.com\/album\/banlieue-de-m-taphores-single\">Banlieue de m\u00e9taphores &#8211; Single by LARCHE<\/a><\/iframe><br \/>\nAuteur-compositeur-interpr\u00e8te et com\u00e9dien originaire de Val-d&rsquo;Or au Qu\u00e9bec, Marc-Antoine Larche habille ses contes d&rsquo;arrangements indie folk. Paru le 22 avril 2022, Banlieue de m\u00e9taphores est le dernier titre qu\u2019il a \u00e9crit et compos\u00e9. Pour cet enregistrement, il est entour\u00e9 de Navet Confit, Jocelyn Pelichet et de Sophie Vaillancourt.<\/p>\n<p><a href=\"https:\/\/malarche.bandcamp.com\" target=\"_blank\" rel=\"noopener\">https:\/\/malarche.bandcamp.com<\/a><\/p>\n<p>&nbsp;<\/p>\n<p><strong>Claude Hurtubise<\/strong><br \/>\nSuivre les lucioles<\/p>\n<p><iframe style=\"border: 0; width: 100%; height: 120px;\" src=\"https:\/\/bandcamp.com\/EmbeddedPlayer\/album=3071662824\/size=large\/bgcol=ffffff\/linkcol=0687f5\/tracklist=false\/artwork=small\/track=1056594322\/transparent=true\/\" seamless=\"\"><a href=\"https:\/\/claudeetsabandesonore1.bandcamp.com\/album\/suivre-les-lucioles-album\">Suivre les lucioles, album by Claude Hurtubise<\/a><\/iframe><br \/>\nClaude Hurtubise m\u00eale jazz et musique pop pour cr\u00e9er des chansons originales. Son album Suivre les lucioles sorti le 28 janvier 2022 comporte 11 morceaux color\u00e9s et rythm\u00e9s. Pour cet enregistrement elle (composition musique et paroles, voix\/ch\u0153ur, piano, rhodes, wurlitzer, synth\u00e9tiseur, accord\u00e9on) est entour\u00e9e d\u2019Andrew Beaudoin (batterie, percussions, synth\u00e9tiseur), Gabriel Genest (arrangements bois et cordes, clarinette, clarinette basse, fl\u00fbte, saxophone, synth\u00e9tiseur), Genevi\u00e8ve Morasse (arrangements bois et cordes, violon), Alex Leblanc (basse \u00e9lectrique, contrebasse), Carl Mayotte (basse \u00e9lectrique), Jorge David Ronderos (guitare \u00e9lectrique), Francis Minville (ch\u0153ur), F\u00e9lix Hurtubise (paroles du rap et interpr\u00e9tation), Zidass (voix refrains) et de Simon Walls (re\u0301alisation, synth\u00e9tiseur)<\/p>\n<p><a href=\"https:\/\/claudeetsabandesonore1.bandcamp.com\" target=\"_blank\" rel=\"noopener\">https:\/\/claudeetsabandesonore1.bandcamp.com<\/a><br \/>\n<a href=\"https:\/\/claudehurtubise.com\" target=\"_blank\" rel=\"noopener\">https:\/\/claudehurtubise.com<\/a><\/p>\n<p>&nbsp;<\/p>\n<p><strong>Arnaud Dolmen<\/strong><br \/>\nAjist\u00e8man<\/p>\n<p><iframe style=\"border: 0; width: 100%; height: 120px;\" src=\"https:\/\/bandcamp.com\/EmbeddedPlayer\/album=1847539456\/size=large\/bgcol=ffffff\/linkcol=0687f5\/tracklist=false\/artwork=small\/track=2843695751\/transparent=true\/\" seamless=\"\"><a href=\"https:\/\/arnauddolmen.bandcamp.com\/album\/adjusting\">Adjusting by Arnaud Dolmen<\/a><\/iframe><br \/>\nBas\u00e9 \u00e0 Paris, Arnaud Dolmen est un compositeur et batteur de jazz exp\u00e9riment\u00e9. Son album Adjusting paru le 28 janvier 2022 comprend 12 compositions qui questionnent l\u2019interconnexion humaine et le monde contemporain. Pour cet enregistrement il s\u2019est entour\u00e9 de Leonardo Montana (piano), Samuel F&rsquo;hima (contrebasse), Francesco Geminiani (saxophone), Ricardo Izquierdo (saxophone), Adrien Sanch\u00e8z (saxophone), Na\u00efssam Jalal (fl\u00fbte), Vincent Peirani (accord\u00e9on) et de Moonlight Benjamin (voix).<\/p>\n<p><a href=\"https:\/\/arnauddolmen.bandcamp.com\" target=\"_blank\" rel=\"noopener\">https:\/\/arnauddolmen.bandcamp.com<\/a><br \/>\n<a href=\"https:\/\/arnauddolmen.com\" target=\"_blank\" rel=\"noopener\">https:\/\/arnauddolmen.com<\/a><\/p>\n<p>&nbsp;<\/p>\n<p><strong>Lendemains Versinth\u00e9s<\/strong><br \/>\nCr\u00e9atures magn\u00e9tiques<\/p>\n<p><iframe style=\"border: 0; width: 100%; height: 120px;\" src=\"https:\/\/bandcamp.com\/EmbeddedPlayer\/album=3833462991\/size=large\/bgcol=ffffff\/linkcol=0687f5\/tracklist=false\/artwork=small\/track=3631701264\/transparent=true\/\" seamless=\"\"><a href=\"https:\/\/lendemainsversinthes.bandcamp.com\/album\/soleil-interne-ep-complet\">Soleil interne (EP complet) by Lendemains Versinth\u00e9s<\/a><\/iframe><br \/>\nOriginaire de Paris, l\u2019artiste connue sous le pseudonyme Lendemains Versinth\u00e9s \u00e9crit et compose des ballades folk m\u00e9lancoliques en fran\u00e7ais. L\u2019album Soleil interne sorti le 12 juillet 2022 est compos\u00e9 de 5 cinq morceaux aux arrangements acoustiques et aux accents rock et indie, port\u00e9s par sa voix cristalline.<\/p>\n<p><a href=\"https:\/\/lendemainsversinthes.bandcamp.com\" target=\"_blank\" rel=\"noopener\">https:\/\/lendemainsversinthes.bandcamp.com<\/a><\/p>\n<p>&nbsp;<\/p>\n<p><strong>Magic Malik Ka-Frobeat<\/strong><br \/>\nFl\u00e8 Koul\u00e8v<\/p>\n<p><iframe style=\"border: 0; width: 100%; height: 120px;\" src=\"https:\/\/bandcamp.com\/EmbeddedPlayer\/album=3596294320\/size=large\/bgcol=ffffff\/linkcol=0687f5\/tracklist=false\/artwork=small\/track=36708203\/transparent=true\/\" seamless=\"\"><a href=\"https:\/\/onzeheuresonze.bandcamp.com\/album\/magic-malik-ka-frobeat\">Magic Malik Ka-Frobeat by Magic Malik Ka-Frobeat<\/a><\/iframe><br \/>\nLe groupe Magic Malik Ka-Frobeat tente un croisement de l\u2019afrobeat et des musiques traditionnelles de l\u2019archipel guadeloup\u00e9en. L\u2019album \u00e9ponyme paru le 22 avril 2022 est compos\u00e9 de 10 morceaux rythmiques et color\u00e9s, enregistr\u00e9s par un ensemble harmonieux de musiciens compos\u00e9 de Magic Malik (voix, fl\u00fbte, compositions), Olivier Laisney (trompette), Maciek Lasserre (saxophones, percussions), Ma\u00eflys Maronne (claviers), Oscar Emch (guitare), Mathilda Haynes (guitare), Zaf Zapha (basse, voix, percussions), Hilaire Penda (basse), Maxime Zampieri (batterie), David Mirandon (percussions), Francois Collombon (percussions), Isabel Gonzalez (voix backing), Val\u00e9rie Belinga (voix backing), Gaston Bandimic (voix), Sandra Nkake (voix), Kiala (voix), Isabel Gonzalez (voix), Draman Demb\u00e9l\u00e9 (fl\u00fbte, percussions), Nicolas Genest (trompette) et de Johan Blanc (trombone).<\/p>\n<p><a href=\"https:\/\/onzeheuresonze.bandcamp.com\/album\/magic-malik-ka-frobeat\" target=\"_blank\" rel=\"noopener\">https:\/\/onzeheuresonze.bandcamp.com\/album\/magic-malik-ka-frobeat<\/a><\/p>\n<p>&nbsp;<\/p>\n<p><strong>Francois Jalbert et Jerome Beaulieu<\/strong><br \/>\nHirondelle<\/p>\n<p><iframe style=\"border: 0; width: 100%; height: 120px;\" src=\"https:\/\/bandcamp.com\/EmbeddedPlayer\/album=2345596200\/size=large\/bgcol=ffffff\/linkcol=0687f5\/tracklist=false\/artwork=small\/track=3770396152\/transparent=true\/\" seamless=\"\"><a href=\"https:\/\/jalbertbeaulieu.bandcamp.com\/album\/la-ronaute\">L&rsquo;A\u00e9ronaute by Francois Jalbert et Jerome Beaulieu<\/a><\/iframe><br \/>\nCollaborateurs de longue date, Fran\u00e7ois Jalbert et J\u00e9r\u00f4me Beaulieu forment un duo qui juxtapose les influences jazz \u00e0 leur passion commune pour la musique folk et bluegrass. L\u2019album L&rsquo;A\u00e9ronaute sorti le 25 mars 2022 comprend 11 morceaux acoustiques enregistr\u00e9s avec une guitare et un piano.<\/p>\n<p><a href=\"https:\/\/jalbertbeaulieu.bandcamp.com\" target=\"_blank\" rel=\"noopener\">https:\/\/jalbertbeaulieu.bandcamp.com<\/a><\/p>\n<p>&nbsp;<\/p>\n<p><strong>Jean-Baptiste Pinet<\/strong><br \/>\nRencontre<\/p>\n<p><iframe style=\"border: 0; width: 100%; height: 120px;\" src=\"https:\/\/bandcamp.com\/EmbeddedPlayer\/album=3384935066\/size=large\/bgcol=ffffff\/linkcol=0687f5\/tracklist=false\/artwork=small\/track=3901089067\/transparent=true\/\" seamless=\"\"><a href=\"https:\/\/weseemusicstore.bandcamp.com\/album\/ancre\">ANCRE by Jean-Baptiste Pinet<\/a><\/iframe><br \/>\nLe batteur et compositeur Jean-Baptiste Pinet collabore avec Robby Marshall (saxophone, clarinette basse) et Dexter Goldberg (piano) pour former un trio de jazz qui m\u00e9lange les lignes m\u00e9lodiques du post-bop aux rythmes du nu jazz. L\u2019album Ancre paru le 8 avril 2022 est compos\u00e9 de 9 titres originaux.<\/p>\n<p><a href=\"https:\/\/weseemusicstore.bandcamp.com\/album\/ancre\" target=\"_blank\" rel=\"noopener\">https:\/\/weseemusicstore.bandcamp.com\/album\/ancre<\/a><\/p>\n<p>&nbsp;<\/p>\n<p><strong>As Valet<\/strong><br \/>\nTanbouy\u00e9<\/p>\n<p><iframe style=\"border: 0; width: 100%; height: 120px;\" src=\"https:\/\/bandcamp.com\/EmbeddedPlayer\/album=2689234896\/size=large\/bgcol=ffffff\/linkcol=0687f5\/tracklist=false\/artwork=small\/track=1080323190\/transparent=true\/\" seamless=\"\"><a href=\"https:\/\/asvaletoiojii.bandcamp.com\/album\/canne-sucre\">Canne \u00e0 Sucre by AS VALET<\/a><\/iframe><br \/>\nLa musique du producteur de hip hop Christophe Davidas, alias As Valet, est un savant m\u00e9lange de musique \u00e9lectronique, de dub et de sonorit\u00e9s carib\u00e9ennes. L\u2019album Canne \u00e0 Sucre sorti le 8 juillet 2022 comprend 13 morceaux marqu\u00e9s par des voix m\u00e9lodiques et les rythmes complexes des percussions traditionnelles.<\/p>\n<p><a href=\"https:\/\/asvaletoiojii.bandcamp.com\" target=\"_blank\" rel=\"noopener\">https:\/\/asvaletoiojii.bandcamp.com<\/a><\/p>\n<p>&nbsp;<\/p>\n<p><strong>Denis Bioteau&rsquo;s it-big Band<\/strong><br \/>\nMode Alit\u00e9e<\/p>\n<p><iframe style=\"border: 0; width: 100%; height: 120px;\" src=\"https:\/\/bandcamp.com\/EmbeddedPlayer\/album=2963403791\/size=large\/bgcol=ffffff\/linkcol=0687f5\/tracklist=false\/artwork=small\/track=1925853725\/transparent=true\/\" seamless=\"\"><a href=\"https:\/\/denisbioteau.bandcamp.com\/album\/mode-halles\">MODE HALLES by Denis Bioteau&rsquo;s it-big BAND<\/a><\/iframe><br \/>\nDenis Bioteau compose un r\u00e9pertoire jazz et pop pour petites et grandes formations, en s\u2019inspirant de la musique classique. Avec la formation it-big BAND compos\u00e9e de seize musiciens, il cr\u00e9e son propre m\u00e9lange de styles du 20e si\u00e8cle. L\u2019album MODE HALLES sorti le 4 novembre 2021 comprend 5 titres puisant dans les rythmes et tendances de l\u2019improvisation de la musique contemporaine.<\/p>\n<p><a href=\"https:\/\/denisbioteau.bandcamp.com\" target=\"_blank\" rel=\"noopener\">https:\/\/denisbioteau.bandcamp.com<\/a><br \/>\n<a href=\"https:\/\/www.denisbioteau.com\" target=\"_blank\" rel=\"noopener\">https:\/\/www.denisbioteau.com<\/a><\/p>\n<p>&nbsp;<\/p>\n<p><strong>Lorylo<\/strong><br \/>\nAvancer<\/p>\n<p><iframe style=\"border: 0; width: 100%; height: 120px;\" src=\"https:\/\/bandcamp.com\/EmbeddedPlayer\/album=551186734\/size=large\/bgcol=ffffff\/linkcol=0687f5\/tracklist=false\/artwork=small\/track=1442333484\/transparent=true\/\" seamless=\"\"><a href=\"https:\/\/lorylo.bandcamp.com\/album\/avancer\">Avancer by Lorylo<\/a><\/iframe><br \/>\nConnue sous le pseudonyme Lorylo, l\u2019artiste originaire de l\u2019\u00eele volcanique de la R\u00e9union, dans l\u2019oc\u00e9an indien, m\u00eale reggae, soul et musiques du monde. L\u2019album Avancer paru le 4 janvier 2022 est compos\u00e9 de 8 chansons p\u00e9tillantes, teint\u00e9es de R&amp;B.<\/p>\n<p><a href=\"https:\/\/lorylo.bandcamp.com\" target=\"_blank\" rel=\"noopener\">https:\/\/lorylo.bandcamp.com<\/a><\/p>\n<p>&nbsp;<\/p>\n<p><strong>Sophie Villeneuve<\/strong><br \/>\nLe Petit Coeur en Laine<\/p>\n<p><iframe style=\"border: 0; width: 100%; height: 120px;\" src=\"https:\/\/bandcamp.com\/EmbeddedPlayer\/album=2515428167\/size=large\/bgcol=ffffff\/linkcol=0687f5\/tracklist=false\/artwork=small\/track=788189615\/transparent=true\/\" seamless=\"\"><a href=\"https:\/\/sophievilleneuve.bandcamp.com\/album\/le-chant-du-hibou\">Le Chant du Hibou by Sophie Villeneuve<\/a><\/iframe><br \/>\n\u00c9tablie au Yukon du Canada, l\u2019auteure\/compositrice\/interpr\u00e8te Sophie Villeneuve se consacre \u00e0 la musique country et folk. Son album Le Chant du Hibou paru le 22 janvier 2018 comprend 10 titres racontant l&rsquo;univers nordique de l\u2019artiste de fa\u00e7on humoristique et touchante. Pour cet enregistrement elle s\u2019est entour\u00e9e d\u2019un groupe de musiciens locaux, pour une touche klezmer, blues et country.<\/p>\n<p><a href=\"https:\/\/sophievilleneuve.bandcamp.com\" target=\"_blank\" rel=\"noopener\">https:\/\/sophievilleneuve.bandcamp.com<\/a><\/p>\n<p>&nbsp;<\/p>\n<p><strong>Estelle Goldfarb<\/strong><br \/>\nTchek ! Feat. David Krakauer<\/p>\n<p><iframe style=\"border: 0; width: 100%; height: 120px;\" src=\"https:\/\/bandcamp.com\/EmbeddedPlayer\/album=3686481334\/size=large\/bgcol=ffffff\/linkcol=0687f5\/tracklist=false\/artwork=small\/track=38683345\/transparent=true\/\" seamless=\"\"><a href=\"https:\/\/estellegoldfarb.bandcamp.com\/album\/naissance\">Naissance by Estelle Goldfarb<\/a><\/iframe><br \/>\nHabitu\u00e9e des sc\u00e8nes et bas\u00e9e \u00e0 Paris, la violoniste Estelle Goldfarb a d\u00e9velopp\u00e9 un langage musical original teint\u00e9 de musique klezmer, de musique orientale, associ\u00e9es \u00e0 la vitalit\u00e9 torrentielle du rock et l\u2019\u00e9nergie irradiante du jazz. L\u2019album Naissance sorti le 4 janvier 2014 est compos\u00e9 de 10 morceaux mettant en valeur sa virtuosit\u00e9.<\/p>\n<p><a href=\"https:\/\/estellegoldfarb.bandcamp.com\" target=\"_blank\" rel=\"noopener\">https:\/\/estellegoldfarb.bandcamp.com<\/a><br \/>\n<a href=\"https:\/\/www.estellegoldfarb.com\" target=\"_blank\" rel=\"noopener\">https:\/\/www.estellegoldfarb.com<\/a><\/p>\n<p>&nbsp;<\/p>\n<p><strong>Kandiafa<\/strong><br \/>\nL&rsquo;Arab<\/p>\n<p><iframe style=\"border: 0; width: 100%; height: 120px;\" src=\"https:\/\/bandcamp.com\/EmbeddedPlayer\/album=4195245684\/size=large\/bgcol=ffffff\/linkcol=0687f5\/tracklist=false\/artwork=small\/track=4232198382\/transparent=true\/\" seamless=\"\"><a href=\"https:\/\/sanscommentaire.bandcamp.com\/album\/planting-trees\">PLANTING TREES by Kandiafa<\/a><\/iframe><br \/>\nAbdoulaye Kone (guitare ouest africaine djeli n\u2019goni, voix) est \u00e0 l\u2019origine d\u2019une formation m\u00ealant musiques nord-am\u00e9ricaines, comme le blues ou la soul, et musiques africaines. Compos\u00e9 de 12 titres et paru le 27 novembre 2020, l\u2019album Planting Trees est un savant m\u00e9lange de sonorit\u00e9s de world, enregistr\u00e9 par les musiciens Lewis Melville (guitares acoustiques et \u00e9lectriques, banjo, pedal steel, mandoline, mandoloncelle), Michael Herring (basse acoustique et basse \u00e9lectrique), Dave Clark (batterie), Scott Thomson (trombone), Nicolas Buligan (trompette), Karen Ng (saxophone t\u00e9nor et saxophone alto), Jason Kenemy (piano, orgue, mbira), Tannis Slimmon (voix), Dale Morningstar (guitare \u00e9lectrique), Baaba Sissoko (percussions) et Baaba Kone (guitare acoustique).<\/p>\n<p><a href=\"https:\/\/sanscommentaire.bandcamp.com\/album\/planting-trees\" target=\"_blank\" rel=\"noopener\">https:\/\/sanscommentaire.bandcamp.com\/album\/planting-trees<\/a><\/p>\n<p>&nbsp;<\/p>\n<p><strong>Rokia Kon\u00e9 &amp; Jacknife Lee<\/strong><br \/>\nBambougou N&rsquo;tji<\/p>\n<p><iframe style=\"border: 0; width: 100%; height: 120px;\" src=\"https:\/\/bandcamp.com\/EmbeddedPlayer\/album=4278046892\/size=large\/bgcol=ffffff\/linkcol=0687f5\/tracklist=false\/artwork=small\/track=3625649246\/transparent=true\/\" seamless=\"\"><a href=\"https:\/\/rokiakone.bandcamp.com\/album\/bamanan\">BAMANAN by Rokia Kon\u00e9 &amp; Jacknife Lee<\/a><\/iframe><br \/>\nDot\u00e9e d&rsquo;une voix profonde et \u00e9mouvante, Rokia Kon\u00e9 est l&rsquo;une des chanteuses les plus demand\u00e9es de la sc\u00e8ne malienne. Elle s\u2019est associ\u00e9e au producteur de rock Jacknife Lee, bas\u00e9 en Californie, pour une approche originale de la tradition musicale du Mali. L\u2019album BAMANAN, paru le 18 f\u00e9vrier 2022 et compos\u00e9 de 10 titres, est un exemple r\u00e9ussi de m\u00e9lange de musique africaine et de sonorit\u00e9s occidentales contemporaines, enregistr\u00e9 par les musiciens Jacknife Lee (guitares, claviers, tambours, programmation, piano \u00e9lectrique), Sountoucoumba \u2018Salif\u2019 Kon\u00e9 (guitare), Lloren\u00e7 Barcel\u00f3 (Minimoog), Amadou Demb\u00e9l\u00e9 (djembe), Mamadou Diabat\u00e9 (doundoun), Abdou Diallo (doundoun), Amadou Sissoko (tama), Harouna Samak\u00e9 (kamele ngoni), Ma\u00efmouna Ouedrago (voix), Fatoumata Coulibaly (voix), Pamela Badjogo (voix) et Mariam Kon\u00e9 (voix).<\/p>\n<p><a href=\"https:\/\/rokiakone.bandcamp.com\" target=\"_blank\" rel=\"noopener\">https:\/\/rokiakone.bandcamp.com<\/a><br \/>\n<a href=\"https:\/\/www.rokiakone.com\" target=\"_blank\" rel=\"noopener\">https:\/\/www.rokiakone.com<\/a><\/p>\n<p>&nbsp;<\/p>\n<p><strong>Jeanne Michard<\/strong><br \/>\nCavalcada<\/p>\n<p><iframe style=\"border: 0; width: 100%; height: 120px;\" src=\"https:\/\/bandcamp.com\/EmbeddedPlayer\/album=4158354476\/size=large\/bgcol=ffffff\/linkcol=0687f5\/tracklist=false\/artwork=small\/track=3317365264\/transparent=true\/\" seamless=\"\"><a href=\"https:\/\/jeannemichardlatinquintet.bandcamp.com\/album\/songes-transatlantiques\">Songes Transatlantiques by Jeanne Michard<\/a><\/iframe><br \/>\nLa saxophoniste et compositrice Jeanne Michard m\u00eale le jazz et la musique latine et afro-cubaine. Son album Songes Transatlantiques sorti le 3 juin 2022 et compos\u00e9 de 9 titres, fait dialoguer les percussions avec des harmonies qui rappellent celles du jazz traditionnel. Pour cet enregistrement elle (saxophone t\u00e9nor, ch\u0153urs) s\u2019entoure de Cl\u00e9ment Simon (piano), Natascha Rogers (percussions, ch\u0153urs), Pedro Barrios (percussions, ch\u0153urs) et de Maurizio Congiu (contrebasse, ch\u0153urs).<\/p>\n<p><a href=\"https:\/\/jeannemichardlatinquintet.bandcamp.com\" target=\"_blank\" rel=\"noopener\">https:\/\/jeannemichardlatinquintet.bandcamp.com<\/a><\/p>\n<p>&nbsp;<\/p>\n<p><strong>Mil Mougenot<\/strong><br \/>\nQuinze Marins<\/p>\n<p><iframe style=\"border: 0; width: 100%; height: 120px;\" src=\"https:\/\/bandcamp.com\/EmbeddedPlayer\/album=4133667456\/size=large\/bgcol=ffffff\/linkcol=0687f5\/tracklist=false\/artwork=small\/track=1954238558\/transparent=true\/\" seamless=\"\"><a href=\"https:\/\/milmougenot.bandcamp.com\/album\/mille-terres-mille-mers\">Mille Terres Mille Mers by Mil Mougenot<\/a><\/iframe><br \/>\nInstall\u00e9 dans la commune du Teilleul, le musicien Mil Marie Mougenot puise aux sources de la pop-folk et des musiques traditionnelles des confins des terres celtes aux c\u00f4tes irlandaises et galloises. L\u2019album Mille Terres Mille Mers paru le 1er janvier 2014 comprend 15 titres aux accents rock. Pour cet enregistrement il (chant, vielle \u00e0 roue, mandoloncelle, guitares) est accompagn\u00e9 par Marie Potosniak (viole de gambe), R\u00e9ginald Barbieux (chant, fl\u00fbtes), M\u00e9lanie Gosset (percussions), Christophe Deno\u00ebl (tin whistle, fl\u00fbte, cornemuse), Zwier Regelink (violon alto), Ingeborg Kleinjan (violon, fl\u00fbtes, voix), L\u00e9a et Martine Monod (voix), Francis Souvay (guitares acoustiques) et par Bernard Monod (basses, batteries, guitares, accord\u00e9ons).<\/p>\n<p><a href=\"https:\/\/milmougenot.bandcamp.com\" target=\"_blank\" rel=\"noopener\">https:\/\/milmougenot.bandcamp.com<\/a><\/p>\n","protected":false},"excerpt":{"rendered":"<p>Bonne reprise, avec la nouvelle playlist MIF (Musique Ind\u00e9pendante Francophone). Programmation musicale : Costas Andreou<\/p>\n","protected":false},"author":1,"featured_media":46376,"template":"","tags":[954,956,981,993],"event_category":[984],"event_group":[],"class_list":["post-46382","event","type-event","status-publish","has-post-thumbnail","hentry","tag-mif-fr","tag-playlist-fr","tag-musique-independante-francophone-fr","tag-musique-independante-francophone-fr-2","event_category-musique"],"acf":{"sponsors_default":false,"featured_image_credits":"","info_title":"","info_text":"","date_range":{"start":"01\/09\/2022","end":"","cancelled":false,"note":"","start_time":"","end_time":""},"details":{"location":"","hyperlink1a":{"text":"","link":""},"price":"","hyperlink2a":{"text":"","link":""},"online_event":false,"live_streaming":false,"live_streaming_code":"","facebook_url":"","hyperlink":{"text":"D\u00e9couvrez la playlist sur YouTube","link":"https:\/\/www.youtube.com\/playlist?list=PLNKgb6skYnUSSsHgl5Zo3qVHKS2p7fnA8"},"hyperlink2":{"text":"D\u00e9couvrez la playlist sur Spotify","link":"https:\/\/open.spotify.com\/playlist\/1VvQt8GIBvSlFRzWH0nvzL?si=6cdfbcc72fe44b48"},"hyperlink3":{"text":"","link":""},"press_release":false},"home_slider_image":false,"sponsors_group":false,"layout":false},"yoast_head":"<!-- This site is optimized with the Yoast SEO plugin v26.8 - https:\/\/yoast.com\/product\/yoast-seo-wordpress\/ -->\n<title>MIF Playlist 09\/2022 - Musique Ind\u00e9pendante Francophone<\/title>\n<meta name=\"description\" content=\"Bonne reprise, avec la nouvelle playlist MIF (Musique Ind\u00e9pendante Francophone) de mois du septembre. Programmation musicale : Costas Andreou\" \/>\n<meta name=\"robots\" content=\"index, follow, max-snippet:-1, max-image-preview:large, max-video-preview:-1\" \/>\n<link rel=\"canonical\" href=\"https:\/\/www.ifg.gr\/events\/mif-playlist-09-2022\/\" \/>\n<meta property=\"og:locale\" content=\"fr_FR\" \/>\n<meta property=\"og:type\" content=\"article\" \/>\n<meta property=\"og:title\" content=\"MIF Playlist 09\/2022 - Musique Ind\u00e9pendante Francophone\" \/>\n<meta property=\"og:description\" content=\"Bonne reprise, avec la nouvelle playlist MIF (Musique Ind\u00e9pendante Francophone) de mois du septembre. Programmation musicale : Costas Andreou\" \/>\n<meta property=\"og:url\" content=\"https:\/\/www.ifg.gr\/events\/mif-playlist-09-2022\/\" \/>\n<meta property=\"og:site_name\" content=\"IFG\" \/>\n<meta property=\"og:image\" content=\"https:\/\/www.ifg.gr\/wp-content\/uploads\/2022\/09\/MIF-Banner-2-09-2022.jpg\" \/>\n\t<meta property=\"og:image:width\" content=\"1350\" \/>\n\t<meta property=\"og:image:height\" content=\"800\" \/>\n\t<meta property=\"og:image:type\" content=\"image\/jpeg\" \/>\n<meta name=\"twitter:card\" content=\"summary_large_image\" \/>\n<meta name=\"twitter:label1\" content=\"Dur\u00e9e de lecture estim\u00e9e\" \/>\n\t<meta name=\"twitter:data1\" content=\"7 minutes\" \/>\n<script type=\"application\/ld+json\" class=\"yoast-schema-graph\">{\"@context\":\"https:\/\/schema.org\",\"@graph\":[{\"@type\":\"WebPage\",\"@id\":\"https:\/\/www.ifg.gr\/events\/mif-playlist-09-2022\/\",\"url\":\"https:\/\/www.ifg.gr\/events\/mif-playlist-09-2022\/\",\"name\":\"MIF Playlist 09\/2022 - Musique Ind\u00e9pendante Francophone\",\"isPartOf\":{\"@id\":\"https:\/\/www.ifg.gr\/#website\"},\"primaryImageOfPage\":{\"@id\":\"https:\/\/www.ifg.gr\/events\/mif-playlist-09-2022\/#primaryimage\"},\"image\":{\"@id\":\"https:\/\/www.ifg.gr\/events\/mif-playlist-09-2022\/#primaryimage\"},\"thumbnailUrl\":\"https:\/\/www.ifg.gr\/wp-content\/uploads\/2022\/09\/MIF-Banner-2-09-2022.jpg\",\"datePublished\":\"2022-09-02T07:30:34+00:00\",\"description\":\"Bonne reprise, avec la nouvelle playlist MIF (Musique Ind\u00e9pendante Francophone) de mois du septembre. Programmation musicale : Costas Andreou\",\"breadcrumb\":{\"@id\":\"https:\/\/www.ifg.gr\/events\/mif-playlist-09-2022\/#breadcrumb\"},\"inLanguage\":\"fr-FR\",\"potentialAction\":[{\"@type\":\"ReadAction\",\"target\":[\"https:\/\/www.ifg.gr\/events\/mif-playlist-09-2022\/\"]}]},{\"@type\":\"ImageObject\",\"inLanguage\":\"fr-FR\",\"@id\":\"https:\/\/www.ifg.gr\/events\/mif-playlist-09-2022\/#primaryimage\",\"url\":\"https:\/\/www.ifg.gr\/wp-content\/uploads\/2022\/09\/MIF-Banner-2-09-2022.jpg\",\"contentUrl\":\"https:\/\/www.ifg.gr\/wp-content\/uploads\/2022\/09\/MIF-Banner-2-09-2022.jpg\",\"width\":1350,\"height\":800},{\"@type\":\"BreadcrumbList\",\"@id\":\"https:\/\/www.ifg.gr\/events\/mif-playlist-09-2022\/#breadcrumb\",\"itemListElement\":[{\"@type\":\"ListItem\",\"position\":1,\"name\":\"Home\",\"item\":\"https:\/\/www.ifg.gr\/fr\/\"},{\"@type\":\"ListItem\",\"position\":2,\"name\":\"Events\",\"item\":\"https:\/\/www.ifg.gr\/events\/\"},{\"@type\":\"ListItem\",\"position\":3,\"name\":\"MIF Playlist 09\/2022\"}]},{\"@type\":\"WebSite\",\"@id\":\"https:\/\/www.ifg.gr\/#website\",\"url\":\"https:\/\/www.ifg.gr\/\",\"name\":\"IFG\",\"description\":\"\",\"potentialAction\":[{\"@type\":\"SearchAction\",\"target\":{\"@type\":\"EntryPoint\",\"urlTemplate\":\"https:\/\/www.ifg.gr\/?s={search_term_string}\"},\"query-input\":{\"@type\":\"PropertyValueSpecification\",\"valueRequired\":true,\"valueName\":\"search_term_string\"}}],\"inLanguage\":\"fr-FR\"}]}<\/script>\n<!-- \/ Yoast SEO plugin. -->","yoast_head_json":{"title":"MIF Playlist 09\/2022 - Musique Ind\u00e9pendante Francophone","description":"Bonne reprise, avec la nouvelle playlist MIF (Musique Ind\u00e9pendante Francophone) de mois du septembre. Programmation musicale : Costas Andreou","robots":{"index":"index","follow":"follow","max-snippet":"max-snippet:-1","max-image-preview":"max-image-preview:large","max-video-preview":"max-video-preview:-1"},"canonical":"https:\/\/www.ifg.gr\/events\/mif-playlist-09-2022\/","og_locale":"fr_FR","og_type":"article","og_title":"MIF Playlist 09\/2022 - Musique Ind\u00e9pendante Francophone","og_description":"Bonne reprise, avec la nouvelle playlist MIF (Musique Ind\u00e9pendante Francophone) de mois du septembre. Programmation musicale : Costas Andreou","og_url":"https:\/\/www.ifg.gr\/events\/mif-playlist-09-2022\/","og_site_name":"IFG","og_image":[{"width":1350,"height":800,"url":"https:\/\/www.ifg.gr\/wp-content\/uploads\/2022\/09\/MIF-Banner-2-09-2022.jpg","type":"image\/jpeg"}],"twitter_card":"summary_large_image","twitter_misc":{"Dur\u00e9e de lecture estim\u00e9e":"7 minutes"},"schema":{"@context":"https:\/\/schema.org","@graph":[{"@type":"WebPage","@id":"https:\/\/www.ifg.gr\/events\/mif-playlist-09-2022\/","url":"https:\/\/www.ifg.gr\/events\/mif-playlist-09-2022\/","name":"MIF Playlist 09\/2022 - Musique Ind\u00e9pendante Francophone","isPartOf":{"@id":"https:\/\/www.ifg.gr\/#website"},"primaryImageOfPage":{"@id":"https:\/\/www.ifg.gr\/events\/mif-playlist-09-2022\/#primaryimage"},"image":{"@id":"https:\/\/www.ifg.gr\/events\/mif-playlist-09-2022\/#primaryimage"},"thumbnailUrl":"https:\/\/www.ifg.gr\/wp-content\/uploads\/2022\/09\/MIF-Banner-2-09-2022.jpg","datePublished":"2022-09-02T07:30:34+00:00","description":"Bonne reprise, avec la nouvelle playlist MIF (Musique Ind\u00e9pendante Francophone) de mois du septembre. Programmation musicale : Costas Andreou","breadcrumb":{"@id":"https:\/\/www.ifg.gr\/events\/mif-playlist-09-2022\/#breadcrumb"},"inLanguage":"fr-FR","potentialAction":[{"@type":"ReadAction","target":["https:\/\/www.ifg.gr\/events\/mif-playlist-09-2022\/"]}]},{"@type":"ImageObject","inLanguage":"fr-FR","@id":"https:\/\/www.ifg.gr\/events\/mif-playlist-09-2022\/#primaryimage","url":"https:\/\/www.ifg.gr\/wp-content\/uploads\/2022\/09\/MIF-Banner-2-09-2022.jpg","contentUrl":"https:\/\/www.ifg.gr\/wp-content\/uploads\/2022\/09\/MIF-Banner-2-09-2022.jpg","width":1350,"height":800},{"@type":"BreadcrumbList","@id":"https:\/\/www.ifg.gr\/events\/mif-playlist-09-2022\/#breadcrumb","itemListElement":[{"@type":"ListItem","position":1,"name":"Home","item":"https:\/\/www.ifg.gr\/fr\/"},{"@type":"ListItem","position":2,"name":"Events","item":"https:\/\/www.ifg.gr\/events\/"},{"@type":"ListItem","position":3,"name":"MIF Playlist 09\/2022"}]},{"@type":"WebSite","@id":"https:\/\/www.ifg.gr\/#website","url":"https:\/\/www.ifg.gr\/","name":"IFG","description":"","potentialAction":[{"@type":"SearchAction","target":{"@type":"EntryPoint","urlTemplate":"https:\/\/www.ifg.gr\/?s={search_term_string}"},"query-input":{"@type":"PropertyValueSpecification","valueRequired":true,"valueName":"search_term_string"}}],"inLanguage":"fr-FR"}]}},"_links":{"self":[{"href":"https:\/\/www.ifg.gr\/fr\/wp-json\/wp\/v2\/event\/46382","targetHints":{"allow":["GET"]}}],"collection":[{"href":"https:\/\/www.ifg.gr\/fr\/wp-json\/wp\/v2\/event"}],"about":[{"href":"https:\/\/www.ifg.gr\/fr\/wp-json\/wp\/v2\/types\/event"}],"author":[{"embeddable":true,"href":"https:\/\/www.ifg.gr\/fr\/wp-json\/wp\/v2\/users\/1"}],"version-history":[{"count":0,"href":"https:\/\/www.ifg.gr\/fr\/wp-json\/wp\/v2\/event\/46382\/revisions"}],"wp:featuredmedia":[{"embeddable":true,"href":"https:\/\/www.ifg.gr\/fr\/wp-json\/wp\/v2\/media\/46376"}],"wp:attachment":[{"href":"https:\/\/www.ifg.gr\/fr\/wp-json\/wp\/v2\/media?parent=46382"}],"wp:term":[{"taxonomy":"post_tag","embeddable":true,"href":"https:\/\/www.ifg.gr\/fr\/wp-json\/wp\/v2\/tags?post=46382"},{"taxonomy":"event_category","embeddable":true,"href":"https:\/\/www.ifg.gr\/fr\/wp-json\/wp\/v2\/event_category?post=46382"},{"taxonomy":"event_group","embeddable":true,"href":"https:\/\/www.ifg.gr\/fr\/wp-json\/wp\/v2\/event_group?post=46382"}],"curies":[{"name":"wp","href":"https:\/\/api.w.org\/{rel}","templated":true}]}}