{"id":46421,"date":"2022-09-06T13:39:40","date_gmt":"2022-09-06T13:39:40","guid":{"rendered":"https:\/\/www.ifg.gr\/events\/prosfygika-1922-2022-nicolas-hubesch\/"},"modified":"2022-09-16T09:35:36","modified_gmt":"2022-09-16T09:35:36","slug":"1922-2022-maisons-de-refugies-nicolas-hubesch","status":"publish","type":"event","link":"https:\/\/www.ifg.gr\/fr\/events\/1922-2022-maisons-de-refugies-nicolas-hubesch\/","title":{"rendered":"\u00ab 1922\/2022, Maisons de r\u00e9fugi\u00e9s \u00bb : exposition des dessins de Nicolas Hubesch"},"content":{"rendered":"<p>L&rsquo;Institut fran\u00e7ais de Gr\u00e8ce pr\u00e9sente l&rsquo;exposition des dessins de l&rsquo;artiste fran\u00e7ais Nicolas Hubesch <strong>\u00ab 1922\/2022, Maisons de r\u00e9fugi\u00e9s \u00bb<\/strong>, inspir\u00e9s par les b\u00e2timents des quartiers de l&rsquo;Attique qui ont accueilli les r\u00e9fugi\u00e9s d\u2019Asie mineure, apr\u00e8s la catastrophe de Smyrne, et qui gardent encore le souvenir de tous ceux qui les ont habit\u00e9s.<\/p>\n<p>\u00ab C\u2019est sans doute gr\u00e2ce au coronavirus que j\u2019ai tant march\u00e9 dans les rues d\u2019Ath\u00e8nes, avec dans ma poche le certificat qui m\u2019autorisait \u00e0 me d\u00e9placer dans un rayon d\u2019un kilom\u00e8tre de Pangrati et des quartiers adjacents : Gouva, Vyrona, Kaissariani \u2026 Au d\u00e9tour de ces ruelles, je d\u00e9couvre les minuscules maisons des r\u00e9fugi\u00e9s d\u2019Asie Mineure. Certaines ont \u00e9t\u00e9 pr\u00e9serv\u00e9es et sont rest\u00e9es belles, mais la plupart se d\u00e9gradent peu \u00e0 peu depuis un si\u00e8cle. Autour d\u2019elles, la ville a pouss\u00e9 comme un champignon.<\/p>\n<p>Au d\u00e9but, c\u2019\u00e9tait des tentes, \u00e0 peine un refuge, qui ont ensuite fait place \u00e0 des cabanes en planches, qui \u00e0 leur tour ont \u00e9t\u00e9 remplac\u00e9es par des bicoques en briques qui existent encore aujourd\u2019hui, dans la rue de Smyrne ou d\u2019Anatolie, \u00e0 l\u2019ombre des hauts b\u00e2timents r\u00e9cents.<\/p>\n<p>Je voulais les dessiner avant qu\u2019ils ne disparaissent d\u00e9finitivement, avec la vie, des gens qui passent, les chats partout, les petits immeubles \u00e0 un \u00e9tage qui ont suivi, comme \u00e0 Nikaia, puis les plus grands, avenue Alexandra. La plupart sont encore habit\u00e9s, mais par d\u2019autres r\u00e9fugi\u00e9s, des Rom, des Pakistanais, des Afghans\u2026<\/p>\n<p>\u00ab Nous sommes tous des r\u00e9fugi\u00e9s \u00bb, ce graffiti que j\u2019ai lu sur un des murs d\u2019Ath\u00e8nes, si simple, il dit tout. \u00bb &#8211; Nicolas Hubesch<\/p>\n<h3>Nicolas Hubesch<\/h3>\n<p>De p\u00e8re belge et de m\u00e8re fran\u00e7aise, Nicolas Hubesch est n\u00e9 en 1969 en banlieue parisienne. Apr\u00e8s un passage par Lyon, Dijon puis Strasbourg o\u00f9 il fr\u00e9quente les Arts D\u00e9coratifs en section illustration, il s&rsquo;\u00e9tablit \u00e0 Paris, pratique divers petits boulots puis commence \u00e0 travailler pour la presse et l&rsquo;\u00e9dition jeunesse chez Bayard, Spirou, Actes Sud Junior et l\u2019\u00c9cole des Loisirs (il collabore avec Serge Bloch, Paul Martin, Catharina Valckx et Jean-Michel Thiriet entre autres). Il travaille avec le sc\u00e9nariste Trap sur la s\u00e9rie de deux tomes Aux fronti\u00e8res du quaternaire, qui paraissent entre 2004 et 2005. En parall\u00e8le, avec ses camarades de l&rsquo;Atelier du Coin, il participe \u00e0 l&rsquo;\u00e9laboration de la revue Capsule Cosmique, dans laquelle il publie La M\u00e9thode de Savoir Survivre et Vladimir sur les toits (de 2004 \u00e0 2006), pendant qu&rsquo;il signe simultan\u00e9ment un album BD avec Anne Baraou aux \u00e9ditions Dargaud. Depuis lors, il a publi\u00e9 une cinquantaine de bandes dessin\u00e9es et d\u2019albums jeunesse pour un grand nombre d\u2019\u00e9diteurs en France.<\/p>\n<p>Depuis 2015, il vit entre Paris et Ath\u00e8nes dont il est tomb\u00e9 amoureux et qui lui a inspir\u00e9 d\u2019innombrables croquis.<\/p>\n<h3>CYCLE \u00ab 1922 -2022 : M\u00e9moires et h\u00e9ritages \u00bb<\/h3>\n<p>Il y a 100 ans, des dizaines de milliers de Grecs install\u00e9s en Asie Mineure depuis pr\u00e8s de 3000 ans ont \u00e9t\u00e9 chass\u00e9s de leur pays ou ont d\u00fb fuir pour \u00e9chapper aux massacres. Cette Grande Catastrophe a modifi\u00e9 \u00e0 jamais le visage de la Gr\u00e8ce contemporaine. \u00bb<\/p>\n<p>L\u2019Institut fran\u00e7ais de Gr\u00e8ce, dont la raison d\u2019\u00eatre est de demeurer le point de rencontre privil\u00e9gi\u00e9 entre les soci\u00e9t\u00e9s grecque et fran\u00e7aise, participe \u00e0 la comm\u00e9moration de cet \u00e9v\u00e9nement majeur de l\u2019histoire de la Gr\u00e8ce et de l\u2019hell\u00e9nisme. De cette mani\u00e8re, l\u2019IFG s\u2019inscrit dans la fid\u00e9lit\u00e9 de l\u2019action conduite en son temps par Octave Merlier, hell\u00e9niste, professeur puis directeur de l\u2019Institut, qui, sous l\u2019effet de la profonde \u00e9motion ressentie face \u00e0 l\u2019afflux de ces r\u00e9fugi\u00e9s d\u00e9munis de tout et d\u2019un sentiment de devoir envers la Gr\u00e8ce \u00e9prouv\u00e9e avait, avec son \u00e9pouse grecque Melpo, rassembl\u00e9 une immense documentation sur la civilisation populaire des r\u00e9fugi\u00e9s grecs d\u2019Asie mineure, aujourd\u2019hui conserv\u00e9e au Centre d\u2019\u00e9tudes d\u2019Asie Mineure \u00e0 Ath\u00e8nes.<\/p>\n<p>\u00c0 cette occasion, l\u2019IFG organise un cycle intitul\u00e9 \u00ab 1922-2022 : M\u00e9moires et H\u00e9ritages \u00bb<strong> qui comprend avec les \u00e9v\u00e9nements suivants :<\/strong><\/p>\n<ul>\n<li><strong>15\/09 \u2013 13\/10\/2022<\/strong> | Exposition des \u0153uvres de Nicolas Hubesch \u00ab 1922\/2022 : Maisons des r\u00e9fugi\u00e9s \u00bb<\/li>\n<li><strong>5\/10\/2022<\/strong> | Table ronde \u00ab <a href=\"https:\/\/www.ifg.gr\/fr\/events\/catastrophe-asie-mineure-romans-graphiques\/\" target=\"_blank\" rel=\"noopener\">La catastrophe de l\u2019Asie Mineure \u00e0 travers les romans graphiques<\/a> \u00bb, avec la participation des \u00e9crivains Allain Glykos et Soloup<\/li>\n<li><strong>11\/10\/2022<\/strong> | Table ronde interdisciplinaire \u00ab 1922-2022 : M\u00e9moires et H\u00e9ritages \u00bb, avec la participation de : Edhem ELDEM, ancien professeur au coll\u00e8ge de France, titulaire de la chaire d\u2019histoire turque et ottomane, M. Vassilis COLONAS, professeur au d\u00e9partement d&rsquo;architecture de l\u2019Universit\u00e9 de Thessalie, Mme Maria ILIOU, r\u00e9alisatrice grecque ; auteure du documentaire Smyrne, la destruction d\u2019une ville cosmopolite, M. Herv\u00e9 GEORGELIN, ma\u00eetre de conf\u00e9rences au d\u00e9partement d&rsquo;\u00e9tudes turques et d\u2019\u00e9tudes asiatiques de l&rsquo;Universit\u00e9 nationale et capodistrienne d\u2019Ath\u00e8nes<\/li>\n<li><strong>12\/10\/2022<\/strong> | Conf\u00e9rence d\u2019Edhem ELDEM, ancien professeur au coll\u00e8ge de France, titulaire de la chaire d\u2019histoire turque et ottomane.<\/li>\n<\/ul>\n<p>&#8212;<\/p>\n<p>\u25aa\u00a0 Inauguration de l\u2019exposition : <strong>jeudi 15 septembre, 19h<\/strong><\/p>\n<p>\u25aa\u00a0 Horaires d\u2019ouverture : <strong>Lundi \u2013 samedi, 08h00 \u2013 17h00<\/strong><\/p>\n","protected":false},"excerpt":{"rendered":"<p>Exposition des dessins de l&rsquo;artiste fran\u00e7ais Nicolas Hubesch dans le Bistrot Paris-Ath\u00e8nes de l&rsquo;IFG. Entr\u00e9e libre.<\/p>\n","protected":false},"author":1,"featured_media":46414,"template":"","tags":[1234,1235,1236,1227,1229,1230,1231,1232,1220],"event_category":[873],"event_group":[],"class_list":["post-46421","event","type-event","status-publish","has-post-thumbnail","hentry","tag-dessin","tag-exposition","tag-1922-2022-memoires-et-heritages","tag-1922-2022-parakatathikes-kai-mnimes-fr","tag-mikrasiatiki-katastrofi-fr","tag-prosfyges-fr","tag-prosfygika-fr","tag-skitso-fr","tag-asie-mineure","event_category-arts-visuels"],"acf":{"sponsors_default":false,"featured_image_credits":"","info_title":"","info_text":"","date_range":{"start":"15\/09\/2022","end":"13\/10\/2022","cancelled":false,"note":"","start_time":"08:00","end_time":"17:00"},"details":{"location":"<p>Bistrot Paris-Ath\u00e8nes, Institut fran\u00e7ais de Gr\u00e8ce<\/p>\n","hyperlink1a":{"text":"","link":""},"price":"Entr\u00e9e libre","hyperlink2a":{"text":"","link":""},"online_event":false,"live_streaming":false,"live_streaming_code":"","facebook_url":"https:\/\/www.facebook.com\/events\/1072717076752908\/1072717080086241","hyperlink":{"text":"","link":""},"hyperlink2":{"text":"","link":""},"hyperlink3":{"text":"","link":""},"press_release":false},"home_slider_image":{"ID":46416,"id":46416,"title":"EXPO_Nicolas Hubesch_1300x768","filename":"EXPO_Nicolas-Hubesch_1300x768.jpg","filesize":1312613,"url":"https:\/\/www.ifg.gr\/wp-content\/uploads\/2022\/09\/EXPO_Nicolas-Hubesch_1300x768.jpg","link":"https:\/\/www.ifg.gr\/fr\/events\/1922-2022-maisons-de-refugies-nicolas-hubesch\/expo_nicolas-hubesch_1300x768-2\/","alt":"NICOLAS HUBESCH \u03a0\u03c1\u03bf\u03c3\u03c6\u03c5\u03b3\u03b9\u03ba\u03ac 1922 \/ 2022","author":"1","description":"NICOLAS HUBESCH\n\u03a0\u03c1\u03bf\u03c3\u03c6\u03c5\u03b3\u03b9\u03ba\u03ac 1922 \/ 2022","caption":"","name":"expo_nicolas-hubesch_1300x768-2","status":"inherit","uploaded_to":46421,"date":"2022-09-06 13:35:58","modified":"2022-09-06 13:36:06","menu_order":0,"mime_type":"image\/jpeg","type":"image","subtype":"jpeg","icon":"https:\/\/www.ifg.gr\/wp-includes\/images\/media\/default.png","width":1300,"height":768,"sizes":{"thumbnail":"https:\/\/www.ifg.gr\/wp-content\/uploads\/2022\/09\/EXPO_Nicolas-Hubesch_1300x768.jpg","thumbnail-width":150,"thumbnail-height":89,"medium":"https:\/\/www.ifg.gr\/wp-content\/uploads\/2022\/09\/EXPO_Nicolas-Hubesch_1300x768.jpg","medium-width":300,"medium-height":177,"medium_large":"https:\/\/www.ifg.gr\/wp-content\/uploads\/2022\/09\/EXPO_Nicolas-Hubesch_1300x768-768x454.jpg","medium_large-width":640,"medium_large-height":378,"large":"https:\/\/www.ifg.gr\/wp-content\/uploads\/2022\/09\/EXPO_Nicolas-Hubesch_1300x768.jpg","large-width":640,"large-height":378,"1536x1536":"https:\/\/www.ifg.gr\/wp-content\/uploads\/2022\/09\/EXPO_Nicolas-Hubesch_1300x768.jpg","1536x1536-width":1300,"1536x1536-height":768,"2048x2048":"https:\/\/www.ifg.gr\/wp-content\/uploads\/2022\/09\/EXPO_Nicolas-Hubesch_1300x768.jpg","2048x2048-width":1300,"2048x2048-height":768,"full-width":"https:\/\/www.ifg.gr\/wp-content\/uploads\/2022\/09\/EXPO_Nicolas-Hubesch_1300x768.jpg","full-width-width":1300,"full-width-height":768,"sidebar":"https:\/\/www.ifg.gr\/wp-content\/uploads\/2022\/09\/EXPO_Nicolas-Hubesch_1300x768.jpg","sidebar-width":1300,"sidebar-height":768,"thumb-sm":"https:\/\/www.ifg.gr\/wp-content\/uploads\/2022\/09\/EXPO_Nicolas-Hubesch_1300x768-220x130.jpg","thumb-sm-width":220,"thumb-sm-height":130,"thumb-square":"https:\/\/www.ifg.gr\/wp-content\/uploads\/2022\/09\/EXPO_Nicolas-Hubesch_1300x768-300x300.jpg","thumb-square-width":300,"thumb-square-height":300,"thumb-big":"https:\/\/www.ifg.gr\/wp-content\/uploads\/2022\/09\/EXPO_Nicolas-Hubesch_1300x768-600x400.jpg","thumb-big-width":600,"thumb-big-height":400,"slider-big":"https:\/\/www.ifg.gr\/wp-content\/uploads\/2022\/09\/EXPO_Nicolas-Hubesch_1300x768.jpg","slider-big-width":1300,"slider-big-height":768}},"sponsors_group":false,"layout":false},"yoast_head":"<!-- This site is optimized with the Yoast SEO plugin v26.8 - https:\/\/yoast.com\/product\/yoast-seo-wordpress\/ -->\n<title>\u00ab 1922\/2022, Maisons de r\u00e9fugi\u00e9s \u00bb : exposition de Nicolas Hubesch<\/title>\n<meta name=\"description\" content=\"Exposition des dessins de l&#039;artiste fran\u00e7ais Nicolas Hubesch dans le Bistrot Paris-Ath\u00e8nes de l&#039;IFG. Entr\u00e9e libre.\" \/>\n<meta name=\"robots\" content=\"index, follow, max-snippet:-1, max-image-preview:large, max-video-preview:-1\" \/>\n<link rel=\"canonical\" href=\"https:\/\/www.ifg.gr\/events\/prosfygika-1922-2022-nicolas-hubesch\/\" \/>\n<meta property=\"og:locale\" content=\"fr_FR\" \/>\n<meta property=\"og:type\" content=\"article\" \/>\n<meta property=\"og:title\" content=\"\u00ab 1922\/2022, Maisons de r\u00e9fugi\u00e9s \u00bb : exposition de Nicolas Hubesch\" \/>\n<meta property=\"og:description\" content=\"Exposition des dessins de l&#039;artiste fran\u00e7ais Nicolas Hubesch dans le Bistrot Paris-Ath\u00e8nes de l&#039;IFG. Entr\u00e9e libre.\" \/>\n<meta property=\"og:url\" content=\"https:\/\/www.ifg.gr\/events\/prosfygika-1922-2022-nicolas-hubesch\/\" \/>\n<meta property=\"og:site_name\" content=\"IFG\" \/>\n<meta property=\"article:modified_time\" content=\"2022-09-16T09:35:36+00:00\" \/>\n<meta property=\"og:image\" content=\"https:\/\/www.ifg.gr\/wp-content\/uploads\/2022\/09\/EXPO_Nicolas-Hubesch_1200x800.jpg\" \/>\n\t<meta property=\"og:image:width\" content=\"1200\" \/>\n\t<meta property=\"og:image:height\" content=\"800\" \/>\n\t<meta property=\"og:image:type\" content=\"image\/jpeg\" \/>\n<meta name=\"twitter:card\" content=\"summary_large_image\" \/>\n<meta name=\"twitter:label1\" content=\"Dur\u00e9e de lecture estim\u00e9e\" \/>\n\t<meta name=\"twitter:data1\" content=\"4 minutes\" \/>\n<script type=\"application\/ld+json\" class=\"yoast-schema-graph\">{\"@context\":\"https:\/\/schema.org\",\"@graph\":[{\"@type\":\"WebPage\",\"@id\":\"https:\/\/www.ifg.gr\/events\/prosfygika-1922-2022-nicolas-hubesch\/\",\"url\":\"https:\/\/www.ifg.gr\/events\/prosfygika-1922-2022-nicolas-hubesch\/\",\"name\":\"\u00ab 1922\/2022, Maisons de r\u00e9fugi\u00e9s \u00bb : exposition de Nicolas Hubesch\",\"isPartOf\":{\"@id\":\"https:\/\/www.ifg.gr\/#website\"},\"primaryImageOfPage\":{\"@id\":\"https:\/\/www.ifg.gr\/events\/prosfygika-1922-2022-nicolas-hubesch\/#primaryimage\"},\"image\":{\"@id\":\"https:\/\/www.ifg.gr\/events\/prosfygika-1922-2022-nicolas-hubesch\/#primaryimage\"},\"thumbnailUrl\":\"https:\/\/www.ifg.gr\/wp-content\/uploads\/2022\/09\/EXPO_Nicolas-Hubesch_1200x800.jpg\",\"datePublished\":\"2022-09-06T13:39:40+00:00\",\"dateModified\":\"2022-09-16T09:35:36+00:00\",\"description\":\"Exposition des dessins de l'artiste fran\u00e7ais Nicolas Hubesch dans le Bistrot Paris-Ath\u00e8nes de l'IFG. Entr\u00e9e libre.\",\"breadcrumb\":{\"@id\":\"https:\/\/www.ifg.gr\/events\/prosfygika-1922-2022-nicolas-hubesch\/#breadcrumb\"},\"inLanguage\":\"fr-FR\",\"potentialAction\":[{\"@type\":\"ReadAction\",\"target\":[\"https:\/\/www.ifg.gr\/events\/prosfygika-1922-2022-nicolas-hubesch\/\"]}]},{\"@type\":\"ImageObject\",\"inLanguage\":\"fr-FR\",\"@id\":\"https:\/\/www.ifg.gr\/events\/prosfygika-1922-2022-nicolas-hubesch\/#primaryimage\",\"url\":\"https:\/\/www.ifg.gr\/wp-content\/uploads\/2022\/09\/EXPO_Nicolas-Hubesch_1200x800.jpg\",\"contentUrl\":\"https:\/\/www.ifg.gr\/wp-content\/uploads\/2022\/09\/EXPO_Nicolas-Hubesch_1200x800.jpg\",\"width\":1200,\"height\":800,\"caption\":\"NICOLAS HUBESCH \u03a0\u03c1\u03bf\u03c3\u03c6\u03c5\u03b3\u03b9\u03ba\u03ac 1922 \/ 2022\"},{\"@type\":\"BreadcrumbList\",\"@id\":\"https:\/\/www.ifg.gr\/events\/prosfygika-1922-2022-nicolas-hubesch\/#breadcrumb\",\"itemListElement\":[{\"@type\":\"ListItem\",\"position\":1,\"name\":\"Home\",\"item\":\"https:\/\/www.ifg.gr\/fr\/\"},{\"@type\":\"ListItem\",\"position\":2,\"name\":\"Events\",\"item\":\"https:\/\/www.ifg.gr\/events\/\"},{\"@type\":\"ListItem\",\"position\":3,\"name\":\"\u00ab 1922\/2022, Maisons de r\u00e9fugi\u00e9s \u00bb : exposition des dessins de Nicolas Hubesch\"}]},{\"@type\":\"WebSite\",\"@id\":\"https:\/\/www.ifg.gr\/#website\",\"url\":\"https:\/\/www.ifg.gr\/\",\"name\":\"IFG\",\"description\":\"\",\"potentialAction\":[{\"@type\":\"SearchAction\",\"target\":{\"@type\":\"EntryPoint\",\"urlTemplate\":\"https:\/\/www.ifg.gr\/?s={search_term_string}\"},\"query-input\":{\"@type\":\"PropertyValueSpecification\",\"valueRequired\":true,\"valueName\":\"search_term_string\"}}],\"inLanguage\":\"fr-FR\"}]}<\/script>\n<!-- \/ Yoast SEO plugin. -->","yoast_head_json":{"title":"\u00ab 1922\/2022, Maisons de r\u00e9fugi\u00e9s \u00bb : exposition de Nicolas Hubesch","description":"Exposition des dessins de l'artiste fran\u00e7ais Nicolas Hubesch dans le Bistrot Paris-Ath\u00e8nes de l'IFG. Entr\u00e9e libre.","robots":{"index":"index","follow":"follow","max-snippet":"max-snippet:-1","max-image-preview":"max-image-preview:large","max-video-preview":"max-video-preview:-1"},"canonical":"https:\/\/www.ifg.gr\/events\/prosfygika-1922-2022-nicolas-hubesch\/","og_locale":"fr_FR","og_type":"article","og_title":"\u00ab 1922\/2022, Maisons de r\u00e9fugi\u00e9s \u00bb : exposition de Nicolas Hubesch","og_description":"Exposition des dessins de l'artiste fran\u00e7ais Nicolas Hubesch dans le Bistrot Paris-Ath\u00e8nes de l'IFG. Entr\u00e9e libre.","og_url":"https:\/\/www.ifg.gr\/events\/prosfygika-1922-2022-nicolas-hubesch\/","og_site_name":"IFG","article_modified_time":"2022-09-16T09:35:36+00:00","og_image":[{"width":1200,"height":800,"url":"https:\/\/www.ifg.gr\/wp-content\/uploads\/2022\/09\/EXPO_Nicolas-Hubesch_1200x800.jpg","type":"image\/jpeg"}],"twitter_card":"summary_large_image","twitter_misc":{"Dur\u00e9e de lecture estim\u00e9e":"4 minutes"},"schema":{"@context":"https:\/\/schema.org","@graph":[{"@type":"WebPage","@id":"https:\/\/www.ifg.gr\/events\/prosfygika-1922-2022-nicolas-hubesch\/","url":"https:\/\/www.ifg.gr\/events\/prosfygika-1922-2022-nicolas-hubesch\/","name":"\u00ab 1922\/2022, Maisons de r\u00e9fugi\u00e9s \u00bb : exposition de Nicolas Hubesch","isPartOf":{"@id":"https:\/\/www.ifg.gr\/#website"},"primaryImageOfPage":{"@id":"https:\/\/www.ifg.gr\/events\/prosfygika-1922-2022-nicolas-hubesch\/#primaryimage"},"image":{"@id":"https:\/\/www.ifg.gr\/events\/prosfygika-1922-2022-nicolas-hubesch\/#primaryimage"},"thumbnailUrl":"https:\/\/www.ifg.gr\/wp-content\/uploads\/2022\/09\/EXPO_Nicolas-Hubesch_1200x800.jpg","datePublished":"2022-09-06T13:39:40+00:00","dateModified":"2022-09-16T09:35:36+00:00","description":"Exposition des dessins de l'artiste fran\u00e7ais Nicolas Hubesch dans le Bistrot Paris-Ath\u00e8nes de l'IFG. Entr\u00e9e libre.","breadcrumb":{"@id":"https:\/\/www.ifg.gr\/events\/prosfygika-1922-2022-nicolas-hubesch\/#breadcrumb"},"inLanguage":"fr-FR","potentialAction":[{"@type":"ReadAction","target":["https:\/\/www.ifg.gr\/events\/prosfygika-1922-2022-nicolas-hubesch\/"]}]},{"@type":"ImageObject","inLanguage":"fr-FR","@id":"https:\/\/www.ifg.gr\/events\/prosfygika-1922-2022-nicolas-hubesch\/#primaryimage","url":"https:\/\/www.ifg.gr\/wp-content\/uploads\/2022\/09\/EXPO_Nicolas-Hubesch_1200x800.jpg","contentUrl":"https:\/\/www.ifg.gr\/wp-content\/uploads\/2022\/09\/EXPO_Nicolas-Hubesch_1200x800.jpg","width":1200,"height":800,"caption":"NICOLAS HUBESCH \u03a0\u03c1\u03bf\u03c3\u03c6\u03c5\u03b3\u03b9\u03ba\u03ac 1922 \/ 2022"},{"@type":"BreadcrumbList","@id":"https:\/\/www.ifg.gr\/events\/prosfygika-1922-2022-nicolas-hubesch\/#breadcrumb","itemListElement":[{"@type":"ListItem","position":1,"name":"Home","item":"https:\/\/www.ifg.gr\/fr\/"},{"@type":"ListItem","position":2,"name":"Events","item":"https:\/\/www.ifg.gr\/events\/"},{"@type":"ListItem","position":3,"name":"\u00ab 1922\/2022, Maisons de r\u00e9fugi\u00e9s \u00bb : exposition des dessins de Nicolas Hubesch"}]},{"@type":"WebSite","@id":"https:\/\/www.ifg.gr\/#website","url":"https:\/\/www.ifg.gr\/","name":"IFG","description":"","potentialAction":[{"@type":"SearchAction","target":{"@type":"EntryPoint","urlTemplate":"https:\/\/www.ifg.gr\/?s={search_term_string}"},"query-input":{"@type":"PropertyValueSpecification","valueRequired":true,"valueName":"search_term_string"}}],"inLanguage":"fr-FR"}]}},"_links":{"self":[{"href":"https:\/\/www.ifg.gr\/fr\/wp-json\/wp\/v2\/event\/46421","targetHints":{"allow":["GET"]}}],"collection":[{"href":"https:\/\/www.ifg.gr\/fr\/wp-json\/wp\/v2\/event"}],"about":[{"href":"https:\/\/www.ifg.gr\/fr\/wp-json\/wp\/v2\/types\/event"}],"author":[{"embeddable":true,"href":"https:\/\/www.ifg.gr\/fr\/wp-json\/wp\/v2\/users\/1"}],"version-history":[{"count":0,"href":"https:\/\/www.ifg.gr\/fr\/wp-json\/wp\/v2\/event\/46421\/revisions"}],"wp:featuredmedia":[{"embeddable":true,"href":"https:\/\/www.ifg.gr\/fr\/wp-json\/wp\/v2\/media\/46414"}],"wp:attachment":[{"href":"https:\/\/www.ifg.gr\/fr\/wp-json\/wp\/v2\/media?parent=46421"}],"wp:term":[{"taxonomy":"post_tag","embeddable":true,"href":"https:\/\/www.ifg.gr\/fr\/wp-json\/wp\/v2\/tags?post=46421"},{"taxonomy":"event_category","embeddable":true,"href":"https:\/\/www.ifg.gr\/fr\/wp-json\/wp\/v2\/event_category?post=46421"},{"taxonomy":"event_group","embeddable":true,"href":"https:\/\/www.ifg.gr\/fr\/wp-json\/wp\/v2\/event_group?post=46421"}],"curies":[{"name":"wp","href":"https:\/\/api.w.org\/{rel}","templated":true}]}}