{"id":46556,"date":"2022-09-15T10:30:12","date_gmt":"2022-09-15T10:30:12","guid":{"rendered":"https:\/\/www.ifg.gr\/events\/mif-dj-set\/"},"modified":"2022-09-16T12:54:19","modified_gmt":"2022-09-16T12:54:19","slug":"mif-dj-set","status":"publish","type":"event","link":"https:\/\/www.ifg.gr\/fr\/events\/mif-dj-set\/","title":{"rendered":"MIF DJ set : musique francophone au coucher du soleil"},"content":{"rendered":"<p>Dans le cadre du <a href=\"https:\/\/www.ifg.gr\/fr\/tag\/musique-independante-francophone-fr-2\/\" target=\"_blank\" rel=\"noopener\">cycle MIF<\/a> (Musique Ind\u00e9pendante Francophone) de l&rsquo;Institut Fran\u00e7ais de Gr\u00e8ce, particuli\u00e8rement appr\u00e9ci\u00e9e du public depuis son lancement en 2021, nous vous invitons \u00e0 profiter d&rsquo;un DJ set avec des titres s\u00e9lectionn\u00e9s parmi les playlists, pr\u00e9sent\u00e9 par le musicien <a href=\"https:\/\/www.costasandreou.com\/\" target=\"_blank\" rel=\"noopener\">Costas Andreou<\/a>.<\/p>\n<h3>De l&rsquo;internet \u00e0 un lieu \u00e0 la vue spectaculaire<\/h3>\n<p>Le musicien Costas Andreou transpose les morceux de ce rendez-vous virtuel mensuel habituel, sur le magnifique rooftop de l&rsquo;Olympias Rooftop Bar \u00e0 l&rsquo;heure du coucher du soleil. Le public aura l&rsquo;occasion d&rsquo;\u00e9couter un DJ set de musique francophone aux couleurs diverses et sophistiqu\u00e9es, tout en profitant de la vue, du ciel nocturne, ainsi que des boissons et des cocktails propos\u00e9s par les barmen exp\u00e9riment\u00e9s de l&rsquo;Olympias Rooftop Bar.<\/p>\n<h3>D\u00e9couvrir la musique ind\u00e9pendante francophone<\/h3>\n<p>L\u2019initiative MIF est une nouvelle proposition pour d\u00e9couvrir la musique francophone ind\u00e9pendante. Chaque mois, une nouvelle playlist pr\u00e9sente une s\u00e9lection de musique d&rsquo;artistes, de groupes et de labels ind\u00e9pendants de France, ainsi que des morceaux en langue fran\u00e7aise du monde entier.<\/p>\n<p>La musique est s\u00e9lectionn\u00e9e par Costas Andreou, chaque playlist proposant diff\u00e9rents genres musicaux et \u00e9tant organis\u00e9e de mani\u00e8re \u00e0 ce que l&rsquo;auditeur puisse explorer davantage les sorties qui l&rsquo;int\u00e9ressent. Chaque morceau de la playlist comporte un lien vers l\u2019album, tel que disponible sur la plateforme Bandcamp, pour acheter le morceau de musique ou l&rsquo;album sur lequel il est inclus.<\/p>\n<p>Les playlists sont <a href=\"https:\/\/www.ifg.gr\/fr\/tag\/musique-independante-francophone-fr-2\/\" target=\"_blank\" rel=\"noopener\">publi\u00e9es sur le site de l&rsquo;Institut fran\u00e7ais de Gr\u00e8ce<\/a> le premier vendredi de chaque mois, ainsi que sur les comptes <a href=\"https:\/\/open.spotify.com\/user\/2n20n3nzfs7hsor7bpajrw7jc?si=n0Bcf60wTpilCVEDQXRcTA&amp;nd=1\" target=\"_blank\" rel=\"noopener\">Spotify<\/a> et <a href=\"https:\/\/www.youtube.com\/user\/GallikoInstitouto\/playlists\" target=\"_blank\" rel=\"noopener\">YouTube<\/a> de l&rsquo;IFG.<\/p>\n","protected":false},"excerpt":{"rendered":"<p>DJ set de Costas Andreou au Olympia Rooftop Bar avec une s\u00e9lection de titres issus des playlists MIF. Entr\u00e9e libre.<\/p>\n","protected":false},"author":1,"featured_media":46548,"template":"","tags":[954,981,993],"event_category":[984],"event_group":[],"class_list":["post-46556","event","type-event","status-publish","has-post-thumbnail","hentry","tag-mif-fr","tag-musique-independante-francophone-fr","tag-musique-independante-francophone-fr-2","event_category-musique"],"acf":{"sponsors_default":false,"featured_image_credits":"","info_title":"","info_text":"","date_range":{"start":"23\/09\/2022","end":"","cancelled":false,"note":"","start_time":"20:00","end_time":""},"details":{"location":"<p>Olympias Rooftop Bar | Athinas 57, Ath\u00e8nes <\/p>\n","hyperlink1a":{"text":"","link":""},"price":"Entr\u00e9e libre | R\u00e9servations : 2103248507","hyperlink2a":{"text":"","link":""},"online_event":false,"live_streaming":false,"live_streaming_code":"","facebook_url":"https:\/\/www.facebook.com\/events\/1064881140883803","hyperlink":{"text":"","link":""},"hyperlink2":{"text":"","link":""},"hyperlink3":{"text":"","link":""},"press_release":false},"home_slider_image":false,"sponsors_group":false,"layout":false},"yoast_head":"<!-- This site is optimized with the Yoast SEO plugin v26.8 - https:\/\/yoast.com\/product\/yoast-seo-wordpress\/ -->\n<title>MIF DJ set : musique francophone au coucher du soleil<\/title>\n<meta name=\"description\" content=\"DJ set de Costas Andreou au Olympia Rooftop Bar avec une s\u00e9lection de titres issus des playlists MIF. Entr\u00e9e libre.\" \/>\n<meta name=\"robots\" content=\"index, follow, max-snippet:-1, max-image-preview:large, max-video-preview:-1\" \/>\n<link rel=\"canonical\" href=\"https:\/\/www.ifg.gr\/fr\/events\/mif-dj-set\/\" \/>\n<meta property=\"og:locale\" content=\"fr_FR\" \/>\n<meta property=\"og:type\" content=\"article\" \/>\n<meta property=\"og:title\" content=\"MIF DJ set : musique francophone au coucher du soleil\" \/>\n<meta property=\"og:description\" content=\"DJ set de Costas Andreou au Olympia Rooftop Bar avec une s\u00e9lection de titres issus des playlists MIF. Entr\u00e9e libre.\" \/>\n<meta property=\"og:url\" content=\"https:\/\/www.ifg.gr\/fr\/events\/mif-dj-set\/\" \/>\n<meta property=\"og:site_name\" content=\"IFG\" \/>\n<meta property=\"article:modified_time\" content=\"2022-09-16T12:54:19+00:00\" \/>\n<meta property=\"og:image\" content=\"https:\/\/www.ifg.gr\/wp-content\/uploads\/2022\/09\/MIF-Event-02.jpg\" \/>\n\t<meta property=\"og:image:width\" content=\"1350\" \/>\n\t<meta property=\"og:image:height\" content=\"800\" \/>\n\t<meta property=\"og:image:type\" content=\"image\/jpeg\" \/>\n<meta name=\"twitter:card\" content=\"summary_large_image\" \/>\n<meta name=\"twitter:label1\" content=\"Dur\u00e9e de lecture estim\u00e9e\" \/>\n\t<meta name=\"twitter:data1\" content=\"2 minutes\" \/>\n<script type=\"application\/ld+json\" class=\"yoast-schema-graph\">{\"@context\":\"https:\/\/schema.org\",\"@graph\":[{\"@type\":\"WebPage\",\"@id\":\"https:\/\/www.ifg.gr\/fr\/events\/mif-dj-set\/\",\"url\":\"https:\/\/www.ifg.gr\/fr\/events\/mif-dj-set\/\",\"name\":\"MIF DJ set : musique francophone au coucher du soleil\",\"isPartOf\":{\"@id\":\"https:\/\/www.ifg.gr\/#website\"},\"primaryImageOfPage\":{\"@id\":\"https:\/\/www.ifg.gr\/fr\/events\/mif-dj-set\/#primaryimage\"},\"image\":{\"@id\":\"https:\/\/www.ifg.gr\/fr\/events\/mif-dj-set\/#primaryimage\"},\"thumbnailUrl\":\"https:\/\/www.ifg.gr\/wp-content\/uploads\/2022\/09\/MIF-Event-02.jpg\",\"datePublished\":\"2022-09-15T10:30:12+00:00\",\"dateModified\":\"2022-09-16T12:54:19+00:00\",\"description\":\"DJ set de Costas Andreou au Olympia Rooftop Bar avec une s\u00e9lection de titres issus des playlists MIF. Entr\u00e9e libre.\",\"breadcrumb\":{\"@id\":\"https:\/\/www.ifg.gr\/fr\/events\/mif-dj-set\/#breadcrumb\"},\"inLanguage\":\"fr-FR\",\"potentialAction\":[{\"@type\":\"ReadAction\",\"target\":[\"https:\/\/www.ifg.gr\/fr\/events\/mif-dj-set\/\"]}]},{\"@type\":\"ImageObject\",\"inLanguage\":\"fr-FR\",\"@id\":\"https:\/\/www.ifg.gr\/fr\/events\/mif-dj-set\/#primaryimage\",\"url\":\"https:\/\/www.ifg.gr\/wp-content\/uploads\/2022\/09\/MIF-Event-02.jpg\",\"contentUrl\":\"https:\/\/www.ifg.gr\/wp-content\/uploads\/2022\/09\/MIF-Event-02.jpg\",\"width\":1350,\"height\":800,\"caption\":\"MIF \u0393\u03b1\u03bb\u03bb\u03cc\u03c6\u03c9\u03bd\u03b7 \u03bc\u03bf\u03c5\u03c3\u03b9\u03ba\u03ae \u03c3\u03c4\u03bf \u03b7\u03bb\u03b9\u03bf\u03b2\u03b1\u03c3\u03af\u03bb\u03b5\u03bc\u03b1\"},{\"@type\":\"BreadcrumbList\",\"@id\":\"https:\/\/www.ifg.gr\/fr\/events\/mif-dj-set\/#breadcrumb\",\"itemListElement\":[{\"@type\":\"ListItem\",\"position\":1,\"name\":\"Home\",\"item\":\"https:\/\/www.ifg.gr\/fr\/\"},{\"@type\":\"ListItem\",\"position\":2,\"name\":\"Events\",\"item\":\"https:\/\/www.ifg.gr\/events\/\"},{\"@type\":\"ListItem\",\"position\":3,\"name\":\"MIF DJ set : musique francophone au coucher du soleil\"}]},{\"@type\":\"WebSite\",\"@id\":\"https:\/\/www.ifg.gr\/#website\",\"url\":\"https:\/\/www.ifg.gr\/\",\"name\":\"IFG\",\"description\":\"\",\"potentialAction\":[{\"@type\":\"SearchAction\",\"target\":{\"@type\":\"EntryPoint\",\"urlTemplate\":\"https:\/\/www.ifg.gr\/?s={search_term_string}\"},\"query-input\":{\"@type\":\"PropertyValueSpecification\",\"valueRequired\":true,\"valueName\":\"search_term_string\"}}],\"inLanguage\":\"fr-FR\"}]}<\/script>\n<!-- \/ Yoast SEO plugin. -->","yoast_head_json":{"title":"MIF DJ set : musique francophone au coucher du soleil","description":"DJ set de Costas Andreou au Olympia Rooftop Bar avec une s\u00e9lection de titres issus des playlists MIF. Entr\u00e9e libre.","robots":{"index":"index","follow":"follow","max-snippet":"max-snippet:-1","max-image-preview":"max-image-preview:large","max-video-preview":"max-video-preview:-1"},"canonical":"https:\/\/www.ifg.gr\/fr\/events\/mif-dj-set\/","og_locale":"fr_FR","og_type":"article","og_title":"MIF DJ set : musique francophone au coucher du soleil","og_description":"DJ set de Costas Andreou au Olympia Rooftop Bar avec une s\u00e9lection de titres issus des playlists MIF. Entr\u00e9e libre.","og_url":"https:\/\/www.ifg.gr\/fr\/events\/mif-dj-set\/","og_site_name":"IFG","article_modified_time":"2022-09-16T12:54:19+00:00","og_image":[{"width":1350,"height":800,"url":"https:\/\/www.ifg.gr\/wp-content\/uploads\/2022\/09\/MIF-Event-02.jpg","type":"image\/jpeg"}],"twitter_card":"summary_large_image","twitter_misc":{"Dur\u00e9e de lecture estim\u00e9e":"2 minutes"},"schema":{"@context":"https:\/\/schema.org","@graph":[{"@type":"WebPage","@id":"https:\/\/www.ifg.gr\/fr\/events\/mif-dj-set\/","url":"https:\/\/www.ifg.gr\/fr\/events\/mif-dj-set\/","name":"MIF DJ set : musique francophone au coucher du soleil","isPartOf":{"@id":"https:\/\/www.ifg.gr\/#website"},"primaryImageOfPage":{"@id":"https:\/\/www.ifg.gr\/fr\/events\/mif-dj-set\/#primaryimage"},"image":{"@id":"https:\/\/www.ifg.gr\/fr\/events\/mif-dj-set\/#primaryimage"},"thumbnailUrl":"https:\/\/www.ifg.gr\/wp-content\/uploads\/2022\/09\/MIF-Event-02.jpg","datePublished":"2022-09-15T10:30:12+00:00","dateModified":"2022-09-16T12:54:19+00:00","description":"DJ set de Costas Andreou au Olympia Rooftop Bar avec une s\u00e9lection de titres issus des playlists MIF. Entr\u00e9e libre.","breadcrumb":{"@id":"https:\/\/www.ifg.gr\/fr\/events\/mif-dj-set\/#breadcrumb"},"inLanguage":"fr-FR","potentialAction":[{"@type":"ReadAction","target":["https:\/\/www.ifg.gr\/fr\/events\/mif-dj-set\/"]}]},{"@type":"ImageObject","inLanguage":"fr-FR","@id":"https:\/\/www.ifg.gr\/fr\/events\/mif-dj-set\/#primaryimage","url":"https:\/\/www.ifg.gr\/wp-content\/uploads\/2022\/09\/MIF-Event-02.jpg","contentUrl":"https:\/\/www.ifg.gr\/wp-content\/uploads\/2022\/09\/MIF-Event-02.jpg","width":1350,"height":800,"caption":"MIF \u0393\u03b1\u03bb\u03bb\u03cc\u03c6\u03c9\u03bd\u03b7 \u03bc\u03bf\u03c5\u03c3\u03b9\u03ba\u03ae \u03c3\u03c4\u03bf \u03b7\u03bb\u03b9\u03bf\u03b2\u03b1\u03c3\u03af\u03bb\u03b5\u03bc\u03b1"},{"@type":"BreadcrumbList","@id":"https:\/\/www.ifg.gr\/fr\/events\/mif-dj-set\/#breadcrumb","itemListElement":[{"@type":"ListItem","position":1,"name":"Home","item":"https:\/\/www.ifg.gr\/fr\/"},{"@type":"ListItem","position":2,"name":"Events","item":"https:\/\/www.ifg.gr\/events\/"},{"@type":"ListItem","position":3,"name":"MIF DJ set : musique francophone au coucher du soleil"}]},{"@type":"WebSite","@id":"https:\/\/www.ifg.gr\/#website","url":"https:\/\/www.ifg.gr\/","name":"IFG","description":"","potentialAction":[{"@type":"SearchAction","target":{"@type":"EntryPoint","urlTemplate":"https:\/\/www.ifg.gr\/?s={search_term_string}"},"query-input":{"@type":"PropertyValueSpecification","valueRequired":true,"valueName":"search_term_string"}}],"inLanguage":"fr-FR"}]}},"_links":{"self":[{"href":"https:\/\/www.ifg.gr\/fr\/wp-json\/wp\/v2\/event\/46556","targetHints":{"allow":["GET"]}}],"collection":[{"href":"https:\/\/www.ifg.gr\/fr\/wp-json\/wp\/v2\/event"}],"about":[{"href":"https:\/\/www.ifg.gr\/fr\/wp-json\/wp\/v2\/types\/event"}],"author":[{"embeddable":true,"href":"https:\/\/www.ifg.gr\/fr\/wp-json\/wp\/v2\/users\/1"}],"version-history":[{"count":0,"href":"https:\/\/www.ifg.gr\/fr\/wp-json\/wp\/v2\/event\/46556\/revisions"}],"wp:featuredmedia":[{"embeddable":true,"href":"https:\/\/www.ifg.gr\/fr\/wp-json\/wp\/v2\/media\/46548"}],"wp:attachment":[{"href":"https:\/\/www.ifg.gr\/fr\/wp-json\/wp\/v2\/media?parent=46556"}],"wp:term":[{"taxonomy":"post_tag","embeddable":true,"href":"https:\/\/www.ifg.gr\/fr\/wp-json\/wp\/v2\/tags?post=46556"},{"taxonomy":"event_category","embeddable":true,"href":"https:\/\/www.ifg.gr\/fr\/wp-json\/wp\/v2\/event_category?post=46556"},{"taxonomy":"event_group","embeddable":true,"href":"https:\/\/www.ifg.gr\/fr\/wp-json\/wp\/v2\/event_group?post=46556"}],"curies":[{"name":"wp","href":"https:\/\/api.w.org\/{rel}","templated":true}]}}