{"id":46656,"date":"2022-09-27T12:50:03","date_gmt":"2022-09-27T12:50:03","guid":{"rendered":"https:\/\/www.ifg.gr\/?post_type=event&#038;p=46656"},"modified":"2022-10-11T13:06:11","modified_gmt":"2022-10-11T13:06:11","slug":"100-ans-asie-mineure","status":"publish","type":"event","link":"https:\/\/www.ifg.gr\/fr\/events\/100-ans-asie-mineure\/","title":{"rendered":"Table ronde | 100 ans : Asie Mineure, bien aim\u00e9e"},"content":{"rendered":"<p>Dans le cadre de la comm\u00e9moration du centenaire de la catastrophe d\u2019Asie Mineure (1922-2022), l\u2019Institut fran\u00e7ais de Gr\u00e8ce (IFG) y contribue, en s\u2019inscrivant dans la continuit\u00e9 de l\u2019action conduite en son temps par <strong>Octave Merlier<\/strong>, directeur de l\u2019IFG de 1925 \u00e0 1961.<\/p>\n<p>N\u00e9o-hell\u00e9niste distingu\u00e9, sous l\u2019effet d\u2019un profond sentiment de devoir envers la Gr\u00e8ce \u00e9prouv\u00e9e, Octave Merlier avait, avec son \u00e9pouse Melpo, contribu\u00e9 \u00e0 la naissance du Centre d\u2019\u00e9tudes d\u2019Asie Mineure qui, imm\u00e9diatement apr\u00e8s la Catastrophe d\u2019Asie Mineure de 1922, s\u2019\u00e9tait tourn\u00e9 vers l\u2019\u00e9tude syst\u00e9matique de la civilisation \u00ab populaire \u00bb des r\u00e9fugi\u00e9s grecs d\u2019Asie Mineure.<\/p>\n<p>\u00c0 cette occasion, l\u2019Institut fran\u00e7ais de Gr\u00e8ce organise une table ronde franco-hell\u00e9nique interdisciplinaire, dans le cadre du cycle \u00ab <a href=\"https:\/\/www.ifg.gr\/fr\/tag\/1922-2022-parakatathikes-kai-mnimes-fr\/\" target=\"_blank\" rel=\"noopener\">1922-2022 : M\u00e9moires et H\u00e9ritages<\/a> \u00bb, sur les axes suivants :<\/p>\n<ul>\n<li>Le cadre cosmopolite \u00ab intercommunautaire \u00bb des villes ottomanes \u2013 ports en M\u00e9diterran\u00e9e aux d\u00e9buts du 20e si\u00e8cle ;<\/li>\n<li>L&rsquo;espace urbain de Smyrne de l\u2019avant 1922 ;<\/li>\n<li>Lecture d\u2019un extrait du roman Une amiti\u00e9 \u00e0 Smyrne et projection d\u2019un extrait du documentaire historique de Maria Iliou, Smyrne, la catastrophe d\u2019une ville cosmopolite, 1900-1922 ;<\/li>\n<li>Le r\u00f4le du couple Merlier dans la sauvegarde du patrimoine immat\u00e9riel: musique, chant, souvenirs, et connaissances des Grecs d&rsquo;Asie Mineure<\/li>\n<\/ul>\n<h3><\/h3>\n<h3>Programme | 100 ans : Asie Mineure, bien aim\u00e9e<\/h3>\n<p>Table ronde <strong>anim\u00e9e<\/strong> par <strong>Michel Varlas<\/strong>, historien et <strong>Alexandros Kitroef<\/strong>, historien, professeur \u00e9m\u00e9rite \u00e0 Haverford College<\/p>\n<p><strong>Participants<\/strong> : Vassilis COLONAS, Edhem ELDEM, Herv\u00e9 GEORGELIN, Maria ILIOU<\/p>\n<p>\u25ba <strong>19:00 :<\/strong> Allocution de bienvenue par M. Nicolas Eybalin, Conseiller de coop\u00e9ration d\u2019action culturelle pr\u00e8s de l\u2019Ambassade et directeur de l\u2019Institut fran\u00e7ais de Gr\u00e8ce<br \/>\n\u25ba <strong>19:10 : <\/strong> Introduction de la table ronde par Michel Varlas<br \/>\n\u25ba <strong>19:30-20.15 :<\/strong> Interventions des participants :<br \/>\n\u25ba <strong>19.30-19.40 :<\/strong> Edhem ELDEM, professeur au coll\u00e8ge de France, titulaire de la chaire d\u2019histoire turque et ottomane, Professeur du d\u00e9partement d\u2019histoire, universit\u00e9 de Bogazi\u00e7i, Istanbul<\/p>\n<p><strong>Titre<\/strong> : <em>Le chant du cygne du cosmopolitisme<\/em><br \/>\nLe cadre cosmopolite \u00ab intercommunautaire \u00bb des villes ottomanes \u2013 ports en M\u00e9diterran\u00e9e aux d\u00e9buts du 20\u00e8me si\u00e8cle.<\/p>\n<p>\u25ba <strong>19:40-19:50 :<\/strong> Vassilis COLONAS, Historien de l\u2019architecture (univ. de Thessalie)<br \/>\nTitre : Smyrne du 19e au 20e si\u00e8cle : ville architecture<\/p>\n<p>Apr\u00e8s avoir mentionn\u00e9 les caract\u00e9ristiques principales de l&rsquo;espace urbain sur Smyrne de l\u2019avant 1922, Vassilis Colonas pr\u00e9sentera les b\u00e2timents dus \u00e0 une initiative communautaire, les b\u00e2timents qui abritent des usages commerciaux et de loisirs et bien s\u00fbr l\u2019habitation priv\u00e9e \u00e0 travers l&rsquo;activit\u00e9 des architectes grecs et la relation qu&rsquo;ils avaient d\u00e9velopp\u00e9e avec les commanditeurs de leurs projets.<\/p>\n<p>\u25ba <strong>19:50-20:00 :<\/strong> Maria ILIOU, r\u00e9alisatrice, sc\u00e9nariste et auteure grecque<br \/>\nMaria Iliou lira des extraits de son r\u00e9cent roman Une amiti\u00e9 \u00e0 Smyrne et projettera un extrait de son documentaire historique \u00ab Smyrne, la catastrophe d\u2019une ville cosmopolite, 1900-1922 \u00bb.<\/p>\n<p>\u25ba <strong>20:00-20:10 :<\/strong> Herv\u00e9 GEORGELIN, ma\u00eetre de conf\u00e9rences au d\u00e9partement d&rsquo;\u00e9tudes turques et d\u2019\u00e9tudes asiatiques contemporaines de l&rsquo;universit\u00e9 nationale et capodistrienne d\u2019Ath\u00e8nes<br \/>\nTitre : France et Administration Grecque d&rsquo;Asie Mineure: histoires divergentes<\/p>\n<p>Apr\u00e8s avoir accueilli favorablement les revendications des peuples domin\u00e9s de l&rsquo;Empire ottoman, la R\u00e9publique fran\u00e7aise se d\u00e9tourne de la Gr\u00e8ce et contribue \u00e0 sa d\u00e9faite devant les troupes k\u00e9malistes. Des ann\u00e9es plus tard, en Gr\u00e8ce, un couple franco-grec les Merlier, Octave et Melp\u00f4, joueront un r\u00f4le essentiel dans la sauvegarde du patrimoine immat\u00e9riel: musique, chant, souvenirs, et connaissances des Grecs d&rsquo;Asie Mineure.<\/p>\n<p>\u25ba <strong>20:15-21:00 <\/strong>:\u00a0Table ronde<\/p>\n<p>Questions, interactions avec l\u2019auditoire-Cl\u00f4ture et commentaires par Alexandros Kitroef<\/p>\n<h3><\/h3>\n<h3>Informations<\/h3>\n<ul>\n<li>Traduction simultan\u00e9e<\/li>\n<\/ul>\n<p>\u2192 La discussion sera \u00e9galement <strong>diffus\u00e9e en ligne<\/strong>\u00a0sur <a href=\"https:\/\/www.ifg.gr\/fr\/diffusion-en-direct\/\" target=\"_blank\" rel=\"noopener\">ifg.gr<\/a><br \/>\nLes retransmissions ont lieu dans le cadre du partenariat de l\u2019Institut fran\u00e7ais de Gr\u00e8ce avec le <a href=\"https:\/\/diavlos.grnet.gr\/en\" target=\"_blank\" rel=\"noopener\">service DIAVLOS<\/a> de GRNET<\/p>\n","protected":false},"excerpt":{"rendered":"<p>Table ronde interdisciplinaire, dans le cadre du cycle \u00ab 1922-2022 : M\u00e9moires et H\u00e9ritages \u00bb. Entr\u00e9e libre.<\/p>\n","protected":false},"author":1,"featured_media":46658,"template":"","tags":[1256,1236,1220],"event_category":[875],"event_group":[],"class_list":["post-46656","event","type-event","status-publish","has-post-thumbnail","hentry","tag-octave-merlier-fr","tag-1922-2022-memoires-et-heritages","tag-asie-mineure","event_category-debat-didees-et-sciences"],"acf":{"sponsors_default":false,"featured_image_credits":"Octave et Melpo Merlier | \u00a9 Tous droits r\u00e9serv\u00e9s","info_title":"","info_text":"","date_range":{"start":"11\/10\/2022","end":"","cancelled":false,"note":"","start_time":"19:00","end_time":""},"details":{"location":"<p>Auditorium Theo Angelopoulos<\/p>\n","hyperlink1a":{"text":"","link":""},"price":"Entr\u00e9e libre","hyperlink2a":{"text":"","link":""},"online_event":false,"live_streaming":true,"live_streaming_code":"<iframe allowfullscreen width=\"640\" height=\"390\" class=\"flowplayer fp-slim fp-edgy\" frameborder=\"0\" scrolling=\"no\" src=\"https:\/\/diavlos.grnet.gr\/en\/room\/3184?eventid=12937&stream_lang=fr&embed=true&width=640\"><\/iframe>","facebook_url":"https:\/\/www.facebook.com\/events\/3429627487264971","hyperlink":{"text":"","link":""},"hyperlink2":{"text":"","link":""},"hyperlink3":{"text":"","link":""},"press_release":false},"home_slider_image":{"ID":46649,"id":46649,"title":"ASIE MINEURE, BIEN AIM\u00c9E_1300x768","filename":"ASIE-MINEURE-BIEN-AIMEE_1300x768.jpg","filesize":489763,"url":"https:\/\/www.ifg.gr\/wp-content\/uploads\/2022\/09\/ASIE-MINEURE-BIEN-AIMEE_1300x768.jpg","link":"https:\/\/www.ifg.gr\/fr\/events\/100-ans-asie-mineure\/asie-mineure-bien-aimee_1300x768-2\/","alt":"100 \u03c7\u03c1\u03cc\u03bd\u03b9\u03b1 \u03b1\u03b3\u03b1\u03c0\u03b7\u03bc\u03ad\u03bd\u03b7 \u039c\u03b9\u03ba\u03c1\u03ac \u0391\u03c3\u03af\u03b1","author":"1","description":"100 \u03c7\u03c1\u03cc\u03bd\u03b9\u03b1 \u03b1\u03b3\u03b1\u03c0\u03b7\u03bc\u03ad\u03bd\u03b7 \u039c\u03b9\u03ba\u03c1\u03ac \u0391\u03c3\u03af\u03b1","caption":"","name":"asie-mineure-bien-aimee_1300x768-2","status":"inherit","uploaded_to":46656,"date":"2022-09-27 12:39:29","modified":"2022-09-27 12:39:35","menu_order":0,"mime_type":"image\/jpeg","type":"image","subtype":"jpeg","icon":"https:\/\/www.ifg.gr\/wp-includes\/images\/media\/default.png","width":1300,"height":768,"sizes":{"thumbnail":"https:\/\/www.ifg.gr\/wp-content\/uploads\/2022\/09\/ASIE-MINEURE-BIEN-AIMEE_1300x768.jpg","thumbnail-width":150,"thumbnail-height":89,"medium":"https:\/\/www.ifg.gr\/wp-content\/uploads\/2022\/09\/ASIE-MINEURE-BIEN-AIMEE_1300x768.jpg","medium-width":300,"medium-height":177,"medium_large":"https:\/\/www.ifg.gr\/wp-content\/uploads\/2022\/09\/ASIE-MINEURE-BIEN-AIMEE_1300x768-768x454.jpg","medium_large-width":640,"medium_large-height":378,"large":"https:\/\/www.ifg.gr\/wp-content\/uploads\/2022\/09\/ASIE-MINEURE-BIEN-AIMEE_1300x768.jpg","large-width":640,"large-height":378,"1536x1536":"https:\/\/www.ifg.gr\/wp-content\/uploads\/2022\/09\/ASIE-MINEURE-BIEN-AIMEE_1300x768.jpg","1536x1536-width":1300,"1536x1536-height":768,"2048x2048":"https:\/\/www.ifg.gr\/wp-content\/uploads\/2022\/09\/ASIE-MINEURE-BIEN-AIMEE_1300x768.jpg","2048x2048-width":1300,"2048x2048-height":768,"full-width":"https:\/\/www.ifg.gr\/wp-content\/uploads\/2022\/09\/ASIE-MINEURE-BIEN-AIMEE_1300x768.jpg","full-width-width":1300,"full-width-height":768,"sidebar":"https:\/\/www.ifg.gr\/wp-content\/uploads\/2022\/09\/ASIE-MINEURE-BIEN-AIMEE_1300x768.jpg","sidebar-width":1300,"sidebar-height":768,"thumb-sm":"https:\/\/www.ifg.gr\/wp-content\/uploads\/2022\/09\/ASIE-MINEURE-BIEN-AIMEE_1300x768-220x130.jpg","thumb-sm-width":220,"thumb-sm-height":130,"thumb-square":"https:\/\/www.ifg.gr\/wp-content\/uploads\/2022\/09\/ASIE-MINEURE-BIEN-AIMEE_1300x768-300x300.jpg","thumb-square-width":300,"thumb-square-height":300,"thumb-big":"https:\/\/www.ifg.gr\/wp-content\/uploads\/2022\/09\/ASIE-MINEURE-BIEN-AIMEE_1300x768-600x400.jpg","thumb-big-width":600,"thumb-big-height":400,"slider-big":"https:\/\/www.ifg.gr\/wp-content\/uploads\/2022\/09\/ASIE-MINEURE-BIEN-AIMEE_1300x768.jpg","slider-big-width":1300,"slider-big-height":768}},"sponsors_group":false,"layout":false},"yoast_head":"<!-- This site is optimized with the Yoast SEO plugin v26.8 - https:\/\/yoast.com\/product\/yoast-seo-wordpress\/ -->\n<title>Table ronde | 100 ans : Asie Mineure, bien aim\u00e9e<\/title>\n<meta name=\"description\" content=\"Table ronde franco-hell\u00e9nique interdisciplinaire, dans le cadre du cycle \u00ab 1922-2022 : M\u00e9moires et H\u00e9ritages \u00bb.\" \/>\n<meta name=\"robots\" content=\"index, follow, max-snippet:-1, max-image-preview:large, max-video-preview:-1\" \/>\n<link rel=\"canonical\" href=\"https:\/\/www.ifg.gr\/events\/100-chronia-mikra-asia\/\" \/>\n<meta property=\"og:locale\" content=\"fr_FR\" \/>\n<meta property=\"og:type\" content=\"article\" \/>\n<meta property=\"og:title\" content=\"Table ronde | 100 ans : Asie Mineure, bien aim\u00e9e\" \/>\n<meta property=\"og:description\" content=\"Table ronde franco-hell\u00e9nique interdisciplinaire, dans le cadre du cycle \u00ab 1922-2022 : M\u00e9moires et H\u00e9ritages \u00bb.\" \/>\n<meta property=\"og:url\" content=\"https:\/\/www.ifg.gr\/events\/100-chronia-mikra-asia\/\" \/>\n<meta property=\"og:site_name\" content=\"IFG\" \/>\n<meta property=\"article:modified_time\" content=\"2022-10-11T13:06:11+00:00\" \/>\n<meta property=\"og:image\" content=\"https:\/\/www.ifg.gr\/wp-content\/uploads\/2022\/09\/TABLE-RONDE-ASIE-MINEURE-BIEN-AIMEE_1200x800.jpg\" \/>\n\t<meta property=\"og:image:width\" content=\"1200\" \/>\n\t<meta property=\"og:image:height\" content=\"800\" \/>\n\t<meta property=\"og:image:type\" content=\"image\/jpeg\" \/>\n<meta name=\"twitter:card\" content=\"summary_large_image\" \/>\n<meta name=\"twitter:label1\" content=\"Dur\u00e9e de lecture estim\u00e9e\" \/>\n\t<meta name=\"twitter:data1\" content=\"3 minutes\" \/>\n<script type=\"application\/ld+json\" class=\"yoast-schema-graph\">{\"@context\":\"https:\/\/schema.org\",\"@graph\":[{\"@type\":\"WebPage\",\"@id\":\"https:\/\/www.ifg.gr\/events\/100-chronia-mikra-asia\/\",\"url\":\"https:\/\/www.ifg.gr\/events\/100-chronia-mikra-asia\/\",\"name\":\"Table ronde | 100 ans : Asie Mineure, bien aim\u00e9e\",\"isPartOf\":{\"@id\":\"https:\/\/www.ifg.gr\/#website\"},\"primaryImageOfPage\":{\"@id\":\"https:\/\/www.ifg.gr\/events\/100-chronia-mikra-asia\/#primaryimage\"},\"image\":{\"@id\":\"https:\/\/www.ifg.gr\/events\/100-chronia-mikra-asia\/#primaryimage\"},\"thumbnailUrl\":\"https:\/\/www.ifg.gr\/wp-content\/uploads\/2022\/09\/TABLE-RONDE-ASIE-MINEURE-BIEN-AIMEE_1200x800.jpg\",\"datePublished\":\"2022-09-27T12:50:03+00:00\",\"dateModified\":\"2022-10-11T13:06:11+00:00\",\"description\":\"Table ronde franco-hell\u00e9nique interdisciplinaire, dans le cadre du cycle \u00ab 1922-2022 : M\u00e9moires et H\u00e9ritages \u00bb.\",\"breadcrumb\":{\"@id\":\"https:\/\/www.ifg.gr\/events\/100-chronia-mikra-asia\/#breadcrumb\"},\"inLanguage\":\"fr-FR\",\"potentialAction\":[{\"@type\":\"ReadAction\",\"target\":[\"https:\/\/www.ifg.gr\/events\/100-chronia-mikra-asia\/\"]}]},{\"@type\":\"ImageObject\",\"inLanguage\":\"fr-FR\",\"@id\":\"https:\/\/www.ifg.gr\/events\/100-chronia-mikra-asia\/#primaryimage\",\"url\":\"https:\/\/www.ifg.gr\/wp-content\/uploads\/2022\/09\/TABLE-RONDE-ASIE-MINEURE-BIEN-AIMEE_1200x800.jpg\",\"contentUrl\":\"https:\/\/www.ifg.gr\/wp-content\/uploads\/2022\/09\/TABLE-RONDE-ASIE-MINEURE-BIEN-AIMEE_1200x800.jpg\",\"width\":1200,\"height\":800},{\"@type\":\"BreadcrumbList\",\"@id\":\"https:\/\/www.ifg.gr\/events\/100-chronia-mikra-asia\/#breadcrumb\",\"itemListElement\":[{\"@type\":\"ListItem\",\"position\":1,\"name\":\"Home\",\"item\":\"https:\/\/www.ifg.gr\/fr\/\"},{\"@type\":\"ListItem\",\"position\":2,\"name\":\"Events\",\"item\":\"https:\/\/www.ifg.gr\/events\/\"},{\"@type\":\"ListItem\",\"position\":3,\"name\":\"Table ronde | 100 ans : Asie Mineure, bien aim\u00e9e\"}]},{\"@type\":\"WebSite\",\"@id\":\"https:\/\/www.ifg.gr\/#website\",\"url\":\"https:\/\/www.ifg.gr\/\",\"name\":\"IFG\",\"description\":\"\",\"potentialAction\":[{\"@type\":\"SearchAction\",\"target\":{\"@type\":\"EntryPoint\",\"urlTemplate\":\"https:\/\/www.ifg.gr\/?s={search_term_string}\"},\"query-input\":{\"@type\":\"PropertyValueSpecification\",\"valueRequired\":true,\"valueName\":\"search_term_string\"}}],\"inLanguage\":\"fr-FR\"}]}<\/script>\n<!-- \/ Yoast SEO plugin. -->","yoast_head_json":{"title":"Table ronde | 100 ans : Asie Mineure, bien aim\u00e9e","description":"Table ronde franco-hell\u00e9nique interdisciplinaire, dans le cadre du cycle \u00ab 1922-2022 : M\u00e9moires et H\u00e9ritages \u00bb.","robots":{"index":"index","follow":"follow","max-snippet":"max-snippet:-1","max-image-preview":"max-image-preview:large","max-video-preview":"max-video-preview:-1"},"canonical":"https:\/\/www.ifg.gr\/events\/100-chronia-mikra-asia\/","og_locale":"fr_FR","og_type":"article","og_title":"Table ronde | 100 ans : Asie Mineure, bien aim\u00e9e","og_description":"Table ronde franco-hell\u00e9nique interdisciplinaire, dans le cadre du cycle \u00ab 1922-2022 : M\u00e9moires et H\u00e9ritages \u00bb.","og_url":"https:\/\/www.ifg.gr\/events\/100-chronia-mikra-asia\/","og_site_name":"IFG","article_modified_time":"2022-10-11T13:06:11+00:00","og_image":[{"width":1200,"height":800,"url":"https:\/\/www.ifg.gr\/wp-content\/uploads\/2022\/09\/TABLE-RONDE-ASIE-MINEURE-BIEN-AIMEE_1200x800.jpg","type":"image\/jpeg"}],"twitter_card":"summary_large_image","twitter_misc":{"Dur\u00e9e de lecture estim\u00e9e":"3 minutes"},"schema":{"@context":"https:\/\/schema.org","@graph":[{"@type":"WebPage","@id":"https:\/\/www.ifg.gr\/events\/100-chronia-mikra-asia\/","url":"https:\/\/www.ifg.gr\/events\/100-chronia-mikra-asia\/","name":"Table ronde | 100 ans : Asie Mineure, bien aim\u00e9e","isPartOf":{"@id":"https:\/\/www.ifg.gr\/#website"},"primaryImageOfPage":{"@id":"https:\/\/www.ifg.gr\/events\/100-chronia-mikra-asia\/#primaryimage"},"image":{"@id":"https:\/\/www.ifg.gr\/events\/100-chronia-mikra-asia\/#primaryimage"},"thumbnailUrl":"https:\/\/www.ifg.gr\/wp-content\/uploads\/2022\/09\/TABLE-RONDE-ASIE-MINEURE-BIEN-AIMEE_1200x800.jpg","datePublished":"2022-09-27T12:50:03+00:00","dateModified":"2022-10-11T13:06:11+00:00","description":"Table ronde franco-hell\u00e9nique interdisciplinaire, dans le cadre du cycle \u00ab 1922-2022 : M\u00e9moires et H\u00e9ritages \u00bb.","breadcrumb":{"@id":"https:\/\/www.ifg.gr\/events\/100-chronia-mikra-asia\/#breadcrumb"},"inLanguage":"fr-FR","potentialAction":[{"@type":"ReadAction","target":["https:\/\/www.ifg.gr\/events\/100-chronia-mikra-asia\/"]}]},{"@type":"ImageObject","inLanguage":"fr-FR","@id":"https:\/\/www.ifg.gr\/events\/100-chronia-mikra-asia\/#primaryimage","url":"https:\/\/www.ifg.gr\/wp-content\/uploads\/2022\/09\/TABLE-RONDE-ASIE-MINEURE-BIEN-AIMEE_1200x800.jpg","contentUrl":"https:\/\/www.ifg.gr\/wp-content\/uploads\/2022\/09\/TABLE-RONDE-ASIE-MINEURE-BIEN-AIMEE_1200x800.jpg","width":1200,"height":800},{"@type":"BreadcrumbList","@id":"https:\/\/www.ifg.gr\/events\/100-chronia-mikra-asia\/#breadcrumb","itemListElement":[{"@type":"ListItem","position":1,"name":"Home","item":"https:\/\/www.ifg.gr\/fr\/"},{"@type":"ListItem","position":2,"name":"Events","item":"https:\/\/www.ifg.gr\/events\/"},{"@type":"ListItem","position":3,"name":"Table ronde | 100 ans : Asie Mineure, bien aim\u00e9e"}]},{"@type":"WebSite","@id":"https:\/\/www.ifg.gr\/#website","url":"https:\/\/www.ifg.gr\/","name":"IFG","description":"","potentialAction":[{"@type":"SearchAction","target":{"@type":"EntryPoint","urlTemplate":"https:\/\/www.ifg.gr\/?s={search_term_string}"},"query-input":{"@type":"PropertyValueSpecification","valueRequired":true,"valueName":"search_term_string"}}],"inLanguage":"fr-FR"}]}},"_links":{"self":[{"href":"https:\/\/www.ifg.gr\/fr\/wp-json\/wp\/v2\/event\/46656","targetHints":{"allow":["GET"]}}],"collection":[{"href":"https:\/\/www.ifg.gr\/fr\/wp-json\/wp\/v2\/event"}],"about":[{"href":"https:\/\/www.ifg.gr\/fr\/wp-json\/wp\/v2\/types\/event"}],"author":[{"embeddable":true,"href":"https:\/\/www.ifg.gr\/fr\/wp-json\/wp\/v2\/users\/1"}],"version-history":[{"count":0,"href":"https:\/\/www.ifg.gr\/fr\/wp-json\/wp\/v2\/event\/46656\/revisions"}],"wp:featuredmedia":[{"embeddable":true,"href":"https:\/\/www.ifg.gr\/fr\/wp-json\/wp\/v2\/media\/46658"}],"wp:attachment":[{"href":"https:\/\/www.ifg.gr\/fr\/wp-json\/wp\/v2\/media?parent=46656"}],"wp:term":[{"taxonomy":"post_tag","embeddable":true,"href":"https:\/\/www.ifg.gr\/fr\/wp-json\/wp\/v2\/tags?post=46656"},{"taxonomy":"event_category","embeddable":true,"href":"https:\/\/www.ifg.gr\/fr\/wp-json\/wp\/v2\/event_category?post=46656"},{"taxonomy":"event_group","embeddable":true,"href":"https:\/\/www.ifg.gr\/fr\/wp-json\/wp\/v2\/event_group?post=46656"}],"curies":[{"name":"wp","href":"https:\/\/api.w.org\/{rel}","templated":true}]}}