{"id":47081,"date":"2022-10-18T08:47:47","date_gmt":"2022-10-18T08:47:47","guid":{"rendered":"https:\/\/www.ifg.gr\/events\/cinedoc-to-odoiporiko-ton-marmaron\/"},"modified":"2022-11-02T10:04:34","modified_gmt":"2022-11-02T10:04:34","slug":"cinedoc-la-folle-odyssee-du-marbre","status":"publish","type":"event","link":"https:\/\/www.ifg.gr\/fr\/events\/cinedoc-la-folle-odyssee-du-marbre\/","title":{"rendered":"CineDoc: De la Gr\u00e8ce \u00e0 la Chine : La folle odyss\u00e9e du marbre"},"content":{"rendered":"<p><a href=\"https:\/\/www.cinedoc.gr\/\" target=\"_blank\" rel=\"noopener\">CineDoc<\/a> pr\u00e9sente le documentaire \u00a0\u00bb De la Gr\u00e8ce \u00e0 la Chine : La folle odyss\u00e9e du marbre \u00ab\u00a0, de Sean Wang (99 min. \u2013 2021 \u2013 Pays-Bas, Chine, France, Gr\u00e8ce)<\/p>\n<p>Un morceau de marbre blanc est extrait en Gr\u00e8ce et transport\u00e9 en Chine. Certaines pi\u00e8ces sont transform\u00e9es en statues et colonnes de style hell\u00e9nistique, tandis que d&rsquo;autres sont transform\u00e9es en bibelots souvenirs qui sont renvoy\u00e9s dans les \u00eeles grecques pour \u00eatre vendus&#8230; aux touristes chinois.<\/p>\n<p>Le film d\u00e9crit les connexions de cette cha\u00eene de consommation et souligne avec humour les ambitions de la classe moyenne chinoise et la transformation de la culture grecque en un produit de consommation mondial.<\/p>\n<p><strong>La projection du film sera suivie d&rsquo;une discussion<\/strong> avec les protagonistes grecs du film.<\/p>\n<p><iframe loading=\"lazy\" title=\"IDFA 2021 | Trailer | A Marble Travelogue\" width=\"640\" height=\"360\" src=\"https:\/\/www.youtube.com\/embed\/BO7IlM8z54s?feature=oembed\" frameborder=\"0\" allow=\"accelerometer; autoplay; clipboard-write; encrypted-media; gyroscope; picture-in-picture; web-share\" referrerpolicy=\"strict-origin-when-cross-origin\" allowfullscreen><\/iframe><\/p>\n<p>CineDoc projette \u00e0 Ath\u00e8nes, Thessalonique, Volos et Amaliada des documentaires grecs et \u00e9trangers prim\u00e9s. Les projections sont accompagn\u00e9es d&rsquo;\u00e9v\u00e9nements parall\u00e8les, visant \u00e0 encourager le dialogue et \u00e0 inspirer une action collective.<\/p>\n<p>En 2022, sont pr\u00e9sent\u00e9s des documentaires et des films pour les enfants et les jeunes &#8211; dans un programme riche \u00e0 destination de toutes et tous : les fanatiques de documentaires, les cin\u00e9philes, les \u00e9tudiants, les enseignants, les r\u00e9alisateurs de courts m\u00e9trages, les chefs, les danseurs&#8230; mais surtout, les amoureux du bon cin\u00e9ma.<\/p>\n","protected":false},"excerpt":{"rendered":"<p>Le film d\u00e9crit la transformation de la culture grecque en un produit de consommation mondial.<\/p>\n","protected":false},"author":1,"featured_media":47078,"template":"","tags":[1296,1297,1075,1076],"event_category":[874],"event_group":[],"class_list":["post-47081","event","type-event","status-publish","has-post-thumbnail","hentry","tag-grece","tag-chine","tag-documentaire","tag-cinedoc-fr","event_category-cinema"],"acf":{"sponsors_default":false,"featured_image_credits":"","info_title":"","info_text":"","date_range":{"start":"09\/11\/2022","end":"","cancelled":false,"note":"","start_time":"20:00","end_time":""},"details":{"location":"<p>Auditorium Theo Angelopoulos<\/p>\n","hyperlink1a":{"text":"","link":""},"price":"plein tarif 6\u20ac \/ tarif r\u00e9duit 3\u20ac","hyperlink2a":{"text":"Billetterie ","link":"http:\/\/www.viva.gr\/tickets\/cinema\/a-marble-travelogue-1"},"online_event":false,"live_streaming":false,"live_streaming_code":"","facebook_url":"https:\/\/www.facebook.com\/events\/857623965373565","hyperlink":{"text":"","link":""},"hyperlink2":{"text":"","link":""},"hyperlink3":{"text":"","link":""},"press_release":false},"home_slider_image":false,"sponsors_group":false,"layout":false},"yoast_head":"<!-- This site is optimized with the Yoast SEO plugin v26.8 - https:\/\/yoast.com\/product\/yoast-seo-wordpress\/ -->\n<title>CineDoc: De la Gr\u00e8ce \u00e0 la Chine : La folle odyss\u00e9e du marbre<\/title>\n<meta name=\"description\" content=\"CineDoc pr\u00e9sente le documentaire &quot; De la Gr\u00e8ce \u00e0 la Chine : La folle odyss\u00e9e du marbre &quot;, de Sean Wang (99 min. \u2013 2021).\" \/>\n<meta name=\"robots\" content=\"index, follow, max-snippet:-1, max-image-preview:large, max-video-preview:-1\" \/>\n<link rel=\"canonical\" href=\"https:\/\/www.ifg.gr\/fr\/events\/cinedoc-la-folle-odyssee-du-marbre\/\" \/>\n<meta property=\"og:locale\" content=\"fr_FR\" \/>\n<meta property=\"og:type\" content=\"article\" \/>\n<meta property=\"og:title\" content=\"CineDoc: De la Gr\u00e8ce \u00e0 la Chine : La folle odyss\u00e9e du marbre\" \/>\n<meta property=\"og:description\" content=\"CineDoc pr\u00e9sente le documentaire &quot; De la Gr\u00e8ce \u00e0 la Chine : La folle odyss\u00e9e du marbre &quot;, de Sean Wang (99 min. \u2013 2021).\" \/>\n<meta property=\"og:url\" content=\"https:\/\/www.ifg.gr\/fr\/events\/cinedoc-la-folle-odyssee-du-marbre\/\" \/>\n<meta property=\"og:site_name\" content=\"IFG\" \/>\n<meta property=\"article:modified_time\" content=\"2022-11-02T10:04:34+00:00\" \/>\n<meta property=\"og:image\" content=\"https:\/\/www.ifg.gr\/wp-content\/uploads\/2022\/10\/Odiporiko-Marmaron-site1200-800.jpg\" \/>\n\t<meta property=\"og:image:width\" content=\"1200\" \/>\n\t<meta property=\"og:image:height\" content=\"800\" \/>\n\t<meta property=\"og:image:type\" content=\"image\/jpeg\" \/>\n<meta name=\"twitter:card\" content=\"summary_large_image\" \/>\n<meta name=\"twitter:label1\" content=\"Dur\u00e9e de lecture estim\u00e9e\" \/>\n\t<meta name=\"twitter:data1\" content=\"1 minute\" \/>\n<script type=\"application\/ld+json\" class=\"yoast-schema-graph\">{\"@context\":\"https:\/\/schema.org\",\"@graph\":[{\"@type\":\"WebPage\",\"@id\":\"https:\/\/www.ifg.gr\/fr\/events\/cinedoc-la-folle-odyssee-du-marbre\/\",\"url\":\"https:\/\/www.ifg.gr\/fr\/events\/cinedoc-la-folle-odyssee-du-marbre\/\",\"name\":\"CineDoc: De la Gr\u00e8ce \u00e0 la Chine : La folle odyss\u00e9e du marbre\",\"isPartOf\":{\"@id\":\"https:\/\/www.ifg.gr\/#website\"},\"primaryImageOfPage\":{\"@id\":\"https:\/\/www.ifg.gr\/fr\/events\/cinedoc-la-folle-odyssee-du-marbre\/#primaryimage\"},\"image\":{\"@id\":\"https:\/\/www.ifg.gr\/fr\/events\/cinedoc-la-folle-odyssee-du-marbre\/#primaryimage\"},\"thumbnailUrl\":\"https:\/\/www.ifg.gr\/wp-content\/uploads\/2022\/10\/Odiporiko-Marmaron-site1200-800.jpg\",\"datePublished\":\"2022-10-18T08:47:47+00:00\",\"dateModified\":\"2022-11-02T10:04:34+00:00\",\"description\":\"CineDoc pr\u00e9sente le documentaire \\\" De la Gr\u00e8ce \u00e0 la Chine : La folle odyss\u00e9e du marbre \\\", de Sean Wang (99 min. \u2013 2021).\",\"breadcrumb\":{\"@id\":\"https:\/\/www.ifg.gr\/fr\/events\/cinedoc-la-folle-odyssee-du-marbre\/#breadcrumb\"},\"inLanguage\":\"fr-FR\",\"potentialAction\":[{\"@type\":\"ReadAction\",\"target\":[\"https:\/\/www.ifg.gr\/fr\/events\/cinedoc-la-folle-odyssee-du-marbre\/\"]}]},{\"@type\":\"ImageObject\",\"inLanguage\":\"fr-FR\",\"@id\":\"https:\/\/www.ifg.gr\/fr\/events\/cinedoc-la-folle-odyssee-du-marbre\/#primaryimage\",\"url\":\"https:\/\/www.ifg.gr\/wp-content\/uploads\/2022\/10\/Odiporiko-Marmaron-site1200-800.jpg\",\"contentUrl\":\"https:\/\/www.ifg.gr\/wp-content\/uploads\/2022\/10\/Odiporiko-Marmaron-site1200-800.jpg\",\"width\":1200,\"height\":800,\"caption\":\"\u03a4\u03bf \u03bf\u03b4\u03bf\u03b9\u03c0\u03bf\u03c1\u03b9\u03ba\u03cc \u03c4\u03c9\u03bd \u03bc\u03b1\u03c1\u03bc\u03ac\u03c1\u03c9\u03bd CINEDOC\"},{\"@type\":\"BreadcrumbList\",\"@id\":\"https:\/\/www.ifg.gr\/fr\/events\/cinedoc-la-folle-odyssee-du-marbre\/#breadcrumb\",\"itemListElement\":[{\"@type\":\"ListItem\",\"position\":1,\"name\":\"Home\",\"item\":\"https:\/\/www.ifg.gr\/fr\/\"},{\"@type\":\"ListItem\",\"position\":2,\"name\":\"Events\",\"item\":\"https:\/\/www.ifg.gr\/events\/\"},{\"@type\":\"ListItem\",\"position\":3,\"name\":\"CineDoc: De la Gr\u00e8ce \u00e0 la Chine : La folle odyss\u00e9e du marbre\"}]},{\"@type\":\"WebSite\",\"@id\":\"https:\/\/www.ifg.gr\/#website\",\"url\":\"https:\/\/www.ifg.gr\/\",\"name\":\"IFG\",\"description\":\"\",\"potentialAction\":[{\"@type\":\"SearchAction\",\"target\":{\"@type\":\"EntryPoint\",\"urlTemplate\":\"https:\/\/www.ifg.gr\/?s={search_term_string}\"},\"query-input\":{\"@type\":\"PropertyValueSpecification\",\"valueRequired\":true,\"valueName\":\"search_term_string\"}}],\"inLanguage\":\"fr-FR\"}]}<\/script>\n<!-- \/ Yoast SEO plugin. -->","yoast_head_json":{"title":"CineDoc: De la Gr\u00e8ce \u00e0 la Chine : La folle odyss\u00e9e du marbre","description":"CineDoc pr\u00e9sente le documentaire \" De la Gr\u00e8ce \u00e0 la Chine : La folle odyss\u00e9e du marbre \", de Sean Wang (99 min. \u2013 2021).","robots":{"index":"index","follow":"follow","max-snippet":"max-snippet:-1","max-image-preview":"max-image-preview:large","max-video-preview":"max-video-preview:-1"},"canonical":"https:\/\/www.ifg.gr\/fr\/events\/cinedoc-la-folle-odyssee-du-marbre\/","og_locale":"fr_FR","og_type":"article","og_title":"CineDoc: De la Gr\u00e8ce \u00e0 la Chine : La folle odyss\u00e9e du marbre","og_description":"CineDoc pr\u00e9sente le documentaire \" De la Gr\u00e8ce \u00e0 la Chine : La folle odyss\u00e9e du marbre \", de Sean Wang (99 min. \u2013 2021).","og_url":"https:\/\/www.ifg.gr\/fr\/events\/cinedoc-la-folle-odyssee-du-marbre\/","og_site_name":"IFG","article_modified_time":"2022-11-02T10:04:34+00:00","og_image":[{"width":1200,"height":800,"url":"https:\/\/www.ifg.gr\/wp-content\/uploads\/2022\/10\/Odiporiko-Marmaron-site1200-800.jpg","type":"image\/jpeg"}],"twitter_card":"summary_large_image","twitter_misc":{"Dur\u00e9e de lecture estim\u00e9e":"1 minute"},"schema":{"@context":"https:\/\/schema.org","@graph":[{"@type":"WebPage","@id":"https:\/\/www.ifg.gr\/fr\/events\/cinedoc-la-folle-odyssee-du-marbre\/","url":"https:\/\/www.ifg.gr\/fr\/events\/cinedoc-la-folle-odyssee-du-marbre\/","name":"CineDoc: De la Gr\u00e8ce \u00e0 la Chine : La folle odyss\u00e9e du marbre","isPartOf":{"@id":"https:\/\/www.ifg.gr\/#website"},"primaryImageOfPage":{"@id":"https:\/\/www.ifg.gr\/fr\/events\/cinedoc-la-folle-odyssee-du-marbre\/#primaryimage"},"image":{"@id":"https:\/\/www.ifg.gr\/fr\/events\/cinedoc-la-folle-odyssee-du-marbre\/#primaryimage"},"thumbnailUrl":"https:\/\/www.ifg.gr\/wp-content\/uploads\/2022\/10\/Odiporiko-Marmaron-site1200-800.jpg","datePublished":"2022-10-18T08:47:47+00:00","dateModified":"2022-11-02T10:04:34+00:00","description":"CineDoc pr\u00e9sente le documentaire \" De la Gr\u00e8ce \u00e0 la Chine : La folle odyss\u00e9e du marbre \", de Sean Wang (99 min. \u2013 2021).","breadcrumb":{"@id":"https:\/\/www.ifg.gr\/fr\/events\/cinedoc-la-folle-odyssee-du-marbre\/#breadcrumb"},"inLanguage":"fr-FR","potentialAction":[{"@type":"ReadAction","target":["https:\/\/www.ifg.gr\/fr\/events\/cinedoc-la-folle-odyssee-du-marbre\/"]}]},{"@type":"ImageObject","inLanguage":"fr-FR","@id":"https:\/\/www.ifg.gr\/fr\/events\/cinedoc-la-folle-odyssee-du-marbre\/#primaryimage","url":"https:\/\/www.ifg.gr\/wp-content\/uploads\/2022\/10\/Odiporiko-Marmaron-site1200-800.jpg","contentUrl":"https:\/\/www.ifg.gr\/wp-content\/uploads\/2022\/10\/Odiporiko-Marmaron-site1200-800.jpg","width":1200,"height":800,"caption":"\u03a4\u03bf \u03bf\u03b4\u03bf\u03b9\u03c0\u03bf\u03c1\u03b9\u03ba\u03cc \u03c4\u03c9\u03bd \u03bc\u03b1\u03c1\u03bc\u03ac\u03c1\u03c9\u03bd CINEDOC"},{"@type":"BreadcrumbList","@id":"https:\/\/www.ifg.gr\/fr\/events\/cinedoc-la-folle-odyssee-du-marbre\/#breadcrumb","itemListElement":[{"@type":"ListItem","position":1,"name":"Home","item":"https:\/\/www.ifg.gr\/fr\/"},{"@type":"ListItem","position":2,"name":"Events","item":"https:\/\/www.ifg.gr\/events\/"},{"@type":"ListItem","position":3,"name":"CineDoc: De la Gr\u00e8ce \u00e0 la Chine : La folle odyss\u00e9e du marbre"}]},{"@type":"WebSite","@id":"https:\/\/www.ifg.gr\/#website","url":"https:\/\/www.ifg.gr\/","name":"IFG","description":"","potentialAction":[{"@type":"SearchAction","target":{"@type":"EntryPoint","urlTemplate":"https:\/\/www.ifg.gr\/?s={search_term_string}"},"query-input":{"@type":"PropertyValueSpecification","valueRequired":true,"valueName":"search_term_string"}}],"inLanguage":"fr-FR"}]}},"_links":{"self":[{"href":"https:\/\/www.ifg.gr\/fr\/wp-json\/wp\/v2\/event\/47081","targetHints":{"allow":["GET"]}}],"collection":[{"href":"https:\/\/www.ifg.gr\/fr\/wp-json\/wp\/v2\/event"}],"about":[{"href":"https:\/\/www.ifg.gr\/fr\/wp-json\/wp\/v2\/types\/event"}],"author":[{"embeddable":true,"href":"https:\/\/www.ifg.gr\/fr\/wp-json\/wp\/v2\/users\/1"}],"version-history":[{"count":0,"href":"https:\/\/www.ifg.gr\/fr\/wp-json\/wp\/v2\/event\/47081\/revisions"}],"wp:featuredmedia":[{"embeddable":true,"href":"https:\/\/www.ifg.gr\/fr\/wp-json\/wp\/v2\/media\/47078"}],"wp:attachment":[{"href":"https:\/\/www.ifg.gr\/fr\/wp-json\/wp\/v2\/media?parent=47081"}],"wp:term":[{"taxonomy":"post_tag","embeddable":true,"href":"https:\/\/www.ifg.gr\/fr\/wp-json\/wp\/v2\/tags?post=47081"},{"taxonomy":"event_category","embeddable":true,"href":"https:\/\/www.ifg.gr\/fr\/wp-json\/wp\/v2\/event_category?post=47081"},{"taxonomy":"event_group","embeddable":true,"href":"https:\/\/www.ifg.gr\/fr\/wp-json\/wp\/v2\/event_group?post=47081"}],"curies":[{"name":"wp","href":"https:\/\/api.w.org\/{rel}","templated":true}]}}