{"id":47103,"date":"2022-10-18T12:22:12","date_gmt":"2022-10-18T12:22:12","guid":{"rendered":"https:\/\/www.ifg.gr\/events\/paraskeves-cinema-koritsaki\/"},"modified":"2022-11-10T10:27:52","modified_gmt":"2022-11-10T10:27:52","slug":"vendredis-cinema-petite-fille","status":"publish","type":"event","link":"https:\/\/www.ifg.gr\/fr\/events\/vendredis-cinema-petite-fille\/","title":{"rendered":"Vendredis Cin\u00e9ma : Petite fille"},"content":{"rendered":"<p><strong>Petite fille, <\/strong>de<strong> S\u00e9bastien Lifshitz<\/strong> (80 min. \u2013 2020 \u2013 France, Danemark)<\/p>\n<p>Sasha, 7 ans, a toujours eu l&rsquo;impression d&rsquo;\u00eatre une fille pi\u00e9g\u00e9e dans un corps de gar\u00e7on. Vivant dans une soci\u00e9t\u00e9 qui refuse de la traiter comme une enfant ordinaire dans tous les aspects de sa vie quotidienne, la famille de Sasha fait tout ce qu&rsquo;elle peut pour d\u00e9ployer un filet protecteur, fait d&rsquo;acceptation et de compr\u00e9hension. Un voyage de connaissance de soi et de confiance mutuelle qui met en lumi\u00e8re toutes les batailles acharn\u00e9es que nous sommes appel\u00e9s \u00e0 mener pour forger notre propre identit\u00e9.<\/p>\n<p><iframe loading=\"lazy\" title=\"Little Girl \/ Petite fille (2020)- Trailer (English subs)\" width=\"640\" height=\"360\" src=\"https:\/\/www.youtube.com\/embed\/JWRbzD_gXD0?feature=oembed\" frameborder=\"0\" allow=\"accelerometer; autoplay; clipboard-write; encrypted-media; gyroscope; picture-in-picture; web-share\" referrerpolicy=\"strict-origin-when-cross-origin\" allowfullscreen><\/iframe><\/p>\n<p>Deux vendredis par mois, rendez-vous \u00e0 l\u2019Institut fran\u00e7ais de Gr\u00e8ce pour (re)d\u00e9couvrir des p\u00e9pites du cin\u00e9ma francophone.<\/p>\n","protected":false},"excerpt":{"rendered":"<p>Dans le documentaire de S\u00e9bastien Lifshitz, Sasha, 7 ans, a toujours eu l&rsquo;impression d&rsquo;\u00eatre une fille pi\u00e9g\u00e9e dans un corps de gar\u00e7on.<\/p>\n","protected":false},"author":1,"featured_media":47090,"template":"","tags":[1109,1108,1075,997],"event_category":[874],"event_group":[],"class_list":["post-47103","event","type-event","status-publish","has-post-thumbnail","hentry","tag-paraskeves-sinema-fr","tag-vendredis-cinema","tag-documentaire","tag-ntokimanter-fr","event_category-cinema"],"acf":{"sponsors_default":false,"featured_image_credits":"","info_title":"","info_text":"","date_range":{"start":"18\/11\/2022","end":"","cancelled":false,"note":"","start_time":"20:00","end_time":""},"details":{"location":"<p>Auditorium Theo Angelopoulos<\/p>\n","hyperlink1a":{"text":"","link":""},"price":"plein tarif 6\u20ac \/ tarif r\u00e9duit 4\u20ac","hyperlink2a":{"text":"R\u00e9servation de places","link":"https:\/\/www.eventbrite.com\/e\/451977124747"},"online_event":false,"live_streaming":false,"live_streaming_code":"","facebook_url":"https:\/\/www.facebook.com\/events\/664738078718086\/","hyperlink":{"text":"","link":""},"hyperlink2":{"text":"","link":""},"hyperlink3":{"text":"","link":""},"press_release":false},"home_slider_image":{"ID":47092,"id":47092,"title":"PetiteFille_1300x768","filename":"PetiteFille_1300x768.jpg","filesize":543355,"url":"https:\/\/www.ifg.gr\/wp-content\/uploads\/2022\/10\/PetiteFille_1300x768.jpg","link":"https:\/\/www.ifg.gr\/fr\/events\/vendredis-cinema-petite-fille\/petitefille_1300x768-2\/","alt":"","author":"1","description":"","caption":"","name":"petitefille_1300x768-2","status":"inherit","uploaded_to":47103,"date":"2022-10-18 12:02:25","modified":"2022-10-18 12:02:25","menu_order":0,"mime_type":"image\/jpeg","type":"image","subtype":"jpeg","icon":"https:\/\/www.ifg.gr\/wp-includes\/images\/media\/default.png","width":1300,"height":768,"sizes":{"thumbnail":"https:\/\/www.ifg.gr\/wp-content\/uploads\/2022\/10\/PetiteFille_1300x768.jpg","thumbnail-width":150,"thumbnail-height":89,"medium":"https:\/\/www.ifg.gr\/wp-content\/uploads\/2022\/10\/PetiteFille_1300x768.jpg","medium-width":300,"medium-height":177,"medium_large":"https:\/\/www.ifg.gr\/wp-content\/uploads\/2022\/10\/PetiteFille_1300x768-768x454.jpg","medium_large-width":640,"medium_large-height":378,"large":"https:\/\/www.ifg.gr\/wp-content\/uploads\/2022\/10\/PetiteFille_1300x768.jpg","large-width":640,"large-height":378,"1536x1536":"https:\/\/www.ifg.gr\/wp-content\/uploads\/2022\/10\/PetiteFille_1300x768.jpg","1536x1536-width":1300,"1536x1536-height":768,"2048x2048":"https:\/\/www.ifg.gr\/wp-content\/uploads\/2022\/10\/PetiteFille_1300x768.jpg","2048x2048-width":1300,"2048x2048-height":768,"full-width":"https:\/\/www.ifg.gr\/wp-content\/uploads\/2022\/10\/PetiteFille_1300x768.jpg","full-width-width":1300,"full-width-height":768,"sidebar":"https:\/\/www.ifg.gr\/wp-content\/uploads\/2022\/10\/PetiteFille_1300x768.jpg","sidebar-width":1300,"sidebar-height":768,"thumb-sm":"https:\/\/www.ifg.gr\/wp-content\/uploads\/2022\/10\/PetiteFille_1300x768-220x130.jpg","thumb-sm-width":220,"thumb-sm-height":130,"thumb-square":"https:\/\/www.ifg.gr\/wp-content\/uploads\/2022\/10\/PetiteFille_1300x768-300x300.jpg","thumb-square-width":300,"thumb-square-height":300,"thumb-big":"https:\/\/www.ifg.gr\/wp-content\/uploads\/2022\/10\/PetiteFille_1300x768-600x400.jpg","thumb-big-width":600,"thumb-big-height":400,"slider-big":"https:\/\/www.ifg.gr\/wp-content\/uploads\/2022\/10\/PetiteFille_1300x768.jpg","slider-big-width":1300,"slider-big-height":768}},"sponsors_group":false,"layout":false},"yoast_head":"<!-- This site is optimized with the Yoast SEO plugin v26.8 - https:\/\/yoast.com\/product\/yoast-seo-wordpress\/ -->\n<title>Vendredis Cin\u00e9ma : Petite fille, de S\u00e9bastien Lifshitz<\/title>\n<meta name=\"description\" content=\"Dans le documentaire de S\u00e9bastien Lifshitz, Sasha, 7 ans, a toujours eu l&#039;impression d&#039;\u00eatre une fille pi\u00e9g\u00e9e dans un corps de gar\u00e7on.\" \/>\n<meta name=\"robots\" content=\"index, follow, max-snippet:-1, max-image-preview:large, max-video-preview:-1\" \/>\n<link rel=\"canonical\" href=\"https:\/\/www.ifg.gr\/fr\/events\/vendredis-cinema-petite-fille\/\" \/>\n<meta property=\"og:locale\" content=\"fr_FR\" \/>\n<meta property=\"og:type\" content=\"article\" \/>\n<meta property=\"og:title\" content=\"Vendredis Cin\u00e9ma : Petite fille, de S\u00e9bastien Lifshitz\" \/>\n<meta property=\"og:description\" content=\"Dans le documentaire de S\u00e9bastien Lifshitz, Sasha, 7 ans, a toujours eu l&#039;impression d&#039;\u00eatre une fille pi\u00e9g\u00e9e dans un corps de gar\u00e7on.\" \/>\n<meta property=\"og:url\" content=\"https:\/\/www.ifg.gr\/fr\/events\/vendredis-cinema-petite-fille\/\" \/>\n<meta property=\"og:site_name\" content=\"IFG\" \/>\n<meta property=\"article:modified_time\" content=\"2022-11-10T10:27:52+00:00\" \/>\n<meta property=\"og:image\" content=\"https:\/\/www.ifg.gr\/wp-content\/uploads\/2022\/10\/PetiteFille_1200X800.jpg\" \/>\n\t<meta property=\"og:image:width\" content=\"1200\" \/>\n\t<meta property=\"og:image:height\" content=\"800\" \/>\n\t<meta property=\"og:image:type\" content=\"image\/jpeg\" \/>\n<meta name=\"twitter:card\" content=\"summary_large_image\" \/>\n<meta name=\"twitter:label1\" content=\"Dur\u00e9e de lecture estim\u00e9e\" \/>\n\t<meta name=\"twitter:data1\" content=\"1 minute\" \/>\n<script type=\"application\/ld+json\" class=\"yoast-schema-graph\">{\"@context\":\"https:\/\/schema.org\",\"@graph\":[{\"@type\":\"WebPage\",\"@id\":\"https:\/\/www.ifg.gr\/fr\/events\/vendredis-cinema-petite-fille\/\",\"url\":\"https:\/\/www.ifg.gr\/fr\/events\/vendredis-cinema-petite-fille\/\",\"name\":\"Vendredis Cin\u00e9ma : Petite fille, de S\u00e9bastien Lifshitz\",\"isPartOf\":{\"@id\":\"https:\/\/www.ifg.gr\/#website\"},\"primaryImageOfPage\":{\"@id\":\"https:\/\/www.ifg.gr\/fr\/events\/vendredis-cinema-petite-fille\/#primaryimage\"},\"image\":{\"@id\":\"https:\/\/www.ifg.gr\/fr\/events\/vendredis-cinema-petite-fille\/#primaryimage\"},\"thumbnailUrl\":\"https:\/\/www.ifg.gr\/wp-content\/uploads\/2022\/10\/PetiteFille_1200X800.jpg\",\"datePublished\":\"2022-10-18T12:22:12+00:00\",\"dateModified\":\"2022-11-10T10:27:52+00:00\",\"description\":\"Dans le documentaire de S\u00e9bastien Lifshitz, Sasha, 7 ans, a toujours eu l'impression d'\u00eatre une fille pi\u00e9g\u00e9e dans un corps de gar\u00e7on.\",\"breadcrumb\":{\"@id\":\"https:\/\/www.ifg.gr\/fr\/events\/vendredis-cinema-petite-fille\/#breadcrumb\"},\"inLanguage\":\"fr-FR\",\"potentialAction\":[{\"@type\":\"ReadAction\",\"target\":[\"https:\/\/www.ifg.gr\/fr\/events\/vendredis-cinema-petite-fille\/\"]}]},{\"@type\":\"ImageObject\",\"inLanguage\":\"fr-FR\",\"@id\":\"https:\/\/www.ifg.gr\/fr\/events\/vendredis-cinema-petite-fille\/#primaryimage\",\"url\":\"https:\/\/www.ifg.gr\/wp-content\/uploads\/2022\/10\/PetiteFille_1200X800.jpg\",\"contentUrl\":\"https:\/\/www.ifg.gr\/wp-content\/uploads\/2022\/10\/PetiteFille_1200X800.jpg\",\"width\":1200,\"height\":800},{\"@type\":\"BreadcrumbList\",\"@id\":\"https:\/\/www.ifg.gr\/fr\/events\/vendredis-cinema-petite-fille\/#breadcrumb\",\"itemListElement\":[{\"@type\":\"ListItem\",\"position\":1,\"name\":\"Home\",\"item\":\"https:\/\/www.ifg.gr\/fr\/\"},{\"@type\":\"ListItem\",\"position\":2,\"name\":\"Events\",\"item\":\"https:\/\/www.ifg.gr\/events\/\"},{\"@type\":\"ListItem\",\"position\":3,\"name\":\"Vendredis Cin\u00e9ma : Petite fille\"}]},{\"@type\":\"WebSite\",\"@id\":\"https:\/\/www.ifg.gr\/#website\",\"url\":\"https:\/\/www.ifg.gr\/\",\"name\":\"IFG\",\"description\":\"\",\"potentialAction\":[{\"@type\":\"SearchAction\",\"target\":{\"@type\":\"EntryPoint\",\"urlTemplate\":\"https:\/\/www.ifg.gr\/?s={search_term_string}\"},\"query-input\":{\"@type\":\"PropertyValueSpecification\",\"valueRequired\":true,\"valueName\":\"search_term_string\"}}],\"inLanguage\":\"fr-FR\"}]}<\/script>\n<!-- \/ Yoast SEO plugin. -->","yoast_head_json":{"title":"Vendredis Cin\u00e9ma : Petite fille, de S\u00e9bastien Lifshitz","description":"Dans le documentaire de S\u00e9bastien Lifshitz, Sasha, 7 ans, a toujours eu l'impression d'\u00eatre une fille pi\u00e9g\u00e9e dans un corps de gar\u00e7on.","robots":{"index":"index","follow":"follow","max-snippet":"max-snippet:-1","max-image-preview":"max-image-preview:large","max-video-preview":"max-video-preview:-1"},"canonical":"https:\/\/www.ifg.gr\/fr\/events\/vendredis-cinema-petite-fille\/","og_locale":"fr_FR","og_type":"article","og_title":"Vendredis Cin\u00e9ma : Petite fille, de S\u00e9bastien Lifshitz","og_description":"Dans le documentaire de S\u00e9bastien Lifshitz, Sasha, 7 ans, a toujours eu l'impression d'\u00eatre une fille pi\u00e9g\u00e9e dans un corps de gar\u00e7on.","og_url":"https:\/\/www.ifg.gr\/fr\/events\/vendredis-cinema-petite-fille\/","og_site_name":"IFG","article_modified_time":"2022-11-10T10:27:52+00:00","og_image":[{"width":1200,"height":800,"url":"https:\/\/www.ifg.gr\/wp-content\/uploads\/2022\/10\/PetiteFille_1200X800.jpg","type":"image\/jpeg"}],"twitter_card":"summary_large_image","twitter_misc":{"Dur\u00e9e de lecture estim\u00e9e":"1 minute"},"schema":{"@context":"https:\/\/schema.org","@graph":[{"@type":"WebPage","@id":"https:\/\/www.ifg.gr\/fr\/events\/vendredis-cinema-petite-fille\/","url":"https:\/\/www.ifg.gr\/fr\/events\/vendredis-cinema-petite-fille\/","name":"Vendredis Cin\u00e9ma : Petite fille, de S\u00e9bastien Lifshitz","isPartOf":{"@id":"https:\/\/www.ifg.gr\/#website"},"primaryImageOfPage":{"@id":"https:\/\/www.ifg.gr\/fr\/events\/vendredis-cinema-petite-fille\/#primaryimage"},"image":{"@id":"https:\/\/www.ifg.gr\/fr\/events\/vendredis-cinema-petite-fille\/#primaryimage"},"thumbnailUrl":"https:\/\/www.ifg.gr\/wp-content\/uploads\/2022\/10\/PetiteFille_1200X800.jpg","datePublished":"2022-10-18T12:22:12+00:00","dateModified":"2022-11-10T10:27:52+00:00","description":"Dans le documentaire de S\u00e9bastien Lifshitz, Sasha, 7 ans, a toujours eu l'impression d'\u00eatre une fille pi\u00e9g\u00e9e dans un corps de gar\u00e7on.","breadcrumb":{"@id":"https:\/\/www.ifg.gr\/fr\/events\/vendredis-cinema-petite-fille\/#breadcrumb"},"inLanguage":"fr-FR","potentialAction":[{"@type":"ReadAction","target":["https:\/\/www.ifg.gr\/fr\/events\/vendredis-cinema-petite-fille\/"]}]},{"@type":"ImageObject","inLanguage":"fr-FR","@id":"https:\/\/www.ifg.gr\/fr\/events\/vendredis-cinema-petite-fille\/#primaryimage","url":"https:\/\/www.ifg.gr\/wp-content\/uploads\/2022\/10\/PetiteFille_1200X800.jpg","contentUrl":"https:\/\/www.ifg.gr\/wp-content\/uploads\/2022\/10\/PetiteFille_1200X800.jpg","width":1200,"height":800},{"@type":"BreadcrumbList","@id":"https:\/\/www.ifg.gr\/fr\/events\/vendredis-cinema-petite-fille\/#breadcrumb","itemListElement":[{"@type":"ListItem","position":1,"name":"Home","item":"https:\/\/www.ifg.gr\/fr\/"},{"@type":"ListItem","position":2,"name":"Events","item":"https:\/\/www.ifg.gr\/events\/"},{"@type":"ListItem","position":3,"name":"Vendredis Cin\u00e9ma : Petite fille"}]},{"@type":"WebSite","@id":"https:\/\/www.ifg.gr\/#website","url":"https:\/\/www.ifg.gr\/","name":"IFG","description":"","potentialAction":[{"@type":"SearchAction","target":{"@type":"EntryPoint","urlTemplate":"https:\/\/www.ifg.gr\/?s={search_term_string}"},"query-input":{"@type":"PropertyValueSpecification","valueRequired":true,"valueName":"search_term_string"}}],"inLanguage":"fr-FR"}]}},"_links":{"self":[{"href":"https:\/\/www.ifg.gr\/fr\/wp-json\/wp\/v2\/event\/47103","targetHints":{"allow":["GET"]}}],"collection":[{"href":"https:\/\/www.ifg.gr\/fr\/wp-json\/wp\/v2\/event"}],"about":[{"href":"https:\/\/www.ifg.gr\/fr\/wp-json\/wp\/v2\/types\/event"}],"author":[{"embeddable":true,"href":"https:\/\/www.ifg.gr\/fr\/wp-json\/wp\/v2\/users\/1"}],"version-history":[{"count":0,"href":"https:\/\/www.ifg.gr\/fr\/wp-json\/wp\/v2\/event\/47103\/revisions"}],"wp:featuredmedia":[{"embeddable":true,"href":"https:\/\/www.ifg.gr\/fr\/wp-json\/wp\/v2\/media\/47090"}],"wp:attachment":[{"href":"https:\/\/www.ifg.gr\/fr\/wp-json\/wp\/v2\/media?parent=47103"}],"wp:term":[{"taxonomy":"post_tag","embeddable":true,"href":"https:\/\/www.ifg.gr\/fr\/wp-json\/wp\/v2\/tags?post=47103"},{"taxonomy":"event_category","embeddable":true,"href":"https:\/\/www.ifg.gr\/fr\/wp-json\/wp\/v2\/event_category?post=47103"},{"taxonomy":"event_group","embeddable":true,"href":"https:\/\/www.ifg.gr\/fr\/wp-json\/wp\/v2\/event_group?post=47103"}],"curies":[{"name":"wp","href":"https:\/\/api.w.org\/{rel}","templated":true}]}}