{"id":47493,"date":"2022-11-22T15:08:51","date_gmt":"2022-11-22T15:08:51","guid":{"rendered":"https:\/\/www.ifg.gr\/events\/soiree-polar\/"},"modified":"2022-11-25T15:15:24","modified_gmt":"2022-11-25T15:15:24","slug":"soiree-polar","status":"publish","type":"event","link":"https:\/\/www.ifg.gr\/fr\/events\/soiree-polar\/","title":{"rendered":"Soir\u00e9e polar : Table ronde et projection"},"content":{"rendered":"<p>Une soir\u00e9e d\u00e9di\u00e9e au polar, comprenant une table ronde sur le polar fran\u00e7ais des ann\u00e9es \u201870 et une projection de film, dans le cadre du <a href=\"https:\/\/panoramafest.org\/\" target=\"_blank\" rel=\"noopener\">35e Panorama du film europ\u00e9en<\/a>, en partenariat avec les <a href=\"http:\/\/www.agra.gr\/\" target=\"_blank\" rel=\"noopener\">\u00e9ditions Agra<\/a> et le magazine \u00ab Polar \u00bb.<\/p>\n<h3>Table Ronde :<br \/>\n\u00ab Le polar fran\u00e7ais des ann\u00e9es 70 : de Simenon \u00e0 Manchette \u00bb<\/h3>\n<p>Le polar fran\u00e7ais (roman ou film policier) diff\u00e8re sensiblement du whodunit traditionnel, principalement anglais, et du r\u00e9cit centr\u00e9 sur le dur-\u00e0-cuire am\u00e9ricain. Ses th\u00e8mes sont projet\u00e9s \u00e0 travers la qualit\u00e9 atmosph\u00e9rique de ses descriptions, sur un plan litt\u00e9raire et cin\u00e9matographique, tout en capturant l&rsquo;angoisse existentielle de ses protagonistes, entre espoir et frustration.<\/p>\n<p>Dans son \u00ab Cercle rouge \u00bb, <strong>Beno\u00eet Mouchart, Petros Markaris <\/strong>et <strong>Makis Malafekas<\/strong> discutent \u00e0 <strong>Kostas Kalfopoulos<\/strong> d&rsquo;un genre particulier qui a \u00e9t\u00e9 avant tout d\u00e9velopp\u00e9 par Georges Simenon et radicalis\u00e9 par Jean-Patrick Manchette. Un hommage aux auteurs, mais aussi \u00e0 la S\u00e9rie Noire.<\/p>\n<p><strong>Avec :<\/strong><\/p>\n<ul>\n<li>Beno\u00eet Mouchart, \u00e9crivain, directeur \u00e9ditorial aux \u00e9ditions Casterman, ex directeur artistique du Festival de la bande dessin\u00e9e d&rsquo;Angoul\u00eame<\/li>\n<li>Petros Markaris, auteur<\/li>\n<li>Makis Malafekas, auteur<\/li>\n<\/ul>\n<p>Mod\u00e9ration : Kostas Kalfopoulos, \u00e9crivain, r\u00e9dacteur en chef du magazine \u00a0\u00bb Polar \u00a0\u00bb<\/p>\n<p>Traduction simultan\u00e9e<\/p>\n<p>&nbsp;<\/p>\n<h3>Projection du film <strong>\u00ab Le Choc \u00bb<\/strong><\/h3>\n<p>La table ronde sera suivie de la projection du film \u00ab Le Choc \u00bb de Robin Davis, bas\u00e9 sur \u00ab La position du tireur couch\u00e9 \u00bb de Manchette. Sous titr\u00e9 en grec.<\/p>\n<p>\u00ab <strong>Le Choc<\/strong> \u00bb (France \u2013 1982 \u2013 Couleur \u2013 100\u2019)<\/p>\n<p><b>R\u00e9alisation<\/b><strong>\u00a0<\/strong>: Robin Davis<br \/>\n<strong>Sc<b>\u00e9<\/b>nario <\/strong>: Alain Delon, Robin Davis, Dominique Robelet, Claude Veillot<br \/>\n<strong>Musique <\/strong>: Philippe Sarde<br \/>\n<strong>Avec <\/strong>: Alain Delon, Catherine Deneuve, Philippe L\u00e9otard, Etienne Chicot, Jean-Louis Richard, Catherine Leprince, Fran\u00e7ois Perrot, F\u00e9odor Atkine<\/p>\n<p>Un tueur professionnel, Martin Terrier, envisage de se retirer, mais ses commanditaires s&rsquo;y opposent, pr\u00e9f\u00e9rant le voir mort que retrait\u00e9. Terrier se r\u00e9fugie alors dans une ferme tenue par la belle Claire et son mari. Le gang ne tarde pas \u00e0 le d\u00e9busquer.<\/p>\n<p><img loading=\"lazy\" decoding=\"async\" class=\"size-full wp-image-47468\" src=\"https:\/\/www.ifg.gr\/wp-content\/uploads\/2022\/11\/Le-Choc-poster.jpg\" alt=\"\" width=\"800\" height=\"1080\" srcset=\"https:\/\/www.ifg.gr\/wp-content\/uploads\/2022\/11\/Le-Choc-poster.jpg 800w, https:\/\/www.ifg.gr\/wp-content\/uploads\/2022\/11\/Le-Choc-poster-768x1037.jpg 768w, https:\/\/www.ifg.gr\/wp-content\/uploads\/2022\/11\/Le-Choc-poster-741x1000.jpg 741w, https:\/\/www.ifg.gr\/wp-content\/uploads\/2022\/11\/Le-Choc-poster-96x130.jpg 96w\" sizes=\"auto, (max-width: 800px) 100vw, 800px\" \/><\/p>\n<h3><\/h3>\n<h3>Les intervenants de la table ronde :<\/h3>\n<p><strong>Beno\u00eet Mouchart<\/strong> est l\u2019auteur de plusieurs essais sur la bande dessin\u00e9e et sur certains de ses grands auteurs comme Herg\u00e9, Jacobs ou Greg. Biographe de la chanteuse Brigitte Fontaine, il est auteur d\u2019un livre consacr\u00e9 \u00e0 l\u2019\u0153uvre de Jean-Patrick Manchette. Commissaire d\u2019expositions d\u00e9di\u00e9es \u00e0 Enki Bilal, Art Spiegelman ou Albert Uderzo, il a \u00e9t\u00e9, dix ann\u00e9es durant, le directeur artistique du Festival international de la bande dessin\u00e9e d\u2019Angoul\u00eame. Il est depuis le printemps 2013 directeur \u00e9ditorial en charge de la bande dessin\u00e9e aux \u00e9ditions Casterman. Il est aussi r\u00e9dacteur en chef de la revue de bande dessin\u00e9e Pandora lanc\u00e9e par le m\u00eame \u00e9diteur depuis 2016.<\/p>\n<p><strong>Makis Malaf\u00e9kas<\/strong> est n\u00e9 \u00e0 Ath\u00e8nes en 1977. Il a fait des \u00e9tudes d&rsquo;histoire de l&rsquo;Art et d&rsquo;Anthropologie sociale. Il a donn\u00e9 des s\u00e9minaires \u00e0 la Sorbonne sur l&rsquo;histoire de la bande dessin\u00e9e europ\u00e9enne, et a longtemps travaill\u00e9 aux \u00e9ditions de l&rsquo;\u00c9cole des Beaux-Arts de Paris. En 2018, entame la s\u00e9rie d&rsquo;aventures de Mikhalis Krokos en publiant son premier roman n\u00e9o-noir au style \u00a0\u00bb pulp \u00ab\u00a0, \u0394\u03b5 \u03bb\u03b5\u03c2 \u03ba\u03bf\u03c5\u03b2\u03ad\u03bd\u03c4\u03b1, traduit entre autres en fran\u00e7ais (Dans les r\u00e8gles de l&rsquo;art, \u00e9d. Asphalte), et dont il est en train de pr\u00e9parer le troisi\u00e8me volet. Il a \u00e9crit des articles et des essais pour les pages de Eleftherotypia et son suppl\u00e9ment BD et science-fiction \u00ab\u00a09\u00a0\u00bb, de Lib\u00e9ration, Unfollow, Lifo et de nombreuses autres publications. Il vit et travaille entre Paris et Ath\u00e8nes.<\/p>\n<p><strong>Petros Markaris<\/strong> est un \u00e9crivain, traducteur et sc\u00e9nariste grec vivant \u00e0 Ath\u00e8nes. N\u00e9 \u00e0 Istanbul d&rsquo;un p\u00e8re arm\u00e9nien et d&rsquo;une m\u00e8re grecque, il a fr\u00e9quent\u00e9 un lyc\u00e9e autrichien et parle couramment quatre langues. Sc\u00e9nariste pour Theo Angelopoulos, il est \u00e9galement traducteur de Goethe et de Frank Wedekind. Il est consid\u00e9r\u00e9 comme un expert de Bertolt Brecht. En 1994, il a commenc\u00e9 \u00e0 \u00e9crire des romans policiers, inventant le personnage du commissaire de police Kostas Haritou pour ses histoires se d\u00e9roulant \u00e0 Ath\u00e8nes. Ses livres, largement traduits, connaissent un \u00e9norme succ\u00e8s en Gr\u00e8ce et en Allemagne, puis en Italie et en Espagne, ainsi qu&rsquo;en France. Il est le cosc\u00e9nariste des films de Theo Angelopoulos, \u00a0\u00bb Le regard d&rsquo;Ulysse \u00ab\u00a0, Grand Prix du Festival de Cannes 1995 et \u00a0\u00bb L\u2019Eternit\u00e9 et un jour \u00ab\u00a0, Palme d&rsquo;Or du Festival de Cannes 1998.<\/p>\n<p><strong>Kostas T. Kalfopoulos<\/strong> est n\u00e9 \u00e0 Ath\u00e8nes en 1956. Il a \u00e9tudi\u00e9 la sociologie, l&rsquo;histoire et les sciences politiques \u00e0 l&rsquo;universit\u00e9 de Hambourg. Ancien collaborateur r\u00e9gulier du quotidien Kathimerini (pages culturelles), il \u00e9crit depuis 2018 pour The Books&rsquo; Journal et a publi\u00e9 deux romans policiers, deux essais sur le flipper et le r\u00e9cit policier, ainsi qu&rsquo;un recueil de textes intitul\u00e9 Dix lettres in\u00e9dites, avec pour \u00a0\u00bb destinataires \u00a0\u00bb Vassilis Vassilikos, Georges Simenon, Yannis Maris, Tintin, etc. Ses articles ont \u00e9t\u00e9 publi\u00e9s dans la presse germanophone. Il est membre de l&rsquo;Association des correspondants de la presse \u00e9trang\u00e8re (FPA) et responsable de la r\u00e9daction du magazine Polar.<\/p>\n","protected":false},"excerpt":{"rendered":"<p>Dans le cadre du 35e Panorama du film europ\u00e9en, en partenariat avec les \u00e9ditions Agra et le magazine \u00ab Polar \u00bb. Entr\u00e9e libre.<\/p>\n","protected":false},"author":1,"featured_media":47473,"template":"","tags":[1336,1333,1334,1335,1052,1056],"event_category":[874,870],"event_group":[],"class_list":["post-47493","event","type-event","status-publish","has-post-thumbnail","hentry","tag-panorama-du-film-europeen","tag-polar-fr","tag-astynomiki-logotechnia-fr","tag-panorama-evropaikou-kinimatografou-fr","tag-logotechnia-fr","tag-litterature-fr","event_category-cinema","event_category-livre"],"acf":{"sponsors_default":false,"featured_image_credits":"","info_title":"","info_text":"","date_range":{"start":"29\/11\/2022","end":"","cancelled":false,"note":"","start_time":"19:00","end_time":""},"details":{"location":"<p>Auditorium Theo Angelopoulos - Institut fran\u00e7ais de Gr\u00e8ce<\/p>\n","hyperlink1a":{"text":"","link":""},"price":"Entr\u00e9e libre","hyperlink2a":{"text":"","link":""},"online_event":false,"live_streaming":false,"live_streaming_code":"","facebook_url":"https:\/\/www.facebook.com\/events\/900163017634173\/","hyperlink":{"text":"","link":""},"hyperlink2":{"text":"","link":""},"hyperlink3":{"text":"","link":""},"press_release":false},"home_slider_image":{"ID":47475,"id":47475,"title":"POLAR_1300x768","filename":"POLAR_1300x768.jpg","filesize":183163,"url":"https:\/\/www.ifg.gr\/wp-content\/uploads\/2022\/11\/POLAR_1300x768.jpg","link":"https:\/\/www.ifg.gr\/fr\/events\/soiree-polar\/polar_1300x768-2\/","alt":"\u0392\u03c1\u03b1\u03b4\u03b9\u03ac \u03a0\u03bf\u03bb\u03ac\u03c1","author":"1","description":"\u0392\u03c1\u03b1\u03b4\u03b9\u03ac \u03a0\u03bf\u03bb\u03ac\u03c1","caption":"","name":"polar_1300x768-2","status":"inherit","uploaded_to":47493,"date":"2022-11-22 14:54:53","modified":"2022-11-22 14:55:38","menu_order":0,"mime_type":"image\/jpeg","type":"image","subtype":"jpeg","icon":"https:\/\/www.ifg.gr\/wp-includes\/images\/media\/default.png","width":1300,"height":768,"sizes":{"thumbnail":"https:\/\/www.ifg.gr\/wp-content\/uploads\/2022\/11\/POLAR_1300x768.jpg","thumbnail-width":150,"thumbnail-height":89,"medium":"https:\/\/www.ifg.gr\/wp-content\/uploads\/2022\/11\/POLAR_1300x768.jpg","medium-width":300,"medium-height":177,"medium_large":"https:\/\/www.ifg.gr\/wp-content\/uploads\/2022\/11\/POLAR_1300x768-768x454.jpg","medium_large-width":640,"medium_large-height":378,"large":"https:\/\/www.ifg.gr\/wp-content\/uploads\/2022\/11\/POLAR_1300x768.jpg","large-width":640,"large-height":378,"1536x1536":"https:\/\/www.ifg.gr\/wp-content\/uploads\/2022\/11\/POLAR_1300x768.jpg","1536x1536-width":1300,"1536x1536-height":768,"2048x2048":"https:\/\/www.ifg.gr\/wp-content\/uploads\/2022\/11\/POLAR_1300x768.jpg","2048x2048-width":1300,"2048x2048-height":768,"full-width":"https:\/\/www.ifg.gr\/wp-content\/uploads\/2022\/11\/POLAR_1300x768.jpg","full-width-width":1300,"full-width-height":768,"sidebar":"https:\/\/www.ifg.gr\/wp-content\/uploads\/2022\/11\/POLAR_1300x768.jpg","sidebar-width":1300,"sidebar-height":768,"thumb-sm":"https:\/\/www.ifg.gr\/wp-content\/uploads\/2022\/11\/POLAR_1300x768-220x130.jpg","thumb-sm-width":220,"thumb-sm-height":130,"thumb-square":"https:\/\/www.ifg.gr\/wp-content\/uploads\/2022\/11\/POLAR_1300x768-300x300.jpg","thumb-square-width":300,"thumb-square-height":300,"thumb-big":"https:\/\/www.ifg.gr\/wp-content\/uploads\/2022\/11\/POLAR_1300x768-600x400.jpg","thumb-big-width":600,"thumb-big-height":400,"slider-big":"https:\/\/www.ifg.gr\/wp-content\/uploads\/2022\/11\/POLAR_1300x768.jpg","slider-big-width":1300,"slider-big-height":768}},"sponsors_group":false,"layout":false},"yoast_head":"<!-- This site is optimized with the Yoast SEO plugin v26.8 - https:\/\/yoast.com\/product\/yoast-seo-wordpress\/ -->\n<title>Soir\u00e9e polar : Table ronde et projection du film \u00ab Le Choc \u00bb<\/title>\n<meta name=\"description\" content=\"Dans le cadre du 35e Panorama du film europ\u00e9en, en partenariat avec les \u00e9ditions Agra et le magazine \u00ab Polar \u00bb. Entr\u00e9e libre.\" \/>\n<meta name=\"robots\" content=\"index, follow, max-snippet:-1, max-image-preview:large, max-video-preview:-1\" \/>\n<link rel=\"canonical\" href=\"https:\/\/www.ifg.gr\/events\/soiree-polar\/\" \/>\n<meta property=\"og:locale\" content=\"fr_FR\" \/>\n<meta property=\"og:type\" content=\"article\" \/>\n<meta property=\"og:title\" content=\"Soir\u00e9e polar : Table ronde et projection du film \u00ab Le Choc \u00bb\" \/>\n<meta property=\"og:description\" content=\"Dans le cadre du 35e Panorama du film europ\u00e9en, en partenariat avec les \u00e9ditions Agra et le magazine \u00ab Polar \u00bb. Entr\u00e9e libre.\" \/>\n<meta property=\"og:url\" content=\"https:\/\/www.ifg.gr\/events\/soiree-polar\/\" \/>\n<meta property=\"og:site_name\" content=\"IFG\" \/>\n<meta property=\"article:modified_time\" content=\"2022-11-25T15:15:24+00:00\" \/>\n<meta property=\"og:image\" content=\"https:\/\/www.ifg.gr\/wp-content\/uploads\/2022\/11\/POLAR_1200x800.jpg\" \/>\n\t<meta property=\"og:image:width\" content=\"1200\" \/>\n\t<meta property=\"og:image:height\" content=\"800\" \/>\n\t<meta property=\"og:image:type\" content=\"image\/jpeg\" \/>\n<meta name=\"twitter:card\" content=\"summary_large_image\" \/>\n<meta name=\"twitter:label1\" content=\"Dur\u00e9e de lecture estim\u00e9e\" \/>\n\t<meta name=\"twitter:data1\" content=\"4 minutes\" \/>\n<script type=\"application\/ld+json\" class=\"yoast-schema-graph\">{\"@context\":\"https:\/\/schema.org\",\"@graph\":[{\"@type\":\"WebPage\",\"@id\":\"https:\/\/www.ifg.gr\/events\/soiree-polar\/\",\"url\":\"https:\/\/www.ifg.gr\/events\/soiree-polar\/\",\"name\":\"Soir\u00e9e polar : Table ronde et projection du film \u00ab Le Choc \u00bb\",\"isPartOf\":{\"@id\":\"https:\/\/www.ifg.gr\/#website\"},\"primaryImageOfPage\":{\"@id\":\"https:\/\/www.ifg.gr\/events\/soiree-polar\/#primaryimage\"},\"image\":{\"@id\":\"https:\/\/www.ifg.gr\/events\/soiree-polar\/#primaryimage\"},\"thumbnailUrl\":\"https:\/\/www.ifg.gr\/wp-content\/uploads\/2022\/11\/POLAR_1200x800.jpg\",\"datePublished\":\"2022-11-22T15:08:51+00:00\",\"dateModified\":\"2022-11-25T15:15:24+00:00\",\"description\":\"Dans le cadre du 35e Panorama du film europ\u00e9en, en partenariat avec les \u00e9ditions Agra et le magazine \u00ab Polar \u00bb. Entr\u00e9e libre.\",\"breadcrumb\":{\"@id\":\"https:\/\/www.ifg.gr\/events\/soiree-polar\/#breadcrumb\"},\"inLanguage\":\"fr-FR\",\"potentialAction\":[{\"@type\":\"ReadAction\",\"target\":[\"https:\/\/www.ifg.gr\/events\/soiree-polar\/\"]}]},{\"@type\":\"ImageObject\",\"inLanguage\":\"fr-FR\",\"@id\":\"https:\/\/www.ifg.gr\/events\/soiree-polar\/#primaryimage\",\"url\":\"https:\/\/www.ifg.gr\/wp-content\/uploads\/2022\/11\/POLAR_1200x800.jpg\",\"contentUrl\":\"https:\/\/www.ifg.gr\/wp-content\/uploads\/2022\/11\/POLAR_1200x800.jpg\",\"width\":1200,\"height\":800,\"caption\":\"\u0392\u03c1\u03b1\u03b4\u03b9\u03ac \u03a0\u03bf\u03bb\u03ac\u03c1\"},{\"@type\":\"BreadcrumbList\",\"@id\":\"https:\/\/www.ifg.gr\/events\/soiree-polar\/#breadcrumb\",\"itemListElement\":[{\"@type\":\"ListItem\",\"position\":1,\"name\":\"Home\",\"item\":\"https:\/\/www.ifg.gr\/fr\/\"},{\"@type\":\"ListItem\",\"position\":2,\"name\":\"Events\",\"item\":\"https:\/\/www.ifg.gr\/events\/\"},{\"@type\":\"ListItem\",\"position\":3,\"name\":\"Soir\u00e9e polar : Table ronde et projection\"}]},{\"@type\":\"WebSite\",\"@id\":\"https:\/\/www.ifg.gr\/#website\",\"url\":\"https:\/\/www.ifg.gr\/\",\"name\":\"IFG\",\"description\":\"\",\"potentialAction\":[{\"@type\":\"SearchAction\",\"target\":{\"@type\":\"EntryPoint\",\"urlTemplate\":\"https:\/\/www.ifg.gr\/?s={search_term_string}\"},\"query-input\":{\"@type\":\"PropertyValueSpecification\",\"valueRequired\":true,\"valueName\":\"search_term_string\"}}],\"inLanguage\":\"fr-FR\"}]}<\/script>\n<!-- \/ Yoast SEO plugin. -->","yoast_head_json":{"title":"Soir\u00e9e polar : Table ronde et projection du film \u00ab Le Choc \u00bb","description":"Dans le cadre du 35e Panorama du film europ\u00e9en, en partenariat avec les \u00e9ditions Agra et le magazine \u00ab Polar \u00bb. Entr\u00e9e libre.","robots":{"index":"index","follow":"follow","max-snippet":"max-snippet:-1","max-image-preview":"max-image-preview:large","max-video-preview":"max-video-preview:-1"},"canonical":"https:\/\/www.ifg.gr\/events\/soiree-polar\/","og_locale":"fr_FR","og_type":"article","og_title":"Soir\u00e9e polar : Table ronde et projection du film \u00ab Le Choc \u00bb","og_description":"Dans le cadre du 35e Panorama du film europ\u00e9en, en partenariat avec les \u00e9ditions Agra et le magazine \u00ab Polar \u00bb. Entr\u00e9e libre.","og_url":"https:\/\/www.ifg.gr\/events\/soiree-polar\/","og_site_name":"IFG","article_modified_time":"2022-11-25T15:15:24+00:00","og_image":[{"width":1200,"height":800,"url":"https:\/\/www.ifg.gr\/wp-content\/uploads\/2022\/11\/POLAR_1200x800.jpg","type":"image\/jpeg"}],"twitter_card":"summary_large_image","twitter_misc":{"Dur\u00e9e de lecture estim\u00e9e":"4 minutes"},"schema":{"@context":"https:\/\/schema.org","@graph":[{"@type":"WebPage","@id":"https:\/\/www.ifg.gr\/events\/soiree-polar\/","url":"https:\/\/www.ifg.gr\/events\/soiree-polar\/","name":"Soir\u00e9e polar : Table ronde et projection du film \u00ab Le Choc \u00bb","isPartOf":{"@id":"https:\/\/www.ifg.gr\/#website"},"primaryImageOfPage":{"@id":"https:\/\/www.ifg.gr\/events\/soiree-polar\/#primaryimage"},"image":{"@id":"https:\/\/www.ifg.gr\/events\/soiree-polar\/#primaryimage"},"thumbnailUrl":"https:\/\/www.ifg.gr\/wp-content\/uploads\/2022\/11\/POLAR_1200x800.jpg","datePublished":"2022-11-22T15:08:51+00:00","dateModified":"2022-11-25T15:15:24+00:00","description":"Dans le cadre du 35e Panorama du film europ\u00e9en, en partenariat avec les \u00e9ditions Agra et le magazine \u00ab Polar \u00bb. Entr\u00e9e libre.","breadcrumb":{"@id":"https:\/\/www.ifg.gr\/events\/soiree-polar\/#breadcrumb"},"inLanguage":"fr-FR","potentialAction":[{"@type":"ReadAction","target":["https:\/\/www.ifg.gr\/events\/soiree-polar\/"]}]},{"@type":"ImageObject","inLanguage":"fr-FR","@id":"https:\/\/www.ifg.gr\/events\/soiree-polar\/#primaryimage","url":"https:\/\/www.ifg.gr\/wp-content\/uploads\/2022\/11\/POLAR_1200x800.jpg","contentUrl":"https:\/\/www.ifg.gr\/wp-content\/uploads\/2022\/11\/POLAR_1200x800.jpg","width":1200,"height":800,"caption":"\u0392\u03c1\u03b1\u03b4\u03b9\u03ac \u03a0\u03bf\u03bb\u03ac\u03c1"},{"@type":"BreadcrumbList","@id":"https:\/\/www.ifg.gr\/events\/soiree-polar\/#breadcrumb","itemListElement":[{"@type":"ListItem","position":1,"name":"Home","item":"https:\/\/www.ifg.gr\/fr\/"},{"@type":"ListItem","position":2,"name":"Events","item":"https:\/\/www.ifg.gr\/events\/"},{"@type":"ListItem","position":3,"name":"Soir\u00e9e polar : Table ronde et projection"}]},{"@type":"WebSite","@id":"https:\/\/www.ifg.gr\/#website","url":"https:\/\/www.ifg.gr\/","name":"IFG","description":"","potentialAction":[{"@type":"SearchAction","target":{"@type":"EntryPoint","urlTemplate":"https:\/\/www.ifg.gr\/?s={search_term_string}"},"query-input":{"@type":"PropertyValueSpecification","valueRequired":true,"valueName":"search_term_string"}}],"inLanguage":"fr-FR"}]}},"_links":{"self":[{"href":"https:\/\/www.ifg.gr\/fr\/wp-json\/wp\/v2\/event\/47493","targetHints":{"allow":["GET"]}}],"collection":[{"href":"https:\/\/www.ifg.gr\/fr\/wp-json\/wp\/v2\/event"}],"about":[{"href":"https:\/\/www.ifg.gr\/fr\/wp-json\/wp\/v2\/types\/event"}],"author":[{"embeddable":true,"href":"https:\/\/www.ifg.gr\/fr\/wp-json\/wp\/v2\/users\/1"}],"version-history":[{"count":0,"href":"https:\/\/www.ifg.gr\/fr\/wp-json\/wp\/v2\/event\/47493\/revisions"}],"wp:featuredmedia":[{"embeddable":true,"href":"https:\/\/www.ifg.gr\/fr\/wp-json\/wp\/v2\/media\/47473"}],"wp:attachment":[{"href":"https:\/\/www.ifg.gr\/fr\/wp-json\/wp\/v2\/media?parent=47493"}],"wp:term":[{"taxonomy":"post_tag","embeddable":true,"href":"https:\/\/www.ifg.gr\/fr\/wp-json\/wp\/v2\/tags?post=47493"},{"taxonomy":"event_category","embeddable":true,"href":"https:\/\/www.ifg.gr\/fr\/wp-json\/wp\/v2\/event_category?post=47493"},{"taxonomy":"event_group","embeddable":true,"href":"https:\/\/www.ifg.gr\/fr\/wp-json\/wp\/v2\/event_group?post=47493"}],"curies":[{"name":"wp","href":"https:\/\/api.w.org\/{rel}","templated":true}]}}