{"id":47726,"date":"2022-12-21T12:45:41","date_gmt":"2022-12-21T12:45:41","guid":{"rendered":"https:\/\/www.ifg.gr\/events\/ekthesi-spoudes-sti-gallia-2023\/"},"modified":"2023-02-10T09:30:15","modified_gmt":"2023-02-10T09:30:15","slug":"salon-des-etudes-en-france-2023","status":"publish","type":"event","link":"https:\/\/www.ifg.gr\/fr\/events\/salon-des-etudes-en-france-2023\/","title":{"rendered":"Salon des \u00e9tudes en France 2023"},"content":{"rendered":"<p>L\u2019Institut fran\u00e7ais de Gr\u00e8ce, fid\u00e8le \u00e0 son rendez-vous annuel avec les futur(e)s \u00e9tudiant(e)s, organise en 2023 le Salon des \u00c9tudes en France avec la participation de plusieurs \u00e9tablissements universitaires et Grandes \u00c9coles.<\/p>\n<p>Le Salon se d\u00e9roulera de <strong>mani\u00e8re hybride<\/strong> :<\/p>\n<ul>\n<li>Le <strong>mercredi 8 <\/strong>et le<strong> jeudi 9 f\u00e9vrier<\/strong> 2023,\u00a0de <strong>10h00 \u00e0 18h00, <\/strong><strong>en ligne<\/strong> (<a href=\"https:\/\/salon-des-etudes-en-france23.b2match.io\/\" target=\"_blank\" rel=\"noopener\">inscription gratuite<\/a> pour prises des rendez-vous en ligne, avec le ou les \u00e9tablissements souhait\u00e9s)<\/li>\n<li>Le <strong>samedi 11 f\u00e9vrier<\/strong> 2023, de <strong>10h00 \u00e0 18h00<\/strong>, en pr\u00e9sentiel \u00e0 l\u2019<strong>Institut fran\u00e7ais de Gr\u00e8ce<\/strong><\/li>\n<li>Le <strong>dimanche 12 f\u00e9vrier<\/strong> 2023, de <strong>14h00 \u00e0 20h00<\/strong>, en pr\u00e9sentiel, \u00e0 l\u2019<strong>Institut fran\u00e7ais de Thessalonique<\/strong><\/li>\n<\/ul>\n<p>Quel que soit le sch\u00e9ma choisi, le public grec aura l\u2019occasion de s\u2019informer sur les formations offertes par les \u00e9tablissements fran\u00e7ais, d\u2019\u00e9changer avec les repr\u00e9sentants des \u00e9tablissements lors de rendez-vous pris en amont et de suivre des conf\u00e9rences sur les \u00e9tudes en France.<\/p>\n<p>Comme chaque ann\u00e9e, les \u00e9tablissements fran\u00e7ais qui ont r\u00e9pondu \u00e0 l\u2019invitation de l\u2019Institut fran\u00e7ais de Gr\u00e8ce sont nombreux. Ils se caract\u00e9risent tous par leur excellente r\u00e9putation, leur ouverture vers l\u2019international et la qualit\u00e9 de leurs structures d\u2019accueil destin\u00e9es aux \u00e9tudiants internationaux. Cette renomm\u00e9e s\u2019explique notamment par le <strong>rayonnement exceptionnel des chercheurs fran\u00e7ais<\/strong>. En plus de treize m\u00e9dailles Fields, la France compte soixante-cinq prix Nobel, (en 2022 elle a obtenu le prix Nobel de litt\u00e9rature et celui de physique et la m\u00e9daille Fields). De plus, de nombreuses r\u00e9compenses scientifiques ont \u00e9t\u00e9 attribu\u00e9es \u00e0 des chercheurs \u00e9trangers ayant \u00e9tudi\u00e9 et travaill\u00e9 en France.<\/p>\n<p>Il y a environ 400.000 \u00e9tudiants \u00e9trangers en France. Ce nombre a augment\u00e9 de 8% en 2021-2022. En ce qui concerne le nombre d\u2019\u00e9tudiants grecs a atteint cette ann\u00e9e le nombre de 3000, ce qui repr\u00e9sente une augmentation de 11,5% et prouve leur int\u00e9r\u00eat accru pour les \u00e9tudes universitaires en France.<\/p>\n<p>&nbsp;<\/p>\n<p><strong>PR\u00c9SENTATIONS TH\u00c9MATIQUES (en fran\u00e7ais &#8211; traduction simultan\u00e9e)<\/strong><\/p>\n<h3>\u25ba Samedi 11 f\u00e9vrier &#8211; Auditorium Th\u00e9o Angelopoulos :<\/h3>\n<p>En pr\u00e9sentiel et rediffusion en direct <a href=\"https:\/\/www.ifg.gr\/fr\/diffusion-en-direct\/\" target=\"_blank\" rel=\"noopener\">sur le site ifg.gr<\/a> et la <a href=\"https:\/\/www.facebook.com\/institutfrancaisdegrece\" target=\"_blank\" rel=\"noopener\">page Facebook<\/a> de l\u2019IFG<\/p>\n<p>\u2022 11h00-12h00 : Les \u00e9tudes de Licence<br \/>\n\u2022 14h00-15h00 : Les \u00e9tudes d\u2019ing\u00e9nieur<br \/>\n\u2022 16h00-17h00 : Les \u00e9tudes de Master<\/p>\n<h3><\/h3>\n<h3>\u25ba Dimanche 12 f\u00e9vrier &#8211; Institut fran\u00e7ais de Thessalonique :<\/h3>\n<p>En pr\u00e9sentiel<\/p>\n<p>\u2022 15h00-16h30 : Les \u00e9tudes de Licence<br \/>\n\u2022 17h00-18h00 : Les \u00e9tudes de Master<\/p>\n<p>&nbsp;<\/p>\n<h3>Les \u00e9tablissements suivants participeront \u00e0 cet \u00e9v\u00e9nement <a href=\"https:\/\/www.ifg.gr\/wp-content\/uploads\/2023\/02\/SALON_ETUDES_2023_PLAN_STANDS_A3_web.pdf\" target=\"_blank\" rel=\"noopener\">en pr\u00e9sentiel<\/a> :<\/h3>\n<p><strong>Universit\u00e9s<\/strong><\/p>\n<p>Universit\u00e9 Paul Valery Montpellier 3<br \/>\nUniversit\u00e9 Jean Moulin Lyon 3<br \/>\nIDEF College- Universit\u00e9 Paris Nord<br \/>\nUniversit\u00e9 de Poitiers<br \/>\nUniversit\u00e9 Lyon 1<br \/>\nUniversit\u00e9 Catholique de Lille-Facult\u00e9 de droit<br \/>\nEtablissement sp\u00e9cialis\u00e9 de la Francophonie pour l&rsquo;Administration et le Management<br \/>\nSciences Po Paris<\/p>\n<p><strong>Ecoles d\u2019ing\u00e9nieurs<\/strong><\/p>\n<p>INSA Rouen Normandie<br \/>\nCESI Ecoles d&rsquo;Ing\u00e9nieurs<br \/>\nEcole Nationale d&rsquo;Ing\u00e9nieurs de Brest (ENIB)<br \/>\nMines ParisTech<br \/>\nEcole Polytechnique<br \/>\nINSA Rennes<\/p>\n<p><strong>Business Schools<\/strong><\/p>\n<p>YSCHOOLS<br \/>\nIESEG School of Management<br \/>\nEDHEC Business School<br \/>\nESCP Business School<br \/>\nEM Strasbourg Business School<br \/>\nOMNES Education \/ INSEEC<br \/>\nSKEMA Business School<br \/>\nGrenoble Ecole de Management<br \/>\nEarly Makers Group-EMLyon Business School<br \/>\nNEOMA Business School<br \/>\nICN Business School<br \/>\nESSEC Business School<\/p>\n<p><strong>H\u00f4tellerie-Tourisme-Restauration<\/strong><br \/>\nInstitut Paul Bocuse<br \/>\nEcole Ducasse<br \/>\nBTS Tourisme du LFH-ED<\/p>\n<p><strong>Autres<\/strong><br \/>\nISIPCA Grande \u00e9cole des m\u00e9tiers du parfum, de la cosm\u00e9tique et des ar\u00f4mes<br \/>\nISCOM<\/p>\n<p>&nbsp;<\/p>\n<h3>Les \u00e9tablissements qui participeront en ligne :<\/h3>\n<p>Les \u00e9tablissements suivants participeront \u00e0 cet \u00e9v\u00e9nement en ligne le mercredi 8 et le jeudi 9 f\u00e9vrier 2023 via une <a href=\"https:\/\/salon-des-etudes-en-france23.b2match.io\/\" target=\"_blank\" rel=\"noopener\">plateforme avec inscription gratuite<\/a> pour prises des rendez-vous en ligne, avec le ou les \u00e9tablissements souhait\u00e9s.<\/p>\n<p><strong>Universit\u00e9s<\/strong><br \/>\nAvignon Universit\u00e9<br \/>\nUniversit\u00e9 LeMans<br \/>\nIDEF College- Universit\u00e9 Paris Nord<br \/>\nUniversit\u00e9 de Strasbourg<br \/>\nSciences Po Paris<\/p>\n<p><strong>Ecoles d\u2019ing\u00e9nieurs<\/strong><br \/>\nEcole Nationale d\u2019Ing\u00e9nieurs de Tarbes (ENIT)<br \/>\nIMT Nord Europe<br \/>\nMines ParisTech<br \/>\nINSA Rennes<br \/>\nCentraleSup\u00e9lec<\/p>\n<p><strong>Business Schools<\/strong><br \/>\nESSCA School of Management<br \/>\nExcelia<br \/>\nEM Strasbourg Business School<br \/>\nOMNES Education \/ INSEEC<br \/>\nGrenoble Ecole de Management<\/p>\n<p><strong>H\u00f4tellerie-Tourisme-Restauration<\/strong><br \/>\nInstitut Paul Bocuse<br \/>\nEcole Ducasse<\/p>\n<p><strong>Ecole d\u2019Art<\/strong><br \/>\nSPEOS Photo-Vid\u00e9o-CGI School<\/p>\n<p><strong>Autres<\/strong><br \/>\nEcole Ducasse<\/p>\n<p>&nbsp;<\/p>\n<p><strong>Informations<\/strong> : <a href=\"mailto:athenes@campusfrance.org\" target=\"_blank\" rel=\"noopener\">athenes@campusfrance.org<\/a><\/p>\n","protected":false},"excerpt":{"rendered":"<p>Echangez avec les repr\u00e9sentants des \u00e9tablissements, en pr\u00e9sentiel le 11\/02 (Ath\u00e8nes) et 12\/02 (Thessalonique).<\/p>\n","protected":false},"author":1,"featured_media":47719,"template":"","tags":[1378,1379,1358,1359,1360,1351,940,974],"event_category":[1129],"event_group":[],"class_list":["post-47726","event","type-event","status-publish","has-post-thumbnail","hentry","tag-salon-des-etudes-en-france","tag-universite","tag-panepistimio-fr","tag-ekthesi-gia-tis-spoudes-sti-gallia-fr","tag-anotati-ekpaidefsi-fr","tag-gallia-fr","tag-spoudes-sti-gallia-fr","tag-etudes-en-france-fr","event_category-etudes-en-france"],"acf":{"sponsors_default":false,"featured_image_credits":"","info_title":"","info_text":"","date_range":{"start":"11\/02\/2023","end":"12\/02\/2023","cancelled":false,"note":"","start_time":"","end_time":""},"details":{"location":"<p>8-9\/02\/2023 - en ligne<\/p>\n<p>11\/02\/2023 - Institut fran\u00e7ais de Gr\u00e8ce \u00e0 Ath\u00e8nes<\/p>\n<p>12\/02\/2023 - Institut fran\u00e7ais de Thessalonique<\/p>\n","hyperlink1a":{"text":"Consultez le tableau des fili\u00e8res de chaque \u00e9tablissement","link":"https:\/\/www.ifg.gr\/wp-content\/uploads\/2023\/02\/TABLEAU-FILIERES-2023_GRFR_web-1.pdf"},"price":"Entr\u00e9e libre","hyperlink2a":{"text":"STANDS DES \u00c9TABLISSEMENTS \u00c9DUCATIFS","link":"https:\/\/www.ifg.gr\/wp-content\/uploads\/2023\/02\/SALON_ETUDES_2023_PLAN_STANDS_A3_web.pdf"},"online_event":false,"live_streaming":true,"live_streaming_code":"<iframe allowfullscreen width=\"640\" height=\"390\" class=\"flowplayer fp-slim fp-edgy\" frameborder=\"0\" scrolling=\"no\" src=\"https:\/\/diavlos.grnet.gr\/en\/room\/3184?eventid=13799&stream_lang=fr&embed=true&width=640\"><\/iframe>","facebook_url":"https:\/\/www.facebook.com\/events\/949356219803513\/","hyperlink":{"text":"","link":""},"hyperlink2":{"text":"Campus France Gr\u00e8ce ","link":"https:\/\/www.grece.campusfrance.org\/"},"hyperlink3":{"text":"","link":""},"press_release":false},"home_slider_image":{"ID":47721,"id":47721,"title":"SALON_ETUDES_FEB23_1300x768","filename":"SALON_ETUDES_FEB23_1300x768.jpg","filesize":2020519,"url":"https:\/\/www.ifg.gr\/wp-content\/uploads\/2022\/12\/SALON_ETUDES_FEB23_1300x768.jpg","link":"https:\/\/www.ifg.gr\/fr\/events\/salon-des-etudes-en-france-2023\/salon_etudes_feb23_1300x768-2\/","alt":"\u0388\u03ba\u03b8\u03b5\u03c3\u03b7 \u03b3\u03b9\u03b1 \u03c4\u03b9\u03c2 \u03a3\u03c0\u03bf\u03c5\u03b4\u03ad\u03c2 \u03c3\u03c4\u03b7 \u0393\u03b1\u03bb\u03bb\u03af\u03b1 2023","author":"1","description":"\u0388\u03ba\u03b8\u03b5\u03c3\u03b7 \u03b3\u03b9\u03b1 \u03c4\u03b9\u03c2 \u03a3\u03c0\u03bf\u03c5\u03b4\u03ad\u03c2 \u03c3\u03c4\u03b7 \u0393\u03b1\u03bb\u03bb\u03af\u03b1 2023","caption":"","name":"salon_etudes_feb23_1300x768-2","status":"inherit","uploaded_to":47726,"date":"2022-12-21 12:41:53","modified":"2022-12-21 12:41:58","menu_order":0,"mime_type":"image\/jpeg","type":"image","subtype":"jpeg","icon":"https:\/\/www.ifg.gr\/wp-includes\/images\/media\/default.png","width":1300,"height":768,"sizes":{"thumbnail":"https:\/\/www.ifg.gr\/wp-content\/uploads\/2022\/12\/SALON_ETUDES_FEB23_1300x768.jpg","thumbnail-width":150,"thumbnail-height":89,"medium":"https:\/\/www.ifg.gr\/wp-content\/uploads\/2022\/12\/SALON_ETUDES_FEB23_1300x768.jpg","medium-width":300,"medium-height":177,"medium_large":"https:\/\/www.ifg.gr\/wp-content\/uploads\/2022\/12\/SALON_ETUDES_FEB23_1300x768-768x454.jpg","medium_large-width":640,"medium_large-height":378,"large":"https:\/\/www.ifg.gr\/wp-content\/uploads\/2022\/12\/SALON_ETUDES_FEB23_1300x768.jpg","large-width":640,"large-height":378,"1536x1536":"https:\/\/www.ifg.gr\/wp-content\/uploads\/2022\/12\/SALON_ETUDES_FEB23_1300x768.jpg","1536x1536-width":1300,"1536x1536-height":768,"2048x2048":"https:\/\/www.ifg.gr\/wp-content\/uploads\/2022\/12\/SALON_ETUDES_FEB23_1300x768.jpg","2048x2048-width":1300,"2048x2048-height":768,"full-width":"https:\/\/www.ifg.gr\/wp-content\/uploads\/2022\/12\/SALON_ETUDES_FEB23_1300x768.jpg","full-width-width":1300,"full-width-height":768,"sidebar":"https:\/\/www.ifg.gr\/wp-content\/uploads\/2022\/12\/SALON_ETUDES_FEB23_1300x768.jpg","sidebar-width":1300,"sidebar-height":768,"thumb-sm":"https:\/\/www.ifg.gr\/wp-content\/uploads\/2022\/12\/SALON_ETUDES_FEB23_1300x768-220x130.jpg","thumb-sm-width":220,"thumb-sm-height":130,"thumb-square":"https:\/\/www.ifg.gr\/wp-content\/uploads\/2022\/12\/SALON_ETUDES_FEB23_1300x768-300x300.jpg","thumb-square-width":300,"thumb-square-height":300,"thumb-big":"https:\/\/www.ifg.gr\/wp-content\/uploads\/2022\/12\/SALON_ETUDES_FEB23_1300x768-600x400.jpg","thumb-big-width":600,"thumb-big-height":400,"slider-big":"https:\/\/www.ifg.gr\/wp-content\/uploads\/2022\/12\/SALON_ETUDES_FEB23_1300x768.jpg","slider-big-width":1300,"slider-big-height":768}},"sponsors_group":[{"group_title":"SPONSOR COMMUNICATION","banners":[{"image":{"ID":37715,"id":37715,"title":"Monopoli_logo 300","filename":"Monopoli_logo-300.png","filesize":12927,"url":"https:\/\/www.ifg.gr\/wp-content\/uploads\/2022\/02\/Monopoli_logo-300.png","link":"https:\/\/www.ifg.gr\/fr\/events\/salon-des-etudes-en-france-2023\/monopoli_logo-300-2\/","alt":"","author":"1","description":"","caption":"","name":"monopoli_logo-300-2","status":"inherit","uploaded_to":47726,"date":"2022-02-01 13:19:40","modified":"2023-01-18 09:46:49","menu_order":0,"mime_type":"image\/png","type":"image","subtype":"png","icon":"https:\/\/www.ifg.gr\/wp-includes\/images\/media\/default.png","width":300,"height":62,"sizes":{"thumbnail":"https:\/\/www.ifg.gr\/wp-content\/uploads\/2022\/02\/Monopoli_logo-300.png","thumbnail-width":150,"thumbnail-height":31,"medium":"https:\/\/www.ifg.gr\/wp-content\/uploads\/2022\/02\/Monopoli_logo-300.png","medium-width":300,"medium-height":62,"medium_large":"https:\/\/www.ifg.gr\/wp-content\/uploads\/2022\/02\/Monopoli_logo-300.png","medium_large-width":300,"medium_large-height":62,"large":"https:\/\/www.ifg.gr\/wp-content\/uploads\/2022\/02\/Monopoli_logo-300.png","large-width":300,"large-height":62,"1536x1536":"https:\/\/www.ifg.gr\/wp-content\/uploads\/2022\/02\/Monopoli_logo-300.png","1536x1536-width":300,"1536x1536-height":62,"2048x2048":"https:\/\/www.ifg.gr\/wp-content\/uploads\/2022\/02\/Monopoli_logo-300.png","2048x2048-width":300,"2048x2048-height":62,"full-width":"https:\/\/www.ifg.gr\/wp-content\/uploads\/2022\/02\/Monopoli_logo-300.png","full-width-width":300,"full-width-height":62,"sidebar":"https:\/\/www.ifg.gr\/wp-content\/uploads\/2022\/02\/Monopoli_logo-300.png","sidebar-width":300,"sidebar-height":62,"thumb-sm":"https:\/\/www.ifg.gr\/wp-content\/uploads\/2022\/02\/Monopoli_logo-300.png","thumb-sm-width":300,"thumb-sm-height":62,"thumb-square":"https:\/\/www.ifg.gr\/wp-content\/uploads\/2022\/02\/Monopoli_logo-300.png","thumb-square-width":300,"thumb-square-height":62,"thumb-big":"https:\/\/www.ifg.gr\/wp-content\/uploads\/2022\/02\/Monopoli_logo-300.png","thumb-big-width":300,"thumb-big-height":62,"slider-big":"https:\/\/www.ifg.gr\/wp-content\/uploads\/2022\/02\/Monopoli_logo-300.png","slider-big-width":300,"slider-big-height":62}},"link":"https:\/\/www.monopoli.gr"}]}],"layout":false},"yoast_head":"<!-- This site is optimized with the Yoast SEO plugin v26.8 - https:\/\/yoast.com\/product\/yoast-seo-wordpress\/ -->\n<title>Salon des \u00e9tudes en France 2023 - en pr\u00e9sentiel et en ligne<\/title>\n<meta name=\"description\" content=\"Le Salon des \u00e9tudes en France 2023 sera organis\u00e9 de mani\u00e8re hybride : en pr\u00e9sentiel le 11\/02 (Ath\u00e8nes) et 12\/02 (Thessalonique) et en ligne.\" \/>\n<meta name=\"robots\" content=\"index, follow, max-snippet:-1, max-image-preview:large, max-video-preview:-1\" \/>\n<link rel=\"canonical\" href=\"https:\/\/www.ifg.gr\/fr\/events\/salon-des-etudes-en-france-2023\/\" \/>\n<meta property=\"og:locale\" content=\"fr_FR\" \/>\n<meta property=\"og:type\" content=\"article\" \/>\n<meta property=\"og:title\" content=\"Salon des \u00e9tudes en France 2023 - en pr\u00e9sentiel et en ligne\" \/>\n<meta property=\"og:description\" content=\"Le Salon des \u00e9tudes en France 2023 sera organis\u00e9 de mani\u00e8re hybride : en pr\u00e9sentiel le 11\/02 (Ath\u00e8nes) et 12\/02 (Thessalonique) et en ligne.\" \/>\n<meta property=\"og:url\" content=\"https:\/\/www.ifg.gr\/fr\/events\/salon-des-etudes-en-france-2023\/\" \/>\n<meta property=\"og:site_name\" content=\"IFG\" \/>\n<meta property=\"article:modified_time\" content=\"2023-02-10T09:30:15+00:00\" \/>\n<meta property=\"og:image\" content=\"https:\/\/www.ifg.gr\/wp-content\/uploads\/2022\/12\/SALON_ETUDES_FEB23_1200x800.jpg\" \/>\n\t<meta property=\"og:image:width\" content=\"1200\" \/>\n\t<meta property=\"og:image:height\" content=\"800\" \/>\n\t<meta property=\"og:image:type\" content=\"image\/jpeg\" \/>\n<meta name=\"twitter:card\" content=\"summary_large_image\" \/>\n<meta name=\"twitter:label1\" content=\"Dur\u00e9e de lecture estim\u00e9e\" \/>\n\t<meta name=\"twitter:data1\" content=\"3 minutes\" \/>\n<script type=\"application\/ld+json\" class=\"yoast-schema-graph\">{\"@context\":\"https:\/\/schema.org\",\"@graph\":[{\"@type\":\"WebPage\",\"@id\":\"https:\/\/www.ifg.gr\/fr\/events\/salon-des-etudes-en-france-2023\/\",\"url\":\"https:\/\/www.ifg.gr\/fr\/events\/salon-des-etudes-en-france-2023\/\",\"name\":\"Salon des \u00e9tudes en France 2023 - en pr\u00e9sentiel et en ligne\",\"isPartOf\":{\"@id\":\"https:\/\/www.ifg.gr\/#website\"},\"primaryImageOfPage\":{\"@id\":\"https:\/\/www.ifg.gr\/fr\/events\/salon-des-etudes-en-france-2023\/#primaryimage\"},\"image\":{\"@id\":\"https:\/\/www.ifg.gr\/fr\/events\/salon-des-etudes-en-france-2023\/#primaryimage\"},\"thumbnailUrl\":\"https:\/\/www.ifg.gr\/wp-content\/uploads\/2022\/12\/SALON_ETUDES_FEB23_1200x800.jpg\",\"datePublished\":\"2022-12-21T12:45:41+00:00\",\"dateModified\":\"2023-02-10T09:30:15+00:00\",\"description\":\"Le Salon des \u00e9tudes en France 2023 sera organis\u00e9 de mani\u00e8re hybride : en pr\u00e9sentiel le 11\/02 (Ath\u00e8nes) et 12\/02 (Thessalonique) et en ligne.\",\"breadcrumb\":{\"@id\":\"https:\/\/www.ifg.gr\/fr\/events\/salon-des-etudes-en-france-2023\/#breadcrumb\"},\"inLanguage\":\"fr-FR\",\"potentialAction\":[{\"@type\":\"ReadAction\",\"target\":[\"https:\/\/www.ifg.gr\/fr\/events\/salon-des-etudes-en-france-2023\/\"]}]},{\"@type\":\"ImageObject\",\"inLanguage\":\"fr-FR\",\"@id\":\"https:\/\/www.ifg.gr\/fr\/events\/salon-des-etudes-en-france-2023\/#primaryimage\",\"url\":\"https:\/\/www.ifg.gr\/wp-content\/uploads\/2022\/12\/SALON_ETUDES_FEB23_1200x800.jpg\",\"contentUrl\":\"https:\/\/www.ifg.gr\/wp-content\/uploads\/2022\/12\/SALON_ETUDES_FEB23_1200x800.jpg\",\"width\":1200,\"height\":800,\"caption\":\"\u0388\u03ba\u03b8\u03b5\u03c3\u03b7 \u03b3\u03b9\u03b1 \u03c4\u03b9\u03c2 \u03a3\u03c0\u03bf\u03c5\u03b4\u03ad\u03c2 \u03c3\u03c4\u03b7 \u0393\u03b1\u03bb\u03bb\u03af\u03b1 2023\"},{\"@type\":\"BreadcrumbList\",\"@id\":\"https:\/\/www.ifg.gr\/fr\/events\/salon-des-etudes-en-france-2023\/#breadcrumb\",\"itemListElement\":[{\"@type\":\"ListItem\",\"position\":1,\"name\":\"Home\",\"item\":\"https:\/\/www.ifg.gr\/fr\/\"},{\"@type\":\"ListItem\",\"position\":2,\"name\":\"Events\",\"item\":\"https:\/\/www.ifg.gr\/events\/\"},{\"@type\":\"ListItem\",\"position\":3,\"name\":\"Salon des \u00e9tudes en France 2023\"}]},{\"@type\":\"WebSite\",\"@id\":\"https:\/\/www.ifg.gr\/#website\",\"url\":\"https:\/\/www.ifg.gr\/\",\"name\":\"IFG\",\"description\":\"\",\"potentialAction\":[{\"@type\":\"SearchAction\",\"target\":{\"@type\":\"EntryPoint\",\"urlTemplate\":\"https:\/\/www.ifg.gr\/?s={search_term_string}\"},\"query-input\":{\"@type\":\"PropertyValueSpecification\",\"valueRequired\":true,\"valueName\":\"search_term_string\"}}],\"inLanguage\":\"fr-FR\"}]}<\/script>\n<!-- \/ Yoast SEO plugin. -->","yoast_head_json":{"title":"Salon des \u00e9tudes en France 2023 - en pr\u00e9sentiel et en ligne","description":"Le Salon des \u00e9tudes en France 2023 sera organis\u00e9 de mani\u00e8re hybride : en pr\u00e9sentiel le 11\/02 (Ath\u00e8nes) et 12\/02 (Thessalonique) et en ligne.","robots":{"index":"index","follow":"follow","max-snippet":"max-snippet:-1","max-image-preview":"max-image-preview:large","max-video-preview":"max-video-preview:-1"},"canonical":"https:\/\/www.ifg.gr\/fr\/events\/salon-des-etudes-en-france-2023\/","og_locale":"fr_FR","og_type":"article","og_title":"Salon des \u00e9tudes en France 2023 - en pr\u00e9sentiel et en ligne","og_description":"Le Salon des \u00e9tudes en France 2023 sera organis\u00e9 de mani\u00e8re hybride : en pr\u00e9sentiel le 11\/02 (Ath\u00e8nes) et 12\/02 (Thessalonique) et en ligne.","og_url":"https:\/\/www.ifg.gr\/fr\/events\/salon-des-etudes-en-france-2023\/","og_site_name":"IFG","article_modified_time":"2023-02-10T09:30:15+00:00","og_image":[{"width":1200,"height":800,"url":"https:\/\/www.ifg.gr\/wp-content\/uploads\/2022\/12\/SALON_ETUDES_FEB23_1200x800.jpg","type":"image\/jpeg"}],"twitter_card":"summary_large_image","twitter_misc":{"Dur\u00e9e de lecture estim\u00e9e":"3 minutes"},"schema":{"@context":"https:\/\/schema.org","@graph":[{"@type":"WebPage","@id":"https:\/\/www.ifg.gr\/fr\/events\/salon-des-etudes-en-france-2023\/","url":"https:\/\/www.ifg.gr\/fr\/events\/salon-des-etudes-en-france-2023\/","name":"Salon des \u00e9tudes en France 2023 - en pr\u00e9sentiel et en ligne","isPartOf":{"@id":"https:\/\/www.ifg.gr\/#website"},"primaryImageOfPage":{"@id":"https:\/\/www.ifg.gr\/fr\/events\/salon-des-etudes-en-france-2023\/#primaryimage"},"image":{"@id":"https:\/\/www.ifg.gr\/fr\/events\/salon-des-etudes-en-france-2023\/#primaryimage"},"thumbnailUrl":"https:\/\/www.ifg.gr\/wp-content\/uploads\/2022\/12\/SALON_ETUDES_FEB23_1200x800.jpg","datePublished":"2022-12-21T12:45:41+00:00","dateModified":"2023-02-10T09:30:15+00:00","description":"Le Salon des \u00e9tudes en France 2023 sera organis\u00e9 de mani\u00e8re hybride : en pr\u00e9sentiel le 11\/02 (Ath\u00e8nes) et 12\/02 (Thessalonique) et en ligne.","breadcrumb":{"@id":"https:\/\/www.ifg.gr\/fr\/events\/salon-des-etudes-en-france-2023\/#breadcrumb"},"inLanguage":"fr-FR","potentialAction":[{"@type":"ReadAction","target":["https:\/\/www.ifg.gr\/fr\/events\/salon-des-etudes-en-france-2023\/"]}]},{"@type":"ImageObject","inLanguage":"fr-FR","@id":"https:\/\/www.ifg.gr\/fr\/events\/salon-des-etudes-en-france-2023\/#primaryimage","url":"https:\/\/www.ifg.gr\/wp-content\/uploads\/2022\/12\/SALON_ETUDES_FEB23_1200x800.jpg","contentUrl":"https:\/\/www.ifg.gr\/wp-content\/uploads\/2022\/12\/SALON_ETUDES_FEB23_1200x800.jpg","width":1200,"height":800,"caption":"\u0388\u03ba\u03b8\u03b5\u03c3\u03b7 \u03b3\u03b9\u03b1 \u03c4\u03b9\u03c2 \u03a3\u03c0\u03bf\u03c5\u03b4\u03ad\u03c2 \u03c3\u03c4\u03b7 \u0393\u03b1\u03bb\u03bb\u03af\u03b1 2023"},{"@type":"BreadcrumbList","@id":"https:\/\/www.ifg.gr\/fr\/events\/salon-des-etudes-en-france-2023\/#breadcrumb","itemListElement":[{"@type":"ListItem","position":1,"name":"Home","item":"https:\/\/www.ifg.gr\/fr\/"},{"@type":"ListItem","position":2,"name":"Events","item":"https:\/\/www.ifg.gr\/events\/"},{"@type":"ListItem","position":3,"name":"Salon des \u00e9tudes en France 2023"}]},{"@type":"WebSite","@id":"https:\/\/www.ifg.gr\/#website","url":"https:\/\/www.ifg.gr\/","name":"IFG","description":"","potentialAction":[{"@type":"SearchAction","target":{"@type":"EntryPoint","urlTemplate":"https:\/\/www.ifg.gr\/?s={search_term_string}"},"query-input":{"@type":"PropertyValueSpecification","valueRequired":true,"valueName":"search_term_string"}}],"inLanguage":"fr-FR"}]}},"_links":{"self":[{"href":"https:\/\/www.ifg.gr\/fr\/wp-json\/wp\/v2\/event\/47726","targetHints":{"allow":["GET"]}}],"collection":[{"href":"https:\/\/www.ifg.gr\/fr\/wp-json\/wp\/v2\/event"}],"about":[{"href":"https:\/\/www.ifg.gr\/fr\/wp-json\/wp\/v2\/types\/event"}],"author":[{"embeddable":true,"href":"https:\/\/www.ifg.gr\/fr\/wp-json\/wp\/v2\/users\/1"}],"version-history":[{"count":0,"href":"https:\/\/www.ifg.gr\/fr\/wp-json\/wp\/v2\/event\/47726\/revisions"}],"wp:featuredmedia":[{"embeddable":true,"href":"https:\/\/www.ifg.gr\/fr\/wp-json\/wp\/v2\/media\/47719"}],"wp:attachment":[{"href":"https:\/\/www.ifg.gr\/fr\/wp-json\/wp\/v2\/media?parent=47726"}],"wp:term":[{"taxonomy":"post_tag","embeddable":true,"href":"https:\/\/www.ifg.gr\/fr\/wp-json\/wp\/v2\/tags?post=47726"},{"taxonomy":"event_category","embeddable":true,"href":"https:\/\/www.ifg.gr\/fr\/wp-json\/wp\/v2\/event_category?post=47726"},{"taxonomy":"event_group","embeddable":true,"href":"https:\/\/www.ifg.gr\/fr\/wp-json\/wp\/v2\/event_group?post=47726"}],"curies":[{"name":"wp","href":"https:\/\/api.w.org\/{rel}","templated":true}]}}