{"id":47919,"date":"2023-01-18T13:12:38","date_gmt":"2023-01-18T13:12:38","guid":{"rendered":"https:\/\/www.ifg.gr\/?post_type=event&#038;p=47919"},"modified":"2023-01-18T14:34:09","modified_gmt":"2023-01-18T14:34:09","slug":"webinaire-parcoursup-2023","status":"publish","type":"event","link":"https:\/\/www.ifg.gr\/fr\/events\/webinaire-parcoursup-2023\/","title":{"rendered":"Webinaire : Demandes d\u2019admission en 1\u00e8re ann\u00e9e d\u2019\u00e9tudes dans les universit\u00e9s fran\u00e7aises 2023-2024"},"content":{"rendered":"<p>Le premier <strong>Rendez-vous Campus France<\/strong> de l\u2019ann\u00e9e 2023 a pour th\u00e8me la proc\u00e9dure de la demande d\u2019admission via la plateforme <a href=\"https:\/\/www.parcoursup.fr\/\" target=\"_blank\" rel=\"noopener\">parcoursup<\/a> et sera <strong>diffus\u00e9 en ligne via la <a href=\"https:\/\/zoom.us\/webinar\/register\/WN_iEYpVXc4SmKTuzjdYJac7Q\" target=\"_blank\" rel=\"noopener\">plateforme Zoom<\/a><\/strong>.<\/p>\n<p>De plus en plus de jeunes Grecs choisissent la France comme destination pour leurs \u00e9tudes de 1er cycle. Ils souhaitent profiter d\u00e8s le d\u00e9but de leurs \u00e9tudes de l\u2019excellence de l\u2019enseignement sup\u00e9rieur fran\u00e7ais, de son ouverture vers l\u2019international et surtout de son ad\u00e9quation avec les nouvelles exigences du march\u00e9 du travail mondial.<\/p>\n<p>Etant donn\u00e9 que les demandes d\u2019admission en 1\u00e8re ann\u00e9e d\u2019\u00e9tudes dans les universit\u00e9s fran\u00e7aises (ann\u00e9e 2023-2024) commencent le 18 janvier et <strong>se termineront le 9 mars 2023<\/strong>, la conf\u00e9rence comprendra une <strong>d\u00e9monstration de la demande d\u2019admission<\/strong> \u00e0 partir de la plateforme <a href=\"https:\/\/www.parcoursup.fr\/\" target=\"_blank\" rel=\"noopener\">parcoursup.fr<\/a><\/p>\n<p>Pour toute pr\u00e9cision, contactez l\u2019espace Campus France : <a href=\"mailto:athenes@campusfrance.org\" target=\"_blank\" rel=\"noopener\">athenes@campusfrance.org<\/a><\/p>\n<p>&nbsp;<\/p>\n","protected":false},"excerpt":{"rendered":"<p>Le premier Rendez-vous Campus France de l\u2019ann\u00e9e 2023 sera diffus\u00e9 en ligne via la plateforme Zoom.<\/p>\n","protected":false},"author":1,"featured_media":47922,"template":"","tags":[1382,1383,1351,939],"event_category":[1129],"event_group":[],"class_list":["post-47919","event","type-event","status-publish","has-post-thumbnail","hentry","tag-proptychiako-fr","tag-parcoursup-fr","tag-gallia-fr","tag-rendez-vous-campus-france-fr","event_category-etudes-en-france"],"acf":{"sponsors_default":false,"featured_image_credits":"","info_title":"","info_text":"","date_range":{"start":"02\/02\/2023","end":"","cancelled":false,"note":"","start_time":"17:00","end_time":"18:30"},"details":{"location":"","hyperlink1a":{"text":"Inscrivez-vous au webinaire","link":"https:\/\/zoom.us\/webinar\/register\/WN_iEYpVXc4SmKTuzjdYJac7Q"},"price":"","hyperlink2a":{"text":"","link":""},"online_event":true,"live_streaming":false,"live_streaming_code":"","facebook_url":"https:\/\/www.facebook.com\/events\/3599458290282057","hyperlink":{"text":"","link":""},"hyperlink2":{"text":"","link":""},"hyperlink3":{"text":"","link":""},"press_release":false},"home_slider_image":false,"sponsors_group":false,"layout":false},"yoast_head":"<!-- This site is optimized with the Yoast SEO plugin v26.8 - https:\/\/yoast.com\/product\/yoast-seo-wordpress\/ -->\n<title>Webinaire : Demande d\u2019admission en 1\u00e8re ann\u00e9e d\u2019\u00e9tudes dans les universit\u00e9s fran\u00e7aises<\/title>\n<meta name=\"description\" content=\"Le premier Rendez-vous Campus France de l\u2019ann\u00e9e 2023 a pour th\u00e8me la proc\u00e9dure de la demande d\u2019admission via la plateforme parcoursup.\" \/>\n<meta name=\"robots\" content=\"index, follow, max-snippet:-1, max-image-preview:large, max-video-preview:-1\" \/>\n<link rel=\"canonical\" href=\"https:\/\/www.ifg.gr\/events\/webinar-proptychiakes-spoudes-gallia-parcoursup\/\" \/>\n<meta property=\"og:locale\" content=\"fr_FR\" \/>\n<meta property=\"og:type\" content=\"article\" \/>\n<meta property=\"og:title\" content=\"Webinaire : Demande d\u2019admission en 1\u00e8re ann\u00e9e d\u2019\u00e9tudes dans les universit\u00e9s fran\u00e7aises\" \/>\n<meta property=\"og:description\" content=\"Le premier Rendez-vous Campus France de l\u2019ann\u00e9e 2023 a pour th\u00e8me la proc\u00e9dure de la demande d\u2019admission via la plateforme parcoursup.\" \/>\n<meta property=\"og:url\" content=\"https:\/\/www.ifg.gr\/events\/webinar-proptychiakes-spoudes-gallia-parcoursup\/\" \/>\n<meta property=\"og:site_name\" content=\"IFG\" \/>\n<meta property=\"article:modified_time\" content=\"2023-01-18T14:34:09+00:00\" \/>\n<meta property=\"og:image\" content=\"https:\/\/www.ifg.gr\/wp-content\/uploads\/2023\/01\/CAMPUS_FRANCE_Webinaire_1200x800.jpg\" \/>\n\t<meta property=\"og:image:width\" content=\"1200\" \/>\n\t<meta property=\"og:image:height\" content=\"800\" \/>\n\t<meta property=\"og:image:type\" content=\"image\/jpeg\" \/>\n<meta name=\"twitter:card\" content=\"summary_large_image\" \/>\n<meta name=\"twitter:label1\" content=\"Dur\u00e9e de lecture estim\u00e9e\" \/>\n\t<meta name=\"twitter:data1\" content=\"1 minute\" \/>\n<script type=\"application\/ld+json\" class=\"yoast-schema-graph\">{\"@context\":\"https:\/\/schema.org\",\"@graph\":[{\"@type\":\"WebPage\",\"@id\":\"https:\/\/www.ifg.gr\/events\/webinar-proptychiakes-spoudes-gallia-parcoursup\/\",\"url\":\"https:\/\/www.ifg.gr\/events\/webinar-proptychiakes-spoudes-gallia-parcoursup\/\",\"name\":\"Webinaire : Demande d\u2019admission en 1\u00e8re ann\u00e9e d\u2019\u00e9tudes dans les universit\u00e9s fran\u00e7aises\",\"isPartOf\":{\"@id\":\"https:\/\/www.ifg.gr\/#website\"},\"primaryImageOfPage\":{\"@id\":\"https:\/\/www.ifg.gr\/events\/webinar-proptychiakes-spoudes-gallia-parcoursup\/#primaryimage\"},\"image\":{\"@id\":\"https:\/\/www.ifg.gr\/events\/webinar-proptychiakes-spoudes-gallia-parcoursup\/#primaryimage\"},\"thumbnailUrl\":\"https:\/\/www.ifg.gr\/wp-content\/uploads\/2023\/01\/CAMPUS_FRANCE_Webinaire_1200x800.jpg\",\"datePublished\":\"2023-01-18T13:12:38+00:00\",\"dateModified\":\"2023-01-18T14:34:09+00:00\",\"description\":\"Le premier Rendez-vous Campus France de l\u2019ann\u00e9e 2023 a pour th\u00e8me la proc\u00e9dure de la demande d\u2019admission via la plateforme parcoursup.\",\"breadcrumb\":{\"@id\":\"https:\/\/www.ifg.gr\/events\/webinar-proptychiakes-spoudes-gallia-parcoursup\/#breadcrumb\"},\"inLanguage\":\"fr-FR\",\"potentialAction\":[{\"@type\":\"ReadAction\",\"target\":[\"https:\/\/www.ifg.gr\/events\/webinar-proptychiakes-spoudes-gallia-parcoursup\/\"]}]},{\"@type\":\"ImageObject\",\"inLanguage\":\"fr-FR\",\"@id\":\"https:\/\/www.ifg.gr\/events\/webinar-proptychiakes-spoudes-gallia-parcoursup\/#primaryimage\",\"url\":\"https:\/\/www.ifg.gr\/wp-content\/uploads\/2023\/01\/CAMPUS_FRANCE_Webinaire_1200x800.jpg\",\"contentUrl\":\"https:\/\/www.ifg.gr\/wp-content\/uploads\/2023\/01\/CAMPUS_FRANCE_Webinaire_1200x800.jpg\",\"width\":1200,\"height\":800},{\"@type\":\"BreadcrumbList\",\"@id\":\"https:\/\/www.ifg.gr\/events\/webinar-proptychiakes-spoudes-gallia-parcoursup\/#breadcrumb\",\"itemListElement\":[{\"@type\":\"ListItem\",\"position\":1,\"name\":\"Home\",\"item\":\"https:\/\/www.ifg.gr\/fr\/\"},{\"@type\":\"ListItem\",\"position\":2,\"name\":\"Events\",\"item\":\"https:\/\/www.ifg.gr\/events\/\"},{\"@type\":\"ListItem\",\"position\":3,\"name\":\"Webinaire : Demandes d\u2019admission en 1\u00e8re ann\u00e9e d\u2019\u00e9tudes dans les universit\u00e9s fran\u00e7aises 2023-2024\"}]},{\"@type\":\"WebSite\",\"@id\":\"https:\/\/www.ifg.gr\/#website\",\"url\":\"https:\/\/www.ifg.gr\/\",\"name\":\"IFG\",\"description\":\"\",\"potentialAction\":[{\"@type\":\"SearchAction\",\"target\":{\"@type\":\"EntryPoint\",\"urlTemplate\":\"https:\/\/www.ifg.gr\/?s={search_term_string}\"},\"query-input\":{\"@type\":\"PropertyValueSpecification\",\"valueRequired\":true,\"valueName\":\"search_term_string\"}}],\"inLanguage\":\"fr-FR\"}]}<\/script>\n<!-- \/ Yoast SEO plugin. -->","yoast_head_json":{"title":"Webinaire : Demande d\u2019admission en 1\u00e8re ann\u00e9e d\u2019\u00e9tudes dans les universit\u00e9s fran\u00e7aises","description":"Le premier Rendez-vous Campus France de l\u2019ann\u00e9e 2023 a pour th\u00e8me la proc\u00e9dure de la demande d\u2019admission via la plateforme parcoursup.","robots":{"index":"index","follow":"follow","max-snippet":"max-snippet:-1","max-image-preview":"max-image-preview:large","max-video-preview":"max-video-preview:-1"},"canonical":"https:\/\/www.ifg.gr\/events\/webinar-proptychiakes-spoudes-gallia-parcoursup\/","og_locale":"fr_FR","og_type":"article","og_title":"Webinaire : Demande d\u2019admission en 1\u00e8re ann\u00e9e d\u2019\u00e9tudes dans les universit\u00e9s fran\u00e7aises","og_description":"Le premier Rendez-vous Campus France de l\u2019ann\u00e9e 2023 a pour th\u00e8me la proc\u00e9dure de la demande d\u2019admission via la plateforme parcoursup.","og_url":"https:\/\/www.ifg.gr\/events\/webinar-proptychiakes-spoudes-gallia-parcoursup\/","og_site_name":"IFG","article_modified_time":"2023-01-18T14:34:09+00:00","og_image":[{"width":1200,"height":800,"url":"https:\/\/www.ifg.gr\/wp-content\/uploads\/2023\/01\/CAMPUS_FRANCE_Webinaire_1200x800.jpg","type":"image\/jpeg"}],"twitter_card":"summary_large_image","twitter_misc":{"Dur\u00e9e de lecture estim\u00e9e":"1 minute"},"schema":{"@context":"https:\/\/schema.org","@graph":[{"@type":"WebPage","@id":"https:\/\/www.ifg.gr\/events\/webinar-proptychiakes-spoudes-gallia-parcoursup\/","url":"https:\/\/www.ifg.gr\/events\/webinar-proptychiakes-spoudes-gallia-parcoursup\/","name":"Webinaire : Demande d\u2019admission en 1\u00e8re ann\u00e9e d\u2019\u00e9tudes dans les universit\u00e9s fran\u00e7aises","isPartOf":{"@id":"https:\/\/www.ifg.gr\/#website"},"primaryImageOfPage":{"@id":"https:\/\/www.ifg.gr\/events\/webinar-proptychiakes-spoudes-gallia-parcoursup\/#primaryimage"},"image":{"@id":"https:\/\/www.ifg.gr\/events\/webinar-proptychiakes-spoudes-gallia-parcoursup\/#primaryimage"},"thumbnailUrl":"https:\/\/www.ifg.gr\/wp-content\/uploads\/2023\/01\/CAMPUS_FRANCE_Webinaire_1200x800.jpg","datePublished":"2023-01-18T13:12:38+00:00","dateModified":"2023-01-18T14:34:09+00:00","description":"Le premier Rendez-vous Campus France de l\u2019ann\u00e9e 2023 a pour th\u00e8me la proc\u00e9dure de la demande d\u2019admission via la plateforme parcoursup.","breadcrumb":{"@id":"https:\/\/www.ifg.gr\/events\/webinar-proptychiakes-spoudes-gallia-parcoursup\/#breadcrumb"},"inLanguage":"fr-FR","potentialAction":[{"@type":"ReadAction","target":["https:\/\/www.ifg.gr\/events\/webinar-proptychiakes-spoudes-gallia-parcoursup\/"]}]},{"@type":"ImageObject","inLanguage":"fr-FR","@id":"https:\/\/www.ifg.gr\/events\/webinar-proptychiakes-spoudes-gallia-parcoursup\/#primaryimage","url":"https:\/\/www.ifg.gr\/wp-content\/uploads\/2023\/01\/CAMPUS_FRANCE_Webinaire_1200x800.jpg","contentUrl":"https:\/\/www.ifg.gr\/wp-content\/uploads\/2023\/01\/CAMPUS_FRANCE_Webinaire_1200x800.jpg","width":1200,"height":800},{"@type":"BreadcrumbList","@id":"https:\/\/www.ifg.gr\/events\/webinar-proptychiakes-spoudes-gallia-parcoursup\/#breadcrumb","itemListElement":[{"@type":"ListItem","position":1,"name":"Home","item":"https:\/\/www.ifg.gr\/fr\/"},{"@type":"ListItem","position":2,"name":"Events","item":"https:\/\/www.ifg.gr\/events\/"},{"@type":"ListItem","position":3,"name":"Webinaire : Demandes d\u2019admission en 1\u00e8re ann\u00e9e d\u2019\u00e9tudes dans les universit\u00e9s fran\u00e7aises 2023-2024"}]},{"@type":"WebSite","@id":"https:\/\/www.ifg.gr\/#website","url":"https:\/\/www.ifg.gr\/","name":"IFG","description":"","potentialAction":[{"@type":"SearchAction","target":{"@type":"EntryPoint","urlTemplate":"https:\/\/www.ifg.gr\/?s={search_term_string}"},"query-input":{"@type":"PropertyValueSpecification","valueRequired":true,"valueName":"search_term_string"}}],"inLanguage":"fr-FR"}]}},"_links":{"self":[{"href":"https:\/\/www.ifg.gr\/fr\/wp-json\/wp\/v2\/event\/47919","targetHints":{"allow":["GET"]}}],"collection":[{"href":"https:\/\/www.ifg.gr\/fr\/wp-json\/wp\/v2\/event"}],"about":[{"href":"https:\/\/www.ifg.gr\/fr\/wp-json\/wp\/v2\/types\/event"}],"author":[{"embeddable":true,"href":"https:\/\/www.ifg.gr\/fr\/wp-json\/wp\/v2\/users\/1"}],"version-history":[{"count":0,"href":"https:\/\/www.ifg.gr\/fr\/wp-json\/wp\/v2\/event\/47919\/revisions"}],"wp:featuredmedia":[{"embeddable":true,"href":"https:\/\/www.ifg.gr\/fr\/wp-json\/wp\/v2\/media\/47922"}],"wp:attachment":[{"href":"https:\/\/www.ifg.gr\/fr\/wp-json\/wp\/v2\/media?parent=47919"}],"wp:term":[{"taxonomy":"post_tag","embeddable":true,"href":"https:\/\/www.ifg.gr\/fr\/wp-json\/wp\/v2\/tags?post=47919"},{"taxonomy":"event_category","embeddable":true,"href":"https:\/\/www.ifg.gr\/fr\/wp-json\/wp\/v2\/event_category?post=47919"},{"taxonomy":"event_group","embeddable":true,"href":"https:\/\/www.ifg.gr\/fr\/wp-json\/wp\/v2\/event_group?post=47919"}],"curies":[{"name":"wp","href":"https:\/\/api.w.org\/{rel}","templated":true}]}}