{"id":48352,"date":"2023-02-24T12:21:34","date_gmt":"2023-02-24T12:21:34","guid":{"rendered":"https:\/\/www.ifg.gr\/events\/visitations-ekthesi-yiannis-hadjiaslanis\/"},"modified":"2023-03-06T13:36:09","modified_gmt":"2023-03-06T13:36:09","slug":"visitations-exposition-photo-yiannis-hadjiaslanis","status":"publish","type":"event","link":"https:\/\/www.ifg.gr\/fr\/events\/visitations-exposition-photo-yiannis-hadjiaslanis\/","title":{"rendered":"\u00abVisitations\u00bb : Exposition photo de l\u2019artiste Yiannis Hadjiaslanis"},"content":{"rendered":"<p>Dans le cadre de la <a href=\"https:\/\/www.ifg.gr\/fr\/news\/fete-de-la-francophonie-2023\/\" target=\"_blank\" rel=\"noopener\">F\u00eate de la Francophonie 2023<\/a>, l&rsquo;Institut fran\u00e7ais de Gr\u00e8ce pr\u00e9sente une s\u00e9lection de l&rsquo;exposition <em>Visitations<\/em><strong>*<\/strong> de l\u2019artiste <a href=\"https:\/\/www.hadjiaslanis.com\/\" target=\"_blank\" rel=\"noopener\">Yiannis Hadjiaslanis<\/a>, une coproduction de PHLSPH et OPANDA, avec le soutien des Galeries Kalfayan. Des \u0153uvres de Yannis Hadjiaslanis sont \u00e9galement pr\u00e9sent\u00e9es dans les visuels du <a href=\"https:\/\/www.ifg.gr\/fr\/news\/concours-national-francophonie-2023-grece\/\" target=\"_blank\" rel=\"noopener\">Concours National de la Francophonie 2023<\/a> en Gr\u00e8ce.<\/p>\n<p>La source d&rsquo;inspiration de l&rsquo;artiste a \u00e9t\u00e9 ses visites dans 50 mus\u00e9es de l&rsquo;Attique, l&rsquo;exploration des r\u00e9cits mus\u00e9aux, la curiosit\u00e9 autour de choix sp\u00e9cifiques et les rencontres avec l&rsquo;inattendu. Repositionn\u00e9es dans de nouveaux moules, des images d&rsquo;espaces et d&rsquo;expositions mus\u00e9ales dialoguent et se relient de diff\u00e9rentes mani\u00e8res. Le r\u00e9el et l&rsquo;imaginaire se confondent, cr\u00e9ant de nouveaux r\u00e9cits, souvenirs, hantises et apparitions, arrangements et multiplicit\u00e9s.<\/p>\n<p>Yiannis Hadjiaslanis est n\u00e9 \u00e0 Ath\u00e8nes en 1974. Apr\u00e8s avoir termin\u00e9 ses \u00e9tudes de photographie en Angleterre, il est rentr\u00e9 en Gr\u00e8ce en 2003, poursuivant sa pratique personnelle et et professionnelle pour des commandes en Gr\u00e8ce et \u00e0 l&rsquo;\u00e9tranger. Son travail a \u00e9t\u00e9 expos\u00e9 en Gr\u00e8ce, en \u00c9gypte, \u00e0 Bahre\u00efn, en Italie, en France, en Hollande, en Suisse, en Chine, en Grande-Bretagne et aux \u00c9tats-Unis.<\/p>\n<p>Il a publi\u00e9 deux livres de photographie, Drive (2018), \u03ba\u03b1\u03b9 So Long, Mr. Strong (2021).<\/p>\n<p>Il est repr\u00e9sent\u00e9 par Kalfayan Galleries, Ath\u00e8nes-Thessalonique<\/p>\n<p><a href=\"https:\/\/www.hadjiaslanis.com\/\" target=\"_blank\" rel=\"noopener\">www.hadjiaslanis.com<\/a><\/p>\n<p><a href=\"https:\/\/www.eyesculture.com\/index.php\/mevents\/visitations\/\" target=\"_blank\" rel=\"noopener\">eyesculture.com\/index.php\/mevents\/visitations<\/a><\/p>\n<p><strong>*<\/strong> Commissaires: Vangelis Ioakimidis et Christoforos Marinos<\/p>\n<ul>\n<li>Inauguration de l\u2019exposition : Mardi 14 mars 2023, \u00e0 19h00<\/li>\n<li>Heures d\u2019ouverture : Du lundi au vendredi, 09h00 \u2013 17h00. Samedi, 09h00 \u2013 15h00<\/li>\n<\/ul>\n","protected":false},"excerpt":{"rendered":"<p>Dans le cadre de la F\u00eate de la Francophonie 2023, l&rsquo;IFG pr\u00e9sente l&rsquo;exposition de l\u2019artiste Yiannis Hadjiaslanis.<\/p>\n","protected":false},"author":1,"featured_media":48444,"template":"","tags":[1411,1409,1410,1401,1372,1369,961,991,1005],"event_category":[873],"event_group":[],"class_list":["post-48352","event","type-event","status-publish","has-post-thumbnail","hentry","tag-yiannis-hadjiaslanis","tag-giannis-chatziaslanis-fr","tag-giorti-tis-gallofonias-fr","tag-fete-de-la-francophonie","tag-photographie","tag-fotografia-fr","tag-francophonie","tag-minas-gallofonias-fr","tag-gallofonia-fr","event_category-arts-visuels"],"acf":{"sponsors_default":false,"featured_image_credits":"","info_title":"","info_text":"","date_range":{"start":"14\/03\/2023","end":"24\/03\/2023","cancelled":false,"note":"","start_time":"","end_time":""},"details":{"location":"<p>Bistrot Paris - Ath\u00e8nes de l\u2019IFG<\/p>\n","hyperlink1a":{"text":"","link":""},"price":"Entr\u00e9e libre","hyperlink2a":{"text":"","link":""},"online_event":false,"live_streaming":false,"live_streaming_code":"","facebook_url":"","hyperlink":{"text":"","link":""},"hyperlink2":{"text":"","link":""},"hyperlink3":{"text":"","link":""},"press_release":false},"home_slider_image":{"ID":48330,"id":48330,"title":"Cabinet de Curiosit\u00e9s_1300x768","filename":"Cabinet-de-Curiosites_1300x768.jpg","filesize":1155253,"url":"https:\/\/www.ifg.gr\/wp-content\/uploads\/2023\/02\/Cabinet-de-Curiosites_1300x768.jpg","link":"https:\/\/www.ifg.gr\/fr\/news\/fete-de-la-francophonie-2023\/cabinet-de-curiosites_1300x768-2\/","alt":"\u0393\u03b9\u03bf\u03c1\u03c4\u03ae \u03c4\u03b7\u03c2 \u0393\u03b1\u03bb\u03bb\u03bf\u03c6\u03c9\u03bd\u03af\u03b1\u03c2 2023","author":"1","description":"\u0393\u03b9\u03bf\u03c1\u03c4\u03ae \u03c4\u03b7\u03c2 \u0393\u03b1\u03bb\u03bb\u03bf\u03c6\u03c9\u03bd\u03af\u03b1\u03c2 2023","caption":"","name":"cabinet-de-curiosites_1300x768-2","status":"inherit","uploaded_to":48293,"date":"2023-02-23 09:19:05","modified":"2023-02-23 09:19:10","menu_order":0,"mime_type":"image\/jpeg","type":"image","subtype":"jpeg","icon":"https:\/\/www.ifg.gr\/wp-includes\/images\/media\/default.png","width":1300,"height":768,"sizes":{"thumbnail":"https:\/\/www.ifg.gr\/wp-content\/uploads\/2023\/02\/Cabinet-de-Curiosites_1300x768.jpg","thumbnail-width":150,"thumbnail-height":89,"medium":"https:\/\/www.ifg.gr\/wp-content\/uploads\/2023\/02\/Cabinet-de-Curiosites_1300x768.jpg","medium-width":300,"medium-height":177,"medium_large":"https:\/\/www.ifg.gr\/wp-content\/uploads\/2023\/02\/Cabinet-de-Curiosites_1300x768-768x454.jpg","medium_large-width":640,"medium_large-height":378,"large":"https:\/\/www.ifg.gr\/wp-content\/uploads\/2023\/02\/Cabinet-de-Curiosites_1300x768.jpg","large-width":640,"large-height":378,"1536x1536":"https:\/\/www.ifg.gr\/wp-content\/uploads\/2023\/02\/Cabinet-de-Curiosites_1300x768.jpg","1536x1536-width":1300,"1536x1536-height":768,"2048x2048":"https:\/\/www.ifg.gr\/wp-content\/uploads\/2023\/02\/Cabinet-de-Curiosites_1300x768.jpg","2048x2048-width":1300,"2048x2048-height":768,"full-width":"https:\/\/www.ifg.gr\/wp-content\/uploads\/2023\/02\/Cabinet-de-Curiosites_1300x768.jpg","full-width-width":1300,"full-width-height":768,"sidebar":"https:\/\/www.ifg.gr\/wp-content\/uploads\/2023\/02\/Cabinet-de-Curiosites_1300x768.jpg","sidebar-width":1300,"sidebar-height":768,"thumb-sm":"https:\/\/www.ifg.gr\/wp-content\/uploads\/2023\/02\/Cabinet-de-Curiosites_1300x768-220x130.jpg","thumb-sm-width":220,"thumb-sm-height":130,"thumb-square":"https:\/\/www.ifg.gr\/wp-content\/uploads\/2023\/02\/Cabinet-de-Curiosites_1300x768-300x300.jpg","thumb-square-width":300,"thumb-square-height":300,"thumb-big":"https:\/\/www.ifg.gr\/wp-content\/uploads\/2023\/02\/Cabinet-de-Curiosites_1300x768-600x400.jpg","thumb-big-width":600,"thumb-big-height":400,"slider-big":"https:\/\/www.ifg.gr\/wp-content\/uploads\/2023\/02\/Cabinet-de-Curiosites_1300x768.jpg","slider-big-width":1300,"slider-big-height":768}},"sponsors_group":false,"layout":false},"yoast_head":"<!-- This site is optimized with the Yoast SEO plugin v26.8 - https:\/\/yoast.com\/product\/yoast-seo-wordpress\/ -->\n<title>\u00abVisitations\u00bb : Exposition photo de l\u2019artiste Yiannis Hadjiaslanis<\/title>\n<meta name=\"description\" content=\"Dans le cadre de la F\u00eate de la Francophonie 2023, l&#039;Institut fran\u00e7ais de Gr\u00e8ce pr\u00e9sente l&#039;exposition de l\u2019artiste Yiannis Hadjiaslanis.\" \/>\n<meta name=\"robots\" content=\"index, follow, max-snippet:-1, max-image-preview:large, max-video-preview:-1\" \/>\n<link rel=\"canonical\" href=\"https:\/\/www.ifg.gr\/events\/visitations-ekthesi-yiannis-hadjiaslanis\/\" \/>\n<meta property=\"og:locale\" content=\"fr_FR\" \/>\n<meta property=\"og:type\" content=\"article\" \/>\n<meta property=\"og:title\" content=\"\u00abVisitations\u00bb : Exposition photo de l\u2019artiste Yiannis Hadjiaslanis\" \/>\n<meta property=\"og:description\" content=\"Dans le cadre de la F\u00eate de la Francophonie 2023, l&#039;Institut fran\u00e7ais de Gr\u00e8ce pr\u00e9sente l&#039;exposition de l\u2019artiste Yiannis Hadjiaslanis.\" \/>\n<meta property=\"og:url\" content=\"https:\/\/www.ifg.gr\/events\/visitations-ekthesi-yiannis-hadjiaslanis\/\" \/>\n<meta property=\"og:site_name\" content=\"IFG\" \/>\n<meta property=\"article:modified_time\" content=\"2023-03-06T13:36:09+00:00\" \/>\n<meta property=\"og:image\" content=\"https:\/\/www.ifg.gr\/wp-content\/uploads\/2023\/02\/VISITATIONS-HADJIASLANIS-MOSAIC-1200.jpg\" \/>\n\t<meta property=\"og:image:width\" content=\"1200\" \/>\n\t<meta property=\"og:image:height\" content=\"800\" \/>\n\t<meta property=\"og:image:type\" content=\"image\/jpeg\" \/>\n<meta name=\"twitter:card\" content=\"summary_large_image\" \/>\n<meta name=\"twitter:label1\" content=\"Dur\u00e9e de lecture estim\u00e9e\" \/>\n\t<meta name=\"twitter:data1\" content=\"2 minutes\" \/>\n<script type=\"application\/ld+json\" class=\"yoast-schema-graph\">{\"@context\":\"https:\/\/schema.org\",\"@graph\":[{\"@type\":\"WebPage\",\"@id\":\"https:\/\/www.ifg.gr\/events\/visitations-ekthesi-yiannis-hadjiaslanis\/\",\"url\":\"https:\/\/www.ifg.gr\/events\/visitations-ekthesi-yiannis-hadjiaslanis\/\",\"name\":\"\u00abVisitations\u00bb : Exposition photo de l\u2019artiste Yiannis Hadjiaslanis\",\"isPartOf\":{\"@id\":\"https:\/\/www.ifg.gr\/#website\"},\"primaryImageOfPage\":{\"@id\":\"https:\/\/www.ifg.gr\/events\/visitations-ekthesi-yiannis-hadjiaslanis\/#primaryimage\"},\"image\":{\"@id\":\"https:\/\/www.ifg.gr\/events\/visitations-ekthesi-yiannis-hadjiaslanis\/#primaryimage\"},\"thumbnailUrl\":\"https:\/\/www.ifg.gr\/wp-content\/uploads\/2023\/02\/VISITATIONS-HADJIASLANIS-MOSAIC-1200.jpg\",\"datePublished\":\"2023-02-24T12:21:34+00:00\",\"dateModified\":\"2023-03-06T13:36:09+00:00\",\"description\":\"Dans le cadre de la F\u00eate de la Francophonie 2023, l'Institut fran\u00e7ais de Gr\u00e8ce pr\u00e9sente l'exposition de l\u2019artiste Yiannis Hadjiaslanis.\",\"breadcrumb\":{\"@id\":\"https:\/\/www.ifg.gr\/events\/visitations-ekthesi-yiannis-hadjiaslanis\/#breadcrumb\"},\"inLanguage\":\"fr-FR\",\"potentialAction\":[{\"@type\":\"ReadAction\",\"target\":[\"https:\/\/www.ifg.gr\/events\/visitations-ekthesi-yiannis-hadjiaslanis\/\"]}]},{\"@type\":\"ImageObject\",\"inLanguage\":\"fr-FR\",\"@id\":\"https:\/\/www.ifg.gr\/events\/visitations-ekthesi-yiannis-hadjiaslanis\/#primaryimage\",\"url\":\"https:\/\/www.ifg.gr\/wp-content\/uploads\/2023\/02\/VISITATIONS-HADJIASLANIS-MOSAIC-1200.jpg\",\"contentUrl\":\"https:\/\/www.ifg.gr\/wp-content\/uploads\/2023\/02\/VISITATIONS-HADJIASLANIS-MOSAIC-1200.jpg\",\"width\":1200,\"height\":800,\"caption\":\"VISITATIONS HADJIASLANIS MOSAIC 1200\"},{\"@type\":\"BreadcrumbList\",\"@id\":\"https:\/\/www.ifg.gr\/events\/visitations-ekthesi-yiannis-hadjiaslanis\/#breadcrumb\",\"itemListElement\":[{\"@type\":\"ListItem\",\"position\":1,\"name\":\"Home\",\"item\":\"https:\/\/www.ifg.gr\/fr\/\"},{\"@type\":\"ListItem\",\"position\":2,\"name\":\"Events\",\"item\":\"https:\/\/www.ifg.gr\/events\/\"},{\"@type\":\"ListItem\",\"position\":3,\"name\":\"\u00abVisitations\u00bb : Exposition photo de l\u2019artiste Yiannis Hadjiaslanis\"}]},{\"@type\":\"WebSite\",\"@id\":\"https:\/\/www.ifg.gr\/#website\",\"url\":\"https:\/\/www.ifg.gr\/\",\"name\":\"IFG\",\"description\":\"\",\"potentialAction\":[{\"@type\":\"SearchAction\",\"target\":{\"@type\":\"EntryPoint\",\"urlTemplate\":\"https:\/\/www.ifg.gr\/?s={search_term_string}\"},\"query-input\":{\"@type\":\"PropertyValueSpecification\",\"valueRequired\":true,\"valueName\":\"search_term_string\"}}],\"inLanguage\":\"fr-FR\"}]}<\/script>\n<!-- \/ Yoast SEO plugin. -->","yoast_head_json":{"title":"\u00abVisitations\u00bb : Exposition photo de l\u2019artiste Yiannis Hadjiaslanis","description":"Dans le cadre de la F\u00eate de la Francophonie 2023, l'Institut fran\u00e7ais de Gr\u00e8ce pr\u00e9sente l'exposition de l\u2019artiste Yiannis Hadjiaslanis.","robots":{"index":"index","follow":"follow","max-snippet":"max-snippet:-1","max-image-preview":"max-image-preview:large","max-video-preview":"max-video-preview:-1"},"canonical":"https:\/\/www.ifg.gr\/events\/visitations-ekthesi-yiannis-hadjiaslanis\/","og_locale":"fr_FR","og_type":"article","og_title":"\u00abVisitations\u00bb : Exposition photo de l\u2019artiste Yiannis Hadjiaslanis","og_description":"Dans le cadre de la F\u00eate de la Francophonie 2023, l'Institut fran\u00e7ais de Gr\u00e8ce pr\u00e9sente l'exposition de l\u2019artiste Yiannis Hadjiaslanis.","og_url":"https:\/\/www.ifg.gr\/events\/visitations-ekthesi-yiannis-hadjiaslanis\/","og_site_name":"IFG","article_modified_time":"2023-03-06T13:36:09+00:00","og_image":[{"width":1200,"height":800,"url":"https:\/\/www.ifg.gr\/wp-content\/uploads\/2023\/02\/VISITATIONS-HADJIASLANIS-MOSAIC-1200.jpg","type":"image\/jpeg"}],"twitter_card":"summary_large_image","twitter_misc":{"Dur\u00e9e de lecture estim\u00e9e":"2 minutes"},"schema":{"@context":"https:\/\/schema.org","@graph":[{"@type":"WebPage","@id":"https:\/\/www.ifg.gr\/events\/visitations-ekthesi-yiannis-hadjiaslanis\/","url":"https:\/\/www.ifg.gr\/events\/visitations-ekthesi-yiannis-hadjiaslanis\/","name":"\u00abVisitations\u00bb : Exposition photo de l\u2019artiste Yiannis Hadjiaslanis","isPartOf":{"@id":"https:\/\/www.ifg.gr\/#website"},"primaryImageOfPage":{"@id":"https:\/\/www.ifg.gr\/events\/visitations-ekthesi-yiannis-hadjiaslanis\/#primaryimage"},"image":{"@id":"https:\/\/www.ifg.gr\/events\/visitations-ekthesi-yiannis-hadjiaslanis\/#primaryimage"},"thumbnailUrl":"https:\/\/www.ifg.gr\/wp-content\/uploads\/2023\/02\/VISITATIONS-HADJIASLANIS-MOSAIC-1200.jpg","datePublished":"2023-02-24T12:21:34+00:00","dateModified":"2023-03-06T13:36:09+00:00","description":"Dans le cadre de la F\u00eate de la Francophonie 2023, l'Institut fran\u00e7ais de Gr\u00e8ce pr\u00e9sente l'exposition de l\u2019artiste Yiannis Hadjiaslanis.","breadcrumb":{"@id":"https:\/\/www.ifg.gr\/events\/visitations-ekthesi-yiannis-hadjiaslanis\/#breadcrumb"},"inLanguage":"fr-FR","potentialAction":[{"@type":"ReadAction","target":["https:\/\/www.ifg.gr\/events\/visitations-ekthesi-yiannis-hadjiaslanis\/"]}]},{"@type":"ImageObject","inLanguage":"fr-FR","@id":"https:\/\/www.ifg.gr\/events\/visitations-ekthesi-yiannis-hadjiaslanis\/#primaryimage","url":"https:\/\/www.ifg.gr\/wp-content\/uploads\/2023\/02\/VISITATIONS-HADJIASLANIS-MOSAIC-1200.jpg","contentUrl":"https:\/\/www.ifg.gr\/wp-content\/uploads\/2023\/02\/VISITATIONS-HADJIASLANIS-MOSAIC-1200.jpg","width":1200,"height":800,"caption":"VISITATIONS HADJIASLANIS MOSAIC 1200"},{"@type":"BreadcrumbList","@id":"https:\/\/www.ifg.gr\/events\/visitations-ekthesi-yiannis-hadjiaslanis\/#breadcrumb","itemListElement":[{"@type":"ListItem","position":1,"name":"Home","item":"https:\/\/www.ifg.gr\/fr\/"},{"@type":"ListItem","position":2,"name":"Events","item":"https:\/\/www.ifg.gr\/events\/"},{"@type":"ListItem","position":3,"name":"\u00abVisitations\u00bb : Exposition photo de l\u2019artiste Yiannis Hadjiaslanis"}]},{"@type":"WebSite","@id":"https:\/\/www.ifg.gr\/#website","url":"https:\/\/www.ifg.gr\/","name":"IFG","description":"","potentialAction":[{"@type":"SearchAction","target":{"@type":"EntryPoint","urlTemplate":"https:\/\/www.ifg.gr\/?s={search_term_string}"},"query-input":{"@type":"PropertyValueSpecification","valueRequired":true,"valueName":"search_term_string"}}],"inLanguage":"fr-FR"}]}},"_links":{"self":[{"href":"https:\/\/www.ifg.gr\/fr\/wp-json\/wp\/v2\/event\/48352","targetHints":{"allow":["GET"]}}],"collection":[{"href":"https:\/\/www.ifg.gr\/fr\/wp-json\/wp\/v2\/event"}],"about":[{"href":"https:\/\/www.ifg.gr\/fr\/wp-json\/wp\/v2\/types\/event"}],"author":[{"embeddable":true,"href":"https:\/\/www.ifg.gr\/fr\/wp-json\/wp\/v2\/users\/1"}],"version-history":[{"count":0,"href":"https:\/\/www.ifg.gr\/fr\/wp-json\/wp\/v2\/event\/48352\/revisions"}],"wp:featuredmedia":[{"embeddable":true,"href":"https:\/\/www.ifg.gr\/fr\/wp-json\/wp\/v2\/media\/48444"}],"wp:attachment":[{"href":"https:\/\/www.ifg.gr\/fr\/wp-json\/wp\/v2\/media?parent=48352"}],"wp:term":[{"taxonomy":"post_tag","embeddable":true,"href":"https:\/\/www.ifg.gr\/fr\/wp-json\/wp\/v2\/tags?post=48352"},{"taxonomy":"event_category","embeddable":true,"href":"https:\/\/www.ifg.gr\/fr\/wp-json\/wp\/v2\/event_category?post=48352"},{"taxonomy":"event_group","embeddable":true,"href":"https:\/\/www.ifg.gr\/fr\/wp-json\/wp\/v2\/event_group?post=48352"}],"curies":[{"name":"wp","href":"https:\/\/api.w.org\/{rel}","templated":true}]}}