{"id":49364,"date":"2023-05-05T12:41:28","date_gmt":"2023-05-05T12:41:28","guid":{"rendered":"https:\/\/www.ifg.gr\/events\/chorodia-oi-choraliennes-tou-ifg\/"},"modified":"2023-05-08T13:48:09","modified_gmt":"2023-05-08T13:48:09","slug":"chorale-les-choraliennes-de-l-ifg","status":"publish","type":"event","link":"https:\/\/www.ifg.gr\/fr\/events\/chorale-les-choraliennes-de-l-ifg\/","title":{"rendered":"Chorale \u00ab Les Choraliennes \u00bb de l&rsquo;IFG"},"content":{"rendered":"<p>C&rsquo;est l\u2019heure de d\u00e9couvrir la chorale francophone de l&rsquo;Institut fran\u00e7ais de Gr\u00e8ce et d&rsquo;appr\u00e9cier les voix des<\/p>\n<h3>\u00ab Choraliennes \u00bb<\/h3>\n<p>les \u00e9l\u00e8ves du professeur de l\u2019IFG et chef de ch\u0153ur <strong>Jacques MARUGG<\/strong>, qui les accompagnera au piano ! Elles seront \u00e9galement accompagn\u00e9es par <strong>Nikos SIDEROCASTRITIS<\/strong> \u00e0 la batterie et <strong>Chrysostomos BOUKALIS<\/strong> \u00e0 la contrebasse.<\/p>\n<blockquote><p><em>Durant une ann\u00e9e, les \u00ab Choraliennes \u00bb ont travaill\u00e9 sans rel\u00e2che pour vous proposer un voyage musical \u00e0 travers les chansons fran\u00e7aises. Le programme a \u00e9t\u00e9 concoct\u00e9 par les chanteuses et sera compos\u00e9 d\u2019une trentaine de chansons, d\u2019Edith Piaf \u00e0 Charles Aznavour, de L\u00e9o Ferr\u00e9 \u00e0 Gilbert B\u00e9caud en passant par Jacques Higelin, Michel Berger ou Claude Nougaro. En groupe ou en solo, et accompagn\u00e9es par des musiciens chevronn\u00e9s au piano, \u00e0 la batterie et \u00e0 la contrebasse, nos chanteuses vous feront swinguer sur des standards du jazz chant\u00e9s en fran\u00e7ais comme adorait le faire Sacha Distel.<\/em><\/p><\/blockquote>\n<p><strong>\ud83c\udfb5 AVEC les choraliennes<\/strong><\/p>\n<p>Rossella ARDIANI GRIEU<br \/>\nFoteini CHATZITHEODOROU<br \/>\nEleni FERTAKI<br \/>\nFlora FYRIOU<br \/>\nV\u00e9ronique KANITAKIS<br \/>\nIoanna KOUTROULI<br \/>\nIoanna KYRIAKI &#8211; BITZAROU<br \/>\nMeropi LIANANTONAKI<br \/>\nMarie OUNTZIAN<br \/>\nCatherine PAUNIER DELEVAUX<br \/>\nMaria PRAGMATEFTELI<br \/>\nMarie-Dana\u00e9 SYRENGELA<br \/>\nMaria TROULLINOU<\/p>\n<p><strong>\ud83c\udfb5 AVEC les musiciens<\/strong><\/p>\n<p>Jacques MARUGG : Piano et chef de ch\u0153ur<br \/>\nNikos SIDIROKASTRITIS : Batterie<br \/>\nChrysostomos BOUKALIS : Contrebasse<\/p>\n","protected":false},"excerpt":{"rendered":"<p>C&rsquo;est l\u2019heure de d\u00e9couvrir la chorale francophone de l&rsquo;Institut fran\u00e7ais de Gr\u00e8ce et d&rsquo;appr\u00e9cier les voix des\u00a0\u00ab Choraliennes \u00bb !<\/p>\n","protected":false},"author":18,"featured_media":49359,"template":"","tags":[1460,1458,1455,1451,1218,1215],"event_category":[984,872],"event_group":[],"class_list":["post-49364","event","type-event","status-publish","has-post-thumbnail","hentry","tag-chorale-fr","tag-chorodia-fr","tag-performance-fr","tag-performans-fr","tag-musique","tag-mousiki-fr","event_category-musique","event_category-spectacle-vivant"],"acf":{"sponsors_default":false,"featured_image_credits":"","info_title":"","info_text":"","date_range":{"start":"25\/05\/2023","end":"","cancelled":false,"note":"","start_time":"19:30","end_time":""},"details":{"location":"<p>Institut fran\u00e7ais de Gr\u00e8ce<br \/>\n(Sina 31, 10680 Ath\u00e8nes)<br \/>\nAuditorium Theo Angelopoulos<\/p>\n","hyperlink1a":{"text":"","link":""},"price":"Entr\u00e9e libre","hyperlink2a":{"text":"","link":""},"online_event":false,"live_streaming":false,"live_streaming_code":"","facebook_url":"","hyperlink":{"text":"","link":""},"hyperlink2":{"text":"","link":""},"hyperlink3":{"text":"","link":""},"press_release":false},"home_slider_image":{"ID":49361,"id":49361,"title":"COURS_CHORALE _1200x800","filename":"COURS_CHORALE-_1200x800.jpg","filesize":275020,"url":"https:\/\/www.ifg.gr\/wp-content\/uploads\/2023\/05\/COURS_CHORALE-_1200x800.jpg","link":"https:\/\/www.ifg.gr\/fr\/events\/chorale-les-choraliennes-de-l-ifg\/cours_chorale-_1200x800-2\/","alt":"","author":"18","description":"","caption":"","name":"cours_chorale-_1200x800-2","status":"inherit","uploaded_to":49364,"date":"2023-05-05 12:41:07","modified":"2023-05-05 12:41:07","menu_order":0,"mime_type":"image\/jpeg","type":"image","subtype":"jpeg","icon":"https:\/\/www.ifg.gr\/wp-includes\/images\/media\/default.png","width":1200,"height":800,"sizes":{"thumbnail":"https:\/\/www.ifg.gr\/wp-content\/uploads\/2023\/05\/COURS_CHORALE-_1200x800.jpg","thumbnail-width":150,"thumbnail-height":100,"medium":"https:\/\/www.ifg.gr\/wp-content\/uploads\/2023\/05\/COURS_CHORALE-_1200x800.jpg","medium-width":300,"medium-height":200,"medium_large":"https:\/\/www.ifg.gr\/wp-content\/uploads\/2023\/05\/COURS_CHORALE-_1200x800-768x512.jpg","medium_large-width":640,"medium_large-height":427,"large":"https:\/\/www.ifg.gr\/wp-content\/uploads\/2023\/05\/COURS_CHORALE-_1200x800.jpg","large-width":640,"large-height":427,"1536x1536":"https:\/\/www.ifg.gr\/wp-content\/uploads\/2023\/05\/COURS_CHORALE-_1200x800.jpg","1536x1536-width":1200,"1536x1536-height":800,"2048x2048":"https:\/\/www.ifg.gr\/wp-content\/uploads\/2023\/05\/COURS_CHORALE-_1200x800.jpg","2048x2048-width":1200,"2048x2048-height":800,"full-width":"https:\/\/www.ifg.gr\/wp-content\/uploads\/2023\/05\/COURS_CHORALE-_1200x800.jpg","full-width-width":1200,"full-width-height":800,"sidebar":"https:\/\/www.ifg.gr\/wp-content\/uploads\/2023\/05\/COURS_CHORALE-_1200x800.jpg","sidebar-width":1200,"sidebar-height":800,"thumb-sm":"https:\/\/www.ifg.gr\/wp-content\/uploads\/2023\/05\/COURS_CHORALE-_1200x800-195x130.jpg","thumb-sm-width":195,"thumb-sm-height":130,"thumb-square":"https:\/\/www.ifg.gr\/wp-content\/uploads\/2023\/05\/COURS_CHORALE-_1200x800-300x300.jpg","thumb-square-width":300,"thumb-square-height":300,"thumb-big":"https:\/\/www.ifg.gr\/wp-content\/uploads\/2023\/05\/COURS_CHORALE-_1200x800-600x400.jpg","thumb-big-width":600,"thumb-big-height":400,"slider-big":"https:\/\/www.ifg.gr\/wp-content\/uploads\/2023\/05\/COURS_CHORALE-_1200x800-1200x768.jpg","slider-big-width":1200,"slider-big-height":768}},"sponsors_group":false,"layout":false},"yoast_head":"<!-- This site is optimized with the Yoast SEO plugin v26.8 - https:\/\/yoast.com\/product\/yoast-seo-wordpress\/ -->\n<title>d\u00e9couvrir la chorale francophone de l&#039;IFG, les \u00abChoraliennes\u00bb<\/title>\n<meta name=\"description\" content=\"C&#039;est l\u2019heure de d\u00e9couvrir la chorale francophone de l&#039;Institut fran\u00e7ais de Gr\u00e8ce et d&#039;appr\u00e9cier les voix des\u00a0\u00ab Choraliennes \u00bb\" \/>\n<meta name=\"robots\" content=\"index, follow, max-snippet:-1, max-image-preview:large, max-video-preview:-1\" \/>\n<link rel=\"canonical\" href=\"https:\/\/www.ifg.gr\/events\/chorodia-oi-choraliennes-tou-ifg\/\" \/>\n<meta property=\"og:locale\" content=\"fr_FR\" \/>\n<meta property=\"og:type\" content=\"article\" \/>\n<meta property=\"og:title\" content=\"d\u00e9couvrir la chorale francophone de l&#039;IFG, les \u00abChoraliennes\u00bb\" \/>\n<meta property=\"og:description\" content=\"C&#039;est l\u2019heure de d\u00e9couvrir la chorale francophone de l&#039;Institut fran\u00e7ais de Gr\u00e8ce et d&#039;appr\u00e9cier les voix des\u00a0\u00ab Choraliennes \u00bb\" \/>\n<meta property=\"og:url\" content=\"https:\/\/www.ifg.gr\/events\/chorodia-oi-choraliennes-tou-ifg\/\" \/>\n<meta property=\"og:site_name\" content=\"IFG\" \/>\n<meta property=\"article:modified_time\" content=\"2023-05-08T13:48:09+00:00\" \/>\n<meta property=\"og:image\" content=\"https:\/\/www.ifg.gr\/wp-content\/uploads\/2023\/05\/COURS_CHORALE-_1300x768.jpg\" \/>\n\t<meta property=\"og:image:width\" content=\"1300\" \/>\n\t<meta property=\"og:image:height\" content=\"768\" \/>\n\t<meta property=\"og:image:type\" content=\"image\/jpeg\" \/>\n<meta name=\"twitter:card\" content=\"summary_large_image\" \/>\n<meta name=\"twitter:label1\" content=\"Dur\u00e9e de lecture estim\u00e9e\" \/>\n\t<meta name=\"twitter:data1\" content=\"1 minute\" \/>\n<script type=\"application\/ld+json\" class=\"yoast-schema-graph\">{\"@context\":\"https:\/\/schema.org\",\"@graph\":[{\"@type\":\"WebPage\",\"@id\":\"https:\/\/www.ifg.gr\/events\/chorodia-oi-choraliennes-tou-ifg\/\",\"url\":\"https:\/\/www.ifg.gr\/events\/chorodia-oi-choraliennes-tou-ifg\/\",\"name\":\"d\u00e9couvrir la chorale francophone de l'IFG, les \u00abChoraliennes\u00bb\",\"isPartOf\":{\"@id\":\"https:\/\/www.ifg.gr\/#website\"},\"primaryImageOfPage\":{\"@id\":\"https:\/\/www.ifg.gr\/events\/chorodia-oi-choraliennes-tou-ifg\/#primaryimage\"},\"image\":{\"@id\":\"https:\/\/www.ifg.gr\/events\/chorodia-oi-choraliennes-tou-ifg\/#primaryimage\"},\"thumbnailUrl\":\"https:\/\/www.ifg.gr\/wp-content\/uploads\/2023\/05\/COURS_CHORALE-_1300x768.jpg\",\"datePublished\":\"2023-05-05T12:41:28+00:00\",\"dateModified\":\"2023-05-08T13:48:09+00:00\",\"description\":\"C'est l\u2019heure de d\u00e9couvrir la chorale francophone de l'Institut fran\u00e7ais de Gr\u00e8ce et d'appr\u00e9cier les voix des\u00a0\u00ab Choraliennes \u00bb\",\"breadcrumb\":{\"@id\":\"https:\/\/www.ifg.gr\/events\/chorodia-oi-choraliennes-tou-ifg\/#breadcrumb\"},\"inLanguage\":\"fr-FR\",\"potentialAction\":[{\"@type\":\"ReadAction\",\"target\":[\"https:\/\/www.ifg.gr\/events\/chorodia-oi-choraliennes-tou-ifg\/\"]}]},{\"@type\":\"ImageObject\",\"inLanguage\":\"fr-FR\",\"@id\":\"https:\/\/www.ifg.gr\/events\/chorodia-oi-choraliennes-tou-ifg\/#primaryimage\",\"url\":\"https:\/\/www.ifg.gr\/wp-content\/uploads\/2023\/05\/COURS_CHORALE-_1300x768.jpg\",\"contentUrl\":\"https:\/\/www.ifg.gr\/wp-content\/uploads\/2023\/05\/COURS_CHORALE-_1300x768.jpg\",\"width\":1300,\"height\":768},{\"@type\":\"BreadcrumbList\",\"@id\":\"https:\/\/www.ifg.gr\/events\/chorodia-oi-choraliennes-tou-ifg\/#breadcrumb\",\"itemListElement\":[{\"@type\":\"ListItem\",\"position\":1,\"name\":\"Home\",\"item\":\"https:\/\/www.ifg.gr\/fr\/\"},{\"@type\":\"ListItem\",\"position\":2,\"name\":\"Events\",\"item\":\"https:\/\/www.ifg.gr\/events\/\"},{\"@type\":\"ListItem\",\"position\":3,\"name\":\"Chorale \u00ab Les Choraliennes \u00bb de l&rsquo;IFG\"}]},{\"@type\":\"WebSite\",\"@id\":\"https:\/\/www.ifg.gr\/#website\",\"url\":\"https:\/\/www.ifg.gr\/\",\"name\":\"IFG\",\"description\":\"\",\"potentialAction\":[{\"@type\":\"SearchAction\",\"target\":{\"@type\":\"EntryPoint\",\"urlTemplate\":\"https:\/\/www.ifg.gr\/?s={search_term_string}\"},\"query-input\":{\"@type\":\"PropertyValueSpecification\",\"valueRequired\":true,\"valueName\":\"search_term_string\"}}],\"inLanguage\":\"fr-FR\"}]}<\/script>\n<!-- \/ Yoast SEO plugin. -->","yoast_head_json":{"title":"d\u00e9couvrir la chorale francophone de l'IFG, les \u00abChoraliennes\u00bb","description":"C'est l\u2019heure de d\u00e9couvrir la chorale francophone de l'Institut fran\u00e7ais de Gr\u00e8ce et d'appr\u00e9cier les voix des\u00a0\u00ab Choraliennes \u00bb","robots":{"index":"index","follow":"follow","max-snippet":"max-snippet:-1","max-image-preview":"max-image-preview:large","max-video-preview":"max-video-preview:-1"},"canonical":"https:\/\/www.ifg.gr\/events\/chorodia-oi-choraliennes-tou-ifg\/","og_locale":"fr_FR","og_type":"article","og_title":"d\u00e9couvrir la chorale francophone de l'IFG, les \u00abChoraliennes\u00bb","og_description":"C'est l\u2019heure de d\u00e9couvrir la chorale francophone de l'Institut fran\u00e7ais de Gr\u00e8ce et d'appr\u00e9cier les voix des\u00a0\u00ab Choraliennes \u00bb","og_url":"https:\/\/www.ifg.gr\/events\/chorodia-oi-choraliennes-tou-ifg\/","og_site_name":"IFG","article_modified_time":"2023-05-08T13:48:09+00:00","og_image":[{"width":1300,"height":768,"url":"https:\/\/www.ifg.gr\/wp-content\/uploads\/2023\/05\/COURS_CHORALE-_1300x768.jpg","type":"image\/jpeg"}],"twitter_card":"summary_large_image","twitter_misc":{"Dur\u00e9e de lecture estim\u00e9e":"1 minute"},"schema":{"@context":"https:\/\/schema.org","@graph":[{"@type":"WebPage","@id":"https:\/\/www.ifg.gr\/events\/chorodia-oi-choraliennes-tou-ifg\/","url":"https:\/\/www.ifg.gr\/events\/chorodia-oi-choraliennes-tou-ifg\/","name":"d\u00e9couvrir la chorale francophone de l'IFG, les \u00abChoraliennes\u00bb","isPartOf":{"@id":"https:\/\/www.ifg.gr\/#website"},"primaryImageOfPage":{"@id":"https:\/\/www.ifg.gr\/events\/chorodia-oi-choraliennes-tou-ifg\/#primaryimage"},"image":{"@id":"https:\/\/www.ifg.gr\/events\/chorodia-oi-choraliennes-tou-ifg\/#primaryimage"},"thumbnailUrl":"https:\/\/www.ifg.gr\/wp-content\/uploads\/2023\/05\/COURS_CHORALE-_1300x768.jpg","datePublished":"2023-05-05T12:41:28+00:00","dateModified":"2023-05-08T13:48:09+00:00","description":"C'est l\u2019heure de d\u00e9couvrir la chorale francophone de l'Institut fran\u00e7ais de Gr\u00e8ce et d'appr\u00e9cier les voix des\u00a0\u00ab Choraliennes \u00bb","breadcrumb":{"@id":"https:\/\/www.ifg.gr\/events\/chorodia-oi-choraliennes-tou-ifg\/#breadcrumb"},"inLanguage":"fr-FR","potentialAction":[{"@type":"ReadAction","target":["https:\/\/www.ifg.gr\/events\/chorodia-oi-choraliennes-tou-ifg\/"]}]},{"@type":"ImageObject","inLanguage":"fr-FR","@id":"https:\/\/www.ifg.gr\/events\/chorodia-oi-choraliennes-tou-ifg\/#primaryimage","url":"https:\/\/www.ifg.gr\/wp-content\/uploads\/2023\/05\/COURS_CHORALE-_1300x768.jpg","contentUrl":"https:\/\/www.ifg.gr\/wp-content\/uploads\/2023\/05\/COURS_CHORALE-_1300x768.jpg","width":1300,"height":768},{"@type":"BreadcrumbList","@id":"https:\/\/www.ifg.gr\/events\/chorodia-oi-choraliennes-tou-ifg\/#breadcrumb","itemListElement":[{"@type":"ListItem","position":1,"name":"Home","item":"https:\/\/www.ifg.gr\/fr\/"},{"@type":"ListItem","position":2,"name":"Events","item":"https:\/\/www.ifg.gr\/events\/"},{"@type":"ListItem","position":3,"name":"Chorale \u00ab Les Choraliennes \u00bb de l&rsquo;IFG"}]},{"@type":"WebSite","@id":"https:\/\/www.ifg.gr\/#website","url":"https:\/\/www.ifg.gr\/","name":"IFG","description":"","potentialAction":[{"@type":"SearchAction","target":{"@type":"EntryPoint","urlTemplate":"https:\/\/www.ifg.gr\/?s={search_term_string}"},"query-input":{"@type":"PropertyValueSpecification","valueRequired":true,"valueName":"search_term_string"}}],"inLanguage":"fr-FR"}]}},"_links":{"self":[{"href":"https:\/\/www.ifg.gr\/fr\/wp-json\/wp\/v2\/event\/49364","targetHints":{"allow":["GET"]}}],"collection":[{"href":"https:\/\/www.ifg.gr\/fr\/wp-json\/wp\/v2\/event"}],"about":[{"href":"https:\/\/www.ifg.gr\/fr\/wp-json\/wp\/v2\/types\/event"}],"author":[{"embeddable":true,"href":"https:\/\/www.ifg.gr\/fr\/wp-json\/wp\/v2\/users\/18"}],"version-history":[{"count":0,"href":"https:\/\/www.ifg.gr\/fr\/wp-json\/wp\/v2\/event\/49364\/revisions"}],"wp:featuredmedia":[{"embeddable":true,"href":"https:\/\/www.ifg.gr\/fr\/wp-json\/wp\/v2\/media\/49359"}],"wp:attachment":[{"href":"https:\/\/www.ifg.gr\/fr\/wp-json\/wp\/v2\/media?parent=49364"}],"wp:term":[{"taxonomy":"post_tag","embeddable":true,"href":"https:\/\/www.ifg.gr\/fr\/wp-json\/wp\/v2\/tags?post=49364"},{"taxonomy":"event_category","embeddable":true,"href":"https:\/\/www.ifg.gr\/fr\/wp-json\/wp\/v2\/event_category?post=49364"},{"taxonomy":"event_group","embeddable":true,"href":"https:\/\/www.ifg.gr\/fr\/wp-json\/wp\/v2\/event_group?post=49364"}],"curies":[{"name":"wp","href":"https:\/\/api.w.org\/{rel}","templated":true}]}}