{"id":51173,"date":"2023-05-31T14:03:09","date_gmt":"2023-05-31T14:03:09","guid":{"rendered":"https:\/\/www.ifg.gr\/events\/rendez-vous-campus-france-2023\/"},"modified":"2023-06-19T07:55:22","modified_gmt":"2023-06-19T07:55:22","slug":"rendez-vous-campus-france-2023","status":"publish","type":"event","link":"https:\/\/www.ifg.gr\/fr\/events\/rendez-vous-campus-france-2023\/","title":{"rendered":"Rendez-vous Campus France 2023: Vivre et \u00e9tudier en France !"},"content":{"rendered":"<p>Comme de nombreux \u00e9tudiants grecs avant vous, vous avez d\u00e9cid\u00e9 de vivre l\u2019aventure des \u00e9tudes en France d\u00e8s la rentr\u00e9e 2023, ou envisagez de le faire \u00e0 l\u2019avenir ?<\/p>\n<p>Vous avez \u00e9t\u00e9 accept\u00e9 dans un \u00e9tablissement d\u2019enseignement sup\u00e9rieur fran\u00e7ais, et vous posez beaucoup de questions, aussi bien sur la vie universitaire que sur la vie quotidienne ? Faire des <a href=\"https:\/\/www.ifg.gr\/eksasfalise-spoudes-sti-gallia\/\" target=\"_blank\" rel=\"noopener\">\u00e9tudes en France<\/a>, c\u2019est tout d\u2019abord se plonger dans une autre r\u00e9alit\u00e9.<\/p>\n<h3>Outre l\u2019exp\u00e9rience acad\u00e9mique, c\u2019est une v\u00e9ritable exp\u00e9rience de vie !<\/h3>\n<p>Vous aurez l\u2019opportunit\u00e9 de vous adapter \u00e0 une autre fa\u00e7on de travailler, d\u2019autres habitudes, une autre mentalit\u00e9. Vous ferez face \u00e0 nombreuses interrogations, de petites et grandes d\u00e9couvertes mais vous en tirerez une richesse, tant sur le plan personnel qu\u2019acad\u00e9mique, qui vous confortera dans l\u2019id\u00e9e que vous avez pris la bonne d\u00e9cision.<\/p>\n<h3>Pour vous aider et mieux vous armer pour cette aventure, l\u2019Institut fran\u00e7ais de Gr\u00e8ce vous convie \u00e0 cet \u00e9v\u00e9nement qui abordera :<\/h3>\n<ul>\n<li><strong>la vie \u00e9tudiante en France <\/strong>: Le logement \u00e9tudiant, les facilit\u00e9s octroy\u00e9es aux \u00e9tudiants, les d\u00e9marches indispensables etc\u2026<\/li>\n<li><strong>la vie universitaire fran\u00e7aise <\/strong>: l\u2019organisation, la m\u00e9thodologie, l\u2019\u00e9valuation etc\u2026<\/li>\n<\/ul>\n<p>Pour ce faire, quoi de mieux que de donner la parole \u00e0 des \u00e9tudiants grecs qui vivent actuellement ou ont r\u00e9cemment v\u00e9cu l\u2019exp\u00e9rience des \u00e9tudes en France et qui souhaitent la partager avec vous ? Venez \u00e0 la <strong>rencontre des <a href=\"https:\/\/www.francealumni.fr\/fr\/poste\/grece\" target=\"_blank\" rel=\"noopener\">Alumni<\/a><\/strong> qui vous raconteront leur exp\u00e9rience des \u00e9tudes en France, et posez-leur l\u2019ensemble de vos questions !<\/p>\n<p>[Pr\u00e9sentation \u00e0 l&rsquo;Auditorium Theo Angelopoulos, diffus\u00e9e parall\u00e8lement sur Facebook. Entr\u00e9e libre]<br \/>\n______________<\/p>\n<p>Pour b\u00e9n\u00e9ficier d\u2019une pr\u00e9paration plus approfondie aux \u00e9tudes en France, contactez le service de cours de l\u2019IFG (<a href=\"mailto:cours@ifg.gr\" target=\"_blank\" rel=\"noopener\">cours@ifg.gr<\/a>) et inscrivez-vous \u00e0 l\u2019<a href=\"https:\/\/www.ifg.gr\/wp-content\/uploads\/2023\/04\/COURS_ETE_2023_flyerA5_web-2.pdf\" target=\"_blank\" rel=\"noopener\">atelier estival \u00ab\u00a0Vivre en France\u00a0\u00bb<\/a> (du 04 au 13 juillet 2023).<\/p>\n","protected":false},"excerpt":{"rendered":"<p>Pr\u00e9sentation \u00e0 l&rsquo;Auditorium Theo Angelopoulos, diffus\u00e9e parall\u00e8lement sur Facebook. Entr\u00e9e libre.<\/p>\n","protected":false},"author":18,"featured_media":51165,"template":"","tags":[939],"event_category":[1129],"event_group":[],"class_list":["post-51173","event","type-event","status-publish","has-post-thumbnail","hentry","tag-rendez-vous-campus-france-fr","event_category-etudes-en-france"],"acf":{"sponsors_default":false,"info_title":"","info_text":"","date_range":{"start":"20\/06\/2023","end":"","cancelled":false,"note":"","start_time":"17:00","end_time":""},"details":{"location":"<p>Institut fran\u00e7ais de Gr\u00e8ce<br \/>\nAuditorium Theo Angelopoulos<\/p>\n","hyperlink1a":{"text":"","link":""},"price":"Entr\u00e9e libre \/ Conf\u00e9rence diffus\u00e9e parall\u00e8lement sur Facebook. ","hyperlink2a":{"text":"","link":""},"online_event":false,"live_streaming":false,"live_streaming_code":"","facebook_url":"https:\/\/www.facebook.com\/events\/583458013930149\/?onload_action=open_invite_flow","hyperlink":{"text":"","link":""},"hyperlink2":{"text":"","link":""},"hyperlink3":{"text":"","link":""},"press_release":false},"featured_image_credits":"","home_slider_image":{"ID":51167,"id":51167,"title":"PREPARATION_ETUDES_CAMPUS_FRANCE_1300x768","filename":"PREPARATION_ETUDES_CAMPUS_FRANCE_1300x768.jpg","filesize":1122271,"url":"https:\/\/www.ifg.gr\/wp-content\/uploads\/2023\/05\/PREPARATION_ETUDES_CAMPUS_FRANCE_1300x768.jpg","link":"https:\/\/www.ifg.gr\/fr\/events\/rendez-vous-campus-france-2023\/preparation_etudes_campus_france_1300x768-3-2\/","alt":"","author":"18","description":"","caption":"","name":"preparation_etudes_campus_france_1300x768-3-2","status":"inherit","uploaded_to":51173,"date":"2023-05-31 13:56:01","modified":"2023-05-31 13:56:01","menu_order":0,"mime_type":"image\/jpeg","type":"image","subtype":"jpeg","icon":"https:\/\/www.ifg.gr\/wp-includes\/images\/media\/default.png","width":1300,"height":768,"sizes":{"thumbnail":"https:\/\/www.ifg.gr\/wp-content\/uploads\/2023\/05\/PREPARATION_ETUDES_CAMPUS_FRANCE_1300x768.jpg","thumbnail-width":150,"thumbnail-height":89,"medium":"https:\/\/www.ifg.gr\/wp-content\/uploads\/2023\/05\/PREPARATION_ETUDES_CAMPUS_FRANCE_1300x768.jpg","medium-width":300,"medium-height":177,"medium_large":"https:\/\/www.ifg.gr\/wp-content\/uploads\/2023\/05\/PREPARATION_ETUDES_CAMPUS_FRANCE_1300x768-768x454.jpg","medium_large-width":640,"medium_large-height":378,"large":"https:\/\/www.ifg.gr\/wp-content\/uploads\/2023\/05\/PREPARATION_ETUDES_CAMPUS_FRANCE_1300x768.jpg","large-width":640,"large-height":378,"1536x1536":"https:\/\/www.ifg.gr\/wp-content\/uploads\/2023\/05\/PREPARATION_ETUDES_CAMPUS_FRANCE_1300x768.jpg","1536x1536-width":1300,"1536x1536-height":768,"2048x2048":"https:\/\/www.ifg.gr\/wp-content\/uploads\/2023\/05\/PREPARATION_ETUDES_CAMPUS_FRANCE_1300x768.jpg","2048x2048-width":1300,"2048x2048-height":768,"full-width":"https:\/\/www.ifg.gr\/wp-content\/uploads\/2023\/05\/PREPARATION_ETUDES_CAMPUS_FRANCE_1300x768.jpg","full-width-width":1300,"full-width-height":768,"sidebar":"https:\/\/www.ifg.gr\/wp-content\/uploads\/2023\/05\/PREPARATION_ETUDES_CAMPUS_FRANCE_1300x768.jpg","sidebar-width":1300,"sidebar-height":768,"thumb-sm":"https:\/\/www.ifg.gr\/wp-content\/uploads\/2023\/05\/PREPARATION_ETUDES_CAMPUS_FRANCE_1300x768-220x130.jpg","thumb-sm-width":220,"thumb-sm-height":130,"thumb-square":"https:\/\/www.ifg.gr\/wp-content\/uploads\/2023\/05\/PREPARATION_ETUDES_CAMPUS_FRANCE_1300x768-300x300.jpg","thumb-square-width":300,"thumb-square-height":300,"thumb-big":"https:\/\/www.ifg.gr\/wp-content\/uploads\/2023\/05\/PREPARATION_ETUDES_CAMPUS_FRANCE_1300x768-600x400.jpg","thumb-big-width":600,"thumb-big-height":400,"slider-big":"https:\/\/www.ifg.gr\/wp-content\/uploads\/2023\/05\/PREPARATION_ETUDES_CAMPUS_FRANCE_1300x768.jpg","slider-big-width":1300,"slider-big-height":768}},"sponsors_group":false,"layout":false},"yoast_head":"<!-- This site is optimized with the Yoast SEO plugin v26.8 - https:\/\/yoast.com\/product\/yoast-seo-wordpress\/ -->\n<title>Rendez-vous Campus France 2023 : Vivre et \u00e9tudier en France !<\/title>\n<meta name=\"description\" content=\"Pour vous aider et mieux vous armer pour vos \u00e9tudes en France, l\u2019IFG vous vous invite \u00e0 l&#039;\u00e9v\u00e9nement Rendez-vous Campus France 2023.\" \/>\n<meta name=\"robots\" content=\"index, follow, max-snippet:-1, max-image-preview:large, max-video-preview:-1\" \/>\n<link rel=\"canonical\" href=\"https:\/\/www.ifg.gr\/events\/rendez-vous-campus-france-gallia-2023\/\" \/>\n<meta property=\"og:locale\" content=\"fr_FR\" \/>\n<meta property=\"og:type\" content=\"article\" \/>\n<meta property=\"og:title\" content=\"Rendez-vous Campus France 2023 : Vivre et \u00e9tudier en France !\" \/>\n<meta property=\"og:description\" content=\"Pour vous aider et mieux vous armer pour vos \u00e9tudes en France, l\u2019IFG vous vous invite \u00e0 l&#039;\u00e9v\u00e9nement Rendez-vous Campus France 2023.\" \/>\n<meta property=\"og:url\" content=\"https:\/\/www.ifg.gr\/events\/rendez-vous-campus-france-gallia-2023\/\" \/>\n<meta property=\"og:site_name\" content=\"IFG\" \/>\n<meta property=\"article:modified_time\" content=\"2023-06-19T07:55:22+00:00\" \/>\n<meta property=\"og:image\" content=\"https:\/\/www.ifg.gr\/wp-content\/uploads\/2023\/05\/PREPARATION_ETUDES_CAMPUS_FRANCE_1200x800.jpg\" \/>\n\t<meta property=\"og:image:width\" content=\"1200\" \/>\n\t<meta property=\"og:image:height\" content=\"800\" \/>\n\t<meta property=\"og:image:type\" content=\"image\/jpeg\" \/>\n<meta name=\"twitter:card\" content=\"summary_large_image\" \/>\n<meta name=\"twitter:label1\" content=\"Dur\u00e9e de lecture estim\u00e9e\" \/>\n\t<meta name=\"twitter:data1\" content=\"2 minutes\" \/>\n<script type=\"application\/ld+json\" class=\"yoast-schema-graph\">{\"@context\":\"https:\/\/schema.org\",\"@graph\":[{\"@type\":\"WebPage\",\"@id\":\"https:\/\/www.ifg.gr\/events\/rendez-vous-campus-france-gallia-2023\/\",\"url\":\"https:\/\/www.ifg.gr\/events\/rendez-vous-campus-france-gallia-2023\/\",\"name\":\"Rendez-vous Campus France 2023 : Vivre et \u00e9tudier en France !\",\"isPartOf\":{\"@id\":\"https:\/\/www.ifg.gr\/#website\"},\"primaryImageOfPage\":{\"@id\":\"https:\/\/www.ifg.gr\/events\/rendez-vous-campus-france-gallia-2023\/#primaryimage\"},\"image\":{\"@id\":\"https:\/\/www.ifg.gr\/events\/rendez-vous-campus-france-gallia-2023\/#primaryimage\"},\"thumbnailUrl\":\"https:\/\/www.ifg.gr\/wp-content\/uploads\/2023\/05\/PREPARATION_ETUDES_CAMPUS_FRANCE_1200x800.jpg\",\"datePublished\":\"2023-05-31T14:03:09+00:00\",\"dateModified\":\"2023-06-19T07:55:22+00:00\",\"description\":\"Pour vous aider et mieux vous armer pour vos \u00e9tudes en France, l\u2019IFG vous vous invite \u00e0 l'\u00e9v\u00e9nement Rendez-vous Campus France 2023.\",\"breadcrumb\":{\"@id\":\"https:\/\/www.ifg.gr\/events\/rendez-vous-campus-france-gallia-2023\/#breadcrumb\"},\"inLanguage\":\"fr-FR\",\"potentialAction\":[{\"@type\":\"ReadAction\",\"target\":[\"https:\/\/www.ifg.gr\/events\/rendez-vous-campus-france-gallia-2023\/\"]}]},{\"@type\":\"ImageObject\",\"inLanguage\":\"fr-FR\",\"@id\":\"https:\/\/www.ifg.gr\/events\/rendez-vous-campus-france-gallia-2023\/#primaryimage\",\"url\":\"https:\/\/www.ifg.gr\/wp-content\/uploads\/2023\/05\/PREPARATION_ETUDES_CAMPUS_FRANCE_1200x800.jpg\",\"contentUrl\":\"https:\/\/www.ifg.gr\/wp-content\/uploads\/2023\/05\/PREPARATION_ETUDES_CAMPUS_FRANCE_1200x800.jpg\",\"width\":1200,\"height\":800},{\"@type\":\"BreadcrumbList\",\"@id\":\"https:\/\/www.ifg.gr\/events\/rendez-vous-campus-france-gallia-2023\/#breadcrumb\",\"itemListElement\":[{\"@type\":\"ListItem\",\"position\":1,\"name\":\"Home\",\"item\":\"https:\/\/www.ifg.gr\/fr\/\"},{\"@type\":\"ListItem\",\"position\":2,\"name\":\"Events\",\"item\":\"https:\/\/www.ifg.gr\/events\/\"},{\"@type\":\"ListItem\",\"position\":3,\"name\":\"Rendez-vous Campus France 2023: Vivre et \u00e9tudier en France !\"}]},{\"@type\":\"WebSite\",\"@id\":\"https:\/\/www.ifg.gr\/#website\",\"url\":\"https:\/\/www.ifg.gr\/\",\"name\":\"IFG\",\"description\":\"\",\"potentialAction\":[{\"@type\":\"SearchAction\",\"target\":{\"@type\":\"EntryPoint\",\"urlTemplate\":\"https:\/\/www.ifg.gr\/?s={search_term_string}\"},\"query-input\":{\"@type\":\"PropertyValueSpecification\",\"valueRequired\":true,\"valueName\":\"search_term_string\"}}],\"inLanguage\":\"fr-FR\"}]}<\/script>\n<!-- \/ Yoast SEO plugin. -->","yoast_head_json":{"title":"Rendez-vous Campus France 2023 : Vivre et \u00e9tudier en France !","description":"Pour vous aider et mieux vous armer pour vos \u00e9tudes en France, l\u2019IFG vous vous invite \u00e0 l'\u00e9v\u00e9nement Rendez-vous Campus France 2023.","robots":{"index":"index","follow":"follow","max-snippet":"max-snippet:-1","max-image-preview":"max-image-preview:large","max-video-preview":"max-video-preview:-1"},"canonical":"https:\/\/www.ifg.gr\/events\/rendez-vous-campus-france-gallia-2023\/","og_locale":"fr_FR","og_type":"article","og_title":"Rendez-vous Campus France 2023 : Vivre et \u00e9tudier en France !","og_description":"Pour vous aider et mieux vous armer pour vos \u00e9tudes en France, l\u2019IFG vous vous invite \u00e0 l'\u00e9v\u00e9nement Rendez-vous Campus France 2023.","og_url":"https:\/\/www.ifg.gr\/events\/rendez-vous-campus-france-gallia-2023\/","og_site_name":"IFG","article_modified_time":"2023-06-19T07:55:22+00:00","og_image":[{"width":1200,"height":800,"url":"https:\/\/www.ifg.gr\/wp-content\/uploads\/2023\/05\/PREPARATION_ETUDES_CAMPUS_FRANCE_1200x800.jpg","type":"image\/jpeg"}],"twitter_card":"summary_large_image","twitter_misc":{"Dur\u00e9e de lecture estim\u00e9e":"2 minutes"},"schema":{"@context":"https:\/\/schema.org","@graph":[{"@type":"WebPage","@id":"https:\/\/www.ifg.gr\/events\/rendez-vous-campus-france-gallia-2023\/","url":"https:\/\/www.ifg.gr\/events\/rendez-vous-campus-france-gallia-2023\/","name":"Rendez-vous Campus France 2023 : Vivre et \u00e9tudier en France !","isPartOf":{"@id":"https:\/\/www.ifg.gr\/#website"},"primaryImageOfPage":{"@id":"https:\/\/www.ifg.gr\/events\/rendez-vous-campus-france-gallia-2023\/#primaryimage"},"image":{"@id":"https:\/\/www.ifg.gr\/events\/rendez-vous-campus-france-gallia-2023\/#primaryimage"},"thumbnailUrl":"https:\/\/www.ifg.gr\/wp-content\/uploads\/2023\/05\/PREPARATION_ETUDES_CAMPUS_FRANCE_1200x800.jpg","datePublished":"2023-05-31T14:03:09+00:00","dateModified":"2023-06-19T07:55:22+00:00","description":"Pour vous aider et mieux vous armer pour vos \u00e9tudes en France, l\u2019IFG vous vous invite \u00e0 l'\u00e9v\u00e9nement Rendez-vous Campus France 2023.","breadcrumb":{"@id":"https:\/\/www.ifg.gr\/events\/rendez-vous-campus-france-gallia-2023\/#breadcrumb"},"inLanguage":"fr-FR","potentialAction":[{"@type":"ReadAction","target":["https:\/\/www.ifg.gr\/events\/rendez-vous-campus-france-gallia-2023\/"]}]},{"@type":"ImageObject","inLanguage":"fr-FR","@id":"https:\/\/www.ifg.gr\/events\/rendez-vous-campus-france-gallia-2023\/#primaryimage","url":"https:\/\/www.ifg.gr\/wp-content\/uploads\/2023\/05\/PREPARATION_ETUDES_CAMPUS_FRANCE_1200x800.jpg","contentUrl":"https:\/\/www.ifg.gr\/wp-content\/uploads\/2023\/05\/PREPARATION_ETUDES_CAMPUS_FRANCE_1200x800.jpg","width":1200,"height":800},{"@type":"BreadcrumbList","@id":"https:\/\/www.ifg.gr\/events\/rendez-vous-campus-france-gallia-2023\/#breadcrumb","itemListElement":[{"@type":"ListItem","position":1,"name":"Home","item":"https:\/\/www.ifg.gr\/fr\/"},{"@type":"ListItem","position":2,"name":"Events","item":"https:\/\/www.ifg.gr\/events\/"},{"@type":"ListItem","position":3,"name":"Rendez-vous Campus France 2023: Vivre et \u00e9tudier en France !"}]},{"@type":"WebSite","@id":"https:\/\/www.ifg.gr\/#website","url":"https:\/\/www.ifg.gr\/","name":"IFG","description":"","potentialAction":[{"@type":"SearchAction","target":{"@type":"EntryPoint","urlTemplate":"https:\/\/www.ifg.gr\/?s={search_term_string}"},"query-input":{"@type":"PropertyValueSpecification","valueRequired":true,"valueName":"search_term_string"}}],"inLanguage":"fr-FR"}]}},"_links":{"self":[{"href":"https:\/\/www.ifg.gr\/fr\/wp-json\/wp\/v2\/event\/51173","targetHints":{"allow":["GET"]}}],"collection":[{"href":"https:\/\/www.ifg.gr\/fr\/wp-json\/wp\/v2\/event"}],"about":[{"href":"https:\/\/www.ifg.gr\/fr\/wp-json\/wp\/v2\/types\/event"}],"author":[{"embeddable":true,"href":"https:\/\/www.ifg.gr\/fr\/wp-json\/wp\/v2\/users\/18"}],"version-history":[{"count":0,"href":"https:\/\/www.ifg.gr\/fr\/wp-json\/wp\/v2\/event\/51173\/revisions"}],"wp:featuredmedia":[{"embeddable":true,"href":"https:\/\/www.ifg.gr\/fr\/wp-json\/wp\/v2\/media\/51165"}],"wp:attachment":[{"href":"https:\/\/www.ifg.gr\/fr\/wp-json\/wp\/v2\/media?parent=51173"}],"wp:term":[{"taxonomy":"post_tag","embeddable":true,"href":"https:\/\/www.ifg.gr\/fr\/wp-json\/wp\/v2\/tags?post=51173"},{"taxonomy":"event_category","embeddable":true,"href":"https:\/\/www.ifg.gr\/fr\/wp-json\/wp\/v2\/event_category?post=51173"},{"taxonomy":"event_group","embeddable":true,"href":"https:\/\/www.ifg.gr\/fr\/wp-json\/wp\/v2\/event_group?post=51173"}],"curies":[{"name":"wp","href":"https:\/\/api.w.org\/{rel}","templated":true}]}}