{"id":52100,"date":"2023-06-12T09:27:03","date_gmt":"2023-06-12T09:27:03","guid":{"rendered":"https:\/\/www.ifg.gr\/events\/festival-athinon-epidavrou-2023\/"},"modified":"2023-07-06T11:41:07","modified_gmt":"2023-07-06T11:41:07","slug":"festival-athenes-epidaure-2023","status":"publish","type":"event","link":"https:\/\/www.ifg.gr\/fr\/events\/festival-athenes-epidaure-2023\/","title":{"rendered":"La pr\u00e9sence fran\u00e7aise au Festival Ath\u00e8nes Epidaure 2023"},"content":{"rendered":"<p>Pour une nouvelle ann\u00e9e, l\u2019IFG soutient le <a href=\"https:\/\/aefestival.gr\/\" target=\"_blank\" rel=\"noopener\">Festival Ath\u00e8nes Epidaure<\/a>. Cet \u00e9v\u00e9nement contemporain, de grande importance pour le spectacle vivant en Gr\u00e8ce, revient avec de nouvelles propositions innovantes de la nouvelle sc\u00e8ne fran\u00e7aise.<strong> D\u00e9couvrez les ci-dessous !<\/strong><\/p>\n<h3><strong>Isadora Duncan<br \/>\nJER\u00d4ME BEL<br \/>\n<\/strong><\/h3>\n<p><strong>09\/07\u00a0 &amp; 10\/07\/2023 \u00e0 21h00 \u2013 Peiraios <\/strong><strong>260 (Espace \u0397)<br \/>\n<\/strong>DANSE, DISCUSSION \u2013 ATELIER<\/p>\n<p><strong>09 &amp; 10 juillet <\/strong>: Avec la pi\u00e8ce<em> Isadora Duncan<\/em> con\u00e7ue pour et avec Elisabeth Schwartz, le chor\u00e9graphe embl\u00e9matique de la cr\u00e9ation contemporaine J\u00e9r\u00f4me Bel poursuit la s\u00e9rie des portraits de danseur\u00b7se\u00b7s initi\u00e9e en 2004 et se concentre sur la figure d&rsquo;Isadora Duncan. Il partage la sc\u00e8ne avec la fameuse \u00e9l\u00e8ve des \u00ab Isadorables \u00bb et d\u00e9couvre sous le personnage romanesque une chor\u00e9graphe visionnaire, \u00e0 travers l\u2019exploration de l\u2019h\u00e9ritage d\u2019une figure l\u00e9gendaire.<br \/>\nLe spectacle sera suivi d&rsquo;une discussion.<\/p>\n<p><strong>11 &amp; 12 juillet <\/strong>: En parall\u00e8le au spectacle <em>Isadora Duncan<\/em> et en partenariat avec le <a href=\"https:\/\/www.duncandancecenter.org\/en\/\" target=\"_blank\" rel=\"noopener\">Centre de Recherche sur la Danse \u0399. &amp; R. Duncan<\/a>, un atelier de deux jours anim\u00e9 par la danseuse de renom Elisabeth Schwartz, et un entretien avec J\u00e9r\u00f4me Bel, Elisabeth Schwartz et la chor\u00e9graphe Menti Mega, compl\u00e8teront la programmation.<\/p>\n<p>Avec le soutien de l\u2019Institut fran\u00e7ais (Paris)<br \/>\n<strong>Plus d\u2019informations<\/strong> : <a href=\"https:\/\/aefestival.gr\/festival_events\/isidora-ntankan\/?lang=en\" target=\"_blank\" rel=\"noopener\">aefestival.gr\/festival_events\/isidora-ntankan\/?lang=en<\/a><\/p>\n<p>&nbsp;<\/p>\n<h3><strong>Jer\u00f4me Bel \u2013 Stavroula Siamou<\/strong><br \/>\n<strong>JER\u00d4ME BEL<\/strong><\/h3>\n<p><strong>11\/07\/2023 \u00e0 20h30 \u2013 Peiraios 260 (Espace \u0397)<br \/>\n<\/strong>DANSE<\/p>\n<p>\u00ab Auto-bio-chor\u00e9o-graphique \u00bb (auto-bio-choreo-graphic): c\u2019est ainsi que J\u00e9r\u00f4me Bel qualifie sa nouvelle cr\u00e9ation, un solo qui porte son nom, con\u00e7ue apr\u00e8s Isadora Duncan. L\u2019artiste livre son r\u00e9cit personnel avec humour et tendresse, et partage ses doutes, ses engagements, ses \u00e9checs comme ses engouements. La pi\u00e8ce prend la forme d\u2019une g\u00e9n\u00e9alogie des \u00e9l\u00e9ments moteurs de son \u0153uvre, l\u00e0 o\u00f9 le personnel se noue \u00e0 l\u2019artistique et au politique.<\/p>\n<p>Le spectacle comporte de la nudit\u00e9.<br \/>\nAvec le soutien de l\u2019Institut fran\u00e7ais (Paris)<br \/>\n<strong>Plus d\u2019informations<\/strong> : <a href=\"https:\/\/aefestival.gr\/festival_events\/jerome-bel\/?lang=en\" target=\"_blank\" rel=\"noopener\">aefestival.gr\/festival_events\/jerome-bel\/?lang=en<\/a><\/p>\n<p>&nbsp;<\/p>\n<h3><strong>L\u2019\u00c9tang de Robert Walser<br \/>\nGIS\u00c8LE VIENNE<br \/>\n<\/strong><\/h3>\n<p><strong>19\/07\u00a0 &amp; 20\/07\/2023 \u00e0 21h00 \u2013 Peiraios 260 (Espace D)<br \/>\n<\/strong>TH\u00c9\u00c2TRE<\/p>\n<p>Mixant en une seule mati\u00e8re la danse, la musique et le th\u00e9\u00e2tre, la metteuse en sc\u00e8ne et chor\u00e9graphe Gis\u00e8le Vienne construit depuis 20 ans un univers d\u2019\u00e9tranges r\u00eaveries, con\u00e7u \u00e0 la mani\u00e8re de tableaux vivants. Le public grec la d\u00e9couvre en 2018 avec Crowd, une pi\u00e8ce qui explore le rapport obscur des \u00e9motions individuelles et collectives. Cette ann\u00e9e, elle participe au Festival avec <em>L\u2019\u00c9tang<\/em>, une adaptation d\u2019un court texte de Robert Walser (Der Teich), qui met en sc\u00e8ne une famille dysfonctionnelle.<\/p>\n<p>C\u2019est l\u2019histoire d\u2019un enfant qui se sent mal aim\u00e9 par sa famille et, au comble de son d\u00e9sespoir, fait croire \u00e0 son suicide dans un \u00e9tang. Gis\u00e8le Vienne cr\u00e9e un drame psychologique intense en \u00e9clairant les allusions troublantes de Walser &#8211; \u00e0 la maltraitance des enfants, \u00e0 l&rsquo;inceste et aux traumatismes familiaux.<\/p>\n<p>N\u00e9e en 1976, Gis\u00e8le Vienne se forme \u00e0 l\u2019<a href=\"https:\/\/marionnette.com\/esnam-formation\/presentation-esnam\" target=\"_blank\" rel=\"noopener\">\u00c9cole Sup\u00e9rieure Nationale des Arts de la Marionnette<\/a> apr\u00e8s des \u00e9tudes de musique et de philosophie. En 1999 elle fonde sa propre compagnie et compte aujourd\u2019hui 11 pi\u00e8ces \u00e0 son r\u00e9pertoire, dont 7 en collaboration avec \u00c9tienne Bideau-Rey, qui tournent en Europe et sont pr\u00e9sent\u00e9es r\u00e9guli\u00e8rement en Asie et en Am\u00e9rique.<\/p>\n<p><strong>19 juillet <\/strong>: Repr\u00e9sentation suivie d\u2019un entretien avec Gis\u00e8le Vienne.<br \/>\nAvec le soutien de l\u2019Institut fran\u00e7ais (Paris)<br \/>\n<strong>Plus d\u2019informations<\/strong> : <a href=\"https:\/\/aefestival.gr\/festival_events\/i-limni-l-etang\/?lang=en\" target=\"_blank\" rel=\"noopener\">aefestival.gr\/festival_events\/i-limni-l-etang\/?lang=en<\/a><\/p>\n<p>&nbsp;<\/p>\n<h3><strong>Le Jardin des D\u00e9lices \/ The Garden of Delights<br \/>\nPHILIPPE QUESNE<br \/>\n<\/strong><\/h3>\n<p><strong>04\/08\/2023 \u00e0 21h00 \u2013 Odeon of Herodes Atticus<br \/>\n<\/strong>TH\u00c9\u00c2TRE \u2013 COPRODUCTION INTERNATIONALE<\/p>\n<p>Le metteur en sc\u00e8ne et plasticien fran\u00e7ais Philippe Quesne, connu pour ses mises en sc\u00e8ne picturales et iconoclastes, a s\u00e9duit \u00e0 plusieurs reprises le public grec. Apr\u00e8s la com\u00e9die dystopique et tendrement caustique, <em>Farm Fatale<\/em>, inspir\u00e9e des enjeux climatiques, qui a fascin\u00e9 le public qui l\u2019a d\u00e9couverte au th\u00e9\u00e2tre de la rue Peiraios 260, Philippe Quesne revient cette ann\u00e9e au th\u00e9\u00e2tre d\u2019H\u00e9rode Atticus avec une pi\u00e8ce en coproduction avec le Festival, inspir\u00e9e du <a href=\"https:\/\/fr.wikipedia.org\/wiki\/Le_Jardin_des_d%C3%A9lices\" target=\"_blank\" rel=\"noopener\">Jardin des d\u00e9lices, le c\u00e9l\u00e8bre tableau de J\u00e9r\u00f4me Bosch<\/a> (c.1500). Le panneau central de ce triptyque biblique, \u00e0 l\u2019architecture psych\u00e9d\u00e9lique, repr\u00e9sente un panorama de personnages paradoxaux s\u2019adonnant \u00e0 des \u00e9bats torrides, sur fond de paysage naturel imaginaire, tandis que les panneaux lat\u00e9raux d\u00e9peignent le Paradis et les ch\u00e2timents de l&rsquo;Enfer. \u00c0 l\u2019instar de Bosch, Philippe Quesne cr\u00e9e un spectacle all\u00e9gorique, un univers onirique entre utopie et dystopie, bonheur et luxure, \u00e9nigmatique et grotesque, qui rappelle une f\u00eate foraine. La punition consiste peut-\u00eatre en la condamnation au divertissement \u00e9ternel.<\/p>\n<p>La fantasmagorie de Philippe Quesne sera adapt\u00e9e par le cr\u00e9ateur, pour le th\u00e9\u00e2tre d\u2019H\u00e9rode Atticus et cl\u00f4turera d\u00e9but ao\u00fbt la programmation ath\u00e9nienne du Festival.<\/p>\n<p>Avec le soutien de l\u2019Institut fran\u00e7ais (Paris)<br \/>\n<strong>Plus d\u2019informations<\/strong> : <a href=\"https:\/\/aefestival.gr\/festival_events\/o-kipos-ton-idonon\/?lang=en\" target=\"_blank\" rel=\"noopener\">aefestival.gr\/festival_events\/o-kipos-ton-idonon\/?lang=en<\/a><\/p>\n","protected":false},"excerpt":{"rendered":"<p>D\u00e9couvrez les productions innovantes de la nouvelles sc\u00e8ne fran\u00e7aise pr\u00e9sent\u00e9es au Festival Ath\u00e8nes Epidaure; juillet et ao\u00fbt 2023.<\/p>\n","protected":false},"author":18,"featured_media":52096,"template":"","tags":[1529,1044],"event_category":[872],"event_group":[],"class_list":["post-52100","event","type-event","status-publish","has-post-thumbnail","hentry","tag-festival-athenes-epidaure","tag-festival-athinon-kai-epidavrou-fr","event_category-spectacle-vivant"],"acf":{"sponsors_default":false,"info_title":"","info_text":"","date_range":{"start":"09\/07\/2023","end":"04\/08\/2023","cancelled":false,"note":"","start_time":"","end_time":""},"details":{"location":"<p>Isadora Duncan<br \/>\nJER\u00d4ME BEL<br \/>\n09\/07 & 10\/07\/2023 \u00e0 21h00 \u2013 Peiraios 260 (Espace \u0397)<\/p>\n<p>Jer\u00f4me Bel \u2013 Stavroula Siamou<br \/>\nJER\u00d4ME BEL<br \/>\n11\/07\/2023 \u00e0 20h30 \u2013 Peiraios 260 (Espace \u0397)<\/p>\n<p>L\u2019\u00c9tang de Robert Walser<br \/>\nGIS\u00c8LE VIENNE<br \/>\n19\/07\u00a0 & 20\/07\/2023 \u00e0 21h00 \u2013 Peiraios 260 (Espace D) \u2013 TH\u00c9\u00c2TRE<\/p>\n<p>Le Jardin des D\u00e9lices \/ The Garden of Delights<br \/>\nPHILIPPE QUESNE<br \/>\n04\/08\/2023 \u00e0 21h00 \u2013 TH\u00c9\u00c2TRE \u2013 COPRODUCTION INTERNATIONALE<\/p>\n","hyperlink1a":{"text":"","link":""},"price":"","hyperlink2a":{"text":"Tickets\/Informations","link":"https:\/\/aefestival.gr\/?lang=en"},"online_event":false,"live_streaming":false,"live_streaming_code":"","facebook_url":"","hyperlink":{"text":"","link":""},"hyperlink2":{"text":"","link":""},"hyperlink3":{"text":"","link":""},"press_release":false},"featured_image_credits":"","home_slider_image":{"ID":52098,"id":52098,"title":"AEF_1300x768","filename":"AEF_1300x768-scaled.jpg","filesize":37126,"url":"https:\/\/www.ifg.gr\/wp-content\/uploads\/2023\/05\/AEF_1300x768-scaled.jpg","link":"https:\/\/www.ifg.gr\/fr\/events\/festival-athenes-epidaure-2023\/aef_1300x768-2\/","alt":"","author":"18","description":"","caption":"","name":"aef_1300x768-2","status":"inherit","uploaded_to":52100,"date":"2023-06-12 09:20:30","modified":"2023-06-12 09:20:30","menu_order":0,"mime_type":"image\/jpeg","type":"image","subtype":"jpeg","icon":"https:\/\/www.ifg.gr\/wp-includes\/images\/media\/default.png","width":2560,"height":1512,"sizes":{"thumbnail":"https:\/\/www.ifg.gr\/wp-content\/uploads\/2023\/05\/AEF_1300x768-scaled.jpg","thumbnail-width":150,"thumbnail-height":89,"medium":"https:\/\/www.ifg.gr\/wp-content\/uploads\/2023\/05\/AEF_1300x768-scaled.jpg","medium-width":300,"medium-height":177,"medium_large":"https:\/\/www.ifg.gr\/wp-content\/uploads\/2023\/05\/AEF_1300x768-768x454.jpg","medium_large-width":640,"medium_large-height":378,"large":"https:\/\/www.ifg.gr\/wp-content\/uploads\/2023\/05\/AEF_1300x768-scaled.jpg","large-width":640,"large-height":378,"1536x1536":"https:\/\/www.ifg.gr\/wp-content\/uploads\/2023\/05\/AEF_1300x768-1536x907.jpg","1536x1536-width":1536,"1536x1536-height":907,"2048x2048":"https:\/\/www.ifg.gr\/wp-content\/uploads\/2023\/05\/AEF_1300x768-2048x1210.jpg","2048x2048-width":2048,"2048x2048-height":1210,"full-width":"https:\/\/www.ifg.gr\/wp-content\/uploads\/2023\/05\/AEF_1300x768-1920x1134.jpg","full-width-width":1920,"full-width-height":1134,"sidebar":"https:\/\/www.ifg.gr\/wp-content\/uploads\/2023\/05\/AEF_1300x768-1693x1000.jpg","sidebar-width":1693,"sidebar-height":1000,"thumb-sm":"https:\/\/www.ifg.gr\/wp-content\/uploads\/2023\/05\/AEF_1300x768-220x130.jpg","thumb-sm-width":220,"thumb-sm-height":130,"thumb-square":"https:\/\/www.ifg.gr\/wp-content\/uploads\/2023\/05\/AEF_1300x768-300x300.jpg","thumb-square-width":300,"thumb-square-height":300,"thumb-big":"https:\/\/www.ifg.gr\/wp-content\/uploads\/2023\/05\/AEF_1300x768-600x400.jpg","thumb-big-width":600,"thumb-big-height":400,"slider-big":"https:\/\/www.ifg.gr\/wp-content\/uploads\/2023\/05\/AEF_1300x768-1315x768.jpg","slider-big-width":1315,"slider-big-height":768}},"sponsors_group":false,"layout":false},"yoast_head":"<!-- This site is optimized with the Yoast SEO plugin v26.8 - https:\/\/yoast.com\/product\/yoast-seo-wordpress\/ -->\n<title>La pr\u00e9sence fran\u00e7aise au Festival Ath\u00e8nes Epidaure 2023<\/title>\n<meta name=\"description\" content=\"D\u00e9couvrez les productions innovantes de la nouvelles sc\u00e8ne fran\u00e7aise pr\u00e9sent\u00e9es au Festival Ath\u00e8nes Epidaure; juillet et ao\u00fbt 2023.\" \/>\n<meta name=\"robots\" content=\"index, follow, max-snippet:-1, max-image-preview:large, max-video-preview:-1\" \/>\n<link rel=\"canonical\" href=\"https:\/\/www.ifg.gr\/fr\/events\/festival-athenes-epidaure-2023\/\" \/>\n<meta property=\"og:locale\" content=\"fr_FR\" \/>\n<meta property=\"og:type\" content=\"article\" \/>\n<meta property=\"og:title\" content=\"La pr\u00e9sence fran\u00e7aise au Festival Ath\u00e8nes Epidaure 2023\" \/>\n<meta property=\"og:description\" content=\"D\u00e9couvrez les productions innovantes de la nouvelles sc\u00e8ne fran\u00e7aise pr\u00e9sent\u00e9es au Festival Ath\u00e8nes Epidaure; juillet et ao\u00fbt 2023.\" \/>\n<meta property=\"og:url\" content=\"https:\/\/www.ifg.gr\/fr\/events\/festival-athenes-epidaure-2023\/\" \/>\n<meta property=\"og:site_name\" content=\"IFG\" \/>\n<meta property=\"article:modified_time\" content=\"2023-07-06T11:41:07+00:00\" \/>\n<meta property=\"og:image\" content=\"https:\/\/www.ifg.gr\/wp-content\/uploads\/2023\/05\/AEF_1200x800-scaled.jpg\" \/>\n\t<meta property=\"og:image:width\" content=\"2560\" \/>\n\t<meta property=\"og:image:height\" content=\"1706\" \/>\n\t<meta property=\"og:image:type\" content=\"image\/jpeg\" \/>\n<meta name=\"twitter:card\" content=\"summary_large_image\" \/>\n<meta name=\"twitter:label1\" content=\"Dur\u00e9e de lecture estim\u00e9e\" \/>\n\t<meta name=\"twitter:data1\" content=\"4 minutes\" \/>\n<script type=\"application\/ld+json\" class=\"yoast-schema-graph\">{\"@context\":\"https:\/\/schema.org\",\"@graph\":[{\"@type\":\"WebPage\",\"@id\":\"https:\/\/www.ifg.gr\/fr\/events\/festival-athenes-epidaure-2023\/\",\"url\":\"https:\/\/www.ifg.gr\/fr\/events\/festival-athenes-epidaure-2023\/\",\"name\":\"La pr\u00e9sence fran\u00e7aise au Festival Ath\u00e8nes Epidaure 2023\",\"isPartOf\":{\"@id\":\"https:\/\/www.ifg.gr\/#website\"},\"primaryImageOfPage\":{\"@id\":\"https:\/\/www.ifg.gr\/fr\/events\/festival-athenes-epidaure-2023\/#primaryimage\"},\"image\":{\"@id\":\"https:\/\/www.ifg.gr\/fr\/events\/festival-athenes-epidaure-2023\/#primaryimage\"},\"thumbnailUrl\":\"https:\/\/www.ifg.gr\/wp-content\/uploads\/2023\/05\/AEF_1200x800-scaled.jpg\",\"datePublished\":\"2023-06-12T09:27:03+00:00\",\"dateModified\":\"2023-07-06T11:41:07+00:00\",\"description\":\"D\u00e9couvrez les productions innovantes de la nouvelles sc\u00e8ne fran\u00e7aise pr\u00e9sent\u00e9es au Festival Ath\u00e8nes Epidaure; juillet et ao\u00fbt 2023.\",\"breadcrumb\":{\"@id\":\"https:\/\/www.ifg.gr\/fr\/events\/festival-athenes-epidaure-2023\/#breadcrumb\"},\"inLanguage\":\"fr-FR\",\"potentialAction\":[{\"@type\":\"ReadAction\",\"target\":[\"https:\/\/www.ifg.gr\/fr\/events\/festival-athenes-epidaure-2023\/\"]}]},{\"@type\":\"ImageObject\",\"inLanguage\":\"fr-FR\",\"@id\":\"https:\/\/www.ifg.gr\/fr\/events\/festival-athenes-epidaure-2023\/#primaryimage\",\"url\":\"https:\/\/www.ifg.gr\/wp-content\/uploads\/2023\/05\/AEF_1200x800-scaled.jpg\",\"contentUrl\":\"https:\/\/www.ifg.gr\/wp-content\/uploads\/2023\/05\/AEF_1200x800-scaled.jpg\",\"width\":2560,\"height\":1706},{\"@type\":\"BreadcrumbList\",\"@id\":\"https:\/\/www.ifg.gr\/fr\/events\/festival-athenes-epidaure-2023\/#breadcrumb\",\"itemListElement\":[{\"@type\":\"ListItem\",\"position\":1,\"name\":\"Home\",\"item\":\"https:\/\/www.ifg.gr\/fr\/\"},{\"@type\":\"ListItem\",\"position\":2,\"name\":\"Events\",\"item\":\"https:\/\/www.ifg.gr\/events\/\"},{\"@type\":\"ListItem\",\"position\":3,\"name\":\"La pr\u00e9sence fran\u00e7aise au Festival Ath\u00e8nes Epidaure 2023\"}]},{\"@type\":\"WebSite\",\"@id\":\"https:\/\/www.ifg.gr\/#website\",\"url\":\"https:\/\/www.ifg.gr\/\",\"name\":\"IFG\",\"description\":\"\",\"potentialAction\":[{\"@type\":\"SearchAction\",\"target\":{\"@type\":\"EntryPoint\",\"urlTemplate\":\"https:\/\/www.ifg.gr\/?s={search_term_string}\"},\"query-input\":{\"@type\":\"PropertyValueSpecification\",\"valueRequired\":true,\"valueName\":\"search_term_string\"}}],\"inLanguage\":\"fr-FR\"}]}<\/script>\n<!-- \/ Yoast SEO plugin. -->","yoast_head_json":{"title":"La pr\u00e9sence fran\u00e7aise au Festival Ath\u00e8nes Epidaure 2023","description":"D\u00e9couvrez les productions innovantes de la nouvelles sc\u00e8ne fran\u00e7aise pr\u00e9sent\u00e9es au Festival Ath\u00e8nes Epidaure; juillet et ao\u00fbt 2023.","robots":{"index":"index","follow":"follow","max-snippet":"max-snippet:-1","max-image-preview":"max-image-preview:large","max-video-preview":"max-video-preview:-1"},"canonical":"https:\/\/www.ifg.gr\/fr\/events\/festival-athenes-epidaure-2023\/","og_locale":"fr_FR","og_type":"article","og_title":"La pr\u00e9sence fran\u00e7aise au Festival Ath\u00e8nes Epidaure 2023","og_description":"D\u00e9couvrez les productions innovantes de la nouvelles sc\u00e8ne fran\u00e7aise pr\u00e9sent\u00e9es au Festival Ath\u00e8nes Epidaure; juillet et ao\u00fbt 2023.","og_url":"https:\/\/www.ifg.gr\/fr\/events\/festival-athenes-epidaure-2023\/","og_site_name":"IFG","article_modified_time":"2023-07-06T11:41:07+00:00","og_image":[{"width":2560,"height":1706,"url":"https:\/\/www.ifg.gr\/wp-content\/uploads\/2023\/05\/AEF_1200x800-scaled.jpg","type":"image\/jpeg"}],"twitter_card":"summary_large_image","twitter_misc":{"Dur\u00e9e de lecture estim\u00e9e":"4 minutes"},"schema":{"@context":"https:\/\/schema.org","@graph":[{"@type":"WebPage","@id":"https:\/\/www.ifg.gr\/fr\/events\/festival-athenes-epidaure-2023\/","url":"https:\/\/www.ifg.gr\/fr\/events\/festival-athenes-epidaure-2023\/","name":"La pr\u00e9sence fran\u00e7aise au Festival Ath\u00e8nes Epidaure 2023","isPartOf":{"@id":"https:\/\/www.ifg.gr\/#website"},"primaryImageOfPage":{"@id":"https:\/\/www.ifg.gr\/fr\/events\/festival-athenes-epidaure-2023\/#primaryimage"},"image":{"@id":"https:\/\/www.ifg.gr\/fr\/events\/festival-athenes-epidaure-2023\/#primaryimage"},"thumbnailUrl":"https:\/\/www.ifg.gr\/wp-content\/uploads\/2023\/05\/AEF_1200x800-scaled.jpg","datePublished":"2023-06-12T09:27:03+00:00","dateModified":"2023-07-06T11:41:07+00:00","description":"D\u00e9couvrez les productions innovantes de la nouvelles sc\u00e8ne fran\u00e7aise pr\u00e9sent\u00e9es au Festival Ath\u00e8nes Epidaure; juillet et ao\u00fbt 2023.","breadcrumb":{"@id":"https:\/\/www.ifg.gr\/fr\/events\/festival-athenes-epidaure-2023\/#breadcrumb"},"inLanguage":"fr-FR","potentialAction":[{"@type":"ReadAction","target":["https:\/\/www.ifg.gr\/fr\/events\/festival-athenes-epidaure-2023\/"]}]},{"@type":"ImageObject","inLanguage":"fr-FR","@id":"https:\/\/www.ifg.gr\/fr\/events\/festival-athenes-epidaure-2023\/#primaryimage","url":"https:\/\/www.ifg.gr\/wp-content\/uploads\/2023\/05\/AEF_1200x800-scaled.jpg","contentUrl":"https:\/\/www.ifg.gr\/wp-content\/uploads\/2023\/05\/AEF_1200x800-scaled.jpg","width":2560,"height":1706},{"@type":"BreadcrumbList","@id":"https:\/\/www.ifg.gr\/fr\/events\/festival-athenes-epidaure-2023\/#breadcrumb","itemListElement":[{"@type":"ListItem","position":1,"name":"Home","item":"https:\/\/www.ifg.gr\/fr\/"},{"@type":"ListItem","position":2,"name":"Events","item":"https:\/\/www.ifg.gr\/events\/"},{"@type":"ListItem","position":3,"name":"La pr\u00e9sence fran\u00e7aise au Festival Ath\u00e8nes Epidaure 2023"}]},{"@type":"WebSite","@id":"https:\/\/www.ifg.gr\/#website","url":"https:\/\/www.ifg.gr\/","name":"IFG","description":"","potentialAction":[{"@type":"SearchAction","target":{"@type":"EntryPoint","urlTemplate":"https:\/\/www.ifg.gr\/?s={search_term_string}"},"query-input":{"@type":"PropertyValueSpecification","valueRequired":true,"valueName":"search_term_string"}}],"inLanguage":"fr-FR"}]}},"_links":{"self":[{"href":"https:\/\/www.ifg.gr\/fr\/wp-json\/wp\/v2\/event\/52100","targetHints":{"allow":["GET"]}}],"collection":[{"href":"https:\/\/www.ifg.gr\/fr\/wp-json\/wp\/v2\/event"}],"about":[{"href":"https:\/\/www.ifg.gr\/fr\/wp-json\/wp\/v2\/types\/event"}],"author":[{"embeddable":true,"href":"https:\/\/www.ifg.gr\/fr\/wp-json\/wp\/v2\/users\/18"}],"version-history":[{"count":0,"href":"https:\/\/www.ifg.gr\/fr\/wp-json\/wp\/v2\/event\/52100\/revisions"}],"wp:featuredmedia":[{"embeddable":true,"href":"https:\/\/www.ifg.gr\/fr\/wp-json\/wp\/v2\/media\/52096"}],"wp:attachment":[{"href":"https:\/\/www.ifg.gr\/fr\/wp-json\/wp\/v2\/media?parent=52100"}],"wp:term":[{"taxonomy":"post_tag","embeddable":true,"href":"https:\/\/www.ifg.gr\/fr\/wp-json\/wp\/v2\/tags?post=52100"},{"taxonomy":"event_category","embeddable":true,"href":"https:\/\/www.ifg.gr\/fr\/wp-json\/wp\/v2\/event_category?post=52100"},{"taxonomy":"event_group","embeddable":true,"href":"https:\/\/www.ifg.gr\/fr\/wp-json\/wp\/v2\/event_group?post=52100"}],"curies":[{"name":"wp","href":"https:\/\/api.w.org\/{rel}","templated":true}]}}