{"id":52479,"date":"2023-06-30T11:12:02","date_gmt":"2023-06-30T11:12:02","guid":{"rendered":"https:\/\/www.ifg.gr\/events\/7o-plein-air-la-reine-margot\/"},"modified":"2023-08-25T11:21:24","modified_gmt":"2023-08-25T11:21:24","slug":"7e-plein-air-la-reine-margot","status":"publish","type":"event","link":"https:\/\/www.ifg.gr\/fr\/events\/7e-plein-air-la-reine-margot\/","title":{"rendered":"7e Festival plein-air du film fran\u00e7ais, Projection Sp\u00e9ciale : La Reine Margot, de Patrice Ch\u00e9reau"},"content":{"rendered":"<p>Le tr\u00e8s attendu rendez-vous du public ath\u00e9nien avec le cin\u00e9ma de patrimoine fran\u00e7ais, le <a href=\"https:\/\/www.ifg.gr\/fr\/news\/7e-plein-air\/\" target=\"_blank\" rel=\"noopener\">Festival plein-air du film fran\u00e7ais<\/a>, revient cet \u00e9t\u00e9 2023, pour la septi\u00e8me ann\u00e9e.<\/p>\n<p>Cet \u00e9v\u00e9nement, une proposition de l&rsquo;<a href=\"https:\/\/www.ifg.gr\/\" target=\"_blank\" rel=\"noopener\">Institut fran\u00e7ais de Gr\u00e8ce<\/a> et de l&rsquo;<a href=\"https:\/\/www.efa.gr\/fr\/\" target=\"_blank\" rel=\"noopener\">\u00c9cole fran\u00e7aise d&rsquo;Ath\u00e8nes<\/a>, en collaboration avec le <a href=\"https:\/\/www.aoaff.gr\/\" target=\"_blank\" rel=\"noopener\">13e Athens Open Air Film Festival<\/a>, installe \u00e0 nouveau son grand \u00e9cran dans les magnifiques jardins de l&rsquo;<a href=\"https:\/\/www.efa.gr\/fr\/\" target=\"_blank\" rel=\"noopener\">\u00c9cole fran\u00e7aise d&rsquo;Ath\u00e8nes<\/a> pour cinq projections uniques sous les \u00e9toiles.<\/p>\n<h3>NOUVELLE DATE: mercredi 30\/08 \u2013 21:00 \u2013 Cin\u00e9ma Riviera (Valtetsiou 46, Exarcheia)<br \/>\nLa Reine Margot<br \/>\nPatrice Ch\u00e9reau \u2013 1994 \u2013 161\u2019<br \/>\navec : Isabelle Adjani, Daniel Auteuil, Jean-Huges Anglade, Vincent Perez<\/h3>\n<p>* Le film est pr\u00e9sent\u00e9 en version restaur\u00e9e pour la premi\u00e8re fois en Gr\u00e8ce dans sa version int\u00e9grale.<\/p>\n<div>\n<p>Belle, catholique et s\u0153ur du roi, elle s&rsquo;appelle Marguerite de Valois ou Margot et \u00e9pouse de force Henri de Navarre. Le mari\u00e9 est un protestant, g\u00e2t\u00e9 et grossier. La jeune reine Margot se retrouve pi\u00e9g\u00e9e dans un mariage arrang\u00e9 en pleine guerre de religion entre catholiques et protestants. Elle esp\u00e8re s&rsquo;\u00e9chapper avec un nouvel amant, mais se retrouve emprisonn\u00e9e par sa famille impitoyable.<\/p>\n<p><iframe loading=\"lazy\" title=\"LA REINE MARGOT de Patrice Ch\u00e9reau - Bande-Annonce (1994)\" width=\"640\" height=\"360\" src=\"https:\/\/www.youtube.com\/embed\/HJ1QZeBNXb8?feature=oembed\" frameborder=\"0\" allow=\"accelerometer; autoplay; clipboard-write; encrypted-media; gyroscope; picture-in-picture; web-share\" referrerpolicy=\"strict-origin-when-cross-origin\" allowfullscreen><\/iframe><\/p>\n<h3><span style=\"font-size: 16px;\">INFORMATIONS<\/span><\/h3>\n<\/div>\n<div>\n<p>\ud83d\udfe1 <strong>Entr\u00e9e libre<\/strong>, dans la limite des places disponibles.\u00a0Distribution des coupons d\u2019entr\u00e9e <strong>une heure avant chaque projection<\/strong>.<br \/>\n\ud83d\udfe1 Pour la premi\u00e8re fois cette ann\u00e9e, les cinq projections dans les jardins de l&rsquo;Ecole fran\u00e7aise d&rsquo;Ath\u00e8nes pr\u00e9senteront les films avec <strong>des sous-titres SME <\/strong>pour les personnes sourdes et malentendantes en grec, donnant ainsi \u00e0 un plus grand nombre de spectateurs l&rsquo;occasion d&rsquo;appr\u00e9cier ces chefs-d&rsquo;\u0153uvre du cin\u00e9ma fran\u00e7ais. En collaboration avec\u00a0<a href=\"https:\/\/liminal.eu\/\" target=\"_blank\" rel=\"noopener\">Liminal<\/a>.<\/p>\n<p>&nbsp;<\/p>\n<h3>PROGRAMME DES PROJECTIONS DANS LES JARDINS DE L\u2019EFA (<a href=\"https:\/\/www.google.com\/maps\/place\/%C3%89cole+fran%C3%A7aise+d'Ath%C3%A8nes+-+%CE%93%CE%B1%CE%BB%CE%BB%CE%B9%CE%BA%CE%AE+%CE%A3%CF%87%CE%BF%CE%BB%CE%AE+%CE%91%CE%B8%CE%B7%CE%BD%CF%8E%CE%BD\/@37.9822202,23.7363514,18z\/data=!3m1!4b1!4m6!3m5!1s0x14a1bd378b87fe1d:0xff90e2e8465af0e6!8m2!3d37.9822191!4d23.7376415!16s%2Fm%2F03c629r?entry=ttu\" target=\"_blank\" rel=\"noopener\">Didotou 6<\/a>)<\/h3>\n<ul>\n<li><a href=\"https:\/\/www.ifg.gr\/fr\/events\/7e-plein-air-la-sirene-du-mississipi\/\" target=\"_blank\" rel=\"noopener\">Mardi 27\/06 \u2013 21:30 : La Sir\u00e8ne du Mississipi, de Fran\u00e7ois Truffaut<\/a><\/li>\n<li><a href=\"https:\/\/www.ifg.gr\/fr\/events\/7e-plein-air-lamour-dune-femme\/\" target=\"_blank\" rel=\"noopener\">Mardi 11\/07 \u2013 21:30 : L&rsquo;Amour d&rsquo;une femme, de Jean Gr\u00e9millon<\/a><\/li>\n<li><a href=\"https:\/\/www.ifg.gr\/fr\/events\/7o-plein-air-lola-montes\/\" target=\"_blank\" rel=\"noopener\">Mardi 18\/07 \u2013 21:30 Lola Mont\u00e8s, de Max Ophuls<\/a><\/li>\n<li><a href=\"https:\/\/www.ifg.gr\/fr\/events\/7e-plein-air-la-belle-et-la-bete\/\" target=\"_blank\" rel=\"noopener\">Jeudi 31\/08 \u2013 21:00 : La Belle et la B\u00eate, de Jean Cocteau et Ren\u00e9 Cl\u00e9ment<\/a><\/li>\n<li><a href=\"https:\/\/www.ifg.gr\/fr\/events\/7e-plein-air-une-aussi-longue-absence\/\" target=\"_blank\" rel=\"noopener\">Mardi 05\/09 \u2013 21:00 Une aussi longue absence, de Henri Colpi<\/a><\/li>\n<\/ul>\n<p>&nbsp;<\/p>\n<h3>PROJECTION SPECIALE AU MEGARO DOUKISSIS PLAKENTIAS<br \/>\n(<a href=\"https:\/\/www.google.com\/maps\/place\/%CE%9C%CE%AD%CE%B3%CE%B1%CF%81%CE%BF+%CE%94%CE%BF%CF%85%CE%BA%CE%AF%CF%83%CF%83%CE%B7%CF%82+%CE%A0%CE%BB%CE%B1%CE%BA%CE%B5%CE%BD%CF%84%CE%AF%CE%B1%CF%82+-+%CE%9A%CE%B1%CF%83%CF%84%CF%81%CE%BF+%CE%94%CE%BF%CF%85%CE%BA%CE%B9%CF%83%CF%83%CE%B7%CF%82+%CE%A0%CE%BB%CE%B1%CE%BA%CE%B5%CE%BD%CF%84%CE%B9%CE%B1%CF%82\/@38.0455557,23.8708608,15z\/data=!4m2!3m1!1s0x0:0xeb034450e6cc0907?sa=X&amp;ved=2ahUKEwiAmYTX6r3_AhW7SfEDHVDpBCgQ_BJ6BAhZEAg\" target=\"_blank\" rel=\"noopener\">Lordou Bironos 3, Penteli<\/a>)<\/h3>\n<ul>\n<li><a href=\"https:\/\/www.ifg.gr\/fr\/events\/7e-plein-air-la-reine-margot\/\" target=\"_blank\" rel=\"noopener\">Mercredi 30\/08 \u2013 21:00 : La Reine Margot, de Patrice Ch\u00e9reau<\/a><\/li>\n<\/ul>\n<p><img loading=\"lazy\" decoding=\"async\" class=\"alignnone size-full wp-image-52142\" src=\"https:\/\/www.ifg.gr\/wp-content\/uploads\/2023\/06\/PLEIN_AIR_23_INSTAGRAMPOST_programme.jpg\" alt=\"\" width=\"1667\" height=\"1667\" srcset=\"https:\/\/www.ifg.gr\/wp-content\/uploads\/2023\/06\/PLEIN_AIR_23_INSTAGRAMPOST_programme.jpg 1667w, https:\/\/www.ifg.gr\/wp-content\/uploads\/2023\/06\/PLEIN_AIR_23_INSTAGRAMPOST_programme-768x768.jpg 768w, https:\/\/www.ifg.gr\/wp-content\/uploads\/2023\/06\/PLEIN_AIR_23_INSTAGRAMPOST_programme-1536x1536.jpg 1536w, https:\/\/www.ifg.gr\/wp-content\/uploads\/2023\/06\/PLEIN_AIR_23_INSTAGRAMPOST_programme-1000x1000.jpg 1000w, https:\/\/www.ifg.gr\/wp-content\/uploads\/2023\/06\/PLEIN_AIR_23_INSTAGRAMPOST_programme-130x130.jpg 130w, https:\/\/www.ifg.gr\/wp-content\/uploads\/2023\/06\/PLEIN_AIR_23_INSTAGRAMPOST_programme-300x300.jpg 300w\" sizes=\"auto, (max-width: 1667px) 100vw, 1667px\" \/><\/p>\n<\/div>\n","protected":false},"excerpt":{"rendered":"<p>NOUVELLE DATE: mercredi 30\/08 \u2013 21:00 \u2013 Cin\u00e9ma Riviera. Projection sp\u00e9ciale du film La Reine Margot (1994), en version restaur\u00e9e pour la premi\u00e8re fois en Gr\u00e8ce dans sa version int\u00e9grale.<\/p>\n","protected":false},"author":18,"featured_media":52474,"template":"","tags":[1201,1200],"event_category":[874],"event_group":[],"class_list":["post-52479","event","type-event","status-publish","has-post-thumbnail","hentry","tag-festival-plein-air-du-film-francais","tag-therino-festival-gallikou-kinimatografou-fr","event_category-cinema"],"acf":{"sponsors_default":false,"info_title":"","info_text":"","date_range":{"start":"30\/08\/2023","end":"","cancelled":false,"note":"","start_time":"21:00","end_time":""},"details":{"location":"<p>Cin\u00e9ma Riviera (Valtetsiou 46, Exarcheia)<\/p>\n<p>*Le film est pr\u00e9sent\u00e9 en version restaur\u00e9e pour la premi\u00e8re fois en Gr\u00e8ce dans sa version int\u00e9grale.<\/p>\n","hyperlink1a":{"text":"","link":""},"price":"Entr\u00e9e libre, dans la limite des places disponibles \u2014 Distribution des coupons d\u2019entr\u00e9e une heure avant chaque projection.","hyperlink2a":{"text":"","link":""},"online_event":false,"live_streaming":false,"live_streaming_code":"","facebook_url":"https:\/\/www.facebook.com\/events\/290041426816361\/?acontext=%7B%22event_action_history%22%3A[]%7D","hyperlink":{"text":"","link":""},"hyperlink2":{"text":"","link":""},"hyperlink3":{"text":"","link":""},"press_release":false},"featured_image_credits":"","home_slider_image":{"ID":52476,"id":52476,"title":"PLEINAIR_2023__1300x768___7","filename":"PLEINAIR_2023__1300x768___7.jpg","filesize":650106,"url":"https:\/\/www.ifg.gr\/wp-content\/uploads\/2023\/06\/PLEINAIR_2023__1300x768___7.jpg","link":"https:\/\/www.ifg.gr\/fr\/events\/7e-plein-air-la-reine-margot\/pleinair_2023__1300x768___7-2\/","alt":"","author":"18","description":"","caption":"","name":"pleinair_2023__1300x768___7-2","status":"inherit","uploaded_to":52479,"date":"2023-06-30 11:11:10","modified":"2023-06-30 11:11:10","menu_order":0,"mime_type":"image\/jpeg","type":"image","subtype":"jpeg","icon":"https:\/\/www.ifg.gr\/wp-includes\/images\/media\/default.png","width":1300,"height":768,"sizes":{"thumbnail":"https:\/\/www.ifg.gr\/wp-content\/uploads\/2023\/06\/PLEINAIR_2023__1300x768___7.jpg","thumbnail-width":150,"thumbnail-height":89,"medium":"https:\/\/www.ifg.gr\/wp-content\/uploads\/2023\/06\/PLEINAIR_2023__1300x768___7.jpg","medium-width":300,"medium-height":177,"medium_large":"https:\/\/www.ifg.gr\/wp-content\/uploads\/2023\/06\/PLEINAIR_2023__1300x768___7-768x454.jpg","medium_large-width":640,"medium_large-height":378,"large":"https:\/\/www.ifg.gr\/wp-content\/uploads\/2023\/06\/PLEINAIR_2023__1300x768___7.jpg","large-width":640,"large-height":378,"1536x1536":"https:\/\/www.ifg.gr\/wp-content\/uploads\/2023\/06\/PLEINAIR_2023__1300x768___7.jpg","1536x1536-width":1300,"1536x1536-height":768,"2048x2048":"https:\/\/www.ifg.gr\/wp-content\/uploads\/2023\/06\/PLEINAIR_2023__1300x768___7.jpg","2048x2048-width":1300,"2048x2048-height":768,"full-width":"https:\/\/www.ifg.gr\/wp-content\/uploads\/2023\/06\/PLEINAIR_2023__1300x768___7.jpg","full-width-width":1300,"full-width-height":768,"sidebar":"https:\/\/www.ifg.gr\/wp-content\/uploads\/2023\/06\/PLEINAIR_2023__1300x768___7.jpg","sidebar-width":1300,"sidebar-height":768,"thumb-sm":"https:\/\/www.ifg.gr\/wp-content\/uploads\/2023\/06\/PLEINAIR_2023__1300x768___7-220x130.jpg","thumb-sm-width":220,"thumb-sm-height":130,"thumb-square":"https:\/\/www.ifg.gr\/wp-content\/uploads\/2023\/06\/PLEINAIR_2023__1300x768___7-300x300.jpg","thumb-square-width":300,"thumb-square-height":300,"thumb-big":"https:\/\/www.ifg.gr\/wp-content\/uploads\/2023\/06\/PLEINAIR_2023__1300x768___7-600x400.jpg","thumb-big-width":600,"thumb-big-height":400,"slider-big":"https:\/\/www.ifg.gr\/wp-content\/uploads\/2023\/06\/PLEINAIR_2023__1300x768___7.jpg","slider-big-width":1300,"slider-big-height":768}},"sponsors_group":[{"group_title":"CO-ORGANISATEUR","banners":[{"image":{"ID":52366,"id":52366,"title":"EFA-300site","filename":"EFA-300site.png","filesize":10933,"url":"https:\/\/www.ifg.gr\/wp-content\/uploads\/2023\/06\/EFA-300site.png","link":"https:\/\/www.ifg.gr\/fr\/events\/7e-plein-air-la-sirene-du-mississipi\/efa-300site-2\/","alt":"","author":"18","description":"","caption":"","name":"efa-300site-2","status":"inherit","uploaded_to":52145,"date":"2023-06-27 14:36:12","modified":"2023-06-27 14:36:12","menu_order":0,"mime_type":"image\/png","type":"image","subtype":"png","icon":"https:\/\/www.ifg.gr\/wp-includes\/images\/media\/default.png","width":300,"height":300,"sizes":{"thumbnail":"https:\/\/www.ifg.gr\/wp-content\/uploads\/2023\/06\/EFA-300site.png","thumbnail-width":150,"thumbnail-height":150,"medium":"https:\/\/www.ifg.gr\/wp-content\/uploads\/2023\/06\/EFA-300site.png","medium-width":300,"medium-height":300,"medium_large":"https:\/\/www.ifg.gr\/wp-content\/uploads\/2023\/06\/EFA-300site.png","medium_large-width":300,"medium_large-height":300,"large":"https:\/\/www.ifg.gr\/wp-content\/uploads\/2023\/06\/EFA-300site.png","large-width":300,"large-height":300,"1536x1536":"https:\/\/www.ifg.gr\/wp-content\/uploads\/2023\/06\/EFA-300site.png","1536x1536-width":300,"1536x1536-height":300,"2048x2048":"https:\/\/www.ifg.gr\/wp-content\/uploads\/2023\/06\/EFA-300site.png","2048x2048-width":300,"2048x2048-height":300,"full-width":"https:\/\/www.ifg.gr\/wp-content\/uploads\/2023\/06\/EFA-300site.png","full-width-width":300,"full-width-height":300,"sidebar":"https:\/\/www.ifg.gr\/wp-content\/uploads\/2023\/06\/EFA-300site.png","sidebar-width":300,"sidebar-height":300,"thumb-sm":"https:\/\/www.ifg.gr\/wp-content\/uploads\/2023\/06\/EFA-300site-130x130.png","thumb-sm-width":130,"thumb-sm-height":130,"thumb-square":"https:\/\/www.ifg.gr\/wp-content\/uploads\/2023\/06\/EFA-300site-300x300.png","thumb-square-width":300,"thumb-square-height":300,"thumb-big":"https:\/\/www.ifg.gr\/wp-content\/uploads\/2023\/06\/EFA-300site.png","thumb-big-width":300,"thumb-big-height":300,"slider-big":"https:\/\/www.ifg.gr\/wp-content\/uploads\/2023\/06\/EFA-300site.png","slider-big-width":300,"slider-big-height":300}},"link":"https:\/\/www.efa.gr\/fr\/"}]},{"group_title":"EN COLLABORATION AVEC","banners":[{"image":{"ID":52368,"id":52368,"title":"AOAFF-300site","filename":"AOAFF-300site.png","filesize":22811,"url":"https:\/\/www.ifg.gr\/wp-content\/uploads\/2023\/06\/AOAFF-300site.png","link":"https:\/\/www.ifg.gr\/fr\/events\/7e-plein-air-la-sirene-du-mississipi\/aoaff-300site-2\/","alt":"","author":"18","description":"","caption":"","name":"aoaff-300site-2","status":"inherit","uploaded_to":52145,"date":"2023-06-27 14:36:23","modified":"2023-06-27 14:36:23","menu_order":0,"mime_type":"image\/png","type":"image","subtype":"png","icon":"https:\/\/www.ifg.gr\/wp-includes\/images\/media\/default.png","width":300,"height":300,"sizes":{"thumbnail":"https:\/\/www.ifg.gr\/wp-content\/uploads\/2023\/06\/AOAFF-300site.png","thumbnail-width":150,"thumbnail-height":150,"medium":"https:\/\/www.ifg.gr\/wp-content\/uploads\/2023\/06\/AOAFF-300site.png","medium-width":300,"medium-height":300,"medium_large":"https:\/\/www.ifg.gr\/wp-content\/uploads\/2023\/06\/AOAFF-300site.png","medium_large-width":300,"medium_large-height":300,"large":"https:\/\/www.ifg.gr\/wp-content\/uploads\/2023\/06\/AOAFF-300site.png","large-width":300,"large-height":300,"1536x1536":"https:\/\/www.ifg.gr\/wp-content\/uploads\/2023\/06\/AOAFF-300site.png","1536x1536-width":300,"1536x1536-height":300,"2048x2048":"https:\/\/www.ifg.gr\/wp-content\/uploads\/2023\/06\/AOAFF-300site.png","2048x2048-width":300,"2048x2048-height":300,"full-width":"https:\/\/www.ifg.gr\/wp-content\/uploads\/2023\/06\/AOAFF-300site.png","full-width-width":300,"full-width-height":300,"sidebar":"https:\/\/www.ifg.gr\/wp-content\/uploads\/2023\/06\/AOAFF-300site.png","sidebar-width":300,"sidebar-height":300,"thumb-sm":"https:\/\/www.ifg.gr\/wp-content\/uploads\/2023\/06\/AOAFF-300site-130x130.png","thumb-sm-width":130,"thumb-sm-height":130,"thumb-square":"https:\/\/www.ifg.gr\/wp-content\/uploads\/2023\/06\/AOAFF-300site-300x300.png","thumb-square-width":300,"thumb-square-height":300,"thumb-big":"https:\/\/www.ifg.gr\/wp-content\/uploads\/2023\/06\/AOAFF-300site.png","thumb-big-width":300,"thumb-big-height":300,"slider-big":"https:\/\/www.ifg.gr\/wp-content\/uploads\/2023\/06\/AOAFF-300site.png","slider-big-width":300,"slider-big-height":300}},"link":"https:\/\/aoaff.gr\/"}]},{"group_title":"PARTENAIRE ACCESSIBILIT\u00c9","banners":[{"image":{"ID":52370,"id":52370,"title":"Liminal-300site","filename":"Liminal-300site.png","filesize":8610,"url":"https:\/\/www.ifg.gr\/wp-content\/uploads\/2023\/06\/Liminal-300site.png","link":"https:\/\/www.ifg.gr\/fr\/events\/7e-plein-air-la-sirene-du-mississipi\/liminal-300site-2\/","alt":"","author":"18","description":"","caption":"","name":"liminal-300site-2","status":"inherit","uploaded_to":52145,"date":"2023-06-27 14:36:35","modified":"2023-06-27 14:36:35","menu_order":0,"mime_type":"image\/png","type":"image","subtype":"png","icon":"https:\/\/www.ifg.gr\/wp-includes\/images\/media\/default.png","width":300,"height":300,"sizes":{"thumbnail":"https:\/\/www.ifg.gr\/wp-content\/uploads\/2023\/06\/Liminal-300site.png","thumbnail-width":150,"thumbnail-height":150,"medium":"https:\/\/www.ifg.gr\/wp-content\/uploads\/2023\/06\/Liminal-300site.png","medium-width":300,"medium-height":300,"medium_large":"https:\/\/www.ifg.gr\/wp-content\/uploads\/2023\/06\/Liminal-300site.png","medium_large-width":300,"medium_large-height":300,"large":"https:\/\/www.ifg.gr\/wp-content\/uploads\/2023\/06\/Liminal-300site.png","large-width":300,"large-height":300,"1536x1536":"https:\/\/www.ifg.gr\/wp-content\/uploads\/2023\/06\/Liminal-300site.png","1536x1536-width":300,"1536x1536-height":300,"2048x2048":"https:\/\/www.ifg.gr\/wp-content\/uploads\/2023\/06\/Liminal-300site.png","2048x2048-width":300,"2048x2048-height":300,"full-width":"https:\/\/www.ifg.gr\/wp-content\/uploads\/2023\/06\/Liminal-300site.png","full-width-width":300,"full-width-height":300,"sidebar":"https:\/\/www.ifg.gr\/wp-content\/uploads\/2023\/06\/Liminal-300site.png","sidebar-width":300,"sidebar-height":300,"thumb-sm":"https:\/\/www.ifg.gr\/wp-content\/uploads\/2023\/06\/Liminal-300site-130x130.png","thumb-sm-width":130,"thumb-sm-height":130,"thumb-square":"https:\/\/www.ifg.gr\/wp-content\/uploads\/2023\/06\/Liminal-300site-300x300.png","thumb-square-width":300,"thumb-square-height":300,"thumb-big":"https:\/\/www.ifg.gr\/wp-content\/uploads\/2023\/06\/Liminal-300site.png","thumb-big-width":300,"thumb-big-height":300,"slider-big":"https:\/\/www.ifg.gr\/wp-content\/uploads\/2023\/06\/Liminal-300site.png","slider-big-width":300,"slider-big-height":300}},"link":"https:\/\/liminal.eu\/"}]},{"group_title":"SPONSORS DE COMMUNICATION","banners":[{"image":{"ID":52372,"id":52372,"title":"CinemagazineGR-300site","filename":"CinemagazineGR-300site.png","filesize":10098,"url":"https:\/\/www.ifg.gr\/wp-content\/uploads\/2023\/06\/CinemagazineGR-300site.png","link":"https:\/\/www.ifg.gr\/fr\/events\/7e-plein-air-la-sirene-du-mississipi\/cinemagazinegr-300site-2\/","alt":"","author":"18","description":"","caption":"","name":"cinemagazinegr-300site-2","status":"inherit","uploaded_to":52145,"date":"2023-06-27 14:36:47","modified":"2023-06-27 14:36:47","menu_order":0,"mime_type":"image\/png","type":"image","subtype":"png","icon":"https:\/\/www.ifg.gr\/wp-includes\/images\/media\/default.png","width":300,"height":300,"sizes":{"thumbnail":"https:\/\/www.ifg.gr\/wp-content\/uploads\/2023\/06\/CinemagazineGR-300site.png","thumbnail-width":150,"thumbnail-height":150,"medium":"https:\/\/www.ifg.gr\/wp-content\/uploads\/2023\/06\/CinemagazineGR-300site.png","medium-width":300,"medium-height":300,"medium_large":"https:\/\/www.ifg.gr\/wp-content\/uploads\/2023\/06\/CinemagazineGR-300site.png","medium_large-width":300,"medium_large-height":300,"large":"https:\/\/www.ifg.gr\/wp-content\/uploads\/2023\/06\/CinemagazineGR-300site.png","large-width":300,"large-height":300,"1536x1536":"https:\/\/www.ifg.gr\/wp-content\/uploads\/2023\/06\/CinemagazineGR-300site.png","1536x1536-width":300,"1536x1536-height":300,"2048x2048":"https:\/\/www.ifg.gr\/wp-content\/uploads\/2023\/06\/CinemagazineGR-300site.png","2048x2048-width":300,"2048x2048-height":300,"full-width":"https:\/\/www.ifg.gr\/wp-content\/uploads\/2023\/06\/CinemagazineGR-300site.png","full-width-width":300,"full-width-height":300,"sidebar":"https:\/\/www.ifg.gr\/wp-content\/uploads\/2023\/06\/CinemagazineGR-300site.png","sidebar-width":300,"sidebar-height":300,"thumb-sm":"https:\/\/www.ifg.gr\/wp-content\/uploads\/2023\/06\/CinemagazineGR-300site-130x130.png","thumb-sm-width":130,"thumb-sm-height":130,"thumb-square":"https:\/\/www.ifg.gr\/wp-content\/uploads\/2023\/06\/CinemagazineGR-300site-300x300.png","thumb-square-width":300,"thumb-square-height":300,"thumb-big":"https:\/\/www.ifg.gr\/wp-content\/uploads\/2023\/06\/CinemagazineGR-300site.png","thumb-big-width":300,"thumb-big-height":300,"slider-big":"https:\/\/www.ifg.gr\/wp-content\/uploads\/2023\/06\/CinemagazineGR-300site.png","slider-big-width":300,"slider-big-height":300}},"link":"https:\/\/www.cinemagazine.gr\/"},{"image":{"ID":52374,"id":52374,"title":"France24-300site","filename":"France24-300site.png","filesize":24687,"url":"https:\/\/www.ifg.gr\/wp-content\/uploads\/2023\/06\/France24-300site.png","link":"https:\/\/www.ifg.gr\/fr\/events\/7e-plein-air-la-sirene-du-mississipi\/france24-300site-2\/","alt":"","author":"18","description":"","caption":"","name":"france24-300site-2","status":"inherit","uploaded_to":52145,"date":"2023-06-27 14:36:58","modified":"2023-06-27 14:36:58","menu_order":0,"mime_type":"image\/png","type":"image","subtype":"png","icon":"https:\/\/www.ifg.gr\/wp-includes\/images\/media\/default.png","width":300,"height":300,"sizes":{"thumbnail":"https:\/\/www.ifg.gr\/wp-content\/uploads\/2023\/06\/France24-300site.png","thumbnail-width":150,"thumbnail-height":150,"medium":"https:\/\/www.ifg.gr\/wp-content\/uploads\/2023\/06\/France24-300site.png","medium-width":300,"medium-height":300,"medium_large":"https:\/\/www.ifg.gr\/wp-content\/uploads\/2023\/06\/France24-300site.png","medium_large-width":300,"medium_large-height":300,"large":"https:\/\/www.ifg.gr\/wp-content\/uploads\/2023\/06\/France24-300site.png","large-width":300,"large-height":300,"1536x1536":"https:\/\/www.ifg.gr\/wp-content\/uploads\/2023\/06\/France24-300site.png","1536x1536-width":300,"1536x1536-height":300,"2048x2048":"https:\/\/www.ifg.gr\/wp-content\/uploads\/2023\/06\/France24-300site.png","2048x2048-width":300,"2048x2048-height":300,"full-width":"https:\/\/www.ifg.gr\/wp-content\/uploads\/2023\/06\/France24-300site.png","full-width-width":300,"full-width-height":300,"sidebar":"https:\/\/www.ifg.gr\/wp-content\/uploads\/2023\/06\/France24-300site.png","sidebar-width":300,"sidebar-height":300,"thumb-sm":"https:\/\/www.ifg.gr\/wp-content\/uploads\/2023\/06\/France24-300site-130x130.png","thumb-sm-width":130,"thumb-sm-height":130,"thumb-square":"https:\/\/www.ifg.gr\/wp-content\/uploads\/2023\/06\/France24-300site-300x300.png","thumb-square-width":300,"thumb-square-height":300,"thumb-big":"https:\/\/www.ifg.gr\/wp-content\/uploads\/2023\/06\/France24-300site.png","thumb-big-width":300,"thumb-big-height":300,"slider-big":"https:\/\/www.ifg.gr\/wp-content\/uploads\/2023\/06\/France24-300site.png","slider-big-width":300,"slider-big-height":300}},"link":"https:\/\/www.france24.com\/en\/"}]}],"layout":false},"yoast_head":"<!-- This site is optimized with the Yoast SEO plugin v26.8 - https:\/\/yoast.com\/product\/yoast-seo-wordpress\/ -->\n<title>7e Festival plein-air du film fran\u00e7ais : La Reine Margot<\/title>\n<meta name=\"description\" content=\"Projection sp\u00e9ciale du film La Reine Margot (1994), en version restaur\u00e9e pour la premi\u00e8re fois en Gr\u00e8ce dans sa version int\u00e9grale.\" \/>\n<meta name=\"robots\" content=\"index, follow, max-snippet:-1, max-image-preview:large, max-video-preview:-1\" \/>\n<link rel=\"canonical\" href=\"https:\/\/www.ifg.gr\/events\/7o-plein-air-la-reine-margot\/\" \/>\n<meta property=\"og:locale\" content=\"fr_FR\" \/>\n<meta property=\"og:type\" content=\"article\" \/>\n<meta property=\"og:title\" content=\"7e Festival plein-air du film fran\u00e7ais : La Reine Margot\" \/>\n<meta property=\"og:description\" content=\"Projection sp\u00e9ciale du film La Reine Margot (1994), en version restaur\u00e9e pour la premi\u00e8re fois en Gr\u00e8ce dans sa version int\u00e9grale.\" \/>\n<meta property=\"og:url\" content=\"https:\/\/www.ifg.gr\/events\/7o-plein-air-la-reine-margot\/\" \/>\n<meta property=\"og:site_name\" content=\"IFG\" \/>\n<meta property=\"article:modified_time\" content=\"2023-08-25T11:21:24+00:00\" \/>\n<meta property=\"og:image\" content=\"https:\/\/www.ifg.gr\/wp-content\/uploads\/2023\/06\/PLEINAIR_2023__1200x800__7.jpg\" \/>\n\t<meta property=\"og:image:width\" content=\"1200\" \/>\n\t<meta property=\"og:image:height\" content=\"800\" \/>\n\t<meta property=\"og:image:type\" content=\"image\/jpeg\" \/>\n<meta name=\"twitter:card\" content=\"summary_large_image\" \/>\n<meta name=\"twitter:label1\" content=\"Dur\u00e9e de lecture estim\u00e9e\" \/>\n\t<meta name=\"twitter:data1\" content=\"2 minutes\" \/>\n<script type=\"application\/ld+json\" class=\"yoast-schema-graph\">{\"@context\":\"https:\/\/schema.org\",\"@graph\":[{\"@type\":\"WebPage\",\"@id\":\"https:\/\/www.ifg.gr\/events\/7o-plein-air-la-reine-margot\/\",\"url\":\"https:\/\/www.ifg.gr\/events\/7o-plein-air-la-reine-margot\/\",\"name\":\"7e Festival plein-air du film fran\u00e7ais : La Reine Margot\",\"isPartOf\":{\"@id\":\"https:\/\/www.ifg.gr\/#website\"},\"primaryImageOfPage\":{\"@id\":\"https:\/\/www.ifg.gr\/events\/7o-plein-air-la-reine-margot\/#primaryimage\"},\"image\":{\"@id\":\"https:\/\/www.ifg.gr\/events\/7o-plein-air-la-reine-margot\/#primaryimage\"},\"thumbnailUrl\":\"https:\/\/www.ifg.gr\/wp-content\/uploads\/2023\/06\/PLEINAIR_2023__1200x800__7.jpg\",\"datePublished\":\"2023-06-30T11:12:02+00:00\",\"dateModified\":\"2023-08-25T11:21:24+00:00\",\"description\":\"Projection sp\u00e9ciale du film La Reine Margot (1994), en version restaur\u00e9e pour la premi\u00e8re fois en Gr\u00e8ce dans sa version int\u00e9grale.\",\"breadcrumb\":{\"@id\":\"https:\/\/www.ifg.gr\/events\/7o-plein-air-la-reine-margot\/#breadcrumb\"},\"inLanguage\":\"fr-FR\",\"potentialAction\":[{\"@type\":\"ReadAction\",\"target\":[\"https:\/\/www.ifg.gr\/events\/7o-plein-air-la-reine-margot\/\"]}]},{\"@type\":\"ImageObject\",\"inLanguage\":\"fr-FR\",\"@id\":\"https:\/\/www.ifg.gr\/events\/7o-plein-air-la-reine-margot\/#primaryimage\",\"url\":\"https:\/\/www.ifg.gr\/wp-content\/uploads\/2023\/06\/PLEINAIR_2023__1200x800__7.jpg\",\"contentUrl\":\"https:\/\/www.ifg.gr\/wp-content\/uploads\/2023\/06\/PLEINAIR_2023__1200x800__7.jpg\",\"width\":1200,\"height\":800},{\"@type\":\"BreadcrumbList\",\"@id\":\"https:\/\/www.ifg.gr\/events\/7o-plein-air-la-reine-margot\/#breadcrumb\",\"itemListElement\":[{\"@type\":\"ListItem\",\"position\":1,\"name\":\"Home\",\"item\":\"https:\/\/www.ifg.gr\/fr\/\"},{\"@type\":\"ListItem\",\"position\":2,\"name\":\"Events\",\"item\":\"https:\/\/www.ifg.gr\/events\/\"},{\"@type\":\"ListItem\",\"position\":3,\"name\":\"7e Festival plein-air du film fran\u00e7ais, Projection Sp\u00e9ciale : La Reine Margot, de Patrice Ch\u00e9reau\"}]},{\"@type\":\"WebSite\",\"@id\":\"https:\/\/www.ifg.gr\/#website\",\"url\":\"https:\/\/www.ifg.gr\/\",\"name\":\"IFG\",\"description\":\"\",\"potentialAction\":[{\"@type\":\"SearchAction\",\"target\":{\"@type\":\"EntryPoint\",\"urlTemplate\":\"https:\/\/www.ifg.gr\/?s={search_term_string}\"},\"query-input\":{\"@type\":\"PropertyValueSpecification\",\"valueRequired\":true,\"valueName\":\"search_term_string\"}}],\"inLanguage\":\"fr-FR\"}]}<\/script>\n<!-- \/ Yoast SEO plugin. -->","yoast_head_json":{"title":"7e Festival plein-air du film fran\u00e7ais : La Reine Margot","description":"Projection sp\u00e9ciale du film La Reine Margot (1994), en version restaur\u00e9e pour la premi\u00e8re fois en Gr\u00e8ce dans sa version int\u00e9grale.","robots":{"index":"index","follow":"follow","max-snippet":"max-snippet:-1","max-image-preview":"max-image-preview:large","max-video-preview":"max-video-preview:-1"},"canonical":"https:\/\/www.ifg.gr\/events\/7o-plein-air-la-reine-margot\/","og_locale":"fr_FR","og_type":"article","og_title":"7e Festival plein-air du film fran\u00e7ais : La Reine Margot","og_description":"Projection sp\u00e9ciale du film La Reine Margot (1994), en version restaur\u00e9e pour la premi\u00e8re fois en Gr\u00e8ce dans sa version int\u00e9grale.","og_url":"https:\/\/www.ifg.gr\/events\/7o-plein-air-la-reine-margot\/","og_site_name":"IFG","article_modified_time":"2023-08-25T11:21:24+00:00","og_image":[{"width":1200,"height":800,"url":"https:\/\/www.ifg.gr\/wp-content\/uploads\/2023\/06\/PLEINAIR_2023__1200x800__7.jpg","type":"image\/jpeg"}],"twitter_card":"summary_large_image","twitter_misc":{"Dur\u00e9e de lecture estim\u00e9e":"2 minutes"},"schema":{"@context":"https:\/\/schema.org","@graph":[{"@type":"WebPage","@id":"https:\/\/www.ifg.gr\/events\/7o-plein-air-la-reine-margot\/","url":"https:\/\/www.ifg.gr\/events\/7o-plein-air-la-reine-margot\/","name":"7e Festival plein-air du film fran\u00e7ais : La Reine Margot","isPartOf":{"@id":"https:\/\/www.ifg.gr\/#website"},"primaryImageOfPage":{"@id":"https:\/\/www.ifg.gr\/events\/7o-plein-air-la-reine-margot\/#primaryimage"},"image":{"@id":"https:\/\/www.ifg.gr\/events\/7o-plein-air-la-reine-margot\/#primaryimage"},"thumbnailUrl":"https:\/\/www.ifg.gr\/wp-content\/uploads\/2023\/06\/PLEINAIR_2023__1200x800__7.jpg","datePublished":"2023-06-30T11:12:02+00:00","dateModified":"2023-08-25T11:21:24+00:00","description":"Projection sp\u00e9ciale du film La Reine Margot (1994), en version restaur\u00e9e pour la premi\u00e8re fois en Gr\u00e8ce dans sa version int\u00e9grale.","breadcrumb":{"@id":"https:\/\/www.ifg.gr\/events\/7o-plein-air-la-reine-margot\/#breadcrumb"},"inLanguage":"fr-FR","potentialAction":[{"@type":"ReadAction","target":["https:\/\/www.ifg.gr\/events\/7o-plein-air-la-reine-margot\/"]}]},{"@type":"ImageObject","inLanguage":"fr-FR","@id":"https:\/\/www.ifg.gr\/events\/7o-plein-air-la-reine-margot\/#primaryimage","url":"https:\/\/www.ifg.gr\/wp-content\/uploads\/2023\/06\/PLEINAIR_2023__1200x800__7.jpg","contentUrl":"https:\/\/www.ifg.gr\/wp-content\/uploads\/2023\/06\/PLEINAIR_2023__1200x800__7.jpg","width":1200,"height":800},{"@type":"BreadcrumbList","@id":"https:\/\/www.ifg.gr\/events\/7o-plein-air-la-reine-margot\/#breadcrumb","itemListElement":[{"@type":"ListItem","position":1,"name":"Home","item":"https:\/\/www.ifg.gr\/fr\/"},{"@type":"ListItem","position":2,"name":"Events","item":"https:\/\/www.ifg.gr\/events\/"},{"@type":"ListItem","position":3,"name":"7e Festival plein-air du film fran\u00e7ais, Projection Sp\u00e9ciale : La Reine Margot, de Patrice Ch\u00e9reau"}]},{"@type":"WebSite","@id":"https:\/\/www.ifg.gr\/#website","url":"https:\/\/www.ifg.gr\/","name":"IFG","description":"","potentialAction":[{"@type":"SearchAction","target":{"@type":"EntryPoint","urlTemplate":"https:\/\/www.ifg.gr\/?s={search_term_string}"},"query-input":{"@type":"PropertyValueSpecification","valueRequired":true,"valueName":"search_term_string"}}],"inLanguage":"fr-FR"}]}},"_links":{"self":[{"href":"https:\/\/www.ifg.gr\/fr\/wp-json\/wp\/v2\/event\/52479","targetHints":{"allow":["GET"]}}],"collection":[{"href":"https:\/\/www.ifg.gr\/fr\/wp-json\/wp\/v2\/event"}],"about":[{"href":"https:\/\/www.ifg.gr\/fr\/wp-json\/wp\/v2\/types\/event"}],"author":[{"embeddable":true,"href":"https:\/\/www.ifg.gr\/fr\/wp-json\/wp\/v2\/users\/18"}],"version-history":[{"count":0,"href":"https:\/\/www.ifg.gr\/fr\/wp-json\/wp\/v2\/event\/52479\/revisions"}],"wp:featuredmedia":[{"embeddable":true,"href":"https:\/\/www.ifg.gr\/fr\/wp-json\/wp\/v2\/media\/52474"}],"wp:attachment":[{"href":"https:\/\/www.ifg.gr\/fr\/wp-json\/wp\/v2\/media?parent=52479"}],"wp:term":[{"taxonomy":"post_tag","embeddable":true,"href":"https:\/\/www.ifg.gr\/fr\/wp-json\/wp\/v2\/tags?post=52479"},{"taxonomy":"event_category","embeddable":true,"href":"https:\/\/www.ifg.gr\/fr\/wp-json\/wp\/v2\/event_category?post=52479"},{"taxonomy":"event_group","embeddable":true,"href":"https:\/\/www.ifg.gr\/fr\/wp-json\/wp\/v2\/event_group?post=52479"}],"curies":[{"name":"wp","href":"https:\/\/api.w.org\/{rel}","templated":true}]}}